{"id":65025,"date":"2026-01-02T22:18:33","date_gmt":"2026-01-02T20:18:33","guid":{"rendered":"https:\/\/edublog.educastur.es\/ixuxu\/?page_id=65025"},"modified":"2026-01-02T22:18:33","modified_gmt":"2026-01-02T20:18:33","slug":"04_abril","status":"publish","type":"page","link":"https:\/\/edublog.educastur.es\/ixuxu\/archivu-blogue\/articulos\/2021-2\/04_abril\/","title":{"rendered":"04_Abril"},"content":{"rendered":"<ul>\n<li><a href=\"https:\/\/edublog.educastur.es\/ixuxu\/2021\/04\/gaita-al-altu-la-lleva\/\">Gaita: \u00abAl altu la lleva\u00bb<\/a>\u00a0<span class=\"post-date\">30\/04\/2021<\/span><\/li>\n<li><a href=\"https:\/\/edublog.educastur.es\/ixuxu\/2021\/04\/dulce-los-bartolos\/\">Llambiotada: los bartolos<\/a>\u00a0<span class=\"post-date\">30\/04\/2021<\/span><\/li>\n<li><a href=\"https:\/\/edublog.educastur.es\/ixuxu\/2021\/04\/5736\/\">Colibr\u00ed xacob\u00edn<\/a>\u00a0<span class=\"post-date\">30\/04\/2021<\/span><\/li>\n<li><a href=\"https:\/\/edublog.educastur.es\/ixuxu\/2021\/04\/llucha-polos-to-suanos\/\">D\u00eda Internacional del Jazz<\/a>\u00a0<span class=\"post-date\">30\/04\/2021<\/span><\/li>\n<li><a href=\"https:\/\/edublog.educastur.es\/ixuxu\/2021\/04\/sobredosis-dinformacion\/\">Sobredosis d\u00b4informaci\u00f3n\u2026<\/a>\u00a0<span class=\"post-date\">29\/04\/2021<\/span><\/li>\n<li><a href=\"https:\/\/edublog.educastur.es\/ixuxu\/2021\/04\/remanecer\/\">\u00abRemanecer\u00bb<\/a>\u00a0<span class=\"post-date\">29\/04\/2021<\/span><\/li>\n<li><a href=\"https:\/\/edublog.educastur.es\/ixuxu\/2021\/04\/la-guapura-del-mundu-natural-ta-nos-detalles\/\">La guapura del mundu natural ta nos detalles<\/a>\u00a0<span class=\"post-date\">29\/04\/2021<\/span><\/li>\n<li><a href=\"https:\/\/edublog.educastur.es\/ixuxu\/2021\/04\/dia-internacional-de-la-danza\/\">D\u00eda Internacional de la Danza<\/a>\u00a0<span class=\"post-date\">29\/04\/2021<\/span><\/li>\n<li><a href=\"https:\/\/edublog.educastur.es\/ixuxu\/2021\/04\/el-proyectu-educativu-quenllena-laula-de-musica-clasica\/\">El proyectu educativu qu\u2019enllena l\u2019aula de m\u00fasica cl\u00e1sica<\/a>\u00a0<span class=\"post-date\">29\/04\/2021<\/span><\/li>\n<li><a href=\"https:\/\/edublog.educastur.es\/ixuxu\/2021\/04\/dia-europeu-de-la-solidarida-y-cooperacion-ente-xeneraciones\/\">D\u00eda Europ\u00e9u de la Solidarid\u00e1 y Cooperaci\u00f3n ente Xeneraciones<\/a>\u00a0<span class=\"post-date\">29\/04\/2021<\/span><\/li>\n<li><a href=\"https:\/\/edublog.educastur.es\/ixuxu\/2021\/04\/capten-per-primer-vegada-un-calamar-xigante-nadando-nes-fondures-marines\/\">Capten per primer vegada un calamar xigante nadando nes fondures marines<\/a>\u00a0<span class=\"post-date\">29\/04\/2021<\/span><\/li>\n<li><a href=\"https:\/\/edublog.educastur.es\/ixuxu\/2021\/04\/les-imaxes-ganadores-del-world-press-photo-2021\/\">Les imaxes ganadores del World Press Photo 2021<\/a>\u00a0<span class=\"post-date\">28\/04\/2021<\/span><\/li>\n<li><a href=\"https:\/\/edublog.educastur.es\/ixuxu\/2021\/04\/el-pulpu-linvertebrau-de-les-mil-rareces\/\">El pulpu, l\u2019invertebr\u00e1u de les mil rareces<\/a>\u00a0<span class=\"post-date\">28\/04\/2021<\/span><\/li>\n<li><a href=\"https:\/\/edublog.educastur.es\/ixuxu\/2021\/04\/5634\/\">Una muyer seca bandexes de pexe nel merc\u00e1u<\/a>\u00a0<span class=\"post-date\">28\/04\/2021<\/span><\/li>\n<li><a href=\"https:\/\/edublog.educastur.es\/ixuxu\/2021\/04\/educastur-tv-serie-fecha-pol-profesorau-asturianu\/\">Educastur TV. Serie fecha pol profesor\u00e1u asturianu<\/a>\u00a0<span class=\"post-date\">28\/04\/2021<\/span><\/li>\n<li><a href=\"https:\/\/edublog.educastur.es\/ixuxu\/2021\/04\/la-casina-de-la-traduccion\/\">\u00abLa casina de la traducci\u00f3n\u00bb<\/a>\u00a0<span class=\"post-date\">28\/04\/2021<\/span><\/li>\n<li><a href=\"https:\/\/edublog.educastur.es\/ixuxu\/2021\/04\/jonathan-lanimal-terrestre-vivu-mas-antiguu-del-mundu\/\">Jonathan, l\u2019animal terrestre vivu m\u00e1s antiguu del mundu<\/a>\u00a0<span class=\"post-date\">28\/04\/2021<\/span><\/li>\n<li><a href=\"https:\/\/edublog.educastur.es\/ixuxu\/2021\/04\/la-buena-tarde-rpa\/\">La Buena Tarde RPA<\/a>\u00a0<span class=\"post-date\">28\/04\/2021<\/span><\/li>\n<li><a href=\"https:\/\/edublog.educastur.es\/ixuxu\/2021\/04\/dia-mundial-de-la-segurida-y-la-salu-nel-trabayu\/\">D\u00eda Mundial de la Segurid\u00e1 y la Sal\u00fa nel Trabayu<\/a>\u00a0<span class=\"post-date\">28\/04\/2021<\/span><\/li>\n<li><a href=\"https:\/\/edublog.educastur.es\/ixuxu\/2021\/04\/asturies-llogra-sacar-al-osu-de-la-estincion\/\">Asturies llogra sacar al osu de la estinci\u00f3n<\/a>\u00a0<span class=\"post-date\">28\/04\/2021<\/span><\/li>\n<li><a href=\"https:\/\/edublog.educastur.es\/ixuxu\/2021\/04\/lluna\/\">Superlluna<\/a>\u00a0<span class=\"post-date\">27\/04\/2021<\/span><\/li>\n<li><a href=\"https:\/\/edublog.educastur.es\/ixuxu\/2021\/04\/piscina-de-foles-mas-grande-del-mundu\/\">Foles espectaculares con esti inventu australianu<\/a>\u00a0<span class=\"post-date\">26\/04\/2021<\/span><\/li>\n<li><a href=\"https:\/\/edublog.educastur.es\/ixuxu\/2021\/04\/afayen-a-una-estrana-criatura-con-forma-de-clip-que-vivia-200-anos\/\">Afayen a una estra\u00f1a criatura con forma de clip que viv\u00eda 200 a\u00f1os<\/a>\u00a0<span class=\"post-date\">26\/04\/2021<\/span><\/li>\n<li><a href=\"https:\/\/edublog.educastur.es\/ixuxu\/2021\/04\/dia-mundial-de-los-pinguinos\/\">D\u00eda Mundial de los Ping\u00fcinos<\/a>\u00a0<span class=\"post-date\">25\/04\/2021<\/span><\/li>\n<li><a href=\"https:\/\/edublog.educastur.es\/ixuxu\/2021\/04\/un-coriu-mandarin-una-de-les-especies-de-coriu-mas-formoses\/\">Un cor\u00edu mandar\u00edn, una de les especies de cor\u00edu mas formoses.<\/a>\u00a0<span class=\"post-date\">24\/04\/2021<\/span><\/li>\n<li><a href=\"https:\/\/edublog.educastur.es\/ixuxu\/2021\/04\/dia-mundial-del-veterinariu\/\">D\u00eda Mundial del Veterinariu<\/a>\u00a0<span class=\"post-date\">24\/04\/2021<\/span><\/li>\n<li><a href=\"https:\/\/edublog.educastur.es\/ixuxu\/2021\/04\/los-increibles-cambeos-que-tuvo-la-tierra-nun-timelapse\/\">Los incre\u00edbles cambeos que tuvo la tierra nun timelapse<\/a>\u00a0<span class=\"post-date\">23\/04\/2021<\/span><\/li>\n<li><a href=\"https:\/\/edublog.educastur.es\/ixuxu\/2021\/04\/san-xurde\/\">San Xurde<\/a>\u00a0<span class=\"post-date\">23\/04\/2021<\/span><\/li>\n<li><a href=\"https:\/\/edublog.educastur.es\/ixuxu\/2021\/04\/primer-relato-de-literatura-infantil-escrito-en-asturiano\/\">Primer rellatu de la lliteratura infantil que se fixo n\u2019asturianu.<\/a>\u00a0<span class=\"post-date\">23\/04\/2021<\/span><\/li>\n<li><a href=\"https:\/\/edublog.educastur.es\/ixuxu\/2021\/04\/5424\/\">\u2018Hermann\u2019, el curtiumetraxe que va poner a prueba les tos emociones<\/a>\u00a0<span class=\"post-date\">23\/04\/2021<\/span><\/li>\n<li><a href=\"https:\/\/edublog.educastur.es\/ixuxu\/2021\/04\/el-paraisu-ta-so-los-nuesos-pies-segun-nes-nueses-cabeces\/\">El para\u00edsu ta so los nuesos pies, seg\u00fan nes nueses cabeces.<\/a>\u00a0<span class=\"post-date\">23\/04\/2021<\/span><\/li>\n<li><a href=\"https:\/\/edublog.educastur.es\/ixuxu\/2021\/04\/5367\/\">(sin t\u00edtulo)<\/a>\u00a0<span class=\"post-date\">23\/04\/2021<\/span><\/li>\n<li><a href=\"https:\/\/edublog.educastur.es\/ixuxu\/2021\/04\/primer-centenariu-de-llibreria-cervantes\/\">Primer centenariu de Llibrer\u00eda Cervantes<\/a>\u00a0<span class=\"post-date\">23\/04\/2021<\/span><\/li>\n<li><a href=\"https:\/\/edublog.educastur.es\/ixuxu\/2021\/04\/semeya-escepcional\/\">Semeya escepcional<\/a>\u00a0<span class=\"post-date\">23\/04\/2021<\/span><\/li>\n<li><a href=\"https:\/\/edublog.educastur.es\/ixuxu\/2021\/04\/cada-llibru-tien-alma\/\">Cada llibru\u2026 tien alma.<\/a>\u00a0<span class=\"post-date\">23\/04\/2021<\/span><\/li>\n<li><a href=\"https:\/\/edublog.educastur.es\/ixuxu\/2021\/04\/dia-mundial-del-espanol\/\">D\u00eda de la Llingua Espa\u00f1ola<\/a>\u00a0<span class=\"post-date\">23\/04\/2021<\/span><\/li>\n<li><a href=\"https:\/\/edublog.educastur.es\/ixuxu\/2021\/04\/eterna-susan-sontag\/\">Eterna\u2026 Susan Sontag<\/a>\u00a0<span class=\"post-date\">23\/04\/2021<\/span><\/li>\n<li><a href=\"https:\/\/edublog.educastur.es\/ixuxu\/2021\/04\/superlluna-rosa\/\">Superlluna rosa<\/a>\u00a0<span class=\"post-date\">22\/04\/2021<\/span><\/li>\n<li><a href=\"https:\/\/edublog.educastur.es\/ixuxu\/2021\/04\/poesia-purepecha\/\">Poes\u00eda Purepecha<\/a>\u00a0<span class=\"post-date\">22\/04\/2021<\/span><\/li>\n<li><a href=\"https:\/\/edublog.educastur.es\/ixuxu\/2021\/04\/gremiu-deditores-dasturies\/\">Gremiu d\u00b4editores d\u00b4Asturies<\/a>\u00a0<span class=\"post-date\">22\/04\/2021<\/span><\/li>\n<li><a href=\"https:\/\/edublog.educastur.es\/ixuxu\/2021\/04\/dia-internacional-del-llibru-2\/\">D\u00eda Internacional del Llibru<\/a>\u00a0<span class=\"post-date\">22\/04\/2021<\/span><\/li>\n<li><a href=\"https:\/\/edublog.educastur.es\/ixuxu\/2021\/04\/los-tyrannosaurus-rex-caminaben-a-461-kilometros-hora\/\">Los Tyrannosaurus rex caminaben a 4,61 kil\u00f3metros\/hora<\/a>\u00a0<span class=\"post-date\">22\/04\/2021<\/span><\/li>\n<li><a href=\"https:\/\/edublog.educastur.es\/ixuxu\/2021\/04\/dia-de-la-tierra\/\">Les dunes d\u2019El Espartal, monumentu natural n\u00b4Asturies<\/a>\u00a0<span class=\"post-date\">22\/04\/2021<\/span><\/li>\n<li><a href=\"https:\/\/edublog.educastur.es\/ixuxu\/2021\/04\/dia-internacional-de-les-nenes-nes-tic\/\">D\u00eda Internacional de les Ne\u00f1es nes TIC<\/a>\u00a0<span class=\"post-date\">22\/04\/2021<\/span><\/li>\n<li><a href=\"https:\/\/edublog.educastur.es\/ixuxu\/2021\/04\/catalogu-museu-de-la-gaita\/\">Cat\u00e1logu Mus\u00e9u de la Gaita<\/a>\u00a0<span class=\"post-date\">22\/04\/2021<\/span><\/li>\n<li><a href=\"https:\/\/edublog.educastur.es\/ixuxu\/2021\/04\/circuitu-lliterariu\/\">Circuitu Lliterariu\u2026<\/a>\u00a0<span class=\"post-date\">22\/04\/2021<\/span><\/li>\n<li><a href=\"https:\/\/edublog.educastur.es\/ixuxu\/2021\/04\/dia-de-la-tierra-2\/\">Nel D\u00eda de la Tierra recordamos lo maraviyosa que ye la naturaleza.<\/a>\u00a0<span class=\"post-date\">22\/04\/2021<\/span><\/li>\n<li><a href=\"https:\/\/edublog.educastur.es\/ixuxu\/2021\/04\/dia-mundial-de-la-tierra\/\">D\u00eda Mundial de la Tierra<\/a>\u00a0<span class=\"post-date\">22\/04\/2021<\/span><\/li>\n<li><a href=\"https:\/\/edublog.educastur.es\/ixuxu\/2021\/04\/el-vigulin\/\">El vigul\u00edn\u2026<\/a>\u00a0<span class=\"post-date\">22\/04\/2021<\/span><\/li>\n<li><a href=\"https:\/\/edublog.educastur.es\/ixuxu\/2021\/04\/guei-dexonos-diamantina\/\">G\u00fcei dex\u00f3nos Diamantina<\/a>\u00a0<span class=\"post-date\">21\/04\/2021<\/span><\/li>\n<li><a href=\"https:\/\/edublog.educastur.es\/ixuxu\/2021\/04\/guei-toco-bocarte-y-del-gordu-na-rula-daviles\/\">G\u00fcei toc\u00f3 bocarte y del gordu na Rula d\u2019Avil\u00e9s.<\/a>\u00a0<span class=\"post-date\">20\/04\/2021<\/span><\/li>\n<li><a href=\"https:\/\/edublog.educastur.es\/ixuxu\/2021\/04\/5540\/\">El borofeno: elementu m\u00e1s ex\u00f3ticu y prometedor.<\/a>\u00a0<span class=\"post-date\">20\/04\/2021<\/span><\/li>\n<li><a href=\"https:\/\/edublog.educastur.es\/ixuxu\/2021\/04\/supersiticiones-asturianes\/\">Supersiticiones asturianes<\/a>\u00a0<span class=\"post-date\">18\/04\/2021<\/span><\/li>\n<li><a href=\"https:\/\/edublog.educastur.es\/ixuxu\/2021\/04\/dia-europeu-de-los-derechos-de-los-pacientes\/\">D\u00eda Europ\u00e9u de los Derechos de los Pacientes<\/a>\u00a0<span class=\"post-date\">18\/04\/2021<\/span><\/li>\n<li><a href=\"https:\/\/edublog.educastur.es\/ixuxu\/2021\/04\/programa-dalcuentros-recitales-y-talleres-lliterarios\/\">Programa d\u2019alcuentros, recitales y talleres lliterarios<\/a>\u00a0<span class=\"post-date\">18\/04\/2021<\/span><\/li>\n<li><a href=\"https:\/\/edublog.educastur.es\/ixuxu\/2021\/04\/a-vacunase\/\">Toca vacunase\u2026 Sal\u00fa + responsabilid\u00e1 social<\/a>\u00a0<span class=\"post-date\">17\/04\/2021<\/span><\/li>\n<li><a href=\"https:\/\/edublog.educastur.es\/ixuxu\/2021\/04\/centru-del-prerromanico-asturianu\/\">D\u00eda de Monumentos y Sitios<\/a>\u00a0<span class=\"post-date\">17\/04\/2021<\/span><\/li>\n<li><a href=\"https:\/\/edublog.educastur.es\/ixuxu\/2021\/04\/dia-internacional-del-haiku\/\">D\u00eda Internacional del Haiku<\/a>\u00a0<span class=\"post-date\">17\/04\/2021<\/span><\/li>\n<li><a href=\"https:\/\/edublog.educastur.es\/ixuxu\/2021\/04\/asina-yera-y-asina-ye-asturies-37-anos-nel-tunel-del-tiempu\/\">Asina yera y asina ye Asturies: 37 a\u00f1os nel t\u00fanel del tiempu<\/a>\u00a0<span class=\"post-date\">16\/04\/2021<\/span><\/li>\n<li><a href=\"https:\/\/edublog.educastur.es\/ixuxu\/2021\/04\/talleres-de-percusion-y-entreteyando\/\">Talleres de percusi\u00f3n y entreteyando\u2026<\/a>\u00a0<span class=\"post-date\">16\/04\/2021<\/span><\/li>\n<li><a href=\"https:\/\/edublog.educastur.es\/ixuxu\/2021\/04\/dia-mundial-del-emprendimientu\/\">D\u00eda Mundial del emprendimientu<\/a>\u00a0<span class=\"post-date\">16\/04\/2021<\/span><\/li>\n<li><a href=\"https:\/\/edublog.educastur.es\/ixuxu\/2021\/04\/muyeres-compositores\/\">Muyeres compositores\u2026<\/a>\u00a0<span class=\"post-date\">15\/04\/2021<\/span><\/li>\n<li><a href=\"https:\/\/edublog.educastur.es\/ixuxu\/2021\/04\/dia-mundial-del-arte-2\/\">D\u00eda Mundial del Arte<\/a>\u00a0<span class=\"post-date\">15\/04\/2021<\/span><\/li>\n<li><a href=\"https:\/\/edublog.educastur.es\/ixuxu\/2021\/04\/dia-internacional-del-nenu\/\">D\u00eda Internacional del Ne\u00f1u<\/a>\u00a0<span class=\"post-date\">15\/04\/2021<\/span><\/li>\n<li><a href=\"https:\/\/edublog.educastur.es\/ixuxu\/2021\/04\/cursiosidaes-la-fonte-del-llibru-abierto\/\">\u00abLa Fonte del llibru abierto\u00bb<\/a>\u00a0<span class=\"post-date\">14\/04\/2021<\/span><\/li>\n<li><a href=\"https:\/\/edublog.educastur.es\/ixuxu\/2021\/04\/poema-de\/\">Poema de \u2026<\/a>\u00a0<span class=\"post-date\">14\/04\/2021<\/span><\/li>\n<li><a href=\"https:\/\/edublog.educastur.es\/ixuxu\/2021\/04\/xix-concursu-de-cuentos-curtios\/\">XIX Concursu de Cuentos Curtios<\/a>\u00a0<span class=\"post-date\">13\/04\/2021<\/span><\/li>\n<li><a href=\"https:\/\/edublog.educastur.es\/ixuxu\/2021\/04\/dia-del-astronomu-aficionao\/\">D\u00eda mundial de l\u2019Astronom\u00eda<\/a>\u00a0<span class=\"post-date\">13\/04\/2021<\/span><\/li>\n<li><a href=\"https:\/\/edublog.educastur.es\/ixuxu\/2021\/04\/dia-del-besu\/\">D\u00eda Internacional del Besu<\/a>\u00a0<span class=\"post-date\">13\/04\/2021<\/span><\/li>\n<li><a href=\"https:\/\/edublog.educastur.es\/ixuxu\/2021\/04\/la-semeya-del-dia\/\">La semeya del d\u00eda<\/a>\u00a0<span class=\"post-date\">12\/04\/2021<\/span><\/li>\n<li><a href=\"https:\/\/edublog.educastur.es\/ixuxu\/2021\/04\/lacaru-que-vive-na-to-cara\/\">L\u2019\u00e1caru que vive na to cara\u2026<\/a>\u00a0<span class=\"post-date\">11\/04\/2021<\/span><\/li>\n<li><a href=\"https:\/\/edublog.educastur.es\/ixuxu\/2021\/04\/la-pega\/\">La pega<\/a>\u00a0<span class=\"post-date\">11\/04\/2021<\/span><\/li>\n<li><a href=\"https:\/\/edublog.educastur.es\/ixuxu\/2021\/04\/catalogu-de-quesos-asturianos\/\">Cat\u00e1logu de Quesos Asturianos<\/a>\u00a0<span class=\"post-date\">10\/04\/2021<\/span><\/li>\n<li><a href=\"https:\/\/edublog.educastur.es\/ixuxu\/2021\/04\/macrofotografia-na-parte-frontera-duna-formiga\/\">Macrofotograf\u00eda na parte frontera d\u2019una formiga\u00a0<\/a>\u00a0<span class=\"post-date\">10\/04\/2021<\/span><\/li>\n<li><a href=\"https:\/\/edublog.educastur.es\/ixuxu\/2021\/04\/dia-mundial-de-la-ciencia-y-la-tecnoloxia\/\">D\u00eda Mundial de la Ciencia y la Tecnolox\u00eda<\/a>\u00a0<span class=\"post-date\">10\/04\/2021<\/span><\/li>\n<li><a href=\"https:\/\/edublog.educastur.es\/ixuxu\/2021\/04\/politica-llinguistica-espubliza-el-video-del-premiu-camareta-al-meyor-cantar\/\">Pol\u00edtica Lling\u00fc\u00edstica espubliza el video del Premiu Camaret\u00e1 al Meyor cantar<\/a>\u00a0<span class=\"post-date\">09\/04\/2021<\/span><\/li>\n<li><a href=\"https:\/\/edublog.educastur.es\/ixuxu\/2021\/04\/tres-esbardos-baillando-nel-mediu-del-bosque\/\">Tres esbardos baillando nel mediu del bosque<\/a>\u00a0<span class=\"post-date\">07\/04\/2021<\/span><\/li>\n<li><a href=\"https:\/\/edublog.educastur.es\/ixuxu\/2021\/04\/mec-va-incluyir-a-escritores-nasturianu-nos-programes-de-fomentu-de-llectura\/\">MEC va incluyir a escritores n\u2019asturianu nos programes de fomentu de llectura<\/a>\u00a0<span class=\"post-date\">07\/04\/2021<\/span><\/li>\n<li><a href=\"https:\/\/edublog.educastur.es\/ixuxu\/2021\/04\/dia-mundial-de-la-salu-2\/\">D\u00eda Mundial de la Sal\u00fa<\/a>\u00a0<span class=\"post-date\">07\/04\/2021<\/span><\/li>\n<li><a href=\"https:\/\/edublog.educastur.es\/ixuxu\/2021\/04\/mimique-accesorios-de-piel-fechos-de-manera-artesanal\/\">Accesorios de piel fechos de manera artesanal<\/a>\u00a0<span class=\"post-date\">07\/04\/2021<\/span><\/li>\n<li><a href=\"https:\/\/edublog.educastur.es\/ixuxu\/2021\/04\/nel-puertu-payares\/\">Nel puertu Payares\u2026<\/a>\u00a0<span class=\"post-date\">07\/04\/2021<\/span><\/li>\n<li><a href=\"https:\/\/edublog.educastur.es\/ixuxu\/2021\/04\/cultura-va-convocar-dos-categories-nueves-de-los-premios-nasturianu\/\">Cultura va convocar dos categor\u00edes nueves de los premios n\u2019asturianu<\/a>\u00a0<span class=\"post-date\">06\/04\/2021<\/span><\/li>\n<li><a href=\"https:\/\/edublog.educastur.es\/ixuxu\/2021\/04\/bendicion-de-los-guevos-pintos-2021\/\">Bendici\u00f3n de los G\u00fcevos Pintos 2021<\/a>\u00a0<span class=\"post-date\">06\/04\/2021<\/span><\/li>\n<li><a href=\"https:\/\/edublog.educastur.es\/ixuxu\/2021\/04\/menu-de-primavera\/\">Men\u00fa de folixa na primavera<\/a>\u00a0<span class=\"post-date\">06\/04\/2021<\/span><\/li>\n<li><a href=\"https:\/\/edublog.educastur.es\/ixuxu\/2021\/04\/5568\/\">Un 6 d\u00b4abril de 1943 espublizose El Principito<\/a>\u00a0<span class=\"post-date\">06\/04\/2021<\/span><\/li>\n<li><a href=\"https:\/\/edublog.educastur.es\/ixuxu\/2021\/04\/dia-mundial-de-lactivida-fisica\/\">D\u00eda Mundial de l\u00b4Activid\u00e1 F\u00edsica<\/a>\u00a0<span class=\"post-date\">06\/04\/2021<\/span><\/li>\n<li><a href=\"https:\/\/edublog.educastur.es\/ixuxu\/2021\/04\/receta-frixuelos-con-arandanos-y-miel-asturianu\/\">Receta Frixuelos con ar\u00e1ndanos y miel asturianu<\/a>\u00a0<span class=\"post-date\">05\/04\/2021<\/span><\/li>\n<li><a href=\"https:\/\/edublog.educastur.es\/ixuxu\/2021\/04\/felpeyu-premios-amas-honorificu\/\">Premios AMAS honor\u00edficu: \u00abFelpeyu\u00bb<\/a>\u00a0<span class=\"post-date\">05\/04\/2021<\/span><\/li>\n<li><a href=\"https:\/\/edublog.educastur.es\/ixuxu\/2021\/04\/los-secretos-del-muxa-asturies-guarda-la-tercera-meyor-coleccion-de-buelgues-de-dinosaurios-del-mundu\/\">Los secretos del MUXA: Asturies guarda la tercera meyor colecci\u00f3n de buelgues de dinosaurios del mundu<\/a>\u00a0<span class=\"post-date\">04\/04\/2021<\/span><\/li>\n<li><a href=\"https:\/\/edublog.educastur.es\/ixuxu\/2021\/04\/fame\/\">Fame???<\/a>\u00a0<span class=\"post-date\">04\/04\/2021<\/span><\/li>\n<li><a href=\"https:\/\/edublog.educastur.es\/ixuxu\/2021\/04\/42-selmana-de-les-lletres-asturianes\/\">42 Selmana de les Lletres Asturianes<\/a>\u00a0<span class=\"post-date\">04\/04\/2021<\/span><\/li>\n<li><a href=\"https:\/\/edublog.educastur.es\/ixuxu\/2021\/04\/fina-nicolas-solis-el-mozu-quinspirol-personaxe-de-cuerdes-de-pedro-solis\/\">Fina Nicol\u00e1s Sol\u00eds, el mozu qu\u2019inspir\u00f3\u2019l personaxe de \u00abCuerdas\u00bb de Pedro Sol\u00eds<\/a>\u00a0<span class=\"post-date\">04\/04\/2021<\/span><\/li>\n<li><a href=\"https:\/\/edublog.educastur.es\/ixuxu\/2021\/04\/5120\/\">Un cascoxu protex\u00e9ndose de l\u2019agua con una flor<\/a>\u00a0<span class=\"post-date\">04\/04\/2021<\/span><\/li>\n<li><a href=\"https:\/\/edublog.educastur.es\/ixuxu\/2021\/04\/5098\/\">L\u00b4amor de m\u00e1<\/a>\u00a0<span class=\"post-date\">04\/04\/2021<\/span><\/li>\n<li><a href=\"https:\/\/edublog.educastur.es\/ixuxu\/2021\/04\/la-to-llingua\/\">La to Llingua<\/a>\u00a0<span class=\"post-date\">03\/04\/2021<\/span><\/li>\n<li><a href=\"https:\/\/edublog.educastur.es\/ixuxu\/2021\/04\/la-vida-asturiana-nun-ciento-sonetos\/\">\u00abLa vida asturiana nun ciento sonetos\u00bb<\/a>\u00a0<span class=\"post-date\">03\/04\/2021<\/span><\/li>\n<li><a href=\"https:\/\/edublog.educastur.es\/ixuxu\/2021\/04\/si-labeya-sumiera-desapareciera-de-la-tierra\/\">Si l\u2019abeya sumiera\/desapareciera de la tierra\u2026<\/a>\u00a0<span class=\"post-date\">03\/04\/2021<\/span><\/li>\n<li><a href=\"https:\/\/edublog.educastur.es\/ixuxu\/2021\/04\/en-selmana-santa\/\">En Selmana Santa<\/a>\u00a0<span class=\"post-date\">03\/04\/2021<\/span><\/li>\n<li><a href=\"https:\/\/edublog.educastur.es\/ixuxu\/2021\/04\/dia-mundial-del-arcoiris\/\">D\u00eda Mundial del Arco\u00edris (l\u00b4arcu la vieya)<\/a>\u00a0<span class=\"post-date\">03\/04\/2021<\/span><\/li>\n<li><a href=\"https:\/\/edublog.educastur.es\/ixuxu\/2021\/04\/nuevu-numberu\/\">Asoleyase un nuevu n\u00famberu de la revista<\/a>\u00a0<span class=\"post-date\">02\/04\/2021<\/span><\/li>\n<li><a href=\"https:\/\/edublog.educastur.es\/ixuxu\/2021\/04\/dia-mundial-de-concienciacion-sobro-lautismu-2\/\">D\u00eda Mundial De Concienciaci\u00f3n Sobro L\u2019Autismu<\/a>\u00a0<span class=\"post-date\">02\/04\/2021<\/span><\/li>\n<li><a href=\"https:\/\/edublog.educastur.es\/ixuxu\/2021\/04\/dia-internacional-del-llibru-infantil-2\/\">D\u00eda Internacional del Llibru Infantil<\/a>\u00a0<span class=\"post-date\">02\/04\/2021<\/span><\/li>\n<li><a href=\"https:\/\/edublog.educastur.es\/ixuxu\/2021\/04\/madre-y-fiu-hipopotamo-so-lagua\/\">Madre y f\u00edu Hipop\u00f3tamo so l\u00b4agua<\/a>\u00a0<span class=\"post-date\">01\/04\/2021<\/span><\/li>\n<li><a href=\"https:\/\/edublog.educastur.es\/ixuxu\/2021\/04\/mures-ente-tulipanes\/\">Mur ente tulipanes<\/a>\u00a0<span class=\"post-date\">01\/04\/2021<\/span><\/li>\n<li><a href=\"https:\/\/edublog.educastur.es\/ixuxu\/2021\/04\/tpa-50-semeyes-del-patrimoniu-industrial-dasturies\/\">TPA: 50 Semeyes del patrimoniu industrial d\u00b4Asturies<\/a>\u00a0<span class=\"post-date\">01\/04\/2021<\/span><\/li>\n<li><a href=\"https:\/\/edublog.educastur.es\/ixuxu\/2021\/04\/apaga-la-lluz-alza-la-mirada-y-asomate-al-universu-nuna-nueche-estrellada\/\">\u00abApaga la lluz, alza la mirada y as\u00f3mate al universu n\u2019una nueche estrellada\u00bb<\/a>\u00a0<span class=\"post-date\">01\/04\/2021<\/span><\/li>\n<li><a href=\"https:\/\/edublog.educastur.es\/ixuxu\/2021\/04\/festival-dintervencion-mural-duvieu\/\">Festival d\u2019intervenci\u00f3n mural d\u2019Uvi\u00e9u<\/a>\u00a0<span class=\"post-date\">01\/04\/2021<\/span><\/li>\n<li><a href=\"https:\/\/edublog.educastur.es\/ixuxu\/2021\/04\/el-continente-ocultu-de-zelandia\/\">El continente ocultu de Zelandia<\/a>\u00a0<span class=\"post-date\">01\/04\/2021<\/span><\/li>\n<li><a href=\"https:\/\/edublog.educastur.es\/ixuxu\/2021\/04\/alfonso-y-pinin\/\">ALFONSO Y PIN\u00cdN<\/a>\u00a0<span class=\"post-date\">01\/04\/2021<\/span><\/li>\n<li><a href=\"https:\/\/edublog.educastur.es\/ixuxu\/2021\/04\/hai-que-facer-casu-a-ma\/\">S\u00edmbolos Celtes (Asturies, de cuentu)<\/a>\u00a0<span class=\"post-date\">01\/04\/2021<\/span><\/li>\n<li><a href=\"https:\/\/edublog.educastur.es\/ixuxu\/2021\/04\/diciresastures\/\">#DiciresAstures<\/a>\u00a0<span class=\"post-date\">01\/04\/2021<\/span><\/li>\n<\/ul>\n","protected":false},"excerpt":{"rendered":"<p>Gaita: \u00abAl altu la lleva\u00bb\u00a030\/04\/2021 Llambiotada: los bartolos\u00a030\/04\/2021 Colibr\u00ed xacob\u00edn\u00a030\/04\/2021 D\u00eda Internacional del Jazz\u00a030\/04\/2021 Sobredosis d\u00b4informaci\u00f3n\u2026\u00a029\/04\/2021 \u00abRemanecer\u00bb\u00a029\/04\/2021 La guapura del mundu natural ta nos detalles\u00a029\/04\/2021 D\u00eda Internacional de la Danza\u00a029\/04\/2021 El proyectu educativu qu\u2019enllena l\u2019aula de m\u00fasica cl\u00e1sica\u00a029\/04\/2021 D\u00eda Europ\u00e9u de la Solidarid\u00e1 y Cooperaci\u00f3n ente Xeneraciones\u00a029\/04\/2021 Capten per primer vegada un calamar xigante nadando [&hellip;]<\/p>\n","protected":false},"author":117,"featured_media":0,"parent":34958,"menu_order":0,"comment_status":"closed","ping_status":"closed","template":"","meta":{"footnotes":""},"class_list":["post-65025","page","type-page","status-publish","hentry"],"_links":{"self":[{"href":"https:\/\/edublog.educastur.es\/ixuxu\/wp-json\/wp\/v2\/pages\/65025","targetHints":{"allow":["GET"]}}],"collection":[{"href":"https:\/\/edublog.educastur.es\/ixuxu\/wp-json\/wp\/v2\/pages"}],"about":[{"href":"https:\/\/edublog.educastur.es\/ixuxu\/wp-json\/wp\/v2\/types\/page"}],"author":[{"embeddable":true,"href":"https:\/\/edublog.educastur.es\/ixuxu\/wp-json\/wp\/v2\/users\/117"}],"replies":[{"embeddable":true,"href":"https:\/\/edublog.educastur.es\/ixuxu\/wp-json\/wp\/v2\/comments?post=65025"}],"version-history":[{"count":1,"href":"https:\/\/edublog.educastur.es\/ixuxu\/wp-json\/wp\/v2\/pages\/65025\/revisions"}],"predecessor-version":[{"id":65026,"href":"https:\/\/edublog.educastur.es\/ixuxu\/wp-json\/wp\/v2\/pages\/65025\/revisions\/65026"}],"up":[{"embeddable":true,"href":"https:\/\/edublog.educastur.es\/ixuxu\/wp-json\/wp\/v2\/pages\/34958"}],"wp:attachment":[{"href":"https:\/\/edublog.educastur.es\/ixuxu\/wp-json\/wp\/v2\/media?parent=65025"}],"curies":[{"name":"wp","href":"https:\/\/api.w.org\/{rel}","templated":true}]}}