{"id":65034,"date":"2026-01-02T22:23:31","date_gmt":"2026-01-02T20:23:31","guid":{"rendered":"https:\/\/edublog.educastur.es\/ixuxu\/?page_id=65034"},"modified":"2026-01-02T22:23:31","modified_gmt":"2026-01-02T20:23:31","slug":"12_avientu","status":"publish","type":"page","link":"https:\/\/edublog.educastur.es\/ixuxu\/archivu-blogue\/articulos\/2020-2\/12_avientu\/","title":{"rendered":"12_Avientu"},"content":{"rendered":"<ul>\n<li><a href=\"https:\/\/edublog.educastur.es\/ixuxu\/2020\/12\/pal-anu-quentra\/\">Pal a\u00f1u qu\u00b4entra\u2026<\/a> <span class=\"post-date\">31\/12\/2020<\/span><\/li>\n<li><a href=\"https:\/\/edublog.educastur.es\/ixuxu\/2020\/12\/pablo-fraile-presenta-la-llingua-de-les-xanes\/\">Pablo Fraile presenta \u201cLa llingua de les xanes\u201d<\/a> <span class=\"post-date\">31\/12\/2020<\/span><\/li>\n<li><a href=\"https:\/\/edublog.educastur.es\/ixuxu\/2020\/12\/vienres-1-pais-de-pandereta-a-les-22-30-na-tpa\/\">Vienres 1 \u201cPai\u0301s de pandereta\u201d a les 22.30 na TPA<\/a> <span class=\"post-date\">31\/12\/2020<\/span><\/li>\n<li><a href=\"https:\/\/edublog.educastur.es\/ixuxu\/2020\/12\/barbon-felicita-lanu-primero-nasturianu\/\">Barb\u00f3n felicita l\u2019a\u00f1u primero n\u2019asturianu<\/a> <span class=\"post-date\">31\/12\/2020<\/span><\/li>\n<li><a href=\"https:\/\/edublog.educastur.es\/ixuxu\/2020\/12\/oficiu-tradicional-os-cesteiros\/\">Oficiu tradicional: os cesteiros<\/a> <span class=\"post-date\">31\/12\/2020<\/span><\/li>\n<li><a href=\"https:\/\/edublog.educastur.es\/ixuxu\/2020\/12\/felicitacion-tpa\/\">Felicitaci\u00f3n TPA<\/a> <span class=\"post-date\">30\/12\/2020<\/span><\/li>\n<li><a href=\"https:\/\/edublog.educastur.es\/ixuxu\/2020\/12\/carbayones\/\">Asina se ve la \u00faltima lluna llena del 2020, la Lluna de Xelu.<\/a> <span class=\"post-date\">30\/12\/2020<\/span><\/li>\n<li><a href=\"https:\/\/edublog.educastur.es\/ixuxu\/2020\/12\/laguilandu-tradicion-del-iviernu-asturianu\/\">L\u00b4aguilandu, tradici\u00f3n del iviernu asturianu<\/a> <span class=\"post-date\">30\/12\/2020<\/span><\/li>\n<li><a href=\"https:\/\/edublog.educastur.es\/ixuxu\/2020\/12\/lunicu-ferreiru-de-quiros\/\">L\u2019\u00fanicu ferreiru de Quir\u00f3s<\/a> <span class=\"post-date\">30\/12\/2020<\/span><\/li>\n<li><a href=\"https:\/\/edublog.educastur.es\/ixuxu\/2020\/12\/bopa-espublizacion-del-decretu-toponimicu-de-cabrales\/\">BOPA: espublizaci\u00f3n del decretu topon\u00edmicu de Cabrales<\/a> <span class=\"post-date\">30\/12\/2020<\/span><\/li>\n<li><a href=\"https:\/\/edublog.educastur.es\/ixuxu\/2020\/12\/les-mazcaraes-nasturies\/\">Les Mazcaraes n\u00b4Asturies<\/a> <span class=\"post-date\">30\/12\/2020<\/span><\/li>\n<li><a href=\"https:\/\/edublog.educastur.es\/ixuxu\/2020\/12\/la-biblia-en-llingua-asturiana-ya-ta-na-imprenta\/\">La Biblia en llingua asturiana ya ta na imprenta<\/a> <span class=\"post-date\">29\/12\/2020<\/span><\/li>\n<li><a href=\"https:\/\/edublog.educastur.es\/ixuxu\/2020\/12\/la-xdla-denuncia-un-incumplimientu-mas-de-la-toponimia-oficial\/\">La XDLA denuncia un incumplimientu m\u00e1s de la toponimia oficial<\/a> <span class=\"post-date\">29\/12\/2020<\/span><\/li>\n<li><a href=\"https:\/\/edublog.educastur.es\/ixuxu\/2020\/12\/arte-los-llimites-de-les-nueves-tendencies\/\">Arte: los ll\u00edmites de les nueves tendencies<\/a> <span class=\"post-date\">28\/12\/2020<\/span><\/li>\n<li><a href=\"https:\/\/edublog.educastur.es\/ixuxu\/2020\/12\/bufones-pria-llanes\/\">Bufones Pr\u00eda (Llanes)<\/a> <span class=\"post-date\">28\/12\/2020<\/span><\/li>\n<li><a href=\"https:\/\/edublog.educastur.es\/ixuxu\/2020\/12\/cascosu\/\">Cascosu pas\u00e9ase con una flor como paraguas baxo la lluvia d\u00b4Ucrania<\/a> <span class=\"post-date\">28\/12\/2020<\/span><\/li>\n<li><a href=\"https:\/\/edublog.educastur.es\/ixuxu\/2020\/12\/cuantes-coses-sabes-sobre-margarita-salas\/\">\u00bfCu\u00e1ntes coses sabes sobre Margarita Salas?\u00a0<\/a> <span class=\"post-date\">28\/12\/2020<\/span><\/li>\n<li><a href=\"https:\/\/edublog.educastur.es\/ixuxu\/2020\/12\/dolfo-camilo-diaz-faise-col-premiu-de-la-critica-dasturies-de-columnismu-nasturianu\/\">Dolfo Camilo D\u00edaz faise col Premiu de la Cr\u00edtica d\u2019Asturies de columnismu n\u2019asturianu<\/a> <span class=\"post-date\">28\/12\/2020<\/span><\/li>\n<li><a href=\"https:\/\/edublog.educastur.es\/ixuxu\/2020\/12\/2284\/\">P\u00e1xina: \u00abCoses curioses\u00bb<\/a> <span class=\"post-date\">28\/12\/2020<\/span><\/li>\n<li><a href=\"https:\/\/edublog.educastur.es\/ixuxu\/2020\/12\/asturies-patria-queria\/\">\u00abAsturies Patria Quer\u00eda\u00bb<\/a> <span class=\"post-date\">27\/12\/2020<\/span><\/li>\n<li><a href=\"https:\/\/edublog.educastur.es\/ixuxu\/2020\/12\/campana-regalate-nasturianu\/\">Campa\u00f1a: \u00abReg\u00e1late n\u00b4asturianu\u00bb<\/a> <span class=\"post-date\">27\/12\/2020<\/span><\/li>\n<li><a href=\"https:\/\/edublog.educastur.es\/ixuxu\/2020\/12\/nomes-y-apellios-nasturianu\/\">Nomes y apell\u00edos n\u2019asturianu<\/a> <span class=\"post-date\">27\/12\/2020<\/span><\/li>\n<li><a href=\"https:\/\/edublog.educastur.es\/ixuxu\/2020\/12\/aniversariu-dandres-solar\/\">Aniversariu d\u00b4Andr\u00e9s Solar (escritor)<\/a> <span class=\"post-date\">27\/12\/2020<\/span><\/li>\n<li><a href=\"https:\/\/edublog.educastur.es\/ixuxu\/2020\/12\/petit-pop-cumple-10-anos\/\">\u00abPetit Pop\u00bb cumple 10 a\u00f1os<\/a> <span class=\"post-date\">27\/12\/2020<\/span><\/li>\n<li><a href=\"https:\/\/edublog.educastur.es\/ixuxu\/2020\/12\/el-desgueve-del-salmon-nos-calces-asturianos\/\">El desg\u00fceve del salm\u00f3n nos calces asturianos<\/a> <span class=\"post-date\">27\/12\/2020<\/span><\/li>\n<li><a href=\"https:\/\/edublog.educastur.es\/ixuxu\/2020\/12\/duna-misguinal-to-xeitu-beleno\/\">D\u2019Una Misguina\u2019l to Xeitu (Bele\u00f1o)<\/a> <span class=\"post-date\">27\/12\/2020<\/span><\/li>\n<li><a href=\"https:\/\/edublog.educastur.es\/ixuxu\/2020\/12\/2171\/\">La cara de dellos insectos y ar\u00e1cnidos<\/a> <span class=\"post-date\">26\/12\/2020<\/span><\/li>\n<li><a href=\"https:\/\/edublog.educastur.es\/ixuxu\/2020\/12\/el-museu-de-la-escuela-rural-resiste-limpactu-del-coronavirus-na-cultura\/\">El Mus\u00e9u de la Escuela Rural resiste l\u2019impactu del coronavirus na cultura<\/a> <span class=\"post-date\">26\/12\/2020<\/span><\/li>\n<li><a href=\"https:\/\/edublog.educastur.es\/ixuxu\/2020\/12\/un-asturianu-disena-un-punteru-electronicu-para-tocar-la-gaita-ensin-fadiar-a-los-vecinos\/\">Un asturianu dise\u00f1a un punteru electr\u00f3nicu para tocar la gaita ensin fadiar a los vecinos<\/a> <span class=\"post-date\">26\/12\/2020<\/span><\/li>\n<li><a href=\"https:\/\/edublog.educastur.es\/ixuxu\/2020\/12\/poema-cuestion-de-llingua-2-0\/\">Poema: \u00abCuesti\u00f3n de llingua 2.0\u00bb<\/a> <span class=\"post-date\">26\/12\/2020<\/span><\/li>\n<li><a href=\"https:\/\/edublog.educastur.es\/ixuxu\/2020\/12\/poema-la-mio-verda\/\">Poema: \u00abLa mio verd\u00e1\u00bb<\/a> <span class=\"post-date\">26\/12\/2020<\/span><\/li>\n<li><a href=\"https:\/\/edublog.educastur.es\/ixuxu\/2020\/12\/el-ramu-nadal\/\">El Ramu Nadal<\/a> <span class=\"post-date\">25\/12\/2020<\/span><\/li>\n<li><a href=\"https:\/\/edublog.educastur.es\/ixuxu\/2020\/12\/avientu-torna-con-nuevu-tema\/\">Avientu torna con nuevu tema!<\/a> <span class=\"post-date\">25\/12\/2020<\/span><\/li>\n<li><a href=\"https:\/\/edublog.educastur.es\/ixuxu\/2020\/12\/un-adorable-bebe-elefante-gira-su-trompa-como-un-helicoptero\/\">Un adorable \u00f1\u00e1caru elefante xira la so trompa como un helic\u00f3pteru<\/a> <span class=\"post-date\">25\/12\/2020<\/span><\/li>\n<li><a href=\"https:\/\/edublog.educastur.es\/ixuxu\/2020\/12\/galbana-dalba-llaneza-pulido\/\">\u00abGalbana\u00bb, d\u2019Alba Llaneza Pulido<\/a> <span class=\"post-date\">25\/12\/2020<\/span><\/li>\n<li><a href=\"https:\/\/edublog.educastur.es\/ixuxu\/2020\/12\/la-xdla-entama-una-campana-pa-reclamar-a-tpa-dibuxos-animaos-nasturianu\/\">La XDLA entama una campa\u00f1a pa reclamar a TPA dibuxos animaos n\u2019asturianu.<\/a> <span class=\"post-date\">25\/12\/2020<\/span><\/li>\n<li><a href=\"https:\/\/edublog.educastur.es\/ixuxu\/2020\/12\/por-un-2021-atarraquitau-de-realcuentro\/\">Por un 2021 atarraquit\u00e1u de realcuentro<\/a> <span class=\"post-date\">24\/12\/2020<\/span><\/li>\n<li><a href=\"https:\/\/edublog.educastur.es\/ixuxu\/2020\/12\/clasificacion-de-monedes-na-so-conservacion\/\">Clasificaci\u00f3n de monedes na so conservaci\u00f3n<\/a> <span class=\"post-date\">24\/12\/2020<\/span><\/li>\n<li><a href=\"https:\/\/edublog.educastur.es\/ixuxu\/2020\/12\/ospa-programa-diviernu\/\">OSPA: Programa d\u00b4Iviernu<\/a> <span class=\"post-date\">24\/12\/2020<\/span><\/li>\n<li><a href=\"https:\/\/edublog.educastur.es\/ixuxu\/2020\/12\/les-tradiciones-de-la-cocina-navidiega-neuropa\/\">Les tradiciones de la cocina navidiega n\u2019Europa<\/a> <span class=\"post-date\">24\/12\/2020<\/span><\/li>\n<li><a href=\"https:\/\/edublog.educastur.es\/ixuxu\/2020\/12\/un-cachu-del-eo\/\">Un cachu del Eo\u2026<\/a> <span class=\"post-date\">24\/12\/2020<\/span><\/li>\n<li><a href=\"https:\/\/edublog.educastur.es\/ixuxu\/2020\/12\/los-ritos-que-tovia-perduran-nasturies-na-navida\/\">Los ritos que tov\u00eda perduran n\u2019Asturies na Navid\u00e1<\/a> <span class=\"post-date\">24\/12\/2020<\/span><\/li>\n<li><a href=\"https:\/\/edublog.educastur.es\/ixuxu\/2020\/12\/nueves-propuestes-terminoloxiques-de-botanica\/\">Nueves propuestes terminol\u00f3xiques de Bot\u00e1nica<\/a> <span class=\"post-date\">23\/12\/2020<\/span><\/li>\n<li><a href=\"https:\/\/edublog.educastur.es\/ixuxu\/2020\/12\/el-copae-aprueba-un-logotipu-billingue\/\">El COPAE aprueba un logotipu billing\u00fce<\/a> <span class=\"post-date\">23\/12\/2020<\/span><\/li>\n<li><a href=\"https:\/\/edublog.educastur.es\/ixuxu\/2020\/12\/2067\/\">La llingua asturiana, en cuartu llugar en @wikidata, la mayor base de datos llibre.<\/a> <span class=\"post-date\">23\/12\/2020<\/span><\/li>\n<li><a href=\"https:\/\/edublog.educastur.es\/ixuxu\/2020\/12\/el-maliayo-xurde-menendez-traduz-al-asturianu-un-ensayu-de-lopez-otin\/\">El maliayo Xurde Men\u00e9ndez traduz al asturianu un ensayu de L\u00f3pez-Ot\u00edn<\/a> <span class=\"post-date\">23\/12\/2020<\/span><\/li>\n<li><a href=\"https:\/\/edublog.educastur.es\/ixuxu\/2020\/12\/layalga-de-la-cueval-cuelebre-celebre\/\">L\u2019ayalga de la cueva\u2019l Cu\u00e9lebre C\u00e9lebre.<\/a> <span class=\"post-date\">22\/12\/2020<\/span><\/li>\n<li><a href=\"https:\/\/edublog.educastur.es\/ixuxu\/2020\/12\/iviernu-mazcaraes-comedies-y-aguilandos\/\">Iviernu, mazcaraes, comedies y aguilandos<\/a> <span class=\"post-date\">22\/12\/2020<\/span><\/li>\n<li><a href=\"https:\/\/edublog.educastur.es\/ixuxu\/2020\/12\/asturies-cultural-en-rede\/\">Asturies Cultural en Rede<\/a> <span class=\"post-date\">21\/12\/2020<\/span><\/li>\n<li><a href=\"https:\/\/edublog.educastur.es\/ixuxu\/2020\/12\/solsticiu-diviernu\/\">Solsticiu d\u00b4iviernu n\u00b4Espa\u00f1a<\/a> <span class=\"post-date\">20\/12\/2020<\/span><\/li>\n<li><a href=\"https:\/\/edublog.educastur.es\/ixuxu\/2020\/12\/asina-vas-ver-el-particular-besu-de-navida-de-xupiter-y-saturno-que-nun-asocede-en-800-anos\/\">Asina vas ver el particular \u201cbesu de Navid\u00e1\u201d de X\u00fapiter y Saturno que nun asocede en 800 a\u00f1os<\/a> <span class=\"post-date\">20\/12\/2020<\/span><\/li>\n<li><a href=\"https:\/\/edublog.educastur.es\/ixuxu\/2020\/12\/estau-del-tiempu-domingu-20-davientu\/\">Est\u00e1u del tiempu: domingu 20 d\u00b4avientu<\/a> <span class=\"post-date\">20\/12\/2020<\/span><\/li>\n<li><a href=\"https:\/\/edublog.educastur.es\/ixuxu\/2020\/12\/la-imaxen-mas-detallada-del-planeta-pluton\/\">La imaxen m\u00e1s detallada del planeta Plut\u00f3n<\/a> <span class=\"post-date\">20\/12\/2020<\/span><\/li>\n<li><a href=\"https:\/\/edublog.educastur.es\/ixuxu\/2020\/12\/kikirikiki-canciones-pa-nenes-y-nenos-dalicia-alvarez\/\">\u00abKikirikik\u00ed, canciones pa ne\u00f1es y ne\u00f1os\u00bb d\u2019Alicia \u00c1lvarez<\/a> <span class=\"post-date\">19\/12\/2020<\/span><\/li>\n<li><a href=\"https:\/\/edublog.educastur.es\/ixuxu\/2020\/12\/el-nadal-y-fin-danu-sedran-frios\/\">EL NADAL Y FIN D\u2019A\u00d1U SEDR\u00c1N FR\u00cdOS.<\/a> <span class=\"post-date\">19\/12\/2020<\/span><\/li>\n<li><a href=\"https:\/\/edublog.educastur.es\/ixuxu\/2020\/12\/cuentinos-dende-la-radio\/\">Cuentinos dende la radio<\/a> <span class=\"post-date\">18\/12\/2020<\/span><\/li>\n<li><a href=\"https:\/\/edublog.educastur.es\/ixuxu\/2020\/12\/poema-dientro-de-pablo-texon\/\">Poema \u00abDientro\u00bb de Pablo Tex\u00f3n<\/a> <span class=\"post-date\">18\/12\/2020<\/span><\/li>\n<li><a href=\"https:\/\/edublog.educastur.es\/ixuxu\/2020\/12\/nueve-cuentos-azules\/\">\u00abNueve cuentos azules\u00bb (Ed. Pintar-Pintar)<\/a> <span class=\"post-date\">18\/12\/2020<\/span><\/li>\n<li><a href=\"https:\/\/edublog.educastur.es\/ixuxu\/2020\/12\/ya-falta-pocu-pa-que-llegue-lablanera\/\">Y\u00e1 falta pocu pa que llegue L\u2019Ablanera\u2026<\/a> <span class=\"post-date\">17\/12\/2020<\/span><\/li>\n<li><a href=\"https:\/\/edublog.educastur.es\/ixuxu\/2020\/12\/tres-llibros-recuperen-la-hestoria-de-les-muyeres-del-carbon\/\">Tr\u00e9s llibros recuperen la hestoria de \u2018les muyeres del carb\u00f3n\u2019<\/a> <span class=\"post-date\">17\/12\/2020<\/span><\/li>\n<li><a href=\"https:\/\/edublog.educastur.es\/ixuxu\/2020\/12\/galletes-de-navida\/\">GALLETES DE NAVID\u00c1<\/a> <span class=\"post-date\">17\/12\/2020<\/span><\/li>\n<li><a href=\"https:\/\/edublog.educastur.es\/ixuxu\/2020\/12\/fotografias-de-oviedo\/\">Fotos: una amuesa con 653 imaxes de la ciud\u00e1<\/a> <span class=\"post-date\">17\/12\/2020<\/span><\/li>\n<li><a href=\"https:\/\/edublog.educastur.es\/ixuxu\/2020\/12\/asturies-tien-la-sablera-mas-pequena-del-mundu\/\">Asturies tien la sablera m\u00e1s pequena del mundu<\/a> <span class=\"post-date\">16\/12\/2020<\/span><\/li>\n<li><a href=\"https:\/\/edublog.educastur.es\/ixuxu\/2020\/12\/xxxvi-premiu-andres-solar\/\">XXXVI Premiu Andr\u00e9s Solar<\/a> <span class=\"post-date\">16\/12\/2020<\/span><\/li>\n<li><a href=\"https:\/\/edublog.educastur.es\/ixuxu\/2020\/12\/robot-espia-capta-a-gorilas-selvaxes-cantando-mientres-cenen\/\">Robot esp\u00eda capta a gorilas selvaxes cantando mientres cenen<\/a> <span class=\"post-date\">16\/12\/2020<\/span><\/li>\n<li><a href=\"https:\/\/edublog.educastur.es\/ixuxu\/2020\/12\/los-ferreiros-de-mazonovo-distinguidos-nos-premios-nacionales-dartesania\/\">Los ferreiros de Mazonovo, distinguidos nos premios nacionales d\u2019artesan\u00eda<\/a> <span class=\"post-date\">16\/12\/2020<\/span><\/li>\n<li><a href=\"https:\/\/edublog.educastur.es\/ixuxu\/2020\/12\/videu-esa-23-anos-de-ciclos-solares-en-47-minutos\/\">V\u00eddeu ESA: 23 a\u00f1os de ciclos solares en 47 minutos<\/a> <span class=\"post-date\">15\/12\/2020<\/span><\/li>\n<li><a href=\"https:\/\/edublog.educastur.es\/ixuxu\/2020\/12\/1949\/\">Aida Escudero. Premiu de poes\u00eda<\/a> <span class=\"post-date\">15\/12\/2020<\/span><\/li>\n<li><a href=\"https:\/\/edublog.educastur.es\/ixuxu\/2020\/12\/june-almeida-la-virologa-quidentificol-primera-coronavirus\/\">June Almeida, la vir\u00f3loga qu\u2019identific\u00f3\u2019l primera coronavirus<\/a> <span class=\"post-date\">15\/12\/2020<\/span><\/li>\n<li><a href=\"https:\/\/edublog.educastur.es\/ixuxu\/2020\/12\/noticia-lalla-recueyel-llabor-de-40-anos-nuna-nueva-publicacion\/\">Noticia: \u00abL\u2019ALLA recueye\u00b4l llabor de 40 a\u00f1os nuna nueva publicaci\u00f3n\u00bb<\/a> <span class=\"post-date\">15\/12\/2020<\/span><\/li>\n<li><a href=\"https:\/\/edublog.educastur.es\/ixuxu\/2020\/12\/esposicion-margarita-salas-una-muyer-con-ciencia\/\">Esposici\u00f3n \u00abMargarita Salas. Una muyer con ciencia\u00bb<\/a> <span class=\"post-date\">15\/12\/2020<\/span><\/li>\n<li><a href=\"https:\/\/edublog.educastur.es\/ixuxu\/2020\/12\/jose-angel-gayol-premiu-de-la-critica-de-narrativa-nasturianu\/\">Jos\u00e9 \u00c1ngel Gayol, Premiu de la Cr\u00edtica de narrativa n\u2019asturianu<\/a> <span class=\"post-date\">14\/12\/2020<\/span><\/li>\n<li><a href=\"https:\/\/edublog.educastur.es\/ixuxu\/2020\/12\/booktrailer-del-llibru-la-deuda-desperanza-medina\/\">Booktrailer del llibru \u00abLa deuda\u00bb<\/a> <span class=\"post-date\">14\/12\/2020<\/span><\/li>\n<li><a href=\"https:\/\/edublog.educastur.es\/ixuxu\/2020\/12\/larte-pictoricu-asturianu\/\">L\u2019arte pict\u00f3ricu asturianu<\/a> <span class=\"post-date\">13\/12\/2020<\/span><\/li>\n<li><a href=\"https:\/\/edublog.educastur.es\/ixuxu\/2020\/12\/el-xapones-lito-leaf-fai-pequenes-obres-darte-coles-fueyes-cayies-de-los-arboles\/\">El xapon\u00e9s Lito Leaf fai pequenes obres d\u2019arte coles fueyes cay\u00edes de los \u00e1rboles<\/a> <span class=\"post-date\">13\/12\/2020<\/span><\/li>\n<li><a href=\"https:\/\/edublog.educastur.es\/ixuxu\/2020\/12\/el-proximu-14-davientu-la-mayoria-de-los-habitantes-del-hemisferiu-sur-van-ser-testigos-dun-eclis-solar-total\/\">El pr\u00f3ximu 14 d\u2019avientu la mayor\u00eda de los habitantes del hemisferiu sur van ser testigos d\u2019un ecl\u00eds solar total<\/a> <span class=\"post-date\">12\/12\/2020<\/span><\/li>\n<li><a href=\"https:\/\/edublog.educastur.es\/ixuxu\/2020\/12\/alianza-celta\/\">Alianza Celta<\/a> <span class=\"post-date\">12\/12\/2020<\/span><\/li>\n<li><a href=\"https:\/\/edublog.educastur.es\/ixuxu\/2020\/12\/lasturicu-la-llingua-de-los-astures\/\">Art\u00edculu d\u00b4inter\u00e9s: \u00abL\u2019ASTURICU, LA LLINGUA DE LOS \u00c1STURES\u00bb.<\/a> <span class=\"post-date\">12\/12\/2020<\/span><\/li>\n<li><a href=\"https:\/\/edublog.educastur.es\/ixuxu\/2020\/12\/un-nuevu-anu-una-oportunida-pa-la-llingua-felicitacion-de-lalla\/\">\u00abUn nuevu a\u00f1u, una oportunid\u00e1 pa la llingua\u00bb, felicitaci\u00f3n de l\u2019ALLA<\/a> <span class=\"post-date\">11\/12\/2020<\/span><\/li>\n<li><a href=\"https:\/\/edublog.educastur.es\/ixuxu\/2020\/12\/1762\/\">Obra: \u00abEl viaxe de Covaletti\u00bb<\/a> <span class=\"post-date\">11\/12\/2020<\/span><\/li>\n<li><a href=\"https:\/\/edublog.educastur.es\/ixuxu\/2020\/12\/rede-de-normalizacion-llinguistica\/\">Rede de Normalizaci\u00f3n Lling\u00fc\u00edstica<\/a> <span class=\"post-date\">11\/12\/2020<\/span><\/li>\n<li><a href=\"https:\/\/edublog.educastur.es\/ixuxu\/2020\/12\/la-nueva-obra-de-banksy-una-tusida-estornudo-en-bristol\/\">La nueva obra de Banksy: una tusida (estornudu) en Bristol<\/a> <span class=\"post-date\">11\/12\/2020<\/span><\/li>\n<li><a href=\"https:\/\/edublog.educastur.es\/ixuxu\/2020\/12\/1799\/\">\u00abCas\u00f3se Maruxa\u00bb<\/a> <span class=\"post-date\">10\/12\/2020<\/span><\/li>\n<li><a href=\"https:\/\/edublog.educastur.es\/ixuxu\/2020\/12\/jesus-riestra-el-postrer-molineru-de-llanes\/\">Jes\u00fas Riestra, el postrer molineru de Llanes<\/a> <span class=\"post-date\">10\/12\/2020<\/span><\/li>\n<li><a href=\"https:\/\/edublog.educastur.es\/ixuxu\/2020\/12\/de-la-perala-a-el-mercrominu-la-hestoria-de-los-personaxes-mas-interesaos-de-xixon\/\">De La Perala a El Mercrominu: la hestoria de los personaxes m\u00e1s interesaos de Xix\u00f3n<\/a> <span class=\"post-date\">10\/12\/2020<\/span><\/li>\n<li><a href=\"https:\/\/edublog.educastur.es\/ixuxu\/2020\/12\/10-davientu-dia-internacional-de-los-drechos-humanos\/\">10 d\u00b4avientu: D\u00eda Internacional de los Derechos Humanos<\/a> <span class=\"post-date\">10\/12\/2020<\/span><\/li>\n<li><a href=\"https:\/\/edublog.educastur.es\/ixuxu\/2020\/12\/articulu-de-jose-angel-gayol\/\">Art\u00edculu de Jos\u00e9 \u00c1ngel Gayol<\/a> <span class=\"post-date\">10\/12\/2020<\/span><\/li>\n<li><a href=\"https:\/\/edublog.educastur.es\/ixuxu\/2020\/12\/festavientu-alcuentru-y-presentacion-del-llibru-xosefa-de-xovellanos\/\">Festavientu: Alcuentru y presentaci\u00f3n del llibru \u201cXosefa de Xovellanos\u00bb<\/a> <span class=\"post-date\">10\/12\/2020<\/span><\/li>\n<li><a href=\"https:\/\/edublog.educastur.es\/ixuxu\/2020\/12\/puru-remangu-edita-gueli-un-llibru-onde-los-nietos-cuenten-la-vida-de-les-sos-gueles-pa-nun-escaecer-donde-venimos\/\">Puru Remangu edita \u2018Gueli\u2019, un llibru onde los nietos cuenten la vida de les sos g\u00fceles \u00abpa nun escaecer d\u2019onde venimos\u00bb<\/a> <span class=\"post-date\">09\/12\/2020<\/span><\/li>\n<li><a href=\"https:\/\/edublog.educastur.es\/ixuxu\/2020\/12\/pantone-2021\/\">Pantone 2021<\/a> <span class=\"post-date\">09\/12\/2020<\/span><\/li>\n<li><a href=\"https:\/\/edublog.educastur.es\/ixuxu\/2020\/12\/lanunciu-de-navida-de-la-llibreria-bertrand-lisboa\/\">L\u2019anunciu de Navid\u00e1 de la Llibrer\u00eda Bertrand (Lisboa)<\/a> <span class=\"post-date\">08\/12\/2020<\/span><\/li>\n<li><a href=\"https:\/\/edublog.educastur.es\/ixuxu\/2020\/12\/poner-larbol-de-navida-esti-ponte-ye-una-tradicion-dorixe-celta\/\">Poner l\u2019\u00c1rbol de Navid\u00e1 esti ponte ye una tradici\u00f3n d\u2019orixe celta.<\/a> <span class=\"post-date\">08\/12\/2020<\/span><\/li>\n<li><a href=\"https:\/\/edublog.educastur.es\/ixuxu\/2020\/12\/un-poema-de-nora-albert\/\">Poema: \u00abA los cientos y cientos de muyeres asesinaes\u00bb<\/a> <span class=\"post-date\">08\/12\/2020<\/span><\/li>\n<li><a href=\"https:\/\/edublog.educastur.es\/ixuxu\/2020\/12\/estau-del-tiempu-martes-8-davientu\/\">Est\u00e1u del tiempu: martes 8 d\u00b4avientu<\/a> <span class=\"post-date\">08\/12\/2020<\/span><\/li>\n<li><a href=\"https:\/\/edublog.educastur.es\/ixuxu\/2020\/12\/cuandol-cielu-atopase-cola-tierra\/\">Cuando\u2019l cielu at\u00f3pase cola Tierra.<\/a> <span class=\"post-date\">07\/12\/2020<\/span><\/li>\n<li><a href=\"https:\/\/edublog.educastur.es\/ixuxu\/2020\/12\/el-cambeu-climaticu-nasturies\/\">El camb\u00e9u clim\u00e1ticu n\u2019Asturies<\/a> <span class=\"post-date\">07\/12\/2020<\/span><\/li>\n<li><a href=\"https:\/\/edublog.educastur.es\/ixuxu\/2020\/12\/bonos-deseos-de-rodrigo-bras\/\">Rodrigo Bras: \u00abUn a\u00f1o de felicidad\u00bb<\/a> <span class=\"post-date\">07\/12\/2020<\/span><\/li>\n<li><a href=\"https:\/\/edublog.educastur.es\/ixuxu\/2020\/12\/les-meyores-semeyes-nocherniegues-de-2020\/\">Les meyores semeyes nocherniegues de 2020<\/a> <span class=\"post-date\">07\/12\/2020<\/span><\/li>\n<li><a href=\"https:\/\/edublog.educastur.es\/ixuxu\/2020\/12\/uvieu-orixen-del-camino-de-santiago\/\">P\u00f3ster del Cam\u00edn de Santiago<\/a> <span class=\"post-date\">07\/12\/2020<\/span><\/li>\n<li><a href=\"https:\/\/edublog.educastur.es\/ixuxu\/2020\/12\/estau-del-tiempu-llunes-7-davientu\/\">Est\u00e1u del tiempu: llunes 7 d\u00b4avientu<\/a> <span class=\"post-date\">07\/12\/2020<\/span><\/li>\n<li><a href=\"https:\/\/edublog.educastur.es\/ixuxu\/2020\/12\/la-estrella-de-belen-va-poder-vese-esta-navida-per-primer-vegada-en-800-anos\/\">La estrella de Bel\u00e9n\u00bb va poder vese esta Navid\u00e1 per primer vegada en 800 a\u00f1os<\/a> <span class=\"post-date\">06\/12\/2020<\/span><\/li>\n<li><a href=\"https:\/\/edublog.educastur.es\/ixuxu\/2020\/12\/gitanjali-rao-una-moza-cientifica-ye-escoyida-nena-del-anu-pola-revista-time\/\">Gitanjali Rao, una moza cient\u00edfica ye escoyida \u00abNe\u00f1a del A\u00f1u\u00bb pola revista Time<\/a> <span class=\"post-date\">06\/12\/2020<\/span><\/li>\n<li><a href=\"https:\/\/edublog.educastur.es\/ixuxu\/2020\/12\/smeya-prestosa-de-dos-pinguinos\/\">Semeya prestosa de dos ping\u00fcinos abrazaos<\/a> <span class=\"post-date\">06\/12\/2020<\/span><\/li>\n<li><a href=\"https:\/\/edublog.educastur.es\/ixuxu\/2020\/12\/poema-dalexandra-9-anos\/\">Poema d\u00b4Alexandra, 9 a\u00f1os\u2026<\/a> <span class=\"post-date\">05\/12\/2020<\/span><\/li>\n<li><a href=\"https:\/\/edublog.educastur.es\/ixuxu\/2020\/12\/canciu-en-sanabres\/\">Canciu en Sanabr\u00e9s<\/a> <span class=\"post-date\">05\/12\/2020<\/span><\/li>\n<li><a href=\"https:\/\/edublog.educastur.es\/ixuxu\/2020\/12\/5-davientu-dia-mundial-del-suelu\/\">5 d\u00b4avientu: D\u00eda Mundial del Suelu<\/a> <span class=\"post-date\">05\/12\/2020<\/span><\/li>\n<li><a href=\"https:\/\/edublog.educastur.es\/ixuxu\/2020\/12\/el-profesor-indiu-que-llibro-a-les-nenes-del-matrimoniu\/\">Nobel d\u2019Educaci\u00f3n: el profesor indiu que llibr\u00f3 a les ne\u00f1es del matrimoniu<\/a> <span class=\"post-date\">05\/12\/2020<\/span><\/li>\n<li><a href=\"https:\/\/edublog.educastur.es\/ixuxu\/2020\/12\/estau-del-tiempu-sabadu-5-davientu\/\">Est\u00e1u del tiempu: s\u00e1badu 5 d\u00b4avientu<\/a> <span class=\"post-date\">05\/12\/2020<\/span><\/li>\n<li><a href=\"https:\/\/edublog.educastur.es\/ixuxu\/2020\/12\/4-davientu-santa-barbara\/\">4 d\u00b4Avientu: Santa B\u00e1rbara<\/a> <span class=\"post-date\">04\/12\/2020<\/span><\/li>\n<li><a href=\"https:\/\/edublog.educastur.es\/ixuxu\/2020\/12\/orixe-discu-ineditu-de-tinu-casa\/\">\u00abOrixe\u00bb: discu in\u00e9ditu de Tinu Casal<\/a> <span class=\"post-date\">04\/12\/2020<\/span><\/li>\n<li><a href=\"https:\/\/edublog.educastur.es\/ixuxu\/2020\/12\/les-semeyes-danimales-mas-gracioses-de-2020\/\">Les semeyes d\u2019animales m\u00e1s gracioses de 2020<\/a> <span class=\"post-date\">04\/12\/2020<\/span><\/li>\n<li><a href=\"https:\/\/edublog.educastur.es\/ixuxu\/2020\/12\/la-lluna-natlantic-street-noruega\/\">La lluna n\u00b4Atlantic Street (Noruega)<\/a> <span class=\"post-date\">03\/12\/2020<\/span><\/li>\n<li><a href=\"https:\/\/edublog.educastur.es\/ixuxu\/2020\/12\/calendariu-coeducativu-tiempu-de-muyeres-muyeres-nel-tiempu-2021\/\">Calendariu Coeducativu: Tiempu de Muyeres, Muyeres nel Tiempu 2021<\/a> <span class=\"post-date\">02\/12\/2020<\/span><\/li>\n<li><a href=\"https:\/\/edublog.educastur.es\/ixuxu\/2020\/12\/cartel-que-mos-toca-en-diciembre-avientu\/\">Cartel: \u00bfQu\u00e9 mos toca en\u2026 diciembre\/avientu?<\/a> <span class=\"post-date\">01\/12\/2020<\/span><\/li>\n<li><a href=\"https:\/\/edublog.educastur.es\/ixuxu\/2020\/12\/naturaleza-e-infancia-lespertar-de-la-conciencia-ecoloxica\/\">Naturaleza e infancia: l\u2019espertar de la conciencia ecol\u00f3xica<\/a> <span class=\"post-date\">01\/12\/2020<\/span><\/li>\n<li><a href=\"https:\/\/edublog.educastur.es\/ixuxu\/2020\/12\/losprofesores-tenemos-densenar-pensamientu-critico-comunicacion-collaboracion-y-creativida\/\">Los profesores tenemos d\u2019ense\u00f1ar pensamientu critico, comunicaci\u00f3n, collaboraci\u00f3n y creativid\u00e1<\/a> <span class=\"post-date\">01\/12\/2020<\/span><\/li>\n<li><a href=\"https:\/\/edublog.educastur.es\/ixuxu\/2020\/12\/fontoria-nueche-davientu\/\">Fontoria: \u00abNueche d\u2019Avientu<\/a> <span class=\"post-date\">01\/12\/2020<\/span><\/li>\n<\/ul>\n","protected":false},"excerpt":{"rendered":"<p>Pal a\u00f1u qu\u00b4entra\u2026 31\/12\/2020 Pablo Fraile presenta \u201cLa llingua de les xanes\u201d 31\/12\/2020 Vienres 1 \u201cPai\u0301s de pandereta\u201d a les 22.30 na TPA 31\/12\/2020 Barb\u00f3n felicita l\u2019a\u00f1u primero n\u2019asturianu 31\/12\/2020 Oficiu tradicional: os cesteiros 31\/12\/2020 Felicitaci\u00f3n TPA 30\/12\/2020 Asina se ve la \u00faltima lluna llena del 2020, la Lluna de Xelu. 30\/12\/2020 L\u00b4aguilandu, tradici\u00f3n del [&hellip;]<\/p>\n","protected":false},"author":117,"featured_media":0,"parent":34956,"menu_order":0,"comment_status":"closed","ping_status":"closed","template":"","meta":{"footnotes":""},"class_list":["post-65034","page","type-page","status-publish","hentry"],"_links":{"self":[{"href":"https:\/\/edublog.educastur.es\/ixuxu\/wp-json\/wp\/v2\/pages\/65034","targetHints":{"allow":["GET"]}}],"collection":[{"href":"https:\/\/edublog.educastur.es\/ixuxu\/wp-json\/wp\/v2\/pages"}],"about":[{"href":"https:\/\/edublog.educastur.es\/ixuxu\/wp-json\/wp\/v2\/types\/page"}],"author":[{"embeddable":true,"href":"https:\/\/edublog.educastur.es\/ixuxu\/wp-json\/wp\/v2\/users\/117"}],"replies":[{"embeddable":true,"href":"https:\/\/edublog.educastur.es\/ixuxu\/wp-json\/wp\/v2\/comments?post=65034"}],"version-history":[{"count":1,"href":"https:\/\/edublog.educastur.es\/ixuxu\/wp-json\/wp\/v2\/pages\/65034\/revisions"}],"predecessor-version":[{"id":65035,"href":"https:\/\/edublog.educastur.es\/ixuxu\/wp-json\/wp\/v2\/pages\/65034\/revisions\/65035"}],"up":[{"embeddable":true,"href":"https:\/\/edublog.educastur.es\/ixuxu\/wp-json\/wp\/v2\/pages\/34956"}],"wp:attachment":[{"href":"https:\/\/edublog.educastur.es\/ixuxu\/wp-json\/wp\/v2\/media?parent=65034"}],"curies":[{"name":"wp","href":"https:\/\/api.w.org\/{rel}","templated":true}]}}