{"id":65041,"date":"2026-01-02T22:24:55","date_gmt":"2026-01-02T20:24:55","guid":{"rendered":"https:\/\/edublog.educastur.es\/ixuxu\/?page_id=65041"},"modified":"2026-01-02T22:24:55","modified_gmt":"2026-01-02T20:24:55","slug":"09_setiembre","status":"publish","type":"page","link":"https:\/\/edublog.educastur.es\/ixuxu\/archivu-blogue\/articulos\/2020-2\/09_setiembre\/","title":{"rendered":"09_Setiembre"},"content":{"rendered":"<ul>\n<li><a href=\"https:\/\/edublog.educastur.es\/ixuxu\/2020\/09\/dexonos-quino-creador-de-mafalda-y-unu-de-los-dibuxantes-nespanol-mas-internacionales\/\">Dex\u00f3nos Quino, creador de Mafalda y unu de los dibuxantes n\u2019espa\u00f1ol m\u00e1s internacionales<\/a> <span class=\"post-date\">30\/09\/2020<\/span><\/li>\n<li><a href=\"https:\/\/edublog.educastur.es\/ixuxu\/2020\/09\/dia-mundial-del-corazon\/\">D\u00eda Mundial del Coraz\u00f3n<\/a> <span class=\"post-date\">29\/09\/2020<\/span><\/li>\n<li><a href=\"https:\/\/edublog.educastur.es\/ixuxu\/2020\/09\/v-concursu-entaina-a-escribir\/\">V Concursu \u00abEnta\u00edna a escribir\u00bb<\/a> <span class=\"post-date\">26\/09\/2020<\/span><\/li>\n<li><a href=\"https:\/\/edublog.educastur.es\/ixuxu\/2020\/09\/dia-europeu-de-les-llingues\/\">D\u00eda Europ\u00e9u de les Lling\u00fces<\/a> <span class=\"post-date\">26\/09\/2020<\/span><\/li>\n<li><a href=\"https:\/\/edublog.educastur.es\/ixuxu\/2020\/09\/medaya-doru-dasturies-a-vincent-garcia-riestra\/\">Medaya d\u2019Oru d\u2019Asturies a Vincent Garc\u00eda Riestra<\/a> <span class=\"post-date\">24\/09\/2020<\/span><\/li>\n<li><a href=\"https:\/\/edublog.educastur.es\/ixuxu\/2020\/09\/la-lleenda-lablanera\/\">\u00abLa Lleenda l\u00b4Ablanera\u00bb<\/a> <span class=\"post-date\">22\/09\/2020<\/span><\/li>\n<li><a href=\"https:\/\/edublog.educastur.es\/ixuxu\/2020\/09\/41-selmana-de-les-lletres\/\">41 Selmana de les Lletres<\/a> <span class=\"post-date\">21\/09\/2020<\/span><\/li>\n<li><a href=\"https:\/\/edublog.educastur.es\/ixuxu\/2020\/09\/mensaxe-del-presidente-del-principau\/\">Mensaxe del Presidente del Princip\u00e1u<\/a> <span class=\"post-date\">08\/09\/2020<\/span><\/li>\n<li><a href=\"https:\/\/edublog.educastur.es\/ixuxu\/2020\/09\/feliz-dia-de-asturias-dikea\/\">\u00a1Feliz d\u00eda de Asturias! d\u00b4IKEA<\/a> <span class=\"post-date\">08\/09\/2020<\/span><\/li>\n<li><a href=\"https:\/\/edublog.educastur.es\/ixuxu\/2020\/09\/dia-dasturies\/\">D\u00eda d\u2019Asturies<\/a> <span class=\"post-date\">08\/09\/2020<\/span><\/li>\n<li><a href=\"https:\/\/edublog.educastur.es\/ixuxu\/2020\/09\/la-lluna-ta-aferrunandose\/\">La lluna ta aferru\u00f1\u00e1ndose<\/a> <span class=\"post-date\">08\/09\/2020<\/span><\/li>\n<li><a href=\"https:\/\/edublog.educastur.es\/ixuxu\/2020\/09\/toles-banderes-dasturies-refuelgu\/\">Toles banderes d\u2019asturies<\/a> <span class=\"post-date\">08\/09\/2020<\/span><\/li>\n<li><a href=\"https:\/\/edublog.educastur.es\/ixuxu\/2020\/09\/881\/\">\u00abEl rait\u00e1n y el sangr\u00edn\u00bb<\/a> <span class=\"post-date\">07\/09\/2020<\/span><\/li>\n<li><a href=\"https:\/\/edublog.educastur.es\/ixuxu\/2020\/09\/dia-internacional-del-aire-llimpio-per-un-cielu-azul\/\">D\u00eda Internacional del aire llimpio per un cielu azul<\/a> <span class=\"post-date\">07\/09\/2020<\/span><\/li>\n<li><a href=\"https:\/\/edublog.educastur.es\/ixuxu\/2020\/09\/los-xardinos-de-la-fonte-baixa\/\">Los xardinos de La Fonte Baixa<\/a> <span class=\"post-date\">06\/09\/2020<\/span><\/li>\n<li><a href=\"https:\/\/edublog.educastur.es\/ixuxu\/2020\/09\/memoria-de-tuna-danton-garcia\/\">\u00abMemoria de Tu\u00f1a\u00bb d\u2019Ant\u00f3n Garc\u00eda<\/a> <span class=\"post-date\">04\/09\/2020<\/span><\/li>\n<li><a href=\"https:\/\/edublog.educastur.es\/ixuxu\/2020\/09\/nochobre-en-llibreries-va-tiempu\/\">N\u2019ochobre en llibrer\u00edes: \u00abVa tiempu\u00bb<\/a> <span class=\"post-date\">02\/09\/2020<\/span><\/li>\n<li><a href=\"https:\/\/edublog.educastur.es\/ixuxu\/2020\/09\/xii-premiu-alfonso-iglesias-de-comic\/\">XII premiu Alfonso Iglesias de C\u00f3mic<\/a> <span class=\"post-date\">02\/09\/2020<\/span><\/li>\n<li><a href=\"https:\/\/edublog.educastur.es\/ixuxu\/2020\/09\/madrenes-y-ficciones-por-diego-solis\/\">\u00abMadre\u00f1es y ficciones\u00bb por Diego Sol\u00eds<\/a> <span class=\"post-date\">01\/09\/2020<\/span><\/li>\n<\/ul>\n","protected":false},"excerpt":{"rendered":"<p>Dex\u00f3nos Quino, creador de Mafalda y unu de los dibuxantes n\u2019espa\u00f1ol m\u00e1s internacionales 30\/09\/2020 D\u00eda Mundial del Coraz\u00f3n 29\/09\/2020 V Concursu \u00abEnta\u00edna a escribir\u00bb 26\/09\/2020 D\u00eda Europ\u00e9u de les Lling\u00fces 26\/09\/2020 Medaya d\u2019Oru d\u2019Asturies a Vincent Garc\u00eda Riestra 24\/09\/2020 \u00abLa Lleenda l\u00b4Ablanera\u00bb 22\/09\/2020 41 Selmana de les Lletres 21\/09\/2020 Mensaxe del Presidente del Princip\u00e1u 08\/09\/2020 [&hellip;]<\/p>\n","protected":false},"author":117,"featured_media":0,"parent":34956,"menu_order":0,"comment_status":"closed","ping_status":"closed","template":"","meta":{"footnotes":""},"class_list":["post-65041","page","type-page","status-publish","hentry"],"_links":{"self":[{"href":"https:\/\/edublog.educastur.es\/ixuxu\/wp-json\/wp\/v2\/pages\/65041","targetHints":{"allow":["GET"]}}],"collection":[{"href":"https:\/\/edublog.educastur.es\/ixuxu\/wp-json\/wp\/v2\/pages"}],"about":[{"href":"https:\/\/edublog.educastur.es\/ixuxu\/wp-json\/wp\/v2\/types\/page"}],"author":[{"embeddable":true,"href":"https:\/\/edublog.educastur.es\/ixuxu\/wp-json\/wp\/v2\/users\/117"}],"replies":[{"embeddable":true,"href":"https:\/\/edublog.educastur.es\/ixuxu\/wp-json\/wp\/v2\/comments?post=65041"}],"version-history":[{"count":1,"href":"https:\/\/edublog.educastur.es\/ixuxu\/wp-json\/wp\/v2\/pages\/65041\/revisions"}],"predecessor-version":[{"id":65042,"href":"https:\/\/edublog.educastur.es\/ixuxu\/wp-json\/wp\/v2\/pages\/65041\/revisions\/65042"}],"up":[{"embeddable":true,"href":"https:\/\/edublog.educastur.es\/ixuxu\/wp-json\/wp\/v2\/pages\/34956"}],"wp:attachment":[{"href":"https:\/\/edublog.educastur.es\/ixuxu\/wp-json\/wp\/v2\/media?parent=65041"}],"curies":[{"name":"wp","href":"https:\/\/api.w.org\/{rel}","templated":true}]}}