{"id":6558,"date":"2021-05-29T18:54:51","date_gmt":"2021-05-29T16:54:51","guid":{"rendered":"https:\/\/edublog.educastur.es\/ixuxu\/?page_id=6558"},"modified":"2021-05-29T18:54:51","modified_gmt":"2021-05-29T16:54:51","slug":"retornu","status":"publish","type":"page","link":"https:\/\/edublog.educastur.es\/ixuxu\/poesia-2\/retornu\/","title":{"rendered":"\u00abRetornu\u00bb"},"content":{"rendered":"<div class=\"td-pb-row\">\n<div class=\"td-pb-span12\">\n<div class=\"td-post-header\">\n<header class=\"td-post-title\">\n<h1 class=\"entry-title\" style=\"text-align: center\"><em><span style=\"color: #008080\">\u00abRetornu\u00bb <\/span><\/em><\/h1>\n<h1 class=\"entry-title\" style=\"text-align: center\"><em><span style=\"font-size: 20px;color: #008080\">de Cristina Men\u00e9ndez Mart\u00edn<\/span><\/em><\/h1>\n<div class=\"td-module-meta-info\">\n<div class=\"td-post-author-name\"><a href=\"http:\/\/www.formientu.com\/author\/cristina-menendez-martin\/\">Cristina Men\u00e9ndez Mart\u00edn<\/a><\/div>\n<\/div>\n<\/header>\n<\/div>\n<\/div>\n<\/div>\n<div class=\"td-pb-row\">\n<div class=\"td-pb-span8 td-main-content\" role=\"main\">\n<div class=\"td-ss-main-content\">\n<div class=\"td-post-content\">\n<p><em><span style=\"font-size: 20px;color: #008080\">Pa mi yeres llibert\u00e1,<\/span><\/em><br \/>\n<em><span style=\"font-size: 20px;color: #008080\">ciud\u00e1 de mio.<\/span><\/em><br \/>\n<em><span style=\"font-size: 20px;color: #008080\">Tardes de fumu y rises<\/span><\/em><br \/>\n<em><span style=\"font-size: 20px;color: #008080\">al alcuentru de tiempos meyores.<\/span><\/em><br \/>\n<em><span style=\"font-size: 20px;color: #008080\">La vida enllen\u00e1base de ti<\/span><\/em><br \/>\n<em><span style=\"font-size: 20px;color: #008080\">naquellos abellugos pa lo nuevo,<\/span><\/em><br \/>\n<em><span style=\"font-size: 20px;color: #008080\">pa los saberes desconoc\u00edos.<\/span><\/em><\/p>\n<p><em><span style=\"font-size: 20px;color: #008080\">Nun hab\u00eda puntos de fuga<\/span><\/em><br \/>\n<em><span style=\"font-size: 20px;color: #008080\">nel cuadru del nuesu mundiu.<\/span><\/em><br \/>\n<em><span style=\"font-size: 20px;color: #008080\">Nun hab\u00eda mieu<\/span><\/em><br \/>\n<em><span style=\"font-size: 20px;color: #008080\">nes nueses pallabres,<\/span><\/em><br \/>\n<em><span style=\"font-size: 20px;color: #008080\">nos nuesos xuegos.<\/span><\/em><\/p>\n<p><em><span style=\"font-size: 20px;color: #008080\">Nam\u00e1i priesa por vivir,<\/span><\/em><br \/>\n<em><span style=\"font-size: 20px;color: #008080\">nam\u00e1i ganes d\u2019afuxir.<\/span><\/em><\/p>\n<\/div>\n<\/div>\n<\/div>\n<\/div>\n","protected":false},"excerpt":{"rendered":"<p>\u00abRetornu\u00bb de Cristina Men\u00e9ndez Mart\u00edn Cristina Men\u00e9ndez Mart\u00edn Pa mi yeres llibert\u00e1, ciud\u00e1 de mio. Tardes de fumu y rises al alcuentru de tiempos meyores. La vida enllen\u00e1base de ti naquellos abellugos pa lo nuevo, pa los saberes desconoc\u00edos. Nun hab\u00eda puntos de fuga nel cuadru del nuesu mundiu. Nun hab\u00eda mieu nes nueses pallabres, [&hellip;]<\/p>\n","protected":false},"author":117,"featured_media":0,"parent":221,"menu_order":0,"comment_status":"closed","ping_status":"closed","template":"","meta":{"footnotes":""},"class_list":["post-6558","page","type-page","status-publish","hentry"],"_links":{"self":[{"href":"https:\/\/edublog.educastur.es\/ixuxu\/wp-json\/wp\/v2\/pages\/6558","targetHints":{"allow":["GET"]}}],"collection":[{"href":"https:\/\/edublog.educastur.es\/ixuxu\/wp-json\/wp\/v2\/pages"}],"about":[{"href":"https:\/\/edublog.educastur.es\/ixuxu\/wp-json\/wp\/v2\/types\/page"}],"author":[{"embeddable":true,"href":"https:\/\/edublog.educastur.es\/ixuxu\/wp-json\/wp\/v2\/users\/117"}],"replies":[{"embeddable":true,"href":"https:\/\/edublog.educastur.es\/ixuxu\/wp-json\/wp\/v2\/comments?post=6558"}],"version-history":[{"count":2,"href":"https:\/\/edublog.educastur.es\/ixuxu\/wp-json\/wp\/v2\/pages\/6558\/revisions"}],"predecessor-version":[{"id":6560,"href":"https:\/\/edublog.educastur.es\/ixuxu\/wp-json\/wp\/v2\/pages\/6558\/revisions\/6560"}],"up":[{"embeddable":true,"href":"https:\/\/edublog.educastur.es\/ixuxu\/wp-json\/wp\/v2\/pages\/221"}],"wp:attachment":[{"href":"https:\/\/edublog.educastur.es\/ixuxu\/wp-json\/wp\/v2\/media?parent=6558"}],"curies":[{"name":"wp","href":"https:\/\/api.w.org\/{rel}","templated":true}]}}