{"id":672,"date":"2020-08-24T22:07:15","date_gmt":"2020-08-24T22:07:15","guid":{"rendered":"https:\/\/edublog.educastur.es\/ixuxu\/?page_id=672"},"modified":"2022-04-07T11:39:05","modified_gmt":"2022-04-07T09:39:05","slug":"7-maraviyes-de-xixon","status":"publish","type":"page","link":"https:\/\/edublog.educastur.es\/ixuxu\/comics\/7-maraviyes-de-xixon\/","title":{"rendered":"\u201c7 Maraviyes de Xix\u00f3n\u201d"},"content":{"rendered":"<div class=\"entry\">\n<p>7 d\u00b4abril 2020<br \/>\nAyeri martes vimos n\u00b4<u><span style=\"color: #333399\">Educastur TV <\/span><\/u>a <a href=\"https:\/\/ast.wikipedia.org\/wiki\/Ruma_Barbero\" target=\"_blank\" rel=\"noopener noreferrer\"><span style=\"color: #333399\"><strong><em>Ruma Barbero<\/em><\/strong><\/span><\/a>\u2018l ilustrador y autor d\u2019esti comic.<\/p>\n<ul>\n<li><a href=\"https:\/\/ast.wikipedia.org\/wiki\/Ruma_Barbero\" target=\"_blank\" rel=\"noopener noreferrer\"><em>Ruma Barbero<br \/>\n<\/em><\/a><\/li>\n<li>Blogue <a href=\"http:\/\/aguantandocachones.blogspot.com\/\" target=\"_blank\" rel=\"noopener noreferrer\"><em>\u201cAguantando cachones\u201d<\/em><\/a><\/li>\n<li>Blogue<em> <a href=\"http:\/\/lachelitaelsalvador1992.blogspot.com\/\" target=\"_blank\" rel=\"noopener noreferrer\">\u201cLa Chelita\u201d<\/a><\/em><\/li>\n<\/ul>\n<p>L\u00b4<a href=\"https:\/\/llingua.gijon.es\/\" target=\"_blank\" rel=\"noopener noreferrer\"><u><em>Oficina de Normalizaci\u00f3n Lling\u00fc\u00edstica de Xix\u00f3n\u00a0 <\/em><\/u><\/a>ufre, de balde (gratis) esti prestosu c\u00f3mic de Xix\u00f3n.<\/p>\n<h3><em>Clica <a href=\"https:\/\/drive.google.com\/file\/d\/16wMfighju1X5KoC_333FEGMKvy5t9e91\/view?usp=sharing\" target=\"_blank\" rel=\"noopener noreferrer\">na im\u00e1xen o nesti enllaz. Tarda un pocu en cargar\u2026<\/a><\/em><\/h3>\n<p><em><u>Rese\u00f1a LNE:<\/u><\/em> Un cu\u00e9lebre qu\u2019habita na Llaboral, un nuberu que corta\u2019l verde n\u2019El Molin\u00f3n, una coqueta xana que s\u2019apodera del parque Isabel La Cat\u00f3lica o una atenta guaxa que monta en skate en Cimavilla son dalgunos de los personaxes del c\u00f3mic <strong><em><span style=\"color: #008000\">\u201cLes 7 marav\u00edes de Xix\u00f3n. <\/span><\/em><\/strong><span style=\"color: #008000\"><em>El sua\u00f1u d\u2019una nueche de branu en Xix\u00f3n<\/em><\/span><strong><em><span style=\"color: #008000\">\u201d.<\/span> <\/em><\/strong><\/p>\n<ul>\n<li>Ver<a href=\"https:\/\/afondo.lne.es\/gijon\/de-turismo-con-la-xana-y-el-nuberu.html\" target=\"_blank\" rel=\"noopener noreferrer\"> noticia de la presentaci\u00f3n en LNE.<\/a><\/li>\n<\/ul>\n<p>Ilustraciones de <a href=\"https:\/\/ast.wikipedia.org\/wiki\/Ruma_Barbero\" target=\"_blank\" rel=\"noopener noreferrer\"><strong><em>Ruma Barbero. <\/em><\/strong><span style=\"color: #0000ff\">(<\/span><\/a><span style=\"color: #0000ff\"><u><a title=\"Somi\u00f3\" href=\"https:\/\/ast.wikipedia.org\/wiki\/Somi%C3%B3\">Somi\u00f3<\/a>, <a title=\"Xix\u00f3n\" href=\"https:\/\/ast.wikipedia.org\/wiki\/Xix%C3%B3n\">Xix\u00f3n<\/a>, <a title=\"3 de febreru\" href=\"https:\/\/ast.wikipedia.org\/wiki\/3_de_febreru\">3\/2\/<\/a><a title=\"1971\" href=\"https:\/\/ast.wikipedia.org\/wiki\/1971\">1971<\/a>) ye un <a title=\"Dibuxante (la p\u00e1xina nun esiste)\" href=\"https:\/\/ast.wikipedia.org\/w\/index.php?title=Dibuxante&amp;action=edit&amp;redlink=1\">dibuxante<\/a> <a title=\"Asturies\" href=\"https:\/\/ast.wikipedia.org\/wiki\/Asturies\">asturianu<\/a> de <a title=\"C\u00f3mic\" href=\"https:\/\/ast.wikipedia.org\/wiki\/C%C3%B3mic\">c\u00f3mic<\/a> y <a title=\"M\u00fasicu\" href=\"https:\/\/ast.wikipedia.org\/wiki\/M%C3%BAsicu\">m\u00fasicu<\/a>. <\/u><\/span><\/p>\n<ul>\n<li>Ver <a href=\"https:\/\/www.gijon.es\/noticias\/show\/39405-las-7-maravillas-de-gijon-xixon-segun-los-peques\" target=\"_blank\" rel=\"noopener noreferrer\">noticia na p\u00e1xina oficial. <\/a><\/li>\n<\/ul>\n<ul>\n<li><a href=\"https:\/\/www.gijon.es\/multimedia_objects\/download?object_id=230086&amp;object_type=document\" target=\"_blank\" rel=\"noopener noreferrer\">Descarga\u00b4l planu colos personaxes y llugares\u2026<\/a><\/li>\n<\/ul>\n<p><!--more--><\/p>\n<ul>\n<li>\n<h3><strong><em>Personaxes qu\u00b4apaecen\u2026<\/em><\/strong><\/h3>\n<\/li>\n<li><a href=\"https:\/\/afondo.lne.es\/wp-content\/uploads\/2019\/08\/acuario-serrena.jpg\" target=\"_blank\" rel=\"noopener noreferrer\"><img loading=\"lazy\" decoding=\"async\" class=\"\" src=\"https:\/\/afondo.lne.es\/wp-content\/uploads\/2019\/08\/acuario-serrena.jpg\" width=\"281\" height=\"114\" \/><\/a><\/li>\n<li><a href=\"https:\/\/afondo.lne.es\/wp-content\/uploads\/2019\/08\/cimavilla-guaxa.jpg\" target=\"_blank\" rel=\"noopener noreferrer\"><img loading=\"lazy\" decoding=\"async\" class=\"\" src=\"https:\/\/afondo.lne.es\/wp-content\/uploads\/2019\/08\/cimavilla-guaxa.jpg\" width=\"281\" height=\"114\" \/><\/a><\/li>\n<li><a href=\"https:\/\/afondo.lne.es\/wp-content\/uploads\/2019\/08\/playas-espumeru.jpg\" target=\"_blank\" rel=\"noopener noreferrer\"><img loading=\"lazy\" decoding=\"async\" class=\"\" src=\"https:\/\/afondo.lne.es\/wp-content\/uploads\/2019\/08\/playas-espumeru.jpg\" width=\"281\" height=\"114\" \/><\/a><\/li>\n<li><a href=\"https:\/\/afondo.lne.es\/wp-content\/uploads\/2019\/08\/parque-xana-1.jpg\" target=\"_blank\" rel=\"noopener noreferrer\"><img loading=\"lazy\" decoding=\"async\" class=\"\" src=\"https:\/\/afondo.lne.es\/wp-content\/uploads\/2019\/08\/parque-xana-1.jpg\" width=\"281\" height=\"114\" \/><\/a><\/li>\n<li><a href=\"https:\/\/afondo.lne.es\/wp-content\/uploads\/2019\/08\/molinon-nuberu.jpg\" target=\"_blank\" rel=\"noopener noreferrer\"><img loading=\"lazy\" decoding=\"async\" class=\"\" src=\"https:\/\/afondo.lne.es\/wp-content\/uploads\/2019\/08\/molinon-nuberu.jpg\" width=\"281\" height=\"114\" \/><\/a><\/li>\n<li><a href=\"https:\/\/afondo.lne.es\/wp-content\/uploads\/2019\/08\/botanico-busgosu-1.jpg\" target=\"_blank\" rel=\"noopener noreferrer\"><img loading=\"lazy\" decoding=\"async\" class=\"\" src=\"https:\/\/afondo.lne.es\/wp-content\/uploads\/2019\/08\/botanico-busgosu-1.jpg\" width=\"281\" height=\"114\" \/><\/a><\/li>\n<li><a href=\"https:\/\/afondo.lne.es\/wp-content\/uploads\/2019\/08\/laboral-cuelebre.jpg\" target=\"_blank\" rel=\"noopener noreferrer\"><img loading=\"lazy\" decoding=\"async\" class=\"\" src=\"https:\/\/afondo.lne.es\/wp-content\/uploads\/2019\/08\/laboral-cuelebre.jpg\" width=\"281\" height=\"114\" \/><\/a><\/li>\n<li><a href=\"https:\/\/afondo.lne.es\/gijon\/de-turismo-con-la-xana-y-el-nuberu.html\" target=\"_blank\" rel=\"noopener noreferrer\"><em>Fonte: <strong>La Nueva Espa\u00f1a<\/strong><\/em><\/a><\/li>\n<\/ul>\n<p><a href=\"https:\/\/afondo.lne.es\/wp-content\/uploads\/2019\/08\/resized_img_2780-e1565632571234.jpg\"><img loading=\"lazy\" decoding=\"async\" class=\"alignnone \" src=\"https:\/\/afondo.lne.es\/wp-content\/uploads\/2019\/08\/resized_img_2780-e1565632571234.jpg\" width=\"601\" height=\"406\" \/><\/a><\/p>\n<p style=\"text-align: center\">\n<!-- iframe plugin v.6.0 wordpress.org\/plugins\/iframe\/ -->\n<iframe loading=\"lazy\" src=\"https:\/\/drive.google.com\/file\/d\/1S8hpUU8mGcLdfxEImy89mVIqopIHcsvd\/preview\" width=\"640\" height=\"800\" 0=\"\/iframe\" scrolling=\"yes\" class=\"iframe-class\" frameborder=\"0\"><\/iframe>\n<\/p>\n<\/div>\n","protected":false},"excerpt":{"rendered":"<p>7 d\u00b4abril 2020 Ayeri martes vimos n\u00b4Educastur TV a Ruma Barbero\u2018l ilustrador y autor d\u2019esti comic. Ruma Barbero Blogue \u201cAguantando cachones\u201d Blogue \u201cLa Chelita\u201d L\u00b4Oficina de Normalizaci\u00f3n Lling\u00fc\u00edstica de Xix\u00f3n\u00a0 ufre, de balde (gratis) esti prestosu c\u00f3mic de Xix\u00f3n. Clica na im\u00e1xen o nesti enllaz. Tarda un pocu en cargar\u2026 Rese\u00f1a LNE: Un cu\u00e9lebre qu\u2019habita [&hellip;]<\/p>\n","protected":false},"author":117,"featured_media":0,"parent":321,"menu_order":0,"comment_status":"closed","ping_status":"closed","template":"","meta":{"footnotes":""},"class_list":["post-672","page","type-page","status-publish","hentry"],"_links":{"self":[{"href":"https:\/\/edublog.educastur.es\/ixuxu\/wp-json\/wp\/v2\/pages\/672","targetHints":{"allow":["GET"]}}],"collection":[{"href":"https:\/\/edublog.educastur.es\/ixuxu\/wp-json\/wp\/v2\/pages"}],"about":[{"href":"https:\/\/edublog.educastur.es\/ixuxu\/wp-json\/wp\/v2\/types\/page"}],"author":[{"embeddable":true,"href":"https:\/\/edublog.educastur.es\/ixuxu\/wp-json\/wp\/v2\/users\/117"}],"replies":[{"embeddable":true,"href":"https:\/\/edublog.educastur.es\/ixuxu\/wp-json\/wp\/v2\/comments?post=672"}],"version-history":[{"count":5,"href":"https:\/\/edublog.educastur.es\/ixuxu\/wp-json\/wp\/v2\/pages\/672\/revisions"}],"predecessor-version":[{"id":5131,"href":"https:\/\/edublog.educastur.es\/ixuxu\/wp-json\/wp\/v2\/pages\/672\/revisions\/5131"}],"up":[{"embeddable":true,"href":"https:\/\/edublog.educastur.es\/ixuxu\/wp-json\/wp\/v2\/pages\/321"}],"wp:attachment":[{"href":"https:\/\/edublog.educastur.es\/ixuxu\/wp-json\/wp\/v2\/media?parent=672"}],"curies":[{"name":"wp","href":"https:\/\/api.w.org\/{rel}","templated":true}]}}