{"id":6823,"date":"2021-06-08T21:04:45","date_gmt":"2021-06-08T19:04:45","guid":{"rendered":"https:\/\/edublog.educastur.es\/ixuxu\/?page_id=6823"},"modified":"2021-06-08T21:04:45","modified_gmt":"2021-06-08T19:04:45","slug":"anabel-santiago","status":"publish","type":"page","link":"https:\/\/edublog.educastur.es\/ixuxu\/asturiano\/entrevistes\/anabel-santiago\/","title":{"rendered":"Anabel Santiago"},"content":{"rendered":"<ul>\n<li>Fonte<a href=\"https:\/\/verasturies.com\/anabel-santiago-hubierame-prestao-poner-banda-sonora-a-la-revolucion-dochobre-del-anu-1934\/?fbclid=IwAR0O-_8H139ctmz3g-xuLAeNH85CR_uVTnco7exHNRlPMv9fDXESi-3N2ks\">: Ver Asturies<\/a><\/li>\n<\/ul>\n<div class=\"post-single-meta\">\n<h1><span style=\"color: #008080\"><em><span style=\"font-size: 24px\">Anabel Santiago: \u00abPrest\u00e1reme poner banda sonora a la revoluci\u00f3n d\u2019ochobre de 1934\u00bb\u00a0<\/span><\/em><\/span><i class=\"fa fa-bookmark-o\"><\/i><\/h1>\n<div class=\"post-meta\">\n<div class=\"post-meta-content\"><span class=\"post-views\">\u00a0<\/span><\/div>\n<\/div>\n<\/div>\n<div class=\"post-content post-single-content\">\n<p class=\"has-text-align-left\"><em>Anabel Santiago ye cantante, articulista de prensa cultural\u00a0y profesora de cantu tradicional. Lleva m\u00e1s de 25 a\u00f1os dedicada\u00a0a la renovaci\u00f3n del x\u00e9neru musical denomin\u00e1u\u00a0\u00abtonada\u00bb que la lleva a ganar decenes de concursos rexonales, asina como la concesi\u00f3n d\u2019una cai col\u00a0 so nome na capital d\u2019Asturies, Uvi\u00e9u, con nam\u00e1s 17 a\u00f1os d\u2019ed\u00e1. Tien al llombu m\u00e1s de 8 \u00e1lbumes discogr\u00e1ficos propios y m\u00e1s d\u2019una trentena de collaboraciones musicales con artistes de tol pa\u00eds. Con unu de los sos discos, \u00abAgora\u00bb, consigui\u00f3\u2019l Premiu Nacional de la M\u00fasica nel a\u00f1u 2012. El so \u00faltimo trabayu \u00abY and\u00e1\u00bb da un pasu\u00a0m\u00e1s all\u00e1, y consigue xunir\u00a0la m\u00fasica lletr\u00f3nica\u00a0cola de m\u00e1s raiga\u00f1u. A d\u00eda de g\u00fcei sigue en xira con esti trabayu y prepara\u2019l so siguiente proyectu qu\u2019estrenar\u00e1 en 2021.\u00a0<\/em><\/p>\n<p class=\"has-text-align-left\"><strong>Un llugar pa perdese una fin de selmana\u2026\u00a0 <\/strong><\/p>\n<p>El valle del Llagu nel Parque Natural de Somiedu, ye un llugar m\u00e1xicu, tuvi cantando ell\u00ed y am\u00e1s de que la xente ye mui prestosa,\u00a0 la visita a cualquier puebl\u00edn o a los Teitos ye una esperiencia inolvidable.<\/p>\n<p><strong>Un llugar pa vivir\u2026 <\/strong><\/p>\n<p>Cerquina\u00a0la costa, Lluanco. Tomar unes botellines nel muelle, picar dalgo coles vistes al mar que tien y dar una vueltina pol paseu de la Ilesia. Y si te queden ganes pues facer la ruta costera dende Moniello hasta\u2019l Cabu Pe\u00f1es.<\/p>\n<p><strong>Un platu\u2026 <\/strong><\/p>\n<p>Un bon rollu de bonitu, y si ye carne un cachopu\u00a0de cecina. Anque n\u2019Asturies ye mui dif\u00edcil decidir que vas comer porque too ta bono. Lo de la nuesa gastronom\u00eda ye d\u2019otru mundu.<\/p>\n<p><strong>Un postre\u2026 <\/strong><\/p>\n<p>Los frixuelos (rellenos de dulce de lleche), son la mio perdici\u00f3n. Y si ye de salao, la varied\u00e1 de quesos d\u2019Asturies que tenemos, dende\u2019l quesu cas\u00edn pasando pel afum\u00e1u de Pr\u00eda. Delicatessen.<\/p>\n<p><strong>Una playa pa pasar el d\u00eda\u2026 <\/strong><\/p>\n<p>La playa de Frexulfe (Navia), ye preciosa y nun ta mui masificada. L\u2019occidente tien unes playes poco conoc\u00edes que nun envidien nada a la fastera oriental, tami\u00e9n ye muy prestosa la de Tapia o la salvaxe de Barayo.<\/p>\n<p><strong>Un puebl\u00edn que nun podemos dexar de ver\u2026 <\/strong><\/p>\n<p>Espinar\u00e9u ye de los m\u00e1s guapu del conceyu de Pilo\u00f1a. Am\u00e1s lluz los horre\u00f3s y la decoraci\u00f3n floral m\u00e1s cuidaos y guapos de la zona. N\u2019Espinar\u00e9u braniaba de ne\u00f1a y tengo recuerdos de lo afayadizu que yera y de la guapura natural que tien. Y pa la xente que-y gusta\u2019l monte, l\u2019\u00e1rea recreativa de La Pesanca y la ruta del r\u00edu Infiernu.<\/p>\n<p><strong>Un chigre pa tomar unos culinos\u2026 <\/strong><\/p>\n<p>\u00abSidrer\u00eda La Iglesiona\u00bb de Xix\u00f3n, ye un sitiu c\u00e9ntricu y ta rexent\u00e1u por una familia ucrainiana que bien paecen de Felechosa. Ye un exemplu de convivencia cultural y de como una familia emigrante pue amoldase a les nuestres tradiciones. Tienen una cocina pa fartase rico y bien y lo mesmo pues tomar unos culinos que brindar con vodka al glay\u00edu de \u00abNasdrovia!!<\/p>\n<p><strong>Un parque natural pa visitar\u2026 <\/strong><\/p>\n<p>Parque Natural de Redes en Casu. Naturaleza y belleza van de la mano. Yo cri\u00e9me ente esos montes y nun hai neng\u00fan pueblu que visites ell\u00ed que nun t\u2019inunde d\u2019asturian\u00eda. Mui a destacar la ruta de Bra\u00f1agallones con una de les meyores vistes naturales del Princip\u00e1u, y quedase a descansar nel Refuxu.<\/p>\n<p><strong>Una fiesta a la que nun faltar\u2026<\/strong><\/p>\n<p>La boda vaqueira d\u2019Arist\u00e9banu. Un esperiencia que neng\u00fan\u00a0asturianu ha perder. Ye una sobredosis de tradici\u00f3n, folixa, alcuentru ente la xente d\u2019equ\u00ed y de fuera. Tuvi la suerte de ser nomada vaqueira d\u2019honor fai dos a\u00f1os y xubir a Arist\u00e9banu montada a caballu con tola procesi\u00f3n de xente y la lliturx\u00eda qu\u2019acompa\u00f1a al ritual, ye dalgo dif\u00edcil d\u2019escaecer.<\/p>\n<p><strong>Un mus\u00e9u pa recomendar\u2026 <\/strong><\/p>\n<p>El Belles Artes d\u2019Uvi\u00e9u. Pola so hestoria, porque conti\u00e9n les colecciones m\u00e1s importantes del pa\u00eds y porque les sos instalaciones son impecables. Si a eso sumes que la entrada ye gratuita nun se pue pedir m\u00e1s.<\/p>\n<p><strong>Un momentu de la hestoria d\u2019Asturies que te prestar\u00eda vivir\u2026<\/strong><\/p>\n<p>La revoluci\u00f3n d\u2019ochobre del a\u00f1u 1934. Prest\u00e1rame poner banda sonora a esi momentu de la hestoria d\u2019Asturies, que foi vinculante y que por desgracia nun se recuerda como habr\u00eda facese. Asturies y un pu\u00f1\u00e1u de xente valiente lluchando pola so tierra, nun se m\u2019ocurre meyor momentu pa rememorar.<\/p>\n<p><strong>Un baille pa pasalo bien\u2026 <\/strong><\/p>\n<p>El son d\u2019arriba. O cualquier baille tradicional que nos acerque un poqui\u00f1\u00edn a lo que fuimos y a lo que somos. N\u2019Asturies hai muncha cultura de baille, ye importante perpetuar esi sentimientu, por eso la importancia de la tresmisi\u00f3n oral y nel casu del baille de los conocimientos de los distintos tipos de bailles seg\u00fan zones y estilos.<\/p>\n<p><strong>Una pallabra n\u2019asturianu que te preste\u2026 <\/strong><\/p>\n<p>Charr\u00e1n\/ana. Faime muncha gracia poder llamar eso a dalgui\u00e9n que nun abocana.<\/p>\n<p><strong>Una tradici\u00f3n que nun pue perdese\u2026 <\/strong><\/p>\n<p>La m\u00fasica tradicional asturiana, en concretu\u00a0la tonada y los cancios de chigre. Por suerte hai un resurdir de xente mozo que canta y manti\u00e9n vivu esi sentimientu. Y en los chigres y folixes paezme importante que se fomentara la recuperaci\u00f3n de dalguna d\u2019estes tradiciones que xunten a la xente y an\u00edmenla a cantar ensin mieu am\u00e1s d\u2019ayudar a consumir nos establecimientos hosteleros. Como exemplu los cancios de chigre de la Pola o Nore\u00f1a.<\/p>\n<p><strong>Una espresi\u00f3n n\u2019asturianu que te preste\u2026\u00a0 <\/strong><\/p>\n<p>\u00abVamos a entamala\u00bb. Resume con creces l\u2019esp\u00edtu astur y c\u00f3mo ye la xente equ\u00ed. Escuches esa espresi\u00f3n y sabes que la folixa ta asegurada.<\/p>\n<\/div>\n","protected":false},"excerpt":{"rendered":"<p>Fonte: Ver Asturies Anabel Santiago: \u00abPrest\u00e1reme poner banda sonora a la revoluci\u00f3n d\u2019ochobre de 1934\u00bb\u00a0 \u00a0 Anabel Santiago ye cantante, articulista de prensa cultural\u00a0y profesora de cantu tradicional. Lleva m\u00e1s de 25 a\u00f1os dedicada\u00a0a la renovaci\u00f3n del x\u00e9neru musical denomin\u00e1u\u00a0\u00abtonada\u00bb que la lleva a ganar decenes de concursos rexonales, asina como la concesi\u00f3n d\u2019una cai [&hellip;]<\/p>\n","protected":false},"author":117,"featured_media":0,"parent":3151,"menu_order":0,"comment_status":"closed","ping_status":"closed","template":"","meta":{"footnotes":""},"class_list":["post-6823","page","type-page","status-publish","hentry"],"_links":{"self":[{"href":"https:\/\/edublog.educastur.es\/ixuxu\/wp-json\/wp\/v2\/pages\/6823","targetHints":{"allow":["GET"]}}],"collection":[{"href":"https:\/\/edublog.educastur.es\/ixuxu\/wp-json\/wp\/v2\/pages"}],"about":[{"href":"https:\/\/edublog.educastur.es\/ixuxu\/wp-json\/wp\/v2\/types\/page"}],"author":[{"embeddable":true,"href":"https:\/\/edublog.educastur.es\/ixuxu\/wp-json\/wp\/v2\/users\/117"}],"replies":[{"embeddable":true,"href":"https:\/\/edublog.educastur.es\/ixuxu\/wp-json\/wp\/v2\/comments?post=6823"}],"version-history":[{"count":2,"href":"https:\/\/edublog.educastur.es\/ixuxu\/wp-json\/wp\/v2\/pages\/6823\/revisions"}],"predecessor-version":[{"id":6825,"href":"https:\/\/edublog.educastur.es\/ixuxu\/wp-json\/wp\/v2\/pages\/6823\/revisions\/6825"}],"up":[{"embeddable":true,"href":"https:\/\/edublog.educastur.es\/ixuxu\/wp-json\/wp\/v2\/pages\/3151"}],"wp:attachment":[{"href":"https:\/\/edublog.educastur.es\/ixuxu\/wp-json\/wp\/v2\/media?parent=6823"}],"curies":[{"name":"wp","href":"https:\/\/api.w.org\/{rel}","templated":true}]}}