{"id":7489,"date":"2021-06-17T23:49:40","date_gmt":"2021-06-17T21:49:40","guid":{"rendered":"https:\/\/edublog.educastur.es\/ixuxu\/?page_id=7489"},"modified":"2021-06-17T23:52:00","modified_gmt":"2021-06-17T21:52:00","slug":"estaya-daviles","status":"publish","type":"page","link":"https:\/\/edublog.educastur.es\/ixuxu\/pallabreros\/estaya-daviles\/","title":{"rendered":"Estaya d\u00b4Avil\u00e9s"},"content":{"rendered":"<header class=\"tt-header tt-header-type-7 tt-header-style-link full-page stick\">\n<div class=\"tt-header-wrapper\">\n<div class=\"top-inner clearfix\">\n<div class=\"container\">\n<p>La\u00a0<strong>Estaya de la Llingua\u00a0del Conceyu d\u2019Avil\u00e9s<\/strong>\u00a0ye un mu\u00e9rganu dientro de la Conceyal\u00eda de Cultura enfot\u00e1u na normalizaci\u00f3n y el desendolcu de la llingua asturiana en toles estayes de la vida social y cultural.<\/p>\n<p><a class=\"logo tt-logo-1x\" href=\"http:\/\/llinguaviles.com\/\"><img loading=\"lazy\" decoding=\"async\" class=\"aligncenter\" src=\"http:\/\/llinguaviles.com\/wp-content\/uploads\/2018\/04\/Positivo_CMYK_Horizontal2-copia.png\" alt=\"Estaya de la Llingua d'Avil\u00e9s\" width=\"730\" height=\"100\" \/><\/a><\/p>\n<ul>\n<li><a href=\"http:\/\/llinguaviles.com\/campanes\/\">http:\/\/llinguaviles.com\/campanes\/<\/a><\/li>\n<\/ul>\n<div class=\"cmn-mobile-switch\"><\/div>\n<\/div>\n<\/div>\n<\/div>\n<\/header>\n<div class=\"container\">\n<div class=\"row\">\n<div class=\"col-md-8\">\n<article class=\"post-581 post type-post status-publish format-standard has-post-thumbnail hentry category-campanes\">\n<div class=\"tt-blog-category post-single\"><a class=\"c-btn type-3 color-3\" href=\"http:\/\/llinguaviles.com\/category\/campanes\/\">CAMPA\u00d1ES 2018<\/a><\/div>\n<h1 class=\"c-h1\" style=\"text-align: center\"><em><span style=\"color: #008080;font-size: 20px\">Na Iguald\u00e1 tas que ruempes: \u00a1Ruempi col machismu!<\/span><\/em><\/h1>\n<div class=\"simple-text size-4 tt-content title-droid margin-big\">\n<p>Col lema\u00a0<em>Na iguald\u00e1 tas que ruempes: \u00a1Ruempi col machismu!,<\/em>\u00a0la Estaya de la llingua plant\u00e9gase xunto con siete conceyos m\u00e1s una campa\u00f1a empobinada a la moced\u00e1 que va consistir en camisetes, chapes y cartelos.<\/p>\n<p>Per otru llau pa los m\u00e1s peque\u00f1os la campa\u00f1a tendr\u00e1 pegatines y un dec\u00e1logu del xuguete non sexista, col lema:\u00a0<em>Na iguald\u00e1 nun quedes fuera xuegu<\/em>.<\/p>\n<ul>\n<li><a href=\"http:\/\/llinguaviles.com\/ellawp\/wp-content\/uploads\/2018\/05\/Definitivu70X70_NENA_FUTBOLERA.pdf\">Ver PDF Na iguald\u00e1 nun quedes fuera de xuegu \u2013 Pegatina 1<\/a><\/li>\n<li><a href=\"http:\/\/llinguaviles.com\/ellawp\/wp-content\/uploads\/2018\/05\/Definitivu70X70_NENO_PRINCIPE.pdf\">Ver PDF Na iguald\u00e1 nun quedes fuera de xuegu \u2013 Pegatina 2<\/a><\/li>\n<li><a href=\"http:\/\/llinguaviles.com\/ellawp\/wp-content\/uploads\/2018\/05\/Definitivua5_XUGUETES.pdf\">Ver PDF Na iguald\u00e1 nun quedes fuera de xuegu \u2013 Xugetes<\/a><\/li>\n<li><a href=\"http:\/\/llinguaviles.com\/ellawp\/wp-content\/uploads\/2018\/05\/Definitivua3_CARTEL_MOZOS.pdf\">Ver PDF Na igualda tas que ruempes \u2013 Cartel<\/a><\/li>\n<li><a href=\"http:\/\/llinguaviles.com\/ellawp\/wp-content\/uploads\/2018\/05\/DefinitivuCAMISETES_MOZOS.pdf\">Ver PDF Na igualda tas que ruempes \u2013 Camiseta<\/a><\/li>\n<\/ul>\n<\/div>\n<\/article>\n<\/div>\n<\/div>\n<\/div>\n","protected":false},"excerpt":{"rendered":"<p>La\u00a0Estaya de la Llingua\u00a0del Conceyu d\u2019Avil\u00e9s\u00a0ye un mu\u00e9rganu dientro de la Conceyal\u00eda de Cultura enfot\u00e1u na normalizaci\u00f3n y el desendolcu de la llingua asturiana en toles estayes de la vida social y cultural. http:\/\/llinguaviles.com\/campanes\/ CAMPA\u00d1ES 2018 Na Iguald\u00e1 tas que ruempes: \u00a1Ruempi col machismu! Col lema\u00a0Na iguald\u00e1 tas que ruempes: \u00a1Ruempi col machismu!,\u00a0la Estaya de [&hellip;]<\/p>\n","protected":false},"author":117,"featured_media":0,"parent":2118,"menu_order":0,"comment_status":"closed","ping_status":"closed","template":"","meta":{"footnotes":""},"class_list":["post-7489","page","type-page","status-publish","hentry"],"_links":{"self":[{"href":"https:\/\/edublog.educastur.es\/ixuxu\/wp-json\/wp\/v2\/pages\/7489","targetHints":{"allow":["GET"]}}],"collection":[{"href":"https:\/\/edublog.educastur.es\/ixuxu\/wp-json\/wp\/v2\/pages"}],"about":[{"href":"https:\/\/edublog.educastur.es\/ixuxu\/wp-json\/wp\/v2\/types\/page"}],"author":[{"embeddable":true,"href":"https:\/\/edublog.educastur.es\/ixuxu\/wp-json\/wp\/v2\/users\/117"}],"replies":[{"embeddable":true,"href":"https:\/\/edublog.educastur.es\/ixuxu\/wp-json\/wp\/v2\/comments?post=7489"}],"version-history":[{"count":4,"href":"https:\/\/edublog.educastur.es\/ixuxu\/wp-json\/wp\/v2\/pages\/7489\/revisions"}],"predecessor-version":[{"id":7493,"href":"https:\/\/edublog.educastur.es\/ixuxu\/wp-json\/wp\/v2\/pages\/7489\/revisions\/7493"}],"up":[{"embeddable":true,"href":"https:\/\/edublog.educastur.es\/ixuxu\/wp-json\/wp\/v2\/pages\/2118"}],"wp:attachment":[{"href":"https:\/\/edublog.educastur.es\/ixuxu\/wp-json\/wp\/v2\/media?parent=7489"}],"curies":[{"name":"wp","href":"https:\/\/api.w.org\/{rel}","templated":true}]}}