{"id":8883,"date":"2021-08-15T17:53:03","date_gmt":"2021-08-15T15:53:03","guid":{"rendered":"https:\/\/edublog.educastur.es\/ixuxu\/?page_id=8883"},"modified":"2021-08-15T17:53:35","modified_gmt":"2021-08-15T15:53:35","slug":"biodiversida-y-zoonosis","status":"publish","type":"page","link":"https:\/\/edublog.educastur.es\/ixuxu\/natura\/biodiversida-y-zoonosis\/","title":{"rendered":"Biodiversid\u00e1 y Zoonosis"},"content":{"rendered":"<div id=\"contenido_general\" class=\"page-tpl\">\n<div class=\"row\">\n<div class=\"container\">\n<div class=\"col-md-8\">\n<div class=\"background_white\">\n<article id=\"contenido_general_bloque_izquierda\">\n<div class=\"contenido\">\n<h1 style=\"text-align: center\"><span style=\"color: #008080\"><em><a style=\"color: #008080\" href=\"https:\/\/fundacion-biodiversidad.es\/es\/content\/biodiversidad-y-zoonosis\">BIODIVERSIDAD Y ZOONOSIS<\/a><\/em><\/span><\/h1>\n<div id=\"node-11888\" class=\"node node-page und clearfix\">\n<div class=\"content\">\n<div class=\"field field-name-body field-type-text-with-summary field-label-hidden\">\n<div class=\"field-items\">\n<div class=\"field-item even\">\n<p>La Fundaci\u00f3n Biodiversidad del Ministerio para la Transici\u00f3n Ecol\u00f3gica y el Reto Demogr\u00e1fico y el Ministerio de Educaci\u00f3n y Formaci\u00f3n Profesional, en colaboraci\u00f3n con Teachers for Future, ponen en marcha una campa\u00f1a de sensibilizaci\u00f3n, dirigida a alumnos y alumnas de educaci\u00f3n primaria, sobre la importancia de proteger la biodiversidad y promover h\u00e1bitos de vida sostenibles. \u201cBiodiversidad y Zoonosis\u201d es el t\u00edtulo de una serie de materiales que incluyen 7 v\u00eddeos divulgativos y un dossier informativo con diversas tem\u00e1ticas y actividades para poder aprender jugando.<br \/>\nLas tem\u00e1ticas de los v\u00eddeos est\u00e1n relacionadas con biodiversidad, zoonosis, cuidado de nuestro entorno, promoci\u00f3n de h\u00e1bitos de consumo responsables, fomento de una movilidad sostenible, reciclaje y la importancia de comunicar y sensibilizar sobre la sostenibilidad.<\/p>\n<p><a href=\"https:\/\/fundacion-biodiversidad.es\/es\/content\/biodiversidad-y-zoonosis\">Videos<\/a><\/p>\n<h2>Somos Biodiversidad<\/h2>\n<p><video controls=\"controls\" width=\"100%\" height=\"auto\" data-mce-fragment=\"1\">  <\/video><\/p>\n<p>&nbsp;<\/p>\n<h2>Zoonosis<\/h2>\n<p><video controls=\"controls\" width=\"100%\" height=\"auto\" data-mce-fragment=\"1\">  <\/video><\/p>\n<p>&nbsp;<\/p>\n<p>&nbsp;<\/p>\n<h2>Respeta tu entorno<\/h2>\n<p><video controls=\"controls\" width=\"100%\" height=\"auto\" data-mce-fragment=\"1\">  <\/video><\/p>\n<p>&nbsp;<\/p>\n<p>&nbsp;<\/p>\n<h2>H\u00e1bitos de consumo<\/h2>\n<p><video controls=\"controls\" width=\"100%\" height=\"auto\" data-mce-fragment=\"1\">  <\/video><\/p>\n<p>&nbsp;<\/p>\n<p>&nbsp;<\/p>\n<h2>Movilidad<\/h2>\n<p><video controls=\"controls\" width=\"100%\" height=\"auto\" data-mce-fragment=\"1\">  <\/video><\/p>\n<p>&nbsp;<\/p>\n<p>&nbsp;<\/p>\n<h2>La Triple R<\/h2>\n<p><video controls=\"controls\" width=\"100%\" height=\"auto\" data-mce-fragment=\"1\">  <\/video><\/p>\n<p>&nbsp;<\/p>\n<p>&nbsp;<\/p>\n<h2>Comunicar y sensibilizar<\/h2>\n<p><video controls=\"controls\" width=\"100%\" height=\"auto\" data-mce-fragment=\"1\">  <\/video><\/p>\n<p>&nbsp;<\/p>\n<p><u><a href=\"https:\/\/fundacion-biodiversidad.es\/sites\/default\/files\/biodiver\/Dossier Biodiversidad y Zoonosis.pdf\" target=\"_blank\" rel=\"noopener noreferrer\">DOSSIER BIODIVERSIDAD Y ZOONOSIS<\/a><\/u><\/p>\n<div><i>Todos los materiales son de libre uso y descarga, quedando prohibido cualquier uso que no sea con fines educativos y formativos.<\/i><\/div>\n<div><i>Deber\u00e1 citarse las fuentes y mantener siempre el dise\u00f1o original para su uso, no pudiendo manipular ni editar dichos materiales.<\/i><\/div>\n<div><\/div>\n<div>Impulsores: Teachers for Future,Fundaci\u00f3n Biodiversidad<\/div>\n<div>Revisi\u00f3n y desarrollo de contenido: Laura Hern\u00e1ndez Mateo, Iv\u00e1n Torres Gal\u00e1n<\/div>\n<div>Dise\u00f1o: Mar\u00eda Lasa Morales<\/div>\n<\/div>\n<\/div>\n<\/div>\n<\/div>\n<\/div>\n<\/div>\n<\/article>\n<\/div>\n<\/div>\n<div class=\"col-md-4\">\n<div class=\"background_grey\"><\/div>\n<\/div>\n<\/div>\n<\/div>\n<\/div>\n<footer>\n<div id=\"footer_bottom\">\n<div class=\"row\">\n<div class=\"col-xs-12 col-sm-6 col-md-6 \"><\/div>\n<\/div>\n<\/div>\n<\/footer>\n","protected":false},"excerpt":{"rendered":"<p>BIODIVERSIDAD Y ZOONOSIS La Fundaci\u00f3n Biodiversidad del Ministerio para la Transici\u00f3n Ecol\u00f3gica y el Reto Demogr\u00e1fico y el Ministerio de Educaci\u00f3n y Formaci\u00f3n Profesional, en colaboraci\u00f3n con Teachers for Future, ponen en marcha una campa\u00f1a de sensibilizaci\u00f3n, dirigida a alumnos y alumnas de educaci\u00f3n primaria, sobre la importancia de proteger la biodiversidad y promover h\u00e1bitos [&hellip;]<\/p>\n","protected":false},"author":117,"featured_media":0,"parent":20,"menu_order":0,"comment_status":"closed","ping_status":"closed","template":"","meta":{"footnotes":""},"class_list":["post-8883","page","type-page","status-publish","hentry"],"_links":{"self":[{"href":"https:\/\/edublog.educastur.es\/ixuxu\/wp-json\/wp\/v2\/pages\/8883","targetHints":{"allow":["GET"]}}],"collection":[{"href":"https:\/\/edublog.educastur.es\/ixuxu\/wp-json\/wp\/v2\/pages"}],"about":[{"href":"https:\/\/edublog.educastur.es\/ixuxu\/wp-json\/wp\/v2\/types\/page"}],"author":[{"embeddable":true,"href":"https:\/\/edublog.educastur.es\/ixuxu\/wp-json\/wp\/v2\/users\/117"}],"replies":[{"embeddable":true,"href":"https:\/\/edublog.educastur.es\/ixuxu\/wp-json\/wp\/v2\/comments?post=8883"}],"version-history":[{"count":3,"href":"https:\/\/edublog.educastur.es\/ixuxu\/wp-json\/wp\/v2\/pages\/8883\/revisions"}],"predecessor-version":[{"id":8886,"href":"https:\/\/edublog.educastur.es\/ixuxu\/wp-json\/wp\/v2\/pages\/8883\/revisions\/8886"}],"up":[{"embeddable":true,"href":"https:\/\/edublog.educastur.es\/ixuxu\/wp-json\/wp\/v2\/pages\/20"}],"wp:attachment":[{"href":"https:\/\/edublog.educastur.es\/ixuxu\/wp-json\/wp\/v2\/media?parent=8883"}],"curies":[{"name":"wp","href":"https:\/\/api.w.org\/{rel}","templated":true}]}}