{"id":91,"date":"2020-07-17T16:56:26","date_gmt":"2020-07-17T16:56:26","guid":{"rendered":"https:\/\/edublog.educastur.es\/ixuxu\/?page_id=91"},"modified":"2025-03-11T17:42:29","modified_gmt":"2025-03-11T15:42:29","slug":"inicio","status":"publish","type":"page","link":"https:\/\/edublog.educastur.es\/ixuxu\/inicio\/","title":{"rendered":"eduBLOG ISA"},"content":{"rendered":"<div class=\"entry\">\n<p><a href=\"http:\/\/edublog.educastur.es\/ixuxu\/files\/2023\/09\/1505586_10202015343600125_921376097_n.jpg\"><img loading=\"lazy\" decoding=\"async\" class=\"aligncenter wp-image-21994\" src=\"http:\/\/edublog.educastur.es\/ixuxu\/files\/2023\/09\/1505586_10202015343600125_921376097_n.jpg\" alt=\"\" width=\"429\" height=\"286\" srcset=\"https:\/\/edublog.educastur.es\/ixuxu\/files\/2023\/09\/1505586_10202015343600125_921376097_n.jpg 720w, https:\/\/edublog.educastur.es\/ixuxu\/files\/2023\/09\/1505586_10202015343600125_921376097_n-300x200.jpg 300w, https:\/\/edublog.educastur.es\/ixuxu\/files\/2023\/09\/1505586_10202015343600125_921376097_n-450x300.jpg 450w\" sizes=\"auto, (max-width: 429px) 100vw, 429px\" \/><\/a><\/p>\n<p align=\"left\"><em><strong><br \/>\nMaestra d\u00b4Infantil <\/strong>dende payares de 2004.<br \/>\n<strong>Maestra d\u00b4Primaria<\/strong> dende setiembre de 2016.<br \/>\n<strong>Maestra de Llingua A.<\/strong> dende setiembre de 2018.<br \/>\n<strong><br \/>\nNel Colexu <u>Carmen Ruiz-Tilve<\/u> dende setiembre de 2015\u2026<\/strong><\/em><\/p>\n<p align=\"left\">\u00a0<em>F\u00eda de maestra de pueblu, crec\u00ed ente llibros y fueyes anque\u00b4l dibuxu ye la xera pendiente na mio vida. Apasionada de las TIC\u00b4s desque les conoc\u00ed\u2026 <\/em><\/p>\n<p align=\"left\"><em>Estud\u00ede Maxisteriu na facultad de Formaci\u00f3n del Profesor\u00e1u d&#8217;Uvi\u00e9u, ente 1987 a 1991.<\/em><\/p>\n<p align=\"left\"><em>El mio primer trabayu foi de <u>correctora d\u2019estilu <\/u>en <u>La Nueva Espa\u00f1a<\/u>, fui <u>comercial<\/u> d\u2019editorial <u>Everest<\/u> y dende 1997 hasta 2002 tuvi la mio <u>propia empresa de fotograf\u00eda<\/u> \u201cILFO Fotograf\u00eda\u201d. <\/em><em>Siempres me gust\u00f3 la fotograf\u00eda, <strong>tar detras <\/strong>de la c\u00e1mara y ver el mundu con otros g\u00fceyos\u2026<\/em><\/p>\n<p><em>En 2004 torne a les aules y empec\u00e9 a preparar les oposiciones, que aprob\u00e9 en 2007. Tener plaza permitiome siguir estudiando y form\u00e1ndome n\u2019otres materies que de moza me foi imposible. <\/em><em>Equ\u00ed sigo, trabayando con vocaci\u00f3n ya ilusi\u00f3n nel meyor trabayu qu\u2019una puede tener: ense\u00f1ar y aprender d\u00eda a d\u00eda, ente ne\u00f1os: xuvent\u00fa,\u00a0 curiosid\u00e1 y vitalid\u00e1.<\/em><\/p>\n<p align=\"left\">\u00a0<em>S\u00edguime en Twitter: <\/em><em><a href=\"https:\/\/twitter.com\/isalobohuerta\" target=\"_blank\" rel=\"noopener noreferrer\">https:\/\/twitter.com\/isalobohuerta<\/a><\/em><\/p>\n<p><em>S\u00edguime en Facebook: <\/em><em><a href=\"https:\/\/www.facebook.com\/isa.lobo.35\" target=\"_blank\" rel=\"noopener noreferrer\">https:\/\/www.facebook.com\/isa.lobo.35<\/a><\/em><\/p>\n<p>&nbsp;<\/p>\n<p><img loading=\"lazy\" decoding=\"async\" class=\"\" src=\"https:\/\/lh5.googleusercontent.com\/-EagfeOZlyrA\/UxWwyYG_ENI\/AAAAAAAAAOY\/czSLXNnWRI4\/s313-no\/530e61a8bdf7aa05468ca1aa23a29f00.png\" width=\"165\" height=\"165\" \/><\/p>\n<p><strong><em>Coache educativo dende 2017 \u00a0\u00a0<\/em><\/strong><em><a href=\"https:\/\/www.facebook.com\/EmocionenAccionaac\" target=\"_blank\" rel=\"noopener noreferrer\">https:\/\/www.facebook.com\/EmocionenAccionaac<\/a><\/em><\/p>\n<blockquote><p><em><span style=\"color: #008080\"><strong>\u201cLo qu\u2019importa, mientres tamos equ\u00ed, ye la vida, la xente. Abrazar a los amigos, vivir feliz. Camudar el mundu. Y nam\u00e1s\u201d.<\/strong><\/span> (Oscar Niemeyer)<\/em><\/p><\/blockquote>\n<p>&nbsp;<\/p>\n<blockquote><p><em><span style=\"color: #008080\">\u201cEl profesor tendr\u00eda d\u2019aspirar a convertise en referente na tema sobro\u2019l qu\u2019imparte clase, y que esa capacid\u00e1 de referencia tuviera un escaparate na web social\u201d.<\/span> (Enrique Dans)<\/em><\/p><\/blockquote>\n<p><img loading=\"lazy\" decoding=\"async\" class=\"aligncenter\" src=\"https:\/\/encrypted-tbn0.gstatic.com\/images?q=tbn:ANd9GcTR28kVyfgd3qwCkn2ICP6JNBpKea-RZS3fF5sLEuFyAkmWuml3Qyn-alg-FidZmJD8Ug&amp;usqp=CAU\" width=\"253\" height=\"27\" \/><\/p>\n<\/div>\n<ul>\n<li>\/<a href=\"https:\/\/drive.google.com\/file\/d\/1ogJhcw-5bU-b1HaA-en852rrnoeBmrgr\/view?usp=sharing\">PDF<\/a> \/ PPS<\/li>\n<\/ul>\n<p style=\"text-align: center\">\n<!-- iframe plugin v.6.0 wordpress.org\/plugins\/iframe\/ -->\n<iframe loading=\"lazy\" src=\"https:\/\/drive.google.com\/file\/d\/1ogJhcw-5bU-b1HaA-en852rrnoeBmrgr\/preview\" width=\"640\" height=\"440\" allow=\"autoplay\" 0=\"\/iframe\" scrolling=\"yes\" class=\"iframe-class\" frameborder=\"0\"><\/iframe>\n<\/p>\n<p><img loading=\"lazy\" decoding=\"async\" class=\"aligncenter\" src=\"https:\/\/encrypted-tbn0.gstatic.com\/images?q=tbn:ANd9GcTR28kVyfgd3qwCkn2ICP6JNBpKea-RZS3fF5sLEuFyAkmWuml3Qyn-alg-FidZmJD8Ug&amp;usqp=CAU\" width=\"253\" height=\"27\" \/><\/p>\n<p>&nbsp;<\/p>\n<blockquote><p>&nbsp;<\/p>\n<p><em>\u201cTratar d\u2019abrir les ventanes del mundu del aprendizaxe, ensin llendes, pero con respetu, ensin dolor, pero con esfuerzu, ensin traxedies, pero con MAXA\u201d.\u00a0 <\/em>(\u201d<em>L\u2019universu de les palabres<\/em>\u201d Mar Romera,Olga Mart\u00ednez).<\/p><\/blockquote>\n<p>&nbsp;<\/p>\n<blockquote><p><em>\u201cLa tecnolox\u00eda camud\u00f3 la m\u00fasica, la fotograf\u00eda, la edici\u00f3n de llibros; camudaron los medios, o la manufactura d\u2019industries como l\u2019aceru, y agora ll\u00e9ga-y el vez a la educaci\u00f3n!\u00a0\u00a0\u00a0 (Israel Ruiz)<\/em><\/p><\/blockquote>\n<p style=\"text-align: center\"><a href=\"http:\/\/edublog.educastur.es\/ixuxu\/files\/2023\/09\/277310681_10225976482573624_8922897813204794873_n.jpg\"><img loading=\"lazy\" decoding=\"async\" class=\"aligncenter size-full wp-image-21993\" src=\"http:\/\/edublog.educastur.es\/ixuxu\/files\/2023\/09\/277310681_10225976482573624_8922897813204794873_n.jpg\" alt=\"\" width=\"1024\" height=\"768\" srcset=\"https:\/\/edublog.educastur.es\/ixuxu\/files\/2023\/09\/277310681_10225976482573624_8922897813204794873_n.jpg 1024w, https:\/\/edublog.educastur.es\/ixuxu\/files\/2023\/09\/277310681_10225976482573624_8922897813204794873_n-300x225.jpg 300w, https:\/\/edublog.educastur.es\/ixuxu\/files\/2023\/09\/277310681_10225976482573624_8922897813204794873_n-768x576.jpg 768w, https:\/\/edublog.educastur.es\/ixuxu\/files\/2023\/09\/277310681_10225976482573624_8922897813204794873_n-1000x750.jpg 1000w, https:\/\/edublog.educastur.es\/ixuxu\/files\/2023\/09\/277310681_10225976482573624_8922897813204794873_n-400x300.jpg 400w\" sizes=\"auto, (max-width: 1024px) 100vw, 1024px\" \/><\/a><\/p>\n<p>&nbsp;<\/p>\n","protected":false},"excerpt":{"rendered":"<p>Maestra d\u00b4Infantil dende payares de 2004. Maestra d\u00b4Primaria dende setiembre de 2016. Maestra de Llingua A. dende setiembre de 2018. Nel Colexu Carmen Ruiz-Tilve dende setiembre de 2015\u2026 \u00a0F\u00eda de maestra de pueblu, crec\u00ed ente llibros y fueyes anque\u00b4l dibuxu ye la xera pendiente na mio vida. Apasionada de las TIC\u00b4s desque les conoc\u00ed\u2026 Estud\u00ede [&hellip;]<\/p>\n","protected":false},"author":117,"featured_media":0,"parent":0,"menu_order":10,"comment_status":"closed","ping_status":"closed","template":"","meta":{"footnotes":""},"class_list":["post-91","page","type-page","status-publish","hentry"],"_links":{"self":[{"href":"https:\/\/edublog.educastur.es\/ixuxu\/wp-json\/wp\/v2\/pages\/91","targetHints":{"allow":["GET"]}}],"collection":[{"href":"https:\/\/edublog.educastur.es\/ixuxu\/wp-json\/wp\/v2\/pages"}],"about":[{"href":"https:\/\/edublog.educastur.es\/ixuxu\/wp-json\/wp\/v2\/types\/page"}],"author":[{"embeddable":true,"href":"https:\/\/edublog.educastur.es\/ixuxu\/wp-json\/wp\/v2\/users\/117"}],"replies":[{"embeddable":true,"href":"https:\/\/edublog.educastur.es\/ixuxu\/wp-json\/wp\/v2\/comments?post=91"}],"version-history":[{"count":14,"href":"https:\/\/edublog.educastur.es\/ixuxu\/wp-json\/wp\/v2\/pages\/91\/revisions"}],"predecessor-version":[{"id":43538,"href":"https:\/\/edublog.educastur.es\/ixuxu\/wp-json\/wp\/v2\/pages\/91\/revisions\/43538"}],"wp:attachment":[{"href":"https:\/\/edublog.educastur.es\/ixuxu\/wp-json\/wp\/v2\/media?parent=91"}],"curies":[{"name":"wp","href":"https:\/\/api.w.org\/{rel}","templated":true}]}}