{"id":9293,"date":"2021-08-27T17:56:06","date_gmt":"2021-08-27T15:56:06","guid":{"rendered":"https:\/\/edublog.educastur.es\/ixuxu\/?page_id=9293"},"modified":"2021-08-30T10:08:55","modified_gmt":"2021-08-30T08:08:55","slug":"camin-de-santiagu","status":"publish","type":"page","link":"https:\/\/edublog.educastur.es\/ixuxu\/asturies\/camin-de-santiagu\/","title":{"rendered":"Cam\u00edn de Santiagu"},"content":{"rendered":"<p style=\"text-align: center\"><a href=\"https:\/\/vivecamino.com\/img\/noti\/av\/el-camino-de-santiago-desde-oviedo_662.jpg\"><img loading=\"lazy\" decoding=\"async\" class=\"alignnone\" src=\"https:\/\/vivecamino.com\/img\/noti\/av\/el-camino-de-santiago-desde-oviedo_662.jpg\" alt=\"\" width=\"691\" height=\"468\" \/><\/a><\/p>\n<p><a href=\"http:\/\/1.bp.blogspot.com\/_pp25eHwfzj8\/TCeLFhLJyvI\/AAAAAAAAACw\/gKdA2iJx9lM\/s1600\/Placa+.JPG\"><img loading=\"lazy\" decoding=\"async\" class=\"alignnone\" src=\"http:\/\/1.bp.blogspot.com\/_pp25eHwfzj8\/TCeLFhLJyvI\/AAAAAAAAACw\/gKdA2iJx9lM\/s1600\/Placa+.JPG\" alt=\"\" width=\"305\" height=\"313\" \/><\/a>\/<a href=\"https:\/\/tinypix.top\/images\/2021\/08\/21\/vB7Ko.png\"><img loading=\"lazy\" decoding=\"async\" class=\"alignnone\" src=\"https:\/\/tinypix.top\/images\/2021\/08\/21\/vB7Ko.png\" alt=\"\" width=\"310\" height=\"307\" \/><\/a><\/p>\n<p style=\"text-align: center\"><img loading=\"lazy\" decoding=\"async\" class=\"alignnone \" src=\"https:\/\/media.koobin.com\/media\/oviedo\/fotos\/OrigenCamino2021\/logo_baner.png?v=cc07dbc056c1471b139307775e6858891f4a83b0202009151008\" width=\"400\" height=\"105\" \/><\/p>\n<div class=\"textwidget\">\n<ul>\n<li style=\"text-align: center\"><a href=\"https:\/\/www.oviedoiniciodelcamino.com\/html\/\"><strong>Oviedo inicio del Camino<\/strong><\/a><\/li>\n<\/ul>\n<p><a href=\"https:\/\/www.oviedoiniciodelcamino.com\/html\/\"><img loading=\"lazy\" decoding=\"async\" class=\"aligncenter\" src=\"https:\/\/www.oviedoiniciodelcamino.com\/img\/logocamino.png\" alt=\"\" width=\"160\" height=\"156\" \/><\/a><\/p>\n<ul>\n<li style=\"text-align: center\"><a href=\"https:\/\/www.oviedoiniciodelcamino.com\/html\/recorrido.html#mapa\">Mapa<\/a> \/ <a href=\"https:\/\/www.oviedoiniciodelcamino.com\/info\/caminoprimitivo.pdf\">Folleto pdf<\/a> \/ <a href=\"https:\/\/www.oviedoiniciodelcamino.com\/html\/oviedo.html\">Oviedo<\/a> \/ <a href=\"https:\/\/www.oviedoiniciodelcamino.com\/html\/recorrido.html\">Recorrido<\/a> \/ <a href=\"https:\/\/edublog.educastur.es\/cultura\/historia\/camino-de-santiago\/\">Historia<\/a> \/<\/li>\n<\/ul>\n<p><a href=\"https:\/\/espanafascinante.com\/leyenda-de-espana\/leyendas-de-asturias\/el-primer-peregrino-de-compostela-alfonso-el-casto\/\"><img loading=\"lazy\" decoding=\"async\" class=\"aligncenter\" src=\"https:\/\/espanafascinante.com\/wp-content\/uploads\/peregrino3.jpg\" alt=\"\" width=\"264\" height=\"99\" \/><\/a><\/p>\n<ul>\n<li style=\"text-align: center\"><a href=\"https:\/\/espanafascinante.com\/leyenda-de-espana\/leyendas-de-asturias\/el-primer-peregrino-de-compostela-alfonso-el-casto\/\"><strong>Alfonso II El Casto<\/strong><\/a><\/li>\n<li style=\"text-align: center\"><strong><a href=\"https:\/\/www.asturiescaminalandar.es\/\">Asturies, Cam\u00edn al andar<\/a><\/strong><\/li>\n<li style=\"text-align: center\"><a href=\"https:\/\/drive.google.com\/drive\/folders\/1EdDgz1YlQ7Uhw2jBW4umNfjYWJz6_mWD?usp=sharing\">Exposici\u00f3n FIDMA 2021<\/a><\/li>\n<\/ul>\n<p><img loading=\"lazy\" decoding=\"async\" class=\"aligncenter\" src=\"https:\/\/encrypted-tbn0.gstatic.com\/images?q=tbn:ANd9GcTR28kVyfgd3qwCkn2ICP6JNBpKea-RZS3fF5sLEuFyAkmWuml3Qyn-alg-FidZmJD8Ug&amp;usqp=CAU\" width=\"356\" height=\"38\" \/><\/p>\n<\/div>\n<ul>\n<li><a href=\"https:\/\/educastur.sharepoint.com\/sites\/NAsturianu\/_api\/v2.0\/drives\/b!cdR6ylyQFkmKsIqdYLJkOpfpzqFTGjhIjgylE8QBxXeOeOXFY3ubTYUqAPyAfcIH\/items\/01QPNWVN6W3Z72A3ODCJEJ3JJ5FWVOZNGJ\/versions\/Published\/streams\/content\/streamContent?access_token=eyJ0eXAiOiJKV1QiLCJhbGciOiJub25lIn0.eyJhdWQiOiIwMDAwMDAwMy0wMDAwLTBmZjEtY2UwMC0wMDAwMDAwMDAwMDAvZWR1Y2FzdHVyLnNoYXJlcG9pbnQuY29tQDg4YTM2ZTNiLWQ3OWYtNGEyYi04ZGI2LTRjMDZkMDk3MzgyMSIsImlzcyI6IjAwMDAwMDAzLTAwMDAtMGZmMS1jZTAwLTAwMDAwMDAwMDAwMCIsIm5iZiI6IjE2MzAwNzY0MDAiLCJleHAiOiIxNjMwMDk4MDAwIiwiZW5kcG9pbnR1cmwiOiIrL3cvOTl0NkZnYTBuTzNaaVRpR2p1WExUM09TaE51ajBWU2hmSVFBWXIwPSIsImVuZHBvaW50dXJsTGVuZ3RoIjoiMTMzIiwiaXNsb29wYmFjayI6IlRydWUiLCJ2ZXIiOiJoYXNoZWRwcm9vZnRva2VuIiwic2l0ZWlkIjoiWTJFM1lXUTBOekV0T1RBMVl5MDBPVEUyTFRoaFlqQXRPR0U1WkRZd1lqSTJORE5oIiwiYXBwX2Rpc3BsYXluYW1lIjoiTWljcm9zb2Z0IFRlYW1zIFdlYiBDbGllbnQiLCJnaXZlbl9uYW1lIjoiSVNBQkVMIFRFUkVTQSIsImZhbWlseV9uYW1lIjoiTE9CTyBIVUVSVEEiLCJzaWduaW5fc3RhdGUiOiJbXCJrbXNpXCJdIiwiYXBwaWQiOiI1ZTNjZTZjMC0yYjFmLTQyODUtOGQ0Yi03NWVlNzg3ODczNDYiLCJ0aWQiOiI4OGEzNmUzYi1kNzlmLTRhMmItOGRiNi00YzA2ZDA5NzM4MjEiLCJ1cG4iOiJpc2FiZWxsaEBlZHVjYXN0dXIub3JnIiwicHVpZCI6IjEwMDMwMDAwOTdCQzM2NzAiLCJjYWNoZWtleSI6IjBoLmZ8bWVtYmVyc2hpcHwxMDAzMDAwMDk3YmMzNjcwQGxpdmUuY29tIiwic2NwIjoibXlmaWxlcy53cml0ZSBhbGxzaXRlcy5mdWxsY29udHJvbCBhbGxzaXRlcy5tYW5hZ2UgYWxscHJvZmlsZXMud3JpdGUiLCJ0dCI6IjIiLCJ1c2VQZXJzaXN0ZW50Q29va2llIjpudWxsfQ.bTkxZDBzb0VvZERIbGxLUFo0NXZ0L2RJMlZHRzlYTTRxYW9Cc1lGUTVRaz0&amp;correlationId=8d80e2b1-267a-4aee-b0c6-aaa71f4df3cd&amp;psi=a23a2e11-1275-493e-a0d7-68bbd6df5bcd&amp;ccat=2&amp;cs=fHxPbmVVcFdlYlBsYXllcg%3D%3D&amp;App=OneDriveWebVideo\">Audio <strong>\u00abCam\u00edn de Santiagu\u00bb<\/strong> de Nomes d&#8217; Asturies<\/a><\/li>\n<li><a href=\"https:\/\/www.asturiescaminalandar.es\/ast\">Web <strong>Asturies, Cam\u00edn al andar<\/strong><\/a> \/ <a href=\"https:\/\/www.asturiescaminalandar.es\/reportajes\/\">Reportaxes<\/a> \/<\/li>\n<\/ul>\n<p><a href=\"https:\/\/www.asturiescaminalandar.es\/wp-content\/uploads\/2021\/04\/MAPA-ILUSTRADO-Camino-color.png\"><img loading=\"lazy\" decoding=\"async\" class=\"alignnone\" src=\"https:\/\/www.asturiescaminalandar.es\/wp-content\/uploads\/2021\/04\/MAPA-ILUSTRADO-Camino-color.png\" alt=\"\" width=\"1500\" height=\"623\" \/><\/a><\/p>\n<p><img loading=\"lazy\" decoding=\"async\" class=\"aligncenter\" src=\"https:\/\/encrypted-tbn0.gstatic.com\/images?q=tbn:ANd9GcTR28kVyfgd3qwCkn2ICP6JNBpKea-RZS3fF5sLEuFyAkmWuml3Qyn-alg-FidZmJD8Ug&amp;usqp=CAU\" width=\"356\" height=\"38\" \/><\/p>\n<p style=\"text-align: center\">\n<!-- iframe plugin v.6.0 wordpress.org\/plugins\/iframe\/ -->\n<iframe loading=\"lazy\" src=\"https:\/\/drive.google.com\/file\/d\/1c6RUG8FAI_7kyKEbIClbI3xil-s-EUkS\/preview\" width=\"640\" height=\"900\" allow=\"autoplay\" 0=\"\/iframe\" scrolling=\"yes\" class=\"iframe-class\" frameborder=\"0\"><\/iframe>\n<\/p>\n<p><img loading=\"lazy\" decoding=\"async\" class=\"aligncenter\" src=\"https:\/\/encrypted-tbn0.gstatic.com\/images?q=tbn:ANd9GcTR28kVyfgd3qwCkn2ICP6JNBpKea-RZS3fF5sLEuFyAkmWuml3Qyn-alg-FidZmJD8Ug&amp;usqp=CAU\" width=\"356\" height=\"38\" \/><\/p>\n<p style=\"text-align: center\"><em><span style=\"color: #008080;font-size: 20px\"><strong>Los tres caminos: ETAPES<\/strong><\/span><\/em><\/p>\n<p style=\"text-align: center\"><a href=\"https:\/\/www.pilgrimagetraveler.com\/images\/1-Caminos-del-Norte.jpg\"><img loading=\"lazy\" decoding=\"async\" class=\"aligncenter\" src=\"https:\/\/www.pilgrimagetraveler.com\/images\/1-Caminos-del-Norte.jpg\" alt=\"\" width=\"531\" height=\"335\" \/><\/a><\/p>\n<ul>\n<li><strong><a href=\"https:\/\/www.asturiescaminalandar.es\/rutas\/camino-primitivo\/\">Cam\u00edn Primitivu<\/a><\/strong> \/ <a href=\"https:\/\/www.alberguescaminosantiago.com\/camino-primitivo\/etapas\/\">mapa<\/a> \/<\/li>\n<li><strong><a href=\"https:\/\/www.asturiescaminalandar.es\/rutas\/camino-del-salvador\/\">Cam\u00edn del Salvador<\/a><\/strong> \/<a href=\"https:\/\/xacopedia.com\/img\/entries\/salvadorMAPA.jpg\"> mapa<\/a> \/<\/li>\n<li><strong><a href=\"https:\/\/www.asturiescaminalandar.es\/rutas\/camino-de-la-costa\/\">Cam\u00edn de la Costa<\/a><\/strong> \/ <a href=\"https:\/\/www.alberguescaminosantiago.com\/wp-content\/uploads\/2019\/02\/Mapa_Caminos_del_Norte_Camino_de_Santiago_2.jpg\">mapa<\/a> \/<\/li>\n<li><a href=\"https:\/\/www.rtpa.es\/video:Pueblos_551479773134.html\">TPA: Pueblos = <strong>Bendue\u00f1os<\/strong> VER<\/a> \/ <em>El pueblo de Bendue\u00f1os, en la parroquia lenense de Er\u00edas, est\u00e1 en el cam\u00edn de Peregrinos de San Salvador que, desde Le\u00f3n, se dirige a la catedral de Oviedo. Su santuario acoge a la Virgen de Bendue\u00f1os, cuyo culto se remonta a ritos precristianos. El origen del nombre del pueblo se encuentra en una divinidad de indoeuropea relacionada con el culto al sol: Vindios. <\/em><\/li>\n<li><em><span style=\"color: #008080\"><strong>Bendue\u00f1os<\/strong><\/span>: <a href=\"https:\/\/www.asturnatura.com\/turismo\/benduenos\/2241.html\">Info AsturNatura<\/a>\/<a href=\"https:\/\/es.wikipedia.org\/wiki\/Santuario_de_la_Virgen_de_Bendue%C3%B1os\"> Santuariu de la Virxe<\/a> (<a href=\"https:\/\/www.elcomercio.es\/asturias\/cuencas\/santuario-benduenos-lena-bien-interes-cultural-20190703163653-nt.html\">Bien d&#8217;inter\u00e9s Cultural<\/a>)\/ <a href=\"https:\/\/brujulea.net\/lugares-benduenos\">Historia<\/a> \/ <a href=\"https:\/\/www.lanuevacronica.com\/benduenos-pola-de-lena\">info La Nueva cr\u00f3nica<\/a> \/ <a href=\"https:\/\/xurdemoran.blogspot.com\/2019\/12\/benduenos-en-los-montes-de-vindonnus.html\">blogue Xurde Mor\u00e1n<\/a> \/ <a href=\"https:\/\/www.xuliocs.com\/benduen.htm\">blogue Xuliocs<\/a> \/<br \/>\n<\/em><\/li>\n<\/ul>\n<p><em> Bendue\u00f1os es un pueblo del concejo de Lena, situado a 600 m de altitud, al final de una carretera que parte de La Frecha. Conserva buenos ejemplos de arquitectura tradicional, entre los que sobresale un h\u00f3rreo con estupenda decoraci\u00f3n estilo Villaviciosa, entre las que destacan una escena er\u00f3tica, similar a la de <a href=\"https:\/\/www.asturnatura.com\/turismo\/lorio\/2074.html\">Lor\u00edo<\/a> (Laviana), pero mejor conservada, y una serpiente. En sus cercan\u00edas se encuentra el Santuario de Bendue\u00f1os, ligado al <a href=\"https:\/\/www.asturnatura.com\/senderismo\/camino-de-santiago\/36.html\">Camino de Santiago<\/a>.<\/em><\/p>\n<p style=\"text-align: center\">\n<!-- iframe plugin v.6.0 wordpress.org\/plugins\/iframe\/ -->\n<iframe loading=\"lazy\" width=\"100%\" height=\"523\" src=\"https:\/\/www.youtube.com\/embed\/KUfblCG2Lgk\" 0=\"\/iframe\" scrolling=\"yes\" class=\"iframe-class\" frameborder=\"0\"><\/iframe>\n<\/p>\n<p><img loading=\"lazy\" decoding=\"async\" class=\"aligncenter\" src=\"https:\/\/encrypted-tbn0.gstatic.com\/images?q=tbn:ANd9GcTR28kVyfgd3qwCkn2ICP6JNBpKea-RZS3fF5sLEuFyAkmWuml3Qyn-alg-FidZmJD8Ug&amp;usqp=CAU\" width=\"356\" height=\"38\" \/><\/p>\n<p style=\"text-align: center\"><img loading=\"lazy\" decoding=\"async\" class=\"alignnone \" src=\"https:\/\/www.rtpa.es\/fotos\/\/18\/05\/871525594587_logo.jpg\" width=\"274\" height=\"154\" \/><\/p>\n<ul>\n<li><a href=\"https:\/\/www.rtpa.es\/tpa-programa-todos:El%20Camino_111525592345.html\">TPA: <strong>El Camino<\/strong>, por Rodrigo Cuevas<\/a> \/ <a href=\"https:\/\/www.rtpa.es\/video:El%20Camino_551536186688.html\">Toos los episodios<\/a> \/ <em>Programa present\u00e1u pol polifac\u00e9ticu artista y cantante asturianu Rodrigo Cuevas. En 18 cap\u00edtulos va percorrer toles etapes del Cam\u00edn de Santiago que transiten pel Princip\u00e1u d\u2019Asturies.Partiendo de Bustio, nel conceyu de Ribadeva, vamos travesar tola xeograf\u00eda asturiana de leste a oeste, siguiendo los pasos de los pelegrinos pel llam\u00e1u cam\u00edn costeru, el primitivu, y les intersecciones que los xunten. Un programa que va aunir paisaxe y paisanaxe, que quier reflexar l\u2019esp\u00edritu del cam\u00edn y recoyer les vivencies del nuestru pelegr\u00edn d\u2019esceici\u00f3n como si d\u2019un reality se tratare.<\/em><\/li>\n<\/ul>\n<p><img loading=\"lazy\" decoding=\"async\" class=\"aligncenter\" src=\"https:\/\/encrypted-tbn0.gstatic.com\/images?q=tbn:ANd9GcTR28kVyfgd3qwCkn2ICP6JNBpKea-RZS3fF5sLEuFyAkmWuml3Qyn-alg-FidZmJD8Ug&amp;usqp=CAU\" width=\"356\" height=\"38\" \/><\/p>\n<ul>\n<li><a href=\"http:\/\/exunta.org\/content\/el-conceyu-duvi%C3%A9u-escuende-y-obliga-incumplir-la-llegalid%C3%A1-topon%C3%ADmica\">Noticia: <strong>El Conceyu d&#8217;Uvi\u00e9u escuende y obliga a incumplir la llegalid\u00e1 topon\u00edmica.<\/strong><\/a><\/li>\n<li><a href=\"https:\/\/issuu.com\/verasturies\/docs\/viaxast_8\">Ver Asturies: Revista VIAXAST 8<\/a> \/ <a href=\"https:\/\/tinypix.top\/images\/2021\/08\/27\/vSHe4.jpg\"><span style=\"color: #008080\"><strong>P\u00e1xina 26<\/strong><\/span><\/a> \/<\/li>\n<\/ul>\n<p style=\"text-align: center\"><a href=\"https:\/\/tinypix.top\/images\/2021\/08\/27\/vSHe4.jpg\"><img loading=\"lazy\" decoding=\"async\" class=\"alignnone\" src=\"https:\/\/tinypix.top\/images\/2021\/08\/27\/vSHe4.jpg\" alt=\"\" width=\"639\" height=\"907\" \/><\/a><\/p>\n<div class=\"NextStory__RelativeContainer-sc-1g3e28b-1 hfgfGq\">\n<div class=\"NextStory__AbsoluteContainer-sc-1g3e28b-2 heLwGa\"><\/div>\n<\/div>\n<h2 class=\"Headline-sc-1336jb-0 izKhfd\" style=\"text-align: center\"><span style=\"color: #008080;font-size: 20px\">El Rei Alfonso II, primer pelegr\u00edn a Santiago<\/span><\/h2>\n<p class=\"Paragraph-sc-1mxv4ns-0 bGbcwt\"><em>El Rei Alfonso II d\u2019Asturies, tami\u00e9n conoc\u00edu como El Castu, ye consider\u00e1u\u2019l primer pelegr\u00edn a Santiago. \u00bfSedr\u00e1 esta hestoria verd\u00e1? Cunta la tradici\u00f3n qu\u2019embaxo\u2019l so rein\u00e1u afay\u00f3se la tumba del ap\u00f3stol y que\u2019l rei en persona entam\u00f3\u2019l cam\u00edn pa comprobar si yera cierto. El so percorr\u00edu ye l\u2019itinerariu conoc\u00edu como\u2019l Cam\u00edn Primitivu. Hai un dichu popular que trata de reafitar esta versi\u00f3n. Dizse que \u00abquien va a Santiago y nun va al Salvador (la Catedral d\u2019Uvi\u00e9u), visita al cri\u00e1u y escaez al se\u00f1or\u00bb.<\/em><\/p>\n<h3 class=\"SubHead-ik5mtv-0 fhWix\"><em><span style=\"color: #008080\">El Cam\u00edn Primitivu<\/span><\/em><\/h3>\n<p class=\"Paragraph-sc-1mxv4ns-0 bGbcwt\">El denomin\u00e1u Cam\u00edn Primitivu ye\u2019l que parte de San Salvador d\u2019Uvi\u00e9u y s\u2019adientra pel interior de l\u2019Asturies Occidental, pasando per Les Regueres, Grau, Salas, Tin\u00e9u, Allande y Grandas de Salime. Esti cam\u00edn declar\u00f3se Patrimoniu Mundial de la UNESCO y cunta con etapes dures, qu\u2019alternen xub\u00edes y descensos, pasando per caminos de folla y senderos, t\u00edpicos de monte ya interior. Con tolo gratificante del paisaxe y la gran cantid\u00e1 d\u2019agospios y hoteles faen que cada vegada m\u00e1s pelegrinos escueyan esti cam\u00edn p\u2019aportar a Santiago.<\/p>\n<h2 class=\"Headline-sc-1336jb-0 izKhfd\" style=\"text-align: center\"><span style=\"font-size: 20px\"><em><span style=\"color: #008080\">TOLES ETAPES<\/span><\/em><\/span><\/h2>\n<p class=\"Paragraph-sc-1mxv4ns-0 bGbcwt\"><em>Uvi\u00e9u &#8211; Grau (26 km) &#8211; Gr\u00e1u &#8211; Salas (23 km) &#8211; Salas &#8211; Tin\u00e9u (20km) &#8211; Tin\u00e9u &#8211; L a Puela (28km) &#8211; La Puela &#8211; A Mesa (22,8 km) &#8211; A Mesa &#8211; Grandas de Salime (16,8 km) &#8211; Grandas de Salime &#8211; A Fonsagrada (28 km) &#8211; A Fonsagrada &#8211; O C\u00e1davo (25 km) &#8211; O C\u00e1davo &#8211; Lugo (31 km) &#8211; Lugo &#8211; San Romao da Retorta (24 km) &#8211; San Romao da Retorta &#8211; Melide (26 km) &#8211; Melide &#8211; Pedrouzo (33.3 km) &#8211; Pedrouzo &#8211; Santiago de Compostela (20 km)<\/em><\/p>\n<p><img loading=\"lazy\" decoding=\"async\" class=\"aligncenter\" src=\"https:\/\/encrypted-tbn0.gstatic.com\/images?q=tbn:ANd9GcTR28kVyfgd3qwCkn2ICP6JNBpKea-RZS3fF5sLEuFyAkmWuml3Qyn-alg-FidZmJD8Ug&amp;usqp=CAU\" width=\"356\" height=\"38\" \/><\/p>\n<p style=\"text-align: center\">\n<!-- iframe plugin v.6.0 wordpress.org\/plugins\/iframe\/ -->\n<iframe loading=\"lazy\" src=\"https:\/\/www.google.com\/maps\/d\/embed?mid=1TpmhszjuS4LFvqk4VS8xr5YDAIEMJkeC\" width=\"640\" height=\"480\" 0=\"\/iframe\" scrolling=\"yes\" class=\"iframe-class\" frameborder=\"0\"><\/iframe>\n<\/p>\n<p style=\"text-align: left\"><a href=\"https:\/\/xacopedia.com\/img\/entries\/salvadorMAPA.jpg\"><img loading=\"lazy\" decoding=\"async\" class=\"alignnone\" src=\"https:\/\/xacopedia.com\/img\/entries\/salvadorMAPA.jpg\" alt=\"\" width=\"237\" height=\"230\" \/><\/a>\/<a href=\"https:\/\/www.pamplona.es\/sites\/default\/files\/12_CaminoSalvador.png\"><img loading=\"lazy\" decoding=\"async\" class=\"alignnone\" src=\"https:\/\/www.pamplona.es\/sites\/default\/files\/12_CaminoSalvador.png\" alt=\"\" width=\"335\" height=\"232\" \/><\/a><\/p>\n<p style=\"text-align: center\"><a href=\"https:\/\/www.mascastillayleon.com\/wp-content\/uploads\/2018\/05\/mapa-san-salvador.jpg\"><img loading=\"lazy\" decoding=\"async\" class=\"alignnone\" src=\"https:\/\/www.mascastillayleon.com\/wp-content\/uploads\/2018\/05\/mapa-san-salvador.jpg\" alt=\"\" width=\"640\" height=\"337\" \/><\/a><\/p>\n<p><a href=\"https:\/\/www.alberguescaminosantiago.com\/wp-content\/uploads\/2019\/02\/Mapa_Caminos_del_Norte_Camino_de_Santiago_2.jpg\"><img loading=\"lazy\" decoding=\"async\" class=\"alignnone\" src=\"https:\/\/www.alberguescaminosantiago.com\/wp-content\/uploads\/2019\/02\/Mapa_Caminos_del_Norte_Camino_de_Santiago_2.jpg\" alt=\"\" width=\"900\" height=\"350\" \/><\/a><\/p>\n<p style=\"text-align: center\">\n<!-- iframe plugin v.6.0 wordpress.org\/plugins\/iframe\/ -->\n<iframe loading=\"lazy\" width=\"100%\" height=\"315\" src=\"https:\/\/www.youtube.com\/embed\/yBGDgIyjf8o\" 0=\"\/iframe\" scrolling=\"yes\" class=\"iframe-class\" frameborder=\"0\"><\/iframe>\n<\/p>\n<p><img loading=\"lazy\" decoding=\"async\" class=\"aligncenter\" src=\"https:\/\/encrypted-tbn0.gstatic.com\/images?q=tbn:ANd9GcTR28kVyfgd3qwCkn2ICP6JNBpKea-RZS3fF5sLEuFyAkmWuml3Qyn-alg-FidZmJD8Ug&amp;usqp=CAU\" width=\"356\" height=\"38\" \/><\/p>\n<p style=\"text-align: center\"><a href=\"https:\/\/caminodesantiago20.es\/wp-content\/uploads\/2019\/05\/Mapa-Camino-Primitivo-1024x527.png\"><img loading=\"lazy\" decoding=\"async\" class=\"alignnone\" src=\"https:\/\/caminodesantiago20.es\/wp-content\/uploads\/2019\/05\/Mapa-Camino-Primitivo-1024x527.png\" alt=\"\" width=\"1024\" height=\"527\" \/><\/a><\/p>\n<ul>\n<li><a href=\"https:\/\/www.caminodesantiago20.es\/el-camino-primitivo-desde-oviedo\/\">El Camino primitivo desde Oviedo<\/a> \/<\/li>\n<\/ul>\n<p><img loading=\"lazy\" decoding=\"async\" class=\"aligncenter\" src=\"https:\/\/encrypted-tbn0.gstatic.com\/images?q=tbn:ANd9GcTR28kVyfgd3qwCkn2ICP6JNBpKea-RZS3fF5sLEuFyAkmWuml3Qyn-alg-FidZmJD8Ug&amp;usqp=CAU\" width=\"356\" height=\"38\" \/><\/p>\n<p style=\"text-align: center\"><a href=\"http:\/\/1.bp.blogspot.com\/-PB0zgsz8qg8\/VLanQY2-IuI\/AAAAAAAABKk\/0rmRkuackp0\/s1600\/mapa%2Bcamino%2Bprimitivo.gif\"><img loading=\"lazy\" decoding=\"async\" class=\"alignnone\" src=\"http:\/\/1.bp.blogspot.com\/-PB0zgsz8qg8\/VLanQY2-IuI\/AAAAAAAABKk\/0rmRkuackp0\/s1600\/mapa%2Bcamino%2Bprimitivo.gif\" alt=\"\" width=\"744\" height=\"266\" \/><\/a><\/p>\n<p>&nbsp;<\/p>\n<p>&nbsp;<\/p>\n<ul>\n<li><strong><a href=\"https:\/\/caminodesantiago.consumer.es\/los-caminos-de-santiago\/camino-primitivo\">Mapa Consumer<\/a> <\/strong>\/ <a href=\"https:\/\/caminodesantiago.consumer.es\/wp-content\/uploads\/sites\/3\/2019\/06\/etapa-1-camino-primitivo.jpg\">Etapa 1 <strong>Oviedo &#8211; San J. de Villapa\u00f1ada<\/strong><\/a>\/ <a href=\"https:\/\/caminodesantiago.consumer.es\/wp-content\/uploads\/sites\/3\/2019\/06\/etapa-2-camino-primitivo.jpg\">Etapa 2<\/a>\u00a0 <a href=\"https:\/\/caminodesantiago.consumer.es\/wp-content\/uploads\/sites\/3\/2019\/06\/etapa-2-camino-primitivo.jpg\"><strong>San Juan de Villapa\u00f1ada &#8211; Salas<\/strong><\/a>\/ <a href=\"https:\/\/caminodesantiago.consumer.es\/wp-content\/uploads\/sites\/3\/2019\/06\/etapa-3-camino-primitivo.jpg\">Etapa 3: <strong>Salas &#8211; Tineo<\/strong><\/a> \/ <a href=\"https:\/\/caminodesantiago.consumer.es\/wp-content\/uploads\/sites\/3\/2019\/06\/etapa-4-camino-primitivo.jpg\">Etapa 4: <strong>Tineo &#8211; Pola de Allande<\/strong><\/a> \/ <a href=\"https:\/\/caminodesantiago.consumer.es\/wp-content\/uploads\/sites\/3\/2019\/06\/etapa-5-camino-primitivo.jpg\">Etapa 5: <strong>Pola de Allande &#8211; La Mesa<\/strong><\/a> \/ <a href=\"https:\/\/caminodesantiago.consumer.es\/wp-content\/uploads\/sites\/3\/2019\/06\/etapa-6-camino-primitivo.jpg\">Etapa 6: <strong>La Mesa &#8211; Grandas de Salime<\/strong><\/a> \/ <a href=\"https:\/\/caminodesantiago.consumer.es\/wp-content\/uploads\/sites\/3\/2019\/06\/etapa-7-camino-primitivo.jpg\">Etapa 7:<strong> Grandas de Salime -Fonsagrada<\/strong><\/a> \/ <a href=\"https:\/\/caminodesantiago.consumer.es\/wp-content\/uploads\/sites\/3\/2019\/06\/etapa-8-camino-primitivo.jpg\">Etapa 8: A Fonsagrada (Padr\u00f3n) &#8211; O C\u00e1davo Baleira<\/a> \/ <a href=\"https:\/\/caminodesantiago.consumer.es\/wp-content\/uploads\/sites\/3\/2019\/06\/etapa-9-camino-primitivo.jpg\">Etapa 9: O C\u00e1davo Baleira &#8211; Lugo<\/a> \/ <a href=\"https:\/\/caminodesantiago.consumer.es\/wp-content\/uploads\/sites\/3\/2019\/06\/etapa-10-camino-primitivo.jpg\">Etapa 10: Lugo &#8211; Castrelo<\/a> \/ <a href=\"https:\/\/caminodesantiago.consumer.es\/wp-content\/uploads\/sites\/3\/2019\/06\/etapa-11-camino-primitivo.jpg\">Etapa 11: Castrelo &#8211; Melide<\/a> \/ <a href=\"https:\/\/caminodesantiago.consumer.es\/wp-content\/uploads\/sites\/3\/2019\/06\/etapa-12-camino-primitivo.jpg\">Etapa 12: Melide &#8211; Pedrouzo<\/a> \/ <a href=\"https:\/\/caminodesantiago.consumer.es\/wp-content\/uploads\/sites\/3\/2019\/06\/etapa-13-camino-primitivo.jpg\">Etapa 13: Pedrouzo &#8211; Santiago de Compostela<\/a> \/<\/li>\n<\/ul>\n<p style=\"text-align: center\"><a href=\"https:\/\/caminodesantiago.consumer.es\/wp-content\/uploads\/sites\/3\/2019\/06\/mapa-general-primitivo.jpg\"><img loading=\"lazy\" decoding=\"async\" class=\"alignnone\" src=\"https:\/\/caminodesantiago.consumer.es\/wp-content\/uploads\/sites\/3\/2019\/06\/mapa-general-primitivo.jpg\" alt=\"\" width=\"660\" height=\"292\" \/><\/a><\/p>\n<p style=\"text-align: center\"><a href=\"https:\/\/caminodesantiago.consumer.es\/wp-content\/uploads\/sites\/3\/2019\/06\/etapa-1-camino-primitivo.jpg\"><img loading=\"lazy\" decoding=\"async\" class=\"alignnone\" src=\"https:\/\/caminodesantiago.consumer.es\/wp-content\/uploads\/sites\/3\/2019\/06\/etapa-1-camino-primitivo.jpg\" alt=\"\" width=\"674\" height=\"517\" \/><\/a><\/p>\n<p style=\"text-align: center\"><a href=\"https:\/\/caminodesantiago.consumer.es\/wp-content\/uploads\/sites\/3\/2019\/06\/etapa-3-camino-primitivo.jpg\"><img loading=\"lazy\" decoding=\"async\" class=\"alignnone\" src=\"https:\/\/caminodesantiago.consumer.es\/wp-content\/uploads\/sites\/3\/2019\/06\/etapa-3-camino-primitivo.jpg\" alt=\"\" width=\"674\" height=\"517\" \/><\/a><\/p>\n<p style=\"text-align: center\"><a href=\"https:\/\/caminodesantiago.consumer.es\/wp-content\/uploads\/sites\/3\/2019\/06\/etapa-4-camino-primitivo.jpg\"><img loading=\"lazy\" decoding=\"async\" class=\"alignnone\" src=\"https:\/\/caminodesantiago.consumer.es\/wp-content\/uploads\/sites\/3\/2019\/06\/etapa-4-camino-primitivo.jpg\" alt=\"\" width=\"674\" height=\"517\" \/><\/a><\/p>\n<p style=\"text-align: center\"><a href=\"https:\/\/caminodesantiago.consumer.es\/wp-content\/uploads\/sites\/3\/2019\/06\/etapa-5-camino-primitivo.jpg\"><img loading=\"lazy\" decoding=\"async\" class=\"alignnone\" src=\"https:\/\/caminodesantiago.consumer.es\/wp-content\/uploads\/sites\/3\/2019\/06\/etapa-5-camino-primitivo.jpg\" alt=\"\" width=\"674\" height=\"517\" \/><\/a><\/p>\n<p style=\"text-align: center\"><a href=\"https:\/\/caminodesantiago.consumer.es\/wp-content\/uploads\/sites\/3\/2019\/06\/etapa-6-camino-primitivo.jpg\"><img loading=\"lazy\" decoding=\"async\" class=\"alignnone\" src=\"https:\/\/caminodesantiago.consumer.es\/wp-content\/uploads\/sites\/3\/2019\/06\/etapa-6-camino-primitivo.jpg\" alt=\"\" width=\"674\" height=\"517\" \/><\/a><\/p>\n<p style=\"text-align: center\"><a href=\"https:\/\/caminodesantiago.consumer.es\/wp-content\/uploads\/sites\/3\/2019\/06\/etapa-7-camino-primitivo.jpg\"><img loading=\"lazy\" decoding=\"async\" class=\"alignnone\" src=\"https:\/\/caminodesantiago.consumer.es\/wp-content\/uploads\/sites\/3\/2019\/06\/etapa-7-camino-primitivo.jpg\" alt=\"\" width=\"674\" height=\"517\" \/><\/a><\/p>\n<p>&nbsp;<\/p>\n<p><img loading=\"lazy\" decoding=\"async\" class=\"aligncenter\" src=\"https:\/\/encrypted-tbn0.gstatic.com\/images?q=tbn:ANd9GcTR28kVyfgd3qwCkn2ICP6JNBpKea-RZS3fF5sLEuFyAkmWuml3Qyn-alg-FidZmJD8Ug&amp;usqp=CAU\" width=\"356\" height=\"38\" \/><\/p>\n<p><a href=\"https:\/\/p.calameoassets.com\/150321171609-77414eec8590b2a9ce9b587e7655c5e8\/p1.jpg\"><img loading=\"lazy\" decoding=\"async\" class=\"aligncenter\" src=\"https:\/\/p.calameoassets.com\/150321171609-77414eec8590b2a9ce9b587e7655c5e8\/p1.jpg\" alt=\"\" width=\"513\" height=\"724\" \/><\/a><img loading=\"lazy\" decoding=\"async\" class=\"aligncenter\" src=\"https:\/\/encrypted-tbn0.gstatic.com\/images?q=tbn:ANd9GcTR28kVyfgd3qwCkn2ICP6JNBpKea-RZS3fF5sLEuFyAkmWuml3Qyn-alg-FidZmJD8Ug&amp;usqp=CAU\" width=\"356\" height=\"38\" \/><a href=\"https:\/\/espanafascinante.com\/camino-de-santiago-fascinante\/camino-primitivo-oviedo-santiago-de-compostela\/\"><img loading=\"lazy\" decoding=\"async\" class=\"alignnone\" src=\"https:\/\/espanafascinante.com\/wp-content\/uploads\/CaminoDeSantiagoPrimitivo-1-1.png\" alt=\"\" width=\"1200\" height=\"350\" \/><\/a><\/p>\n<ul>\n<li><a href=\"https:\/\/espanafascinante.com\/camino-de-santiago-fascinante\/camino-primitivo-oviedo-santiago-de-compostela\/\">Web: Espa\u00f1a fascinante<\/a> \/<\/li>\n<\/ul>\n<h2 class=\"vc_custom_heading\" style=\"text-align: center\"><span style=\"font-size: 20px;color: #008080\">POR QU\u00c9 ELEGIR EL CAMINO PRIMITIVO<\/span><\/h2>\n<div class=\"wpb_text_column wpb_content_element \">\n<div class=\"wpb_wrapper\">\n<p>El Camino Primitivo <strong>es una ruta dura<\/strong>. Los habituales 13 d\u00edas que se tarda en llegar de Oviedo a Santiago de Compostela trascurren por monta\u00f1a hasta Lugo. Tras ello, la llegada a la capital jacobea se relaja un tanto. Menos transitada que el Camino Franc\u00e9s, pero popular y cuidada, esta v\u00eda es ideal para peregrinos veteranos. Estos la disfrutar\u00e1n especialmente, al conocer mejor su forma de andar y c\u00f3mo asumen los continuos requiebros.<\/p>\n<p>Como ruta independiente, posee una distancia m\u00e1s mesurada que otras alternativas. Esto permite recorrer el Camino Primitivo entero sin necesidad de hacerlo por tramos. Por otro lado, <strong>tiene una gran relaci\u00f3n con el Camino del Norte<\/strong>. Optar por virar hacia Oviedo en lugar de seguir recto a Gij\u00f3n es una posibilidad para los peregrinos de la costa. De esta forma, el trazado que parte de Ir\u00fan puede culminarse atravesando el sendero primigenio a la tumba del santo.<\/p>\n<p>Precisamente su car\u00e1cter fundacional es lo que m\u00e1s destaca del Camino Primitivo. Como se narra m\u00e1s adelante, fue el primer Camino de Santiago. <strong>Alfonso II El Casto <\/strong>fue el monarca asturiano que comenz\u00f3 oficialmente la peregrinaci\u00f3n a Santiago de Compostela. Lo hizo por esta ruta interior, que evitaba a los temidos moros. A quien le guste la historia jacobea, los retos f\u00edsicos y ciertas dosis de soledad, tienen en esta alternativa una gran opci\u00f3n.<\/p>\n<p>A continuaci\u00f3n,<strong> una serie de observaciones sobre este trazado<\/strong>. Se tratan desde la historia hasta consejos sobre d\u00f3nde dormir en el Camino Primitivo.<\/p>\n<\/div>\n<\/div>\n<div class=\"vc_tta-container\" data-vc-action=\"collapseAll\">\n<div class=\"vc_general vc_tta vc_tta-accordion vc_tta-color-grey vc_tta-style-flat vc_tta-shape-square vc_tta-o-shape-group vc_tta-controls-align-left vc_tta-o-no-fill vc_tta-o-all-clickable\">\n<div class=\"vc_tta-panels-container\">\n<div class=\"vc_tta-panels\">\n<div id=\"1545308363245-b4d7cdd7-faf4\" class=\"vc_tta-panel\" data-vc-content=\".vc_tta-panel-body\">\n<div class=\"vc_tta-panel-heading\">\n<h4 class=\"vc_tta-panel-title vc_tta-controls-icon-position-left\"><a href=\"https:\/\/espanafascinante.com\/camino-de-santiago-fascinante\/camino-primitivo-oviedo-santiago-de-compostela\/#1545308363245-b4d7cdd7-faf4\" data-vc-accordion=\"\" data-vc-container=\".vc_tta-container\"><i class=\"vc_tta-icon fa fa-book\"><\/i><span class=\"vc_tta-title-text\">HISTORIA<\/span><i class=\"vc_tta-controls-icon vc_tta-controls-icon-plus\"><\/i><\/a><\/h4>\n<\/div>\n<\/div>\n<div id=\"1501791349288-130e3992-ba89e7ec-2151\" class=\"vc_tta-panel\" data-vc-content=\".vc_tta-panel-body\">\n<div class=\"vc_tta-panel-heading\">\n<h4 class=\"vc_tta-panel-title vc_tta-controls-icon-position-left\"><a href=\"https:\/\/espanafascinante.com\/camino-de-santiago-fascinante\/camino-primitivo-oviedo-santiago-de-compostela\/#1501791349288-130e3992-ba89e7ec-2151\" data-vc-accordion=\"\" data-vc-container=\".vc_tta-container\"><i class=\"vc_tta-icon fa fa-pagelines\"><\/i><span class=\"vc_tta-title-text\">NATURALEZA<\/span><i class=\"vc_tta-controls-icon vc_tta-controls-icon-plus\"><\/i><\/a><\/h4>\n<\/div>\n<\/div>\n<div id=\"1498045206911-0a95a520-eee2a93b-5f3ec3e2-7a2da30d-f605dcc0-b51227d4-d431e7ec-2151\" class=\"vc_tta-panel\" data-vc-content=\".vc_tta-panel-body\">\n<div class=\"vc_tta-panel-heading\">\n<h4 class=\"vc_tta-panel-title vc_tta-controls-icon-position-left\"><a href=\"https:\/\/espanafascinante.com\/camino-de-santiago-fascinante\/camino-primitivo-oviedo-santiago-de-compostela\/#1498045206911-0a95a520-eee2a93b-5f3ec3e2-7a2da30d-f605dcc0-b51227d4-d431e7ec-2151\" data-vc-accordion=\"\" data-vc-container=\".vc_tta-container\"><i class=\"vc_tta-icon fa fa-location-arrow\"><\/i><span class=\"vc_tta-title-text\">DISTANCIA MENOR<\/span><i class=\"vc_tta-controls-icon vc_tta-controls-icon-plus\"><\/i><\/a><\/h4>\n<\/div>\n<\/div>\n<div id=\"1501791195232-ee8791e7-962de7ec-2151\" class=\"vc_tta-panel\" data-vc-content=\".vc_tta-panel-body\">\n<div class=\"vc_tta-panel-heading\">\n<h4 class=\"vc_tta-panel-title vc_tta-controls-icon-position-left\"><a href=\"https:\/\/espanafascinante.com\/camino-de-santiago-fascinante\/camino-primitivo-oviedo-santiago-de-compostela\/#1501791195232-ee8791e7-962de7ec-2151\" data-vc-accordion=\"\" data-vc-container=\".vc_tta-container\"><i class=\"vc_tta-icon fa fa-universal-access\"><\/i><span class=\"vc_tta-title-text\">ESFUERZO F\u00cdSICO<\/span><i class=\"vc_tta-controls-icon vc_tta-controls-icon-plus\"><\/i><\/a><\/h4>\n<\/div>\n<\/div>\n<div id=\"1501855050328-6821a82a-87d7\" class=\"vc_tta-panel\" data-vc-content=\".vc_tta-panel-body\">\n<div class=\"vc_tta-panel-heading\">\n<h4 class=\"vc_tta-panel-title vc_tta-controls-icon-position-left\"><a href=\"https:\/\/espanafascinante.com\/camino-de-santiago-fascinante\/camino-primitivo-oviedo-santiago-de-compostela\/#1501855050328-6821a82a-87d7\" data-vc-accordion=\"\" data-vc-container=\".vc_tta-container\"><i class=\"vc_tta-icon fa fa-university\"><\/i><span class=\"vc_tta-title-text\">MONUMENTOS<\/span><i class=\"vc_tta-controls-icon vc_tta-controls-icon-plus\"><\/i><\/a><\/h4>\n<\/div>\n<\/div>\n<div id=\"1501854998449-e33fbc44-1ec3\" class=\"vc_tta-panel\" data-vc-content=\".vc_tta-panel-body\">\n<div class=\"vc_tta-panel-heading\">\n<h4 class=\"vc_tta-panel-title vc_tta-controls-icon-position-left\"><a href=\"https:\/\/espanafascinante.com\/camino-de-santiago-fascinante\/camino-primitivo-oviedo-santiago-de-compostela\/#1501854998449-e33fbc44-1ec3\" data-vc-accordion=\"\" data-vc-container=\".vc_tta-container\"><i class=\"vc_tta-icon fa fa-eye\"><\/i><span class=\"vc_tta-title-text\">LEYENDA FUNDACIONAL<\/span><i class=\"vc_tta-controls-icon vc_tta-controls-icon-plus\"><\/i><\/a><\/h4>\n<\/div>\n<\/div>\n<div id=\"1501791304670-25c6a98d-4e3cfe5d-e19a\" class=\"vc_tta-panel\" data-vc-content=\".vc_tta-panel-body\">\n<div class=\"vc_tta-panel-heading\">\n<h4 class=\"vc_tta-panel-title vc_tta-controls-icon-position-left\"><a href=\"https:\/\/espanafascinante.com\/camino-de-santiago-fascinante\/camino-primitivo-oviedo-santiago-de-compostela\/#1501791304670-25c6a98d-4e3cfe5d-e19a\" data-vc-accordion=\"\" data-vc-container=\".vc_tta-container\"><i class=\"vc_tta-icon fa fa-hand-peace-o\"><\/i><span class=\"vc_tta-title-text\">HOSPEDAJE Y CONSEJOS ADICIONALES<\/span><i class=\"vc_tta-controls-icon vc_tta-controls-icon-plus\"><\/i><\/a><\/h4>\n<\/div>\n<\/div>\n<div id=\"1501791349288-130e3992-ba89fe5d-e19a\" class=\"vc_tta-panel\" data-vc-content=\".vc_tta-panel-body\">\n<div class=\"vc_tta-panel-heading\">\n<h4 class=\"vc_tta-panel-title vc_tta-controls-icon-position-left\"><a href=\"https:\/\/espanafascinante.com\/camino-de-santiago-fascinante\/camino-primitivo-oviedo-santiago-de-compostela\/#1501791349288-130e3992-ba89fe5d-e19a\" data-vc-accordion=\"\" data-vc-container=\".vc_tta-container\"><i class=\"vc_tta-icon fa fa-tree\"><\/i><span class=\"vc_tta-title-text\">AMBIENTE<\/span><\/a><\/h4>\n<p><img loading=\"lazy\" decoding=\"async\" class=\"aligncenter\" src=\"https:\/\/encrypted-tbn0.gstatic.com\/images?q=tbn:ANd9GcTR28kVyfgd3qwCkn2ICP6JNBpKea-RZS3fF5sLEuFyAkmWuml3Qyn-alg-FidZmJD8Ug&amp;usqp=CAU\" width=\"356\" height=\"38\" \/><\/p>\n<ul>\n<li><a href=\"https:\/\/santiagoways.com\/es\/camino-primitivo\/\">Web: Santiago ways<\/a> \/ <a href=\"https:\/\/santiagoways.com\/es\/camino-primitivo\/\">VER<\/a><\/li>\n<\/ul>\n<\/div>\n<\/div>\n<\/div>\n<\/div>\n<\/div>\n<\/div>\n<p><img loading=\"lazy\" decoding=\"async\" class=\"aligncenter\" src=\"https:\/\/encrypted-tbn0.gstatic.com\/images?q=tbn:ANd9GcTR28kVyfgd3qwCkn2ICP6JNBpKea-RZS3fF5sLEuFyAkmWuml3Qyn-alg-FidZmJD8Ug&amp;usqp=CAU\" width=\"356\" height=\"38\" \/><\/p>\n","protected":false},"excerpt":{"rendered":"<p>\/ Oviedo inicio del Camino Mapa \/ Folleto pdf \/ Oviedo \/ Recorrido \/ Historia \/ Alfonso II El Casto Asturies, Cam\u00edn al andar Exposici\u00f3n FIDMA 2021 Audio \u00abCam\u00edn de Santiagu\u00bb de Nomes d&#8217; Asturies Web Asturies, Cam\u00edn al andar \/ Reportaxes \/ Los tres caminos: ETAPES Cam\u00edn Primitivu \/ mapa \/ Cam\u00edn del Salvador [&hellip;]<\/p>\n","protected":false},"author":117,"featured_media":0,"parent":2314,"menu_order":0,"comment_status":"closed","ping_status":"closed","template":"","meta":{"footnotes":""},"class_list":["post-9293","page","type-page","status-publish","hentry"],"_links":{"self":[{"href":"https:\/\/edublog.educastur.es\/ixuxu\/wp-json\/wp\/v2\/pages\/9293","targetHints":{"allow":["GET"]}}],"collection":[{"href":"https:\/\/edublog.educastur.es\/ixuxu\/wp-json\/wp\/v2\/pages"}],"about":[{"href":"https:\/\/edublog.educastur.es\/ixuxu\/wp-json\/wp\/v2\/types\/page"}],"author":[{"embeddable":true,"href":"https:\/\/edublog.educastur.es\/ixuxu\/wp-json\/wp\/v2\/users\/117"}],"replies":[{"embeddable":true,"href":"https:\/\/edublog.educastur.es\/ixuxu\/wp-json\/wp\/v2\/comments?post=9293"}],"version-history":[{"count":16,"href":"https:\/\/edublog.educastur.es\/ixuxu\/wp-json\/wp\/v2\/pages\/9293\/revisions"}],"predecessor-version":[{"id":9333,"href":"https:\/\/edublog.educastur.es\/ixuxu\/wp-json\/wp\/v2\/pages\/9293\/revisions\/9333"}],"up":[{"embeddable":true,"href":"https:\/\/edublog.educastur.es\/ixuxu\/wp-json\/wp\/v2\/pages\/2314"}],"wp:attachment":[{"href":"https:\/\/edublog.educastur.es\/ixuxu\/wp-json\/wp\/v2\/media?parent=9293"}],"curies":[{"name":"wp","href":"https:\/\/api.w.org\/{rel}","templated":true}]}}