{"id":1043,"date":"2020-11-04T22:38:40","date_gmt":"2020-11-04T20:38:40","guid":{"rendered":"https:\/\/edublog.educastur.es\/ixuxullingua\/?page_id=1043"},"modified":"2021-05-12T22:44:54","modified_gmt":"2021-05-12T20:44:54","slug":"tiempu-3","status":"publish","type":"page","link":"https:\/\/edublog.educastur.es\/ixuxullingua\/noticies\/tiempu-3\/","title":{"rendered":"TIEMPU"},"content":{"rendered":"<p align=\"left\"><a href=\"https:\/\/www.facebook.com\/eltiempuenasturies\/\" target=\"_parent\" rel=\"noopener noreferrer\"><img loading=\"lazy\" decoding=\"async\" src=\"https:\/\/imgbox.es\/images\/2020\/03\/23\/tiempu34f53a43204718c2.jpg\" width=\"203\" height=\"26\" border=\"0\" \/><\/a><\/p>\n<p align=\"left\">Nesta p\u00e1xina atopar\u00e1s enllaces d\u00b4informaci\u00f3n<br \/>\nsobro\u00b4l tiempu n\u00b4Asturies y n\u00b4Espa\u00f1a.<\/p>\n<p align=\"left\">\u00a0<img loading=\"lazy\" decoding=\"async\" src=\"https:\/\/imgbox.es\/images\/2020\/04\/29\/TIEMPUUe7394b294b208b3d.jpg\" width=\"257\" height=\"299\" \/><\/p>\n<p align=\"left\"><b><i>La p\u00e1xina ta agospiada en Facebook.<\/i><\/b><br \/>\n<u>Como los escolinos nun tienen accesu<\/u><br \/>\na esa rede, copiaremos equ\u00ed el tiempu<br \/>\npronostic\u00e1u, qu\u00b4am\u00e1s ta n\u00b4asturianu<br \/>\ny sirve de deprendizax. En clase lleemos<br \/>\nla predici\u00f3n metereol\u00f3xica a diariu&#8230;<\/p>\n<p align=\"left\"><a href=\"https:\/\/www.rtpa.es\/video:el%20tiempo_551586007230.html\" target=\"_parent\" rel=\"noopener noreferrer\"><img loading=\"lazy\" decoding=\"async\" src=\"https:\/\/www.rtpa.es\/fotos\/\/17\/01\/\/871485759499_eltiempo.jpg\" width=\"179\" height=\"101\" border=\"1\" \/><\/a><\/p>\n<p align=\"left\">Esta ye la p\u00b4xina del tiempu na TPA.<br \/>\nAnque ta escrita en castellanu sirvenos<br \/>\nigual.<\/p>\n<ul>\n<li><a href=\"https:\/\/tiempo.lne.es\/\" target=\"_blank\" rel=\"noopener noreferrer\">El tiempu seg\u00fan <i>La Nueva Espa\u00f1a<br \/>\n<\/i><\/a><\/li>\n<li><a href=\"https:\/\/www.eltiempo.es\/asturias\" target=\"_blank\" rel=\"noopener noreferrer\"><b><i>El tiempo en Asturias:<\/i><\/b> eltiempo.es <\/a><\/li>\n<li><b><i><a href=\"https:\/\/www.eltiempo.es\/poeta-angel-gonzalez-colegio-en-oviedo.html?q=poeta-angel-gonzalez-colegio-en-oviedo\" target=\"_blank\" rel=\"noopener noreferrer\">\u00a0El tiempu n\u00b4Uvi\u00e9u: La Corredoria.<br \/>\nEstaci\u00f3n del Colexu \u00c1nxel Gonz\u00e1lez. <\/a><\/i><\/b><b><i><\/i><\/b><\/li>\n<li><a href=\"http:\/\/www.aemet.es\/es\/eltiempo\/prediccion\/municipios\/oviedo-id33044\" target=\"_blank\" rel=\"noopener noreferrer\"><b><i>Predicci\u00f3n n\u00b4Uvi\u00e9u seg\u00fan la AEMET.<\/i><\/b><\/a><\/li>\n<\/ul>\n<p><img loading=\"lazy\" decoding=\"async\" src=\"http:\/\/meteoasturias.elcomercio.es\/foro\/styles\/art_air\/imageset\/logo.png\" width=\"289\" height=\"80\" \/><\/p>\n<p><a href=\"http:\/\/meteoasturias.elcomercio.es\/?ref=https%3A%2F%2Fwww.google.com%2F\" target=\"_blank\" rel=\"noopener noreferrer\"><b><i>Sigui\u00b4l tiempu n\u00b4Asturies al completu. <\/i><\/b><\/a><\/p>\n<p><img loading=\"lazy\" decoding=\"async\" src=\"http:\/\/meteoasturias.elcomercio.es\/predicciones\/mapas\/090420tar.gif\" width=\"360\" height=\"180\" border=\"1\" \/><\/p>\n<p><img loading=\"lazy\" decoding=\"async\" src=\"https:\/\/oc.tutiempo.net\/i\/logo45.png\" width=\"190\" height=\"45\" \/><i><b>\u00a0 <\/b><\/i><a href=\"https:\/\/www.tutiempo.net\/asturias.html\" target=\"_blank\" rel=\"noopener noreferrer\"><b><i>Tu tiempo.net <\/i><\/b><\/a><\/p>\n<p><i>\u00a0<\/i><\/p>\n<p><a href=\"https:\/\/www.tutiempo.net\/oviedo.html\" target=\"_blank\" rel=\"noopener noreferrer\"><i>Tu tiempo.net n\u00b4Uvi\u00e9u <\/i><\/a><\/p>\n<p><img loading=\"lazy\" decoding=\"async\" src=\"https:\/\/v5i.tutiempo.net\/mapas\/espana\/asturias.jpg\" width=\"315\" height=\"126\" border=\"1\" \/><\/p>\n<p>Col gavitu de Miguel Iglesias- Michu,<br \/>\nde <a href=\"https:\/\/www.facebook.com\/Noromet-351189325724162\/?__tn__=K-R&amp;eid=ARB-nCfFFhBTzhxL8IbmoZqhSMugZRrKnDF80PojC_6TU_KoqhCJ-FQtAES2GUT7yg_iUD4U-cdQbYrF&amp;fref=mentions&amp;__xts__%5B0%5D=68.ARBbLrLzu_YLDpMiR_bjdZhZ6ZwbhAPb6bq4HpD5ADAcWnwu9TBWzc1mSjoWOgcoALbwVzV0JuSIdonMhAv2vA_SLFNp_hdpa7pwdCcZAcRB4JyuDinlFhEKkwz5FLSK1_ewxrK22dx9Nxb-M6aMO2PJx7EKngC2ByN7SJAwH0Dsy-KurBH8NcSwCT-Ug8-Hx5thCnC658HOquWjNRaWLijvQddedldIwwsoC8oyXeETPD2ysvntj42mOyfZ3Ldxz_ZfcfVe-mCgyYZbn2887CQjNT-aAaSLIKAFcj94B6NhDmY7xxh_DCcn8kSANV-GwyTpMewoCuJMyO4LeXtDz32hd70x\">Noromet<\/a>, rede como sab\u00e9is, onde pod\u00e9is<br \/>\natopar una bayura d&#8217;estaciones meteorol\u00f3xiques<br \/>\nd&#8217;Asturies y tol noroeste pen\u00ednsular que<br \/>\nnos apurren una montonera de datos<br \/>\nen tiempu real y colos cuales faen anal\u00eds<br \/>\ny series clim\u00e1tiques, am\u00e1s de sofitar la toma<br \/>\nde datos nos polos de fr\u00edu del pa\u00eds.<\/p>\n<ul>\n<li><a href=\"https:\/\/www.facebook.com\/Noromet-351189325724162\/\" target=\"_blank\" rel=\"noopener noreferrer\"><b><i>Noromet <\/i><\/b><\/a><\/li>\n<\/ul>\n<hr \/>\n<p style=\"text-align: center\">\n<!-- iframe plugin v.6.0 wordpress.org\/plugins\/iframe\/ -->\n<iframe loading=\"lazy\" src=\"https:\/\/drive.google.com\/file\/d\/1w_hnF9_3ujkFJS4Ew9PWBmGYPHIkS6lb\/preview\" width=\"650\" height=\"900\" 0=\"\/iframe\" scrolling=\"yes\" class=\"iframe-class\" frameborder=\"0\"><\/iframe>\n<\/p>\n","protected":false},"excerpt":{"rendered":"<p>Nesta p\u00e1xina atopar\u00e1s enllaces d\u00b4informaci\u00f3n sobro\u00b4l tiempu n\u00b4Asturies y n\u00b4Espa\u00f1a. \u00a0 La p\u00e1xina ta agospiada en Facebook. Como los escolinos nun tienen accesu a esa rede, copiaremos equ\u00ed el tiempu pronostic\u00e1u, qu\u00b4am\u00e1s ta n\u00b4asturianu y sirve de deprendizax. En clase lleemos la predici\u00f3n metereol\u00f3xica a diariu&#8230; Esta ye la p\u00b4xina del tiempu na TPA. Anque [&hellip;]<\/p>\n","protected":false},"author":117,"featured_media":0,"parent":1041,"menu_order":0,"comment_status":"closed","ping_status":"closed","template":"","meta":{"footnotes":""},"class_list":["post-1043","page","type-page","status-publish","hentry","post-preview"],"_links":{"self":[{"href":"https:\/\/edublog.educastur.es\/ixuxullingua\/wp-json\/wp\/v2\/pages\/1043","targetHints":{"allow":["GET"]}}],"collection":[{"href":"https:\/\/edublog.educastur.es\/ixuxullingua\/wp-json\/wp\/v2\/pages"}],"about":[{"href":"https:\/\/edublog.educastur.es\/ixuxullingua\/wp-json\/wp\/v2\/types\/page"}],"author":[{"embeddable":true,"href":"https:\/\/edublog.educastur.es\/ixuxullingua\/wp-json\/wp\/v2\/users\/117"}],"replies":[{"embeddable":true,"href":"https:\/\/edublog.educastur.es\/ixuxullingua\/wp-json\/wp\/v2\/comments?post=1043"}],"version-history":[{"count":5,"href":"https:\/\/edublog.educastur.es\/ixuxullingua\/wp-json\/wp\/v2\/pages\/1043\/revisions"}],"predecessor-version":[{"id":2570,"href":"https:\/\/edublog.educastur.es\/ixuxullingua\/wp-json\/wp\/v2\/pages\/1043\/revisions\/2570"}],"up":[{"embeddable":true,"href":"https:\/\/edublog.educastur.es\/ixuxullingua\/wp-json\/wp\/v2\/pages\/1041"}],"wp:attachment":[{"href":"https:\/\/edublog.educastur.es\/ixuxullingua\/wp-json\/wp\/v2\/media?parent=1043"}],"curies":[{"name":"wp","href":"https:\/\/api.w.org\/{rel}","templated":true}]}}