{"id":107,"date":"2020-07-18T09:46:15","date_gmt":"2020-07-18T09:46:15","guid":{"rendered":"https:\/\/edublog.educastur.es\/ixuxullingua\/?page_id=107"},"modified":"2022-10-04T12:11:03","modified_gmt":"2022-10-04T10:11:03","slug":"1-2020-primavera","status":"publish","type":"page","link":"https:\/\/edublog.educastur.es\/ixuxullingua\/primeru\/1-2020-primavera\/","title":{"rendered":"01) 2020 Primavera"},"content":{"rendered":"<p style=\"text-align: center\"><img loading=\"lazy\" decoding=\"async\" class=\"aligncenter wp-image-822\" src=\"http:\/\/edublog.educastur.es\/ixuxullingua\/files\/2020\/08\/00_primeru.png\" alt=\"\" width=\"231\" height=\"189\" srcset=\"https:\/\/edublog.educastur.es\/ixuxullingua\/files\/2020\/08\/00_primeru.png 424w, https:\/\/edublog.educastur.es\/ixuxullingua\/files\/2020\/08\/00_primeru-300x246.png 300w\" sizes=\"auto, (max-width: 231px) 100vw, 231px\" \/><\/p>\n<p>&nbsp;<\/p>\n<ul>\n<li><\/li>\n<\/ul>\n<p><span style=\"font-size: 14pt;color: #800000\"><strong><em>No est\u00e1n enlazadas en las carpetas. Las TAREAS e<\/em><em>stan todas copiadas aqu\u00ed debajo, separadas por una l\u00ednea entre fecha y fecha\u2026<\/em><\/strong><\/span><\/p>\n<hr \/>\n<div id=\"post-140\" class=\"post\">\n<h2><a title=\"Leer 1 - 03-13\" href=\"http:\/\/blog.educastur.es\/ixuxullingua\/tarea\/1-primeru\/1-13-marzu\/\" rel=\"bookmark\">1 &#8211; 03-13<\/a><span style=\"color: #000080\"> TAREA del\u00a0 13 al 27 de marzu (14 d\u00edes).<\/span><em><a href=\"https:\/\/educastur-my.sharepoint.com\/personal\/corredoria3_educastur_org\/_layouts\/15\/onedrive.aspx?id=%2Fpersonal%2Fcorredoria3%5Feducastur%5Forg%2FDocuments%2FTAREAS%5FALUMNADO%20CP%20CARMEN%20RUIZ%2DTILVE%2FEDUCACI%C3%93N%20PRIMARIA%5FCP%20CARMEN%20RUIZ%2DTILVE&amp;originalPath=aHR0cHM6Ly9lZHVjYXN0dXItbXkuc2hhcmVwb2ludC5jb20vOmY6L2cvcGVyc29uYWwvY29ycmVkb3JpYTNfZWR1Y2FzdHVyX29yZy9FcVR6ZmwwaGtSZEl0MFdIV2J2OEstWUJ3R2o1OUtIRlF2c0xzdEJWVmJ4MGh3P3J0aW1lPXVNVVROanpRMTBn\" target=\"_blank\" rel=\"noopener noreferrer\">Clica nesti enllace de la web del cole\u2026 <\/a><\/em><\/h2>\n<div class=\"entry\">\n<p><span style=\"font-size: 14pt\">Con motivu del encierru en casa pol<strong> Coronavirus, <\/strong>ap\u00farrovos\u00a0 tarea pa la clase de Llingua, consistente principalmente en <strong>escuchar cancios y en delles llectures <\/strong>que considero d\u00b4inter\u00e9s. <strong>Si nun trae ed\u00e1 recomend\u00e1 ye que son pa toes y pa toos.\u00a0 <\/strong>Espero que vos presten! Un abrazu candial!!\u00a0 <img decoding=\"async\" src=\"http:\/\/blog.educastur.es\/ixuxullingua\/wp-includes\/js\/tinymce\/plugins\/emotions\/images\/smiley-sealed.gif\" alt=\"Boca sellada\" border=\"0\" \/><\/span><\/p>\n<ul>\n<li><span style=\"font-size: 14pt\">\u00a01\u00ba2\u00ba: <a href=\"https:\/\/educastur-my.sharepoint.com\/personal\/corredoria3_educastur_org\/_layouts\/15\/onedrive.aspx?originalPath=aHR0cHM6Ly9lZHVjYXN0dXItbXkuc2hhcmVwb2ludC5jb20vOmY6L2cvcGVyc29uYWwvY29ycmVkb3JpYTNfZWR1Y2FzdHVyX29yZy9FcVR6ZmwwaGtSZEl0MFdIV2J2OEstWUJ3R2o1OUtIRlF2c0xzdEJWVmJ4MGh3P3J0aW1lPXhrN21kbUhMMTBn&amp;id=%2Fpersonal%2Fcorredoria3%5Feducastur%5Forg%2FDocuments%2FTAREAS%5FALUMNADO%20CP%20CARMEN%20RUIZ%2DTILVE%2FEDUCACI%C3%93N%20PRIMARIA%5FCP%20CARMEN%20RUIZ%2DTILVE%2FLLINGUA%20ASTURIANA%5FPrimaria%2F1%C2%BA2%C2%BA%5FVocabulariu%2Epdf&amp;parent=%2Fpersonal%2Fcorredoria3%5Feducastur%5Forg%2FDocuments%2FTAREAS%5FALUMNADO%20CP%20CARMEN%20RUIZ%2DTILVE%2FEDUCACI%C3%93N%20PRIMARIA%5FCP%20CARMEN%20RUIZ%2DTILVE%2FLLINGUA%20ASTURIANA%5FPrimaria\" target=\"_blank\" rel=\"noopener noreferrer\"><em><strong>El mio primer vocabulariu n\u00b4asturianu.<\/strong> Llibru con im\u00e1xenes pa deprender vocabulariu (40 p\u00e1x).<\/em><\/a><\/span><\/li>\n<\/ul>\n<ul>\n<li><span style=\"font-size: 14pt\"><em>1\u00ba a 6\u00ba: <a href=\"https:\/\/educastur-my.sharepoint.com\/personal\/corredoria3_educastur_org\/_layouts\/15\/onedrive.aspx?originalPath=aHR0cHM6Ly9lZHVjYXN0dXItbXkuc2hhcmVwb2ludC5jb20vOmY6L2cvcGVyc29uYWwvY29ycmVkb3JpYTNfZWR1Y2FzdHVyX29yZy9FcVR6ZmwwaGtSZEl0MFdIV2J2OEstWUJ3R2o1OUtIRlF2c0xzdEJWVmJ4MGh3P3J0aW1lPXhrN21kbUhMMTBn&amp;id=%2Fpersonal%2Fcorredoria3%5Feducastur%5Forg%2FDocuments%2FTAREAS%5FALUMNADO%20CP%20CARMEN%20RUIZ%2DTILVE%2FEDUCACI%C3%93N%20PRIMARIA%5FCP%20CARMEN%20RUIZ%2DTILVE%2FLLINGUA%20ASTURIANA%5FPrimaria%2FCuentos%2Epdf&amp;parent=%2Fpersonal%2Fcorredoria3%5Feducastur%5Forg%2FDocuments%2FTAREAS%5FALUMNADO%20CP%20CARMEN%20RUIZ%2DTILVE%2FEDUCACI%C3%93N%20PRIMARIA%5FCP%20CARMEN%20RUIZ%2DTILVE%2FLLINGUA%20ASTURIANA%5FPrimaria\" target=\"_blank\" rel=\"noopener noreferrer\"><strong>Cuentos pa toles edaes<\/strong> (192 p\u00e1xines)<br \/>\n<\/a><br \/>\n<\/em><\/span><\/li>\n<li><span style=\"font-size: 14pt\"><em>1\u00ba a 6\u00ba: Cancios prestosos pa toos y pa toes:<br \/>\n<a href=\"https:\/\/www.youtube.com\/watch?v=_q6_NtRyZ58\" target=\"_blank\" rel=\"noopener noreferrer\"><strong>\u201cPr\u00e9stame pola vida\u201d<\/strong><\/a> (Reciella)<br \/>\n<a href=\"https:\/\/www.youtube.com\/watch?v=dVHoojbQQ2E\" target=\"_blank\" rel=\"noopener noreferrer\"><strong>\u201cEl cantar del sult\u00e1n\u201d <\/strong><\/a>(Xentiquina)<\/em><\/span><\/li>\n<\/ul>\n<p><span style=\"font-size: 14pt\">\n<!-- iframe plugin v.6.0 wordpress.org\/plugins\/iframe\/ -->\n<iframe loading=\"lazy\" width=\"294\" height=\"156\" src=\"https:\/\/www.youtube.com\/embed\/_q6_NtRyZ58\" scrolling=\"yes\" class=\"iframe-class\" frameborder=\"0\"><\/iframe>\n<\/span><\/p>\n<hr \/>\n<div id=\"post-141\" class=\"post\">\n<h2><a title=\"Leer 1 - 03-27\" href=\"http:\/\/blog.educastur.es\/ixuxullingua\/tarea\/1-primeru\/1-27-marzu\/\" rel=\"bookmark\">1 &#8211; 03-27<\/a><strong><em><span style=\"color: #000080\">\u00a0 TAREA del\u00a0 27 de marzu al 3 d\u00b4abril <\/span><\/em><\/strong><\/h2>\n<div class=\"entry\">\n<p><em><span style=\"color: #800080;font-size: 14pt\">\u00a01) <strong><a href=\"https:\/\/drive.google.com\/file\/d\/1uAhXD-UV8NUE3Sf65L9xweyv1SknRYTz\/view?usp=sharing\" target=\"_blank\" rel=\"noopener noreferrer\">Repasar el vocabulariu del trimestre: <u>Clica equ\u00ed y b\u00fascalo en \u201cdescargas\u201d\u2026<\/u><\/a><\/strong><\/span><\/em><\/p>\n<p><em><span style=\"font-size: 14pt\"><a href=\"http:\/\/www.digital.pintar-pintar.com\/bookcase\/combj\" target=\"_blank\" rel=\"noopener noreferrer\"><strong>2) Pintar-Pintar Editorial ufierta, de baldre (gratis), accesu a estos cuentos n\u00b4asturianu y en castellan. Clica nesti enllaz y esfruta cola llectura.<\/strong><\/a><\/span><\/em><\/p>\n<p><em><span style=\"font-size: 14pt\"><strong><span style=\"color: #800000\">Pide-yos ayuda a ma y a pa, pa lleer xuntinos \u00fan cuentu n\u00b4asturianu\u2026<\/span><\/strong><\/span><\/em><\/p>\n<p><em><span style=\"font-size: 14pt\"><strong><span style=\"color: #800000\">Pues facer un dibuxin del cuentu n\u00b4asturianu que m\u00e1s te preste. Escribi el nome del cuentu\u2026 <\/span><br \/>\n<\/strong><\/span><\/em><\/p>\n<ul>\n<li><em><span style=\"font-size: 14pt\"><a href=\"http:\/\/www.digital.pintar-pintar.com\/books\/bntt\/#p=24\" target=\"_blank\" rel=\"noopener noreferrer\"><strong>El misteriu de Xulia<\/strong> (\u00c1ngela S\u00e1nchez)<\/a><\/span><\/em><\/li>\n<li><em><span style=\"font-size: 14pt\"><a href=\"http:\/\/www.digital.pintar-pintar.com\/books\/dyhh\/\" target=\"_blank\" rel=\"noopener noreferrer\"><strong>Lin quier esnalar <\/strong>(Aique Fernandi)<\/a><\/span><\/em><\/li>\n<li><em><span style=\"font-size: 14pt\"><a href=\"http:\/\/www.digital.pintar-pintar.com\/books\/gmtq\/\" target=\"_blank\" rel=\"noopener noreferrer\"><strong>P\u00e1xines del diariu de Sim\u00f3n <\/strong>(Vicente Garc\u00eda Oliva)<\/a><\/span><\/em><\/li>\n<li><em><span style=\"font-size: 14pt\"><a href=\"http:\/\/www.digital.pintar-pintar.com\/books\/gavu\/\" target=\"_blank\" rel=\"noopener noreferrer\"><strong>Mitos d\u00b4Asturies <\/strong>(Paco Abril)<\/a><\/span><\/em><\/li>\n<li><em><span style=\"font-size: 14pt\"><a href=\"http:\/\/www.digital.pintar-pintar.com\/books\/rwub\/\" target=\"_blank\" rel=\"noopener noreferrer\"><strong>Versonaxes <\/strong>(Aurelio Gonz\u00e1lez Ovies)<\/a><\/span><\/em><\/li>\n<li><em><span style=\"font-size: 14pt\"><a href=\"http:\/\/www.digital.pintar-pintar.com\/books\/pqll\/\" target=\"_blank\" rel=\"noopener noreferrer\"><strong>Versos d\u00b4Asturies <\/strong>(Daniel Garc\u00eda Granda)<\/a><\/span><\/em><\/li>\n<li><em><span style=\"font-size: 14pt\"><a href=\"http:\/\/www.digital.pintar-pintar.com\/books\/snqy\/\" target=\"_blank\" rel=\"noopener noreferrer\"><strong>Etenko\u00a0<\/strong> (Vicente Garc\u00eda Oliva)<\/a><\/span><\/em><\/li>\n<li><em><span style=\"font-size: 14pt\"><a href=\"http:\/\/www.digital.pintar-pintar.com\/books\/ebwp\/\" target=\"_blank\" rel=\"noopener noreferrer\"><strong>Deva y el pitin <\/strong>(Ester Garc\u00eda)<\/a><\/span><\/em><\/li>\n<li><em><span style=\"font-size: 14pt\"><a href=\"http:\/\/www.digital.pintar-pintar.com\/books\/srnr\/\" target=\"_blank\" rel=\"noopener noreferrer\"><strong>Y de repente march\u00f3 la lluz<\/strong>\u2026 de la lluna (Xavier Fr\u00edas)<\/a><\/span><\/em><\/li>\n<li><em><span style=\"font-size: 14pt\"><a href=\"http:\/\/www.digital.pintar-pintar.com\/bookcase\/combj\" target=\"_blank\" rel=\"noopener noreferrer\"><strong>Amorina Motosierra<\/strong> (Daniel Garc\u00eda Granda)\u2026 \u00faltimu<\/a><br \/>\n<\/span><\/em><\/li>\n<\/ul>\n<h3><em><span style=\"font-size: 14pt\"><span style=\"color: #ff0000\">Enllaz <a href=\"http:\/\/www.digital.pintar-pintar.com\/bookcase\/combj\" target=\"_blank\" rel=\"noopener noreferrer\">a la <strong>NUBETECA <\/strong>onde tan tolos cuentos. <\/a><\/span>Alg\u00fan ten\u00e9moslu na biblioteca de clase. Estos cuentos tienen un preciu de 5 \u20ac\/un na llibrer\u00eda.\u00a0 Accede<a href=\"https:\/\/www.youtube.com\/user\/PintarPintar\" target=\"_blank\" rel=\"noopener noreferrer\"> al canal de Youtube de Pintar-Pintar.<\/a><\/span><\/em><\/h3>\n<hr \/>\n<\/div>\n<\/div>\n<\/div>\n<\/div>\n<div id=\"post-140\" class=\"post\">\n<div class=\"entry\">\n<div id=\"post-141\" class=\"post\">\n<div class=\"entry\">\n<div id=\"post-142\" class=\"post\">\n<h2><a title=\"Leer 1 - 04-13\" href=\"http:\/\/blog.educastur.es\/ixuxullingua\/tarea\/1-primeru\/1-13-abril\/\" rel=\"bookmark\">1 &#8211; 04-13<\/a><span style=\"color: #800080\">\u00a0 Tarea\/Xera del 13-17 d\u00b4abril <\/span><\/h2>\n<div class=\"entry\">\n<p><span style=\"font-size: 14pt\">1) Lleer el cuentu <a href=\"https:\/\/drive.google.com\/file\/d\/1pnpsK3_4j7OJ_WRmsVI_TeQC0yJKrJ3b\/view?usp=sharing\" target=\"_blank\" rel=\"noopener noreferrer\"><span style=\"color: #800000\"><strong><em>\u201cQuiero salir\u201d<\/em><\/strong><\/span><u> n\u00b4asturianu<\/u><\/a>.\u00a0 <a href=\"https:\/\/drive.google.com\/file\/d\/1pnpsK3_4j7OJ_WRmsVI_TeQC0yJKrJ3b\/view?usp=sharing\" target=\"_blank\" rel=\"noopener noreferrer\">Clica equ\u00ed nesti enllaz.<\/a><\/span><\/p>\n<p><span style=\"font-size: 14pt\">2) Lleer el cuentu <a href=\"https:\/\/drive.google.com\/file\/d\/1lu-gSOu1jl3o1DPU9r4OGNc8Mo6xsxXU\/view?usp=sharing\" target=\"_blank\" rel=\"noopener noreferrer\"><span style=\"color: #800000\"><strong><em>\u201cQuiero salir\u201d<\/em><\/strong><\/span><u>en castellan<\/u><\/a>, pa entendelo meyor. <a href=\"https:\/\/drive.google.com\/file\/d\/1lu-gSOu1jl3o1DPU9r4OGNc8Mo6xsxXU\/view?usp=sharing\" target=\"_blank\" rel=\"noopener noreferrer\">Clica equ\u00ed nesti enllaz\u2026<\/a><\/span><\/p>\n<p><span style=\"font-size: 14pt\">3) <u>Responde <\/u>a les siguientes entrugues nuna fueya. Escribe col ll\u00e1piz bien cachau. Completa les frases.<\/span><\/p>\n<ul>\n<li><span style=\"font-size: 14pt\"><a href=\"https:\/\/drive.google.com\/file\/d\/1RQplMyLLqFgoFScQ4ogkF_rwgijRBb6I\/view?usp=sharing\" target=\"_blank\" rel=\"noopener noreferrer\">Descarga\u00b4l pdf<\/a><\/span><\/li>\n<li><span style=\"font-size: 14pt\"><a href=\"https:\/\/docs.google.com\/document\/d\/1e0NsQtpN6SLeOuIH8JQsA8Z5MKm-26Z8WwunoyHVjgg\/edit?usp=sharing\" target=\"_blank\" rel=\"noopener noreferrer\">Descarga\u00b4l Word<\/a><\/span><\/li>\n<li><span style=\"font-size: 14pt\"><em>\u00a0Si nun pues imprimir la fueya,<\/em><em><strong>copia solo les respuestes <\/strong>(les entrugues no).<\/em><\/span><\/li>\n<\/ul>\n<p><span style=\"font-size: 14pt\">4) <u>Dibuxa<\/u>, dempu\u00e9s de responder les entrugues, <u>c\u00f3mo imaxinas t\u00fa que ye el Bich\u00edn.<\/u> Dibuxa col ll\u00e1piz y collorea con collores (no retuladores).<\/span><\/p>\n<p><span style=\"font-size: 14pt\">5) <u>Escucha esti canciu <\/u>que fala de c\u00f3mo vamos pasar el domingu dentro de pocu\u2026<\/span><\/p>\n<p><span style=\"font-size: 14pt\">5.a)<strong><em><a href=\"https:\/\/www.youtube.com\/watch?time_continue=5&amp;v=R5dYgQeV3IM&amp;feature=emb_logo\" target=\"_blank\" rel=\"noopener noreferrer\">\u201cSenderismu\u201d <\/a><\/em><\/strong>(n\u00b4asturianu) <\/span><\/p>\n\n<!-- iframe plugin v.6.0 wordpress.org\/plugins\/iframe\/ -->\n<iframe loading=\"lazy\" width=\"588\" height=\"331\" src=\"https:\/\/www.youtube.com\/embed\/R5dYgQeV3IM\" scrolling=\"yes\" class=\"iframe-class\" frameborder=\"0\"><\/iframe>\n\n<p><span style=\"font-size: 14pt\">5.b) <strong><a href=\"https:\/\/www.youtube.com\/watch?v=v1ikDIi_4Vo\" target=\"_blank\" rel=\"noopener noreferrer\"><u><em>\u201cSenderismo\u201d <\/em><\/u><\/a><\/strong>(castellan)<\/span><\/p>\n\n<!-- iframe plugin v.6.0 wordpress.org\/plugins\/iframe\/ -->\n<iframe loading=\"lazy\" width=\"588\" height=\"331\" src=\"https:\/\/www.youtube.com\/embed\/v1ikDIi_4Vo\" scrolling=\"yes\" class=\"iframe-class\" frameborder=\"0\"><\/iframe>\n\n<p><span style=\"font-size: 14pt\">6) <a href=\"https:\/\/drive.google.com\/file\/d\/1A-EUGcunDjArp8L3baoFdnRQ9pRpvROV\/view?usp=sharing\" target=\"_blank\" rel=\"noopener noreferrer\">Premiu: ver <strong><em>\u201cEl drag\u00f3n Chef\u201d<\/em><\/strong><\/a><\/span><\/p>\n<p><span style=\"font-size: 14pt\">\n<!-- iframe plugin v.6.0 wordpress.org\/plugins\/iframe\/ -->\n<iframe loading=\"lazy\" width=\"588\" height=\"331\" src=\"https:\/\/www.youtube.com\/embed\/v1ikDIi_4Vo\" scrolling=\"yes\" class=\"iframe-class\" frameborder=\"0\"><\/iframe>\n<\/span><\/p>\n<p><span style=\"font-size: 14pt\"><a href=\"https:\/\/www.youtube.com\/results?sp=mAEB&amp;search_query=el+drafon+chef+asturiano\">Ver m\u00e1s cap\u00edtulos del Drag\u00f3n Chef<\/a><\/span><\/p>\n<p><span style=\"font-size: 14pt\"><em>\u00bfSabes?\u00a0 <u>Pintar-Pintar<\/u> a\u00f1adi\u00f3\u00b4l cuentu de <span style=\"color: #008000\"><strong>\u201cAmorina Motosierra\u201d<\/strong><\/span>a la Nubeteca. <a href=\"http:\/\/www.digital.pintar-pintar.com\/bookcase\/combj\" target=\"_blank\" rel=\"noopener noreferrer\">Si quies volver a velu, clic nesti enllaz. Ta casi al final de la biblioteca, el pen\u00faltimu\u2026<\/a><\/em><\/span><\/p>\n<p><span style=\"font-size: 14pt\"><em>An\u00edmate que ya queda menos pa que termine la cuarentena. <strong>Esti bichu nun pue con n\u00f3s! <\/strong><\/em><\/span><span style=\"font-size: 14pt\"><em>Abrazu candial \u2026 \u00a0 ISA <span style=\"color: #800080\"><strong>\u30c4<\/strong><\/span><\/em><\/span><\/p>\n<hr \/>\n<h3><span style=\"color: #333399\"><em>En Selmana Santa: (del 3 &#8211; 13 d\u00b4abril 2020): <\/em><em>descansar, xugar y tar tranquilinos en casina\u2026 <\/em><\/span><\/h3>\n<h3><span style=\"font-size: 14pt\">Ver video:<\/span> <a href=\"https:\/\/www.youtube.com\/watch?v=8r4Vs18vKO4\"><strong><em>TODO VA IR BIEN! <\/em><\/strong><\/a><span style=\"font-size: 14pt\">(<a href=\"https:\/\/muxotepotolobat.com\/\" target=\"_blank\" rel=\"noopener noreferrer\">@muxotepotolobat<\/a>)<\/span><\/h3>\n\n<!-- iframe plugin v.6.0 wordpress.org\/plugins\/iframe\/ -->\n<iframe loading=\"lazy\" width=\"588\" height=\"331\" src=\"https:\/\/www.youtube.com\/embed\/8r4Vs18vKO4\" scrolling=\"yes\" class=\"iframe-class\" frameborder=\"0\"><\/iframe>\n\n<p>&nbsp;<\/p>\n<hr \/>\n<div id=\"post-143\" class=\"post\">\n<h2><a title=\"Leer 1 - 04-17\" href=\"http:\/\/blog.educastur.es\/ixuxullingua\/tarea\/1-primeru\/1-04-17\/\" rel=\"bookmark\">1 &#8211; 04-17<\/a><em><span style=\"color: #000080\"> Tarea\/Xera del 20-24\u00a0 d\u00b4abril <\/span><\/em><\/h2>\n<div class=\"entry\">\n<p><em><span style=\"font-size: 14pt\">1)\u00a0 Lleer esti art\u00edculu<\/span><\/em><br \/>\n<em><span style=\"font-size: 14pt\">2) <a href=\"http:\/\/www.digital.pintar-pintar.com\/bookcase\/combj?fbclid=IwAR2JODnJN92gPVLnnU5z0QRa4gWqgQUVVyvIF-hZ1KnjBc2v4KReNma6D9s\" target=\"_blank\" rel=\"noopener noreferrer\">Leer el cuentu <span style=\"color: #800080\"><strong>\u201cBesos\u201d <\/strong><\/span>na Nubeteca de Pintar-Pintar<\/a><\/span><\/em><br \/>\n<em><span style=\"font-size: 14pt\">?<a href=\"https:\/\/l.facebook.com\/l.php?u=http%3A%2F%2Fwww.digital.pintar-pintar.com%2Fbookcase%2Fcombj%3Ffbclid%3DIwAR2JODnJN92gPVLnnU5z0QRa4gWqgQUVVyvIF-hZ1KnjBc2v4KReNma6D9s&amp;h=AT1M6Lk7xQZbqPO1hiz3aDHfx9Z8CLaah4Y7b-5-w5W8_SM8WDw3ik75x85-V8SHX-BpLd3OsXyTXTh54QSIEcA6u-OpFsq8En05Ccuc-ttIJOs46zWLg4RfutNQHlNkagUyxTfxXaY5p1DEbgmGyO0E6cTT3r2VpuiclMF6ZXacPR1P2hM-pTrb74fnXPBu1DNTvQQToS2YJKFzVBTEcw-e-9I1JMm8MuweLZkpUNNeGUISy_ivX3PrAe2_M9bjIGEmoRa0JFd5yD5mqsUKjA2YKpoNwgkr6r4IVAr31YZKSV4ycmQHxwiwh_xGj6HXdXqbtUw_hsJ3Pyu7d800AbAXAIh818PboeBOes1EJo0rsLXkw6mSIpeuBpHt_9iS6r5Ic1wQ9Z5W7EUMxXUot4JbkuV0Fogjy0Q5l37DBCe05DGd9KBkc4Zqp0ZEMHtH4Zbgk-zfzOKY5lgFNEENKm3uFjVcwTm4eKdIQDlVSTFlea8RyMp6jQpq1lsoLgnRV2oIV1aUujlf3juMr0wx-0sghxDOWdg3UbL3c9J73Z1vB8WFXoPzUzn9EmE5ALx-q5Pg2CH_D0l6oqocmdQaUPe4OV8RsYqRy1eTB0d2PqxUzJFcBxAfNQ\" target=\"_blank\" rel=\"noopener nofollow noreferrer\">http:\/\/www.digital.pintar-pintar.com\/bookcase\/combj<\/a><\/span><\/em><\/p>\n<p><em><span style=\"font-size: 14pt\"><span style=\"color: #800080\"><strong>Nun hai que facer activid\u00e1es!\u00a0 <span style=\"color: #000080\">Unv\u00edovos un besu bien grande!!\u00a0\u00a0<\/span><\/strong><\/span><\/span><\/em><\/p>\n<p><em><span style=\"font-size: 14pt\"><span style=\"color: #800080\"><strong><span style=\"color: #000080\">\u00a0 <\/span><img loading=\"lazy\" decoding=\"async\" class=\"\" src=\"https:\/\/static6.depositphotos.com\/1002575\/643\/i\/450\/depositphotos_6435759-stock-photo-take-my-heart.jpg\" width=\"139\" height=\"139\" \/> \u00a0\u00a0 <\/strong><\/span>Art\u00edculu: <\/span><a href=\"http:\/\/blog.educastur.es\/ixuxullingua\/2020\/04\/13\/dia-del-besu\/\" target=\"_blank\" rel=\"noopener noreferrer\"><span style=\"color: #800080\"><strong><span style=\"font-size: 14pt\">D\u00eda Internacional del besu<\/span> <\/strong><\/span><\/a><\/em><\/p>\n<h4><em>El besu tami\u00e9n tien el so d\u00eda nel calendariu. El <u><span style=\"color: #003366\">D\u00eda Internacional del Besu<\/span><\/u>, cel\u00e9brase\u2019l\u00a0 <strong><span style=\"color: #003366\">13 d\u2019abril <\/span><\/strong>como un homenaxe al besu\u00a0 de <\/em><em>m\u00e1s llarga duraci\u00f3n que se rexistr\u00f3 na hestoria, que tuvo llugar en <span style=\"color: #0000ff\">Tailandia <\/span>para conmemorar el D\u00eda de San Valent\u00edn. <\/em><a href=\"https:\/\/s4.thingpic.com\/images\/8k\/bsm9jMQtC1nfxkYTnD1yL25x.jpeg\" target=\"_blank\" rel=\"noopener noreferrer\"><u><em>Ver mapa de Tailandia <\/em><\/u><\/a><\/h4>\n<h4><em>Am\u00e1s, esta fecha ye un recordatoriu de la importancia que tien el besu para les relaciones humanes.\u00a0 <\/em><em><strong>Hestoria del besu:<\/strong>\u00a0 <\/em><em>Hai munches teor\u00edes rellacionaes col orixe del besu. Cr\u00e9ese que tou empez\u00f3 como result\u00e1u de la lactancia o quiciabes muncho m\u00e1s tras, cuando los<span style=\"color: #008000\"><strong> hom\u00ednidos <\/strong><\/span>caminaben pel mundu y ten\u00eden qu\u2019alimentar les sos cr\u00edes al travi\u00e9s de la boca.<\/em><\/h4>\n<p><img loading=\"lazy\" decoding=\"async\" class=\"\" src=\"https:\/\/myfitsession.fr\/wp-content\/uploads\/2019\/05\/shutterstock_105993995.jpg\" width=\"454\" height=\"188\" \/><\/p>\n<p><em>Pero les muestres m\u00e1s antig\u00fces del besu\u00a0 y de los cualos hai prueba hasta g\u00fcei, provienen del oriente, espec\u00edficamente\u00a0 de la rex\u00f3n de La India, onde s\u2019atoparon tallaes en piedra, dientro de dellos templos, delles figures de seres realizando esta pr\u00e1ctica.<\/em><\/p>\n<p><a href=\"https:\/\/blog.teacollection.com\/wp-content\/uploads\/2015\/05\/Map-of-India.jpg\" target=\"_blank\" rel=\"noopener noreferrer\"><img loading=\"lazy\" decoding=\"async\" class=\"\" src=\"https:\/\/blog.teacollection.com\/wp-content\/uploads\/2015\/05\/Map-of-India.jpg\" width=\"369\" height=\"304\" \/><em>vela grande<\/em><\/a><\/p>\n<hr \/>\n<h2><a title=\"Leer 1 - 04-24\" href=\"http:\/\/blog.educastur.es\/ixuxullingua\/tarea\/1-primeru\/1-04-24\/\" rel=\"bookmark\">1 &#8211; 04-24<\/a><span style=\"color: #800080\"> Tarea del 24 d\u00b4abril (del 27 al 30) <\/span><\/h2>\n<div class=\"entry\">\n<p><img loading=\"lazy\" decoding=\"async\" class=\"\" src=\"https:\/\/www-saladepeligro-com.exactdn.com\/wp-content\/uploads\/2020\/04\/juvenil-destc-640x360.jpg?strip=all&amp;lossy=1&amp;quality=80&amp;ssl=1\" width=\"373\" height=\"210\" \/><\/p>\n<p><em><span style=\"font-size: 14pt\">Esta selmana cellebramos un d\u00eda perimportante el <span style=\"color: #800080\"><strong>D\u00eda Internacional del Llibru, <\/strong><span style=\"color: #000000\">data relevante\u00a0 nes <a href=\"https:\/\/educastur-my.sharepoint.com\/personal\/corredoria3_educastur_org\/_layouts\/15\/onedrive.aspx?originalPath=aHR0cHM6Ly9lZHVjYXN0dXItbXkuc2hhcmVwb2ludC5jb20vOmY6L2cvcGVyc29uYWwvY29ycmVkb3JpYTNfZWR1Y2FzdHVyX29yZy9FcWxNZUZNREN1dEFwbWp2bUtoMlVlSUJLZmJQR2Z0QmlrZGRKaUFPWGdnYXN3P3J0aW1lPU9DUDlxV3ZWMTBn&amp;id=%2Fpersonal%2Fcorredoria3%5Feducastur%5Forg%2FDocuments%2FTAREAS%5FALUMNADO%20CP%20CARMEN%20RUIZ%2DTILVE%2FEDUCACI%C3%93N%20PRIMARIA%5FCP%20CARMEN%20RUIZ%2DTILVE%2F3er%20Trimestre\" target=\"_blank\" rel=\"noopener noreferrer\"><u>Programaciones del Colexu<\/u><\/a> y onde preparamos delles activid\u00e1es prestoses en torno al llibru. <a href=\"https:\/\/educastur-my.sharepoint.com\/personal\/corredoria3_educastur_org\/_layouts\/15\/onedrive.aspx?originalPath=aHR0cHM6Ly9lZHVjYXN0dXItbXkuc2hhcmVwb2ludC5jb20vOmY6L2cvcGVyc29uYWwvY29ycmVkb3JpYTNfZWR1Y2FzdHVyX29yZy9FcWxNZUZNREN1dEFwbWp2bUtoMlVlSUJLZmJQR2Z0QmlrZGRKaUFPWGdnYXN3P3J0aW1lPU9DUDlxV3ZWMTBn&amp;id=%2Fpersonal%2Fcorredoria3%5Feducastur%5Forg%2FDocuments%2FTAREAS%5FALUMNADO%20CP%20CARMEN%20RUIZ%2DTILVE%2FEDUCACI%C3%93N%20PRIMARIA%5FCP%20CARMEN%20RUIZ%2DTILVE%2F3er%20Trimestre\" target=\"_blank\" rel=\"noopener noreferrer\">(Web)<\/a><\/span><\/span><\/span><\/em><\/p>\n<ul>\n<li><em><span style=\"font-size: 14pt\"><a href=\"http:\/\/blog.educastur.es\/ixuxullingua\/2020\/03\/21\/dia-mundial-de-la-poesia-infantiles\/\" target=\"_blank\" rel=\"noopener noreferrer\"><strong>D\u00eda de la Poes\u00eda (Infantil) <\/strong><\/a>1\u00ba2\u00ba3\u00ba4\u00ba<\/span><\/em><\/li>\n<li><em><span style=\"font-size: 14pt\"><a href=\"http:\/\/blog.educastur.es\/ixuxullingua\/2020\/03\/21\/dia-mundial-de-la-poesia\/\" target=\"_blank\" rel=\"noopener noreferrer\"><strong>D\u00eda de la Poes\u00eda (Xuvenil)<\/strong><\/a> 5\u00ba6\u00ba<\/span><\/em><\/li>\n<li><em><span style=\"font-size: 14pt\"><a href=\"http:\/\/blog.educastur.es\/ixuxullingua\/2020\/04\/22\/dia-internacional-del-llibru\/\" target=\"_blank\" rel=\"noopener noreferrer\"><strong>D\u00eda del Llibru <\/strong><\/a><\/span><\/em><\/li>\n<\/ul>\n<p><em><span style=\"font-size: 14pt\"><span style=\"color: #800080\"><u>Prop\u00f3ngovos dos activid\u00e1es:\u00a0 <\/u><\/span><strong>1) Lleer y escuchar poemes n\u00b4asturianu <\/strong>(el 21 de marzu foi D\u00eda de la Poes\u00eda = ver)<\/span><\/em><\/p>\n<p><em><span style=\"font-size: 14pt\"><strong>2) Completar una ficha de llectura <\/strong><strong>d\u00b4un llibru que vos preste,<\/strong> que teng\u00e1is por casa y recomend\u00e9is lleer a los coll\u00e1cios de clase. <a href=\"https:\/\/drive.google.com\/file\/d\/1jSI0Ta1Kgo5VnaCXy4ICnm75dc9snGyl\/view?usp=sharing\" target=\"_blank\" rel=\"noopener noreferrer\"><u><span style=\"color: #800080\">Descargar equ\u00ed o copiar la ficha de llectura. <\/span><\/u><\/a><\/span><\/em><em><span style=\"font-size: 14pt\"><strong>Esta fichina hai que guardala<\/strong> pa traer\u00a0 en setiembre ya que <u>vamos facer un ficheru<\/u>. Da igual que seyan llibros en castell\u00e1n que n\u00b4asturianu. Si ye n\u00b4asturianu meyor pero si nun\u00a0 ten\u00e9is neng\u00fan en casina, val en castell\u00e1n.<\/span><\/em><\/p>\n<h3><span style=\"color: #cc99ff\"><strong><em><span style=\"color: #333399\">POEMES PA LLEER y ESFRUTAR : <\/span><\/em><\/strong><\/span><span style=\"color: #ffffff\">\u2026\u2026POE<\/span><\/h3>\n<ul>\n<li><span style=\"font-size: 14pt\"><span style=\"color: #333399\"><strong><em>\u201cArroz, agua y maiz\u201d<\/em><\/strong><\/span>\u00a0 (castellano)<\/span><\/li>\n<li><span style=\"font-size: 14pt\"><span style=\"color: #333399\"><strong><em>\u201cMen\u00fa de versos\u201d<\/em><\/strong><\/span> (castellano)<\/span><\/li>\n<li><span style=\"font-size: 14pt\"><span style=\"color: #333399\"><strong><em>\u201cEl poema que cay\u00f3 a la mar\u201d<\/em><\/strong><\/span> (castellano)<\/span><\/li>\n<li><span style=\"font-size: 14pt\"><span style=\"color: #333399\"><strong><em>\u201cBolso de niebla\u201d<\/em><\/strong><\/span> (castellano)<\/span><\/li>\n<li><span style=\"font-size: 14pt\"><span style=\"color: #333399\"><em><strong>\u201cVersos d\u00b4Asturies\u201d <\/strong><\/em><\/span>(asturiano)<\/span><\/li>\n<li><span style=\"font-size: 14pt\"><span style=\"color: #333399\"><strong><em>\u201cVersonaxes\u201d <\/em><\/strong><\/span>(asturiano)<\/span><\/li>\n<li><span style=\"font-size: 14pt\"><span style=\"color: #333399\"><strong><em>\u201cQuiero ser arcuiris\u201d<\/em><\/strong><\/span> (asturiano)<\/span><\/li>\n<\/ul>\n<p><a href=\"https:\/\/www.youtube.com\/watch?v=ZWCX5GPT6Ds\" target=\"_blank\" rel=\"noopener noreferrer\"><span style=\"font-size: 14pt\">\u00a0Poema:<strong><em> \u201cYera un barcu vieyu\u201d \u00a0<\/em><\/strong><\/span><\/a><span style=\"font-size: 14pt\"><em><u>Autora:<\/u><\/em><strong><em> Mar\u00eda Garc\u00eda Esper\u00f3n\u00a0\u00a0 <\/em><\/strong><em><u>M\u00fasica:<\/u> Yanni\u00a0\u00a0\u00a0 <\/em>Torna al asturianu: Katia Collado Manase\u00a0\u00a0 (CP Guill\u00e9n Lafuerza d\u00b4Uvi\u00e9u).<\/span><\/p>\n<p><span style=\"font-size: 14pt\">\n<!-- iframe plugin v.6.0 wordpress.org\/plugins\/iframe\/ -->\n<iframe loading=\"lazy\" width=\"588\" height=\"331\" src=\"https:\/\/www.youtube.com\/embed\/ZWCX5GPT6Ds\" scrolling=\"yes\" class=\"iframe-class\" frameborder=\"0\"><\/iframe>\n<\/span><\/p>\n<p>&nbsp;<\/p>\n<ul>\n<li><span style=\"font-size: 14pt\">Poema: <a href=\"https:\/\/drive.google.com\/file\/d\/1yO1dAoLY-W93HDPL3_AXiBBWaWlt_0Tv\/view?usp=sharing\" target=\"_blank\" rel=\"noopener noreferrer\"><strong><em>\u201cLa lluna namorada\u201d<\/em><\/strong><\/a><\/span><\/li>\n<li><span style=\"font-size: 14pt\">Poema: <a href=\"https:\/\/drive.google.com\/file\/d\/14hfbw18pommghaExuSzE2zHps46qfjV-\/view?usp=sharing\" target=\"_blank\" rel=\"noopener noreferrer\"><strong><em>\u201cAl son del branu\u201d <\/em><\/strong><\/a><\/span><\/li>\n<li>\n<p align=\"left\"><span style=\"font-size: 14pt\">Poema: <strong><em><a href=\"https:\/\/www.youtube.com\/watch?v=uQVf4wVDN8k\" target=\"_blank\" rel=\"noopener noreferrer\">\u201cEl sapu y la lluna\u201d<\/a><\/em><\/strong><\/span><\/p>\n<\/li>\n<\/ul>\n<p><span style=\"font-size: 14pt\">\n<!-- iframe plugin v.6.0 wordpress.org\/plugins\/iframe\/ -->\n<iframe loading=\"lazy\" width=\"588\" height=\"331\" src=\"https:\/\/www.youtube.com\/embed\/uQVf4wVDN8k\" scrolling=\"yes\" class=\"iframe-class\" frameborder=\"0\"><\/iframe>\n<\/span><\/p>\n<p>&nbsp;<\/p>\n<ul>\n<li>\n<p align=\"left\"><span style=\"font-size: 14pt\"><em><strong><u>Poema <\/u><span style=\"color: #0000ff\">\u201cEl barcu\u201d<\/span><\/strong><\/em><em><u> Autor:<\/u><\/em>Urbano Rodr\u00edguez<\/span><\/p>\n<\/li>\n<\/ul>\n<p><span style=\"color: #0000ff;font-size: 14pt\"><em>Cola bandera nel aire<br \/>\nmarcha\u00b4l barcu pela mar,<br \/>\nafal\u00e1guenlu gaviotes<br \/>\nque nun dexen d\u00b4esnalar.<\/em><\/span><\/p>\n<p><span style=\"color: #0000ff;font-size: 14pt\"><em>A\u00f1eren nel so crua-crua<br \/>\ny naguando dir pa la mar,<br \/>\nlos enfotos que nel cai<br \/>\nSon sospiros, son cantar. <\/em><\/span><\/p>\n<p><span style=\"color: #0000ff;font-size: 14pt\"><em>LLantada la quilla n\u00b4agua<br \/>\ny fraciendo la mar na met\u00e1,<br \/>\ncola bandera nel aire<br \/>\nMarcha\u00b4l barcu pela mar.<\/em><\/span><\/p>\n<p><span style=\"font-size: 14pt\">* afal\u00e1guenlu: lo halagan<\/span><br \/>\n<span style=\"font-size: 14pt\">* esnalar: volar<\/span><br \/>\n<span style=\"font-size: 14pt\">* a\u00f1eren: hacen nidos<\/span><br \/>\n<span style=\"font-size: 14pt\">* naguando: deseando<\/span><br \/>\n<span style=\"font-size: 14pt\">* enfotos: golpean fuerte<\/span><br \/>\n<span style=\"font-size: 14pt\">* cai: muelle<\/span><br \/>\n<span style=\"font-size: 14pt\">* llantada: metida\/plantada<\/span><br \/>\n<span style=\"font-size: 14pt\">* quilla: pieza de un barco<\/span><br \/>\n<span style=\"font-size: 14pt\">* fraciendo: cortando<\/span><br \/>\n<span style=\"font-size: 14pt\">* met\u00e1: mitad<\/span><\/p>\n<\/div>\n<hr \/>\n<h2><a title=\"Leer 1 - 05-04\" href=\"http:\/\/blog.educastur.es\/ixuxullingua\/tarea\/1-primeru\/1-05-04\/\" rel=\"bookmark\">1 &#8211; 05-04<\/a><span style=\"color: #800080\"><strong><em> ESTA\u00a0 SELMANA <\/em><\/strong><\/span><span style=\"color: #800080\"><strong><em>NUN\u00a0 HAI\u00a0 TAREA<\/em><\/strong><\/span><\/h2>\n<div class=\"entry\">\n<p><span style=\"font-size: 14pt\"><strong><em>D\u00e9xovos unos poemes pa lleer a la ma. <\/em><\/strong>El domingu 3 de mayu ye\u00b4l<span style=\"color: #800080\"><strong><em> D\u00eda de la ma. <\/em><\/strong><\/span><u><em>Esfrut\u00e1ilu en familia\u2026 <\/em><\/u><span style=\"color: #800080\"><strong><em>Pa cellebralo, dos poemes perguapos:<\/em><\/strong><\/span><\/span><\/p>\n<p><span style=\"font-size: 14pt\">\u00dan poema d\u00b4<span style=\"color: #800080\">Aurelio Gonz\u00e1lez Ovies<\/span>, espubliz\u00e1o nel so bloque: <a href=\"http:\/\/hazmemagiaotravez.blogspot.com\/\" target=\"_blank\" rel=\"noopener noreferrer\"><span style=\"color: #800080\"><u><em>Hazme magia otra vez.<\/em><\/u><\/span><\/a> Voz: <a href=\"https:\/\/www.youtube.com\/watch?time_continue=239&amp;v=ArE4dvUHYOQ&amp;feature=emb_logo\" target=\"_blank\" rel=\"noopener noreferrer\"><em>Mar\u00eda Garc\u00eda Esper\u00f3n <\/em><\/a><\/span><\/p>\n<p><span style=\"font-size: 14pt\">\n<!-- iframe plugin v.6.0 wordpress.org\/plugins\/iframe\/ -->\n<iframe loading=\"lazy\" width=\"588\" height=\"331\" src=\"https:\/\/www.youtube.com\/embed\/ArE4dvUHYOQ\" scrolling=\"yes\" class=\"iframe-class\" frameborder=\"0\"><\/iframe>\n<\/span><\/p>\n<h3><span style=\"color: #800080\"><em><u>Un poema a todas<br \/>\nlas madres que existen<\/u>,<br \/>\na las que nos peinan<br \/>\ny a las que nos visten.<\/em><\/span><\/h3>\n<h3><span style=\"color: #800080\"><em>Un poema a todas<br \/>\nlas madres del mundo<br \/>\nporque hacen milagros<br \/>\nde un guisante crudo.<\/em><\/span><\/h3>\n<h3><span style=\"color: #800080\"><em>A las que aunque est\u00e9n<br \/>\ncon fiebre y anginas,<br \/>\nnos fr\u00eden abrazos<br \/>\ny asan sonrisas.<\/em><\/span><\/h3>\n<h3><span style=\"color: #800080\"><em>A las que de siempre<br \/>\nnos quieren ya tanto<br \/>\nque rebosan sue\u00f1os<br \/>\nmientras tragan llanto.<\/em><\/span><\/h3>\n<h3><span style=\"color: #800080\"><em>A las que del pez<br \/>\nfiero de la vida<br \/>\nnos sacan la carne<br \/>\ny comen la espina.<\/em><\/span><\/h3>\n<h3><span style=\"color: #800080\"><em>A las que envejecen<br \/>\ncon grietas y grumos<br \/>\nde exprimirse a diario<br \/>\npara hacernos zumos.<\/em><\/span><\/h3>\n<h3><span style=\"color: #800080\"><em>A las que ya est\u00e1n<br \/>\nsobre nuestra cuna<br \/>\nborrando la noche<br \/>\ny pintando lunas.<\/em><\/span><\/h3>\n<h3><span style=\"color: #800080\"><em>A las que nos cubren,<br \/>\ndefienden y abrazan<br \/>\nincluso si duermen,<br \/>\nincluso si faltan.<\/em><\/span><\/h3>\n<h3><span style=\"color: #800080\"><em>A las que los a\u00f1os<br \/>\ncasi se les pasan<br \/>\nentre planchar fuerzas<br \/>\ny limpiar la casa.<\/em><\/span><\/h3>\n<h3><span style=\"color: #800080\"><em>Un poema a todas<br \/>\nestas siemprevivas<br \/>\nque sirven de fuelle<br \/>\ny aguantan de viga.<\/em><\/span><\/h3>\n<h3><span style=\"color: #800080\"><em>Un gracias a todas<br \/>\nestas madres nuestras<br \/>\nque son cocineras,<br \/>\nmodistas, maestras;<br \/>\ny adornan bizcochos<br \/>\no administran cuentas<br \/>\ny trenzan toquillas<br \/>\no zurcen sorpresas.<\/em><\/span><\/h3>\n<h3><span style=\"color: #800080\"><em>A las que a\u00fan est\u00e1n<br \/>\no son ya estrellas.<\/em><\/span><\/h3>\n<p><em>\u00a9Aurelio Gonz\u00e1lez Ovies<\/em><\/p>\n<p>&nbsp;<\/p>\n<h4>\u00dan poema d\u00b4<a href=\"https:\/\/elguardiandelalluvia.wordpress.com\/2018\/09\/15\/336\/\" target=\"_blank\" rel=\"noopener noreferrer\">Elvira Laruelo<\/a> espubliz\u00e1o nel b<a href=\"https:\/\/lunalectora.blogspot.com\/2019\/04\/como-me-hice-feminista-una-genealogia_1.html\" target=\"_blank\" rel=\"noopener noreferrer\"><span style=\"color: #000000\">log<\/span> \u201c<em><strong>Lluna llectora<\/strong><\/em>\u201d <span style=\"color: #000000\">del Institutu.<\/span><\/a><\/h4>\n<p align=\"left\">\u00a0<span style=\"color: #800080;font-size: 14pt\"><strong><em><u>\u201cPavor\u201d<\/u><\/em><\/strong><\/span><\/p>\n<h3 align=\"left\"><span style=\"color: #800080;font-size: 14pt\"><strong> <em>Nun soi quien a escribite un poema,<br \/>\nma.<\/em><\/strong><\/span><\/h3>\n<h3 align=\"left\"><span style=\"color: #800080;font-size: 14pt\"><strong><em>Llevo tiempu intent\u00e1ndolo<br \/>\ny nun lo consigo,<br \/>\ncon toles bobaes pa les que tengo<br \/>\nunos versos ad hoc\u2026<\/em><\/strong><\/span><\/h3>\n<h3 align=\"left\"><span style=\"color: #800080;font-size: 14pt\"><strong><em>Nun soi quien a escribite un poema,<br \/>\nma.<\/em><\/strong><\/span><\/h3>\n<h3 align=\"left\"><span style=\"color: #800080;font-size: 14pt\"><strong><em>Si\u00e9ntome mal por ello,<br \/>\npero nun s\u00e9 dicite de forma<br \/>\norixinal, hiperb\u00f3lica,<br \/>\nsuperlativa y ll\u00edrica:<br \/>\nGracies.<\/em><\/strong><\/span><\/h3>\n<h3 align=\"left\"><span style=\"color: #800080;font-size: 14pt\"><strong><em>Qui\u00e9rote.<\/em><\/strong><\/span><\/h3>\n<h3 align=\"left\"><span style=\"color: #800080;font-size: 14pt\"><strong><em>Siento pavor a esconsonar un d\u00eda<br \/>\ny que nun teas.<\/em><\/strong><\/span><\/h3>\n<hr \/>\n<div id=\"post-146\" class=\"post\">\n<h2><a title=\"Leer 1 - 05-08\" href=\"http:\/\/blog.educastur.es\/ixuxullingua\/tarea\/1-primeru\/1-05-08\/\" rel=\"bookmark\">1 &#8211; 05-08<\/a><span style=\"color: #800080\"><strong><em> TAREA\u00a0 DEL\u00a0 8\u00a0 DE\u00a0 MAYU<\/em><\/strong><\/span><span style=\"color: #800080\"><strong><em><br \/>\n<a href=\"https:\/\/drive.google.com\/file\/d\/1QbdQhqeYhT6nmXHhrd2NYO9kBoU2BFVT\/view?usp=sharing\" target=\"_blank\" rel=\"noopener noreferrer\">CONSULTAR HOJA WEB COLE <\/a><\/em><\/strong><\/span><\/h2>\n<h2><span style=\"color: #800080\"><strong><em>Tema: \u201cTraxe tradicional\u201d.<\/em><\/strong><\/span><img loading=\"lazy\" decoding=\"async\" src=\"https:\/\/yt3.ggpht.com\/a\/AATXAJw7DWVaeeT8Xf2YN9IkDE6rJ_9YxVhWB6GJCg=s100-c-k-c0xffffffff-no-rj-mo\" width=\"100\" height=\"100\" \/><\/h2>\n<h2><u><em><strong><span style=\"color: #003300\">Asociaci\u00f3n Escontra\u00b4l\u00a0 Raiga\u00f1u. <\/span><\/strong><\/em><\/u><\/h2>\n<div class=\"entry\">\n<ul>\n<li><a href=\"https:\/\/www.youtube.com\/watch?v=REnVBZ-kXUo\" target=\"_blank\" rel=\"noopener noreferrer\"><u><em><strong><span style=\"font-size: 14pt\">Ver v\u00eddeu bailando l\u00b4Alredore<\/span><\/strong><\/em><\/u><\/a><\/li>\n<\/ul>\n<p><span style=\"font-size: 14pt\">\n<!-- iframe plugin v.6.0 wordpress.org\/plugins\/iframe\/ -->\n<iframe loading=\"lazy\" width=\"588\" height=\"331\" src=\"https:\/\/www.youtube.com\/embed\/REnVBZ-kXUo\" scrolling=\"yes\" class=\"iframe-class\" frameborder=\"0\"><\/iframe>\n<\/span><\/p>\n<p>&nbsp;<\/p>\n<ul>\n<li><span style=\"font-size: 14pt\"><a href=\"https:\/\/www.youtube.com\/watch?v=W5iXabqk2-M\" target=\"_blank\" rel=\"noopener noreferrer\"><u><em><strong>Ver v\u00eddeu na Seronda d\u00b4Aviles.<\/strong><\/em><\/u><\/a><\/span><\/li>\n<\/ul>\n<p>&nbsp;<\/p>\n<p style=\"text-align: center\"><span style=\"font-size: 14pt\">\n<!-- iframe plugin v.6.0 wordpress.org\/plugins\/iframe\/ -->\n<iframe loading=\"lazy\" width=\"588\" height=\"331\" src=\"https:\/\/www.youtube.com\/embed\/W5iXabqk2-M\" scrolling=\"yes\" class=\"iframe-class\" frameborder=\"0\"><\/iframe>\n<\/span><\/p>\n<p>&nbsp;<\/p>\n<p><span style=\"font-size: 14pt\"><strong>La forma de vistir de la xente foi cambiando colos a\u00f1os. <\/strong>Lo que conocemos como <strong><em><span style=\"color: #800000\">\u201cTraxe tradicional\u201d<\/span><\/em><\/strong>ye\u00b4l conxuntu de ropa que ten\u00eden los antepasaos asturianos nos sieglos XVIII y XIX.<\/span><\/p>\n<p><span style=\"font-size: 14pt\">N\u00b4acabando esa \u00e9poca por la industrializaci\u00f3n y les f\u00e1briques de ropa, <strong>la moda igual\u00f3se en tol mundu y xeneraliz\u00e1ronse les formes de vistimenta. <\/strong><\/span><span style=\"font-size: 14pt\">Los materiales m\u00e1s us\u00e1os yeren el llinu (lino) y la llana (lana), que se produc\u00eden nel propiu llar, onde tami\u00e9n se trabayaba pa iguar (hacer \/ coser) la ropa. Los colores consigu\u00edense cociendo y xuntando colores.<\/span><\/p>\n<p><span style=\"font-size: 14pt\"><span style=\"color: #800000\"><strong><em>TAREA 1)<\/em><\/strong><\/span> <span style=\"color: #800000\">Calca nes im\u00e1xenes pa ver en grande los cartelos. <strong>Fai un list\u00e1u <\/strong>(nuna fueya) <strong>de ropa de la muyer\u00a0 del home. <\/strong>Pues escribilos en may\u00fascula o copialos en min\u00fascula\u2026<\/span><\/span><\/p>\n<ul>\n<li><span style=\"font-size: 14pt\"><a href=\"https:\/\/drive.google.com\/file\/d\/1WtuMUfc8wjSmhEieMjJzxHsbtRXmN_ze\/view?usp=sharing\" target=\"_blank\" rel=\"noopener noreferrer\"><strong><em>Traxe muyer <\/em><\/strong>(calca pa ver ampli\u00e1u) <\/a><\/span><\/li>\n<li><span style=\"font-size: 14pt\"><a href=\"https:\/\/drive.google.com\/file\/d\/1JUM-hdC27drfw_rWBjXlk9SZUwbqkSsP\/view?usp=sharing\" target=\"_blank\" rel=\"noopener noreferrer\"><strong><em>Traxe home <\/em><\/strong>(calca pa ver ampli\u00e1u) <\/a><\/span><\/li>\n<\/ul>\n<p>&nbsp;<\/p>\n<ul>\n<li><span style=\"color: #800000\"><u><span style=\"font-size: 14pt\"><strong><em>Tarea 2: Opcional y voluntaria, si quies. An\u00edmote a facela, que ye prestosa. <\/em><\/strong><\/span><span style=\"color: #000000\"><span style=\"font-size: 14pt\">Dibuxa con ll\u00e1piz y colorea con colores un traxe asturianu, de home o de muyer, el que m\u00e1s te preste, el que prefieras\u2026<\/span> <\/span><\/u><\/span><\/li>\n<\/ul>\n<hr \/>\n<div id=\"post-147\" class=\"post\">\n<h2><a title=\"Leer 1 - 05-15\" href=\"http:\/\/blog.educastur.es\/ixuxullingua\/tarea\/1-primeru\/1-05-15\/\" rel=\"bookmark\">1 &#8211; 05-15<\/a><span style=\"color: #993300\"><strong><em> TAREA del 15 de mayu (18 al 22)<br \/>\n<\/em><\/strong><\/span><span style=\"font-size: 14pt\">Esta selmana vamos ver<span style=\"color: #993300\"><strong><em> \u201cLa casa\u201d <\/em><\/strong><\/span>y les sos partes.<\/span><\/h2>\n<div class=\"entry\">\n<ul>\n<li><a href=\"https:\/\/drive.google.com\/file\/d\/1YkRjPLjNUfNvtUIL1ncIld5Umf9zdzo1\/view?usp=sharing\" target=\"_blank\" rel=\"noopener noreferrer\">Calca pa ver el\u00a0 <strong><em>\u201cVocabulariu de la casa\u201d <\/em><\/strong><\/a><\/li>\n<li><u><em><span style=\"color: #993300\">TAREA 1<\/span><\/em><\/u><strong><em><span style=\"color: #993300\">: Dibuxar el to cuartu<\/span><\/em><\/strong><em>y pon nome (ll\u00e1piz) <\/em><em>a les coses que tienes.<\/em><u><em>Failo nuna fueya en apaisao, horizontal. Color\u00e9alo con los colores verdaderos que tienen\u2026 <\/em><\/u><\/li>\n<\/ul>\n<p><a href=\"https:\/\/www.educima.com\/dibujo-para-colorear-dormitorio-dm25998.jpg\" target=\"_blank\" rel=\"noopener noreferrer\"><img loading=\"lazy\" decoding=\"async\" class=\"\" src=\"https:\/\/www.educima.com\/dibujo-para-colorear-dormitorio-dm25998.jpg\" width=\"501\" height=\"355\" border=\"1\" \/><\/a><\/p>\n<ul>\n<li><a href=\"https:\/\/drive.google.com\/file\/d\/1VuAzBkSl7iBYE3ntlQ1XIzLJZ1DCz5F3\/view?usp=sharing\" target=\"_blank\" rel=\"noopener noreferrer\"><span style=\"font-size: 14pt\">Entrada<\/span><\/a><\/li>\n<li><span style=\"font-size: 14pt\"><a href=\"https:\/\/drive.google.com\/file\/d\/1JHzTd-Rqt9rt4Aql_U53iZYvrDCS6uP-\/view?usp=sharing\" target=\"_blank\" rel=\"noopener noreferrer\">Cocina1 <\/a>y <a href=\"https:\/\/drive.google.com\/file\/d\/1W9_nJdqbABVZwM8-5PHk2v1JkQ3mZsuY\/view?usp=sharing\" target=\"_blank\" rel=\"noopener noreferrer\">Cocina2 <\/a><\/span><\/li>\n<li><span style=\"font-size: 14pt\"><a href=\"https:\/\/drive.google.com\/file\/d\/1NvmZmUA4L4KqJ7VlmJDYnN-jRq_GOcon\/view?usp=sharing\" target=\"_blank\" rel=\"noopener noreferrer\">Salita<\/a><\/span><\/li>\n<li><span style=\"font-size: 14pt\"><a href=\"https:\/\/drive.google.com\/file\/d\/1h3NCsY7GmyI7-lSqYbnrTEDuvT9gHeGO\/view?usp=sharing\" target=\"_blank\" rel=\"noopener noreferrer\">Cuartu ba\u00f1u<\/a><\/span><\/li>\n<li><span style=\"font-size: 14pt\"><a href=\"https:\/\/drive.google.com\/file\/d\/17yYjppsDm2yZvniB-8jH5ONBxSDp99Ju\/view?usp=sharing\" target=\"_blank\" rel=\"noopener noreferrer\"><em><strong>Cuartu <\/strong><\/em><\/a><\/span><\/li>\n<li><span style=\"font-size: 14pt\"><em><strong><a href=\"https:\/\/i.pinimg.com\/originals\/38\/33\/bb\/3833bbcd4998029d855c07ca95b8e182.gif\" target=\"_blank\" rel=\"noopener noreferrer\">Si nun sabes qu\u00e9 ye un cuartu, calca y mira<\/a><\/strong><a href=\"https:\/\/i.pinimg.com\/originals\/38\/33\/bb\/3833bbcd4998029d855c07ca95b8e182.gif\" target=\"_blank\" rel=\"noopener noreferrer\">Esti ye un cuartu mui famosu, d\u00b4un pintorde<\/a><\/em><em><a href=\"https:\/\/i.pinimg.com\/originals\/38\/33\/bb\/3833bbcd4998029d855c07ca95b8e182.gif\" target=\"_blank\" rel=\"noopener noreferrer\"> cuadros, d\u00b4un artista\u2026 <strong>\u00bfSabes el so nome?\u00a0<\/strong><\/a><\/em><em><a href=\"https:\/\/i.pinimg.com\/originals\/38\/33\/bb\/3833bbcd4998029d855c07ca95b8e182.gif\" target=\"_blank\" rel=\"noopener noreferrer\"><strong>\u00bfSabr\u00edes dicir qu\u00e9 coses ves nesi cuartu?\u00a0<\/strong><\/a><\/em><\/span>\n<p align=\"left\"><span style=\"font-size: 14pt\"><em><a href=\"https:\/\/i.pinimg.com\/originals\/38\/33\/bb\/3833bbcd4998029d855c07ca95b8e182.gif\" target=\"_blank\" rel=\"noopener noreferrer\">El cuartu de\u2026\u00a0\u00a0 tien \u2026\u2026\u2026\u2026. <\/a><\/em><\/span><\/p>\n<\/li>\n<\/ul>\n<p><span style=\"color: #993300;font-size: 14pt\"><em><u>TAREA 2:<\/u><strong>escuchar unos cancios prestosos:<\/strong><\/em><\/span><\/p>\n<ul>\n<li><span style=\"font-size: 14pt\"><em>Canciu:<\/em> <a href=\"https:\/\/drive.google.com\/file\/d\/1zYl7za4bYyi4-jTVS95_W1Ze2zuMaNsy\/view?usp=sharing\" target=\"_blank\" rel=\"noopener noreferrer\"><strong><em>\u201cA\u00f1ada\u201d<\/em><\/strong><\/a><\/span><\/li>\n<\/ul>\n<\/div>\n<\/div>\n<p>&nbsp;<\/p>\n<div id=\"post-147\" class=\"post\">\n<div class=\"entry\">\n<ul>\n<li><span style=\"font-size: 14pt\"><em>Canciu: <\/em><strong><em><a href=\"https:\/\/youtu.be\/AQSCh2aUI58\" target=\"_blank\" rel=\"noopener noreferrer\">\u201cLa marcha d\u00b4echase\u201d<\/a><\/em><\/strong><\/span><\/li>\n<\/ul>\n<p><span style=\"font-size: 14pt\">\n<!-- iframe plugin v.6.0 wordpress.org\/plugins\/iframe\/ -->\n<iframe loading=\"lazy\" width=\"588\" height=\"331\" src=\"https:\/\/www.youtube.com\/embed\/AQSCh2aUI58\" scrolling=\"yes\" class=\"iframe-class\" frameborder=\"0\"><\/iframe>\n<\/span><\/p>\n<p>&nbsp;<\/p>\n<ul>\n<li><span style=\"font-size: 14pt\">Canciu:<a href=\"https:\/\/youtu.be\/k-o0w6FXkNI\" target=\"_blank\" rel=\"noopener noreferrer\"><strong><em> \u201cA dormir\u201d <\/em><\/strong>Xentiquina<br \/>\n<\/a><\/span><\/li>\n<\/ul>\n<p><span style=\"font-size: 14pt\">\n<!-- iframe plugin v.6.0 wordpress.org\/plugins\/iframe\/ -->\n<iframe loading=\"lazy\" width=\"588\" height=\"331\" src=\"https:\/\/www.youtube.com\/embed\/k-o0w6FXkNI\" scrolling=\"yes\" class=\"iframe-class\" frameborder=\"0\"><\/iframe>\n<\/span><\/p>\n<p>&nbsp;<\/p>\n<ul>\n<li><span style=\"font-size: 14pt\"><em>Canciu <strong><a href=\"https:\/\/youtu.be\/6JYvyjGrGGI\" target=\"_blank\" rel=\"noopener noreferrer\">\u201c<\/a><\/strong><a href=\"https:\/\/youtu.be\/6JYvyjGrGGI\" target=\"_blank\" rel=\"noopener noreferrer\"><strong>Nun mos gusten los llunes\u201d<\/strong><\/a><\/em><\/span><\/li>\n<\/ul>\n<p><span style=\"font-size: 14pt\">\n<!-- iframe plugin v.6.0 wordpress.org\/plugins\/iframe\/ -->\n<iframe loading=\"lazy\" width=\"588\" height=\"331\" src=\"https:\/\/www.youtube.com\/embed\/6JYvyjGrGGI\" scrolling=\"yes\" class=\"iframe-class\" frameborder=\"0\"><\/iframe>\n<\/span><\/p>\n<p>&nbsp;<\/p>\n<p><span style=\"font-size: 14pt\">Karaoke \u201c<span style=\"color: #000080\"><u><em>Nun mos gusten los llunes<\/em><\/u><\/span>\u201d del grupu <span style=\"color: #000080\"><u><em>Petit Pop<\/em><\/u><\/span>.<\/span><br \/>\n<span style=\"font-size: 14pt\"><strong><em>Mar:<\/em><\/strong> Guitarres el\u00e9ctriques, ac\u00fastiques y espa\u00f1oles, ukelele, teclaos, voz y coros.<\/span><br \/>\n<span style=\"font-size: 14pt\"><strong><em>Lara:<\/em><\/strong> Teclaos, voz y coros.<\/span><br \/>\n<span style=\"font-size: 14pt\"><strong><em>Cova: <\/em><\/strong>Percusi\u00f3n, voz y coros.<\/span><br \/>\n<span style=\"font-size: 14pt\"><strong><em>Sr. Gafotas:<\/em><\/strong> baxu, guitarres el\u00e9ctriques y ac\u00fastiques, teclaos, voz, coros y programaciones.<\/span><\/p>\n<\/div>\n<hr \/>\n<\/div>\n<div id=\"post-148\" class=\"post\">\n<h2><a title=\"Leer 1 - 05-22\" href=\"http:\/\/blog.educastur.es\/ixuxullingua\/tarea\/1-primeru\/1-05-22\/\" rel=\"bookmark\">1 &#8211; 05-22<\/a><a href=\"https:\/\/educastur-my.sharepoint.com\/:b:\/g\/personal\/isabellh_educastur_org\/EeDOSsWUPsRIskxFGXgTmTgBwGJK8T1eKV8zF3sVt-EEZg?e=Hwd5sR\" target=\"_blank\" rel=\"noopener noreferrer\"><em>\u00a0 INFO<strong>\u00a0 <\/strong><\/em><\/a><span style=\"color: #800080\"><strong><em>TAREA 22 Mayu (del 25 al 29 Mayu)<\/em><\/strong><\/span><\/h2>\n<div class=\"entry\">\n<ul>\n<li><em><a href=\"https:\/\/imgbox.es\/images\/2020\/05\/23\/1_16_tendal2fdaf112626208d5.jpg\" target=\"_blank\" rel=\"noopener noreferrer\"><span style=\"font-size: 14pt\">Calca pa ver la im\u00e1xen m\u00e1s\u00a0 grande<\/span><\/a><br \/>\n<span style=\"color: #ffffff;font-size: 14pt\">\u2026\u2026\u2026\u2026\u2026\u2026\u2026\u2026\u2026\u2026\u2026\u2026\u2026\u2026\u2026\u2026\u2026\u2026\u2026\u2026\u2026\u2026\u2026\u2026\u2026\u2026\u2026\u2026\u2026\u2026\u2026\u2026\u2026\u2026\u2026\u2026\u2026\u2026\u2026<\/span><\/em><\/li>\n<li><span style=\"font-size: 14pt\"><em>Testu:<strong><a href=\"https:\/\/educastur-my.sharepoint.com\/:b:\/g\/personal\/isabellh_educastur_org\/EXvaNT5_OsFPiHdcImqXK30Bi7z8UKrLPx_Q2udB5i4sFA?e=RtERb3\" target=\"_blank\" rel=\"noopener noreferrer\">\u201cEl tendal d\u00b4Urbano\u201d <\/a><\/strong><a href=\"https:\/\/educastur-my.sharepoint.com\/:b:\/g\/personal\/isabellh_educastur_org\/EXvaNT5_OsFPiHdcImqXK30Bi7z8UKrLPx_Q2udB5i4sFA?e=RtERb3\" target=\"_blank\" rel=\"noopener noreferrer\">(pdf)<\/a><\/em><\/span><\/li>\n<li><span style=\"font-size: 14pt\"><em>Audio: <strong><a href=\"https:\/\/educastur-my.sharepoint.com\/:u:\/g\/personal\/isabellh_educastur_org\/EUns4MC-uQxMsnNp364-NysBLIF-jWIQpNsc-MUweNhmYw?e=lsSVzl\" target=\"_blank\" rel=\"noopener noreferrer\">\u201cEl tendal d\u00b4Urbano\u201d<\/a><\/strong><\/em><\/span><\/li>\n<li><span style=\"font-size: 14pt\"><strong><a href=\"https:\/\/educastur-my.sharepoint.com\/:b:\/g\/personal\/isabellh_educastur_org\/EVRp9y7aFApEksqsopC_-9cB46hFq5SZRn8Nu76818soog?e=AY4D5I\" target=\"_blank\" rel=\"noopener noreferrer\"><em>Entrugues pa contestar<\/em><\/a><\/strong><\/span><\/li>\n<li>\n<p align=\"left\"><span style=\"font-size: 14pt\"><em>Nun hai que copiar les preguntes\/entrugues. <u>Escribir el n\u00famberu y la respuesta <\/u><\/em><\/span><\/p>\n<\/li>\n<li><span style=\"font-size: 14pt\"><em><u>Ver<a href=\"https:\/\/youtu.be\/UnYsL6Bf2KE\" target=\"_blank\" rel=\"noopener noreferrer\"><strong> \u201cLos Bolechas: Trasgu llava la ropa\u201d.<\/strong><\/a><\/u><\/em><\/span><\/li>\n<\/ul>\n<p><span style=\"font-size: 14pt\">\n<!-- iframe plugin v.6.0 wordpress.org\/plugins\/iframe\/ -->\n<iframe loading=\"lazy\" width=\"588\" height=\"331\" src=\"https:\/\/www.youtube.com\/embed\/UnYsL6Bf2KE\" scrolling=\"yes\" class=\"iframe-class\" frameborder=\"0\"><\/iframe>\n<\/span><\/p>\n<p>&nbsp;<\/p>\n<ul>\n<li><span style=\"font-size: 14pt\"><em><u>Canciu: <a href=\"https:\/\/youtu.be\/8mP13R18xs4\" target=\"_blank\" rel=\"noopener noreferrer\"><strong>\u201cEsti iviernu ta al rev\u00e9s\u201d<\/strong> (Pop Piqui\u00f1\u00edn)<\/a><\/u><\/em><\/span><\/li>\n<\/ul>\n<p><span style=\"font-size: 14pt\">\n<!-- iframe plugin v.6.0 wordpress.org\/plugins\/iframe\/ -->\n<iframe loading=\"lazy\" width=\"588\" height=\"331\" src=\"https:\/\/www.youtube.com\/embed\/8mP13R18xs4\" scrolling=\"yes\" class=\"iframe-class\" frameborder=\"0\"><\/iframe>\n<\/span><\/p>\n<p>&nbsp;<\/p>\n<hr \/>\n<div id=\"post-202\" class=\"post\">\n<h2><a title=\"Leer 1 - 05-29\" href=\"http:\/\/blog.educastur.es\/ixuxullingua\/tarea\/1-primeru\/1-05-29\/\" rel=\"bookmark\">1 &#8211; 05-29<\/a>\u00a0 Info <a href=\"https:\/\/educastur-my.sharepoint.com\/:b:\/g\/personal\/isabellh_educastur_org\/ETSApESvdO1GjKMFj3kKxYkB6wu8CASZxBPWdOjAa3ye0w?e=9RD9aM\" target=\"_blank\" rel=\"noopener noreferrer\"><strong><em>Tarea del 29 mayu <\/em><\/strong>(1-5 xunu)<\/a><\/h2>\n<div class=\"entry\">\n<ul>\n<li><span style=\"font-size: 14pt\">Art\u00edculu: <a href=\"https:\/\/educastur-my.sharepoint.com\/:b:\/g\/personal\/isabellh_educastur_org\/ERg9myXQluBNkqZoSAoXtMYBKXJHf-I5KUizjO4Jy3fBbA?e=BIkk8J\" target=\"_blank\" rel=\"noopener noreferrer\"><strong><em>\u201cLa fiesta de La Balesquida\u201d<\/em><\/strong><\/a><\/span><\/li>\n<li><span style=\"font-size: 14pt\">Art\u00edculu nel blogue <a href=\"http:\/\/blog.educastur.es\/ixuxullingua\/2020\/05\/28\/fiesta-%e2%80%9cmartes-de-campu%e2%80%9d-n%c2%b4uvieu\/\" target=\"_blank\" rel=\"noopener noreferrer\">\u201c<strong><em>Martes de campu n\u00b4Uvi\u00e9u\u201d<\/em><\/strong> con enlaces y videu.<\/a><\/span><\/li>\n<li><span style=\"font-size: 14pt\">Ver Receta Youtube <a href=\"https:\/\/www.youtube.com\/watch?v=JJ8k_NdpkbU&amp;feature=youtu.be\" target=\"_blank\" rel=\"noopener noreferrer\"><strong><em>\u201cBollos pre\u00f1\u00e1os\u201d <\/em><\/strong><\/a>n\u00b4asturianu<\/span><\/li>\n<li><span style=\"font-size: 14pt\"><a href=\"https:\/\/www.youtube.com\/watch?v=JJ8k_NdpkbU&amp;feature=youtu.be\" target=\"_blank\" rel=\"noopener noreferrer\"><strong><em>Bollos pre\u00f1aos (Raquel Cami\u00f1a) <\/em><\/strong><\/a><\/span><\/li>\n<\/ul>\n<p><span style=\"font-size: 14pt\">\n<!-- iframe plugin v.6.0 wordpress.org\/plugins\/iframe\/ -->\n<iframe loading=\"lazy\" width=\"588\" height=\"331\" src=\"https:\/\/www.youtube.com\/embed\/JJ8k_NdpkbU\" scrolling=\"yes\" class=\"iframe-class\" frameborder=\"0\"><\/iframe>\n<\/span><\/p>\n<p>&nbsp;<\/p>\n<ul>\n<li><span style=\"font-size: 14pt\">Lectura art\u00edculu: <a href=\"http:\/\/blog.educastur.es\/ixuxullingua\/2020\/05\/19\/asturies-fuiste-un-exemplu-dafechu\/\" target=\"_blank\" rel=\"noopener noreferrer\"><u><em>\u201cAsturies, fuiste un exemplu dafechu\u201d<br \/>\n<\/em><\/u><\/a><\/span><\/li>\n<\/ul>\n<p><a href=\"http:\/\/blog.educastur.es\/ixuxullingua\/noticies\/covid-info-asturies\/\" target=\"_blank\" rel=\"noopener noreferrer\"><img loading=\"lazy\" decoding=\"async\" src=\"https:\/\/elmiradoriu.files.wordpress.com\/2020\/05\/img-20200516-wa0002.jpg\" width=\"333\" height=\"472\" border=\"1\" \/><\/a><\/p>\n<ul>\n<li><span style=\"font-size: 14pt\">\u00a0<a href=\"http:\/\/blog.educastur.es\/ixuxullingua\/noticies\/covid-info-asturies\/\" target=\"_blank\" rel=\"noopener noreferrer\">Ver videos enllaz\u00e1os nesta p\u00e1xina<\/a><\/span><\/li>\n<li>\n<h4><span style=\"font-size: 14pt\"><a title=\"Leer COVID Info Asturies\" href=\"http:\/\/blog.educastur.es\/ixuxullingua\/noticies\/covid-info-asturies\/\" rel=\"bookmark\">COVID Info Asturies<\/a><\/span><\/h4>\n<\/li>\n<li><span style=\"font-size: 14pt\">Art\u00edculu: <a href=\"http:\/\/blog.educastur.es\/ixuxullingua\/2020\/05\/28\/dia-internacional-del-xuegu\/\" target=\"_blank\" rel=\"noopener noreferrer\"><strong><em>\u201cD\u00eda Internacional del Xuegu\u201d<\/em><\/strong> (28 mayu)<\/a>\u00a0 <span style=\"color: #800000\"><strong><em>NUN\u00a0 HAI\u00a0 TAREA\u00a0 PARA\u00a0 UNVIAR\u00a0 A\u00a0 ISA<\/em><\/strong><\/span><\/span><\/li>\n<\/ul>\n<\/div>\n<\/div>\n<\/div>\n<p>&nbsp;<\/p>\n<div id=\"post-203\" class=\"post\">\n<h2><a title=\"Leer 1 - 06-05\" href=\"http:\/\/blog.educastur.es\/ixuxullingua\/tarea\/1-primeru\/1-06-05\/\" rel=\"bookmark\">1 &#8211; 06-05<\/a><span style=\"color: #800000;font-size: 18pt\"><u><em><strong>\u00a0 Esta selmana, \u00faltima tarea de Llingua A.<\/strong><\/em><\/u><\/span><\/h2>\n<div class=\"entry\">\n<h3><span style=\"font-size: 14pt\"><u><span style=\"color: #800000\"><em>NUN HAI QU\u00b4UNVIAR M\u00c1S TAREA AL MAIL DE ISA<\/em><\/span><\/u><\/span><\/h3>\n<ul>\n<li><span style=\"font-size: 14pt\"><a href=\"https:\/\/educastur-my.sharepoint.com\/:b:\/g\/personal\/isabellh_educastur_org\/EfWufKkEOpZMrBoOrJ3EVSUB91mJkaNER9iCvQS_LWqVtA?e=Ycw8hw\" target=\"_blank\" rel=\"noopener noreferrer\"><em>Portada <strong>Primeru<\/strong><\/em><\/a><\/span><\/li>\n<li><span style=\"font-size: 14pt\"><a href=\"https:\/\/educastur-my.sharepoint.com\/:b:\/g\/personal\/isabellh_educastur_org\/EQXyfOKy9NhGnRx6k1B5VKoBIwFc985J5c2MK2W8Jk5Uww?e=lUwy7g\" target=\"_blank\" rel=\"noopener noreferrer\"><strong><em>Ver \u00faltima nota espublizada na web del Colexu <\/em><\/strong><\/a><\/span><\/li>\n<li><span style=\"font-size: 14pt\"><strong><em><a href=\"http:\/\/www.digital.pintar-pintar.com\/bookcase\/combj\" target=\"_blank\" rel=\"noopener noreferrer\">Nubeteca Pintar-Pintar<\/a> <\/em><\/strong><em>(hasta\u00b4l vienres 19 de xunu)<\/em><\/span><\/li>\n<\/ul>\n<h2><a href=\"https:\/\/educastur-my.sharepoint.com\/:b:\/g\/personal\/isabellh_educastur_org\/Ef5Yz1dO0L9MvRywucs8hlUB1d1qHCHvmBLfg2KcV52kgA?e=DEqKHf\" target=\"_blank\" rel=\"noopener noreferrer\"><span style=\"color: #333399\"><strong><em>NOTA<\/em><em>: <\/em><em>Munches gracies y bon branu!! <\/em><\/strong><\/span><\/a><\/h2>\n<p>&nbsp;<\/p>\n<\/div>\n<\/div>\n<\/div>\n<h3><\/h3>\n<h3><a href=\"https:\/\/educastur-my.sharepoint.com\/:b:\/g\/personal\/isabellh_educastur_org\/Ef5Yz1dO0L9MvRywucs8hlUB1d1qHCHvmBLfg2KcV52kgA?e=DEqKHf\" target=\"_blank\" rel=\"noopener noreferrer\"><strong><em><span style=\"font-size: 14pt\">V\u00e9monos el xueves 10 de setiembre\u2026<\/span>\u00a0<\/em><\/strong><\/a><strong><em>\u00a0 <\/em><\/strong><strong><em>\u30c4<\/em><\/strong><\/h3>\n<p>&nbsp;<\/p>\n<\/div>\n<p>&nbsp;<\/p>\n<\/div>\n<p>&nbsp;<\/p>\n<\/div>\n<\/div>\n<\/div>\n<\/div>\n<\/div>\n<\/div>\n<\/div>\n<\/div>\n<\/div>\n","protected":false},"excerpt":{"rendered":"<p>&nbsp; No est\u00e1n enlazadas en las carpetas. Las TAREAS estan todas copiadas aqu\u00ed debajo, separadas por una l\u00ednea entre fecha y fecha\u2026 1 &#8211; 03-13 TAREA del\u00a0 13 al 27 de marzu (14 d\u00edes).Clica nesti enllace de la web del cole\u2026 Con motivu del encierru en casa pol Coronavirus, ap\u00farrovos\u00a0 tarea pa la clase de [&hellip;]<\/p>\n","protected":false},"author":117,"featured_media":0,"parent":17,"menu_order":0,"comment_status":"closed","ping_status":"closed","template":"","meta":{"footnotes":""},"class_list":["post-107","page","type-page","status-publish","hentry","post-preview"],"_links":{"self":[{"href":"https:\/\/edublog.educastur.es\/ixuxullingua\/wp-json\/wp\/v2\/pages\/107","targetHints":{"allow":["GET"]}}],"collection":[{"href":"https:\/\/edublog.educastur.es\/ixuxullingua\/wp-json\/wp\/v2\/pages"}],"about":[{"href":"https:\/\/edublog.educastur.es\/ixuxullingua\/wp-json\/wp\/v2\/types\/page"}],"author":[{"embeddable":true,"href":"https:\/\/edublog.educastur.es\/ixuxullingua\/wp-json\/wp\/v2\/users\/117"}],"replies":[{"embeddable":true,"href":"https:\/\/edublog.educastur.es\/ixuxullingua\/wp-json\/wp\/v2\/comments?post=107"}],"version-history":[{"count":11,"href":"https:\/\/edublog.educastur.es\/ixuxullingua\/wp-json\/wp\/v2\/pages\/107\/revisions"}],"predecessor-version":[{"id":2738,"href":"https:\/\/edublog.educastur.es\/ixuxullingua\/wp-json\/wp\/v2\/pages\/107\/revisions\/2738"}],"up":[{"embeddable":true,"href":"https:\/\/edublog.educastur.es\/ixuxullingua\/wp-json\/wp\/v2\/pages\/17"}],"wp:attachment":[{"href":"https:\/\/edublog.educastur.es\/ixuxullingua\/wp-json\/wp\/v2\/media?parent=107"}],"curies":[{"name":"wp","href":"https:\/\/api.w.org\/{rel}","templated":true}]}}