{"id":112,"date":"2020-07-18T09:49:12","date_gmt":"2020-07-18T09:49:12","guid":{"rendered":"https:\/\/edublog.educastur.es\/ixuxullingua\/?page_id=112"},"modified":"2020-11-05T00:40:52","modified_gmt":"2020-11-04T22:40:52","slug":"1-2020-primavera","status":"publish","type":"page","link":"https:\/\/edublog.educastur.es\/ixuxullingua\/3-terceru\/1-2020-primavera\/","title":{"rendered":"01) 2020 Primavera"},"content":{"rendered":"<p><img loading=\"lazy\" decoding=\"async\" src=\"https:\/\/imgbox.es\/images\/2020\/04\/18\/archivux1038e02a8029e4eb.jpg\" width=\"485\" height=\"46\" \/><br \/>\n<a href=\"http:\/\/blog.educastur.es\/ixuxullingua\/tarea\/1-primeru\/1-13-marzu\/\" target=\"_blank\" rel=\"noopener noreferrer\"><img loading=\"lazy\" decoding=\"async\" src=\"https:\/\/imgbox.es\/images\/2020\/04\/15\/13_330aec4e8bafe08e1.jpg\" width=\"92\" height=\"67\" \/><\/a>\u00a0\u00a0 <img loading=\"lazy\" decoding=\"async\" src=\"https:\/\/imgbox.es\/images\/2020\/04\/15\/separador_V96691f632ccd8310.jpg\" width=\"7\" height=\"81\" \/>\u00a0\u00a0 <a href=\"http:\/\/blog.educastur.es\/ixuxullingua\/tarea\/1-primeru\/1-27-marzu\/\" target=\"_blank\" rel=\"noopener noreferrer\"><img loading=\"lazy\" decoding=\"async\" src=\"https:\/\/imgbox.es\/images\/2020\/04\/15\/27_34026a99729ccba16.jpg\" width=\"92\" height=\"67\" \/><\/a>\u00a0\u00a0 <img loading=\"lazy\" decoding=\"async\" src=\"https:\/\/imgbox.es\/images\/2020\/04\/15\/separador_V96691f632ccd8310.jpg\" width=\"7\" height=\"81\" \/>\u00a0 <a href=\"http:\/\/blog.educastur.es\/ixuxullingua\/tarea\/1-primeru\/1-13-abril\/\" target=\"_blank\" rel=\"noopener noreferrer\"><img loading=\"lazy\" decoding=\"async\" src=\"https:\/\/imgbox.es\/images\/2020\/04\/15\/13_448555d9066795eaf.jpg\" width=\"92\" height=\"67\" \/><\/a> <img loading=\"lazy\" decoding=\"async\" src=\"https:\/\/imgbox.es\/images\/2020\/04\/15\/separador_V96691f632ccd8310.jpg\" width=\"7\" height=\"81\" \/> <a href=\"http:\/\/blog.educastur.es\/ixuxullingua\/tarea\/1-primeru\/1-04-17\/\" target=\"_blank\" rel=\"noopener noreferrer\"><img loading=\"lazy\" decoding=\"async\" src=\"https:\/\/imgbox.es\/images\/2020\/04\/15\/17_4e6d721462dc131cd.jpg\" width=\"92\" height=\"67\" \/><\/a>\u00a0 <img loading=\"lazy\" decoding=\"async\" src=\"https:\/\/imgbox.es\/images\/2020\/04\/15\/separador_V96691f632ccd8310.jpg\" width=\"7\" height=\"81\" \/><a href=\"http:\/\/blog.educastur.es\/ixuxullingua\/tarea\/1-primeru\/1-04-24\/\" target=\"_blank\" rel=\"noopener noreferrer\"><img loading=\"lazy\" decoding=\"async\" src=\"https:\/\/imgbox.es\/images\/2020\/04\/15\/24_43b4ac7c5fb026013.jpg\" width=\"92\" height=\"67\" \/><\/a>\u00a0\u00a0 <img loading=\"lazy\" decoding=\"async\" src=\"https:\/\/imgbox.es\/images\/2020\/04\/15\/separador_V96691f632ccd8310.jpg\" width=\"7\" height=\"81\" \/>\u00a0 <a href=\"http:\/\/blog.educastur.es\/ixuxullingua\/tarea\/1-primeru\/1-05-04\/\" target=\"_blank\" rel=\"noopener noreferrer\"><img loading=\"lazy\" decoding=\"async\" src=\"https:\/\/imgbox.es\/images\/2020\/04\/15\/4_4604a0fb160ee896f.jpg\" width=\"92\" height=\"67\" \/><\/a>\u00a0 <img loading=\"lazy\" decoding=\"async\" src=\"https:\/\/imgbox.es\/images\/2020\/04\/15\/separador_V96691f632ccd8310.jpg\" width=\"7\" height=\"81\" \/> <a href=\"http:\/\/blog.educastur.es\/ixuxullingua\/tarea\/1-primeru\/1-05-08\/\" target=\"_blank\" rel=\"noopener noreferrer\"><img loading=\"lazy\" decoding=\"async\" src=\"https:\/\/imgbox.es\/images\/2020\/04\/18\/8_5a7d68f6023d3e8b4.jpg\" width=\"92\" height=\"67\" \/><\/a><img loading=\"lazy\" decoding=\"async\" src=\"https:\/\/imgbox.es\/images\/2020\/04\/15\/separador_V96691f632ccd8310.jpg\" width=\"7\" height=\"81\" \/>\u00a0 <a href=\"http:\/\/blog.educastur.es\/ixuxullingua\/tarea\/1-primeru\/1-05-15\/\" target=\"_blank\" rel=\"noopener noreferrer\"><img loading=\"lazy\" decoding=\"async\" src=\"https:\/\/imgbox.es\/images\/2020\/04\/15\/15_59248869c995cce03.jpg\" width=\"92\" height=\"67\" \/><\/a><img loading=\"lazy\" decoding=\"async\" src=\"https:\/\/imgbox.es\/images\/2020\/04\/15\/separador_V96691f632ccd8310.jpg\" width=\"7\" height=\"81\" \/> \u00a0 <a href=\"http:\/\/blog.educastur.es\/ixuxullingua\/tarea\/1-primeru\/1-05-22\/\" target=\"_blank\" rel=\"noopener noreferrer\"><img loading=\"lazy\" decoding=\"async\" src=\"https:\/\/imgbox.es\/images\/2020\/04\/15\/22_5dad99fb9448ba84a.jpg\" width=\"92\" height=\"67\" \/><\/a>\u00a0 <img loading=\"lazy\" decoding=\"async\" src=\"https:\/\/imgbox.es\/images\/2020\/04\/15\/separador_V96691f632ccd8310.jpg\" width=\"7\" height=\"81\" \/>\u00a0\u00a0 <a href=\"http:\/\/blog.educastur.es\/ixuxullingua\/tarea\/1-primeru\/1-05-29\/\" target=\"_blank\" rel=\"noopener noreferrer\"><img loading=\"lazy\" decoding=\"async\" src=\"https:\/\/imgbox.es\/images\/2020\/04\/15\/29_587aaa2eaaf2e74b7.jpg\" width=\"92\" height=\"67\" \/><\/a>\u00a0\u00a0 <img loading=\"lazy\" decoding=\"async\" src=\"https:\/\/imgbox.es\/images\/2020\/04\/15\/separador_V96691f632ccd8310.jpg\" width=\"7\" height=\"81\" \/><a href=\"http:\/\/blog.educastur.es\/ixuxullingua\/tarea\/1-primeru\/1-06-05\/\" target=\"_blank\" rel=\"noopener noreferrer\"><img loading=\"lazy\" decoding=\"async\" src=\"https:\/\/imgbox.es\/images\/2020\/04\/15\/5_6c8ab2ad5850f4c28.jpg\" width=\"92\" height=\"67\" \/><\/a><img loading=\"lazy\" decoding=\"async\" src=\"https:\/\/imgbox.es\/images\/2020\/04\/15\/separador_V96691f632ccd8310.jpg\" width=\"7\" height=\"81\" \/>\u00a0 <a href=\"http:\/\/blog.educastur.es\/ixuxullingua\/tarea\/1-primeru\/1-06-12\/\" target=\"_blank\" rel=\"noopener noreferrer\"><img loading=\"lazy\" decoding=\"async\" src=\"https:\/\/imgbox.es\/images\/2020\/04\/15\/12_63d2f8ed33ce5cc0d.jpg\" width=\"92\" height=\"67\" \/><\/a>\u00a0\u00a0 <img loading=\"lazy\" decoding=\"async\" src=\"https:\/\/imgbox.es\/images\/2020\/04\/15\/separador_V96691f632ccd8310.jpg\" width=\"7\" height=\"81\" \/><\/p>\n<p><span style=\"font-size: 14pt;color: #800000\"><em>No est\u00e1n enlazadas en las carpetas. Las TAREAS e<\/em><em>stan todas copiadas aqu\u00ed debajo, separadas por una l\u00ednea entre fecha y fecha\u2026<\/em><\/span><\/p>\n<hr \/>\n<div id=\"post-158\" class=\"post\">\n<h2><a title=\"Leer 3 - 03-13\" href=\"http:\/\/blog.educastur.es\/ixuxullingua\/tarea\/3-terceru\/3-03-13\/\" rel=\"bookmark\">3 &#8211; 03-13<\/a><span style=\"color: #000080\"> TAREA del\u00a0 13 al 27 de marzu (14 d\u00edes).<\/span><\/h2>\n<div class=\"entry\">\n<h4><span style=\"color: #000080\"><em><a href=\"https:\/\/educastur-my.sharepoint.com\/personal\/corredoria3_educastur_org\/_layouts\/15\/onedrive.aspx?id=%2Fpersonal%2Fcorredoria3%5Feducastur%5Forg%2FDocuments%2FTAREAS%5FALUMNADO%20CP%20CARMEN%20RUIZ%2DTILVE%2FEDUCACI%C3%93N%20PRIMARIA%5FCP%20CARMEN%20RUIZ%2DTILVE&amp;originalPath=aHR0cHM6Ly9lZHVjYXN0dXItbXkuc2hhcmVwb2ludC5jb20vOmY6L2cvcGVyc29uYWwvY29ycmVkb3JpYTNfZWR1Y2FzdHVyX29yZy9FcVR6ZmwwaGtSZEl0MFdIV2J2OEstWUJ3R2o1OUtIRlF2c0xzdEJWVmJ4MGh3P3J0aW1lPXVNVVROanpRMTBn\" target=\"_blank\" rel=\"noopener noreferrer\">Clica nesti enllace de la web del cole\u2026 <\/a><\/em><\/span><\/h4>\n<p><span style=\"font-size: 14pt\">Con motivu del encierru en casa pol<strong> Coronavirus, <\/strong>ap\u00farrovos\u00a0 tarea pa la clase de Llingua, consistente <\/span><span style=\"font-size: 14pt\">principalmente en <strong>escuchar cancios y en delles llectures <\/strong>que considero d\u00b4inter\u00e9s. <strong>Si nun trae ed\u00e1 recomend\u00e1 ye que son pa toes y pa toos. <\/strong><\/span><span style=\"font-size: 14pt\">Espero que vos presten! <\/span><span style=\"font-size: 14pt\">Un abrazu candial!!\u00a0 <img decoding=\"async\" src=\"http:\/\/blog.educastur.es\/ixuxullingua\/wp-includes\/js\/tinymce\/plugins\/emotions\/images\/smiley-sealed.gif\" alt=\"Boca sellada\" border=\"0\" \/><\/span><\/p>\n<ul>\n<li><span style=\"font-size: 14pt\">\u00a01\u00ba2\u00ba3\u00ba: <a href=\"https:\/\/educastur-my.sharepoint.com\/personal\/corredoria3_educastur_org\/_layouts\/15\/onedrive.aspx?originalPath=aHR0cHM6Ly9lZHVjYXN0dXItbXkuc2hhcmVwb2ludC5jb20vOmY6L2cvcGVyc29uYWwvY29ycmVkb3JpYTNfZWR1Y2FzdHVyX29yZy9FcVR6ZmwwaGtSZEl0MFdIV2J2OEstWUJ3R2o1OUtIRlF2c0xzdEJWVmJ4MGh3P3J0aW1lPXhrN21kbUhMMTBn&amp;id=%2Fpersonal%2Fcorredoria3%5Feducastur%5Forg%2FDocuments%2FTAREAS%5FALUMNADO%20CP%20CARMEN%20RUIZ%2DTILVE%2FEDUCACI%C3%93N%20PRIMARIA%5FCP%20CARMEN%20RUIZ%2DTILVE%2FLLINGUA%20ASTURIANA%5FPrimaria%2F1%C2%BA2%C2%BA%5FVocabulariu%2Epdf&amp;parent=%2Fpersonal%2Fcorredoria3%5Feducastur%5Forg%2FDocuments%2FTAREAS%5FALUMNADO%20CP%20CARMEN%20RUIZ%2DTILVE%2FEDUCACI%C3%93N%20PRIMARIA%5FCP%20CARMEN%20RUIZ%2DTILVE%2FLLINGUA%20ASTURIANA%5FPrimaria\" target=\"_blank\" rel=\"noopener noreferrer\"><em><strong>El mio primer vocabulariu n\u00b4asturianu.<\/strong><br \/>\nLlibru con im\u00e1xenes pa deprender vocabulariu (40 p\u00e1x).<\/em><\/a><\/span><\/li>\n<\/ul>\n<ul>\n<li><span style=\"font-size: 14pt\">Dende 4\u00ba: <a href=\"https:\/\/llingua.gijon.es\/page\/14630-pallabreros\" target=\"_blank\" rel=\"noopener noreferrer\"><em>Lectures sobre dalgunos deportes d\u00b4inter\u00e9s <\/em><\/a><\/span><\/li>\n<li><span style=\"font-size: 14pt\"><em><strong>F\u00fatbol<\/strong>: <a href=\"https:\/\/llingua.gijon.es\/multimedia_objects\/download?object_type=document&amp;object_id=249465\" target=\"_blank\" rel=\"noopener noreferrer\">clica pa descargalo<\/a><br \/>\n<\/em><\/span><\/li>\n<li><span style=\"font-size: 14pt\"><em><strong>Voleibol<\/strong>: <a href=\"https:\/\/llingua.gijon.es\/multimedia_objects\/download?object_type=document&amp;object_id=249461\" target=\"_blank\" rel=\"noopener noreferrer\">clica pa descargalo<\/a><br \/>\n<\/em><\/span><\/li>\n<li><span style=\"font-size: 14pt\"><em><strong>Balonmano<\/strong>: <a href=\"http:\/\/llingua.gijon.es\/multimedia_objects\/download?object_type=document&amp;object_id=211181\" target=\"_blank\" rel=\"noopener noreferrer\">clica pa descargalo<\/a><br \/>\n<\/em><\/span><\/li>\n<li><span style=\"font-size: 14pt\"><em><strong>Atletismu<\/strong>: <a href=\"https:\/\/llingua.gijon.es\/multimedia_objects\/download?object_id=158509&amp;object_type=document\" target=\"_blank\" rel=\"noopener noreferrer\">clica pa descargalo<\/a><\/em><\/span><\/li>\n<li><span style=\"font-size: 14pt\"><em><strong>Baloncestu:<\/strong><a href=\"https:\/\/llingua.gijon.es\/multimedia_objects\/download?object_id=116884&amp;object_type=document\" target=\"_blank\" rel=\"noopener noreferrer\">clica pa descargalo<br \/>\n<\/a><\/em><\/span><\/li>\n<\/ul>\n<ul>\n<li><span style=\"font-size: 14pt\"><em>1\u00ba a 6\u00ba: <a href=\"https:\/\/educastur-my.sharepoint.com\/personal\/corredoria3_educastur_org\/_layouts\/15\/onedrive.aspx?originalPath=aHR0cHM6Ly9lZHVjYXN0dXItbXkuc2hhcmVwb2ludC5jb20vOmY6L2cvcGVyc29uYWwvY29ycmVkb3JpYTNfZWR1Y2FzdHVyX29yZy9FcVR6ZmwwaGtSZEl0MFdIV2J2OEstWUJ3R2o1OUtIRlF2c0xzdEJWVmJ4MGh3P3J0aW1lPXhrN21kbUhMMTBn&amp;id=%2Fpersonal%2Fcorredoria3%5Feducastur%5Forg%2FDocuments%2FTAREAS%5FALUMNADO%20CP%20CARMEN%20RUIZ%2DTILVE%2FEDUCACI%C3%93N%20PRIMARIA%5FCP%20CARMEN%20RUIZ%2DTILVE%2FLLINGUA%20ASTURIANA%5FPrimaria%2FCuentos%2Epdf&amp;parent=%2Fpersonal%2Fcorredoria3%5Feducastur%5Forg%2FDocuments%2FTAREAS%5FALUMNADO%20CP%20CARMEN%20RUIZ%2DTILVE%2FEDUCACI%C3%93N%20PRIMARIA%5FCP%20CARMEN%20RUIZ%2DTILVE%2FLLINGUA%20ASTURIANA%5FPrimaria\" target=\"_blank\" rel=\"noopener noreferrer\"><strong>Cuentos pa toles edaes<\/strong> (192 p\u00e1xines)<br \/>\n<\/a><br \/>\n<\/em><\/span><\/li>\n<li><span style=\"font-size: 14pt\"><em>1\u00ba a 6\u00ba: Cancios prestosos pa toos y pa toes:<br \/>\n<a href=\"https:\/\/www.youtube.com\/watch?v=_q6_NtRyZ58\" target=\"_blank\" rel=\"noopener noreferrer\"><strong>\u201cPr\u00e9stame pola vida\u201d<\/strong><\/a> (Reciella)<\/em><\/span><\/li>\n<\/ul>\n<p><em>\n<!-- iframe plugin v.6.0 wordpress.org\/plugins\/iframe\/ -->\n<iframe loading=\"lazy\" width=\"588\" height=\"331\" src=\"https:\/\/www.youtube.com\/embed\/_q6_NtRyZ58\" scrolling=\"yes\" class=\"iframe-class\" frameborder=\"0\"><\/iframe>\n<\/em><\/p>\n<p><span style=\"font-size: 14pt\"><em><br \/>\n<a href=\"https:\/\/www.youtube.com\/watch?v=dVHoojbQQ2E\" target=\"_blank\" rel=\"noopener noreferrer\"><strong>\u201cEl cantar del sult\u00e1n\u201d <\/strong><\/a>(Xentiquina)<\/em><\/span><\/p>\n<\/div>\n<p><em>\n<!-- iframe plugin v.6.0 wordpress.org\/plugins\/iframe\/ -->\n<iframe loading=\"lazy\" width=\"588\" height=\"331\" src=\"https:\/\/www.youtube.com\/embed\/dVHoojbQQ2E\" scrolling=\"yes\" class=\"iframe-class\" frameborder=\"0\"><\/iframe>\n<\/em><\/p>\n<p>&nbsp;<\/p>\n<\/div>\n<hr \/>\n<div id=\"post-159\" class=\"post\">\n<h2><a title=\"Leer 3 - 03-27\" href=\"http:\/\/blog.educastur.es\/ixuxullingua\/tarea\/3-terceru\/3-03-27\/\" rel=\"bookmark\">3 &#8211; 03-27<\/a><span style=\"color: #000080\"> TAREA del\u00a0 27 de marzu &#8211; 3 d\u00b4abril <\/span><strong><span style=\"color: #000080\"><br \/>\n<\/span><\/strong><\/h2>\n<div class=\"entry\">\n<p><span style=\"color: #800080;font-size: 14pt\">\u00a01) <strong><a href=\"https:\/\/drive.google.com\/file\/d\/1uAhXD-UV8NUE3Sf65L9xweyv1SknRYTz\/view?usp=sharing\" target=\"_blank\" rel=\"noopener noreferrer\">Repasar vocabulariu n\u00b4asturianu.\u00a0 <u>Clica equ\u00ed y b\u00fascalo en \u201cdescargas\u201d\u2026<\/u><\/a> <\/strong><\/span><\/p>\n<p><span style=\"font-size: 14pt\"><a href=\"http:\/\/www.digital.pintar-pintar.com\/bookcase\/combj\" target=\"_blank\" rel=\"noopener noreferrer\"><strong>2) Pintar-Pintar Editorial ufierta, de baldre (gratis), accesu a estos cuentos n\u00b4asturianu y en castellan. Clica nesti enllaz y esfruta cola llectura.\u00a0<\/strong><\/a><\/span><\/p>\n<p><span style=\"font-size: 14pt\"><strong><span style=\"color: #ff0000\"><span style=\"color: #800080\"><u>TAREA para la clas de Llingua<\/u>:<\/span><\/span><span style=\"color: #800080\"> Lleer el cuentu<\/span><\/strong><span style=\"color: #800080\"><strong> que m\u00e1s te preste (\u00fan) y facer un dibuxu\u00a0 <\/strong>Pon el to nome y escribi el <\/span><span style=\"color: #800080\">t\u00edtulu na parte d\u00b4arriba.<\/span><\/span><\/p>\n<ul>\n<li><span style=\"font-size: 14pt\"><a href=\"http:\/\/www.digital.pintar-pintar.com\/books\/bntt\/#p=24\" target=\"_blank\" rel=\"noopener noreferrer\"><em><strong>El misteriu de Xulia<\/strong> (\u00c1ngela S\u00e1nchez)<\/em><\/a><\/span><\/li>\n<li><span style=\"font-size: 14pt\"><a href=\"http:\/\/www.digital.pintar-pintar.com\/books\/dyhh\/\" target=\"_blank\" rel=\"noopener noreferrer\"><em><strong>Lin quier esnalar <\/strong>(Aique Fernandi)<\/em><\/a><\/span><\/li>\n<li><span style=\"font-size: 14pt\"><a href=\"http:\/\/www.digital.pintar-pintar.com\/books\/gmtq\/\" target=\"_blank\" rel=\"noopener noreferrer\"><em><strong>P\u00e1xines del diariu de Sim\u00f3n <\/strong>(Vicente Garc\u00eda Oliva)<\/em><\/a><\/span><\/li>\n<li><span style=\"font-size: 14pt\"><a href=\"http:\/\/www.digital.pintar-pintar.com\/books\/gavu\/\" target=\"_blank\" rel=\"noopener noreferrer\"><em><strong>Mitos d\u00b4Asturies <\/strong>(Paco Abril)<\/em><\/a><\/span><\/li>\n<li><span style=\"font-size: 14pt\"><a href=\"http:\/\/www.digital.pintar-pintar.com\/books\/rwub\/\" target=\"_blank\" rel=\"noopener noreferrer\"><em><strong>Versonaxes <\/strong>(Aurelio Gonz\u00e1lez Ovies)<\/em><\/a><\/span><\/li>\n<li><span style=\"font-size: 14pt\"><a href=\"http:\/\/www.digital.pintar-pintar.com\/books\/pqll\/\" target=\"_blank\" rel=\"noopener noreferrer\"><em><strong>Versos d\u00b4Asturies <\/strong>(Daniel Garc\u00eda Granda)<\/em><\/a><\/span><\/li>\n<li><span style=\"font-size: 14pt\"><a href=\"http:\/\/www.digital.pintar-pintar.com\/books\/snqy\/\" target=\"_blank\" rel=\"noopener noreferrer\"><em><strong>Etenko\u00a0<\/strong> (Vicente Garc\u00eda Oliva)<\/em><\/a><\/span><\/li>\n<li><span style=\"font-size: 14pt\"><a href=\"http:\/\/www.digital.pintar-pintar.com\/books\/ebwp\/\" target=\"_blank\" rel=\"noopener noreferrer\"><em><strong>Deva y el pitin <\/strong>(Ester Garc\u00eda)<\/em><\/a><\/span><\/li>\n<li><span style=\"font-size: 14pt\"><em><a href=\"http:\/\/www.digital.pintar-pintar.com\/books\/srnr\/\" target=\"_blank\" rel=\"noopener noreferrer\"><strong>Y de repente march\u00f3 la lluz<\/strong>\u2026 de la lluna (Xavier Fr\u00edas)<\/a><br \/>\n<\/em><\/span><\/li>\n<\/ul>\n<h3><span style=\"font-size: 14pt\"><span style=\"color: #ff0000\">Enllaz <a href=\"http:\/\/www.digital.pintar-pintar.com\/bookcase\/combj\" target=\"_blank\" rel=\"noopener noreferrer\">a la <em><strong>NUBETECA <\/strong><\/em>onde tan tolos cuentos. <\/a><\/span>Alg\u00fan ten\u00e9moslu na biblioteca de clase. Estos cuentos tienen un preciu de 5 \u20ac\/un na llibrer\u00eda. Accede<\/span><a href=\"https:\/\/www.youtube.com\/user\/PintarPintar\" target=\"_blank\" rel=\"noopener noreferrer\"><span style=\"font-size: 14pt\"> al canal de Youtube de Pintar-Pintar.<\/span><\/a><\/h3>\n<\/div>\n<\/div>\n<hr \/>\n<div id=\"post-160\" class=\"post\">\n<h2><a title=\"Leer 3 - 04-13\" href=\"http:\/\/blog.educastur.es\/ixuxullingua\/tarea\/3-terceru\/3-04-13\/\" rel=\"bookmark\">3 &#8211; 04-13\u00a0<\/a><em><span style=\"color: #000080\">Tarea\/Xera del 13-17 d\u00b4abril <\/span><\/em><\/h2>\n<div class=\"entry\">\n<p><span style=\"color: #993300;font-size: 14pt\"><em><strong>Bonos d\u00edes, ne\u00f1os y ne\u00f1es! Espero que te\u00e1is bien de sal\u00fa, que ye lo m\u00e1s importante agora mesmu.<\/strong><\/em><\/span><\/p>\n<p><span style=\"font-size: 14pt\">La tarea o xera d\u00b4esta selmana ye mui prestosa. <strong>1) Tr\u00e1tase de lleer esti comic <\/strong>que ficieron en Xix\u00f3n para ense\u00f1anos les siete maravilles que tienen\u00a0 y asina dales a conocer al mundu. <\/span><a href=\"https:\/\/drive.google.com\/file\/d\/16wMfighju1X5KoC_333FEGMKvy5t9e91\/view?usp=sharing\" target=\"_blank\" rel=\"noopener noreferrer\"><span style=\"color: #993300\"><strong><em><span style=\"font-size: 14pt\">Descargar el comic equ\u00ed (hai qu\u00b4esperar unos segundinos) y atopalu en \u201c<u>Descargas<\/u>\u201d<\/span><\/em><\/strong><\/span><\/a><\/p>\n<p><span style=\"font-size: 14pt\"><a href=\"https:\/\/drive.google.com\/file\/d\/16wMfighju1X5KoC_333FEGMKvy5t9e91\/view?usp=sharing\" target=\"_blank\" rel=\"noopener noreferrer\"><img loading=\"lazy\" decoding=\"async\" class=\"\" src=\"https:\/\/imgbox.es\/images\/2020\/03\/27\/9a95616b-9f2f-4d41-b80d-aa2186be2f7e3d3e8cf2c766fc62.jpg\" width=\"316\" height=\"446\" border=\"1\" \/><strong><span style=\"color: #993300\"><em>Descargar<\/em><\/span><\/strong><\/a><\/span><\/p>\n<p><span style=\"font-size: 14pt\">2) <strong>Descarga, imprime y completa.<\/strong><\/span><\/p>\n<ul>\n<li><span style=\"font-size: 14pt\"><a href=\"https:\/\/drive.google.com\/file\/d\/1qx06zKLIVCiul3kYajUo6J3xHO-9VHcc\/view?usp=sharing\" target=\"_blank\" rel=\"noopener noreferrer\">Descarga\u00b4l pdf\u00a0<\/a> (solo \u00fan)<\/span><\/li>\n<li><span style=\"font-size: 14pt\"><a href=\"https:\/\/docs.google.com\/document\/d\/1KyswbDgN54WZ05yMBiFTsHlb_CUrwCUqs-IDdlFsako\/edit?usp=sharing\" target=\"_blank\" rel=\"noopener noreferrer\">Descarga\u00b4l word<\/a><\/span><\/li>\n<li><span style=\"font-size: 14pt\"><em>\u00a0Si nun pues imprimir la fueya,<\/em><em><strong>copia solo les respuestes <\/strong>(les entrugues no).<\/em><\/span><\/li>\n<\/ul>\n<p><span style=\"font-size: 14pt\">3) Por \u00faltimo, gu\u00e1rdala\u00a0 y fai una semeya (foto). <\/span><\/p>\n<p><span style=\"font-size: 14pt\">4) <u>Pa finar,<strong> escucha esti canciu <\/strong><\/u>que fala de c\u00f3mo podemos pasar un domingu\u2026<\/span><\/p>\n<p><span style=\"font-size: 14pt\"><em>\n<!-- iframe plugin v.6.0 wordpress.org\/plugins\/iframe\/ -->\n<iframe loading=\"lazy\" width=\"588\" height=\"331\" src=\"https:\/\/www.youtube.com\/embed\/R5dYgQeV3IM\" scrolling=\"yes\" class=\"iframe-class\" frameborder=\"0\"><\/iframe>\n<\/em><\/span><\/p>\n<p><span style=\"font-size: 14pt\">4.a)<strong><em><a href=\"https:\/\/www.youtube.com\/watch?time_continue=5&amp;v=R5dYgQeV3IM&amp;feature=emb_logo\" target=\"_blank\" rel=\"noopener noreferrer\">\u201cSenderismu\u201d <\/a><\/em><\/strong>(n\u00b4asturianu)<\/span><br \/>\n<span style=\"font-size: 14pt\">4.b) <strong><a href=\"https:\/\/www.youtube.com\/watch?v=v1ikDIi_4Vo\" target=\"_blank\" rel=\"noopener noreferrer\"><u><em>\u201cSenderismo\u201d <\/em><\/u><\/a><\/strong>(castell\u00e1n)<\/span><\/p>\n<p><span style=\"font-size: 14pt\">5) <a href=\"https:\/\/drive.google.com\/file\/d\/1A-EUGcunDjArp8L3baoFdnRQ9pRpvROV\/view?usp=sharing\" target=\"_blank\" rel=\"noopener noreferrer\">Premiu: ver <strong><em>\u201cEl drag\u00f3n Chef\u201d<\/em><\/strong><\/a><\/span><\/p>\n<\/div>\n<div class=\"entry\">\n<p><span style=\"font-size: 14pt\"><em><strong>\u00a1\u00c1nimu, esti bichu nun pue con n\u00f3s! <span style=\"color: #993300\">Abrazu candial\u00a0 \u30c4<br \/>\n<\/span><\/strong><\/em><\/span><\/p>\n<hr \/>\n<\/div>\n<\/div>\n<div id=\"post-193\" class=\"post\">\n<h2><a title=\"Leer 3 - 04-17\" href=\"http:\/\/blog.educastur.es\/ixuxullingua\/tarea\/3-terceru\/3-27-04\/\" rel=\"bookmark\">3 &#8211; 04-17<\/a>\u00a0 <em><span style=\"color: #000080\">Tarea\/Xera del 20-24\u00a0 d\u00b4abril <\/span><\/em><\/h2>\n<div class=\"entry\">\n<p><span style=\"font-size: 14pt\">1)\u00a0 Lleer esti art\u00edculu<\/span><br \/>\n<span style=\"font-size: 14pt\">2) <a href=\"http:\/\/www.digital.pintar-pintar.com\/bookcase\/combj?fbclid=IwAR2JODnJN92gPVLnnU5z0QRa4gWqgQUVVyvIF-hZ1KnjBc2v4KReNma6D9s\" target=\"_blank\" rel=\"noopener noreferrer\">Leer el cuentu <span style=\"color: #800080\"><strong><em>\u201cBesos\u201d <\/em><\/strong><\/span>na Nubeteca de Pintar-Pintar<\/a><\/span><br \/>\n<span style=\"font-size: 14pt\">?<a href=\"https:\/\/l.facebook.com\/l.php?u=http%3A%2F%2Fwww.digital.pintar-pintar.com%2Fbookcase%2Fcombj%3Ffbclid%3DIwAR2JODnJN92gPVLnnU5z0QRa4gWqgQUVVyvIF-hZ1KnjBc2v4KReNma6D9s&amp;h=AT1M6Lk7xQZbqPO1hiz3aDHfx9Z8CLaah4Y7b-5-w5W8_SM8WDw3ik75x85-V8SHX-BpLd3OsXyTXTh54QSIEcA6u-OpFsq8En05Ccuc-ttIJOs46zWLg4RfutNQHlNkagUyxTfxXaY5p1DEbgmGyO0E6cTT3r2VpuiclMF6ZXacPR1P2hM-pTrb74fnXPBu1DNTvQQToS2YJKFzVBTEcw-e-9I1JMm8MuweLZkpUNNeGUISy_ivX3PrAe2_M9bjIGEmoRa0JFd5yD5mqsUKjA2YKpoNwgkr6r4IVAr31YZKSV4ycmQHxwiwh_xGj6HXdXqbtUw_hsJ3Pyu7d800AbAXAIh818PboeBOes1EJo0rsLXkw6mSIpeuBpHt_9iS6r5Ic1wQ9Z5W7EUMxXUot4JbkuV0Fogjy0Q5l37DBCe05DGd9KBkc4Zqp0ZEMHtH4Zbgk-zfzOKY5lgFNEENKm3uFjVcwTm4eKdIQDlVSTFlea8RyMp6jQpq1lsoLgnRV2oIV1aUujlf3juMr0wx-0sghxDOWdg3UbL3c9J73Z1vB8WFXoPzUzn9EmE5ALx-q5Pg2CH_D0l6oqocmdQaUPe4OV8RsYqRy1eTB0d2PqxUzJFcBxAfNQ\" target=\"_blank\" rel=\"noopener nofollow noreferrer\">http:\/\/www.digital.pintar-pintar.com\/bookcase\/combj<\/a><\/span><\/p>\n<p><span style=\"color: #800080;font-size: 14pt\"><strong><em>Nun hai que facer activid\u00e1es! <span style=\"color: #000080\">Unv\u00edovos un besu bien grande!! <\/span><br \/>\n<img loading=\"lazy\" decoding=\"async\" src=\"https:\/\/static6.depositphotos.com\/1002575\/643\/i\/450\/depositphotos_6435759-stock-photo-take-my-heart.jpg\" width=\"100\" height=\"100\" \/><\/em><\/strong><\/span><\/p>\n<p><span style=\"font-size: 14pt\">Art\u00edculu: <a href=\"http:\/\/blog.educastur.es\/ixuxullingua\/2020\/04\/13\/dia-del-besu\/\" target=\"_blank\" rel=\"noopener noreferrer\"><span style=\"color: #800080\"><strong><em>D\u00eda Internacional del besu <\/em><\/strong><\/span><\/a><\/span><\/p>\n<h4><span style=\"font-size: 14pt\"><em>El besu tami\u00e9n tien el so d\u00eda nel calendariu. El <u><span style=\"color: #003366\">D\u00eda Internacional del Besu<\/span><\/u>, cel\u00e9brase\u2019l <strong><span style=\"color: #003366\">13 d\u2019abril <\/span><\/strong>como un homenaxe al besu de <\/em><em>m\u00e1s llarga duraci\u00f3n que se rexistr\u00f3<br \/>\nna hestoria, que tuvo llugar en Tailandia para conmemorar el D\u00eda de San Valent\u00edn.<\/em><\/span><\/h4>\n<h4><span style=\"font-size: 14pt\"><em>Am\u00e1s, esta fecha ye un recordatoriu de la importancia que tien el besu para les relaciones humanes. <\/em><\/span><\/h4>\n<p><span style=\"font-size: 14pt\"><em>Hestoria del besu<\/em><\/span><\/p>\n<p><span style=\"font-size: 14pt\"><em>Hai munches teor\u00edes rellacionaes col orixe del besu. Cr\u00e9ese que tou empez\u00f3 como result\u00e1u de la lactancia o quiciabes muncho m\u00e1s tras, cuando los<span style=\"color: #008000\"><strong> hom\u00ednidos <\/strong><\/span>caminaben pel mundu y<br \/>\nten\u00eden qu\u2019alimentar les sos cr\u00edes al travi\u00e9s de la boca.<\/em><\/span><\/p>\n<p><span style=\"font-size: 14pt\"><img loading=\"lazy\" decoding=\"async\" src=\"https:\/\/myfitsession.fr\/wp-content\/uploads\/2019\/05\/shutterstock_105993995.jpg\" width=\"338\" height=\"140\" \/><\/span><\/p>\n<p><span style=\"font-size: 14pt\"><em>Pero les muestres m\u00e1s antig\u00fces del besu y de los cualos hai prueba hasta g\u00fcei, provienen del oriente, espec\u00edficamente de la rex\u00f3n de La India, onde s\u2019atoparon tallaes en piedra, dientro de dellos templos, delles figures de seres realizando esta pr\u00e1ctica.<\/em><\/span><\/p>\n<p><span style=\"font-size: 14pt\"><a href=\"https:\/\/blog.teacollection.com\/wp-content\/uploads\/2015\/05\/Map-of-India.jpg\" target=\"_blank\" rel=\"noopener noreferrer\"><img loading=\"lazy\" decoding=\"async\" src=\"https:\/\/blog.teacollection.com\/wp-content\/uploads\/2015\/05\/Map-of-India.jpg\" width=\"175\" height=\"144\" \/><em>vela grande<\/em><\/a><\/span><\/p>\n<\/div>\n<\/div>\n<hr \/>\n<div id=\"post-161\" class=\"post\">\n<h2><a title=\"Leer 3 - 04-24\" href=\"http:\/\/blog.educastur.es\/ixuxullingua\/tarea\/3-terceru\/3-04-24\/\" rel=\"bookmark\">3 &#8211; 04-24<\/a><span style=\"color: #800080\"> Tarea del 24 d\u00b4abril (del 27 al 30) <\/span><\/h2>\n<div class=\"entry\">\n<p><img loading=\"lazy\" decoding=\"async\" class=\"\" src=\"https:\/\/www-saladepeligro-com.exactdn.com\/wp-content\/uploads\/2020\/04\/juvenil-destc-640x360.jpg?strip=all&amp;lossy=1&amp;quality=80&amp;ssl=1\" width=\"427\" height=\"240\" \/><\/p>\n<p><span style=\"font-size: 14pt\">Esta selmana cellebramos un d\u00eda perimportante el <span style=\"color: #800080\"><strong><em>D\u00eda Internacional del Llibru, <\/em><\/strong><em><span style=\"color: #000000\">data relevante nes <a href=\"https:\/\/educastur-my.sharepoint.com\/personal\/corredoria3_educastur_org\/_layouts\/15\/onedrive.aspx?originalPath=aHR0cHM6Ly9lZHVjYXN0dXItbXkuc2hhcmVwb2ludC5jb20vOmY6L2cvcGVyc29uYWwvY29ycmVkb3JpYTNfZWR1Y2FzdHVyX29yZy9FcWxNZUZNREN1dEFwbWp2bUtoMlVlSUJLZmJQR2Z0QmlrZGRKaUFPWGdnYXN3P3J0aW1lPU9DUDlxV3ZWMTBn&amp;id=%2Fpersonal%2Fcorredoria3%5Feducastur%5Forg%2FDocuments%2FTAREAS%5FALUMNADO%20CP%20CARMEN%20RUIZ%2DTILVE%2FEDUCACI%C3%93N%20PRIMARIA%5FCP%20CARMEN%20RUIZ%2DTILVE%2F3er%20Trimestre\" target=\"_blank\" rel=\"noopener noreferrer\"><u>Programaciones del Colexu<\/u><\/a> y onde preparamos delles activid\u00e1es prestoses en torno al llibru. <a href=\"https:\/\/educastur-my.sharepoint.com\/personal\/corredoria3_educastur_org\/_layouts\/15\/onedrive.aspx?originalPath=aHR0cHM6Ly9lZHVjYXN0dXItbXkuc2hhcmVwb2ludC5jb20vOmY6L2cvcGVyc29uYWwvY29ycmVkb3JpYTNfZWR1Y2FzdHVyX29yZy9FcWxNZUZNREN1dEFwbWp2bUtoMlVlSUJLZmJQR2Z0QmlrZGRKaUFPWGdnYXN3P3J0aW1lPU9DUDlxV3ZWMTBn&amp;id=%2Fpersonal%2Fcorredoria3%5Feducastur%5Forg%2FDocuments%2FTAREAS%5FALUMNADO%20CP%20CARMEN%20RUIZ%2DTILVE%2FEDUCACI%C3%93N%20PRIMARIA%5FCP%20CARMEN%20RUIZ%2DTILVE%2F3er%20Trimestre\" target=\"_blank\" rel=\"noopener noreferrer\">(Web)<\/a><\/span><\/em><\/span><\/span><\/p>\n<ul>\n<li><span style=\"font-size: 14pt\">Escucha\u00b4l cuentu <strong><u><em>\u201cEl cor\u00edu feu\u201d<\/em><\/u>\u00a0 <\/strong>(Andersen)<\/span><\/li>\n<\/ul>\n<ul>\n<li><span style=\"font-size: 14pt\"><a href=\"http:\/\/blog.educastur.es\/ixuxullingua\/2020\/03\/21\/dia-mundial-de-la-poesia-infantiles\/\" target=\"_blank\" rel=\"noopener noreferrer\"><em><strong>D\u00eda de la Poes\u00eda (Infantil) <\/strong><\/em><\/a>1\u00ba2\u00ba3\u00ba4\u00ba<\/span><\/li>\n<li><span style=\"font-size: 14pt\"><a href=\"http:\/\/blog.educastur.es\/ixuxullingua\/2020\/03\/21\/dia-mundial-de-la-poesia\/\" target=\"_blank\" rel=\"noopener noreferrer\"><strong><em>D\u00eda de la Poes\u00eda (Xuvenil)<\/em><\/strong><\/a> 5\u00ba6\u00ba<\/span><\/li>\n<li><span style=\"font-size: 14pt\"><a href=\"http:\/\/blog.educastur.es\/ixuxullingua\/2020\/04\/22\/dia-internacional-del-llibru\/\" target=\"_blank\" rel=\"noopener noreferrer\"><strong><em>D\u00eda del Llibru <\/em><\/strong><\/a><\/span><\/li>\n<\/ul>\n<p><span style=\"color: #800080;font-size: 14pt\"><u>Prop\u00f3ngovos dos activid\u00e1es: <\/u><\/span><br \/>\n<span style=\"font-size: 14pt\"><em><strong>1) Lleer y escuchar poemes n\u00b4asturianu <\/strong><\/em>(el 21 de marzu foi D\u00eda de la Poes\u00eda = ver)<\/span><\/p>\n<p><span style=\"font-size: 14pt\"><strong><em>2) Completar una ficha de llectura <\/em><\/strong><strong><em>d\u00b4un llibru que vos preste,<\/em><\/strong> que teng\u00e1is por casa y recomend\u00e9is lleer a los coll\u00e1cios de clase. <a href=\"https:\/\/drive.google.com\/file\/d\/1jSI0Ta1Kgo5VnaCXy4ICnm75dc9snGyl\/view?usp=sharing\" target=\"_blank\" rel=\"noopener noreferrer\"><em><u><span style=\"color: #800080\">Descargar equ\u00ed o copiar la ficha de llectura. <\/span><\/u><\/em><\/a><\/span><\/p>\n<p><span style=\"font-size: 14pt\"><strong><em>Esta fichina hai que guardala<\/em><\/strong> pa traer en setiembre ya que <u><em>vamos facer un ficheru<\/em><\/u>. Da igual que seyan llibros en castell\u00e1n que n\u00b4asturianu. Si ye n\u00b4asturianu meyor pero si nun\u00a0 ten\u00e9is neng\u00fan en casina, val en castell\u00e1n.<\/span><\/p>\n<h3><span style=\"color: #cc99ff\"><strong><em><span style=\"color: #333399\">POEMES PA LLEER y ESFRUTAR : <\/span><\/em><\/strong><\/span><span style=\"color: #ffffff\">\u2026\u2026POE<\/span><\/h3>\n<p><a href=\"http:\/\/www.digital.pintar-pintar.com\/bookcase\/combj\" target=\"_blank\" rel=\"noopener noreferrer\"><img loading=\"lazy\" decoding=\"async\" class=\"\" src=\"https:\/\/imgbox.es\/images\/2020\/04\/17\/nubeteca_def1fd0f15fc30c9769.jpg\" width=\"292\" height=\"84\" \/>Nubeteca:<\/a><\/p>\n<ul>\n<li><span style=\"font-size: 14pt\"><span style=\"color: #333399\"><strong><em>\u201cMen\u00fa de versos\u201d<\/em><\/strong><\/span> (castellano)<\/span><\/li>\n<li><span style=\"font-size: 14pt\"><span style=\"color: #333399\"><strong><em>\u201cEl poema que cay\u00f3 a la mar\u201d<\/em><\/strong><\/span> (castellano)<\/span><\/li>\n<li><span style=\"font-size: 14pt\"><span style=\"color: #333399\"><strong><em>\u201cBolso de niebla\u201d<\/em><\/strong><\/span> (castellano)<\/span><\/li>\n<li><span style=\"font-size: 14pt\"><span style=\"color: #333399\"><em><strong>\u201cVersos d\u00b4Asturies\u201d <\/strong><\/em><\/span>(asturiano)<\/span><\/li>\n<li><span style=\"font-size: 14pt\"><span style=\"color: #333399\"><strong><em>\u201cVersonaxes\u201d <\/em><\/strong><\/span>(asturiano)<\/span><\/li>\n<li><span style=\"font-size: 14pt\"><span style=\"color: #333399\"><strong><em>\u201cQuiero ser arcuiris\u201d<\/em><\/strong><\/span> (asturiano)<\/span><\/li>\n<\/ul>\n<hr \/>\n<p><span style=\"font-size: 14pt\"><a href=\"https:\/\/www.youtube.com\/watch?v=ZWCX5GPT6Ds\" target=\"_blank\" rel=\"noopener noreferrer\">Poema:<strong><em> \u201cYera un barcu vieyu\u201d<\/em><\/strong><\/a><\/span><\/p>\n<ul>\n<li>\n<p align=\"left\"><span style=\"font-size: 14pt\"><em><u> Autora:<\/u><\/em><strong><em> Mar\u00eda Garc\u00eda Esper\u00f3n<\/em><\/strong><em><u> M\u00fasica:<\/u> Yanni\u00a0 <\/em><\/span><span style=\"font-size: 14pt\">Torna al asturianu: Katia Collado Manase <\/span><span style=\"font-size: 14pt\">(CP Guill\u00e9n Lafuerza d\u00b4Uvi\u00e9u).<\/span><\/p>\n<\/li>\n<\/ul>\n<p>&nbsp;<\/p>\n<p><em>\n<!-- iframe plugin v.6.0 wordpress.org\/plugins\/iframe\/ -->\n<iframe loading=\"lazy\" width=\"588\" height=\"331\" src=\"https:\/\/www.youtube.com\/embed\/ZWCX5GPT6Ds\" scrolling=\"yes\" class=\"iframe-class\" frameborder=\"0\"><\/iframe>\n<\/em><\/p>\n<ul>\n<li><span style=\"font-size: 14pt\">Poema: <a href=\"https:\/\/drive.google.com\/file\/d\/1yO1dAoLY-W93HDPL3_AXiBBWaWlt_0Tv\/view?usp=sharing\" target=\"_blank\" rel=\"noopener noreferrer\"><strong><em>\u201cLa lluna namorada\u201d<\/em><\/strong><\/a><\/span><\/li>\n<li><span style=\"font-size: 14pt\">Poema: <a href=\"https:\/\/drive.google.com\/file\/d\/14hfbw18pommghaExuSzE2zHps46qfjV-\/view?usp=sharing\" target=\"_blank\" rel=\"noopener noreferrer\"><strong><em>\u201cAl son del branu\u201d <\/em><\/strong><\/a><\/span><\/li>\n<\/ul>\n<p><span style=\"font-size: 14pt\"><em><strong><u>Poema <\/u><span style=\"color: #0000ff\">\u201cEl barcu\u201d<\/span><\/strong><\/em><em><u><br \/>\nAutor:<\/u> <\/em>Urbano Rodr\u00edguez<\/span><\/p>\n<p><span style=\"color: #0000ff;font-size: 14pt\"><em>Cola bandera nel aire<br \/>\nmarcha\u00b4l barcu pela mar,<br \/>\nafal\u00e1guenlu gaviotes<br \/>\nque nun dexen d\u00b4esnalar.<\/em><\/span><\/p>\n<p><span style=\"color: #0000ff;font-size: 14pt\"><em>A\u00f1eren nel so crua-crua<br \/>\ny naguando dir pa la mar,<br \/>\nlos enfotos que nel cai<br \/>\nSon sospiros, son cantar. <\/em><\/span><\/p>\n<p><span style=\"color: #0000ff;font-size: 14pt\"><em>LLantada la quilla n\u00b4agua<br \/>\ny fraciendo la mar na met\u00e1,<br \/>\ncola bandera nel aire<br \/>\nMarcha\u00b4l barcu pela mar.<\/em><\/span><\/p>\n<p><span style=\"font-size: 14pt\">* afal\u00e1guenlu:lo halagan<\/span><br \/>\n<span style=\"font-size: 14pt\">* esnalar: volar<\/span><br \/>\n<span style=\"font-size: 14pt\">* a\u00f1eren: hacen nidos<\/span><br \/>\n<span style=\"font-size: 14pt\">* naguando: deseando<\/span><br \/>\n<span style=\"font-size: 14pt\">* enfotos: golpean fuerte<\/span><br \/>\n<span style=\"font-size: 14pt\">* cai: muelle<\/span><br \/>\n<span style=\"font-size: 14pt\">* llantada: metida\/plantada<\/span><br \/>\n<span style=\"font-size: 14pt\">* quilla: piza de un barco<\/span><br \/>\n<span style=\"font-size: 14pt\">* fraciendo: cortando<\/span><br \/>\n<span style=\"font-size: 14pt\">* met\u00e1: mitad<\/span><\/p>\n<\/div>\n<\/div>\n<hr \/>\n<div id=\"post-162\" class=\"post\">\n<h2><a title=\"Leer 3 - 05-04\" href=\"http:\/\/blog.educastur.es\/ixuxullingua\/tarea\/3-terceru\/3-05-04\/\" rel=\"bookmark\">3 &#8211; 05-04<\/a><\/h2>\n<div class=\"entry\">\n<ul>\n<li>\n<h3><span style=\"color: #800080;font-size: 14pt\"><strong><em>ESTA\u00a0 SELMANA NUN\u00a0 HAI\u00a0 TAREA. <\/em><\/strong><\/span><span style=\"font-size: 14pt\"><span style=\"color: #800080\"><em><strong><u>Pr\u00f3sima: <\/u>Vienres 8 Mayu <\/strong><\/em><\/span><span style=\"color: #800080\"><em><strong>(facer del 11 al 15 de mayu)<\/strong><\/em><\/span><\/span><\/h3>\n<\/li>\n<\/ul>\n<p><span style=\"font-size: 14pt\"><strong><em>D\u00e9xovos unos poemes pa lleer a la ma. <\/em><\/strong>El domingu 3 de mayu ye\u00b4l<span style=\"color: #800080\"><strong><em> D\u00eda de la ma. <\/em><\/strong><\/span><u><em>Esfrut\u00e1ilu en familia\u2026 <\/em><\/u><span style=\"color: #800080\"><strong><em>Pa cellebralo, dos poemes perguapos:<\/em><\/strong><\/span><\/span><\/p>\n<p><span style=\"font-size: 14pt\">\u00dan poema d\u00b4<span style=\"color: #800080\">Aurelio Gonz\u00e1lez Ovies<\/span>,<\/span><span style=\"font-size: 14pt\">espubliz\u00e1o nel so bloque: <a href=\"http:\/\/hazmemagiaotravez.blogspot.com\/\" target=\"_blank\" rel=\"noopener noreferrer\"><span style=\"color: #800080\"><u><em>Hazme magia otra vez. <\/em><\/u><\/span><\/a><\/span><span style=\"font-size: 14pt\">Voz: <\/span><a href=\"https:\/\/www.youtube.com\/watch?time_continue=239&amp;v=ArE4dvUHYOQ&amp;feature=emb_logo\" target=\"_blank\" rel=\"noopener noreferrer\"><em><span style=\"font-size: 14pt\">Mar\u00eda Garc\u00eda Esper\u00f3n<\/span> <\/em><\/a><\/p>\n<p><em>\n<!-- iframe plugin v.6.0 wordpress.org\/plugins\/iframe\/ -->\n<iframe loading=\"lazy\" width=\"588\" height=\"331\" src=\"https:\/\/www.youtube.com\/embed\/ArE4dvUHYOQ\" scrolling=\"yes\" class=\"iframe-class\" frameborder=\"0\"><\/iframe>\n<\/em><\/p>\n<h3><span style=\"color: #800080;font-size: 14pt\"><em><u>Un poema a todas<br \/>\nlas madres que existen<\/u>,<br \/>\na las que nos peinan<br \/>\ny a las que nos visten.<\/em><\/span><\/h3>\n<h3><span style=\"color: #800080;font-size: 14pt\"><em>Un poema a todas<br \/>\nlas madres del mundo<br \/>\nporque hacen milagros<br \/>\nde un guisante crudo.<\/em><\/span><\/h3>\n<h3><span style=\"color: #800080;font-size: 14pt\"><em>A las que aunque est\u00e9n<br \/>\ncon fiebre y anginas,<br \/>\nnos fr\u00eden abrazos<br \/>\ny asan sonrisas.<\/em><\/span><\/h3>\n<h3><span style=\"color: #800080;font-size: 14pt\"><em>A las que de siempre<br \/>\nnos quieren ya tanto<br \/>\nque rebosan sue\u00f1os<br \/>\nmientras tragan llanto.<\/em><\/span><\/h3>\n<h3><span style=\"color: #800080;font-size: 14pt\"><em>A las que del pez<br \/>\nfiero de la vida<br \/>\nnos sacan la carne<br \/>\ny comen la espina.<\/em><\/span><\/h3>\n<h3><span style=\"color: #800080;font-size: 14pt\"><em>A las que envejecen<br \/>\ncon grietas y grumos<br \/>\nde exprimirse a diario<br \/>\npara hacernos zumos.<\/em><\/span><\/h3>\n<h3><span style=\"color: #800080;font-size: 14pt\"><em>A las que ya est\u00e1n<br \/>\nsobre nuestra cuna<br \/>\nborrando la noche<br \/>\ny pintando lunas.<\/em><\/span><\/h3>\n<h3><span style=\"color: #800080;font-size: 14pt\"><em>A las que nos cubren,<br \/>\ndefienden y abrazan<br \/>\nincluso si duermen,<br \/>\nincluso si faltan.<\/em><\/span><\/h3>\n<h3><span style=\"color: #800080;font-size: 14pt\"><em>A las que los a\u00f1os<br \/>\ncasi se les pasan<br \/>\nentre planchar fuerzas<br \/>\ny limpiar la casa.<\/em><\/span><\/h3>\n<h3><span style=\"color: #800080;font-size: 14pt\"><em>Un poema a todas<br \/>\nestas siemprevivas<br \/>\nque sirven de fuelle<br \/>\ny aguantan de viga.<\/em><\/span><\/h3>\n<h3><span style=\"color: #800080;font-size: 14pt\"><em>Un gracias a todas<br \/>\nestas madres nuestras<br \/>\nque son cocineras,<br \/>\nmodistas, maestras;<br \/>\ny adornan bizcochos<br \/>\no administran cuentas<br \/>\ny trenzan toquillas<br \/>\no zurcen sorpresas.<\/em><\/span><\/h3>\n<h3><span style=\"color: #800080;font-size: 14pt\"><em>A las que a\u00fan est\u00e1n<br \/>\no son ya estrellas.<\/em><\/span><\/h3>\n<p><span style=\"font-size: 14pt\"><em>\u00a9Aurelio Gonz\u00e1lez Ovies<\/em><\/span><\/p>\n<hr \/>\n<h4><span style=\"font-size: 14pt\">\u00dan poema d\u00b4<a href=\"https:\/\/elguardiandelalluvia.wordpress.com\/2018\/09\/15\/336\/\" target=\"_blank\" rel=\"noopener noreferrer\">Elvira Laruelo<\/a> espubliz\u00e1o <\/span><span style=\"font-size: 14pt\">nel b<a href=\"https:\/\/lunalectora.blogspot.com\/2019\/04\/como-me-hice-feminista-una-genealogia_1.html\" target=\"_blank\" rel=\"noopener noreferrer\"><span style=\"color: #000000\">log<\/span> \u201c<em><strong>Lluna llectora<\/strong><\/em>\u201d <span style=\"color: #000000\">del Institutu.<\/span><\/a><\/span><\/h4>\n<p align=\"left\">\u00a0<span style=\"color: #800080;font-size: 14pt\"><strong><em><u>\u201cPavor\u201d<\/u><\/em><\/strong><\/span><\/p>\n<h3 align=\"left\"><span style=\"color: #800080;font-size: 14pt\"><strong> <em>Nun soi quien a escribite un poema,<br \/>\nma.<\/em><\/strong><\/span><\/h3>\n<h3 align=\"left\"><span style=\"color: #800080;font-size: 14pt\"><strong><em>Llevo tiempu intent\u00e1ndolo<br \/>\ny nun lo consigo,<br \/>\ncon toles bobaes pa les que tengo<br \/>\nunos versos ad hoc\u2026<\/em><\/strong><\/span><\/h3>\n<h3 align=\"left\"><span style=\"color: #800080;font-size: 14pt\"><strong><em>Nun soi quien a escribite un poema,<br \/>\nma.<\/em><\/strong><\/span><\/h3>\n<h3 align=\"left\"><span style=\"color: #800080;font-size: 14pt\"><strong><em>Si\u00e9ntome mal por ello,<br \/>\npero nun s\u00e9 dicite de forma<br \/>\norixinal, hiperb\u00f3lica,<br \/>\nsuperlativa y ll\u00edrica:<br \/>\nGracies.<\/em><\/strong><\/span><\/h3>\n<h3 align=\"left\"><span style=\"color: #800080;font-size: 14pt\"><strong><em>Qui\u00e9rote.<\/em><\/strong><\/span><\/h3>\n<h3 align=\"left\"><span style=\"color: #800080;font-size: 14pt\"><strong><em>Siento pavor a esconsonar un d\u00eda<br \/>\ny que nun teas.<\/em><\/strong><\/span><\/h3>\n<\/div>\n<\/div>\n<hr \/>\n<div id=\"post-163\" class=\"post\">\n<h2><a title=\"Leer 3 - 05-08\" href=\"http:\/\/blog.educastur.es\/ixuxullingua\/tarea\/3-terceru\/3-05-08\/\" rel=\"bookmark\">3 &#8211; 05-08<\/a><span style=\"color: #800080\"><strong><em>\u00a0 TAREA\u00a0 DEL\u00a0 8\u00a0 DE\u00a0 MAYU <\/em><\/strong><\/span><\/h2>\n<div class=\"entry\">\n<p align=\"left\"><span style=\"color: #800080\"><strong><em><a href=\"https:\/\/drive.google.com\/file\/d\/1QbdQhqeYhT6nmXHhrd2NYO9kBoU2BFVT\/view?usp=sharing\" target=\"_blank\" rel=\"noopener noreferrer\"><span style=\"font-size: 14pt\">CONSULTAR HOJA WEB COLE<\/span><\/a><\/em><\/strong><\/span><\/p>\n<p align=\"left\"><span style=\"color: #800080;font-size: 14pt\"><strong><em>Tema: \u201cTraxe tradicional\u201d.<\/em><\/strong><\/span><\/p>\n<p><span style=\"font-size: 14pt\"><img loading=\"lazy\" decoding=\"async\" src=\"https:\/\/yt3.ggpht.com\/a\/AATXAJw7DWVaeeT8Xf2YN9IkDE6rJ_9YxVhWB6GJCg=s100-c-k-c0xffffffff-no-rj-mo\" width=\"100\" height=\"100\" \/><\/span><\/p>\n<p><span style=\"font-size: 14pt\"><u><em><strong><span style=\"color: #003300\">Asociaci\u00f3n Escontra\u00b4l\u00a0 Raiga\u00f1u. <\/span><br \/>\n<\/strong><\/em><\/u><\/span><\/p>\n<p><em>\n<!-- iframe plugin v.6.0 wordpress.org\/plugins\/iframe\/ -->\n<iframe loading=\"lazy\" width=\"588\" height=\"331\" src=\"https:\/\/www.youtube.com\/embed\/REnVBZ-kXUo\" scrolling=\"yes\" class=\"iframe-class\" frameborder=\"0\"><\/iframe>\n<\/em><\/p>\n<ul>\n<li><span style=\"font-size: 14pt\"><a href=\"https:\/\/www.youtube.com\/watch?v=REnVBZ-kXUo\" target=\"_blank\" rel=\"noopener noreferrer\"><u><em><strong>Ver v\u00eddeu bailando l\u00b4Alredore<\/strong><\/em><\/u><\/a><\/span><\/li>\n<li><span style=\"font-size: 14pt\"><a href=\"https:\/\/www.youtube.com\/watch?v=W5iXabqk2-M\" target=\"_blank\" rel=\"noopener noreferrer\"><u><em><strong>Ver v\u00eddeu na Seronda d\u00b4Aviles.<\/strong><\/em><\/u><\/a><\/span><\/li>\n<\/ul>\n<p><span style=\"font-size: 14pt\"><img loading=\"lazy\" decoding=\"async\" src=\"https:\/\/imgbox.es\/images\/2020\/03\/23\/separadora4a37c028d732afc.jpg\" width=\"322\" height=\"26\" \/><\/span><\/p>\n<p><span style=\"font-size: 14pt\"><strong>La forma de vistir de la xente foi cambiando colos a\u00f1os. <\/strong>Lo que conocemos como <strong><em><span style=\"color: #800000\">\u201cTraxe tradicional\u201d<\/span> <\/em><\/strong>ye\u00b4l conxuntu de ropa que ten\u00eden <\/span><span style=\"font-size: 14pt\">los antepasaos asturianos nos sieglos XVIII y XIX.<\/span><\/p>\n<p><span style=\"font-size: 14pt\">N\u00b4acabando esa \u00e9poca por la industrializaci\u00f3n y <\/span><span style=\"font-size: 14pt\">les f\u00e1briques de ropa, <strong>la moda igual\u00f3se en tol mundu y xeneraliz\u00e1ronse les formes de vistimenta.<br \/>\n<\/strong><\/span><\/p>\n<p><span style=\"font-size: 14pt\">Los materiales m\u00e1s us\u00e1os yeren el llinu (lino) y la llana <\/span><span style=\"font-size: 14pt\">(lana), que se produc\u00eden nel propiu llar, onde tami\u00e9n se <\/span><span style=\"font-size: 14pt\">trabayaba pa iguar (hacer \/ coser) la ropa. Los colores <\/span><span style=\"font-size: 14pt\">consigu\u00edense cociendo y xuntando colores.<\/span><\/p>\n<p><span style=\"font-size: 14pt\"><span style=\"color: #800000\"><strong><em>TAREA 1)<\/em><\/strong><\/span> <span style=\"color: #800000\">Calca nes im\u00e1xenes pa ver en grande. <strong>Fai un list\u00e1u <\/strong>(nuna fueya) <strong>de ropa de la muyer y otru de ropa del home. <\/strong>Pues escribilos en may\u00fascula o copialos en min\u00fascula\u2026<\/span><\/span><\/p>\n<ul>\n<li><span style=\"font-size: 14pt\"><a href=\"https:\/\/drive.google.com\/file\/d\/1WtuMUfc8wjSmhEieMjJzxHsbtRXmN_ze\/view?usp=sharing\" target=\"_blank\" rel=\"noopener noreferrer\"><strong><em>Traxe muyer <\/em><\/strong>(calca pa ver ampli\u00e1u) <\/a><\/span><\/li>\n<li><span style=\"font-size: 14pt\"><a href=\"https:\/\/drive.google.com\/file\/d\/1WtuMUfc8wjSmhEieMjJzxHsbtRXmN_ze\/view?usp=sharing\" target=\"_blank\" rel=\"noopener noreferrer\"><img loading=\"lazy\" decoding=\"async\" class=\"\" src=\"https:\/\/imgbox.es\/images\/2020\/04\/17\/Muyer5c83eda1f3eccc1d.jpg\" width=\"425\" height=\"595\" \/><\/a><\/span><\/li>\n<li><span style=\"font-size: 14pt\"><img loading=\"lazy\" decoding=\"async\" src=\"https:\/\/imgbox.es\/images\/2020\/03\/23\/separadora4a37c028d732afc.jpg\" width=\"322\" height=\"26\" \/><\/span><\/li>\n<li><span style=\"font-size: 14pt\"><a href=\"https:\/\/drive.google.com\/file\/d\/1JUM-hdC27drfw_rWBjXlk9SZUwbqkSsP\/view?usp=sharing\" target=\"_blank\" rel=\"noopener noreferrer\"><strong><em>Traxe home <\/em><\/strong>(calca pa ver ampli\u00e1u) <\/a><\/span><\/li>\n<li><span style=\"font-size: 14pt\"><a href=\"https:\/\/imgbox.es\/images\/2020\/04\/17\/Homec2e85c10b5b69fc0.jpg\" target=\"_blank\" rel=\"noopener noreferrer\"><img loading=\"lazy\" decoding=\"async\" class=\"\" src=\"https:\/\/imgbox.es\/images\/2020\/04\/17\/Homec2e85c10b5b69fc0.jpg\" width=\"426\" height=\"597\" \/> <\/a><\/span><\/li>\n<\/ul>\n<p><span style=\"font-size: 14pt\">\u00a0<\/span><\/p>\n<p><span style=\"font-size: 14pt\"><span style=\"color: #800000\"><u><strong><em>Tarea 2: <\/em><\/strong><span style=\"color: #000000\"> Dibuxa con ll\u00e1piz y colorea con colores un traxe<\/span><\/u><\/span><span style=\"color: #800000\"><u><span style=\"color: #000000\"> asturianu, home o muyer, el que m\u00e1s te preste, el que prefieras.<\/span><\/u><\/span><\/span><\/p>\n<p><span style=\"font-size: 14pt\"><span style=\"color: #800000\"><strong><em>Tarea 3)<\/em><\/strong><\/span> <span style=\"color: #800000\"><strong><em>Opcional y voluntaria. <\/em><\/strong><\/span><\/span><span style=\"font-size: 14pt\">Hai que completar esti testu con nomes qu\u00b4aparecen <\/span><span style=\"font-size: 14pt\">nes im\u00e1xines o dibuxos anteriores. <\/span><span style=\"color: #800000;font-size: 14pt\"><a href=\"https:\/\/drive.google.com\/file\/d\/1toLjeyBDpEpKYhn4hbUQFntNlwlOD1ND\/view?usp=sharing\" target=\"_blank\" rel=\"noopener noreferrer\"><strong><em>Testu pa completar<\/em><\/strong> (escribi les 10 pallabres) <\/a><\/span><\/p>\n<p><span style=\"color: #800000;font-size: 14pt\"> F\u00edxate bien y completa la frase\u2026<\/span><\/p>\n<ul>\n<li><span style=\"font-size: 14pt\"><a href=\"https:\/\/drive.google.com\/file\/d\/1WtuMUfc8wjSmhEieMjJzxHsbtRXmN_ze\/view?usp=sharing\" target=\"_blank\" rel=\"noopener noreferrer\"><strong><em>Traxe muyer <\/em><\/strong>(calca pa ver ampli\u00e1u) <\/a><\/span><\/li>\n<li><span style=\"font-size: 14pt\"><a href=\"https:\/\/drive.google.com\/file\/d\/1JUM-hdC27drfw_rWBjXlk9SZUwbqkSsP\/view?usp=sharing\" target=\"_blank\" rel=\"noopener noreferrer\"><strong><em>Traxe home <\/em><\/strong>(calca pa ver ampli\u00e1u) <\/a><\/span><\/li>\n<\/ul>\n<ul>\n<li><span style=\"color: #800000;font-size: 14pt\"><u><strong><em>C\u00f3piales nuna fueya y ya espublizo yo equ\u00ed el vienres 15 les respuestes.. A ver si acertaste dalguna de les 10.<\/em><\/strong><span style=\"color: #808080\"> <img decoding=\"async\" class=\"wp-smiley\" src=\"http:\/\/blog.educastur.es\/ixuxullingua\/wp-includes\/images\/smilies\/icon_wink.gif\" alt=\";-)\" \/>\u00a0 <\/span>Nun hai qu\u00b4imprimilo too !! <strong><em>Copia nuna fueya los 10 nomes!<br \/>\n<\/em><\/strong><\/u><\/span><\/li>\n<\/ul>\n<p><span style=\"font-size: 14pt\"><span style=\"color: #800000\"><u><strong><em>Tarea 4: <\/em><\/strong><\/u><\/span><span style=\"color: #800000\"><u><strong><em>Opcional y voluntaria. <\/em><\/strong><\/u><a href=\"https:\/\/drive.google.com\/file\/d\/1v65Pfzt5gKhegfpyWhlyTry7-mlPPG0C\/view\" target=\"_blank\" rel=\"noopener noreferrer\"><span style=\"color: #000000\"><em>Imprime <strong>alguna<\/strong> fueya d\u00b4esti documentu, <strong>la que quieras<\/strong>, y <strong>color\u00e9ala<\/strong> respetando los colores del traxe tradicional asturianu.<\/em><\/span><\/a><\/span><\/span><\/p>\n<p><a href=\"https:\/\/drive.google.com\/file\/d\/1bslyDaYBrHgsAMaiN1iBdhBouj3lXnrD\/view?usp=sharing\" target=\"_blank\" rel=\"noopener noreferrer\">Solucionariu de <strong><em>\u201cTraxe asturianu de Muyer y Home<\/em><\/strong><\/a><\/p>\n<\/div>\n<\/div>\n<hr \/>\n<h2><a title=\"Leer 3 - 05-15\" href=\"http:\/\/blog.educastur.es\/ixuxullingua\/tarea\/3-terceru\/3-05-15\/\" rel=\"bookmark\">3 &#8211; 05-15<\/a><span style=\"color: #993300\"><strong><em> TAREA del 15 de mayu (del 18 al 22) <\/em><\/strong><\/span><\/h2>\n<div class=\"entry\">\n<p><span style=\"font-size: 14pt\">Esta selmana vamos ver<span style=\"color: #993300\"><strong><em> \u201cLa casa\u201d <\/em><\/strong><\/span>y les sos partes.<\/span><\/p>\n<ul>\n<li><span style=\"font-size: 14pt\"><a href=\"https:\/\/drive.google.com\/file\/d\/1YkRjPLjNUfNvtUIL1ncIld5Umf9zdzo1\/view?usp=sharing\" target=\"_blank\" rel=\"noopener noreferrer\">Calca pa ver el\u00a0 <strong><em>\u201cVocabulariu de la casa\u201d <\/em><\/strong><\/a><\/span><\/li>\n<li><span style=\"font-size: 14pt\"><u><em><span style=\"color: #993300\">TAREA 1<\/span><\/em><\/u><strong><em><span style=\"color: #993300\">: Dibuxar el to cuartu<\/span> <\/em><\/strong><em>y pon nome (ll\u00e1piz) <\/em><em>a les coses que tienes.<\/em> <u><em>Failo nuna fueya en apaisao, horizontal. Color\u00e9alo con los colores verdaderos que tienen\u2026 <\/em><\/u><\/span><\/li>\n<\/ul>\n<p><span style=\"font-size: 14pt\"><a href=\"https:\/\/www.educima.com\/dibujo-para-colorear-dormitorio-dm25998.jpg\" target=\"_blank\" rel=\"noopener noreferrer\"><img loading=\"lazy\" decoding=\"async\" src=\"https:\/\/www.educima.com\/dibujo-para-colorear-dormitorio-dm25998.jpg\" width=\"488\" height=\"345\" border=\"1\" \/><\/a><\/span><\/p>\n<ul>\n<li><span style=\"font-size: 14pt\"><a href=\"https:\/\/drive.google.com\/file\/d\/1VuAzBkSl7iBYE3ntlQ1XIzLJZ1DCz5F3\/view?usp=sharing\" target=\"_blank\" rel=\"noopener noreferrer\">Entrada<\/a><\/span><\/li>\n<li><span style=\"font-size: 14pt\"><a href=\"https:\/\/drive.google.com\/file\/d\/1JHzTd-Rqt9rt4Aql_U53iZYvrDCS6uP-\/view?usp=sharing\" target=\"_blank\" rel=\"noopener noreferrer\">Cocina1 <\/a>y <a href=\"https:\/\/drive.google.com\/file\/d\/1W9_nJdqbABVZwM8-5PHk2v1JkQ3mZsuY\/view?usp=sharing\" target=\"_blank\" rel=\"noopener noreferrer\">Cocina2 <\/a><\/span><\/li>\n<li><span style=\"font-size: 14pt\"><a href=\"https:\/\/drive.google.com\/file\/d\/1NvmZmUA4L4KqJ7VlmJDYnN-jRq_GOcon\/view?usp=sharing\" target=\"_blank\" rel=\"noopener noreferrer\">Salita<\/a><\/span><\/li>\n<li><span style=\"font-size: 14pt\"><a href=\"https:\/\/drive.google.com\/file\/d\/1h3NCsY7GmyI7-lSqYbnrTEDuvT9gHeGO\/view?usp=sharing\" target=\"_blank\" rel=\"noopener noreferrer\">Cuartu ba\u00f1u<\/a><\/span><\/li>\n<li><span style=\"font-size: 14pt\"><a href=\"https:\/\/drive.google.com\/file\/d\/17yYjppsDm2yZvniB-8jH5ONBxSDp99Ju\/view?usp=sharing\" target=\"_blank\" rel=\"noopener noreferrer\"><em><strong>Cuartu <\/strong><\/em><\/a><\/span><\/li>\n<li>\n<p align=\"left\"><span style=\"font-size: 14pt\"><em><strong><a href=\"https:\/\/i.pinimg.com\/originals\/38\/33\/bb\/3833bbcd4998029d855c07ca95b8e182.gif\" target=\"_blank\" rel=\"noopener noreferrer\">Si nun sabes qu\u00e9 ye un cuartu, calca y mira <\/a><\/strong><a href=\"https:\/\/i.pinimg.com\/originals\/38\/33\/bb\/3833bbcd4998029d855c07ca95b8e182.gif\" target=\"_blank\" rel=\"noopener noreferrer\">Esti ye un cuartu mui famosu, d\u00b4un pintor<\/a><\/em><em><a href=\"https:\/\/i.pinimg.com\/originals\/38\/33\/bb\/3833bbcd4998029d855c07ca95b8e182.gif\" target=\"_blank\" rel=\"noopener noreferrer\"> de cuadros, d\u00b4un artista\u2026 <strong>\u00bfSabes el so nome?<\/strong><\/a><\/em><em><a href=\"https:\/\/i.pinimg.com\/originals\/38\/33\/bb\/3833bbcd4998029d855c07ca95b8e182.gif\" target=\"_blank\" rel=\"noopener noreferrer\"><strong> \u00bfSabr\u00edes dicir qu\u00e9 coses ves nesi cuartu?\u00a0<\/strong><\/a><\/em><\/span><\/p>\n<\/li>\n<li>\n<p align=\"left\"><span style=\"font-size: 14pt\"><em><a href=\"https:\/\/i.pinimg.com\/originals\/38\/33\/bb\/3833bbcd4998029d855c07ca95b8e182.gif\" target=\"_blank\" rel=\"noopener noreferrer\">El cuartu de\u2026\u00a0\u00a0 tien \u2026\u2026\u2026\u2026. <\/a><\/em><\/span><\/p>\n<\/li>\n<\/ul>\n<p><span style=\"color: #993300;font-size: 14pt\"><em><u>TAREA 2:<\/u> <strong>escuchar unos cancios prestosos:<\/strong><\/em><\/span><\/p>\n<ul>\n<li><span style=\"font-size: 14pt\"><em>Canciu:<\/em> <a href=\"https:\/\/drive.google.com\/file\/d\/1zYl7za4bYyi4-jTVS95_W1Ze2zuMaNsy\/view?usp=sharing\" target=\"_blank\" rel=\"noopener noreferrer\"><strong><em>\u201cA\u00f1ada\u201d<\/em><\/strong><\/a><\/span><\/li>\n<li><span style=\"font-size: 14pt\"><em>Canciu: <\/em><strong><em><a href=\"https:\/\/youtu.be\/AQSCh2aUI58\" target=\"_blank\" rel=\"noopener noreferrer\">\u201cLa marcha d\u00b4echase\u201d<\/a><\/em><\/strong><\/span><\/li>\n<\/ul>\n<p>&nbsp;<\/p>\n<p><em>\n<!-- iframe plugin v.6.0 wordpress.org\/plugins\/iframe\/ -->\n<iframe loading=\"lazy\" width=\"588\" height=\"331\" src=\"https:\/\/www.youtube.com\/embed\/AQSCh2aUI58\" scrolling=\"yes\" class=\"iframe-class\" frameborder=\"0\"><\/iframe>\n<\/em><\/p>\n<p><span style=\"font-size: 14pt\">\u00a0<\/span><\/p>\n<ul>\n<li><span style=\"font-size: 14pt\">Canciu:<a href=\"https:\/\/youtu.be\/k-o0w6FXkNI\" target=\"_blank\" rel=\"noopener noreferrer\"><strong><em> \u201cA dormir\u201d <\/em><\/strong>Xentiquina<br \/>\n<\/a><\/span><\/li>\n<\/ul>\n<p>&nbsp;<\/p>\n<p><em>\n<!-- iframe plugin v.6.0 wordpress.org\/plugins\/iframe\/ -->\n<iframe loading=\"lazy\" width=\"588\" height=\"331\" src=\"https:\/\/www.youtube.com\/embed\/k-o0w6FXkNI\" scrolling=\"yes\" class=\"iframe-class\" frameborder=\"0\"><\/iframe>\n<\/em><\/p>\n<p><span style=\"font-size: 14pt\">\u00a0<\/span><\/p>\n<ul>\n<li><span style=\"font-size: 14pt\"><em>Canciu <strong><a href=\"https:\/\/youtu.be\/6JYvyjGrGGI\" target=\"_blank\" rel=\"noopener noreferrer\">\u201c<\/a><\/strong><a href=\"https:\/\/youtu.be\/6JYvyjGrGGI\" target=\"_blank\" rel=\"noopener noreferrer\"><strong>Nun mos gusten los llunes\u201d<\/strong><\/a><\/em><\/span><\/li>\n<\/ul>\n<p>&nbsp;<\/p>\n<p><em>\n<!-- iframe plugin v.6.0 wordpress.org\/plugins\/iframe\/ -->\n<iframe loading=\"lazy\" width=\"588\" height=\"331\" src=\"https:\/\/www.youtube.com\/embed\/6JYvyjGrGGI\" scrolling=\"yes\" class=\"iframe-class\" frameborder=\"0\"><\/iframe>\n<\/em><\/p>\n<p><span style=\"font-size: 14pt\">\u00a0<\/span><\/p>\n<p><span style=\"font-size: 14pt\">Karaoke \u201c<span style=\"color: #000080\"><u><em>Nun mos gusten los llunes<\/em><\/u><\/span>\u201d del grupu <span style=\"color: #000080\"><u><em>Petit Pop<\/em><\/u><\/span>. <\/span><span style=\"font-size: 14pt\"><strong><em>Mar:<\/em><\/strong> Guitarres el\u00e9ctriques, ac\u00fastiques y espa\u00f1oles, <\/span><span style=\"font-size: 14pt\">ukelele, teclaos, voz y coros. <\/span><span style=\"font-size: 14pt\"><strong><em>Lara:<\/em><\/strong> Teclaos, voz y coros.<\/span><br \/>\n<span style=\"font-size: 14pt\"><strong><em>Cova: <\/em><\/strong>Percusi\u00f3n, voz y coros. <\/span><span style=\"font-size: 14pt\"><strong><em>Sr. Gafotas:<\/em><\/strong> baxu, guitarres el\u00e9ctriques y ac\u00fastiques, <\/span><span style=\"font-size: 14pt\">teclaos, voz, coros y programaciones.<\/span><\/p>\n<hr \/>\n<\/div>\n<div id=\"content\">\n<div id=\"post-165\" class=\"post\">\n<h2><a title=\"Leer 3 - 05-22\" href=\"http:\/\/blog.educastur.es\/ixuxullingua\/tarea\/3-terceru\/3-05-22\/\" rel=\"bookmark\">3 &#8211; 05-22<\/a><\/h2>\n<div class=\"entry\">\n<ul>\n<li><a href=\"https:\/\/educastur-my.sharepoint.com\/:b:\/g\/personal\/isabellh_educastur_org\/EeDOSsWUPsRIskxFGXgTmTgBwGJK8T1eKV8zF3sVt-EEZg?e=Hwd5sR\" target=\"_blank\" rel=\"noopener noreferrer\"><em><span style=\"font-size: 14pt\">INFORMACI\u00d3N<strong> TAREA 25-29 MAYU 2020<\/strong><\/span><\/em><\/a><\/li>\n<li><span style=\"color: #ffffff;font-size: 14pt\"><em><strong>\u2026\u2026\u2026\u2026\u2026\u2026\u2026\u2026\u2026\u2026\u2026\u2026\u2026\u2026\u2026\u2026\u2026\u2026\u2026\u2026\u2026..<\/strong><\/em><\/span><\/li>\n<li><span style=\"font-size: 14pt\"><em><strong><a href=\"https:\/\/imgbox.es\/images\/2020\/05\/21\/3_5_sitiu60882fd12411f050.jpg\" target=\"_blank\" rel=\"noopener noreferrer\"><img loading=\"lazy\" decoding=\"async\" class=\"\" src=\"https:\/\/imgbox.es\/images\/2020\/05\/21\/3_5_sitiu60882fd12411f050.jpg\" width=\"491\" height=\"317\" border=\"1\" \/><\/a><\/strong><\/em><\/span><\/li>\n<li><span style=\"font-size: 14pt\"><em><strong><a href=\"https:\/\/imgbox.es\/images\/2020\/05\/21\/3_5_sitiu60882fd12411f050.jpg\" target=\"_blank\" rel=\"noopener noreferrer\">Calca pa ver la im\u00e1xen en grande<\/a><\/strong><\/em><\/span><\/li>\n<li><span style=\"font-size: 14pt\"><em>Testu: <strong><a href=\"https:\/\/educastur-my.sharepoint.com\/:b:\/g\/personal\/isabellh_educastur_org\/ETMkF86sa45FvetApNyqQGgBQIEet5YHJNTgbaM25-j3WA?e=Ky4b4H\" target=\"_blank\" rel=\"noopener noreferrer\">\u201cEl sitiu onde vivimos\u201d<\/a><\/strong><a href=\"https:\/\/educastur-my.sharepoint.com\/:b:\/g\/personal\/isabellh_educastur_org\/ETMkF86sa45FvetApNyqQGgBQIEet5YHJNTgbaM25-j3WA?e=Ky4b4H\" target=\"_blank\" rel=\"noopener noreferrer\"> (pdf) Calca na lupa pa ampliarla lletra<br \/>\n<\/a><\/em><\/span><\/li>\n<li><span style=\"font-size: 14pt\"><em>Audio: <a href=\"https:\/\/educastur-my.sharepoint.com\/:u:\/g\/personal\/isabellh_educastur_org\/EXrnd3Q4hHBOtMTnEWkhuIABlZHlNq4oHnZRbmM4AI1HJg?e=xy2ceG\" target=\"_blank\" rel=\"noopener noreferrer\">\u201cEl sitiu onde vivimos\u201d<\/a><\/em><\/span><\/li>\n<li><span style=\"font-size: 14pt\"><em><a href=\"https:\/\/educastur-my.sharepoint.com\/:b:\/g\/personal\/isabellh_educastur_org\/EamlKbw19kRCoMd8Q9caSB0BJgA5thz5maqJgbwCGqM34Q?e=zjoYVp\" target=\"_blank\" rel=\"noopener noreferrer\"><strong>Ficha con entrugues pa \u201cDescargar\u201d <\/strong>y responder<strong><br \/>\n<\/strong><\/a><\/em><\/span><\/li>\n<li><em><span style=\"font-size: 14pt\">Si nun imprimes, <\/span><strong><span style=\"font-size: 14pt\">copia solo n\u00fameru y respuesta.<\/span> <\/strong><\/em><\/li>\n<\/ul>\n<hr \/>\n<\/div>\n<\/div>\n<\/div>\n<div id=\"post-208\" class=\"post\">\n<h2><a title=\"Leer 3 - 05-29\" href=\"http:\/\/blog.educastur.es\/ixuxullingua\/tarea\/3-terceru\/3-05-29\/\" rel=\"bookmark\">3 &#8211; 05-29<\/a><\/h2>\n<div class=\"entry\">\n<ul>\n<li><span style=\"font-size: 14pt\">Info <a href=\"https:\/\/educastur-my.sharepoint.com\/:b:\/g\/personal\/isabellh_educastur_org\/ETSApESvdO1GjKMFj3kKxYkB6wu8CASZxBPWdOjAa3ye0w?e=9RD9aM\" target=\"_blank\" rel=\"noopener noreferrer\"><strong><em>Tarea del 29 mayu <\/em><\/strong>(1-5 xunu)<\/a><\/span><\/li>\n<li><span style=\"font-size: 14pt\">Art\u00edculu:<a href=\"https:\/\/educastur-my.sharepoint.com\/:b:\/g\/personal\/isabellh_educastur_org\/ERg9myXQluBNkqZoSAoXtMYBKXJHf-I5KUizjO4Jy3fBbA?e=BIkk8J\" target=\"_blank\" rel=\"noopener noreferrer\"><strong><em> \u201cLa fiesta de La Balesquida\u201d<\/em><\/strong><\/a><\/span><\/li>\n<li><span style=\"font-size: 14pt\">Art\u00edculu nel blogue <a href=\"http:\/\/blog.educastur.es\/ixuxullingua\/2020\/05\/28\/fiesta-%e2%80%9cmartes-de-campu%e2%80%9d-n%c2%b4uvieu\/\" target=\"_blank\" rel=\"noopener noreferrer\">\u201c<strong><em>Martes de campu n\u00b4Uvi\u00e9u\u201d<\/em><\/strong> con enlaces y videu.<\/a><\/span><\/li>\n<li><span style=\"font-size: 14pt\">Ver Receta Youtube <a href=\"https:\/\/www.youtube.com\/watch?v=JJ8k_NdpkbU&amp;feature=youtu.be\" target=\"_blank\" rel=\"noopener noreferrer\"><strong><em>\u201cBollos pre\u00f1\u00e1os\u201d <\/em><\/strong><\/a>n\u00b4asturianu<\/span><\/li>\n<li><a href=\"https:\/\/www.youtube.com\/watch?v=JJ8k_NdpkbU&amp;feature=youtu.be\" target=\"_blank\" rel=\"noopener noreferrer\"><strong><em><span style=\"font-size: 14pt\">Bollos pre\u00f1aos (Raquel Cami\u00f1a)<\/span> <\/em><\/strong><\/a><\/li>\n<\/ul>\n<p><em>\n<!-- iframe plugin v.6.0 wordpress.org\/plugins\/iframe\/ -->\n<iframe loading=\"lazy\" width=\"588\" height=\"331\" src=\"https:\/\/www.youtube.com\/embed\/JJ8k_NdpkbU\" scrolling=\"yes\" class=\"iframe-class\" frameborder=\"0\"><\/iframe>\n<\/em><\/p>\n<p>&nbsp;<\/p>\n<ul>\n<li><span style=\"font-size: 14pt\">Lectura art\u00edculu: <a href=\"http:\/\/blog.educastur.es\/ixuxullingua\/2020\/05\/19\/asturies-fuiste-un-exemplu-dafechu\/\" target=\"_blank\" rel=\"noopener noreferrer\"><u><em>\u201cAsturies, fuiste un exemplu dafechu\u201d<br \/>\n<\/em><\/u><\/a><\/span><\/li>\n<\/ul>\n<p><a href=\"http:\/\/blog.educastur.es\/ixuxullingua\/noticies\/covid-info-asturies\/\" target=\"_blank\" rel=\"noopener noreferrer\"><img loading=\"lazy\" decoding=\"async\" class=\"\" src=\"https:\/\/elmiradoriu.files.wordpress.com\/2020\/05\/img-20200516-wa0002.jpg\" width=\"384\" height=\"543\" border=\"1\" \/><\/a><\/p>\n<ul>\n<li><span style=\"font-size: 14pt\">\u00a0<a href=\"http:\/\/blog.educastur.es\/ixuxullingua\/noticies\/covid-info-asturies\/\" target=\"_blank\" rel=\"noopener noreferrer\">Ver videos enllaz\u00e1os nesta p\u00e1xina<\/a><\/span><\/li>\n<li><span style=\"font-size: 14pt\">Art\u00edculu: <a href=\"http:\/\/blog.educastur.es\/ixuxullingua\/2020\/05\/28\/dia-internacional-del-xuegu\/\" target=\"_blank\" rel=\"noopener noreferrer\"><strong><em>\u201cD\u00eda Internacional del Xuegu\u201d<\/em><\/strong> (28 mayu)<\/a><\/span><\/li>\n<li><span style=\"color: #800000;font-size: 14pt\"><u><strong>NUN HAI TAREA PARA UNVIAR A ISA<\/strong><\/u><\/span><\/li>\n<\/ul>\n<\/div>\n<\/div>\n<hr \/>\n<h2><a title=\"Leer 3 - 06-05\" href=\"http:\/\/blog.educastur.es\/ixuxullingua\/tarea\/3-terceru\/3-06-05\/\" rel=\"bookmark\">3 &#8211; 06-05<\/a><span style=\"color: #800000;font-size: 14pt\"><u><em><strong> \u00a0 Esta selmana, \u00faltima tarea de Llingua A.<\/strong><\/em><\/u><\/span><\/h2>\n<div class=\"entry\">\n<p><span style=\"color: #800000;font-size: 14pt\"><strong>NUN HAI QU\u00b4UNVIAR M\u00c1S TAREA AL MAIL DE ISA\u00a0 <\/strong><\/span><\/p>\n<ul>\n<li><span style=\"font-size: 14pt\"><a href=\"https:\/\/educastur-my.sharepoint.com\/:b:\/g\/personal\/isabellh_educastur_org\/EXvXt24UeLlDn3yoDTFIFBQBZ1fZYRrj63s67cbajgLRDw?e=RptfUq\" target=\"_blank\" rel=\"noopener noreferrer\"><em>Portada <\/em><strong><em>Terceru<\/em><\/strong><\/a><\/span><\/li>\n<li><span style=\"font-size: 14pt\"><a href=\"https:\/\/educastur-my.sharepoint.com\/:b:\/g\/personal\/isabellh_educastur_org\/EQXyfOKy9NhGnRx6k1B5VKoBIwFc985J5c2MK2W8Jk5Uww?e=lUwy7g\" target=\"_blank\" rel=\"noopener noreferrer\"><strong><em>Ver \u00faltima nota espublizada na web del Colexu <\/em><\/strong><\/a><\/span><\/li>\n<li><span style=\"font-size: 14pt\"><strong><em><a href=\"http:\/\/www.digital.pintar-pintar.com\/bookcase\/combj\" target=\"_blank\" rel=\"noopener noreferrer\">Nubeteca Pintar-Pintar<\/a> <\/em><\/strong><em>(hasta\u00b4l vienres 19 de xunu)<\/em><\/span><\/li>\n<\/ul>\n<p>&nbsp;<\/p>\n<h2><a href=\"https:\/\/educastur-my.sharepoint.com\/:b:\/g\/personal\/isabellh_educastur_org\/Ef5Yz1dO0L9MvRywucs8hlUB1d1qHCHvmBLfg2KcV52kgA?e=DEqKHf\" target=\"_blank\" rel=\"noopener noreferrer\"><span style=\"color: #333399\"><strong><em>NOTA<\/em><em>: <\/em><em>Munches gracies y bon branu!! <\/em><\/strong><\/span><\/a><\/h2>\n<\/div>\n<div class=\"entry\">\n<p><img loading=\"lazy\" decoding=\"async\" class=\"\" src=\"https:\/\/imgbox.es\/images\/2020\/06\/21\/BRANUuuuufb93b3708a9dc07e.jpg\" width=\"501\" height=\"326\" \/><\/p>\n<p><img loading=\"lazy\" decoding=\"async\" class=\"\" src=\"https:\/\/imgbox.es\/images\/2020\/05\/24\/ec93bd5c-7707-49a1-be27-d69f7d4e93e42d468e178bb4ba2e.png\" width=\"519\" height=\"80\" \/><\/p>\n<\/div>\n<p><em>\u00a0<\/em><\/p>\n","protected":false},"excerpt":{"rendered":"<p>\u00a0\u00a0 \u00a0\u00a0 \u00a0\u00a0 \u00a0 \u00a0 \u00a0\u00a0 \u00a0 \u00a0 \u00a0 \u00a0 \u00a0 \u00a0\u00a0 \u00a0\u00a0 \u00a0 \u00a0\u00a0 No est\u00e1n enlazadas en las carpetas. Las TAREAS estan todas copiadas aqu\u00ed debajo, separadas por una l\u00ednea entre fecha y fecha\u2026 3 &#8211; 03-13 TAREA del\u00a0 13 al 27 de marzu (14 d\u00edes). Clica nesti enllace de la web del [&hellip;]<\/p>\n","protected":false},"author":117,"featured_media":0,"parent":20,"menu_order":0,"comment_status":"closed","ping_status":"closed","template":"","meta":{"footnotes":""},"class_list":["post-112","page","type-page","status-publish","hentry","post-preview"],"_links":{"self":[{"href":"https:\/\/edublog.educastur.es\/ixuxullingua\/wp-json\/wp\/v2\/pages\/112","targetHints":{"allow":["GET"]}}],"collection":[{"href":"https:\/\/edublog.educastur.es\/ixuxullingua\/wp-json\/wp\/v2\/pages"}],"about":[{"href":"https:\/\/edublog.educastur.es\/ixuxullingua\/wp-json\/wp\/v2\/types\/page"}],"author":[{"embeddable":true,"href":"https:\/\/edublog.educastur.es\/ixuxullingua\/wp-json\/wp\/v2\/users\/117"}],"replies":[{"embeddable":true,"href":"https:\/\/edublog.educastur.es\/ixuxullingua\/wp-json\/wp\/v2\/comments?post=112"}],"version-history":[{"count":8,"href":"https:\/\/edublog.educastur.es\/ixuxullingua\/wp-json\/wp\/v2\/pages\/112\/revisions"}],"predecessor-version":[{"id":608,"href":"https:\/\/edublog.educastur.es\/ixuxullingua\/wp-json\/wp\/v2\/pages\/112\/revisions\/608"}],"up":[{"embeddable":true,"href":"https:\/\/edublog.educastur.es\/ixuxullingua\/wp-json\/wp\/v2\/pages\/20"}],"wp:attachment":[{"href":"https:\/\/edublog.educastur.es\/ixuxullingua\/wp-json\/wp\/v2\/media?parent=112"}],"curies":[{"name":"wp","href":"https:\/\/api.w.org\/{rel}","templated":true}]}}