{"id":1139,"date":"2020-11-09T19:53:32","date_gmt":"2020-11-09T17:53:32","guid":{"rendered":"https:\/\/edublog.educastur.es\/ixuxullingua\/?page_id=1139"},"modified":"2020-11-23T19:10:57","modified_gmt":"2020-11-23T17:10:57","slug":"sesion-5_la-sidra-asturiana","status":"publish","type":"page","link":"https:\/\/edublog.educastur.es\/ixuxullingua\/4-cuartu\/cuartu-20-21\/02-primer-trimestre\/sesion-5_la-sidra-asturiana\/","title":{"rendered":"Sesi\u00f3n 05"},"content":{"rendered":"<p><span style=\"font-size: 18pt\"><em><strong><span style=\"color: #800000;font-size: 24pt\">\u00abLa\u00a0 sidra asturiana\u00bb<\/span><br \/>\n<\/strong><\/em><\/span><\/p>\n<ul>\n<li><span style=\"font-size: 18pt\"><a href=\"https:\/\/educastur-my.sharepoint.com\/:w:\/g\/personal\/isabellh_educastur_org\/EcuSf-4MR85Eg6TsKMBTjb8BqpJOeClMiMPG6aBaybXRyQ?e=yenp1q\"><em>Actividad en castellan<\/em><\/a><\/span><\/li>\n<li><span style=\"font-size: 18pt\"><a href=\"https:\/\/educastur-my.sharepoint.com\/:b:\/g\/personal\/isabellh_educastur_org\/EdmDvCxAtbdJhAuRPYO4GUIB7SJQ8aBL08RlCcO3WVWUvA?e=64GLLS\"><em>Activid\u00e1 n\u00b4asturiano<\/em><\/a><\/span><\/li>\n<\/ul>\n<p><a href=\"https:\/\/pbs.twimg.com\/media\/Ei7a6tHXcAYNNNs?format=jpg&amp;name=medium\"><img loading=\"lazy\" decoding=\"async\" class=\"alignnone \" src=\"https:\/\/pbs.twimg.com\/media\/Ei7a6tHXcAYNNNs?format=jpg&amp;name=medium\" width=\"359\" height=\"359\" \/><\/a><\/p>\n<p><a href=\"https:\/\/pbs.twimg.com\/media\/EgVWs_XXgAALr6N?format=jpg&amp;name=medium\"><strong><em>Ver pumar<\/em><\/strong><\/a><\/p>\n<p><a href=\"https:\/\/pbs.twimg.com\/media\/EhWDTHYXYAARRyX?format=jpg&amp;name=medium\"><img loading=\"lazy\" decoding=\"async\" class=\"alignnone \" src=\"https:\/\/pbs.twimg.com\/media\/EhWDTHYXYAARRyX?format=jpg&amp;name=medium\" width=\"167\" height=\"125\" \/><\/a>\/ <a href=\"https:\/\/www.hola.com\/imagenes\/cocina\/noticiaslibros\/20200908174809\/sidra-asturiana-como-escanciar-curiosidades\/0-862-368\/sidra-asturiana-m.jpg\"><img loading=\"lazy\" decoding=\"async\" class=\"alignnone \" src=\"https:\/\/www.hola.com\/imagenes\/cocina\/noticiaslibros\/20200908174809\/sidra-asturiana-como-escanciar-curiosidades\/0-862-368\/sidra-asturiana-m.jpg\" width=\"122\" height=\"122\" \/>\u00a0<\/a>\/ <a href=\"https:\/\/pbs.twimg.com\/media\/EfSv2QwWkAMdSD-?format=jpg&amp;name=medium\"><img loading=\"lazy\" decoding=\"async\" class=\"alignnone \" src=\"https:\/\/pbs.twimg.com\/media\/EfSv2QwWkAMdSD-?format=jpg&amp;name=medium\" width=\"121\" height=\"121\" \/><\/a><\/p>\n<p><span style=\"font-size: 18pt\"><strong><em>Videos<\/em> <\/strong><\/span><\/p>\n<ul>\n<li><span style=\"font-size: 18pt\"><a href=\"http:\/\/blog.origenasturias.com\/como-escanciar-sidra-paso-a-paso-del-arte-de-escanciar\/\">Escanciar<\/a> Ver <a href=\"https:\/\/youtu.be\/gD4eFgxrnsU\">VIDEO<\/a><\/span><\/li>\n<\/ul>\n<p><span style=\"font-size: 18pt\">\n<!-- iframe plugin v.6.0 wordpress.org\/plugins\/iframe\/ -->\n<iframe loading=\"lazy\" width=\"588\" height=\"331\" src=\"https:\/\/www.youtube.com\/embed\/gD4eFgxrnsU\" scrolling=\"yes\" class=\"iframe-class\" frameborder=\"0\"><\/iframe>\n<\/span><\/p>\n<ul>\n<li><span style=\"font-size: 18pt\"><a href=\"https:\/\/www.youtube.com\/watch?v=fDfX6wJ4VOw\">RECOGIDA DE LA MANZANA<\/a><\/span><\/li>\n<\/ul>\n<p><span style=\"font-size: 18pt\">\n<!-- iframe plugin v.6.0 wordpress.org\/plugins\/iframe\/ -->\n<iframe loading=\"lazy\" width=\"588\" height=\"331\" src=\"https:\/\/www.youtube.com\/embed\/fDfX6wJ4VOw\" scrolling=\"yes\" class=\"iframe-class\" frameborder=\"0\"><\/iframe>\n<\/span><\/p>\n<ul>\n<li><span style=\"font-size: 18pt\"><a href=\"https:\/\/www.youtube.com\/watch?v=obuCAHkRo_I\">ELABORACI\u00d3N CASERA<\/a><\/span><\/li>\n<\/ul>\n<p><span style=\"font-size: 18pt\">\n<!-- iframe plugin v.6.0 wordpress.org\/plugins\/iframe\/ -->\n<iframe loading=\"lazy\" width=\"588\" height=\"331\" src=\"https:\/\/www.youtube.com\/embed\/obuCAHkRo_I\" scrolling=\"yes\" class=\"iframe-class\" frameborder=\"0\"><\/iframe>\n<\/span><\/p>\n<ul>\n<li><span style=\"font-size: 18pt\"><a href=\"https:\/\/www.youtube.com\/watch?v=IIAUYHiCPaE&amp;t=42s\">MAYADO<\/a><\/span><\/li>\n<\/ul>\n<p><span style=\"font-size: 18pt\">\n<!-- iframe plugin v.6.0 wordpress.org\/plugins\/iframe\/ -->\n<iframe loading=\"lazy\" width=\"588\" height=\"331\" src=\"https:\/\/www.youtube.com\/embed\/IIAUYHiCPaE\" scrolling=\"yes\" class=\"iframe-class\" frameborder=\"0\"><\/iframe>\n<\/span><\/p>\n<ul>\n<li><span style=\"font-size: 18pt\"><a href=\"https:\/\/www.youtube.com\/watch?v=WpqPv7Lg7rw\">FERMENTACI\u00d3N<\/a><\/span><\/li>\n<\/ul>\n<p><span style=\"font-size: 18pt\">\n<!-- iframe plugin v.6.0 wordpress.org\/plugins\/iframe\/ -->\n<iframe loading=\"lazy\" width=\"588\" height=\"331\" src=\"https:\/\/www.youtube.com\/embed\/WpqPv7Lg7rw\" scrolling=\"yes\" class=\"iframe-class\" frameborder=\"0\"><\/iframe>\n<\/span><\/p>\n<p><span style=\"font-size: 14pt;color: #008080\"><strong>ANEXU: El dec\u00e1logu b\u00e1sicu para echar la sidra, acordies con la DOP Sidra d&#8217;Asturies, diz:<\/strong><\/span><\/p>\n<ul>\n<li><em><span style=\"font-size: 14pt\">La postura tien de ser recta, ensin ser r\u00edxida.<\/span><\/em><\/li>\n<li><em><span style=\"font-size: 14pt\">El brazu que sostien la botella hai de tar espurr\u00edu percima de la cabeza.<\/span><\/em><\/li>\n<li><em><span style=\"font-size: 14pt\">El brazu que tien el vasu hai de tar espurr\u00edu escontra baxo y nel centru del cuerpu.<\/span><\/em><\/li>\n<li><em><span style=\"font-size: 14pt\">La botella, una vegada inclinada para echar el culete, hai de tar bien coyida colos deos \u00edndiz, coraz\u00f3n y anular pol so cuerpu, y col me\u00f1ique pol so culu.<\/span><\/em><\/li>\n<li><em><span style=\"font-size: 14pt\">Los deos que cueyen la botella nun la deben degolar en direcci\u00f3n a la boca de la mesma.<\/span><\/em><\/li>\n<li><em><span style=\"font-size: 14pt\">El vasu coyese colos deos pulgar y \u00edndiz, ente que&#8217;l coraz\u00f3n asitiase nel culu, y l&#8217;anular y el me\u00f1ique at\u00f3pense recoy\u00edos na palma de la mano.<\/span><\/em><\/li>\n<li><em><span style=\"font-size: 14pt\">El vasu nun se debe mover del centru del cuerpu, lo que significa que ye&#8217;l remexu de sidra&#8217;l qu&#8217;hai de buscar el vasu.<\/span><\/em><\/li>\n<li><em><span style=\"font-size: 14pt\">El corchu puede coyese colos deos anular y me\u00f1ique de la mano encargada de sostener el vasu.<\/span><\/em><\/li>\n<li><em><span style=\"font-size: 14pt\">Al sirvir el culete, si retira&#8217;l matapioyos del vasu facil\u00edtase la toma del mesmu per parte del vecero.<\/span><\/em><\/li>\n<li><em><span style=\"font-size: 14pt\">L&#8217;echador siempres hai de procurar que la sidra espalme.<\/span><\/em><\/li>\n<\/ul>\n<p><a href=\"https:\/\/i.pinimg.com\/originals\/8c\/24\/e7\/8c24e7170621d43d12908008049ded30.jpg\"><img loading=\"lazy\" decoding=\"async\" class=\"alignnone \" src=\"https:\/\/i.pinimg.com\/originals\/8c\/24\/e7\/8c24e7170621d43d12908008049ded30.jpg\" width=\"248\" height=\"348\" \/><\/a>\/ <a href=\"https:\/\/i.pinimg.com\/originals\/30\/39\/ab\/3039ab686b5f99086cd5a5e284406697.jpg\"><img loading=\"lazy\" decoding=\"async\" class=\"alignnone \" src=\"https:\/\/i.pinimg.com\/originals\/30\/39\/ab\/3039ab686b5f99086cd5a5e284406697.jpg\" width=\"219\" height=\"346\" \/><\/a><\/p>\n<p><span style=\"font-size: 18pt\">Ver <a href=\"https:\/\/villaviciosahermosa.com\/images\/noticias\/IMG_186E9F-15F7BA-74CAAB-22FE04-7A7154-049F7A.jpg\"><strong><em>Evoluci\u00f3n en ventes<\/em><\/strong><\/a><\/span><\/p>\n<p><span style=\"font-size: 18pt\">Ver<a href=\"https:\/\/pbs.twimg.com\/media\/EQKWjDKXsAEaNxe?format=jpg&amp;name=medium\"><strong><em> Sidras que se venden en Espa\u00f1a<\/em><\/strong><\/a><\/span><\/p>\n<p><span style=\"font-size: 18pt\">Ver <a href=\"https:\/\/www.yumpu.com\/es\/document\/read\/13465929\/guia-de-sidras-dop-sidra-de-asturias\"><strong><em>Gu\u00eda de Sidras<\/em><\/strong><\/a><\/span><\/p>\n<hr \/>\n<p><span style=\"font-size: 18pt;color: #008080\"><strong><em>ANEXOS PARA ENSE\u00d1AR, SI DA LLUGAR<\/em><\/strong><\/span><\/p>\n<hr \/>\n<p><span style=\"font-size: 18pt\"><a href=\"https:\/\/pbs.twimg.com\/profile_images\/819219610813820928\/cbLaVI1E_400x400.jpg\">\u00a0<\/a><\/span><\/p>\n<p><span style=\"font-size: 18pt\"><a href=\"https:\/\/pbs.twimg.com\/profile_images\/819219610813820928\/cbLaVI1E_400x400.jpg\"><img loading=\"lazy\" decoding=\"async\" class=\"alignnone \" src=\"https:\/\/pbs.twimg.com\/profile_images\/819219610813820928\/cbLaVI1E_400x400.jpg\" width=\"175\" height=\"175\" \/><\/a>\/ <a href=\"https:\/\/2.bp.blogspot.com\/-rLtZ6aATSn0\/WBsJFcwcluI\/AAAAAAAAigk\/6uBNSYMdW8czTg_04fZO7u5G4x1MaXcRwCLcB\/s1600\/CtgQDRKWIAAbgSP.jpg\"><img loading=\"lazy\" decoding=\"async\" class=\"alignnone \" src=\"https:\/\/2.bp.blogspot.com\/-rLtZ6aATSn0\/WBsJFcwcluI\/AAAAAAAAigk\/6uBNSYMdW8czTg_04fZO7u5G4x1MaXcRwCLcB\/s1600\/CtgQDRKWIAAbgSP.jpg\" width=\"235\" height=\"176\" \/><\/a><\/span><\/p>\n<p><span style=\"font-size: 18pt\"><a href=\"https:\/\/pbs.twimg.com\/profile_banners\/580903179\/1537770596\/1080x360\"><img loading=\"lazy\" decoding=\"async\" class=\"alignnone size-full\" src=\"https:\/\/pbs.twimg.com\/profile_banners\/580903179\/1537770596\/1080x360\" width=\"1080\" height=\"360\" \/><\/a><\/span><\/p>\n<p><span style=\"font-size: 18pt\"><a href=\"https:\/\/pbs.twimg.com\/media\/Dz14FBLWkAAWE0p?format=jpg&amp;name=4096x4096\"><img loading=\"lazy\" decoding=\"async\" class=\"alignnone size-full\" src=\"https:\/\/pbs.twimg.com\/media\/Dz14FBLWkAAWE0p?format=jpg&amp;name=4096x4096\" width=\"3579\" height=\"2551\" \/><\/a><\/span><\/p>\n<p><span style=\"font-size: 18pt\"><a href=\"https:\/\/pbs.twimg.com\/media\/Dz14DOWWoAUS7_0?format=jpg&amp;name=4096x4096\"><img loading=\"lazy\" decoding=\"async\" class=\"alignnone size-full\" src=\"https:\/\/pbs.twimg.com\/media\/Dz14DOWWoAUS7_0?format=jpg&amp;name=4096x4096\" width=\"3053\" height=\"2176\" \/><\/a><\/span><\/p>\n<p><span style=\"font-size: 18pt\"><em><span class=\"css-901oao css-16my406 r-1qd0xha r-ad9z0x r-bcqeeo r-qvutc0\"><strong>Estes son les 53 sidres amparaes, so la marca calidable europea Sidra d&#8217;Asturies<\/strong>. <a href=\"https:\/\/pbs.twimg.com\/media\/Ea4BtnLXsAAuzhx?format=jpg&amp;name=large\">Etiquetes<\/a><\/span><\/em><\/span><\/p>\n<p><span style=\"font-size: 18pt\"><a href=\"https:\/\/pbs.twimg.com\/media\/Eej53TMX0AUDn3F?format=jpg&amp;name=large\"><img loading=\"lazy\" decoding=\"async\" class=\"alignnone size-full\" src=\"https:\/\/pbs.twimg.com\/media\/Eej53TMX0AUDn3F?format=jpg&amp;name=large\" width=\"1223\" height=\"630\" \/><\/a><em><span class=\"css-901oao css-16my406 r-1qd0xha r-ad9z0x r-bcqeeo r-qvutc0\">Recuerda que s\u00f3lo ye Sidra d\u00b4Asturies <a href=\"https:\/\/pbs.twimg.com\/media\/EimnvXRX0AEFsMV?format=jpg&amp;name=medium\">si tien la etiquetina, que garantiza l&#8217;orixe y la calid\u00e1 asturiana<\/a> . <a href=\"https:\/\/pbs.twimg.com\/media\/EhoSGeKWkAAduTA?format=jpg&amp;name=900x900\"><strong>Ver etiqueta&#8230;<\/strong><\/a> <\/span><\/em><\/span><\/p>\n<p><span style=\"font-size: 18pt\"><a href=\"https:\/\/pbs.twimg.com\/media\/EiHF582XgAEF66n?format=jpg&amp;name=small\"><img loading=\"lazy\" decoding=\"async\" class=\"alignnone size-full\" src=\"https:\/\/pbs.twimg.com\/media\/EiHF582XgAEF66n?format=jpg&amp;name=small\" width=\"680\" height=\"272\" \/><\/a><\/span><\/p>\n<p><span style=\"font-size: 18pt\"><a href=\"https:\/\/pbs.twimg.com\/media\/EY8vGFyWsAArmPK?format=jpg&amp;name=4096x4096\"><strong><em>\u00bfC\u00f3mo s\u00b4ellabora una sidra d\u00b4Asturies? VER<\/em><\/strong><\/a><\/span><\/p>\n<p><span style=\"font-size: 18pt\"><em>VER<a href=\"https:\/\/pbs.twimg.com\/media\/EYnNBOoXQAATw6A?format=jpg&amp;name=4096x4096\"> Campa\u00f1a 2020<\/a><\/em><\/span><\/p>\n<p><span style=\"font-size: 18pt\">VER <a href=\"https:\/\/pbs.twimg.com\/media\/EXWX-nBU8AEbWlF?format=jpg&amp;name=large\"><em><strong>Vasu de collores para nun contaxianos&#8230;<\/strong><\/em><\/a><\/span><\/p>\n<p><span style=\"font-size: 18pt\"><a href=\"https:\/\/pbs.twimg.com\/media\/ElQTOkfX0AEbfHH?format=jpg&amp;name=4096x4096\"><img loading=\"lazy\" decoding=\"async\" class=\"alignnone size-full\" src=\"https:\/\/pbs.twimg.com\/media\/ElQTOkfX0AEbfHH?format=jpg&amp;name=4096x4096\" width=\"2681\" height=\"1654\" \/><\/a><\/span><\/p>\n<p><span style=\"font-size: 18pt\"><em>Nuevos modelos de sidra:<a href=\"http:\/\/www.sidradehielo.com\/\"><strong> Sidra de xelu<\/strong><\/a><\/em><\/span><\/p>\n<p><span style=\"font-size: 18pt\">\/<a href=\"https:\/\/pbs.twimg.com\/media\/EezdW4yXoAAvAJm?format=jpg&amp;name=large\"><img loading=\"lazy\" decoding=\"async\" class=\"alignnone \" src=\"https:\/\/pbs.twimg.com\/media\/EezdW4yXoAAvAJm?format=jpg&amp;name=large\" width=\"181\" height=\"263\" \/><\/a>\u00a0 \/ <a href=\"https:\/\/pbs.twimg.com\/media\/EeP4SGaWoAIXzHk?format=jpg&amp;name=4096x4096\"><img loading=\"lazy\" decoding=\"async\" class=\"alignnone \" src=\"https:\/\/pbs.twimg.com\/media\/EeP4SGaWoAIXzHk?format=jpg&amp;name=4096x4096\" width=\"185\" height=\"262\" \/><\/a><\/span><\/p>\n<p><span style=\"font-size: 18pt\"><a href=\"https:\/\/pbs.twimg.com\/media\/EbWQkOfXQAIESXe?format=jpg&amp;name=small\"><img loading=\"lazy\" decoding=\"async\" class=\"alignnone \" src=\"https:\/\/pbs.twimg.com\/media\/EbWQkOfXQAIESXe?format=jpg&amp;name=small\" width=\"193\" height=\"138\" \/><\/a>\/ <a href=\"https:\/\/pbs.twimg.com\/media\/Ebq0FDjXYAIhFrr?format=jpg&amp;name=4096x4096\"><img loading=\"lazy\" decoding=\"async\" class=\"alignnone \" src=\"https:\/\/pbs.twimg.com\/media\/Ebq0FDjXYAIhFrr?format=jpg&amp;name=4096x4096\" width=\"192\" height=\"141\" \/><\/a><\/span><\/p>\n<hr \/>\n<p><span style=\"font-size: 18pt;color: #008080\"><em>3 de xunu: <strong>D\u00eda Internacional de la Sidra<\/strong><\/em><\/span><\/p>\n<p><span style=\"font-size: 18pt\"><a href=\"https:\/\/pbs.twimg.com\/media\/EZkfEozWAAEJ7bl?format=jpg&amp;name=large\"><img loading=\"lazy\" decoding=\"async\" class=\"alignnone \" src=\"https:\/\/pbs.twimg.com\/media\/EZkfEozWAAEJ7bl?format=jpg&amp;name=large\" width=\"219\" height=\"146\" \/><\/a>\/ <a href=\"https:\/\/pbs.twimg.com\/media\/EZAy80mXgAAlpBh?format=jpg&amp;name=small\"><img loading=\"lazy\" decoding=\"async\" class=\"alignnone \" src=\"https:\/\/pbs.twimg.com\/media\/EZAy80mXgAAlpBh?format=jpg&amp;name=small\" width=\"110\" height=\"145\" \/><\/a><\/span><\/p>\n<p><span style=\"font-size: 18pt\"><em>Para una mayor\u00eda d&#8217;asturianos tirar un cul\u00edn de sidra ye una xera de mec\u00e1nica f\u00e1cil y na que tou val, inclusive la trampa d&#8217;usar escanciador autom\u00e1ticu, dexando&#8217;l ritual en manos de la tecnolox\u00eda. Sicas\u00ed, a\u00f1u a a\u00f1u, los participantes del <span style=\"color: #008080\"><strong>Campeonatu Oficial d&#8217;Escanciadores d&#8217;Asturies<\/strong><\/span> recuperen una tradici\u00f3n con sieglu y mediu d&#8217;antig\u00fced\u00e1 a la que nun-y falta detalle.<\/em><\/span><\/p>\n<p><span style=\"font-size: 18pt\"><a href=\"https:\/\/pbs.twimg.com\/media\/EgLs-KdX0AAlK2k?format=jpg&amp;name=medium\"><img loading=\"lazy\" decoding=\"async\" class=\"alignnone size-full\" src=\"https:\/\/pbs.twimg.com\/media\/EgLs-KdX0AAlK2k?format=jpg&amp;name=medium\" width=\"1107\" height=\"782\" \/><\/a><\/span><\/p>\n<p><span style=\"font-size: 18pt\"><a href=\"https:\/\/estaticos-cdn.prensaiberica.es\/clip\/32ad2266-7f2e-4e1b-bcef-e645612f25ad_16-9-aspect-ratio_default_0.jpg\"><img loading=\"lazy\" decoding=\"async\" class=\"alignnone size-full\" src=\"https:\/\/estaticos-cdn.prensaiberica.es\/clip\/32ad2266-7f2e-4e1b-bcef-e645612f25ad_16-9-aspect-ratio_default_0.jpg\" width=\"880\" height=\"495\" \/><\/a><\/span><\/p>\n<p><span style=\"font-size: 18pt\"><a href=\"https:\/\/www.enciclopediadegastronomia.es\/fotos\/201_sidra-asturiana-mitos-y-verdades.jpg\"><img loading=\"lazy\" decoding=\"async\" class=\"alignnone size-full\" src=\"https:\/\/www.enciclopediadegastronomia.es\/fotos\/201_sidra-asturiana-mitos-y-verdades.jpg\" width=\"600\" height=\"853\" \/><\/a><\/span><\/p>\n<p><a href=\"https:\/\/turismovalledelnalon.files.wordpress.com\/2013\/03\/espicha3.jpg\"><img loading=\"lazy\" decoding=\"async\" class=\"alignnone size-full\" src=\"https:\/\/turismovalledelnalon.files.wordpress.com\/2013\/03\/espicha3.jpg\" width=\"694\" height=\"555\" \/><\/a><\/p>\n<p><span style=\"font-size: 18pt;color: #008080\"><strong><em>Espicha<\/em><\/strong><\/span><\/p>\n<p><a href=\"https:\/\/www.turismoasturias.es\/documents\/11022\/455441\/Espicha+t%C3%ADpica+asturiana\/7044cc95-cb59-4723-b4e3-e658f3d1b680?t=1397574980484\"><img loading=\"lazy\" decoding=\"async\" class=\"alignnone size-full\" src=\"https:\/\/www.turismoasturias.es\/documents\/11022\/455441\/Espicha+t%C3%ADpica+asturiana\/7044cc95-cb59-4723-b4e3-e658f3d1b680?t=1397574980484\" width=\"828\" height=\"440\" \/><\/a><\/p>\n<p><a href=\"https:\/\/i.pinimg.com\/originals\/46\/44\/3e\/46443e467de09417309eb67d6fb068a6.jpg\"><img loading=\"lazy\" decoding=\"async\" class=\"alignnone size-full\" src=\"https:\/\/i.pinimg.com\/originals\/46\/44\/3e\/46443e467de09417309eb67d6fb068a6.jpg\" width=\"3456\" height=\"2304\" \/><\/a><\/p>\n<p>&nbsp;<\/p>\n<p><span style=\"font-size: 18pt\"><em>Ver<a href=\"https:\/\/educastur-my.sharepoint.com\/:b:\/g\/personal\/isabellh_educastur_org\/EcLWDyf5iJhLsV6C2CsTc8EBLVmPxSYa0IUETpDrf9bn8A?e=Qs01OM\"> llibret\u00edn n\u00b4asturianu SIDRA DE XIX\u00d3N<\/a><\/em><\/span><\/p>\n<p><a href=\"https:\/\/pbs.twimg.com\/media\/EiHFC1pXsAEi49J?format=jpg&amp;name=large\"><img loading=\"lazy\" decoding=\"async\" class=\"alignnone size-full\" src=\"https:\/\/pbs.twimg.com\/media\/EiHFC1pXsAEi49J?format=jpg&amp;name=large\" width=\"1600\" height=\"900\" \/><\/a><\/p>\n","protected":false},"excerpt":{"rendered":"<p>\u00abLa\u00a0 sidra asturiana\u00bb Actividad en castellan Activid\u00e1 n\u00b4asturiano Ver pumar \/ \u00a0\/ Videos Escanciar Ver VIDEO RECOGIDA DE LA MANZANA ELABORACI\u00d3N CASERA MAYADO FERMENTACI\u00d3N ANEXU: El dec\u00e1logu b\u00e1sicu para echar la sidra, acordies con la DOP Sidra d&#8217;Asturies, diz: La postura tien de ser recta, ensin ser r\u00edxida. El brazu que sostien la botella hai [&hellip;]<\/p>\n","protected":false},"author":117,"featured_media":0,"parent":216,"menu_order":0,"comment_status":"closed","ping_status":"closed","template":"","meta":{"footnotes":""},"class_list":["post-1139","page","type-page","status-publish","hentry","post-preview"],"_links":{"self":[{"href":"https:\/\/edublog.educastur.es\/ixuxullingua\/wp-json\/wp\/v2\/pages\/1139","targetHints":{"allow":["GET"]}}],"collection":[{"href":"https:\/\/edublog.educastur.es\/ixuxullingua\/wp-json\/wp\/v2\/pages"}],"about":[{"href":"https:\/\/edublog.educastur.es\/ixuxullingua\/wp-json\/wp\/v2\/types\/page"}],"author":[{"embeddable":true,"href":"https:\/\/edublog.educastur.es\/ixuxullingua\/wp-json\/wp\/v2\/users\/117"}],"replies":[{"embeddable":true,"href":"https:\/\/edublog.educastur.es\/ixuxullingua\/wp-json\/wp\/v2\/comments?post=1139"}],"version-history":[{"count":5,"href":"https:\/\/edublog.educastur.es\/ixuxullingua\/wp-json\/wp\/v2\/pages\/1139\/revisions"}],"predecessor-version":[{"id":1303,"href":"https:\/\/edublog.educastur.es\/ixuxullingua\/wp-json\/wp\/v2\/pages\/1139\/revisions\/1303"}],"up":[{"embeddable":true,"href":"https:\/\/edublog.educastur.es\/ixuxullingua\/wp-json\/wp\/v2\/pages\/216"}],"wp:attachment":[{"href":"https:\/\/edublog.educastur.es\/ixuxullingua\/wp-json\/wp\/v2\/media?parent=1139"}],"curies":[{"name":"wp","href":"https:\/\/api.w.org\/{rel}","templated":true}]}}