{"id":1148,"date":"2020-11-09T20:03:31","date_gmt":"2020-11-09T18:03:31","guid":{"rendered":"https:\/\/edublog.educastur.es\/ixuxullingua\/?page_id=1148"},"modified":"2022-12-11T14:08:49","modified_gmt":"2022-12-11T12:08:49","slug":"sesion-01","status":"publish","type":"page","link":"https:\/\/edublog.educastur.es\/ixuxullingua\/primeru\/primeru-20-21\/02-primer-trimestre\/sesion-01\/","title":{"rendered":"Sesi\u00f3n 01"},"content":{"rendered":"<p><em>En clas de Llingua Asturiana y en Cultura Asturiana falamos\/hablamos de&#8230; <\/em><a href=\"https:\/\/edublog.educastur.es\/ixuxullingua\/files\/2020\/07\/imagenAST-e1595028721668.png\"><img loading=\"lazy\" decoding=\"async\" class=\"alignnone \" src=\"https:\/\/edublog.educastur.es\/ixuxullingua\/files\/2020\/07\/imagenAST-e1595028721668.png\" width=\"103\" height=\"93\" \/><\/a><\/p>\n<p><a href=\"https:\/\/www.cambioeurodolar.com\/wp-content\/uploads\/2013\/08\/Asturias.jpg\"><img loading=\"lazy\" decoding=\"async\" class=\"alignnone\" src=\"https:\/\/www.cambioeurodolar.com\/wp-content\/uploads\/2013\/08\/Asturias.jpg\" alt=\"\" width=\"839\" height=\"438\" \/><\/a><\/p>\n<p>&nbsp;<\/p>\n<p>&nbsp;<\/p>\n<p><a href=\"https:\/\/upload.wikimedia.org\/wikipedia\/commons\/0\/0c\/Wikiproyecto_Asturias.png\"><img loading=\"lazy\" decoding=\"async\" class=\"alignnone size-full\" src=\"https:\/\/upload.wikimedia.org\/wikipedia\/commons\/0\/0c\/Wikiproyecto_Asturias.png\" width=\"711\" height=\"274\" \/><\/a><\/p>\n<p><em>Este es nuestro mapa, el del <strong>Principado de Asturias\u00a0 (Princip\u00e1u d\u00b4Asturies). Asturias es una de las provincias de Espa\u00f1a, <\/strong><\/em><\/p>\n<p><a href=\"https:\/\/i.pinimg.com\/originals\/43\/65\/a2\/4365a2303652fd1e2adf89486b25bca3.gif\"><img loading=\"lazy\" decoding=\"async\" class=\"alignnone size-full\" src=\"https:\/\/i.pinimg.com\/originals\/43\/65\/a2\/4365a2303652fd1e2adf89486b25bca3.gif\" width=\"893\" height=\"665\" \/><\/a><\/p>\n<p><em><strong>un pa\u00eds que est\u00e1 en el Continente Europa<\/strong><\/em><\/p>\n<p><em><strong><a href=\"https:\/\/mapamundi.online\/wp-content\/uploads\/2018\/05\/mapamundi-europa-con-nombres.jpg.webp\"><img loading=\"lazy\" decoding=\"async\" class=\"alignnone size-full\" src=\"https:\/\/mapamundi.online\/wp-content\/uploads\/2018\/05\/mapamundi-europa-con-nombres.jpg.webp\" width=\"1512\" height=\"932\" \/><\/a><br \/>\ny este, a su vez, en el Paneta Tierra..<\/strong><strong><a href=\"https:\/\/www.youtube.com\/watch?v=l6U2qXfdk6I&amp;list=RDl6U2qXfdk6I&amp;start_radio=1&amp;t=0\">.<\/a><\/strong><\/em><\/p>\n<p><a href=\"https:\/\/www.etapainfantil.com\/wp-content\/uploads\/2019\/03\/sistema-solar.jpg\"><img loading=\"lazy\" decoding=\"async\" class=\"alignnone size-full\" src=\"https:\/\/www.etapainfantil.com\/wp-content\/uploads\/2019\/03\/sistema-solar.jpg\" width=\"900\" height=\"675\" \/><\/a><\/p>\n<p><em><strong> \u00bfDamos una vuelta y la encontramos en\u00a0 Google Earth? <a href=\"https:\/\/earth.google.com\/web\/search\/asturias\/@43.27453755,-5.84654165,174.20340563a,216648.02158212d,35y,360h,0.0000014t,0r\/data=CigiJgokCdXvT5UcyUVAEeCrQ04RwkVAGb00TO4EYBjAIVZyYguhrRjA\">Calca aqu\u00ed&#8230;<\/a>\/\u00a0 <\/strong><\/em><a href=\"https:\/\/earth.google.com\/web\/search\/oviedo\/@43.36948685,-5.8486578,219.83098234a,8449.59757679d,35y,0h,45t,0r\/data=CnAaRhJACiQweGQzNjhjOWE2MGFjMWM2NzoweDMxMzQ0NDBlY2M1ZTYyMjQZXrneNlOuRUAhKV7AJsZlF8AqBm92aWVkbxgCIAEiJgokCXFSbsFC8UVAEf3fJY3pUkVAGRasP4dc1BHAIWDxqxlb8RzAKAI\">\u00bfY si nos acercamos a Oviedo?<\/a> \/ <a href=\"https:\/\/earth.google.com\/web\/search\/oviedo+colegio+carmen+ruiz+tilve\/@43.3806922,-5.8162138,179.56675396a,742.75164852d,35y,0h,45t,0r\/data=CooBGmASWgokMHhkMzY4Yzc4ZTg2YzJkMDk6MHhjZDQyY2M3ZjQ1NDUzNTRjGdBrooW6sEVAIfAs5ozNQxfAKiBvdmllZG8gY29sZWdpbyBjYXJtZW4gcnVpeiB0aWx2ZRgCIAEiJgokCSZhH0c1tEVAEWXlkUiDpUVAGamw56KoMhfAIYbkaylQzRfAKAI\">&#8230;Y a nuestro cole en La Corredoria?<\/a><\/p>\n<hr \/>\n<p><em>Por tanto, este curso en Cultura\u00a0 Asturiana y en Llingua Asturiana vamos a hablar de&#8230;<\/em><a href=\"https:\/\/www.youtube.com\/watch?v=Rj7uOQicYe8\"><em>ASTURIAS,\u00a0 PATRIA\u00a0 QUERIDA&#8230;<\/em><\/a><\/p>\n<ul>\n<li><a href=\"https:\/\/educastur-my.sharepoint.com\/:b:\/g\/personal\/sheilagb_educastur_org\/EUHWBTmww65Cus_7fowP7wkB2EMKiE_RkFICj8B2c7FHTg?e=C8bW6I\"><strong><em>Repaso: Himno de Asturias <\/em><\/strong><em>(letra en castellano y en asturiano) <img loading=\"lazy\" decoding=\"async\" class=\"alignnone \" src=\"https:\/\/mpi.com.es\/wp-content\/uploads\/2016\/02\/nuevo-2-1.png\" width=\"42\" height=\"26\" \/><\/em><\/a><\/li>\n<li><a href=\"https:\/\/educastur-my.sharepoint.com\/:u:\/g\/personal\/sheilagb_educastur_org\/EexEY_ZANMRGoZTlw4gDhLIBY2nLAHlnI8Tm6l_EJzuRJw?e=tBPzs0\"><em>Escuchar en castellano<\/em><\/a><img loading=\"lazy\" decoding=\"async\" class=\"\" src=\"https:\/\/mpi.com.es\/wp-content\/uploads\/2016\/02\/nuevo-2-1.png\" width=\"53\" height=\"33\" \/><\/li>\n<li><a href=\"https:\/\/educastur-my.sharepoint.com\/:u:\/g\/personal\/sheilagb_educastur_org\/EW1N_WXI21dMu2riEQhiusEB58Dv0VHtzcIDVO2G-oXgyQ?e=C1xc5A\"><em>Escuchar himno en asturiano<\/em><img loading=\"lazy\" decoding=\"async\" class=\"\" src=\"https:\/\/mpi.com.es\/wp-content\/uploads\/2016\/02\/nuevo-2-1.png\" width=\"53\" height=\"33\" \/><\/a><\/li>\n<\/ul>\n<p>&nbsp;<\/p>\n<hr \/>\n<p><em>Tamos na SERONDA, que yo como llamamos al Oto\u00f1o n\u00b4asturiano.<\/em><\/p>\n<p><a href=\"https:\/\/edublog.educastur.es\/ixuxullingua\/files\/2020\/09\/SERONDA_cartel.jpg\"><img loading=\"lazy\" decoding=\"async\" class=\"alignnone \" src=\"https:\/\/edublog.educastur.es\/ixuxullingua\/files\/2020\/09\/SERONDA_cartel.jpg\" width=\"696\" height=\"364\" \/><\/a><\/p>\n<p><img loading=\"lazy\" decoding=\"async\" class=\"aligncenter size-full wp-image-1622\" src=\"http:\/\/edublog.educastur.es\/corredoria3\/files\/2020\/10\/estaciones.jpg\" alt=\"\" width=\"960\" height=\"757\" \/><\/p>\n<p><em><strong>\u00bfSabr\u00edes dicir el nome de les estaciones n\u00b4asturianu? <\/strong>\u00bfY en castell\u00e1n?\u00a0 \u00bfY en Ingl\u00e9s?&#8230; <\/em><em>PRIMAVERA \/ BRANU \/ SERONDA \/ IVIERNU<\/em><\/p>\n<p><strong><em>Los Collores n\u00b4asturiano&#8230;<\/em><\/strong><\/p>\n<p><a href=\"http:\/\/edublog.educastur.es\/corredoria3\/files\/2020\/10\/COLLORES.jpg\"><img loading=\"lazy\" decoding=\"async\" class=\"aligncenter size-full wp-image-1625\" src=\"http:\/\/edublog.educastur.es\/corredoria3\/files\/2020\/10\/COLLORES.jpg\" alt=\"\" width=\"1044\" height=\"733\" \/><\/a><\/p>\n<ul>\n<li><em><a href=\"https:\/\/educastur-my.sharepoint.com\/:b:\/g\/personal\/isabellh_educastur_org\/ETpqhWXCK9dHv7nOzxLO6scBBEqpX_tiwQhNKsKZ_J9Lbw?e=JctdHO\"><strong>Ver ficha colores A4 para recortar y pegar en la libreta&#8230;<\/strong><\/a><\/em><\/li>\n<li><em><strong>TAREA 1) Bandera de Asturias para colorear&#8230; <\/strong>\u00bfDe qu\u00e9 dos colores?<br \/>\nEntregar recorte de la bandera para pegar y colorear&#8230;<br \/>\nEscribir: <strong>PRINCIPADO DE ASTURIAS<\/strong>\u00a0 \/\u00a0 <strong>PRINCIP\u00c1U\u00a0 D\u00b4ASTURIES<\/strong><br \/>\n<\/em><\/li>\n<li><em>TAREA 2): hacer un dibujo del oto\u00f1o (empleando los colores del oto\u00f1o para colorearlo) y escribir, en may\u00fascula, el nombre en castellano y en asturiano \u00bfLos recuerdas?<\/em><\/li>\n<li><em>Canci\u00f3n para escuchar mientras dibujas\u00a0<\/em><strong><em> \u00abPr\u00e9stame pola vida\u00bb (Reciella) \/<\/em><\/strong><em><a href=\"https:\/\/www.youtube.com\/watch?v=_q6_NtRyZ58\" target=\"_blank\" rel=\"noopener noreferrer\"><strong>\u201cPr\u00e9stame pola vida\u201d<\/strong><\/a> (Reciella) \/<\/em><em><a href=\"https:\/\/www.youtube.com\/watch?v=dVHoojbQQ2E\" target=\"_blank\" rel=\"noopener noreferrer\"><strong>\u201cEl cantar del sult\u00e1n\u201d <\/strong><\/a>(Xentiquina) y <a href=\"https:\/\/www.youtube.com\/channel\/UCVkSuOuC1L9kQimh41LWJnA\"><strong>m\u00e1s cancios n\u00b4asturianu de Pop Piqui\u00f1\u00edn \/ Petit Pop<\/strong><\/a><br \/>\n<\/em><\/li>\n<\/ul>\n<p>&nbsp;<\/p>\n<p>&nbsp;<\/p>\n<p>&nbsp;<\/p>\n<p>&nbsp;<\/p>\n<p>&nbsp;<\/p>\n<p>&nbsp;<\/p>\n<p>&nbsp;<\/p>\n<p>&nbsp;<\/p>\n","protected":false},"excerpt":{"rendered":"<p>En clas de Llingua Asturiana y en Cultura Asturiana falamos\/hablamos de&#8230; &nbsp; &nbsp; Este es nuestro mapa, el del Principado de Asturias\u00a0 (Princip\u00e1u d\u00b4Asturies). Asturias es una de las provincias de Espa\u00f1a, un pa\u00eds que est\u00e1 en el Continente Europa y este, a su vez, en el Paneta Tierra&#8230; \u00bfDamos una vuelta y la encontramos [&hellip;]<\/p>\n","protected":false},"author":117,"featured_media":0,"parent":210,"menu_order":0,"comment_status":"closed","ping_status":"closed","template":"","meta":{"footnotes":""},"class_list":["post-1148","page","type-page","status-publish","hentry","post-preview"],"_links":{"self":[{"href":"https:\/\/edublog.educastur.es\/ixuxullingua\/wp-json\/wp\/v2\/pages\/1148","targetHints":{"allow":["GET"]}}],"collection":[{"href":"https:\/\/edublog.educastur.es\/ixuxullingua\/wp-json\/wp\/v2\/pages"}],"about":[{"href":"https:\/\/edublog.educastur.es\/ixuxullingua\/wp-json\/wp\/v2\/types\/page"}],"author":[{"embeddable":true,"href":"https:\/\/edublog.educastur.es\/ixuxullingua\/wp-json\/wp\/v2\/users\/117"}],"replies":[{"embeddable":true,"href":"https:\/\/edublog.educastur.es\/ixuxullingua\/wp-json\/wp\/v2\/comments?post=1148"}],"version-history":[{"count":2,"href":"https:\/\/edublog.educastur.es\/ixuxullingua\/wp-json\/wp\/v2\/pages\/1148\/revisions"}],"predecessor-version":[{"id":3362,"href":"https:\/\/edublog.educastur.es\/ixuxullingua\/wp-json\/wp\/v2\/pages\/1148\/revisions\/3362"}],"up":[{"embeddable":true,"href":"https:\/\/edublog.educastur.es\/ixuxullingua\/wp-json\/wp\/v2\/pages\/210"}],"wp:attachment":[{"href":"https:\/\/edublog.educastur.es\/ixuxullingua\/wp-json\/wp\/v2\/media?parent=1148"}],"curies":[{"name":"wp","href":"https:\/\/api.w.org\/{rel}","templated":true}]}}