{"id":1150,"date":"2020-11-09T20:05:07","date_gmt":"2020-11-09T18:05:07","guid":{"rendered":"https:\/\/edublog.educastur.es\/ixuxullingua\/?page_id=1150"},"modified":"2021-09-26T12:28:51","modified_gmt":"2021-09-26T10:28:51","slug":"sesion-02","status":"publish","type":"page","link":"https:\/\/edublog.educastur.es\/ixuxullingua\/primeru\/primeru-20-21\/02-primer-trimestre\/sesion-02\/","title":{"rendered":"Sesi\u00f3n 02"},"content":{"rendered":"<p><em>\u00a0Volvemos al bosque \/ \u00c1rboles \/ Animales del bosque \/<\/em><\/p>\n<p style=\"text-align: center\"><em><span style=\"color: #800000\"><strong>NOTA: nun hai im\u00e1xenes \/ escanear de nuevo<\/strong><\/span><\/em><\/p>\n<p><strong><em>Fauna de Asturias<\/em><\/strong><\/p>\n<p>&nbsp;<\/p>\n<p>&nbsp;<\/p>\n<p>&nbsp;<\/p>\n<p>&nbsp;<\/p>\n<p><em>Lectura: <strong>Suca y el osu<\/strong><\/em><\/p>\n<p>&nbsp;<\/p>\n<p>&nbsp;<\/p>\n<hr \/>\n<p><em>Lectura: <strong>Carnaval en el bosque<\/strong><\/em><\/p>\n<p>&nbsp;<\/p>\n<p>&nbsp;<\/p>\n<hr \/>\n<p><a href=\"https:\/\/www.turismoasturias.es\/documents\/11022\/4116944\/branagallones.jpg\"><img loading=\"lazy\" decoding=\"async\" class=\"alignnone size-full\" src=\"https:\/\/www.turismoasturias.es\/documents\/11022\/4116944\/branagallones.jpg\" width=\"1140\" height=\"400\" \/><\/a><\/p>\n<p><a href=\"https:\/\/www.turismoasturias.es\/naturaleza\/rutas-de-senderismo\"><em>Rutas de senderismo.<\/em><\/a><\/p>\n<p><span class=\"css-901oao css-16my406 r-1qd0xha r-ad9z0x r-bcqeeo r-qvutc0\"><em><strong>El Cam\u00edn Encantau.<\/strong><\/em><\/span><\/p>\n<p><span class=\"css-901oao css-16my406 r-1qd0xha r-ad9z0x r-bcqeeo r-qvutc0\"><em><a href=\"https:\/\/4.bp.blogspot.com\/-JDFHtdt9Bio\/VTpc6eHgUgI\/AAAAAAAAJSA\/kw-lU1FHIQY\/s1600\/ruta-camino-encantado_1172.jpg\"><img loading=\"lazy\" decoding=\"async\" class=\"alignnone \" src=\"https:\/\/4.bp.blogspot.com\/-JDFHtdt9Bio\/VTpc6eHgUgI\/AAAAAAAAJSA\/kw-lU1FHIQY\/s1600\/ruta-camino-encantado_1172.jpg\" width=\"396\" height=\"297\" \/><\/a><\/em><\/span><\/p>\n<p><a href=\"https:\/\/4.bp.blogspot.com\/-d3a6OgCjOXI\/Tj8PioNUaEI\/AAAAAAAAFS8\/W2mRpbr8-74\/s1600\/rutacaminencantau.jpg\"><img loading=\"lazy\" decoding=\"async\" class=\"alignnone \" src=\"https:\/\/4.bp.blogspot.com\/-d3a6OgCjOXI\/Tj8PioNUaEI\/AAAAAAAAFS8\/W2mRpbr8-74\/s1600\/rutacaminencantau.jpg\" width=\"537\" height=\"262\" \/><\/a><\/p>\n<p><a href=\"https:\/\/www.llanes.es\/sites\/llanes\/files\/la_castanera.jpg\"><img loading=\"lazy\" decoding=\"async\" class=\"alignnone size-full\" src=\"https:\/\/www.llanes.es\/sites\/llanes\/files\/la_castanera.jpg\" width=\"3014\" height=\"1340\" \/><\/a><\/p>\n<p><span class=\"css-901oao css-16my406 r-1qd0xha r-ad9z0x r-bcqeeo r-qvutc0\">Preciosa ruta en el Valle de Ardisana (Llanes) de unos 10km aprox, amenizada con tallas de madera de seres mitol\u00f3gicos asturianos, obra del escultor Pedro Bueno. <a href=\"https:\/\/twitter.com\/LaraVillar81\/status\/1315363037843525632\"><strong><em>Ver en Twitter.<\/em><\/strong><\/a> Fotos de <a href=\"https:\/\/twitter.com\/LaraVillar81\">Lara V<\/a>. Web <a href=\"https:\/\/www.turismoasturias.es\/descubre\/naturaleza\/rutas\/senderismo\/ruta-el-camin-encantau\"><em>Asturias Para\u00edso Natural<\/em><\/a>.<br \/>\n<\/span><\/p>\n<p><em><strong>Beyu Pen.<\/strong><\/em><\/p>\n<p><a href=\"https:\/\/2.bp.blogspot.com\/-VGXLB-CGlcA\/VhUuREramdI\/AAAAAAAAIZw\/YWAbmmUyNTY\/s1600\/Ruta%2BBeyu%2BPen%2BAmieva%2B%25283%2529.jpg\"><img loading=\"lazy\" decoding=\"async\" class=\"alignnone \" src=\"https:\/\/2.bp.blogspot.com\/-VGXLB-CGlcA\/VhUuREramdI\/AAAAAAAAIZw\/YWAbmmUyNTY\/s1600\/Ruta%2BBeyu%2BPen%2BAmieva%2B%25283%2529.jpg\" width=\"430\" height=\"322\" \/><\/a><\/p>\n<blockquote class=\"wp-embedded-content\" data-secret=\"WDSqAU8y0t\"><p><a href=\"https:\/\/www.escapadarural.com\/blog\/beyu-pen-la-ruta-mitologica-en-asturias-para-recorrer-con-ninos\/\">Beyu Pen, la ruta mitol\u00f3gica en Asturias para recorrer con ni\u00f1os<\/a><\/p><\/blockquote>\n<p><iframe loading=\"lazy\" class=\"wp-embedded-content\" sandbox=\"allow-scripts\" security=\"restricted\" style=\"position: absolute; clip: rect(1px, 1px, 1px, 1px);\" title=\"\u00abBeyu Pen, la ruta mitol\u00f3gica en Asturias para recorrer con ni\u00f1os\u00bb \u2014 EscapadaRural\" src=\"https:\/\/www.escapadarural.com\/blog\/beyu-pen-la-ruta-mitologica-en-asturias-para-recorrer-con-ninos\/embed\/#?secret=WDSqAU8y0t\" data-secret=\"WDSqAU8y0t\" width=\"600\" height=\"338\" frameborder=\"0\" marginwidth=\"0\" marginheight=\"0\" scrolling=\"no\"><\/iframe><\/p>\n<p><em>Beyu<\/em> en asturiano significa \u00abgarganta profunda\u00bb o \u00abenca\u00f1onamiento\u00bb de un r\u00edo, as\u00ed que si ten\u00e9is ocasi\u00f3n para visitarlo en \u00e9poca de lluvias, podr\u00e9is disfrutar de grandes cascadas. A lo largo de nuestro camino podremos adivinar sus formas siniestras e incluso muchas veces hay pintura sobre las rocas que nos ayudar\u00e1n a descifrar <strong>de qu\u00e9 personaje se trata<\/strong>. Aunque desde luego en algunas ocasiones tendremos que tirar de imaginaci\u00f3n para poder hacer el \u201ccupo\u201d de los personajes mitol\u00f3gicos asturianos.<\/p>\n<ul>\n<li><strong>Cu\u00e9lebre<\/strong>, quien custodia los tesoros y Xanes, protegiendo la riqueza y la fecundidad.<\/li>\n<li><strong>Pesadiellu<\/strong>, nadie lo ha visto pero muchos han sufrido sus efectos, una presi\u00f3n extrema en el cuerpo.<\/li>\n<li><strong>Llavandera<\/strong>, mujeres mayores y arrugadas que lavan la ropa en los r\u00edos por la noche. No les gusta sentirse observadas y reaccionan agresivamente.<\/li>\n<li><strong>Busgosu<\/strong>, en la parte oriental de Asturias es benefactor de los pastores mientras que en la occidental lo consideran enemigo de cazadores y le\u00f1adores. Es semihumano y rapta a las mujeres.<\/li>\n<li><strong>Dia\u00f1u Burl\u00f3n<\/strong>, mitad hombre mitad animal. Le gusta enga\u00f1ar a la gente, pero es m\u00e1s bromista que maligno.<\/li>\n<li><strong>\u00d1uberu<\/strong>, provoca tormentas y tempestades para divertirse, arruinando con el granizo las cosechas.<\/li>\n<\/ul>\n<p><a href=\"https:\/\/i1.wp.com\/mifamiliaviajera.com\/wp-content\/uploads\/2019\/01\/DSC0105.jpg?ssl=1\"><img loading=\"lazy\" decoding=\"async\" class=\"alignnone size-full\" src=\"https:\/\/i1.wp.com\/mifamiliaviajera.com\/wp-content\/uploads\/2019\/01\/DSC0105.jpg?ssl=1\" width=\"1024\" height=\"680\" \/><\/a><\/p>\n<p><a href=\"https:\/\/axtur.files.wordpress.com\/2012\/04\/el-bosque-mitologico-del-beyu-pen.jpg\"><img loading=\"lazy\" decoding=\"async\" class=\"alignnone size-full\" src=\"https:\/\/axtur.files.wordpress.com\/2012\/04\/el-bosque-mitologico-del-beyu-pen.jpg\" width=\"911\" height=\"750\" \/><\/a><\/p>\n<p>&nbsp;<\/p>\n","protected":false},"excerpt":{"rendered":"<p>\u00a0Volvemos al bosque \/ \u00c1rboles \/ Animales del bosque \/ NOTA: nun hai im\u00e1xenes \/ escanear de nuevo Fauna de Asturias &nbsp; &nbsp; &nbsp; &nbsp; Lectura: Suca y el osu &nbsp; &nbsp; Lectura: Carnaval en el bosque &nbsp; &nbsp; Rutas de senderismo. El Cam\u00edn Encantau. Preciosa ruta en el Valle de Ardisana (Llanes) de unos [&hellip;]<\/p>\n","protected":false},"author":117,"featured_media":0,"parent":210,"menu_order":0,"comment_status":"closed","ping_status":"closed","template":"","meta":{"footnotes":""},"class_list":["post-1150","page","type-page","status-publish","hentry","post-preview"],"_links":{"self":[{"href":"https:\/\/edublog.educastur.es\/ixuxullingua\/wp-json\/wp\/v2\/pages\/1150","targetHints":{"allow":["GET"]}}],"collection":[{"href":"https:\/\/edublog.educastur.es\/ixuxullingua\/wp-json\/wp\/v2\/pages"}],"about":[{"href":"https:\/\/edublog.educastur.es\/ixuxullingua\/wp-json\/wp\/v2\/types\/page"}],"author":[{"embeddable":true,"href":"https:\/\/edublog.educastur.es\/ixuxullingua\/wp-json\/wp\/v2\/users\/117"}],"replies":[{"embeddable":true,"href":"https:\/\/edublog.educastur.es\/ixuxullingua\/wp-json\/wp\/v2\/comments?post=1150"}],"version-history":[{"count":3,"href":"https:\/\/edublog.educastur.es\/ixuxullingua\/wp-json\/wp\/v2\/pages\/1150\/revisions"}],"predecessor-version":[{"id":2764,"href":"https:\/\/edublog.educastur.es\/ixuxullingua\/wp-json\/wp\/v2\/pages\/1150\/revisions\/2764"}],"up":[{"embeddable":true,"href":"https:\/\/edublog.educastur.es\/ixuxullingua\/wp-json\/wp\/v2\/pages\/210"}],"wp:attachment":[{"href":"https:\/\/edublog.educastur.es\/ixuxullingua\/wp-json\/wp\/v2\/media?parent=1150"}],"curies":[{"name":"wp","href":"https:\/\/api.w.org\/{rel}","templated":true}]}}