{"id":118,"date":"2020-07-18T09:49:43","date_gmt":"2020-07-18T09:49:43","guid":{"rendered":"https:\/\/edublog.educastur.es\/ixuxullingua\/?page_id=118"},"modified":"2020-11-05T00:42:20","modified_gmt":"2020-11-04T22:42:20","slug":"1-2020-primavera","status":"publish","type":"page","link":"https:\/\/edublog.educastur.es\/ixuxullingua\/6-sestu\/1-2020-primavera\/","title":{"rendered":"01) 2020 Primavera"},"content":{"rendered":"<p><img loading=\"lazy\" decoding=\"async\" src=\"https:\/\/imgbox.es\/images\/2020\/04\/18\/archivux1038e02a8029e4eb.jpg\" width=\"485\" height=\"46\" \/><\/p>\n<ul>\n<li>;<a href=\"http:\/\/blog.educastur.es\/ixuxullingua\/tarea\/1-primeru\/1-13-marzu\/\" target=\"_blank\" rel=\"noopener noreferrer\"><img loading=\"lazy\" decoding=\"async\" src=\"https:\/\/imgbox.es\/images\/2020\/04\/15\/13_330aec4e8bafe08e1.jpg\" width=\"92\" height=\"67\" \/><\/a>\u00a0\u00a0 <img loading=\"lazy\" decoding=\"async\" src=\"https:\/\/imgbox.es\/images\/2020\/04\/15\/separador_V96691f632ccd8310.jpg\" width=\"7\" height=\"81\" \/>\u00a0\u00a0 <a href=\"http:\/\/blog.educastur.es\/ixuxullingua\/tarea\/1-primeru\/1-27-marzu\/\" target=\"_blank\" rel=\"noopener noreferrer\"><img loading=\"lazy\" decoding=\"async\" src=\"https:\/\/imgbox.es\/images\/2020\/04\/15\/27_34026a99729ccba16.jpg\" width=\"92\" height=\"67\" \/><\/a>\u00a0\u00a0 <img loading=\"lazy\" decoding=\"async\" src=\"https:\/\/imgbox.es\/images\/2020\/04\/15\/separador_V96691f632ccd8310.jpg\" width=\"7\" height=\"81\" \/>\u00a0 <a href=\"http:\/\/blog.educastur.es\/ixuxullingua\/tarea\/1-primeru\/1-13-abril\/\" target=\"_blank\" rel=\"noopener noreferrer\"><img loading=\"lazy\" decoding=\"async\" src=\"https:\/\/imgbox.es\/images\/2020\/04\/15\/13_448555d9066795eaf.jpg\" width=\"92\" height=\"67\" \/><\/a> <img loading=\"lazy\" decoding=\"async\" src=\"https:\/\/imgbox.es\/images\/2020\/04\/15\/separador_V96691f632ccd8310.jpg\" width=\"7\" height=\"81\" \/> <a href=\"http:\/\/blog.educastur.es\/ixuxullingua\/tarea\/1-primeru\/1-04-17\/\" target=\"_blank\" rel=\"noopener noreferrer\"><img loading=\"lazy\" decoding=\"async\" src=\"https:\/\/imgbox.es\/images\/2020\/04\/15\/17_4e6d721462dc131cd.jpg\" width=\"92\" height=\"67\" \/><\/a>\u00a0 <img loading=\"lazy\" decoding=\"async\" src=\"https:\/\/imgbox.es\/images\/2020\/04\/15\/separador_V96691f632ccd8310.jpg\" width=\"7\" height=\"81\" \/><a href=\"http:\/\/blog.educastur.es\/ixuxullingua\/tarea\/1-primeru\/1-04-24\/\" target=\"_blank\" rel=\"noopener noreferrer\"><img loading=\"lazy\" decoding=\"async\" src=\"https:\/\/imgbox.es\/images\/2020\/04\/15\/24_43b4ac7c5fb026013.jpg\" width=\"92\" height=\"67\" \/><\/a>\u00a0\u00a0 <img loading=\"lazy\" decoding=\"async\" src=\"https:\/\/imgbox.es\/images\/2020\/04\/15\/separador_V96691f632ccd8310.jpg\" width=\"7\" height=\"81\" \/>\u00a0 <a href=\"http:\/\/blog.educastur.es\/ixuxullingua\/tarea\/1-primeru\/1-05-04\/\" target=\"_blank\" rel=\"noopener noreferrer\"><img loading=\"lazy\" decoding=\"async\" src=\"https:\/\/imgbox.es\/images\/2020\/04\/15\/4_4604a0fb160ee896f.jpg\" width=\"92\" height=\"67\" \/><\/a>\u00a0 <img loading=\"lazy\" decoding=\"async\" src=\"https:\/\/imgbox.es\/images\/2020\/04\/15\/separador_V96691f632ccd8310.jpg\" width=\"7\" height=\"81\" \/> <a href=\"http:\/\/blog.educastur.es\/ixuxullingua\/tarea\/1-primeru\/1-05-08\/\" target=\"_blank\" rel=\"noopener noreferrer\"><img loading=\"lazy\" decoding=\"async\" src=\"https:\/\/imgbox.es\/images\/2020\/04\/18\/8_5a7d68f6023d3e8b4.jpg\" width=\"92\" height=\"67\" \/><\/a><img loading=\"lazy\" decoding=\"async\" src=\"https:\/\/imgbox.es\/images\/2020\/04\/15\/separador_V96691f632ccd8310.jpg\" width=\"7\" height=\"81\" \/>\u00a0 <a href=\"http:\/\/blog.educastur.es\/ixuxullingua\/tarea\/1-primeru\/1-05-15\/\" target=\"_blank\" rel=\"noopener noreferrer\"><img loading=\"lazy\" decoding=\"async\" src=\"https:\/\/imgbox.es\/images\/2020\/04\/15\/15_59248869c995cce03.jpg\" width=\"92\" height=\"67\" \/><\/a><img loading=\"lazy\" decoding=\"async\" src=\"https:\/\/imgbox.es\/images\/2020\/04\/15\/separador_V96691f632ccd8310.jpg\" width=\"7\" height=\"81\" \/> \u00a0 <a href=\"http:\/\/blog.educastur.es\/ixuxullingua\/tarea\/1-primeru\/1-05-22\/\" target=\"_blank\" rel=\"noopener noreferrer\"><img loading=\"lazy\" decoding=\"async\" src=\"https:\/\/imgbox.es\/images\/2020\/04\/15\/22_5dad99fb9448ba84a.jpg\" width=\"92\" height=\"67\" \/><\/a>\u00a0 <img loading=\"lazy\" decoding=\"async\" src=\"https:\/\/imgbox.es\/images\/2020\/04\/15\/separador_V96691f632ccd8310.jpg\" width=\"7\" height=\"81\" \/>\u00a0\u00a0 <a href=\"http:\/\/blog.educastur.es\/ixuxullingua\/tarea\/1-primeru\/1-05-29\/\" target=\"_blank\" rel=\"noopener noreferrer\"><img loading=\"lazy\" decoding=\"async\" src=\"https:\/\/imgbox.es\/images\/2020\/04\/15\/29_587aaa2eaaf2e74b7.jpg\" width=\"92\" height=\"67\" \/><\/a>\u00a0\u00a0 <img loading=\"lazy\" decoding=\"async\" src=\"https:\/\/imgbox.es\/images\/2020\/04\/15\/separador_V96691f632ccd8310.jpg\" width=\"7\" height=\"81\" \/><a href=\"http:\/\/blog.educastur.es\/ixuxullingua\/tarea\/1-primeru\/1-06-05\/\" target=\"_blank\" rel=\"noopener noreferrer\"><img loading=\"lazy\" decoding=\"async\" src=\"https:\/\/imgbox.es\/images\/2020\/04\/15\/5_6c8ab2ad5850f4c28.jpg\" width=\"92\" height=\"67\" \/><\/a><img loading=\"lazy\" decoding=\"async\" src=\"https:\/\/imgbox.es\/images\/2020\/04\/15\/separador_V96691f632ccd8310.jpg\" width=\"7\" height=\"81\" \/>\u00a0 <a href=\"http:\/\/blog.educastur.es\/ixuxullingua\/tarea\/1-primeru\/1-06-12\/\" target=\"_blank\" rel=\"noopener noreferrer\"><img loading=\"lazy\" decoding=\"async\" src=\"https:\/\/imgbox.es\/images\/2020\/04\/15\/12_63d2f8ed33ce5cc0d.jpg\" width=\"92\" height=\"67\" \/><\/a>\u00a0\u00a0 <img loading=\"lazy\" decoding=\"async\" src=\"https:\/\/imgbox.es\/images\/2020\/04\/15\/separador_V96691f632ccd8310.jpg\" width=\"7\" height=\"81\" \/><\/li>\n<\/ul>\n<p><span style=\"color: #800000\"><strong><span style=\"font-size: 14pt\"><em>No est\u00e1n enlazadas en las carpetas. Las TAREAS e<\/em><em>stan todas copiadas aqu\u00ed debajo, separadas por una l\u00ednea entre fecha y fecha\u2026<\/em><\/span><\/strong><\/span><\/p>\n<hr \/>\n<div id=\"post-184\" class=\"post\">\n<h2><a title=\"Leer 5 - 03-13\" href=\"http:\/\/blog.educastur.es\/ixuxullingua\/tarea\/5-quintu\/5-03-13\/\" rel=\"bookmark\">6 &#8211; 03-13\u00a0<\/a> TAREA del\u00a0 13 al 27 de marzu<\/h2>\n<p><span style=\"font-size: 14pt\"><em><a href=\"https:\/\/educastur-my.sharepoint.com\/personal\/corredoria3_educastur_org\/_layouts\/15\/onedrive.aspx?id=%2Fpersonal%2Fcorredoria3%5Feducastur%5Forg%2FDocuments%2FTAREAS%5FALUMNADO%20CP%20CARMEN%20RUIZ%2DTILVE%2FEDUCACI%C3%93N%20PRIMARIA%5FCP%20CARMEN%20RUIZ%2DTILVE&amp;originalPath=aHR0cHM6Ly9lZHVjYXN0dXItbXkuc2hhcmVwb2ludC5jb20vOmY6L2cvcGVyc29uYWwvY29ycmVkb3JpYTNfZWR1Y2FzdHVyX29yZy9FcVR6ZmwwaGtSZEl0MFdIV2J2OEstWUJ3R2o1OUtIRlF2c0xzdEJWVmJ4MGh3P3J0aW1lPXVNVVROanpRMTBn\" target=\"_blank\" rel=\"noopener noreferrer\">Clica nesti enllace de la web del cole\u2026 <\/a><\/em><\/span><\/p>\n<div class=\"entry\">\n<p><span style=\"font-size: 14pt\">Con motivu del encierru en casa pol<strong> Coronavirus, <\/strong>ap\u00farrovos\u00a0 tarea pa la clase de Llingua, consistente principalmente en <strong>escuchar cancios y en delles llectures <\/strong>que considero d\u00b4inter\u00e9s. <strong>Si nun trae ed\u00e1<br \/>\nrecomend\u00e1 ye que son pa toes y pa toos. <\/strong>Espero que vos presten! Un abrazu candial!!<\/span><\/p>\n<ul>\n<li><span style=\"font-size: 14pt\">4\u00ba5\u00ba6\u00ba: <a href=\"https:\/\/llingua.gijon.es\/page\/14630-pallabreros\" target=\"_blank\" rel=\"noopener noreferrer\"><em>Lectures sobre dalgunos deportes d\u00b4inter\u00e9s <\/em><\/a><\/span><\/li>\n<li><span style=\"font-size: 14pt\"><em><strong>F\u00fatbol<\/strong>: <a href=\"https:\/\/llingua.gijon.es\/multimedia_objects\/download?object_type=document&amp;object_id=249465\" target=\"_blank\" rel=\"noopener noreferrer\">clica pa descargalo<\/a><br \/>\n<\/em><\/span><\/li>\n<li><span style=\"font-size: 14pt\"><em><strong>Voleibol<\/strong>: <a href=\"https:\/\/llingua.gijon.es\/multimedia_objects\/download?object_type=document&amp;object_id=249461\" target=\"_blank\" rel=\"noopener noreferrer\">clica pa descargalo<\/a><br \/>\n<\/em><\/span><\/li>\n<li><span style=\"font-size: 14pt\"><em><strong>Balonmano<\/strong>: <a href=\"http:\/\/llingua.gijon.es\/multimedia_objects\/download?object_type=document&amp;object_id=211181\" target=\"_blank\" rel=\"noopener noreferrer\">clica pa descargalo<\/a><br \/>\n<\/em><\/span><\/li>\n<li><span style=\"font-size: 14pt\"><em><strong>Atletismu<\/strong>: <a href=\"https:\/\/llingua.gijon.es\/multimedia_objects\/download?object_id=158509&amp;object_type=document\" target=\"_blank\" rel=\"noopener noreferrer\">clica pa descargalo<\/a><\/em><\/span><\/li>\n<li><span style=\"font-size: 14pt\"><em><strong>Baloncestu:<\/strong> <a href=\"https:\/\/llingua.gijon.es\/multimedia_objects\/download?object_id=116884&amp;object_type=document\" target=\"_blank\" rel=\"noopener noreferrer\">clica pa descargalo<br \/>\n<\/a><\/em><\/span><\/li>\n<\/ul>\n<ul>\n<li><span style=\"font-size: 14pt\"><em>1\u00ba a 6\u00ba: <a href=\"https:\/\/educastur-my.sharepoint.com\/personal\/corredoria3_educastur_org\/_layouts\/15\/onedrive.aspx?originalPath=aHR0cHM6Ly9lZHVjYXN0dXItbXkuc2hhcmVwb2ludC5jb20vOmY6L2cvcGVyc29uYWwvY29ycmVkb3JpYTNfZWR1Y2FzdHVyX29yZy9FcVR6ZmwwaGtSZEl0MFdIV2J2OEstWUJ3R2o1OUtIRlF2c0xzdEJWVmJ4MGh3P3J0aW1lPXhrN21kbUhMMTBn&amp;id=%2Fpersonal%2Fcorredoria3%5Feducastur%5Forg%2FDocuments%2FTAREAS%5FALUMNADO%20CP%20CARMEN%20RUIZ%2DTILVE%2FEDUCACI%C3%93N%20PRIMARIA%5FCP%20CARMEN%20RUIZ%2DTILVE%2FLLINGUA%20ASTURIANA%5FPrimaria%2FCuentos%2Epdf&amp;parent=%2Fpersonal%2Fcorredoria3%5Feducastur%5Forg%2FDocuments%2FTAREAS%5FALUMNADO%20CP%20CARMEN%20RUIZ%2DTILVE%2FEDUCACI%C3%93N%20PRIMARIA%5FCP%20CARMEN%20RUIZ%2DTILVE%2FLLINGUA%20ASTURIANA%5FPrimaria\" target=\"_blank\" rel=\"noopener noreferrer\"><strong>Cuentos pa toles edaes<\/strong> (192 p\u00e1xines)<br \/>\n<\/a><br \/>\n<\/em><\/span><\/li>\n<\/ul>\n<p>&nbsp;<\/p>\n\n<!-- iframe plugin v.6.0 wordpress.org\/plugins\/iframe\/ -->\n<iframe loading=\"lazy\" src=\"https:\/\/drive.google.com\/file\/d\/1VCE9sH80YcxmvNEHtni2Orhmtvf2Iu8e\/preview\" width=\"704\" height=\"980\" 0=\"\/iframe\" scrolling=\"yes\" class=\"iframe-class\" frameborder=\"0\"><\/iframe>\n\n<p>&nbsp;<\/p>\n<ul>\n<li><span style=\"font-size: 14pt\"><em>1\u00ba a 6\u00ba: Cancios prestosos pa toos y pa toes:<br \/>\n<a href=\"https:\/\/www.youtube.com\/watch?v=_q6_NtRyZ58\" target=\"_blank\" rel=\"noopener noreferrer\"><strong>\u201cPr\u00e9stame pola vida\u201d<\/strong><\/a> (Reciella)<\/em><\/span><\/li>\n<\/ul>\n<p><span style=\"font-size: 14pt\"><em>\n<!-- iframe plugin v.6.0 wordpress.org\/plugins\/iframe\/ -->\n<iframe loading=\"lazy\" width=\"588\" height=\"331\" src=\"https:\/\/www.youtube.com\/embed\/_q6_NtRyZ58\" scrolling=\"yes\" class=\"iframe-class\" frameborder=\"0\"><\/iframe>\n<\/em><\/span><\/p>\n<p>&nbsp;<\/p>\n<p><span style=\"font-size: 14pt\"><em><a href=\"https:\/\/www.youtube.com\/watch?v=dVHoojbQQ2E\" target=\"_blank\" rel=\"noopener noreferrer\"><strong>\u201cEl cantar del sult\u00e1n\u201d <\/strong><\/a>(Xentiquina)<\/em><\/span><\/p>\n<\/div>\n<div class=\"entry\">\n<hr \/>\n<\/div>\n<\/div>\n<div id=\"post-185\" class=\"post\">\n<h2><a title=\"Leer 5 - 03-27\" href=\"http:\/\/blog.educastur.es\/ixuxullingua\/tarea\/5-quintu\/5-03-27\/\" rel=\"bookmark\">6 &#8211; 03-27<\/a>\u00a0 TAREA\u00a0 27 de marzu al 3 d\u00b4abril<\/h2>\n<h2><span style=\"font-size: 14pt\">Del llibru de cuentos <strong><em>\u201c<a href=\"https:\/\/drive.google.com\/file\/d\/1VCE9sH80YcxmvNEHtni2Orhmtvf2Iu8e\/view?usp=sharing\" target=\"_blank\" rel=\"noopener noreferrer\">C\u00fantame un cuentu<\/a>\u201d\u00a0 <\/em>elixe \u00fan\u00a0 <\/strong><strong>ente los Xuveniles (p\u00e1x. 107 al final).<\/strong> <strong>Llee y fai un resume, nuna p\u00e1xina.<\/strong><\/span><\/h2>\n<div class=\"entry\">\n<p><span style=\"font-size: 14pt\">Garra una fueya y p\u00e1salo a llimpio, curiosino\u2026 Si necesites consultar daque pallabra, nesti enllaz tienes un <a href=\"https:\/\/mas.lne.es\/diccionario\/\" target=\"_blank\" rel=\"noopener noreferrer\"><strong>Dicionariu n\u00b4asturianu<\/strong><\/a> . <u>Pon el to nome al entamar, escribi col llapiz cach\u00e1u, curia la lletra y la presentaci\u00f3n. <\/u>Hai que esplicalu na clas de Llingua a los tos collacios y cunta-yos por qu\u00e9 lu recomiendes.<\/span><\/p>\n<ul>\n<li><span style=\"font-size: 14pt\"><em><a href=\"https:\/\/drive.google.com\/file\/d\/1vfXM-wCfRK8tkt-PFJnpqutZCtL6PLQN\/view?usp=sharing\" target=\"_blank\" rel=\"noopener noreferrer\"><strong>\u201cSoi esp\u00eda\u201d<\/strong> (Xulio Berros)<\/a> 109 &#8211; 117<\/em><\/span><\/li>\n<li><span style=\"font-size: 14pt\"><em><a href=\"https:\/\/drive.google.com\/file\/d\/16NdXQxiLFDe5yyjwtLEwmpjVqvg2oEvJ\/view?usp=sharing\" target=\"_blank\" rel=\"noopener noreferrer\"><strong>\u201cHasta ma\u00f1ana\u201d<\/strong> (Dolfo Camilo D\u00edaz)<\/a> 125-131<\/em><\/span><\/li>\n<li><span style=\"font-size: 14pt\"><em><a href=\"https:\/\/drive.google.com\/file\/d\/1BVbrdAQlQfUVObT6WyYIuvk0ooZ_SOQM\/view?usp=sharing\" target=\"_blank\" rel=\"noopener noreferrer\"><strong>\u201cL\u00eda\u201d<\/strong> (Marisa L\u00f3pez Diz)<\/a> 133-143<\/em><\/span><\/li>\n<li><span style=\"font-size: 14pt\"><em><a href=\"https:\/\/drive.google.com\/file\/d\/1O9agdB_B9QFD8VZUGrnNHbKSayLVhWGc\/view?usp=sharing\" target=\"_blank\" rel=\"noopener noreferrer\"><strong>\u201cEl cuentu m\u00e1s guapu del mundu\u201d<\/strong> (Carlos Glez. Espina)<\/a> 145-155<\/em><\/span><\/li>\n<li><span style=\"font-size: 14pt\"><em><a href=\"https:\/\/drive.google.com\/file\/d\/1eEOJIaV6vpkIKwNPTaMtqqj5jLGiybsU\/view?usp=sharing\" target=\"_blank\" rel=\"noopener noreferrer\"><strong>\u201cEl terceru dende\u00b4l sol\u201d<\/strong> (Vicente Garc\u00eda Oliva)<\/a> 157-163<\/em><\/span><\/li>\n<li><span style=\"font-size: 14pt\"><em><a href=\"https:\/\/drive.google.com\/file\/d\/1RHhbeHAqP0PXXH9N9OFkQvnBBxKLCT50\/view?usp=sharing\" target=\"_blank\" rel=\"noopener noreferrer\"><strong>\u201cLa hestoria de g\u00fcelu\u201d<\/strong> (Paquita Su\u00e1rez Coalla)<\/a> 165-169<\/em><\/span><\/li>\n<li><span style=\"font-size: 14pt\"><em><a href=\"https:\/\/drive.google.com\/file\/d\/1MeyCT2DM9VfMT5pznPhWhIOD3tuSWeOe\/view?usp=sharing\" target=\"_blank\" rel=\"noopener noreferrer\"><strong>\u201cIviernos\u201d<\/strong> (Montserrat Garnacho)\u00a0<\/a> 171-180<\/em><\/span><\/li>\n<li><span style=\"font-size: 14pt\"><em><a href=\"https:\/\/drive.google.com\/file\/d\/15YQVPJRlOHKmKWoxfr_xe5b3HfL6tyN6\/view?usp=sharing\" target=\"_blank\" rel=\"noopener noreferrer\"><strong>\u201cJosu, l\u00b4Asturianu\u201d <\/strong>(Ismael M\u00aa Glez. Arias)<\/a> 181-187<\/em><\/span><\/li>\n<\/ul>\n<p><span style=\"font-size: 14pt\">Pa toos y pa toes, si nun sab\u00e9is escribir daqu\u00e9,\u00a0<strong>alcuentra<\/strong><strong><a href=\"https:\/\/mas.lne.es\/diccionario\/\" target=\"_blank\" rel=\"noopener noreferrer\"> la pallabra nel diccionariu\u00a0 de Llingua Asturiana.<\/a><\/strong><\/span><\/p>\n<p><a href=\"https:\/\/mas.lne.es\/diccionario\/\"><img loading=\"lazy\" decoding=\"async\" class=\"\" src=\"https:\/\/imgbox.es\/images\/2020\/03\/23\/dgla0dd2cf94af1e0a40.jpg\" width=\"262\" height=\"34\" \/><\/a>.<\/p>\n<\/div>\n<div class=\"entry\">\n<hr \/>\n<\/div>\n<\/div>\n<div id=\"post-186\" class=\"post\">\n<h2><a title=\"Leer 6 - 04-13\" href=\"http:\/\/blog.educastur.es\/ixuxullingua\/tarea\/6-sestu\/6-04-13\/\" rel=\"bookmark\">6 &#8211; 04-13\u00a0<\/a><span style=\"color: #000080\">Tarea\/Xera del 13 &#8211; 17 d\u00b4abril <\/span><\/h2>\n<div class=\"entry\">\n<p><span style=\"font-size: 14pt\">G\u00fcei vamos lleer un poema de <a href=\"https:\/\/drive.google.com\/drive\/folders\/1GhArDu3c22ZcVBX-EnkV665SlahptPHN?usp=sharing\" target=\"_blank\" rel=\"noopener noreferrer\"><strong>Xovellanos<\/strong>,\u00a0<\/a>responder unes entruguines sobro la so vida.<\/span><\/p>\n<p><span style=\"font-size: 14pt\"><img loading=\"lazy\" decoding=\"async\" class=\"\" src=\"https:\/\/s.libertaddigital.com\/fotos\/noticias\/1920\/1080\/fit\/gaspar_jovellanos.jpg\" width=\"388\" height=\"275\" \/><\/span><\/p>\n<ul>\n<li><span style=\"font-size: 14pt\"><a href=\"https:\/\/drive.google.com\/file\/d\/1W9Te091sq6XlOsGbritqEvjXRrLSw8ej\/view?usp=sharing\" target=\"_blank\" rel=\"noopener noreferrer\"><strong><em>Poema<\/em><\/strong> lleer<\/a><\/span><\/li>\n<li><span style=\"font-size: 14pt\"><a href=\"https:\/\/drive.google.com\/file\/d\/1B1LErlMVvg0k-tVHe8lWRU49tf9_GPXL\/view?usp=sharing\" target=\"_blank\" rel=\"noopener noreferrer\"><strong><em>Audio <\/em><\/strong>escuchar<\/a><\/span><\/li>\n<li><span style=\"font-size: 14pt\"><a href=\"https:\/\/drive.google.com\/file\/d\/1C5-g5_HabdIOA6yPiriwSem82xtesZVr\/view?usp=sharing\" target=\"_blank\" rel=\"noopener noreferrer\"><strong><em>Entrugues<\/em><\/strong> <\/a>(si nun pues imprimir, c\u00f3piales nuna fueya con bona lletra!)<\/span><\/li>\n<li><span style=\"font-size: 14pt\"><a href=\"https:\/\/drive.google.com\/drive\/folders\/1GhArDu3c22ZcVBX-EnkV665SlahptPHN?usp=sharing\" target=\"_blank\" rel=\"noopener noreferrer\">Carpeta<\/a><\/span><\/li>\n<li><span style=\"font-size: 14pt\"><a href=\"https:\/\/mas.lne.es\/diccionario\/\" target=\"_blank\" rel=\"noopener noreferrer\"><strong><em>Dicionariu <\/em><\/strong>pa buscar daqu\u00e9 pallabra<\/a><\/span><\/li>\n<li><a href=\"https:\/\/ast.wikipedia.org\/wiki\/Gaspar_Melchor_de_Xovellanos\" target=\"_blank\" rel=\"noopener noreferrer\"><span style=\"font-size: 14pt\">Llee m\u00e1s na <strong><em>Wikipedia<\/em><\/strong> n\u00b4asturianu<\/span><\/a><\/li>\n<\/ul>\n<hr \/>\n<\/div>\n<\/div>\n<div id=\"post-187\" class=\"post\">\n<h2><a title=\"Leer 6 - 04-17\" href=\"http:\/\/blog.educastur.es\/ixuxullingua\/tarea\/6-sestu\/6-04-17\/\" rel=\"bookmark\">6 &#8211; 04-17<\/a><\/h2>\n<div class=\"entry\">\n<p><span style=\"font-size: 14pt\"><u>Esta ye l\u00b4activid\u00e1 pa facer en Llingua dende\u00b4l llunes 20 al vienres 24 d\u00b4abril. Tr\u00e1tase de ver los programes qu\u00b4ufierta Educastur na TPA.<\/u> Nam\u00e1s\u2026 <em><strong>Hai qu\u00b4escuchar y ver estos cuatro miniprogrames de L\u00b4asturianun n\u00b4Educatur TV del profe Inaciu Gal\u00e1n. <\/strong><\/em><em>Anque son pa Secundaria <strong>d\u00edxome que val\u00eda perfeutamente pa vosotros<\/strong>, asina que clica\u2026 <\/em><\/span><\/p>\n<p><span style=\"font-size: 14pt\"><img loading=\"lazy\" decoding=\"async\" class=\"\" src=\"https:\/\/asturianutv.files.wordpress.com\/2020\/04\/cropped-img_8152.png?w=1024&amp;h=225\" width=\"391\" height=\"86\" \/><\/span><\/p>\n<p><span style=\"font-size: 14pt\">1)<a href=\"https:\/\/www.youtube.com\/watch?v=vn3DscyZcjI&amp;feature=youtu.be\" target=\"_blank\" rel=\"noopener noreferrer\"><em>Ver en Youtube<\/em><\/a><strong><em><br \/>\n<\/em><\/strong><\/span><\/p>\n<p><span style=\"font-size: 14pt\">\n<!-- iframe plugin v.6.0 wordpress.org\/plugins\/iframe\/ -->\n<iframe loading=\"lazy\" width=\"588\" height=\"331\" src=\"https:\/\/www.youtube.com\/embed\/vn3DscyZcjI\" scrolling=\"yes\" class=\"iframe-class\" frameborder=\"0\"><\/iframe>\n<\/span><\/p>\n<p><span style=\"font-size: 14pt\"><img loading=\"lazy\" decoding=\"async\" src=\"https:\/\/imgbox.es\/images\/2020\/03\/23\/separadora4a37c028d732afc.jpg\" width=\"322\" height=\"26\" \/><\/span><\/p>\n<p><span style=\"font-size: 14pt\">2)<em><a href=\"https:\/\/www.youtube.com\/watch?v=m1uqXEWhK7w&amp;feature=youtu.be\" target=\"_blank\" rel=\"noopener noreferrer\">Ver en Youtube<\/a><\/em><\/span><\/p>\n<p><span style=\"font-size: 14pt\">\n<!-- iframe plugin v.6.0 wordpress.org\/plugins\/iframe\/ -->\n<iframe loading=\"lazy\" width=\"588\" height=\"331\" src=\"https:\/\/www.youtube.com\/embed\/m1uqXEWhK7w\" scrolling=\"yes\" class=\"iframe-class\" frameborder=\"0\"><\/iframe>\n<\/span><\/p>\n<p><span style=\"font-size: 14pt\"><img loading=\"lazy\" decoding=\"async\" src=\"https:\/\/imgbox.es\/images\/2020\/03\/23\/separadora4a37c028d732afc.jpg\" width=\"322\" height=\"26\" \/><\/span><\/p>\n<p><span style=\"font-size: 14pt\">3)<em><a href=\"https:\/\/www.youtube.com\/watch?v=p-_4_1ts1Bw&amp;feature=youtu.be\" target=\"_blank\" rel=\"noopener noreferrer\">Ver en Youtube<\/a><\/em><\/span><\/p>\n<p><span style=\"font-size: 14pt\">\n<!-- iframe plugin v.6.0 wordpress.org\/plugins\/iframe\/ -->\n<iframe loading=\"lazy\" width=\"588\" height=\"331\" src=\"https:\/\/www.youtube.com\/embed\/p-_4_1ts1Bw\" scrolling=\"yes\" class=\"iframe-class\" frameborder=\"0\"><\/iframe>\n<\/span><\/p>\n<p><span style=\"font-size: 14pt\"><img loading=\"lazy\" decoding=\"async\" src=\"https:\/\/imgbox.es\/images\/2020\/03\/23\/separadora4a37c028d732afc.jpg\" width=\"322\" height=\"26\" \/><\/span><\/p>\n<p><span style=\"font-size: 14pt\">4) <a href=\"https:\/\/www.youtube.com\/watch?v=lM3OJzBj0LY\" target=\"_blank\" rel=\"noopener noreferrer\">Ver en Youtube<\/a><\/span><\/p>\n<p><span style=\"font-size: 14pt\">\n<!-- iframe plugin v.6.0 wordpress.org\/plugins\/iframe\/ -->\n<iframe loading=\"lazy\" width=\"588\" height=\"331\" src=\"https:\/\/www.youtube.com\/embed\/lM3OJzBj0LY\" scrolling=\"yes\" class=\"iframe-class\" frameborder=\"0\"><\/iframe>\n<\/span><\/p>\n<p><span style=\"font-size: 14pt\">\u00a0<em><strong>Nun hai que facer activida\u00e9s\u2026\u00a0 <\/strong>Si te prest\u00f3 ver les clases d\u00b4Inaciu, pues <strong>escribir un comentariu<\/strong> (ye voluntariu\u2026) nel chat del blogue\u2026\u00a0<\/em><\/span><\/p>\n<p><span style=\"font-size: 14pt\"><em>Canciu:<a href=\"https:\/\/www.youtube.com\/watch?v=3-g9QfHKgOs&amp;feature=youtu.be\" target=\"_blank\" rel=\"noopener noreferrer\"><strong> \u201cEl besu\u201d (Felpeyu) \u00a0 <\/strong><\/a><\/em>Descarga<strong><em> <a href=\"https:\/\/drive.google.com\/file\/d\/1QeKcIEFNv7UT2Y6Ow-BI-OLfBJoBszfm\/view?usp=sharing\" target=\"_blank\" rel=\"noopener noreferrer\">equ\u00ed la lletra.\u00a0 <\/a><\/em><\/strong><\/span><\/p>\n<p><span style=\"font-size: 14pt\">\n<!-- iframe plugin v.6.0 wordpress.org\/plugins\/iframe\/ -->\n<iframe loading=\"lazy\" width=\"588\" height=\"331\" src=\"https:\/\/www.youtube.com\/embed\/3-g9QfHKgOs\" scrolling=\"yes\" class=\"iframe-class\" frameborder=\"0\"><\/iframe>\n<\/span><\/p>\n<p><a href=\"http:\/\/blog.educastur.es\/ixuxullingua\/2020\/04\/13\/dia-del-besu\/\" target=\"_blank\" rel=\"noopener noreferrer\"><span style=\"font-size: 14pt\">D\u00eda Internacional del besu: 13 d\u00b4abril\u00a0<\/span> <\/a><\/p>\n<\/div>\n<hr \/>\n<\/div>\n<h2><a title=\"Leer 6 - 04-24\" href=\"http:\/\/blog.educastur.es\/ixuxullingua\/tarea\/6-sestu\/6-04-24\/\" rel=\"bookmark\">6 &#8211; 04-24\u00a0<\/a><span style=\"color: #800080\">Tarea del 24 d\u00b4abril<br \/>\n<\/span><\/h2>\n<div class=\"entry\">\n<p><img loading=\"lazy\" decoding=\"async\" class=\"\" src=\"https:\/\/www-saladepeligro-com.exactdn.com\/wp-content\/uploads\/2020\/04\/juvenil-destc-640x360.jpg?strip=all&amp;lossy=1&amp;quality=80&amp;ssl=1\" width=\"411\" height=\"231\" \/><\/p>\n<p><span style=\"font-size: 14pt\">Esta selmana cellebramos un d\u00eda perimportante el <strong><em>D\u00eda Internacional del Llibru, <\/em><\/strong><em>data relevante nes <a href=\"https:\/\/educastur-my.sharepoint.com\/personal\/corredoria3_educastur_org\/_layouts\/15\/onedrive.aspx?originalPath=aHR0cHM6Ly9lZHVjYXN0dXItbXkuc2hhcmVwb2ludC5jb20vOmY6L2cvcGVyc29uYWwvY29ycmVkb3JpYTNfZWR1Y2FzdHVyX29yZy9FcWxNZUZNREN1dEFwbWp2bUtoMlVlSUJLZmJQR2Z0QmlrZGRKaUFPWGdnYXN3P3J0aW1lPU9DUDlxV3ZWMTBn&amp;id=%2Fpersonal%2Fcorredoria3%5Feducastur%5Forg%2FDocuments%2FTAREAS%5FALUMNADO%20CP%20CARMEN%20RUIZ%2DTILVE%2FEDUCACI%C3%93N%20PRIMARIA%5FCP%20CARMEN%20RUIZ%2DTILVE%2F3er%20Trimestre\" target=\"_blank\" rel=\"noopener noreferrer\"><u>Programaciones del Colexu<\/u><\/a> y onde preparamos delles activid\u00e1es prestoses en torno al llibru. <a href=\"https:\/\/educastur-my.sharepoint.com\/personal\/corredoria3_educastur_org\/_layouts\/15\/onedrive.aspx?originalPath=aHR0cHM6Ly9lZHVjYXN0dXItbXkuc2hhcmVwb2ludC5jb20vOmY6L2cvcGVyc29uYWwvY29ycmVkb3JpYTNfZWR1Y2FzdHVyX29yZy9FcWxNZUZNREN1dEFwbWp2bUtoMlVlSUJLZmJQR2Z0QmlrZGRKaUFPWGdnYXN3P3J0aW1lPU9DUDlxV3ZWMTBn&amp;id=%2Fpersonal%2Fcorredoria3%5Feducastur%5Forg%2FDocuments%2FTAREAS%5FALUMNADO%20CP%20CARMEN%20RUIZ%2DTILVE%2FEDUCACI%C3%93N%20PRIMARIA%5FCP%20CARMEN%20RUIZ%2DTILVE%2F3er%20Trimestre\" target=\"_blank\" rel=\"noopener noreferrer\">(Web)<\/a><\/em><\/span><\/p>\n<ul>\n<li><span style=\"font-size: 14pt\"><a href=\"http:\/\/blog.educastur.es\/ixuxullingua\/2020\/03\/21\/dia-mundial-de-la-poesia-infantiles\/\" target=\"_blank\" rel=\"noopener noreferrer\"><em><strong>D\u00eda de la Poes\u00eda (Infantil) <\/strong><\/em><\/a>1\u00ba2\u00ba3\u00ba4\u00ba<\/span><\/li>\n<li><span style=\"font-size: 14pt\"><a href=\"http:\/\/blog.educastur.es\/ixuxullingua\/2020\/03\/21\/dia-mundial-de-la-poesia\/\" target=\"_blank\" rel=\"noopener noreferrer\"><strong><em>D\u00eda de la Poes\u00eda (Xuvenil)<\/em><\/strong><\/a> 5\u00ba6\u00ba<\/span><\/li>\n<li><span style=\"font-size: 14pt\"><a href=\"http:\/\/blog.educastur.es\/ixuxullingua\/2020\/04\/22\/dia-internacional-del-llibru\/\" target=\"_blank\" rel=\"noopener noreferrer\"><strong><em>D\u00eda del Llibru <\/em><\/strong><\/a><\/span><\/li>\n<\/ul>\n<p><span style=\"font-size: 14pt\"><u>Prop\u00f3ngovos dos activid\u00e1es:\u00a0 <\/u><em><strong>1) Lleer y escuchar poemes n\u00b4asturianu<\/strong><\/em><a href=\"http:\/\/blog.educastur.es\/ixuxullingua\/2020\/03\/21\/dia-mundial-de-la-poesia\/\" target=\"_blank\" rel=\"noopener noreferrer\"> (el 21 de marzu foi <em><u>D\u00eda de la Poes\u00eda<\/u><\/em> = ver)<\/a><\/span><\/p>\n<p><span style=\"font-size: 14pt\"><strong><em>2) Completar una ficha de llectura <\/em><\/strong>d\u00b4un llibru que vos preste, que teng\u00e1is por casa y recomend\u00e9is lleer a los coll\u00e1cios. <em><strong>Nun hai falta que seya de poes\u00eda. <\/strong>Un llibru de cualquier tipu, \u00fan que te preste\u2026<\/em><\/span><\/p>\n<p><span style=\"font-size: 14pt\"><a href=\"https:\/\/drive.google.com\/file\/d\/1GwXuzzOOr8sffbwWsl9AjflhB8XOCq9q\/view?usp=sharing\" target=\"_blank\" rel=\"noopener noreferrer\"><em><u>Descargar equ\u00ed o copiar la ficha de llectura. <\/u><\/em><\/a><\/span><\/p>\n<p><span style=\"font-size: 14pt\"><strong><em>Esta fichina hai que guardala<\/em><\/strong> pa traer en setiembre ya que <u><em>vamos facer un ficheru<\/em><\/u>. <strong>Da igual que seyan llibros en castell\u00e1n que n\u00b4asturianu<\/strong>. Si ye n\u00b4asturianu meyor pero si nun\u00a0 ten\u00e9is neng\u00fan en casina, val en castell\u00e1n.<\/span><\/p>\n<ul>\n<li>\n<p align=\"left\"><span style=\"font-size: 14pt\"><a href=\"https:\/\/www.youtube.com\/watch?v=ZWCX5GPT6Ds\" target=\"_blank\" rel=\"noopener noreferrer\">Poema:<strong><em> \u201cYera un barcu vieyu\u201d<\/em><\/strong><\/a><em><u> Autora:<\/u><\/em><strong><em> Mar\u00eda Garc\u00eda Esper\u00f3n<\/em><\/strong><em><u> M\u00fasica:<\/u> Yanni <\/em>Torna al asturianu: Katia Collado Manase (CP Guill\u00e9n Lafuerza d\u00b4Uvi\u00e9u).<\/span><\/p>\n<\/li>\n<\/ul>\n<p><span style=\"font-size: 14pt\">\n<!-- iframe plugin v.6.0 wordpress.org\/plugins\/iframe\/ -->\n<iframe loading=\"lazy\" width=\"588\" height=\"331\" src=\"https:\/\/www.youtube.com\/embed\/ZWCX5GPT6Ds\" scrolling=\"yes\" class=\"iframe-class\" frameborder=\"0\"><\/iframe>\n<\/span><\/p>\n<p><strong><em>LLECTURA\u00a0 DE\u00a0 POEMES <\/em><\/strong><strong><em>N\u00b4ASTURIANU: <\/em><\/strong><\/p>\n<ul>\n<li>Del Blogue<a href=\"https:\/\/poesiaasturiana.wordpress.com\/\" target=\"_blank\" rel=\"noopener noreferrer\"><strong><em> \u201cPoes\u00eda asturiana\u201d<\/em><\/strong><\/a>\u00a0 vamos lleer tres poemes de <a href=\"https:\/\/poesiaasturiana.wordpress.com\/category\/berta-pinan\/\" target=\"_blank\" rel=\"noopener noreferrer\"><strong><em>Berta Pi\u00f1\u00e1n<\/em><\/strong>.\u00a0 <em><br \/>\nEntra na so p\u00e1xina clicando equ\u00ed<\/em>.<\/a><\/li>\n<\/ul>\n<h2><a href=\"https:\/\/poesiaasturiana.wordpress.com\/2008\/05\/15\/collecha-de-berta-pinan\/\" rel=\"bookmark\"><em>\u201cCollecha\u201d<\/em> (cosecha)<br \/>\n<\/a><\/h2>\n<p><em>Sin duldes foi un bon a\u00f1u<\/em><\/p>\n<p><em>de collecha. La nueche c\u00e1lido sorprend\u00edanos<\/em><\/p>\n<p><em>cansos y felices. Los tomates esguilaben<\/em><\/p>\n<p><em>en g\u00fcertu, tres la casa, y tu aportabes de tarde<\/em><\/p>\n<p><em>con maniegos de piescos, de cirueles..<\/em><\/p>\n<p><em>Alredor nuestro sent\u00edemos el pulsu precisu<\/em><\/p>\n<p><em>de los d\u00edes y la tierra ofrec\u00edase a nosotros<\/em><\/p>\n<p><em>como un cuerpu de carnes xeneroses. Yera branu <\/em><\/p>\n<p><em>ent\u00f3s y aquel a\u00f1u nin siquier hubo tormentes.<\/em><\/p>\n<p><em>Tov\u00eda ten\u00edemos llimpia la memoria.<\/em><\/p>\n<p><em>Sab\u00edemos nada de la muerte.<\/em><\/p>\n<h2><em><a href=\"https:\/\/poesiaasturiana.wordpress.com\/2008\/05\/05\/pa-otros-de-berta-pinan\/\" rel=\"bookmark\">\u201cPa\u00a0 otros\u201d<\/a><\/em><\/h2>\n<p><em>Pa otros l\u2019aventura, los viaxes, l\u2019anchor<\/em><\/p>\n<p><em>del oc\u00e9ano, Roma ardiendo y les pir\u00e1mides,<\/em><\/p>\n<p><em>les selves inomables, la lluz de los desiertos,<\/em><\/p>\n<p><em>los templos y el rostru de la diosa. Pa ellos<\/em><\/p>\n<p><em>rascacielos y ciudaes, palacios del sua\u00f1u<\/em><\/p>\n<p><em>contra\u2019l tiempu, la sorrisa de Buda, les torres<\/em><\/p>\n<p><em>de Babel, los acueductos, la industria incesante<\/em><\/p>\n<p><em>del home y los sos afanes.<\/em><\/p>\n<p><em>\u00a0<\/em><\/p>\n<p><em>A min dex\u00e1ime la solombra difusa del carbayu,<\/em><\/p>\n<p><em>la lluz dalgunos d\u00edes de seronda, la m\u00fasica callada<\/em><\/p>\n<p><em>de la nieve, el so cayer incesante na memoria,<\/em><\/p>\n<p><em>dex\u00e1ime les zreces na boca cuando nena, la voz<\/em><\/p>\n<p><em>de los amigos, la voz del r\u00edu y esta casa, dalgunos llibros,<\/em><\/p>\n<p><em>pocos, la mio mano dibuxando, a modo, la curvatura<\/em><\/p>\n<p><em>perfecta del to llombu.<\/em><\/p>\n<p>&nbsp;<\/p>\n<p><em><a href=\"https:\/\/poesiaasturiana.wordpress.com\/2008\/04\/20\/una-casa-de-berta-pinan\/\" rel=\"bookmark\">\u201cUna Casa\u201d<\/a><\/em><em>Llevantar una casa que seya como<\/em><\/p>\n<p><em>un \u00e1rbol, como Dafne crecer peles<\/em><\/p>\n<p><em>sos rames, sentir les estaciones, la fueya<\/em><\/p>\n<p><em>nuevo depu\u00e9s de la ivernera, les frutes primeres<\/em><\/p>\n<p><em>del veranu. Una casa que seya como un \u00e1rbol, <\/em><\/p>\n<p><em>qu\u2019aguante los rellampos, qu\u2019escample <\/em><\/p>\n<p><em>la pedrisca, qu\u2019espante llo\u00f1e la ventolera x\u00e9lido<\/em><\/p>\n<p><em>del tiempu.<\/em><\/p>\n<p><em>\u00a0<\/em><\/p>\n<p><em>Llevantar una casa que seya como<\/em><\/p>\n<p><em>un r\u00edu, navegable y llixera, mudable,<\/em><\/p>\n<p><em>pasaxera, beber de les sos fontes, parame peles<\/em><\/p>\n<p><em>poces, correr colos regatos. Una casa que seya<\/em><\/p>\n<p><em>como un r\u00edu, qu\u2019arrastre la derrota,<\/em><\/p>\n<p><em>qu\u2019arranque\u2019l dolor de les sequeres y lu lleve,<\/em><\/p>\n<p><em>pel rabi\u00f3n, ag\u00fces abaxo.<\/em><\/p>\n<p><em>\u00a0<\/em><\/p>\n<p><em>Llevantar una casa que seya como<\/em><\/p>\n<p><em>un mundu, andar les xeograf\u00edes de pasiellos,<\/em><\/p>\n<p><em>cordales d\u2019escaleres, les ventanes abiertes,<\/em><\/p>\n<p><em>les pontes, los caminos. Sentame na antoxana<\/em><\/p>\n<p><em>a ver andar la vida, una amiga, un pa\u00eds,<\/em><\/p>\n<p><em>una llingua, saludar un instante<\/em><\/p>\n<p><em>cuando pasen.<\/em>\u00a0\u2026\u2026\u2026\u2026\u2026\u2026\u2026\u2026\u2026\u2026\u2026\u2026\u2026\u2026\u2026\u2026\u2026\u2026\u2026.<\/p>\n<h4><em>Berta Pi\u00f1\u00e1n (Ca\u00f1u, 1962) actual Conseyera d\u00b4Pol\u00edtica Lling\u00fc\u00edstica del Princip\u00e1u d\u00b4Asturies, tien espublizaos cinco llibros de poemes:<\/em><\/h4>\n<ul>\n<li><em>Al abellu les besties<\/em> (1986),<\/li>\n<li><em>Vida privada<\/em> (1991),<\/li>\n<li><em>Temporada de pesca<\/em> (1998),<\/li>\n<li><em>Un mes<\/em> (2003) y<\/li>\n<li><em>En casa ayena<\/em> (2006),<br \/>\nam\u00e1s de l\u2019antolox\u00eda<\/li>\n<li><em>Noches de Incendio<\/em> (2005)\u2026\u2026\u2026\u2026\u2026\u2026\u2026\u2026\u2026\u2026\u2026\u2026\u2026\u2026\u2026\u2026\u2026\u2026\u2026\u2026\u2026\u2026\u2026\u2026\u2026\u2026\u2026\u2026\u2026\u2026\u2026\u2026\u2026\u2026\u2026\u2026\u2026\u2026\u2026\u2026\u2026\u2026\u2026\u2026<\/li>\n<\/ul>\n<p>Y tami\u00e9n vamos lleer tres poemes de <u>Marta Mori<\/u>, Vicepresidenta de l\u00b4<strong><em><u>Academia de la Llingua<\/u><\/em><\/strong>.<\/p>\n<h2><em><a href=\"https:\/\/poesiaasturiana.wordpress.com\/2008\/05\/18\/los-dies-perdios-de-marta-mori\/\" rel=\"bookmark\">\u201cLos d\u00edes perd\u00edos\u201d<\/a><\/em><\/h2>\n<p><em>Dacuando dame por pensar<\/em><\/p>\n<p><em>nos d\u00edes que pasaron<\/em><\/p>\n<p><em>y al poco de vivilos<\/em><\/p>\n<p><em>y\u00e1 nun soi quien a recordar.<\/em><\/p>\n<p><em>Esos d\u00edes qu\u2019albidraba perd\u00edos<\/em><\/p>\n<p><em>o que yo mesma quixi que finaran<\/em><\/p>\n<p><em>pa nun siguir sintiendo.<\/em><\/p>\n<p><em>D\u00edes d\u2019agobiu y mancadura,<\/em><\/p>\n<p><em>de trabayu nos g\u00fcertos del olvidu<\/em><\/p>\n<p><em>y llabios ensuchos de des\u00e9u.<\/em><\/p>\n<p><em>Unos d\u00edes que,<\/em><\/p>\n<p><em>cuando menos lo camientes,<\/em><\/p>\n<p><em>aporten de sutrucu a la memoria<\/em><\/p>\n<p><em>y t\u2019acuten con una seguranza.<\/em><\/p>\n<p><em>Y ye ent\u00f3s<\/em><\/p>\n<p><em>cuando y\u00e1 nun cuenten nada,<\/em><\/p>\n<p><em>cuando por fin los sientes como tuyos,<\/em><\/p>\n<p><em>cuando por fin conoces nellos<\/em><\/p>\n<p><em>el tastiu del to sangre<\/em><\/p>\n<p><em>y el soplu del aliendu que t\u2019anima.<\/em><\/p>\n<p><img loading=\"lazy\" decoding=\"async\" src=\"https:\/\/imgbox.es\/images\/2020\/03\/23\/separadora4a37c028d732afc.jpg\" width=\"322\" height=\"26\" align=\"left\" border=\"0\" \/>\u2026\u2026\u2026\u2026\u2026\u2026\u2026\u2026\u2026\u2026\u2026.<\/p>\n<h2><em><a href=\"https:\/\/poesiaasturiana.wordpress.com\/2008\/05\/04\/el-mio-pais-de-marta-mori\/\" rel=\"bookmark\">\u201cEl mio pa\u00eds\u201d<\/a><\/em><\/h2>\n<p><em>\u00a0<\/em><\/p>\n<p><em>Del pa\u00eds onde yo vivo,<\/em><\/p>\n<p><em>nun fala naide.<\/em><\/p>\n<p><em>Naide s\u2019ocupa<\/em><\/p>\n<p><em>del pasu sele<\/em><\/p>\n<p><em>que marquen sobre \u00e9l les estaciones,<\/em><\/p>\n<p><em>nin de c\u00f3mo l\u2019iviernu<\/em><\/p>\n<p><em>aporta de sutrucu<\/em><\/p>\n<p><em>y s\u2019espurre c\u00e1sique hasta xunu,<\/em><\/p>\n<p><em>h\u00famedu y cruel.<\/em><\/p>\n<p><em>Naide nun toma cuenta d\u2019eso.<\/em><\/p>\n<p><em>\u00a0<\/em><\/p>\n<p><em>Como tampoco falen de la llerza<\/em><\/p>\n<p><em>qu\u2019en dellos d\u00edes de borrina<\/em><\/p>\n<p><em>escluca dende dientro de los g\u00fceyos,<\/em><\/p>\n<p><em>nin del calter atl\u00e1nticu y ambiguu<\/em><\/p>\n<p><em>que nos fai amar l\u2019agua y la grisura,<\/em><\/p>\n<p><em>anque siempre digamos lo contrario.<\/em><\/p>\n<p><em>Naide nun diz nunca nada d\u2019ello.<\/em><\/p>\n<p><em>\u00a0<\/em><\/p>\n<p><em>Naide que pinte<\/em><\/p>\n<p><em>el milagro d\u2019oru la nozal<\/em><\/p>\n<p><em>nes ma\u00f1anes serondes de noviembre.<\/em><\/p>\n<p><em>\u00a0<\/em><\/p>\n<p><em>Naide que grabe<\/em><\/p>\n<p><em>el quex\u00edu pantasmal del cuquiellu,<\/em><\/p>\n<p><em>que nam\u00e1s les mimoses de febrero<\/em><\/p>\n<p><em>son a esconxurar.<\/em><\/p>\n<p><em>\u00a0<\/em><\/p>\n<p><em>Nadie pa cuntar<\/em><\/p>\n<p><em>el crecimiento ansiosu de les sebes,<\/em><\/p>\n<p><em>l\u2019esbarrumbe esmeralda de les fontes,<\/em><\/p>\n<p><em>l\u2019esnalar sele<\/em><\/p>\n<p><em>y ausente<\/em><\/p>\n<p><em>de la muerte<\/em><\/p>\n<p><em>penriba d\u2019unes cases<\/em><\/p>\n<p><em>de les que naide nunca dixo nada,<\/em><\/p>\n<p><em>y apenes queda nada pa dicir.<\/em>\u2026\u2026\u2026\u2026\u2026\u2026\u2026\u2026\u2026\u2026\u2026.<\/p>\n<h2><em><a href=\"https:\/\/poesiaasturiana.wordpress.com\/2008\/04\/20\/lleccion-de-gramatica-de-marta-mori\/\" rel=\"bookmark\">\u201cLlecci\u00f3n\u00a0 de\u00a0 gram\u00e1tica\u201d<\/a><\/em><\/h2>\n<p><em>Cinco son los sustantivos que m\u00e1s quiero:<\/em><\/p>\n<p><em>\u00e1rbol, cuerpu, mar, desiertu y cielu.<\/em><\/p>\n<p><em>De cuando en vez tengo sent\u00edo<\/em><\/p>\n<p><em>un apreciu intensu y braeru<\/em><\/p>\n<p><em>por sustantivos como<\/em><\/p>\n<p><em>paciencia o llibert\u00e1;<\/em><\/p>\n<p><em>en tou casu, <\/em><\/p>\n<p><em>los sustantivos m\u00e1s guapos<\/em><\/p>\n<p><em>nun son los que m\u00e1s quiero.<\/em><\/p>\n<p><em>Ente los axetivos,<\/em><\/p>\n<p><em>pr\u00e9stenme claru, fuerte,<\/em><\/p>\n<p><em>pacetible y azul.<\/em><\/p>\n<p><em>Nun son sonoros como <\/em><\/p>\n<p><em>l\u00edticu o s\u00e1trapa,<\/em><\/p>\n<p><em>pero valen pa casi toles coses<\/em><\/p>\n<p><em>que paga la pena conocer.<\/em><\/p>\n<p><em>Ente los verbos, en fin,<\/em><\/p>\n<p><em>qu\u00e9dome con vivir;<\/em><\/p>\n<p><em>nun ye nin gota orixinal<\/em><\/p>\n<p><em>pero conxuga con too:<\/em><\/p>\n<p><em>al fin y al cabu,<\/em><\/p>\n<p><em>mientres que van trescurriendo los alverbios,<\/em><\/p>\n<p><em>ye lo que nos queda por facer.<\/em><\/p>\n<p><img loading=\"lazy\" decoding=\"async\" src=\"https:\/\/imgbox.es\/images\/2020\/03\/23\/separadora4a37c028d732afc.jpg\" width=\"322\" height=\"26\" align=\"left\" border=\"0\" \/>\u2026\u2026\u2026\u2026\u2026\u2026\u2026\u2026\u2026\u2026\u2026.<\/p>\n<p><strong>Marta Mori<\/strong> (Xix\u00f3n, 1965) tien espublizaos\u00a0 dos poemarios:<\/p>\n<ul>\n<li><em>P\u00f3rticu<\/em> (2003) y<\/li>\n<li><em>El tiempu de la espera<\/em> (2005).<\/li>\n<\/ul>\n<\/div>\n<hr \/>\n<div id=\"post-189\" class=\"post\">\n<h2><a title=\"Leer 6 - 05-04\" href=\"http:\/\/blog.educastur.es\/ixuxullingua\/tarea\/6-sestu\/6-05-04\/\" rel=\"bookmark\">6 &#8211; 05-04<\/a><\/h2>\n<div class=\"entry\">\n<ul>\n<li>\n<h2><em><strong><u>Esta selmana nun hai tarea.<br \/>\nPr\u00f3sima: <\/u>Vienres 8 Mayu\u00a0<\/strong><\/em><\/h2>\n<\/li>\n<\/ul>\n<p><span style=\"font-size: 14pt\"><strong><em>D\u00e9xovos unos poemes pa lleer a la ma. <\/em><\/strong>El domingu 3 de mayu ye\u00b4l<strong><em> D\u00eda de la ma. <\/em><\/strong><u><em>Esfrut\u00e1ilu en familia\u2026<\/em><\/u><\/span><\/p>\n<p><span style=\"font-size: 14pt\"><strong><em>Pa cellebralo, dos poemes perguapos:<br \/>\n<\/em><\/strong><\/span><\/p>\n<p><span style=\"font-size: 14pt\">\u00dan poema d\u00b4Aurelio Gonz\u00e1lez Ovies, espubliz\u00e1o nel so bloque: <a href=\"http:\/\/hazmemagiaotravez.blogspot.com\/\" target=\"_blank\" rel=\"noopener noreferrer\"><u><em>Hazme magia otra vez.\u00a0<\/em><\/u><\/a>Voz: <a href=\"https:\/\/www.youtube.com\/watch?time_continue=239&amp;v=ArE4dvUHYOQ&amp;feature=emb_logo\" target=\"_blank\" rel=\"noopener noreferrer\"><em>Mar\u00eda Garc\u00eda Esper\u00f3n <\/em><\/a><\/span><\/p>\n<p><span style=\"font-size: 14pt\"><em>\n<!-- iframe plugin v.6.0 wordpress.org\/plugins\/iframe\/ -->\n<iframe loading=\"lazy\" width=\"588\" height=\"331\" src=\"https:\/\/www.youtube.com\/embed\/ArE4dvUHYOQ\" scrolling=\"yes\" class=\"iframe-class\" frameborder=\"0\"><\/iframe>\n<\/em><\/span><\/p>\n<h3><span style=\"font-size: 14pt\"><em><u>Un poema a todas<br \/>\nlas madres que existen<\/u>,<br \/>\na las que nos peinan<br \/>\ny a las que nos visten.<\/em><\/span><\/h3>\n<h3><span style=\"font-size: 14pt\"><em>Un poema a todas<br \/>\nlas madres del mundo<br \/>\nporque hacen milagros<br \/>\nde un guisante crudo.<\/em><\/span><\/h3>\n<h3><span style=\"font-size: 14pt\"><em>A las que aunque est\u00e9n<br \/>\ncon fiebre y anginas,<br \/>\nnos fr\u00eden abrazos<br \/>\ny asan sonrisas.<\/em><\/span><\/h3>\n<h3><span style=\"font-size: 14pt\"><em>A las que de siempre<br \/>\nnos quieren ya tanto<br \/>\nque rebosan sue\u00f1os<br \/>\nmientras tragan llanto.<\/em><\/span><\/h3>\n<h3><span style=\"font-size: 14pt\"><em>A las que del pez<br \/>\nfiero de la vida<br \/>\nnos sacan la carne<br \/>\ny comen la espina.<\/em><\/span><\/h3>\n<h3><span style=\"font-size: 14pt\"><em>A las que envejecen<br \/>\ncon grietas y grumos<br \/>\nde exprimirse a diario<br \/>\npara hacernos zumos.<\/em><\/span><\/h3>\n<h3><span style=\"font-size: 14pt\"><em>A las que ya est\u00e1n<br \/>\nsobre nuestra cuna<br \/>\nborrando la noche<br \/>\ny pintando lunas.<\/em><\/span><\/h3>\n<h3><span style=\"font-size: 14pt\"><em>A las que nos cubren,<br \/>\ndefienden y abrazan<br \/>\nincluso si duermen,<br \/>\nincluso si faltan.<\/em><\/span><\/h3>\n<h3><span style=\"font-size: 14pt\"><em>A las que los a\u00f1os<br \/>\ncasi se les pasan<br \/>\nentre planchar fuerzas<br \/>\ny limpiar la casa.<\/em><\/span><\/h3>\n<h3><span style=\"font-size: 14pt\"><em>Un poema a todas<br \/>\nestas siemprevivas<br \/>\nque sirven de fuelle<br \/>\ny aguantan de viga.<\/em><\/span><\/h3>\n<h3><span style=\"font-size: 14pt\"><em>Un gracias a todas<br \/>\nestas madres nuestras<br \/>\nque son cocineras,<br \/>\nmodistas, maestras;<br \/>\ny adornan bizcochos<br \/>\no administran cuentas<br \/>\ny trenzan toquillas<br \/>\no zurcen sorpresas.<\/em><\/span><\/h3>\n<h3><span style=\"font-size: 14pt\"><em>A las que a\u00fan est\u00e1n<br \/>\no son ya estrellas.<\/em><\/span><\/h3>\n<p><em>\u00a9Aurelio Gonz\u00e1lez Ovies<\/em><\/p>\n<hr \/>\n<h4>\u00dan poema d\u00b4<a href=\"https:\/\/elguardiandelalluvia.wordpress.com\/2018\/09\/15\/336\/\" target=\"_blank\" rel=\"noopener noreferrer\">Elvira Laruelo<\/a> espubliz\u00e1o nel b<a href=\"https:\/\/lunalectora.blogspot.com\/2019\/04\/como-me-hice-feminista-una-genealogia_1.html\" target=\"_blank\" rel=\"noopener noreferrer\">log \u201c<em><strong>Lluna llectora<\/strong><\/em>\u201d del Institutu.<\/a><\/h4>\n<h2><span style=\"font-size: 14pt\"><strong><em><u>\u201cPavor\u201d<\/u><\/em><\/strong><\/span><\/h2>\n<h3 align=\"left\"><span style=\"font-size: 14pt\"><strong> <em>Nun soi quien a escribite un poema,<br \/>\nma.<\/em><\/strong><\/span><\/h3>\n<h3 align=\"left\"><span style=\"font-size: 14pt\"><strong><em>Llevo tiempu intent\u00e1ndolo<br \/>\ny nun lo consigo,<br \/>\ncon toles bobaes pa les que tengo<br \/>\nunos versos ad hoc\u2026<\/em><\/strong><\/span><\/h3>\n<h3 align=\"left\"><span style=\"font-size: 14pt\"><strong><em>Nun soi quien a escribite un poema,<br \/>\nma.<\/em><\/strong><\/span><\/h3>\n<h3 align=\"left\"><span style=\"font-size: 14pt\"><strong><em>Si\u00e9ntome mal por ello,<br \/>\npero nun s\u00e9 dicite de forma<br \/>\norixinal, hiperb\u00f3lica,<br \/>\nsuperlativa y ll\u00edrica:<br \/>\nGracies.<\/em><\/strong><\/span><\/h3>\n<h3 align=\"left\"><span style=\"font-size: 14pt\"><strong><em>Qui\u00e9rote.<\/em><\/strong><\/span><\/h3>\n<h3 align=\"left\"><span style=\"font-size: 14pt\"><strong><em>Siento pavor a esconsonar un d\u00eda<br \/>\ny que nun teas.<\/em><\/strong><\/span><\/h3>\n<\/div>\n<hr \/>\n<\/div>\n<div id=\"post-172\" class=\"post\">\n<h2><a title=\"Leer 4 - 05-08\" href=\"http:\/\/blog.educastur.es\/ixuxullingua\/tarea\/4-cuartu\/4-05-08\/\" rel=\"bookmark\">4 &#8211; 05-08<\/a><span style=\"color: #800080\"><strong><em> TAREA\u00a0 DEL\u00a0 8\u00a0 DE\u00a0 MAYU<\/em><\/strong><\/span><\/h2>\n<div class=\"entry\">\n<p><span style=\"color: #800080\"><strong><em><a href=\"https:\/\/drive.google.com\/file\/d\/1QbdQhqeYhT6nmXHhrd2NYO9kBoU2BFVT\/view?usp=sharing\" target=\"_blank\" rel=\"noopener noreferrer\"><span style=\"font-size: 14pt\">CONSULTAR HOJA\u00a0 WEB COLE<\/span><\/a><\/em><\/strong><\/span><\/p>\n<div class=\"entry\">\n<p><span style=\"font-size: 14pt\"><u><em><strong>Asociaci\u00f3n Escontra\u00b4l\u00a0 Raiga\u00f1u.<br \/>\n<\/strong><\/em><\/u><\/span><\/p>\n<ul>\n<li><span style=\"font-size: 14pt\"><a href=\"https:\/\/www.youtube.com\/watch?v=REnVBZ-kXUo\" target=\"_blank\" rel=\"noopener noreferrer\"><u><em><strong>Ver v\u00eddeu bailando l\u00b4Alredore<\/strong><\/em><\/u><\/a><\/span><\/li>\n<li><span style=\"font-size: 14pt\"><a href=\"https:\/\/www.youtube.com\/watch?v=W5iXabqk2-M\" target=\"_blank\" rel=\"noopener noreferrer\"><u><em><strong>Ver v\u00eddeu na Seronda d\u00b4Aviles.<\/strong><\/em><\/u><\/a><\/span><\/li>\n<\/ul>\n<p><span style=\"font-size: 14pt\"><img loading=\"lazy\" decoding=\"async\" src=\"https:\/\/imgbox.es\/images\/2020\/03\/23\/separadora4a37c028d732afc.jpg\" width=\"322\" height=\"26\" \/><\/span><\/p>\n<p><span style=\"font-size: 14pt\"><strong>La forma de vistir de la xente foi cambiando colos a\u00f1os. <\/strong>Lo que conocemos como <strong><em>\u201cTraxe\u00a0 tradicional\u201d <\/em><\/strong>ye\u00b4l conxuntu de ropa que ten\u00eden los antepasaos de nueso nos sieglos XVIII y XIX.<\/span><\/p>\n<p><span style=\"font-size: 14pt\">N\u00b4acabando esa d\u00f3mina (\u00e9poca) por la industrializaci\u00f3n <strong>la moda igual\u00f3se en tol mundu y xeneraliz\u00e1ronse les formes de vistimenta. <\/strong>Los materiales m\u00e1s us\u00e1os yeren el llinu (lino) y la llana (lana), que se produc\u00eden nel propiu llar, onde tami\u00e9n se trabayaba pa iguar (hacer \/ coser) la ropa. Los colores consigu\u00edense cociendo y xuntando colores.<\/span><\/p>\n<p><span style=\"font-size: 14pt\"><strong><em>TAREA 1)<\/em><\/strong> Hai que completar esti testu con nomes qu\u00b4aparecen nes im\u00e1xines.\u00a0 F\u00edxate bien y completa la frase\u2026<\/span><\/p>\n<ul>\n<li><span style=\"font-size: 14pt\"><a href=\"https:\/\/drive.google.com\/file\/d\/1WtuMUfc8wjSmhEieMjJzxHsbtRXmN_ze\/view?usp=sharing\" target=\"_blank\" rel=\"noopener noreferrer\"><strong><em>Traxe muyer <\/em><\/strong>(calca pa ver ampli\u00e1u) <\/a><\/span><\/li>\n<li><span style=\"font-size: 14pt\"><a href=\"https:\/\/drive.google.com\/file\/d\/1WtuMUfc8wjSmhEieMjJzxHsbtRXmN_ze\/view?usp=sharing\" target=\"_blank\" rel=\"noopener noreferrer\"><img loading=\"lazy\" decoding=\"async\" class=\"\" src=\"https:\/\/imgbox.es\/images\/2020\/04\/17\/Muyer5c83eda1f3eccc1d.jpg\" width=\"482\" height=\"675\" \/><\/a><\/span><\/li>\n<li><span style=\"font-size: 14pt\"><img loading=\"lazy\" decoding=\"async\" src=\"https:\/\/imgbox.es\/images\/2020\/03\/23\/separadora4a37c028d732afc.jpg\" width=\"322\" height=\"26\" \/><\/span><\/li>\n<li><span style=\"font-size: 14pt\"><a href=\"https:\/\/drive.google.com\/file\/d\/1JUM-hdC27drfw_rWBjXlk9SZUwbqkSsP\/view?usp=sharing\" target=\"_blank\" rel=\"noopener noreferrer\"><strong><em>Traxe home <\/em><\/strong>(calca pa ver ampli\u00e1u) <\/a><\/span><\/li>\n<li><span style=\"font-size: 14pt\"><a href=\"https:\/\/imgbox.es\/images\/2020\/04\/17\/Homec2e85c10b5b69fc0.jpg\" target=\"_blank\" rel=\"noopener noreferrer\"><img loading=\"lazy\" decoding=\"async\" class=\"\" src=\"https:\/\/imgbox.es\/images\/2020\/04\/17\/Homec2e85c10b5b69fc0.jpg\" width=\"481\" height=\"674\" \/> <\/a><\/span><\/li>\n<\/ul>\n<p><span style=\"font-size: 14pt\"><img loading=\"lazy\" decoding=\"async\" src=\"https:\/\/imgbox.es\/images\/2020\/03\/23\/separadora4a37c028d732afc.jpg\" width=\"322\" height=\"26\" \/><\/span><\/p>\n<ul>\n<li><span style=\"font-size: 14pt\"><a href=\"https:\/\/drive.google.com\/file\/d\/1toLjeyBDpEpKYhn4hbUQFntNlwlOD1ND\/view?usp=sharing\" target=\"_blank\" rel=\"noopener noreferrer\"><strong><em>Testu pa completar<\/em><\/strong> (10 pallabres)\u00a0<\/a><\/span><\/li>\n<li><span style=\"font-size: 14pt\"><u><strong><em>C\u00f3piales nuna fueya y ya espublizo yo equ\u00ed el vienres 15 les respuestes.. A ver si acertaste dalguna de les 10.<\/em><\/strong> <img decoding=\"async\" class=\"wp-smiley\" src=\"http:\/\/blog.educastur.es\/ixuxullingua\/wp-includes\/images\/smilies\/icon_wink.gif\" alt=\";-)\" \/><br \/>\nNun hai qu\u00b4imprimilo too !! <strong><em>Copia nuna fueya los 10 nomes!<br \/>\n<\/em><\/strong><br \/>\n<\/u><\/span><\/li>\n<li><span style=\"font-size: 14pt\"><u><em><strong>TAREA 2)<\/strong><\/em>\u00a0<\/u><\/span><\/li>\n<li><span style=\"font-size: 14pt\"><u><a href=\"https:\/\/drive.google.com\/file\/d\/1Tn02vfZhbRz2etaVjsgH0Q55AJcBiHz_\/view?usp=sharing\" target=\"_blank\" rel=\"noopener noreferrer\">Abri esti enllaz y<strong><em> ll\u00e9e el documentu:<\/em><\/strong><\/a><\/u><\/span><\/li>\n<\/ul>\n<ul>\n<li><span style=\"font-size: 14pt\"><a href=\"https:\/\/docs.google.com\/document\/d\/1tPCKj6QI4BLFQ6nsm5Nj9nklR4R3SzMRjw497XDFxdE\/edit?usp=sharing\" target=\"_blank\" rel=\"noopener noreferrer\"><u><em><strong>Entrugues<\/strong> (Word)<\/em><\/u><\/a><\/span><\/li>\n<li><span style=\"font-size: 14pt\"><u><em><a href=\"https:\/\/drive.google.com\/file\/d\/1ri0NnCBh0amXb2e0cFuUDtksX8Slbayh\/view?usp=sharing\" target=\"_blank\" rel=\"noopener noreferrer\">Entrugues (PDF)<\/a><\/em><\/u><\/span><\/li>\n<\/ul>\n<p><span style=\"font-size: 14pt\"><a href=\"https:\/\/drive.google.com\/file\/d\/1Tn02vfZhbRz2etaVjsgH0Q55AJcBiHz_\/view?usp=sharing\" target=\"_blank\" rel=\"noopener noreferrer\"><em><strong>Descarga les entrugues <\/strong>o <strong>copia \u201cles respuestes\u201d <\/strong>nuna fueya. a) Si lo faes a ordenador pues pegar les semeyes al final.<br \/>\nb) Si lo faes nuna fueya, guarda les semeyes como .jpg<\/em><\/a><\/span><\/p>\n<p><span style=\"font-size: 14pt\"><strong><em>TAREA 3: Voluntaria <\/em><\/strong>Si tienes por casa daqu\u00e9 <strong><em>semeya de traxes asturianos<\/em><\/strong> y pues facer una semeya y unvi\u00e1mela, agradecer\u00edalo abondo. Ser\u00eden para ense\u00f1ales en clas a los escolinos y escolines de Llingua.<\/span><\/p>\n<\/div>\n<hr \/>\n<p><span style=\"font-size: 14pt\"><a href=\"https:\/\/drive.google.com\/file\/d\/1bslyDaYBrHgsAMaiN1iBdhBouj3lXnrD\/view?usp=sharing\" target=\"_blank\" rel=\"noopener noreferrer\">Solucionariu de <strong><em>\u201cTraxe asturianu de Muyer y Home<\/em><\/strong><\/a><\/span><\/p>\n<hr \/>\n<\/div>\n<\/div>\n<h2><a title=\"Leer 6 - 05-15\" href=\"http:\/\/blog.educastur.es\/ixuxullingua\/tarea\/6-sestu\/6-05-15\/\" rel=\"bookmark\">6 &#8211; 05-15<\/a><span style=\"color: #993300\"><strong><em>\u00a0 TAREA del 15 de mayu\u00a0 <\/em><\/strong><\/span><\/h2>\n<div class=\"entry\">\n<p><span style=\"font-size: 14pt\">Esta selmana vamos ver<strong><em> \u201cEl cuartu\u201d <\/em><\/strong>, una parte fundamental de la casa onde vivimos\u2026 Esta tarea ye importante facela perbien y unviala por corr\u00e9u electr\u00f3nicu, ensin falta\u2026<\/span><\/p>\n<ul>\n<li><span style=\"font-size: 14pt\"><a href=\"https:\/\/drive.google.com\/file\/d\/1YkRjPLjNUfNvtUIL1ncIld5Umf9zdzo1\/view?usp=sharing\" target=\"_blank\" rel=\"noopener noreferrer\">Calca pa repasar <strong><em>\u201cVocabulariu de la casa\u201d <\/em><\/strong><\/a><\/span><\/li>\n<li><span style=\"font-size: 14pt\"><u><em>TAREA 1<\/em><\/u><strong><em>: Dibuxar el to cuartu, tipu esquema.<\/em><\/strong> <u><em>Failo nuna fueya en apaisao, horizontal. Por exemplu, asina\u2026 T\u00edtulu: <strong>\u201cEl cuartu de\u2026<\/strong> equ\u00ed el to nome<strong>\u201c<\/strong>.)<\/em><\/u><\/span><\/li>\n<\/ul>\n<p><img loading=\"lazy\" decoding=\"async\" class=\"\" src=\"https:\/\/hips.hearstapps.com\/es.h-cdn.co\/mcres\/images\/mi-casa\/dormitorios-infantiles\/dormitorios-compartidos\/una-habitacion-con-literas-plano\/125904-1-esl-ES\/una-habitacion-con-literas-plano.jpg?resize=480:*\" width=\"371\" height=\"346\" \/><a href=\"https:\/\/i.pinimg.com\/originals\/e6\/e5\/df\/e6e5df38b45b77b8a932a6027ae6222a.jpg\" target=\"_blank\" rel=\"noopener noreferrer\"><img loading=\"lazy\" decoding=\"async\" class=\"\" src=\"https:\/\/i.pinimg.com\/originals\/e6\/e5\/df\/e6e5df38b45b77b8a932a6027ae6222a.jpg\" width=\"297\" height=\"372\" \/><\/a><\/p>\n<ul>\n<li><span style=\"font-size: 14pt\"><a href=\"https:\/\/drive.google.com\/file\/d\/17yYjppsDm2yZvniB-8jH5ONBxSDp99Ju\/view?usp=sharing\" target=\"_blank\" rel=\"noopener noreferrer\"><em><strong>Cuartu <\/strong><\/em><\/a><\/span><\/li>\n<li><span style=\"font-size: 14pt\"><em><strong><a href=\"https:\/\/i.pinimg.com\/originals\/38\/33\/bb\/3833bbcd4998029d855c07ca95b8e182.gif\" target=\"_blank\" rel=\"noopener noreferrer\">Si nun sabes qu\u00e9 ye un cuartu, calca y mira<br \/>\n<\/a><\/strong><a href=\"https:\/\/i.pinimg.com\/originals\/38\/33\/bb\/3833bbcd4998029d855c07ca95b8e182.gif\" target=\"_blank\" rel=\"noopener noreferrer\">Esti ye un cuartu mui famosu<\/a><\/em><em><a href=\"https:\/\/i.pinimg.com\/originals\/38\/33\/bb\/3833bbcd4998029d855c07ca95b8e182.gif\" target=\"_blank\" rel=\"noopener noreferrer\"> d\u00b4un artista mui famosu. \u00bfSabes el so nome? De xuru que s\u00ed.<\/a><\/em><\/span><\/li>\n<\/ul>\n<ul>\n<li><span style=\"font-size: 14pt\"><em><strong><u>TAREA 2:<\/u>\u00a0 Dibuxar el cuartu que describen<a href=\"https:\/\/drive.google.com\/file\/d\/1PgTHwEGeVFl5kaatj19-QQSruGaqfUJ6\/view?usp=sharing\" target=\"_blank\" rel=\"noopener noreferrer\"> equ\u00ed, a continuaci\u00f3n\u2026<br \/>\n<\/a> <\/strong><\/em><\/span><\/li>\n<li><span style=\"font-size: 14pt\"><em><a href=\"https:\/\/drive.google.com\/file\/d\/1PgTHwEGeVFl5kaatj19-QQSruGaqfUJ6\/view?usp=sharing\" target=\"_blank\" rel=\"noopener noreferrer\"><strong>Lee esta descripci\u00f3n d\u00b4un cuartu <\/strong>(calca equ\u00ed).<\/a><\/em><\/span><\/li>\n<li><span style=\"font-size: 14pt\"><em><strong>Dibuxa el cuartu que describe\u00b4l testu<\/strong> nuna fueya.<\/em><\/span><\/li>\n<li><span style=\"font-size: 14pt\"><em><strong>Failo bien<\/strong>, <u>dibuxa col llapiceru y collorea con colores<\/u>, como indica\u2026 <u>Pon el to nome nuna esquina, a ll\u00e1piz.<\/u><\/em><\/span><\/li>\n<\/ul>\n<ul>\n<li><span style=\"font-size: 14pt\"><a href=\"https:\/\/drive.google.com\/file\/d\/1lEQ5Fv07rYWr1u1wdVNi517blVmZLhOu\/view?usp=sharing\" target=\"_blank\" rel=\"noopener noreferrer\"><u>Cuando facemos una descripci\u00f3n siguimos un orden. <\/u><\/a><\/span><\/li>\n<li>\n<p align=\"left\"><span style=\"font-size: 14pt\">Por exemplu, dende lo m\u00e1s grande a lo m\u00e1s piqui\u00f1ino.<\/span><\/p>\n<\/li>\n<li><a href=\"https:\/\/drive.google.com\/file\/d\/1lEQ5Fv07rYWr1u1wdVNi517blVmZLhOu\/view?usp=sharing\" target=\"_blank\" rel=\"noopener noreferrer\"><img loading=\"lazy\" decoding=\"async\" class=\"\" src=\"https:\/\/imgbox.es\/images\/2020\/05\/16\/cuartudaaafe9a2b5422c4.jpg\" width=\"526\" height=\"373\" \/><\/a><\/li>\n<\/ul>\n<ul>\n<li><span style=\"color: #993300;font-size: 14pt\"><em><strong><u>TAREA 3:<\/u>\u00a0 Exerciciu d\u00b4Espresi\u00f3n Escrita.<\/strong><\/em><\/span><\/li>\n<li><span style=\"color: #993300;font-size: 14pt\"><em><a href=\"https:\/\/drive.google.com\/file\/d\/1PgTHwEGeVFl5kaatj19-QQSruGaqfUJ6\/view?usp=sharing\" target=\"_blank\" rel=\"noopener noreferrer\"><strong>Lee esta descripci\u00f3n d\u00b4un cuartu <\/strong>(calca equ\u00ed)<\/a> y f\u00edxate bien porque tienes que facer la descripci\u00f3n del tuyu.<\/em><\/span><\/li>\n<li><span style=\"color: #993300;font-size: 14pt\"><em><a href=\"https:\/\/drive.google.com\/file\/d\/1SK82CqvOn-x0Vnz8oug7hv2Q4ksJqvTJ\/view?usp=sharing\" target=\"_blank\" rel=\"noopener noreferrer\"><strong>Ver la hoja en pdf <\/strong>pa descargar y escribir nella. <\/a><br \/>\n<\/em><\/span><\/li>\n<li><span style=\"color: #993300;font-size: 14pt\"><em>Con la tarea tienes que<strong> unviar tami\u00e9n una semeya <\/strong>del to cuartu pa ver que ficiste bien la descripci\u00f3n.<\/em><\/span><\/li>\n<\/ul>\n<hr \/>\n<\/div>\n<h2><a title=\"Leer 6 - 05-22\" href=\"http:\/\/blog.educastur.es\/ixuxullingua\/tarea\/6-sestu\/6-05-22\/\" rel=\"bookmark\">6 &#8211; 05-22<\/a><\/h2>\n<div class=\"entry\">\n<ul>\n<li><span style=\"font-size: 14pt\"><a href=\"https:\/\/educastur-my.sharepoint.com\/:b:\/g\/personal\/isabellh_educastur_org\/EeDOSsWUPsRIskxFGXgTmTgBwGJK8T1eKV8zF3sVt-EEZg?e=Hwd5sR\" target=\"_blank\" rel=\"noopener noreferrer\"><em>INFORMACI\u00d3N<strong> TAREA 25-29 MAYU 2020<br \/>\n<\/strong><\/em><\/a><\/span><span style=\"color: #ffffff;font-size: 14pt\"><em><strong>\u2026\u2026\u2026\u2026\u2026\u2026\u2026\u2026\u2026\u2026\u2026\u2026\u2026\u2026\u2026\u2026\u2026\u2026\u2026\u2026\u2026\u2026<\/strong><\/em><\/span><\/li>\n<li><span style=\"color: #000080;font-size: 14pt\"><strong><em>TAREA: Terminar la tarea de la selmana pasada. <\/em><\/strong><\/span><span style=\"color: #000080;font-size: 14pt\"><em>Ye importante facela perbien, con dedicaci\u00f3n y esfuerzu.<\/em><\/span><\/li>\n<\/ul>\n<hr \/>\n<\/div>\n<div id=\"post-217\" class=\"post\">\n<h2><a title=\"Leer 6 - 05-29\" href=\"http:\/\/blog.educastur.es\/ixuxullingua\/tarea\/6-sestu\/6-05-29\/\" rel=\"bookmark\">6 &#8211; 05-29<\/a><\/h2>\n<div class=\"entry\">\n<ul>\n<li><span style=\"font-size: 14pt\">Info <a href=\"https:\/\/educastur-my.sharepoint.com\/:b:\/g\/personal\/isabellh_educastur_org\/ETSApESvdO1GjKMFj3kKxYkB6wu8CASZxBPWdOjAa3ye0w?e=9RD9aM\" target=\"_blank\" rel=\"noopener noreferrer\"><strong><em>Tarea del 29 mayu <\/em><\/strong>(1-5 xunu)<\/a><\/span><\/li>\n<li><span style=\"font-size: 14pt\">Art\u00edculu:<a href=\"https:\/\/educastur-my.sharepoint.com\/:b:\/g\/personal\/isabellh_educastur_org\/EXoW8L8OH2lAhF7vTgkvWLIB-AfFu4TUmlvH-fGtosoasQ?e=uTZr1h\" target=\"_blank\" rel=\"noopener noreferrer\"><strong><em> \u201cLa fiesta de La Balesquida\u201d<\/em><\/strong><\/a><\/span><\/li>\n<li><span style=\"font-size: 14pt\">Art\u00edculu nel blogue <a href=\"http:\/\/blog.educastur.es\/ixuxullingua\/2020\/05\/28\/fiesta-%e2%80%9cmartes-de-campu%e2%80%9d-n%c2%b4uvieu\/\" target=\"_blank\" rel=\"noopener noreferrer\">\u201c<strong><em>Martes de campu n\u00b4Uvi\u00e9u\u201d<\/em><\/strong> con enlaces y videu.<\/a><\/span><\/li>\n<li><span style=\"font-size: 14pt\">Ver Receta Youtube <a href=\"https:\/\/www.youtube.com\/watch?v=JJ8k_NdpkbU&amp;feature=youtu.be\" target=\"_blank\" rel=\"noopener noreferrer\"><strong><em>\u201cBollos pre\u00f1\u00e1os\u201d <\/em><\/strong><\/a>n\u00b4asturianu<\/span><\/li>\n<li><span style=\"font-size: 14pt\"><a href=\"https:\/\/www.youtube.com\/watch?v=JJ8k_NdpkbU&amp;feature=youtu.be\" target=\"_blank\" rel=\"noopener noreferrer\"><strong><em>Bollos pre\u00f1aos (Raquel Cami\u00f1a) <\/em><\/strong><\/a><\/span><\/li>\n<\/ul>\n<p><span style=\"font-size: 14pt\"><em>\n<!-- iframe plugin v.6.0 wordpress.org\/plugins\/iframe\/ -->\n<iframe loading=\"lazy\" width=\"588\" height=\"331\" src=\"https:\/\/www.youtube.com\/embed\/JJ8k_NdpkbU\" scrolling=\"yes\" class=\"iframe-class\" frameborder=\"0\"><\/iframe>\n<\/em><\/span><\/p>\n<p>&nbsp;<\/p>\n<ul>\n<li><span style=\"font-size: 14pt\">Lectura art\u00edculu: <\/span><a href=\"http:\/\/blog.educastur.es\/ixuxullingua\/2020\/05\/19\/asturies-fuiste-un-exemplu-dafechu\/\" target=\"_blank\" rel=\"noopener noreferrer\"><u><em><span style=\"font-size: 14pt\">\u201cAsturies, fuiste un exemplu dafechu\u201d<\/span><br \/>\n<\/em><\/u><\/a><\/li>\n<\/ul>\n<p><a href=\"http:\/\/blog.educastur.es\/ixuxullingua\/noticies\/covid-info-asturies\/\" target=\"_blank\" rel=\"noopener noreferrer\"><img loading=\"lazy\" decoding=\"async\" class=\"\" src=\"https:\/\/elmiradoriu.files.wordpress.com\/2020\/05\/img-20200516-wa0002.jpg\" width=\"398\" height=\"563\" border=\"1\" \/><\/a><\/p>\n<ul>\n<li>\u00a0<a href=\"http:\/\/blog.educastur.es\/ixuxullingua\/noticies\/covid-info-asturies\/\" target=\"_blank\" rel=\"noopener noreferrer\">Ver videos enllaz\u00e1os nesta p\u00e1xina<\/a><\/li>\n<li>Art\u00edculu: <a href=\"http:\/\/blog.educastur.es\/ixuxullingua\/2020\/05\/28\/dia-internacional-del-xuegu\/\" target=\"_blank\" rel=\"noopener noreferrer\"><strong><em>\u201cD\u00eda Internacional del Xuegu\u201d<\/em><\/strong> (28 mayu)<\/a><\/li>\n<li><u><strong>NUN HAI TAREA PARA UNVIAR A ISA<\/strong><\/u><\/li>\n<\/ul>\n<\/div>\n<\/div>\n<div class=\"entry\">\n<hr \/>\n<ul>\n<li><span style=\"color: #800000;font-size: 14pt\"><span style=\"color: #800000;font-size: 14pt\"><strong><em>Bonos deseos para los alumnos de sestu<\/em><\/strong><\/span><\/span><\/li>\n<li><span style=\"color: #800000\"><span style=\"color: #800000\"><strong><em><img loading=\"lazy\" decoding=\"async\" class=\"\" src=\"https:\/\/imgbox.es\/images\/2020\/06\/19\/SUERTEEEc260924718fec01f.jpg\" width=\"462\" height=\"328\" border=\"1\" \/><\/em><\/strong><\/span><\/span><\/li>\n<li><a href=\"https:\/\/educastur-my.sharepoint.com\/personal\/isabellh_educastur_org\/_layouts\/15\/onedrive.aspx?originalPath=aHR0cHM6Ly9lZHVjYXN0dXItbXkuc2hhcmVwb2ludC5jb20vOmY6L2cvcGVyc29uYWwvaXNhYmVsbGhfZWR1Y2FzdHVyX29yZy9FcmZWSWk5c2NtWkprUi05Y0EwU1ZRTUJ1QjkzM21kU0xpMjRDenpwQWFzYUl3P3J0aW1lPWRtSWVDYnNWMkVn&amp;id=%2Fpersonal%2Fisabellh%5Feducastur%5Forg%2FDocuments%2F19%5F20%2FCierre%20curso%206%C2%BA%20SUERTE%2FMUCHA%20SUERTE%206%C2%BA%2E%2E%2E%2Epdf&amp;parent=%2Fpersonal%2Fisabellh%5Feducastur%5Forg%2FDocuments%2F19%5F20%2FCierre%20curso%206%C2%BA%20SUERTE\" target=\"_blank\" rel=\"noopener noreferrer\"><span style=\"color: #800000\"><em>V<span style=\"font-size: 14pt\">er<\/span><\/em><span style=\"font-size: 14pt\"><strong><em> Mensaxe d\u00b4Isa<\/em><\/strong><\/span><\/span><\/a><\/li>\n<li><span style=\"font-size: 14pt\"><a href=\"https:\/\/educastur-my.sharepoint.com\/personal\/isabellh_educastur_org\/_layouts\/15\/onedrive.aspx?originalPath=aHR0cHM6Ly9lZHVjYXN0dXItbXkuc2hhcmVwb2ludC5jb20vOmY6L2cvcGVyc29uYWwvaXNhYmVsbGhfZWR1Y2FzdHVyX29yZy9FcmZWSWk5c2NtWkprUi05Y0EwU1ZRTUJ1QjkzM21kU0xpMjRDenpwQWFzYUl3P3J0aW1lPWRtSWVDYnNWMkVn&amp;id=%2Fpersonal%2Fisabellh%5Feducastur%5Forg%2FDocuments%2F19%5F20%2FCierre%20curso%206%C2%BA%20SUERTE%2FMucha%20SUERTE%2Emp4&amp;parent=%2Fpersonal%2Fisabellh%5Feducastur%5Forg%2FDocuments%2F19%5F20%2FCierre%20curso%206%C2%BA%20SUERTE\" target=\"_blank\" rel=\"noopener noreferrer\"><span style=\"color: #800000\"><em>Ver <\/em><strong><em>Videu d\u00b4Isa<\/em><\/strong><\/span><\/a><\/span><\/li>\n<li><span style=\"color: #800000\"><span style=\"font-size: 14pt\"><a href=\"https:\/\/educastur-my.sharepoint.com\/:v:\/g\/personal\/corredoria3_educastur_org\/EfU9AvAKxLtHkdlaHVD4OyMBYal7_qzMm89dTKwAQBO-hw?e=0yDuDn\" target=\"_blank\" rel=\"noopener noreferrer\"><em>Ver<\/em><\/a><\/span><strong><em><a href=\"https:\/\/educastur-my.sharepoint.com\/:v:\/g\/personal\/corredoria3_educastur_org\/EfU9AvAKxLtHkdlaHVD4OyMBYal7_qzMm89dTKwAQBO-hw?e=0yDuDn\" target=\"_blank\" rel=\"noopener noreferrer\"><span style=\"font-size: 14pt\"> Videu de recuerdu del colexu<\/span><\/a><\/em><\/strong><\/span><\/li>\n<\/ul>\n<\/div>\n<div class=\"entry\">\n<h2><a href=\"https:\/\/educastur-my.sharepoint.com\/:b:\/g\/personal\/isabellh_educastur_org\/Ef5Yz1dO0L9MvRywucs8hlUB1d1qHCHvmBLfg2KcV52kgA?e=DEqKHf\" target=\"_blank\" rel=\"noopener noreferrer\"><strong><em>NOTA<\/em><em>: <\/em><em>Munches gracies y bon branu!! <\/em><\/strong><\/a><\/h2>\n<p><img loading=\"lazy\" decoding=\"async\" class=\"\" src=\"https:\/\/imgbox.es\/images\/2020\/06\/21\/BRANUuuuufb93b3708a9dc07e.jpg\" width=\"501\" height=\"326\" \/><\/p>\n<p><img loading=\"lazy\" decoding=\"async\" class=\"\" src=\"https:\/\/imgbox.es\/images\/2020\/05\/24\/ec93bd5c-7707-49a1-be27-d69f7d4e93e42d468e178bb4ba2e.png\" width=\"519\" height=\"80\" \/><\/p>\n<\/div>\n<p>&nbsp;<\/p>\n","protected":false},"excerpt":{"rendered":"<p>;\u00a0\u00a0 \u00a0\u00a0 \u00a0\u00a0 \u00a0 \u00a0 \u00a0\u00a0 \u00a0 \u00a0 \u00a0 \u00a0 \u00a0 \u00a0\u00a0 \u00a0\u00a0 \u00a0 \u00a0\u00a0 No est\u00e1n enlazadas en las carpetas. Las TAREAS estan todas copiadas aqu\u00ed debajo, separadas por una l\u00ednea entre fecha y fecha\u2026 6 &#8211; 03-13\u00a0 TAREA del\u00a0 13 al 27 de marzu Clica nesti enllace de la web del cole\u2026 Con [&hellip;]<\/p>\n","protected":false},"author":117,"featured_media":0,"parent":23,"menu_order":0,"comment_status":"closed","ping_status":"closed","template":"","meta":{"footnotes":""},"class_list":["post-118","page","type-page","status-publish","hentry","post-preview"],"_links":{"self":[{"href":"https:\/\/edublog.educastur.es\/ixuxullingua\/wp-json\/wp\/v2\/pages\/118","targetHints":{"allow":["GET"]}}],"collection":[{"href":"https:\/\/edublog.educastur.es\/ixuxullingua\/wp-json\/wp\/v2\/pages"}],"about":[{"href":"https:\/\/edublog.educastur.es\/ixuxullingua\/wp-json\/wp\/v2\/types\/page"}],"author":[{"embeddable":true,"href":"https:\/\/edublog.educastur.es\/ixuxullingua\/wp-json\/wp\/v2\/users\/117"}],"replies":[{"embeddable":true,"href":"https:\/\/edublog.educastur.es\/ixuxullingua\/wp-json\/wp\/v2\/comments?post=118"}],"version-history":[{"count":9,"href":"https:\/\/edublog.educastur.es\/ixuxullingua\/wp-json\/wp\/v2\/pages\/118\/revisions"}],"predecessor-version":[{"id":975,"href":"https:\/\/edublog.educastur.es\/ixuxullingua\/wp-json\/wp\/v2\/pages\/118\/revisions\/975"}],"up":[{"embeddable":true,"href":"https:\/\/edublog.educastur.es\/ixuxullingua\/wp-json\/wp\/v2\/pages\/23"}],"wp:attachment":[{"href":"https:\/\/edublog.educastur.es\/ixuxullingua\/wp-json\/wp\/v2\/media?parent=118"}],"curies":[{"name":"wp","href":"https:\/\/api.w.org\/{rel}","templated":true}]}}