{"id":1185,"date":"2020-11-09T20:32:12","date_gmt":"2020-11-09T18:32:12","guid":{"rendered":"https:\/\/edublog.educastur.es\/ixuxullingua\/?page_id=1185"},"modified":"2020-11-09T20:32:12","modified_gmt":"2020-11-09T18:32:12","slug":"sesion-04","status":"publish","type":"page","link":"https:\/\/edublog.educastur.es\/ixuxullingua\/6-sestu\/sestu-20-21\/02-primer-trimestre\/sesion-04\/","title":{"rendered":"Sesi\u00f3n 04"},"content":{"rendered":"<p><em><strong><a href=\"https:\/\/www.youtube.com\/watch?v=9-POvA_RubU\">Medios de comunicaci\u00f3n<\/a> en Asturias<\/strong><\/em><\/p>\n<p><a href=\"https:\/\/promocionmusical.es\/wp-content\/uploads\/2015\/06\/media.jpg\"><img loading=\"lazy\" decoding=\"async\" class=\"alignnone size-full\" src=\"https:\/\/promocionmusical.es\/wp-content\/uploads\/2015\/06\/media.jpg\" width=\"373\" height=\"280\" \/><\/a><\/p>\n<p><em><strong>Comunicar, infomar, educar, transmitir, entretener, formar, opinar&#8230; <a href=\"https:\/\/es.calameo.com\/read\/005673661ce7ccb872ee9\">Tipos y funci\u00f3n.<\/a><\/strong><\/em><em>En la actualidad, <strong>los medios de comunicaci\u00f3n han avanzado y siguen avanzando continuamente.<\/strong> Los peri\u00f3dicos a d\u00eda de hoy son en su mayor\u00eda digitales. Aparecen cambios inform\u00e1ticos, uso de ordenadores y portatiles, m\u00f3viles, televisiones de plasma, etc. <\/em><em><strong>Desde los comienzos de internet, el uso de los chats, emails, m\u00f3viles, mp4, son un recurso que utilizamos d\u00eda y a d\u00eda y que sigue avanzando continuamente siendo un medio de comunicaci\u00f3n que nos facilita en cualquier momento tener informaci\u00f3n minuto a minuto e incluso comunicarnos.<\/strong> Otro factor que cabe destacar de la era tecnologica es la aparicion de las <strong>redes sociales<\/strong> como \u00bb Facebook\u00bb \u00bb Instagram\u00bb \u00bb Whatsapp\u00bb que nos facilitan comunicarnos y ver en tiempo real noticias, estados, etc. <a href=\"https:\/\/image.slidesharecdn.com\/tiposdemediosdecomunicacionmariacardenas-160615160146\/95\/tipos-de-medios-de-comunicacion-3-638.jpg?cb=1466006546\"><strong>Medios masivos: prensa, radio y TV. (ver)<\/strong><\/a><br \/>\n<\/em><\/p>\n<p><a href=\"https:\/\/ipmark.com\/wp-content\/uploads\/2020\/04\/5e98752d8b23a_medios-de-comunicacin-aimc.jpg\"><img loading=\"lazy\" decoding=\"async\" class=\"alignnone size-full\" src=\"https:\/\/ipmark.com\/wp-content\/uploads\/2020\/04\/5e98752d8b23a_medios-de-comunicacin-aimc.jpg\" width=\"690\" height=\"491\" \/><\/a><\/p>\n<p><a href=\"https:\/\/ipmark.com\/wp-content\/uploads\/2020\/04\/medios-digitales-y-navegaci%C3%B3n-AIMC.jpg\"><img loading=\"lazy\" decoding=\"async\" class=\"alignnone size-full\" src=\"https:\/\/ipmark.com\/wp-content\/uploads\/2020\/04\/medios-digitales-y-navegaci%C3%B3n-AIMC.jpg\" width=\"785\" height=\"274\" \/><\/a><\/p>\n<p>Hay que tener cuidado con las <a href=\"https:\/\/reputacion-online.org\/wp-content\/uploads\/2017\/02\/medio-comunicacion-online.jpg\">Fake news<\/a>: <em>Las noticias falsas, conocidas tambi\u00e9n con el anglicismo fake news, son un tipo de bulo que consiste en un contenido pseudoperiod\u00edstico difundido a trav\u00e9s de portales de noticias, prensa escrita, radio, televisi\u00f3n y redes sociales y cuyo objetivo es la desinformaci\u00f3n. <a href=\"https:\/\/www.eitb.eus\/es\/tag\/noticias-falsas\/\">Ver <strong>ejemplos<\/strong>.<\/a>&#8230;<\/em> <a href=\"https:\/\/cdn.statcdn.com\/Infographic\/images\/normal\/18386.jpeg\">Ver <strong>gr\u00e1fico<\/strong> (cuanto m\u00e1s mayor, m\u00e1s credulidad).<\/a>..Ver<a href=\"https:\/\/www.elperiodico.com\/es\/sociedad\/20171108\/la-mitad-de-noticias-que-circulen-en-el-2022-seran-falsas-6411174\"><strong> noticia<\/strong><\/a><\/p>\n<hr \/>\n<ul>\n<li><a href=\"https:\/\/educastur-my.sharepoint.com\/:b:\/g\/personal\/isabellh_educastur_org\/ETUShfpO2LtKqzz3eSWRMUoB-ch8GJmGV80mTBTms5efOQ?e=b0tdnC\"><strong><em>Actividad propuesta en el aula<\/em><\/strong><\/a><\/li>\n<li><strong><a href=\"https:\/\/educastur-my.sharepoint.com\/:b:\/g\/personal\/isabellh_educastur_org\/EYwSgqmz11lDpdcLRg1_lHEByqtt3jwwS24H_0mKPy5DIQ?e=5bFQ8p\"><em>Actividad aula n\u00b4asturianu<\/em><\/a><\/strong><\/li>\n<\/ul>\n<p><em><strong>\u00a0<\/strong>En Asturias los medios de comunicaci\u00f3n propios incluyen la televisi\u00f3n, la radio y la prensa (escrita y digital), tanto de informaci\u00f3n general como local o espec\u00edfica (cultural y deportiva). \u00a0<\/em><\/p>\n<p><em><strong>TELEVISI\u00d3N<\/strong>: Desde el a\u00f1o 2005, <strong>Asturias cuenta con una radio y una televisi\u00f3n p\u00fablica <\/strong>(<strong>RTPA: Radiotelevisi\u00f3n del Principado de Asturias<\/strong>). La <strong>RTPA <\/strong>est\u00e1 formada por la Televisi\u00f3n del Principado de Asturias (<strong>TPA<\/strong>), que cuenta con dos canales, y la Radio del Principado de Asturias (<strong>RPA<\/strong>). La RTPA aborda cuestiones relacionadas con la cultura de nuestra tierra: cultura, actualidad, m\u00fasica, tradiciones, deportes\u2026<\/em><\/p>\n<p><em><a href=\"https:\/\/clubcalidad.com\/wp-content\/uploads\/2018\/04\/2018_RTPA_IP.jpg\"><img loading=\"lazy\" decoding=\"async\" class=\"alignnone \" src=\"https:\/\/clubcalidad.com\/wp-content\/uploads\/2018\/04\/2018_RTPA_IP.jpg\" width=\"442\" height=\"141\" \/><\/a>\u00a0\u00a0 \u00a0 <\/em><\/p>\n<p>Toda la informaci\u00f3n de RTPA est\u00e1 accesible en su p\u00e1gina web, <a href=\"www.rtpa.es\">www.rtpa.es<\/a> Muchos asturianos que viven fuera de nuestras fronteras pueden estar informados de lo que ocurre en Asturias.<\/p>\n<p>Existen tambi\u00e9n <strong>televisiones comarcales y locales<\/strong> como, por ejemplo: <em>Teleasturias<\/em>; <em>Canal 10 Televisi\u00f3n<\/em>; <u>EsAsturias<\/u>; <em>Televisi\u00f3n local del Valle del Narcea<\/em>\u2026<\/p>\n<p><a href=\"https:\/\/encrypted-tbn0.gstatic.com\/images?q=tbn%3AANd9GcTxlolOki97TORkAqPKBEsz7nKILs9IcOtIcA&amp;usqp=CAU\"><img loading=\"lazy\" decoding=\"async\" class=\"alignnone \" src=\"https:\/\/encrypted-tbn0.gstatic.com\/images?q=tbn%3AANd9GcTxlolOki97TORkAqPKBEsz7nKILs9IcOtIcA&amp;usqp=CAU\" width=\"152\" height=\"152\" \/><\/a>\/\u00a0 <a href=\"https:\/\/live-tv-channels.org\/pt-data\/uploads\/logo\/es-teleasturias-1386.jpg\"><img loading=\"lazy\" decoding=\"async\" class=\"alignnone \" src=\"https:\/\/live-tv-channels.org\/pt-data\/uploads\/logo\/es-teleasturias-1386.jpg\" width=\"212\" height=\"159\" \/><\/a>\u00a0\u00a0\u00a0 \/ <a href=\"https:\/\/www.anuarioguia.com\/img\/empresa\/153709\/logotipo\/4301751.jpg\"><img loading=\"lazy\" decoding=\"async\" class=\"alignnone \" src=\"https:\/\/www.anuarioguia.com\/img\/empresa\/153709\/logotipo\/4301751.jpg\" width=\"214\" height=\"90\" \/><\/a><\/p>\n<p>Tambi\u00e9n existen otros tipos de comunicaci\u00f3n privados:<\/p>\n<p><img loading=\"lazy\" decoding=\"async\" class=\"aligncenter size-full wp-image-1819\" src=\"http:\/\/edublog.educastur.es\/corredoria3\/files\/2020\/10\/periodico.jpg\" alt=\"\" width=\"1336\" height=\"456\" \/><\/p>\n<p><em><strong>PRENSA ESCRITA y\/o DIGITAL<\/strong><\/em><\/p>\n<ul>\n<li>Destacan dos peri\u00f3dicos: <a href=\"https:\/\/www.lne.es\/\"><strong><em>La Nueva Espa\u00f1a<\/em><\/strong><\/a> (Oviedo) y <a href=\"https:\/\/www.elcomercio.es\/\"><strong><em>El Comercio<\/em><\/strong> <\/a>(Gij\u00f3n), as\u00ed como tambi\u00e9n podemos encontrar <a href=\"https:\/\/www.lavozdeasturias.es\/\"><strong><em>La Voz de Asturias<\/em><\/strong><\/a> (Avil\u00e9s), <a href=\"https:\/\/asturiasdiario.es\/\"><strong><em>Asturias Diario<\/em><\/strong><\/a> (Semanal). Existen otros de menor tirada que compiten con estos, que tienen periodicidad semanal y suelen ser de distribuci\u00f3n gratuita, como por ejemplo: <strong><em><a href=\"https:\/\/www.elfielato.es\/blog\/section\/el-nora\">El Nora<\/a>, <a href=\"https:\/\/www.elfielato.es\/\">El Fielato<\/a>, <a href=\"http:\/\/www.diariodeloriente.es\/\">El Oriente Asturiano<\/a>\u2026<\/em><\/strong> Estos peri\u00f3dicos cubren noticias relacionadas con \u00e1reas geogr\u00e1ficas m\u00e1s peque\u00f1as o concejos. Pueden contar tanto con ediciones en papel como a trav\u00e9s de sus p\u00e1ginas web.<\/li>\n<li>Hay lectores que prefieren la informaci\u00f3n en lengua asturiana y tiene a su disposici\u00f3n los diarios <a href=\"https:\/\/asturies.com\/\"><strong>Asturies.com<\/strong><\/a> y <a href=\"http:\/\/asturnews.com\/\"><strong>Asturnews<\/strong><\/a>, de tema cultural, s\u00f3lo en formato digital.<\/li>\n<li><\/li>\n<li><a href=\"https:\/\/asturies.com\/sites\/default\/files\/asturiescom.jpg\"><img loading=\"lazy\" decoding=\"async\" class=\"alignnone \" src=\"https:\/\/asturies.com\/sites\/default\/files\/asturiescom.jpg\" width=\"212\" height=\"124\" \/> <\/a><\/li>\n<li>En cuanto a <em><u>prensa general digital<\/u><\/em> tenemos: <a href=\"http:\/\/asturnews.com\/\"><strong>Asturnews<\/strong><\/a> y <a href=\"http:\/\/asturnews.com\/\"><strong>Asturies.com<\/strong><\/a><\/li>\n<li>Noticies n\u00b4asturianu:<\/li>\n<\/ul>\n<p><a href=\"https:\/\/www.rtpa.es\/noticies-asturianu\"><img loading=\"lazy\" decoding=\"async\" class=\"alignnone \" src=\"https:\/\/imgbox.es\/images\/2020\/04\/08\/noticiesTPA977824fa44d64f3d.jpg\" width=\"178\" height=\"52\" \/><\/a>\u00a0 \/\u00a0\u00a0 <a href=\"https:\/\/asturies.com\/\"><img loading=\"lazy\" decoding=\"async\" class=\"alignnone \" src=\"https:\/\/asturies.com\/sites\/default\/files\/logo_acom_5.png\" width=\"255\" height=\"30\" \/><\/a> \u00a0\u00a0 \/ <a href=\"https:\/\/www.rtpa.es\/rpa-programa:Les%20noticies%20n%27asturianu_1395129594.html\"><img loading=\"lazy\" decoding=\"async\" class=\"alignnone \" src=\"https:\/\/edublog.educastur.es\/ixuxu\/files\/2020\/08\/noticies-300x169.jpg\" width=\"108\" height=\"61\" \/><\/a><\/p>\n<ul>\n<li><em><u>Prensa local digital tenemos<\/u><\/em>: <strong>Diario de Oriente.<\/strong><strong><a href=\"Elfielato.es\">ElFielato.es<\/a><\/strong>; <strong><a href=\"ElCelorio.com\">ElCelorio.com<\/a><\/strong>; <strong><a href=\"ElCelorio.com\">ElTap\u00edn.com<\/a><\/strong>.<\/li>\n<li>En lo relacionado a la <em><u>prensa deportiva <\/u><\/em>cabe destacar <a href=\"https:\/\/eldesmarque.com\/actualidad\/\"><strong>El desmarque<\/strong> <\/a>y <a href=\"https:\/\/www.futbolasturiano.es\/\">Futbolasturiano.<strong>es<\/strong><\/a><\/li>\n<\/ul>\n<p><a href=\"https:\/\/eldesmarque-eldesmarqueporta.netdna-ssl.com\/wp-content\/themes\/dmq\/assets\/images\/compartir_portada\/asturias.jpg\"><img loading=\"lazy\" decoding=\"async\" class=\"alignnone \" src=\"https:\/\/eldesmarque-eldesmarqueporta.netdna-ssl.com\/wp-content\/themes\/dmq\/assets\/images\/compartir_portada\/asturias.jpg\" width=\"370\" height=\"200\" \/>\u00a0\u00a0<\/a><\/p>\n<p><a href=\"https:\/\/corporativo.rtpa.es\/responsive_imagenes\/mapa_frecuencias_rpa.png\"><img loading=\"lazy\" decoding=\"async\" class=\"alignnone \" src=\"https:\/\/corporativo.rtpa.es\/responsive_imagenes\/mapa_frecuencias_rpa.png\" width=\"801\" height=\"398\" \/><\/a><\/p>\n<p><em><strong>RADIO Y TELEVISI\u00d3N<\/strong><\/em><strong><br \/>\n<\/strong><strong>*GENERAL:<\/strong> Existen grandes cadenas estatales de radio (COPE, SER) que dedican diariamente espacios a la informaci\u00f3n y la actualidad asturiana. En TVE tambi\u00e9n emite <strong><em><a href=\"https:\/\/www.rtve.es\/alacarta\/videos\/panorama-regional\/panorama-regional-21-10-2020\/5690152\/\">Panorama Regional<\/a>.<\/em><\/strong><em><br \/>\n<\/em>Tambi\u00e9n existen numerosas emisoras y canales de TVE con programaci\u00f3n de \u00e1mbito local.<br \/>\nEn lengua asturiana, <strong><em>Radio Sele<\/em><\/strong>, fue la pionera en programar su parrilla en asturiano.<\/p>\n<p><strong>*RADIOS COMARCALES Y LOCALES: <a href=\"https:\/\/tunein.com\/radio\/Radio-Naln-876-s102386\/?lang=es-ES\"><em>Radio Nal\u00f3n<\/em><\/a><\/strong>, <a href=\"https:\/\/radio106.jimdofree.com\/\"><strong><em>Radio Langreo<\/em><\/strong><\/a>, <a href=\"https:\/\/emisora.org.es\/san-martin-asturias\/\"><strong><em>Radio San Mart\u00edn<\/em><\/strong> <\/a>y <a href=\"http:\/\/www.radio-espana.es\/onda-penes\"><strong><em>Onda Pe\u00f1es<\/em><\/strong><\/a>.<\/p>\n<ul>\n<li><a href=\"http:\/\/www.radio-espana.es\/radio\/asturias\">Radios online de Espa\u00f1a: Asturias<\/a><\/li>\n<li><a href=\"https:\/\/tunein.com\/?lang=es-ES\"><strong><em>TuneIN<\/em><\/strong><\/a><\/li>\n<\/ul>\n<p><a href=\"https:\/\/tunein.com\/\"><img loading=\"lazy\" decoding=\"async\" class=\"alignnone \" src=\"https:\/\/dtosqbruagguz.cloudfront.net\/wp-content\/uploads\/2018\/07\/tunein-Live-logo.png\" width=\"339\" height=\"156\" \/><\/a><a href=\"https:\/\/tunein.com\/\"><img loading=\"lazy\" decoding=\"async\" class=\"alignnone size-full\" src=\"https:\/\/images.squarespace-cdn.com\/content\/v1\/5772af1029687f3cdf68994e\/1523558691298-3R9VKYDMBCHUABJSZH70\/ke17ZwdGBToddI8pDm48kFdbS6hVyYthYe2R5WAOSyhZw-zPPgdn4jUwVcJE1ZvWEtT5uBSRWt4vQZAgTJucoTqqXjS3CfNDSuuf31e0tVF1nWPwoyTJyhyQoiOTo2pmN1NZmhL83MKKs9nMZ6YgzzqWIIaSPh2v08GbKqpiV54\/tunein-logo-sm.png?format=300w\" width=\"300\" height=\"169\" \/><\/a><\/p>\n<p id=\"mntl-sc-block_1-0-1\" class=\"comp mntl-sc-block mntl-sc-block-html\"><em><strong><a href=\"http:\/\/tunein.com\/\" target=\"_blank\" rel=\"nofollow noopener noreferrer\" data-component=\"link\" data-source=\"inlineLink\" data-type=\"externalLink\" data-ordinal=\"1\">TuneIn<\/a> <\/strong>es un servicio dedicado a brindarte radio en Internet de forma gratuita, proveniente de estaciones de radio locales e internacionales. TuneIn cuenta con 150 productos que te permiten seleccionar de entre estaciones de radio de AM y FM originadas en todo el mundo.<\/em><\/p>\n<p><a href=\"http:\/\/www.radio-espana.es\/rtpa-radiotelevision-del-principado-de-asturias\"><img loading=\"lazy\" decoding=\"async\" class=\"alignnone size-full\" src=\"https:\/\/static.mytuner.mobi\/media\/radios-150px\/aNjCNQ3hTg.png\" width=\"150\" height=\"150\" \/><\/a><\/p>\n<ul>\n<li><a href=\"http:\/\/www.radio-espana.es\/la-corredoria-suena\"><strong><em>La Corredoria Suena 107.0 Fm<\/em><\/strong><\/a><\/li>\n<\/ul>\n<p>&nbsp;<\/p>\n<hr \/>\n<p><img loading=\"lazy\" decoding=\"async\" class=\"alignnone \" src=\"https:\/\/www.trecebits.com\/wp-content\/uploads\/2020\/05\/Crear-un-podcasts-800x445.jpg\" width=\"354\" height=\"197\" \/><\/p>\n<p><em><strong>Podcast:<\/strong> <span class=\"ILfuVd\"><span class=\"hgKElc\">es una publicaci\u00f3n digital peri\u00f3dica en audio o v\u00eddeo que se puede descargar de internet. Sencillamente se trata de un programa de radio personalizable y descargable que puede montarse en una web o blog, incluso en plataformas tan populares como iTunes, Spotify, SoundCloud o Ivoox, entre otras.<\/span><\/span><\/em><\/p>\n<p><em>La principal diferencia entre un podcast y la radio <strong>es la permanencia en el tiempo<\/strong>. Un podcast <strong>puede escucharse en cualquier momento<\/strong>, ya que quedan alojados en una web o en una plataforma para su descarga o para su escucha online. La mayor\u00eda de los podcast\u00a0son gratuitos y <strong>se pueden escuchar en cualquier momento<\/strong>. No tienen, por tanto, un horario estricto de emisi\u00f3n, de ah\u00ed que se puedan descargar y\/o escuchar en cualquier parte y todas las veces que uno desee. Si se descargan, no ser\u00e1 necesario tener conexi\u00f3n a internet o gastar datos en el tel\u00e9fono m\u00f3vil para o\u00edrlos. Los podcast permiten consumir informaci\u00f3n y entretenimiento mientras realizamos otras tareas. Su versatilidad y accesibilidad hacen que millones de personas en todo el mundo se hayan acercado a los podcast para convertirlos en uno de sus principales medios de comunicaci\u00f3n y ocio.<\/em><\/p>\n<p>&nbsp;<\/p>\n<hr \/>\n<table>\n<tbody>\n<tr>\n<td width=\"170\"><\/td>\n<td width=\"527\"><\/td>\n<\/tr>\n<\/tbody>\n<\/table>\n<p><strong><u>Actividades para realizar (una semana):<\/u><\/strong><\/p>\n<ol>\n<li><strong><u>Trabajo de Investigaci\u00f3n:<\/u><\/strong> <em>De la portada de un peri\u00f3dico asturiano, de libre elecci\u00f3n, analiza sus partes. Tr\u00e1ela al colegio para poder explicarla a tus compa\u00f1eros.<\/em><\/li>\n<li><strong><u>Comprensi\u00f3n lectora:<br \/>\n<\/u><\/strong><u><\/u><em>\u00bfQu\u00e9 es la RTPA?<\/em><br \/>\n<em>\u00bfPor qu\u00e9 tienen \u00e9xito la programaci\u00f3n de la RTPA entre los asturianos?<\/em><br \/>\n<em>\u00bfConoces el nombre de alguno de sus programas? N\u00f3mbralos&#8230;<\/em><br \/>\n<em>\u00bfCu\u00e1les son los dos principales peri\u00f3dicos asturianos de mayor tirada, en la actualidad?<\/em><br \/>\n<em>Entra en la web de la RTPA y escribe el nombre de dos programas televisivos.<\/em><br \/>\n<em>\u00bfSigues alg\u00fan medio de comunicaci\u00f3n asturiano habitualmente? \u00bfCu\u00e1l? \u00bfPor qu\u00e9 te gusta?<\/em><\/li>\n<\/ol>\n<p><strong>\u00a0<\/strong><\/p>\n<p>&nbsp;<\/p>\n<p>&nbsp;<\/p>\n<hr \/>\n<p><strong><em>ANEXOS N\u00b4ASTURIANU PA COMENTAR Y LLEER XUNTOS<\/em><\/strong><\/p>\n<p><a href=\"https:\/\/imgbox.es\/images\/2020\/10\/13\/04_Noticiaf0a70a2ef5b0509e.jpg\"><img loading=\"lazy\" decoding=\"async\" class=\"alignnone size-full\" src=\"https:\/\/imgbox.es\/images\/2020\/10\/13\/04_Noticiaf0a70a2ef5b0509e.jpg\" width=\"1127\" height=\"1345\" \/><\/a><\/p>\n<p><a href=\"https:\/\/imgbox.es\/images\/2020\/10\/13\/Prensa_01ecca47ac0ff16bf7.jpg\"><img loading=\"lazy\" decoding=\"async\" class=\"alignnone size-full\" src=\"https:\/\/imgbox.es\/images\/2020\/10\/13\/Prensa_01ecca47ac0ff16bf7.jpg\" width=\"1123\" height=\"1581\" \/><\/a><\/p>\n<p><a href=\"https:\/\/imgbox.es\/images\/2020\/10\/13\/02_Escaleta-RADIO62babdfd76994a1c.jpg\"><img loading=\"lazy\" decoding=\"async\" class=\"alignnone size-full\" src=\"https:\/\/imgbox.es\/images\/2020\/10\/13\/02_Escaleta-RADIO62babdfd76994a1c.jpg\" width=\"1147\" height=\"1469\" \/><\/a><\/p>\n<p><a href=\"https:\/\/imgbox.es\/images\/2020\/10\/13\/03_Lexicu-peiodisticua15b11bcb6b26bea.jpg\"><img loading=\"lazy\" decoding=\"async\" class=\"alignnone size-full\" src=\"https:\/\/imgbox.es\/images\/2020\/10\/13\/03_Lexicu-peiodisticua15b11bcb6b26bea.jpg\" width=\"1131\" height=\"1549\" \/><\/a><\/p>\n<p>&nbsp;<\/p>\n<p>&nbsp;<\/p>\n","protected":false},"excerpt":{"rendered":"<p>Medios de comunicaci\u00f3n en Asturias Comunicar, infomar, educar, transmitir, entretener, formar, opinar&#8230; Tipos y funci\u00f3n.En la actualidad, los medios de comunicaci\u00f3n han avanzado y siguen avanzando continuamente. Los peri\u00f3dicos a d\u00eda de hoy son en su mayor\u00eda digitales. Aparecen cambios inform\u00e1ticos, uso de ordenadores y portatiles, m\u00f3viles, televisiones de plasma, etc. Desde los comienzos de [&hellip;]<\/p>\n","protected":false},"author":117,"featured_media":0,"parent":220,"menu_order":0,"comment_status":"closed","ping_status":"closed","template":"","meta":{"footnotes":""},"class_list":["post-1185","page","type-page","status-publish","hentry","post-preview"],"_links":{"self":[{"href":"https:\/\/edublog.educastur.es\/ixuxullingua\/wp-json\/wp\/v2\/pages\/1185","targetHints":{"allow":["GET"]}}],"collection":[{"href":"https:\/\/edublog.educastur.es\/ixuxullingua\/wp-json\/wp\/v2\/pages"}],"about":[{"href":"https:\/\/edublog.educastur.es\/ixuxullingua\/wp-json\/wp\/v2\/types\/page"}],"author":[{"embeddable":true,"href":"https:\/\/edublog.educastur.es\/ixuxullingua\/wp-json\/wp\/v2\/users\/117"}],"replies":[{"embeddable":true,"href":"https:\/\/edublog.educastur.es\/ixuxullingua\/wp-json\/wp\/v2\/comments?post=1185"}],"version-history":[{"count":1,"href":"https:\/\/edublog.educastur.es\/ixuxullingua\/wp-json\/wp\/v2\/pages\/1185\/revisions"}],"predecessor-version":[{"id":1186,"href":"https:\/\/edublog.educastur.es\/ixuxullingua\/wp-json\/wp\/v2\/pages\/1185\/revisions\/1186"}],"up":[{"embeddable":true,"href":"https:\/\/edublog.educastur.es\/ixuxullingua\/wp-json\/wp\/v2\/pages\/220"}],"wp:attachment":[{"href":"https:\/\/edublog.educastur.es\/ixuxullingua\/wp-json\/wp\/v2\/media?parent=1185"}],"curies":[{"name":"wp","href":"https:\/\/api.w.org\/{rel}","templated":true}]}}