{"id":1197,"date":"2020-11-09T20:38:23","date_gmt":"2020-11-09T18:38:23","guid":{"rendered":"https:\/\/edublog.educastur.es\/ixuxullingua\/?page_id=1197"},"modified":"2020-11-09T20:38:23","modified_gmt":"2020-11-09T18:38:23","slug":"sesion-05","status":"publish","type":"page","link":"https:\/\/edublog.educastur.es\/ixuxullingua\/primeru\/primeru-20-21\/02-primer-trimestre\/sesion-05\/","title":{"rendered":"Sesi\u00f3n 05"},"content":{"rendered":"<p>\/ <a href=\"https:\/\/imgbox.es\/images\/2020\/10\/30\/08chestnut_well-superJumbo32c16aa658515170.jpg\"><img loading=\"lazy\" decoding=\"async\" class=\"alignnone \" src=\"https:\/\/imgbox.es\/images\/2020\/10\/30\/08chestnut_well-superJumbo32c16aa658515170.jpg\" width=\"179\" height=\"119\" \/><\/a>\u00a0 \/\u00a0 <a href=\"https:\/\/imgbox.es\/images\/2020\/10\/30\/img-5cd3d3ca5af81-original-01-castanas2e8ef801efaf3860.jpg\"><img loading=\"lazy\" decoding=\"async\" class=\"alignnone \" src=\"https:\/\/imgbox.es\/images\/2020\/10\/30\/img-5cd3d3ca5af81-original-01-castanas2e8ef801efaf3860.jpg\" width=\"177\" height=\"119\" \/><\/a>\u00a0 \/ <a href=\"https:\/\/imgbox.es\/images\/2020\/10\/30\/19081664f4d583449614c0c5.jpg\"><img loading=\"lazy\" decoding=\"async\" class=\"alignnone \" src=\"https:\/\/imgbox.es\/images\/2020\/10\/30\/19081664f4d583449614c0c5.jpg\" width=\"93\" height=\"120\" \/><\/a><\/p>\n<p><em>Llectura<\/em><strong><em>: \u00abPep\u00edn va a casta\u00f1es\u00bb (pdf) <\/em><\/strong>(<a href=\"https:\/\/educastur-my.sharepoint.com\/:b:\/g\/personal\/isabellh_educastur_org\/EZ3MNId7yidOvHLHUv33NNoBEjKejZQl5BugUimZ0Jb89g?e=DuGvW5\">2 p\u00e1xines, lletra m\u00e1s grande..<\/a>.)<\/p>\n<p><em>Ficha colorear<\/em><strong><a href=\"https:\/\/educastur-my.sharepoint.com\/:b:\/g\/personal\/isabellh_educastur_org\/EUv2fgRiIW9EqGAGaDt2SwYBLYmCvBKA7MOwaL3YQ62qxA?e=9c6tSA\"> \u00abCasta\u00f1es\u00bb<\/a><\/strong><\/p>\n<p>Videu:<em><strong><a href=\"https:\/\/educastur-my.sharepoint.com\/:v:\/g\/personal\/isabellh_educastur_org\/EbYZlRyQ3WdHsOTmle96XqwBgfRopHz09VbMxGKwJXZofg?e=99hXBe\"> \u00abA la gueta les casta\u00f1es\u00bb<\/a><\/strong><\/em><\/p>\n<p><em>Cuento:<\/em><strong><em> \u00abLa casta\u00f1a que revent\u00f3 de risa\u00bb<\/em><\/strong><\/p>\n<ul>\n<li><a href=\"https:\/\/www.google.com\/url?sa=t&amp;rct=j&amp;q=&amp;esrc=s&amp;source=web&amp;cd=&amp;ved=2ahUKEwj2lKHOg93sAhU2EWMBHcpEBM8QFjABegQIBBAC&amp;url=http%3A%2F%2Fcrafuenteguinaldo.centros.educa.jcyl.es%2Fsitio%2Fupload%2FLA_CASTANIA_QUE_REVENTO.pdf&amp;usg=AOvVaw2fXu2gGCAhdypQGNrXT4C_\">Texto en pdf (profes) castellano<\/a><\/li>\n<li><a href=\"https:\/\/es2.slideshare.net\/isabelpolamaseda\/castaa-revento-risa?from_action=save\">Ver slideshare<\/a><\/li>\n<\/ul>\n\n<!-- iframe plugin v.6.0 wordpress.org\/plugins\/iframe\/ -->\n<iframe loading=\"lazy\" src=\"\/\/www.slideshare.net\/slideshow\/embed_code\/key\/NaT4SHx0MwUpid\" width=\"595\" height=\"485\" frameborder=\"0\" marginwidth=\"0\" marginheight=\"0\" scrolling=\"no\" style=\"border:1px solid #CCC; border-width:1px; margin-bottom:5px; max-width: 100%;\" 0=\"allowfullscreen\" 1=\"\/iframe\" class=\"iframe-class\"><\/iframe>\n\n<p><em><strong>1<\/strong>. Un d\u00eda que estaban aburridas sin saber que hacer, decidieron salir a dar un paseo por el campo. Hab\u00eda una vez una brasa de carb\u00f3n, una paja y una casta\u00f1a que eran muy amigas.<\/em><em><strong><a title=\"Caminando, caminando, llegaron a un r\u00edo y no sab\u00edan c\u00f3mo at...\" href=\"https:\/\/image.slidesharecdn.com\/castaareventorisa-131006112322-phpapp02\/95\/la-castaa-que-revent-de-risa-2-638.jpg?cb=1381058853\" target=\"_blank\" rel=\"noopener noreferrer\"> 2. <\/a> <\/strong>Caminando, caminando, llegaron a un r\u00edo y no sab\u00edan c\u00f3mo atravesarlo. La casta\u00f1a que era muy lista propuso lo siguiente: &#8211; Como la paja puede flotar en el agua, yo me montar\u00e9 encima de ella y me llevar\u00e1 nadando a la otra orilla. Luego regresar\u00e1 y te llevar\u00e1 a ti, -dijo dirigi\u00e9ndose a la brasa. A las dos les pareci\u00f3 muy bien y as\u00ed se hizo.<\/em><em><strong><a title=\"Primero la paja pas\u00f3 a la casta\u00f1a y luego volvi\u00f3 a por la b...\" href=\"https:\/\/image.slidesharecdn.com\/castaareventorisa-131006112322-phpapp02\/95\/la-castaa-que-revent-de-risa-3-638.jpg?cb=1381058853\" target=\"_blank\" rel=\"noopener noreferrer\">\u00a0<\/a> 3.<\/strong>Primero la paja pas\u00f3 a la casta\u00f1a y luego volvi\u00f3 a por la brasa de carb\u00f3n\u2026 \u2026Pero cuando estaban a mitad del r\u00edo, la paja sinti\u00f3 que se estaba quemando con el calor de la brasa y casi si querer, hizo un movimiento brusco y de una sacudida la tir\u00f3 sin querer al agua. <\/em><em><strong>4.<\/strong><a title=\"Cuando la casta\u00f1a lo vio, le dio un ataque de risa. Se re\u00eda...\" href=\"https:\/\/image.slidesharecdn.com\/castaareventorisa-131006112322-phpapp02\/95\/la-castaa-que-revent-de-risa-4-638.jpg?cb=1381058853\" target=\"_blank\" rel=\"noopener noreferrer\">\u00a0<\/a> Cuando la casta\u00f1a lo vio, le dio un ataque de risa. Se re\u00eda tan a gusto de ver a la brasa remojada\u2026<strong> 5.<\/strong><\/em><em> \u2026 se re\u00eda con tanta fuerza que\u2026 revent\u00f3. <strong>6. <\/strong><\/em><em> La paja lleg\u00f3 a la orilla completamente chamuscada. La brasa lleg\u00f3 m\u00e1s tarde, chorreando y apagada por completo. Llegaron, adem\u00e1s, las dos muy enfadadas con la casta\u00f1a porque se hab\u00eda re\u00eddo cuando ellas lo hab\u00edan pasado mal, pero cuando vieron que con la risa hab\u00eda reventado su piel y estaba destrozada, se compadecieron de ella y fueron a buscar al sastre para que la remendara y le recosiera el roto.<strong> 7. <\/strong><\/em><em> El sastre s\u00f3lo ten\u00eda un trozo de tela de color m\u00e1s claro que el de la piel de la casta\u00f1a, y tuvo que apa\u00f1arla poni\u00e9ndole un pedazo de ese color. Por eso ahora andan todas las casta\u00f1as con un trozo de piel m\u00e1s clara. <strong>8.<\/strong><\/em><em> Y color\u00edn, colorado\u2026<\/em><\/p>\n<ul>\n<li><a href=\"https:\/\/www.google.com\/url?sa=t&amp;rct=j&amp;q=&amp;esrc=s&amp;source=web&amp;cd=&amp;ved=2ahUKEwj2lKHOg93sAhU2EWMBHcpEBM8QFjATegQIAxAC&amp;url=http%3A%2F%2Fwww.colegiopaz.cl%2Fweb%2FACTIVIDADES%2F4%2Flenguaje%2Fguia_aprendizaje_semana05al09_oct.pdf&amp;usg=AOvVaw35ApgUcwLPg8NENLwrsfnh\"><em>Ejemplo de preguntas que se pueden realizar<\/em><\/a><\/li>\n<li><a href=\"https:\/\/www.youtube.com\/watch?v=xtDRu1JQ4kg\">Versi\u00f3n de Ana Mart\u00ednez<\/a><\/li>\n<\/ul>\n\n<!-- iframe plugin v.6.0 wordpress.org\/plugins\/iframe\/ -->\n<iframe loading=\"lazy\" width=\"588\" height=\"331\" src=\"https:\/\/www.youtube.com\/embed\/xtDRu1JQ4kg\" scrolling=\"yes\" class=\"iframe-class\" frameborder=\"0\"><\/iframe>\n\n<ul>\n<li><a href=\"https:\/\/www.youtube.com\/watch?v=mF73lK8RTRU\">Versi\u00f3n de Dori Vega (dibujos para colorear)<\/a><\/li>\n<\/ul>\n\n<!-- iframe plugin v.6.0 wordpress.org\/plugins\/iframe\/ -->\n<iframe loading=\"lazy\" width=\"588\" height=\"331\" src=\"https:\/\/www.youtube.com\/embed\/mF73lK8RTRU\" scrolling=\"yes\" class=\"iframe-class\" frameborder=\"0\"><\/iframe>\n\n<p><a href=\"https:\/\/www.youtube.com\/watch?v=2lIbcMaHRIc\">Repaso<strong><em> Canci\u00f3n \u00abLa casta\u00f1era\u00bb<\/em><\/strong> (trabajada Amag\u00fcestu curso pasado)<\/a><\/p>\n\n<!-- iframe plugin v.6.0 wordpress.org\/plugins\/iframe\/ -->\n<iframe loading=\"lazy\" width=\"588\" height=\"331\" src=\"https:\/\/www.youtube.com\/embed\/2lIbcMaHRIc\" scrolling=\"yes\" class=\"iframe-class\" frameborder=\"0\"><\/iframe>\n\n<p>Repaso<a href=\"https:\/\/www.youtube.com\/watch?v=tR8CtuSds6c\"><strong><em> \u00abVivan las casta\u00f1as\u00bb<\/em><\/strong> (Canci\u00f3n que se trabaj\u00f3 en Infantil)<\/a><\/p>\n\n<!-- iframe plugin v.6.0 wordpress.org\/plugins\/iframe\/ -->\n<iframe loading=\"lazy\" width=\"588\" height=\"331\" src=\"https:\/\/www.youtube.com\/embed\/tR8CtuSds6c\" scrolling=\"yes\" class=\"iframe-class\" frameborder=\"0\"><\/iframe>\n\n<hr \/>\n<p>&nbsp;<\/p>\n","protected":false},"excerpt":{"rendered":"<p>\/ \u00a0 \/\u00a0 \u00a0 \/ Llectura: \u00abPep\u00edn va a casta\u00f1es\u00bb (pdf) (2 p\u00e1xines, lletra m\u00e1s grande&#8230;) Ficha colorear \u00abCasta\u00f1es\u00bb Videu: \u00abA la gueta les casta\u00f1es\u00bb Cuento: \u00abLa casta\u00f1a que revent\u00f3 de risa\u00bb Texto en pdf (profes) castellano Ver slideshare 1. Un d\u00eda que estaban aburridas sin saber que hacer, decidieron salir a dar un paseo [&hellip;]<\/p>\n","protected":false},"author":117,"featured_media":0,"parent":210,"menu_order":0,"comment_status":"closed","ping_status":"closed","template":"","meta":{"footnotes":""},"class_list":["post-1197","page","type-page","status-publish","hentry","post-preview"],"_links":{"self":[{"href":"https:\/\/edublog.educastur.es\/ixuxullingua\/wp-json\/wp\/v2\/pages\/1197","targetHints":{"allow":["GET"]}}],"collection":[{"href":"https:\/\/edublog.educastur.es\/ixuxullingua\/wp-json\/wp\/v2\/pages"}],"about":[{"href":"https:\/\/edublog.educastur.es\/ixuxullingua\/wp-json\/wp\/v2\/types\/page"}],"author":[{"embeddable":true,"href":"https:\/\/edublog.educastur.es\/ixuxullingua\/wp-json\/wp\/v2\/users\/117"}],"replies":[{"embeddable":true,"href":"https:\/\/edublog.educastur.es\/ixuxullingua\/wp-json\/wp\/v2\/comments?post=1197"}],"version-history":[{"count":1,"href":"https:\/\/edublog.educastur.es\/ixuxullingua\/wp-json\/wp\/v2\/pages\/1197\/revisions"}],"predecessor-version":[{"id":1198,"href":"https:\/\/edublog.educastur.es\/ixuxullingua\/wp-json\/wp\/v2\/pages\/1197\/revisions\/1198"}],"up":[{"embeddable":true,"href":"https:\/\/edublog.educastur.es\/ixuxullingua\/wp-json\/wp\/v2\/pages\/210"}],"wp:attachment":[{"href":"https:\/\/edublog.educastur.es\/ixuxullingua\/wp-json\/wp\/v2\/media?parent=1197"}],"curies":[{"name":"wp","href":"https:\/\/api.w.org\/{rel}","templated":true}]}}