{"id":1199,"date":"2020-11-09T20:39:20","date_gmt":"2020-11-09T18:39:20","guid":{"rendered":"https:\/\/edublog.educastur.es\/ixuxullingua\/?page_id=1199"},"modified":"2020-11-09T20:39:20","modified_gmt":"2020-11-09T18:39:20","slug":"sesion-03","status":"publish","type":"page","link":"https:\/\/edublog.educastur.es\/ixuxullingua\/3-terceru\/terceru-20-21\/02-primer-trimestre\/sesion-03\/","title":{"rendered":"Sesi\u00f3n 03"},"content":{"rendered":"<p><strong><em>TEMA:\u00a0 Fauna&#8230; Animales salvajes y razas aut\u00f3ctonas <\/em><\/strong><\/p>\n<ul>\n<li>Actividad: <a href=\"https:\/\/educastur-my.sharepoint.com\/:b:\/g\/personal\/isabellh_educastur_org\/EQJSpD1dvYNKmmVG3Ub4t4kBd4c1oNkiES-OsqSekWyWDQ?e=HBPBol\"><strong>Animales en peligro de extinci\u00f3n en Asturias<\/strong><\/a><\/li>\n<li>Activid\u00e1: <a href=\"https:\/\/educastur-my.sharepoint.com\/:b:\/g\/personal\/isabellh_educastur_org\/Eedtk09f8L9Mo2VJByDOBYgBr-9fN4oOpOdvaJgQlk8gtg?e=eS6T8b\"><strong>Animales en peligru d\u00b4estinci\u00f3n n\u00b4Asturies<\/strong><\/a><\/li>\n<li><em><a href=\"https:\/\/www.youtube.com\/watch?v=qzKm0VXhV_s\">Ver video de la Fundaci\u00f3n Oso<\/a><\/em><\/li>\n<\/ul>\n\n<!-- iframe plugin v.6.0 wordpress.org\/plugins\/iframe\/ -->\n<iframe loading=\"lazy\" width=\"588\" height=\"331\" src=\"https:\/\/www.youtube.com\/embed\/qzKm0VXhV_s\" scrolling=\"yes\" class=\"iframe-class\" frameborder=\"0\"><\/iframe>\n\n<ul>\n<li><a href=\"https:\/\/www.youtube.com\/watch?v=M3-u_RE0RY4\">Ver 2 minutos UROGALLO CANT\u00c1BRICO<\/a><\/li>\n<\/ul>\n\n<!-- iframe plugin v.6.0 wordpress.org\/plugins\/iframe\/ -->\n<iframe loading=\"lazy\" width=\"588\" height=\"331\" src=\"https:\/\/www.youtube.com\/embed\/M3-u_RE0RY4\" scrolling=\"yes\" class=\"iframe-class\" frameborder=\"0\"><\/iframe>\n\n<hr \/>\n<p><em><strong>TEMA: RAZAS AUT\u00d3CTONAS EN ASTURIAS (para ver fotos y comentar&#8230;)<br \/>\n<\/strong><\/em><\/p>\n<p><a href=\"https:\/\/www.elbuscolu.com\/uploads\/mastL.jpg\"><img loading=\"lazy\" decoding=\"async\" class=\"alignnone size-full\" src=\"https:\/\/www.elbuscolu.com\/uploads\/mastL.jpg\" width=\"472\" height=\"193\" \/><\/a><\/p>\n<p><em><strong>Asturias, peque\u00f1a en territorio y poblaci\u00f3n, tiene varias razas aut\u00f3ctonas de cerdo, vacas, caballo, gallina, cabra, oveja que os invitamos a conocer. <\/strong>Habitualmente vemos muchos animales de estas razas, pero aut\u00e9nticos asturianos son:<\/em><\/p>\n<p><a href=\"https:\/\/piensoslago.com\/upload_produccion\/blog\/html_image\/45\/2018041217.31.03.jpg\"><img loading=\"lazy\" decoding=\"async\" class=\"alignnone \" src=\"https:\/\/piensoslago.com\/upload_produccion\/blog\/html_image\/45\/2018041217.31.03.jpg\" width=\"648\" height=\"364\" \/><\/a><\/p>\n<p><em><strong>Gallina: <\/strong><strong>PITA PINTA\u00a0<\/strong> (En Bable Pita significa gallina, y pinta significa moteada). <a href=\"http:\/\/www.lapitapintaasturiana.com\/la-pita-pinta-asturiana\">VER WEB<\/a> Raza Aut\u00f3ctona en Peligro de Extinci\u00f3n \/ Descripci\u00f3n del origen: Se trata de una raza aut\u00f3ctona o ind\u00edgena. A\u00f1o de Origen: Recuperada en 1980 \/ Localizaci\u00f3n del Origen: Asturias \/ Pa\u00eds de origen: Espa\u00f1a \/ Distribuci\u00f3n geogr\u00e1fica: Por todo el Principado de Asturias. \/ <strong><a href=\"http:\/\/www.lapitapintaasturiana.com\/\">Ver p\u00e1gina oficial\/<\/a><\/strong><\/em><\/p>\n<p><a href=\"https:\/\/cflvdg.avoz.es\/default\/2017\/10\/06\/00121507241349124142465\/Foto\/vacas.jpg\"><img loading=\"lazy\" decoding=\"async\" class=\"alignnone \" src=\"https:\/\/cflvdg.avoz.es\/default\/2017\/10\/06\/00121507241349124142465\/Foto\/vacas.jpg\" width=\"651\" height=\"366\" \/><\/a><\/p>\n<p><em><strong>Vacuno: <\/strong><strong>ASTURIANA DE LA MONTA\u00d1A <\/strong>Otros nombres: Casina en Bable. <a href=\"https:\/\/www.mapa.gob.es\/es\/ganaderia\/temas\/zootecnia\/razas-ganaderas\/razas\/catalogo\/peligro-extincion\/bovino\/asturiana-montana\/default.aspx\">VER WEB<\/a> Se llama Casina por considerarse originaria de Caso (municipio asturiano). Clasificaci\u00f3n oficial de la raza: Raza Aut\u00f3ctona en Peligro de Extinci\u00f3n \/ Origen y desarrollo: Pertenece al tronco casta\u00f1o y su origen es europeo, posiblemente fue introducida con las invasiones celtas. Siempre tuvo una notable presencia en todo el territorio astur-leon\u00e9s hasta mediados del siglo XX en donde, con la introducci\u00f3n masiva de razas extranjeras, se redujeron los censos hasta pr\u00e1cticamente su desaparici\u00f3n. A principios de los a\u00f1os 80 del siglo XX se comienza la recuperaci\u00f3n y mejora de la raza y se crea la Asociaci\u00f3n de criadores. Distribuci\u00f3n geogr\u00e1fica: La principal zona de cr\u00eda es la zona oriental de la Cordillera Cant\u00e1brica (Asturias y Cantabria), existiendo algunos reba\u00f1os en Castilla y Le\u00f3n y Pa\u00eds Vasco. <strong><a href=\"http:\/\/www.aseamo.com\/\">VER P\u00c1GINA OFICIAL<\/a><\/strong><\/em><\/p>\n<p><a href=\"https:\/\/cflvdg.avoz.es\/default\/2018\/02\/05\/00121517852578075832187\/Foto\/h.jpg\"><img loading=\"lazy\" decoding=\"async\" class=\"alignnone size-full\" src=\"https:\/\/cflvdg.avoz.es\/default\/2018\/02\/05\/00121517852578075832187\/Foto\/h.jpg\" width=\"625\" height=\"376\" \/><\/a><\/p>\n<p><em><strong>Vacuno: ASTURIANA DE LOS VALLES \/\u00a0<\/strong> En Bable se llama Carre\u00f1ana por considerarse originaria de Carre\u00f1o (municipio asturiano), Vaca roxa (en Bable se llama vaca roxa por la tonalidad de su capa (Roxa = Roja) \/ Clasificaci\u00f3n oficial de la raza: Raza Aut\u00f3ctona de Fomento \/ Origen y desarrollo: Pertenece al tronco casta\u00f1o y su origen es europeo, posiblemente fue introducida con las invasiones celtas. Siempre tuvo una notable presencia en todo el territorio astur-leon\u00e9s hasta mediados del siglo XX en donde, con la introducci\u00f3n masiva de razas extranjeras, se redujeron los censos hasta pr\u00e1cticamente su desaparici\u00f3n. A principios de los a\u00f1os 80 del siglo XX se comienza la recuperaci\u00f3n y mejora de la raza y se crea la Asociaci\u00f3n de criadores. En los a\u00f1os 90 del siglo XX se produce una gran recuperaci\u00f3n de los censos y comienza la expansi\u00f3n hacia otras regiones espa\u00f1olas. \/ Distribuci\u00f3n geogr\u00e1fica: La principal zona de cr\u00eda es la Cornisa Cant\u00e1brica (Galicia, Asturias, Cantabria y Pa\u00eds Vasco), si bien tiene una notable presencia en Castilla y Le\u00f3n y Extremadura. Existen reba\u00f1os en practicamente todas las Comunidades Aut\u00f3nomas espa\u00f1olas. \/ <a href=\"https:\/\/www.aseava.com\/\"><strong>VER P\u00c1GINA OFICIAL<\/strong><\/a><\/em><\/p>\n<p><a href=\"https:\/\/static3.elcomercio.es\/www\/pre2017\/multimedia\/noticias\/201412\/01\/media\/cortadas\/cabra--490x490.jpg\"><img loading=\"lazy\" decoding=\"async\" class=\"alignnone size-full\" src=\"https:\/\/static3.elcomercio.es\/www\/pre2017\/multimedia\/noticias\/201412\/01\/media\/cortadas\/cabra--490x490.jpg\" width=\"490\" height=\"490\" \/><\/a><\/p>\n<p><em><strong>Cabra: <\/strong><strong>BERMEYA<\/strong>\u00a0 Otros nombres: Cabra Roxa (en Bable). <a href=\"https:\/\/www.cabrabermeya.es\/\">VER WEB\u00a0<\/a> Al igual que su nombre autentico, hace referencia al color de su capa \/ Clasificaci\u00f3n oficial de la raza: Raza Aut\u00f3ctona en Peligro de Extinci\u00f3n \/ <\/em><em>Origen y desarrollo: La cabra Bermeya se describi\u00f3 como uno de los biotipos diferenciados de la Agrupaci\u00f3n Serrana de la Cornisa Cant\u00e1brica. Su origen es incierto pero presenta claras similitudes morfol\u00f3gicas con hembras de la variedad Coste\u00f1a de la cabra Malague\u00f1a y con animales de raza retinta Extreme\u00f1a. Asimismo, presenta parecido con las razas caprinas portuguesas Charnequeira y Brav\u00eda \/ A\u00f1o de Origen: Principios del siglo XX \/ Localizaci\u00f3n del Origen: Asturias.\u00a0 \/ Pa\u00eds de origen: Espa\u00f1a \/ Distribuci\u00f3n geogr\u00e1fica: Hasta los a\u00f1os 40 la raza Bermeya se distribu\u00eda por todo el sur monta\u00f1oso de Asturias. En estos momentos se encuentra dividida en dos poblaciones Oriental y Occidental separadas reproductivamente y en sus estructuras y objetivos de explotaci\u00f3n. <strong><a href=\"https:\/\/www.cabrabermeya.es\/\">VER P\u00c1GINA OFICIAL<\/a><\/strong><\/em><\/p>\n<p><a href=\"https:\/\/gemasanchezfotografia.com\/wp-content\/uploads\/2019\/02\/Oveja-Xalda.jpg\"><img loading=\"lazy\" decoding=\"async\" class=\"alignnone size-full\" src=\"https:\/\/gemasanchezfotografia.com\/wp-content\/uploads\/2019\/02\/Oveja-Xalda.jpg\" width=\"800\" height=\"533\" \/><\/a><\/p>\n<p><em><strong>Oveja: <\/strong><strong>XALDA\u00a0 <\/strong>Nombre de la raza : XALDA<a href=\"https:\/\/www.xalda.com\/\"> VER WEB<\/a> Castellano. Xalda significa \u00abbasta\u00bb en bable, y hace referencia al tipo de lana \/ Clasificaci\u00f3n oficial de la raza : Raza Aut\u00f3ctona en Peligro de Extinci\u00f3n \/ <\/em><em>Origen y desarrollo : Oveja de origen celta establecida en Asturias en la protohistoria. \/ Localizaci\u00f3n del Origen: En todo el Principado de Asturias. \/ Distribuci\u00f3n geogr\u00e1fica: En la actualidad existen criadores adem\u00e1s de en Asturias, en Cantabria, Le\u00f3n y Lugo.<strong> \/ <a href=\"http:\/\/www.xalda.com\/\">VER P\u00c1GINA OFICIAL<\/a><br \/>\n<\/strong><\/em><\/p>\n<p><a href=\"https:\/\/i.pinimg.com\/originals\/d5\/f6\/d1\/d5f6d1058fea788a00aa11752fc9fe35.jpg\"><img loading=\"lazy\" decoding=\"async\" class=\"alignnone size-full\" src=\"https:\/\/i.pinimg.com\/originals\/d5\/f6\/d1\/d5f6d1058fea788a00aa11752fc9fe35.jpg\" width=\"800\" height=\"533\" \/><\/a><\/p>\n<p><em><strong>Caballo: <\/strong><strong>ASTURC\u00d3N<\/strong> Debe su nombre al origen de la raza en Principado de Asturias.\u00a0 <a href=\"https:\/\/www.asturcones.com\/\">VER WEB<\/a> \/ Clasificaci\u00f3n oficial de la raza: Raza Aut\u00f3ctona en Peligro de Extinci\u00f3n \/ Descripci\u00f3n del origen: Raza ind\u00edgena o aut\u00f3ctona con varias referencias a lo largo de la historia, datando las m\u00e1s antiguas de las cr\u00f3nicas de las invasiones romanas. \/\u00a0 A\u00f1o de Origen: Existen menciones desde el a\u00f1o 80 a.C. aunque aparece en pinturas rupestres. \/ Localizaci\u00f3n del Origen: Asturias\u00a0 \/ Pa\u00eds de origen: Espa\u00f1a\u00a0 \/ Distribuci\u00f3n geogr\u00e1fica: Actualmente distribu\u00edda por todos los municipios asturianos y por la mayor\u00eda de las provincias espa\u00f1olas. \/ <a href=\"https:\/\/www.asturcones.com\/\"><strong>VER P\u00c1GINA OFICIAL<\/strong><\/a><\/em><\/p>\n<p><a href=\"https:\/\/www.lavozdeasturias.es\/default\/2018\/01\/12\/00121515775889387258703\/Foto\/h.jpg\"><img loading=\"lazy\" decoding=\"async\" class=\"alignnone \" src=\"https:\/\/www.lavozdeasturias.es\/default\/2018\/01\/12\/00121515775889387258703\/Foto\/h.jpg\" width=\"688\" height=\"387\" \/><\/a><\/p>\n<p><em><strong>Cerdo: <\/strong><strong>GOCHU ASTURCELTA: \/\u00a0<\/strong> Cerdo criado de forma tradicional aprovechando los recursos de las explotaciones, en el \u00e1mbito geogr\u00e1fico del Principado de Asturias. \/ Otros nombres: Gochu&#8217;l Pa\u00eds, en bable <a href=\"https:\/\/www.gochuasturcelta.org\/\">VER WEB<\/a> \/ Raza Aut\u00f3ctona en Peligro de Extinci\u00f3n \/ Origen y desarrollo: Existen pruebas de la presencia de cerdos en Asturias desde la \u00e9poca de los castros, los romanos ya documentaron la calidad de los jamones producidos. Desde los siglos VIII a XVIII hay documentos escritos de la presencia de cerdos en Asturias. En 1944 aparece la primera referencia zoot\u00e9cnica completa y en 1947 la primera imagen. \/ A\u00f1o de Origen: Indeterminado\u00a0 \/ Localizaci\u00f3n del Origen: Asturias\u00a0\u00a0 \/ Pa\u00eds de origen: Espa\u00f1a\u00a0 \/ Distribuci\u00f3n geogr\u00e1fica :Se distribuye por todo el Principado de Asturias. <a href=\"https:\/\/www.gochuasturcelta.org\/\"><strong>VER P\u00c1GINA OFICIAL<\/strong><\/a><br \/>\n<\/em><\/p>\n<hr \/>\n<p><a href=\"https:\/\/www.unitrauma.es\/wp-content\/uploads\/2016\/09\/dia-de-los-animales.jpg\"><img loading=\"lazy\" decoding=\"async\" class=\"alignnone size-full\" src=\"https:\/\/www.unitrauma.es\/wp-content\/uploads\/2016\/09\/dia-de-los-animales.jpg\" width=\"1600\" height=\"568\" \/><\/a><\/p>\n<p><em><strong>4 de Octubre: D\u00eda Mundial de los animales<\/strong> <\/em>(<a href=\"https:\/\/es.wikipedia.org\/wiki\/D%C3%ADa_Mundial_de_los_Animales\">Wikipedia<\/a>)<\/p>\n<p><em>En el a\u00f1o 1929, el 4 de octubre fue declarado D\u00eda Mundial de los Animales, por iniciativa de la Organizaci\u00f3n Mundial de Protecci\u00f3n Animal en congreso celebrado en Viena. En 1980 el papa <a title=\"Juan Pablo II\" href=\"https:\/\/es.wikipedia.org\/wiki\/Juan_Pablo_II\">Juan Pablo II<\/a>, declar\u00f3 a san Francisco de As\u00eds patrono de los animales y de los ecologistas, momentos a partir del cual esta celebraci\u00f3n tom\u00f3 m\u00e1s auge a nivel mundial, celebr\u00e1ndose en esta pa\u00edses con la \u00abbendici\u00f3n de las mascotas\u00bb.<\/em><\/p>\n<p><img loading=\"lazy\" decoding=\"async\" class=\"wp-image-1919 alignleft\" src=\"http:\/\/edublog.educastur.es\/corredoria3\/files\/2020\/10\/dia-de-los-animales_eaff07.jpg\" alt=\"\" width=\"258\" height=\"258\" \/><\/p>\n<header class=\"post-title entry-header\">\n<aside class=\"post-bottom-meta\"><strong class=\"author \"><a title=\"Entradas de National Geographic\" href=\"https:\/\/www.ngenespanol.com\/author\/nationalg\/\" rel=\"author\">National Geographic<\/a><\/strong><\/aside>\n<\/header>\n<figure class=\"post-gallery\"><img loading=\"lazy\" decoding=\"async\" class=\"attachment-goodlife-post-style1 wp-post-image\" src=\"https:\/\/dam.ngenespanol.com\/wp-content\/uploads\/2019\/10\/aninmales-dia-mundial-770x395.jpg\" alt=\"D\u00eda Mundial de los Animales\" width=\"335\" height=\"172\" \/><figcaption class=\"featured_image_credit\">Foto: Getty Images<\/figcaption><\/figure>\n<div class=\"share-container\">\n<div class=\"post-content-container\">\n<div class=\"post-content entry-content cf\">\n<p>&nbsp;<\/p>\n<p><em>El <b>4 de octubre <\/b>se celebra el <b>D\u00eda Mundial de los Animales <\/b>en conmemoraci\u00f3n de <b>San Francisco de As\u00eds<\/b>. Este santo, que naci\u00f3 en 1182 en<b> Italia<\/b>, dej\u00f3 como ense\u00f1anza a la humanidad que debemos comprender cu\u00e1l es nuestro lugar en la <b>Tierra<\/b>, ya que el bienestar de nosotros est\u00e1 integrado al <b>bienestar de todo los animales y el medio ambiente<\/b>.<\/em><\/p>\n<blockquote><p>\u00ab<strong><em>debemos comprender cu\u00e1l es nuestro lugar en la Tierra, ya que el bienestar de nosotros est\u00e1 integrado al bienestar de todos los animales y el medio ambiente<\/em><\/strong>\u00ab. FA<\/p><\/blockquote>\n<p><em>En los a\u00f1os que vivi\u00f3 <b>San Francisco<\/b>\u00a0<strong>de As\u00eds<\/strong> estas ideas se ve\u00edan con extra\u00f1eza. Es por esta raz\u00f3n que se considera que se adelant\u00f3 a su \u00e9poca. Este santo en su vida decidi\u00f3 despojarse de todas las riquezas materiales y <b>se dedic\u00f3 a servir <\/b>y ayudar no solo a sus semejantes, sino tambi\u00e9n <b>a todos los animales<\/b>, a los que consideraba hijos de Dios y llamaba \u201chermanos\u201d.<\/em><\/p>\n<blockquote><p><em>El Papa <b>Juan Pablo II\u00a0<\/b>lo declar\u00f3 Patrono de los Animales y de los Ecologistas.<\/em><\/p><\/blockquote>\n<p><em>En el a\u00f1o <b>1929<\/b>, el <b>4 de octubre<\/b>, se declar\u00f3\u00a0<b>D\u00eda Mundial de los Animales<\/b>, por iniciativa de la<b> Organizaci\u00f3n Mundial de Protecci\u00f3n Animal\u00a0<\/b>en un congreso celebrado en <b>Viena<\/b>. El objetivo principal era generar una soluci\u00f3n al problema de las <b>especies en peligro de extinci\u00f3n<\/b>.<\/em><\/p>\n<p><em>Es importante que respetemos el h\u00e1bitat de los animales en vida salvaje para evitar la desaparici\u00f3n de las especies; as\u00ed como controlar la tasa de animales en situaci\u00f3n de calle en las zonas urbanas. \u00bfT\u00fa de qu\u00e9 manera ayudas a los animales?<\/em><\/p>\n<h3><em>El principal prop\u00f3sito del D\u00eda Mundial de los Animales es recordar la importancia de la conservaci\u00f3n de las especies animales en el planeta.<\/em><\/h3>\n<p><em>La Declaraci\u00f3n Universal de Derechos del Animal, fue proclamada el 15 de octubre de 1978 y aprobada por la <a href=\"http:\/\/www.un.org\/es\/about-un\/index.html\">Organizaci\u00f3n de la Naciones Unidas<\/a>. Esta declaraci\u00f3n establece que todo animal posee derechos y se\u00f1ala que el desconocimiento y desprecio de esos derechos han conducido y siguen conduciendo al hombre a cometer cr\u00edmenes contra la naturaleza y contra los animales. <\/em><strong><em>La mejor forma de celebrar este d\u00eda, es respetando a todos los seres vivos que conviven con nosotros en el planeta.<\/em><\/strong><\/p>\n<hr \/>\n<p><em>El 4 d&#8217;ochobre celebra&#8217;l D\u00eda Mundial de los Animales en conmemoraci\u00f3n de San Francisco d\u00b4Asis. Esti santu, que naci\u00f3 en 1182 n&#8217;Italia, dex\u00f3 como ense\u00f1anza a la humanid\u00e1 que tenemos d&#8217;entender cu\u00e1l ye&#8217;l nuesu llugar na Tierra, una y bones el bienestar de n\u00f3s ta integr\u00e1u al bienestar de too los animales y el mediu ambiente.<\/em><\/p>\n<p><em>Nos a\u00f1os que vivi\u00f3 San Francisco d\u00b4Asis estes idees viense con estra\u00f1ed\u00e1. Ye por esta raz\u00f3n que se considera que s&#8217;adelantr\u00f3 a la so d\u00f3mina. Esti santu na so vida decidi\u00f3 desaposiase de toles riqueces materiales y dedic\u00f3se a sirvir y ayudar non solo a los sos asemeyaos, sin\u00f3n tami\u00e9n a tolos animales, a los que consideraba f\u00edos de Dios y llamaba \u201chermanos\u201d.<\/em><\/p>\n<blockquote><p>\u00bb tenemos d&#8217;entender cu\u00e1l ye&#8217;l nuesu llugar na Tierra, una y bones el bienestar de n\u00f3s ta integr\u00e1u al bienestar de tolos animales y el mediu ambiente\u00bb.<\/p><\/blockquote>\n<p><em>El Papa Juan Pablo II declar\u00f3lu <strong>\u00abPatronu de los Animales y de los Ecoloxistes\u00bb.<\/strong><\/em><\/p>\n<p><a href=\"https:\/\/dam.tbg.com.mx\/content\/dam\/tbg\/mexico\/natgeo\/mx\/traveler\/agenda\/17\/10\/04\/san-francisco-de-asis-en-bosque-fondo.jpg.imgo.jpg\"><img loading=\"lazy\" decoding=\"async\" class=\"alignnone \" src=\"https:\/\/dam.tbg.com.mx\/content\/dam\/tbg\/mexico\/natgeo\/mx\/traveler\/agenda\/17\/10\/04\/san-francisco-de-asis-en-bosque-fondo.jpg.imgo.jpg\" width=\"540\" height=\"350\" \/><\/a><\/p>\n<p><em>Nel a\u00f1u 1929, el 4 d&#8217;ochobre, declar\u00f3se <strong>D\u00eda Mundial de los Animales<\/strong>, por iniciativa de la Organizaci\u00f3n Mundial de Protecci\u00f3n Animal nun congresu celebr\u00e1u en Viena. <strong>L&#8217;oxetivu principal yera xenerar una soluci\u00f3n al problema de les especies en peligru d&#8217;estinci\u00f3n<\/strong>. <\/em><em>Ye importante que respetemos l&#8217;h\u00e1bitat de los animales en vida selvaxe pa evitar la desapaici\u00f3n de les especies; seg\u00fan controlar la tasa d&#8217;animales en situaci\u00f3n de cai nes zones urbanes.<br \/>\n<\/em><\/p>\n<p><strong><em>El principal prop\u00f3situ del D\u00eda Mundial de los Animales ye recordar la importancia del caltenimientu de les especies animales nel planeta. <\/em><\/strong><em>La Declaraci\u00f3n Universal de Derechos del Animal, foi proclamada&#8217;l 15 d&#8217;ochobre de 1978 y aprobada pola Organizaci\u00f3n de la Naciones Xun\u00edes. Esta declaraci\u00f3n establez que <strong>tou animal tien derechos<\/strong> y se\u00f1ala que&#8217;l desconocimientu y despreciu d&#8217;esos derechos conducieron y siguen conduciendo al home a cometer cr\u00edmenes contra la naturaleza y contra los animales.<\/em><\/p>\n<p><em>La meyor forma de celebrar esti d\u00eda, ye respetando a tolos seres vivos que conviven con n\u00f3s nel planeta.<\/em><\/p>\n<\/div>\n<\/div>\n<\/div>\n","protected":false},"excerpt":{"rendered":"<p>TEMA:\u00a0 Fauna&#8230; Animales salvajes y razas aut\u00f3ctonas Actividad: Animales en peligro de extinci\u00f3n en Asturias Activid\u00e1: Animales en peligru d\u00b4estinci\u00f3n n\u00b4Asturies Ver video de la Fundaci\u00f3n Oso Ver 2 minutos UROGALLO CANT\u00c1BRICO TEMA: RAZAS AUT\u00d3CTONAS EN ASTURIAS (para ver fotos y comentar&#8230;) Asturias, peque\u00f1a en territorio y poblaci\u00f3n, tiene varias razas aut\u00f3ctonas de cerdo, vacas, [&hellip;]<\/p>\n","protected":false},"author":117,"featured_media":0,"parent":214,"menu_order":0,"comment_status":"closed","ping_status":"closed","template":"","meta":{"footnotes":""},"class_list":["post-1199","page","type-page","status-publish","hentry","post-preview"],"_links":{"self":[{"href":"https:\/\/edublog.educastur.es\/ixuxullingua\/wp-json\/wp\/v2\/pages\/1199","targetHints":{"allow":["GET"]}}],"collection":[{"href":"https:\/\/edublog.educastur.es\/ixuxullingua\/wp-json\/wp\/v2\/pages"}],"about":[{"href":"https:\/\/edublog.educastur.es\/ixuxullingua\/wp-json\/wp\/v2\/types\/page"}],"author":[{"embeddable":true,"href":"https:\/\/edublog.educastur.es\/ixuxullingua\/wp-json\/wp\/v2\/users\/117"}],"replies":[{"embeddable":true,"href":"https:\/\/edublog.educastur.es\/ixuxullingua\/wp-json\/wp\/v2\/comments?post=1199"}],"version-history":[{"count":1,"href":"https:\/\/edublog.educastur.es\/ixuxullingua\/wp-json\/wp\/v2\/pages\/1199\/revisions"}],"predecessor-version":[{"id":1200,"href":"https:\/\/edublog.educastur.es\/ixuxullingua\/wp-json\/wp\/v2\/pages\/1199\/revisions\/1200"}],"up":[{"embeddable":true,"href":"https:\/\/edublog.educastur.es\/ixuxullingua\/wp-json\/wp\/v2\/pages\/214"}],"wp:attachment":[{"href":"https:\/\/edublog.educastur.es\/ixuxullingua\/wp-json\/wp\/v2\/media?parent=1199"}],"curies":[{"name":"wp","href":"https:\/\/api.w.org\/{rel}","templated":true}]}}