{"id":1201,"date":"2020-11-09T20:40:31","date_gmt":"2020-11-09T18:40:31","guid":{"rendered":"https:\/\/edublog.educastur.es\/ixuxullingua\/?page_id=1201"},"modified":"2020-11-09T20:40:31","modified_gmt":"2020-11-09T18:40:31","slug":"sesion-06","status":"publish","type":"page","link":"https:\/\/edublog.educastur.es\/ixuxullingua\/2-segundu\/segundu-20-21\/02-primer-trimestre\/sesion-06\/","title":{"rendered":"Sesi\u00f3n 06"},"content":{"rendered":"<ul>\n<li><strong><em>Amag\u00fcestu: <a href=\"https:\/\/educastur-my.sharepoint.com\/:b:\/g\/personal\/isabellh_educastur_org\/Ecjo0e5D3O5Ot1INvvjfd6QBxeAc6zmswiVuTp2b_9kTAQ?e=IaO1dd\">Actividad en castellano y en asturiano.<\/a> <\/em><\/strong><\/li>\n<li><a href=\"https:\/\/www.youtube.com\/watch?v=SYTyfQVIZtc&amp;feature=youtu.be\"><em>Videu: Les casta\u00f1es<\/em><\/a><\/li>\n<\/ul>\n\n<!-- iframe plugin v.6.0 wordpress.org\/plugins\/iframe\/ -->\n<iframe loading=\"lazy\" width=\"588\" height=\"331\" src=\"https:\/\/www.youtube.com\/embed\/SYTyfQVIZtc\" scrolling=\"yes\" class=\"iframe-class\" frameborder=\"0\"><\/iframe>\n\n<ul>\n<li><strong><em>Samart\u00edn <\/em><\/strong><em>(11 de Noviembre): <a href=\"https:\/\/educastur-my.sharepoint.com\/:b:\/g\/personal\/isabellh_educastur_org\/EWwOzGbDSadAkSQcxsLM1DsBED-AWRM7xfwCGHOEAyzkAg?e=JnGXIR\">Actividad <strong>en castellano y en<\/strong> <strong>asturiano<\/strong>.<\/a><br \/>\n<\/em><a href=\"https:\/\/imgbox.es\/images\/2020\/11\/07\/samartin2e6ffb5896a9d72d7.jpg\"><img loading=\"lazy\" decoding=\"async\" class=\"alignnone size-full\" src=\"https:\/\/imgbox.es\/images\/2020\/11\/07\/samartin2e6ffb5896a9d72d7.jpg\" width=\"888\" height=\"593\" \/><\/a><\/li>\n<\/ul>\n<p><a href=\"https:\/\/turismosierradearacena.com\/wp-content\/uploads\/2013\/02\/cerdo-ib%C3%A9rico-jam%C3%B3n-casa-rural-sierra-de-huelva.png\"><img loading=\"lazy\" decoding=\"async\" class=\"alignnone size-full\" src=\"https:\/\/turismosierradearacena.com\/wp-content\/uploads\/2013\/02\/cerdo-ib%C3%A9rico-jam%C3%B3n-casa-rural-sierra-de-huelva.png\" width=\"640\" height=\"400\" \/><\/a><\/p>\n<ul>\n<li><a href=\"https:\/\/imgbox.es\/images\/2020\/10\/25\/Matanza_01fbf9563ee3920f64.jpg\"><img loading=\"lazy\" decoding=\"async\" class=\"alignnone size-full\" src=\"https:\/\/imgbox.es\/images\/2020\/10\/25\/Matanza_01fbf9563ee3920f64.jpg\" width=\"1466\" height=\"1930\" \/><\/a><a href=\"https:\/\/imgbox.es\/images\/2020\/10\/25\/matanza_0260d4f4c2365bdec4.jpg\"><img loading=\"lazy\" decoding=\"async\" class=\"alignnone size-full\" src=\"https:\/\/imgbox.es\/images\/2020\/10\/25\/matanza_0260d4f4c2365bdec4.jpg\" width=\"1442\" height=\"2080\" \/><\/a><\/li>\n<li><a href=\"http:\/\/casarural-extremadura.com\/despiece-cortes-y-carnes-del-cerdo\"><strong><em>Despiece del cerdo (texto)<\/em><\/strong><\/a><\/li>\n<\/ul>\n<p><a href=\"https:\/\/imgbox.es\/images\/2020\/11\/07\/cerdo1534f0f9e2c0aa19.jpg\"><img loading=\"lazy\" decoding=\"async\" class=\"alignnone \" src=\"https:\/\/imgbox.es\/images\/2020\/11\/07\/cerdo1534f0f9e2c0aa19.jpg\" width=\"321\" height=\"205\" \/><\/a>\/\u00a0 <a href=\"https:\/\/www.riveroseloquecomo.es\/wp-content\/uploads\/2015\/02\/Partes-del-cerdo-01.jpg\"><img loading=\"lazy\" decoding=\"async\" class=\"alignnone \" src=\"https:\/\/www.riveroseloquecomo.es\/wp-content\/uploads\/2015\/02\/Partes-del-cerdo-01.jpg\" width=\"347\" height=\"194\" \/><\/a><\/p>\n<p><em>Clic para ampliar las im\u00e1genes&#8230;<\/em><\/p>\n<p><a href=\"https:\/\/imgbox.es\/images\/2020\/11\/07\/cerdo2227ac09d78c3b7097.jpg\"><img loading=\"lazy\" decoding=\"async\" class=\"alignnone size-full\" src=\"https:\/\/imgbox.es\/images\/2020\/11\/07\/cerdo2227ac09d78c3b7097.jpg\" width=\"730\" height=\"310\" \/><\/a><\/p>\n<p><em>Podemos colorear esta im\u00e1gen&#8230;<\/em><\/p>\n<p><a href=\"https:\/\/imgbox.es\/images\/2020\/11\/07\/despiece-blanco-680x380-680x380c676804648e1a2f8.jpg\"><img loading=\"lazy\" decoding=\"async\" class=\"alignnone size-full\" src=\"https:\/\/imgbox.es\/images\/2020\/11\/07\/despiece-blanco-680x380-680x380c676804648e1a2f8.jpg\" width=\"680\" height=\"380\" \/><\/a><\/p>\n<p><a href=\"https:\/\/mismejoresrecetas.com\/media\/posts\/19\/Despiece_del_cerdo_1.png\"><img loading=\"lazy\" decoding=\"async\" class=\"alignnone size-full\" src=\"https:\/\/mismejoresrecetas.com\/media\/posts\/19\/Despiece_del_cerdo_1.png\" width=\"1418\" height=\"1152\" \/><\/a><\/p>\n<p><em>Y todav\u00eda podemos ver m\u00e1s despiece&#8230; se aprovecha todo todo&#8230;<\/em><\/p>\n<p><a href=\"https:\/\/valenciagastronomica.com\/wp-content\/uploads\/2016\/04\/carne-de-cerdo-corte-y-despiece.jpg\"><img loading=\"lazy\" decoding=\"async\" class=\"alignnone size-full\" src=\"https:\/\/valenciagastronomica.com\/wp-content\/uploads\/2016\/04\/carne-de-cerdo-corte-y-despiece.jpg\" width=\"627\" height=\"807\" \/><\/a><\/p>\n<hr \/>\n<p>Cuentu n\u00b4asturianu para todos, tami\u00e9n pa los de Cultura<br \/>\n<strong><em>\u00abLa\u00a0 granxa\u00a0 de\u00a0 Sandra\u00bb<\/em><\/strong>.<\/p>\n<ul>\n<li><em><a href=\"https:\/\/educastur-my.sharepoint.com\/:u:\/g\/personal\/isabellh_educastur_org\/EdRoWguHYhBPtyCfB0r02MsBS9DwuNp_ut4juEqcGhPVeQ?e=9oPFY4\"><strong>Escuchar audio<\/strong> (en una pesta\u00f1a) mientras se ampl\u00eda la p\u00e1gina.<\/a> <\/em><\/li>\n<li><strong><em>El maestru\/a llee de nuevu el cuentu<\/em><\/strong>.<\/li>\n<\/ul>\n<p><a href=\"https:\/\/imgbox.es\/images\/2020\/11\/07\/Sandra_01bf90198bd78592277.jpg\"><img loading=\"lazy\" decoding=\"async\" class=\"alignnone size-full\" src=\"https:\/\/imgbox.es\/images\/2020\/11\/07\/Sandra_01bf90198bd78592277.jpg\" width=\"1532\" height=\"2182\" \/><\/a><\/p>\n<p><a href=\"https:\/\/imgbox.es\/images\/2020\/11\/07\/Sandra_029b578490f66797b4.jpg\"><img loading=\"lazy\" decoding=\"async\" class=\"alignnone size-full\" src=\"https:\/\/imgbox.es\/images\/2020\/11\/07\/Sandra_029b578490f66797b4.jpg\" width=\"1592\" height=\"2218\" \/><\/a><\/p>\n<p><strong><em>Preguntas para responder (entre todos)&#8230;<br \/>\n<\/em><\/strong><em>Se puede ir anotando en la pizarra lo que vayan diciendo&#8230;<\/em><strong><em><br \/>\n<\/em><\/strong><\/p>\n<p><em>1) \u00bfQui\u00e9n tien una granxa d\u00b4animales en Feleches (Siero)?<\/em><br \/>\n<em>2) \u00bfQu\u00e9 fizo Sandra, que ye mui llista, un d\u00eda?<\/em><br \/>\n<em>3) \u00bfQu\u00e9 yos pas\u00f3 a los animales de la granxa de Sandra col \u00abpiensu especial\u00bb?<\/em><br \/>\n<em>\u00a0\u00a0\u00a0\u00a0\u00a0 Les pites&#8230; \/ El xatu&#8230; \/El gochu&#8230; \/Un par de cor\u00edos&#8230;\/ El pitu.. \/ El burru&#8230;<br \/>\n<\/em><em>4) \u00bfQu\u00e9 ficieron Sandra y los sos amigos pa resolver el problema?<\/em><\/p>\n<p>&nbsp;<\/p>\n","protected":false},"excerpt":{"rendered":"<p>Amag\u00fcestu: Actividad en castellano y en asturiano. Videu: Les casta\u00f1es Samart\u00edn (11 de Noviembre): Actividad en castellano y en asturiano. Despiece del cerdo (texto) \/\u00a0 Clic para ampliar las im\u00e1genes&#8230; Podemos colorear esta im\u00e1gen&#8230; Y todav\u00eda podemos ver m\u00e1s despiece&#8230; se aprovecha todo todo&#8230; Cuentu n\u00b4asturianu para todos, tami\u00e9n pa los de Cultura \u00abLa\u00a0 granxa\u00a0 [&hellip;]<\/p>\n","protected":false},"author":117,"featured_media":0,"parent":212,"menu_order":0,"comment_status":"closed","ping_status":"closed","template":"","meta":{"footnotes":""},"class_list":["post-1201","page","type-page","status-publish","hentry","post-preview"],"_links":{"self":[{"href":"https:\/\/edublog.educastur.es\/ixuxullingua\/wp-json\/wp\/v2\/pages\/1201","targetHints":{"allow":["GET"]}}],"collection":[{"href":"https:\/\/edublog.educastur.es\/ixuxullingua\/wp-json\/wp\/v2\/pages"}],"about":[{"href":"https:\/\/edublog.educastur.es\/ixuxullingua\/wp-json\/wp\/v2\/types\/page"}],"author":[{"embeddable":true,"href":"https:\/\/edublog.educastur.es\/ixuxullingua\/wp-json\/wp\/v2\/users\/117"}],"replies":[{"embeddable":true,"href":"https:\/\/edublog.educastur.es\/ixuxullingua\/wp-json\/wp\/v2\/comments?post=1201"}],"version-history":[{"count":1,"href":"https:\/\/edublog.educastur.es\/ixuxullingua\/wp-json\/wp\/v2\/pages\/1201\/revisions"}],"predecessor-version":[{"id":1202,"href":"https:\/\/edublog.educastur.es\/ixuxullingua\/wp-json\/wp\/v2\/pages\/1201\/revisions\/1202"}],"up":[{"embeddable":true,"href":"https:\/\/edublog.educastur.es\/ixuxullingua\/wp-json\/wp\/v2\/pages\/212"}],"wp:attachment":[{"href":"https:\/\/edublog.educastur.es\/ixuxullingua\/wp-json\/wp\/v2\/media?parent=1201"}],"curies":[{"name":"wp","href":"https:\/\/api.w.org\/{rel}","templated":true}]}}