{"id":1213,"date":"2020-11-09T20:54:20","date_gmt":"2020-11-09T18:54:20","guid":{"rendered":"https:\/\/edublog.educastur.es\/ixuxullingua\/?page_id=1213"},"modified":"2020-11-09T20:54:20","modified_gmt":"2020-11-09T18:54:20","slug":"sesion-06","status":"publish","type":"page","link":"https:\/\/edublog.educastur.es\/ixuxullingua\/3-terceru\/terceru-20-21\/02-primer-trimestre\/sesion-06\/","title":{"rendered":"Sesi\u00f3n 06"},"content":{"rendered":"<p><a href=\"https:\/\/upload.wikimedia.org\/wikipedia\/commons\/9\/9f\/Satellite_image_of_Asturies_in_January_2003.jpg\"><img loading=\"lazy\" decoding=\"async\" class=\"alignnone size-full\" src=\"https:\/\/upload.wikimedia.org\/wikipedia\/commons\/9\/9f\/Satellite_image_of_Asturies_in_January_2003.jpg\" width=\"1082\" height=\"580\" \/><\/a><\/p>\n<ul>\n<li><a href=\"https:\/\/educastur-my.sharepoint.com\/:b:\/g\/personal\/isabellh_educastur_org\/EcfTsZeR1VVCmNY0ZQ2MwIcBXhcaejtSyWn1Gqa91yXzmw?e=uSvrtp\"><em><strong>Actividad de aula <\/strong>(castellano)<\/em><\/a><\/li>\n<li><a href=\"https:\/\/educastur-my.sharepoint.com\/:b:\/g\/personal\/isabellh_educastur_org\/EdM4iD-WFGtPnwE4Uq6npGwBeJLyWZ6EoKhE1DrvhlPtOA?e=jgXyBr\"><em><strong>Activid\u00e1 d\u00b4aula<\/strong> (asturiano)<\/em><\/a><\/li>\n<\/ul>\n<p><a href=\"https:\/\/luisamariaarias.files.wordpress.com\/2015\/02\/mapa-fc3adsico-de-asturias.gif\"><img loading=\"lazy\" decoding=\"async\" class=\"alignnone \" src=\"https:\/\/luisamariaarias.files.wordpress.com\/2015\/02\/mapa-fc3adsico-de-asturias.gif\" width=\"829\" height=\"416\" \/><\/a><\/p>\n<p><a href=\"https:\/\/2.bp.blogspot.com\/-8EiLSZ8W2iw\/W9WZcqc28_I\/AAAAAAAAItQ\/sE-bbtemHMMD4JB6DjJVrGztONwWIyMQwCPcBGAYYCw\/s1600\/mapa-geografico-de-asturias.jpg\"><img loading=\"lazy\" decoding=\"async\" class=\"alignnone size-full\" src=\"https:\/\/2.bp.blogspot.com\/-8EiLSZ8W2iw\/W9WZcqc28_I\/AAAAAAAAItQ\/sE-bbtemHMMD4JB6DjJVrGztONwWIyMQwCPcBGAYYCw\/s1600\/mapa-geografico-de-asturias.jpg\" width=\"1555\" height=\"735\" \/><\/a><\/p>\n<ul>\n<li><a href=\"https:\/\/www.entrecumbres.com\/wp-content\/uploads\/2011\/09\/litologia_cantabrica.png\"><strong><em>Ver mapa de toda la Cordillera Cant\u00e1brica<\/em><\/strong><\/a><\/li>\n<li><a href=\"https:\/\/www.entrecumbres.com\/sistemas-montanosos\/cordillera-cantabrica\/\"><strong><em>Web Cordillera Cant\u00e1brica<\/em><\/strong><\/a><\/li>\n<\/ul>\n<p><a href=\"https:\/\/pacosalinero.es\/Montanas\/Cor_Cantab.png\"><img loading=\"lazy\" decoding=\"async\" class=\"alignnone size-full\" src=\"https:\/\/cantabrianmountains.com\/wp-content\/uploads\/mapa-13-reservas-cordillera-cant%C3%A1brica.jpg\" width=\"2513\" height=\"808\" \/><\/a><\/p>\n<p><a href=\"https:\/\/pacosalinero.es\/Montanas\/Cor_Cantab.png\"><img loading=\"lazy\" decoding=\"async\" class=\"alignnone size-full\" src=\"https:\/\/pacosalinero.es\/Montanas\/Cor_Cantab.png\" width=\"1512\" height=\"1025\" \/><\/a><\/p>\n<ul>\n<li><a href=\"https:\/\/www.youtube.com\/watch?v=FHgKpk1SyAM\"><strong><em>Video: Parque Nacional de los Picos de Europa<\/em><\/strong><\/a><\/li>\n<\/ul>\n\n<!-- iframe plugin v.6.0 wordpress.org\/plugins\/iframe\/ -->\n<iframe loading=\"lazy\" width=\"588\" height=\"331\" src=\"https:\/\/www.youtube.com\/embed\/FHgKpk1SyAM\" scrolling=\"yes\" class=\"iframe-class\" frameborder=\"0\"><\/iframe>\n\n<p><strong><em>Elementos del relieve: Las monta\u00f1as asturianas. Picos de Europa<br \/>\n<\/em><\/strong><\/p>\n<p><em>El relieve asturiano. La principal caracter\u00edstica del relieve de Asturias es la presencia de<strong><a href=\"https:\/\/cantabrianmountains.com\/wp-content\/uploads\/mapa-13-reservas-cordillera-cant%C3%A1brica.jpg\"> La Cordillera Cant\u00e1brica<\/a> (<a href=\"https:\/\/pacosalinero.es\/Montanas\/Cor_Cantab.png\">mapa<\/a>)<\/strong>, situada en el extremo sur de la provincia, recorri\u00e9ndola en toda su extensi\u00f3n de este a oeste, y de las cordilleras interiores, perpendiculares a la costa en el oeste (como la de La Bobia y la del Ra\u00f1adoiro) y paralelas a la costa en el este (como la del Cuera).<\/em><\/p>\n<p><em>En la parte este de la Cordillera Cant\u00e1brica se encuentran los<a href=\"https:\/\/kilometrosquecuentan.com\/wp-content\/uploads\/2020\/06\/picos-europa-naranjo-bulnes-1200.jpg\"><strong> Picos De Europa<\/strong><\/a>, con cumbres como <a href=\"https:\/\/www.cantabriarural.com\/wp-content\/uploads\/2016\/07\/Torre-Cerredo-Cantabria-Cantabriarural-A-800x533.jpg\"><strong>Torre Cerredo<\/strong><\/a> (la mas alta con 2.648 metros), <strong><a href=\"https:\/\/www.mountain-forecast.com\/system\/images\/25627\/large\/Pena-Ubina.jpg?1551797732\">Pe\u00f1a Ubi\u00f1a<\/a> (<\/strong><a href=\"https:\/\/rutas.elcorreo.com\/grafico\/CI01QO01-PenaUrbina-01.png\">croquis<\/a><strong>), <a href=\"https:\/\/www.mendikat.net\/store\/mountains\/8472_z96wptqjk21x5ucb.jpg\">Pe\u00f1a Santa De Castilla<\/a> o el famoso Naranjo de Bulnes<\/strong> (el <a href=\"https:\/\/i.pinimg.com\/originals\/5d\/07\/08\/5d0708761985834a44836081d52ddce8.jpg\">Picu Urriellu<\/a>).<\/em><\/p>\n<p><a href=\"https:\/\/static.wixstatic.com\/media\/0be3e1_669328d9f84f4f7281aab5f6fe8c9381~mv2.gif\"><img loading=\"lazy\" decoding=\"async\" class=\"alignnone \" src=\"https:\/\/static.wixstatic.com\/media\/0be3e1_669328d9f84f4f7281aab5f6fe8c9381~mv2.gif\" width=\"702\" height=\"448\" \/><\/a><\/p>\n<h4 class=\"font_8\"><strong>RELIEVE ASTURIANO. <\/strong><strong>En el relieve de Asturias podemos diferenciar varias zonas:<br \/>\n1) <\/strong>LA ZONA LITORAL:\u00a0 Es una franja de unos 10 km de profundidad paralela a la costa y formada por las rasas y sierras litorales. Las sierras litorales se extienden desde Gij\u00f3n hacia el este siendo las m\u00e1s importantes las del Sueve y Cuera.<\/h4>\n<h4>2) LOS VALLES INTERIORES: Desde la cordillera Cant\u00e1brica se extienden numerosas sierras hacia el mar, formando profundos valles por los que discurren los principales r\u00edos asturianos. Los valles interiores m\u00e1s importantes son: Deva-Cares, Sella-Pilo\u00f1a, Nal\u00f3n-Caudal, Narcea, Esva-Canero, Navia y Eo. Entre las principales sierras interiores se encuentran las de: Bobia, Ra\u00f1adoiro, Acebo, Aramo y Ponga.<\/h4>\n<h4>3) CORDILLERA CANT\u00c1BRICA: Las principales altitudes del Principado de Asturias se encuentran situadas en la zona oriental de la Cordillera Cant\u00e1brica en la parte conocida como Picos de Europa, donde se superan los 2000 m de altitud. El monte m\u00e1s alto de Asturias es Torrecerredo con 2648 m y uno de los m\u00e1s conocidos es el Naranjo de Bulnes o Picu Urriellu con 2519 m. Si nos fijamos en los montes situados fuera de la zona de Picos de Europa cabe destacar Pe\u00f1a Ubi\u00f1a con 2417 m. Para atravesar la cordillera nos encontramos varios puertos de monta\u00f1a como son: Pajares, San Isidro, Leitariegos, Tarna, Ventana y Pont\u00f3n entre otros.<\/h4>\n<ul>\n<li><em><strong>CONCEPTO DE RELIEVE: <\/strong><\/em><em>El relieve, dentro de la geograf\u00eda, es sin\u00f3nimo de accidentes geogr\u00e1ficos. El relieve es una<strong> textura sobresaliente de una superficie<\/strong>.\u00a0 Es el aspecto de la superficie terrestre, es decir, <strong>las formas que presenta la Tierra<\/strong>,\u00a0 que se representa en mapas\u00a0 topogr\u00e1ficos. <\/em><\/li>\n<\/ul>\n<p><a href=\"https:\/\/1.bp.blogspot.com\/-13d-AVkYlbY\/TcjyAGeMPBI\/AAAAAAAAGNs\/n_v7A_CNASs\/s1600\/relieve+continental.jpg\"><img loading=\"lazy\" decoding=\"async\" class=\"alignnone size-full\" src=\"https:\/\/1.bp.blogspot.com\/-13d-AVkYlbY\/TcjyAGeMPBI\/AAAAAAAAGNs\/n_v7A_CNASs\/s1600\/relieve+continental.jpg\" width=\"675\" height=\"337\" \/><\/a><\/p>\n<ul>\n<li><em>Las formas del relieve se clasifican por su aspecto (ver enlaces&#8230;): <a href=\"https:\/\/concepto.de\/wp-content\/uploads\/2018\/08\/monta%C3%B1as-e1533762816593.jpg\">monta\u00f1a<\/a>, <a href=\"https:\/\/upload.wikimedia.org\/wikipedia\/commons\/7\/71\/Roque_Chinchado_01.JPG\">roque<\/a>, (<a href=\"https:\/\/es.wikipedia.org\/wiki\/Roque_Cinchado\">Roque Cinc, hado Tenerife<\/a>), barrancos, <a href=\"https:\/\/www.picosdeeuropaleon.com\/wp-content\/uploads\/2016\/03\/AGP_20170513_0501.jpg\">desfiladeros<\/a> o <a href=\"https:\/\/static2.elcomercio.es\/www\/multimedia\/201906\/20\/media\/cortadas\/ruta-del-cares-3-k3ZD-U80573599547iHH-624x385@El%20Comercio.jpg\">gargantas<\/a>, (<a href=\"https:\/\/www.picoseuropa.net\/cares\/2\/desfiladero-cares-4707-d13.jpg\">Cares<\/a>), mesetas&#8230; Cordillera \/<a href=\"https:\/\/www.picoseuropa.net\/picos-central\/p5-a-pidal-d66-1.jpg\">Macizo<\/a> \/ <a href=\"https:\/\/3.bp.blogspot.com\/-NLEODpyS6yw\/XMMgSBunqwI\/AAAAAAAAZDI\/6aLHIn0HwiU-2jS3QWWm1QgR10njPUaqACLcBGAs\/s1600\/IMG_5696%2Btext.jpg\">Sierra<\/a> (<a href=\"https:\/\/www.picoseuropa.net\/picos-sierras-costeras\/turbina\/turbina-asturias-0341-d56.jpg\">Cuera<\/a>)\/ <a href=\"https:\/\/concepto.de\/wp-content\/uploads\/2020\/02\/meseta-relieve-tepuyes-venezolano-e1580832471796.jpg\">Meseta<\/a> \/ <a href=\"https:\/\/concepto.de\/wp-content\/uploads\/2020\/02\/valle-cabuerniga-carmona-cantabria-espan%CC%83a-e1582219640252.jpg\">Valle<\/a> \/<a href=\"https:\/\/concepto.de\/wp-content\/uploads\/2020\/02\/llanura-ganaderia-e1580922116505.jpg\"> Llanura<\/a> \/ <a href=\"https:\/\/cdn.pixabay.com\/photo\/2020\/06\/21\/09\/48\/hill-5324149_960_720.jpg\">Colina<\/a> (<a href=\"https:\/\/verne.elpais.com\/verne\/2020\/03\/02\/articulo\/1583169237_876817.html\">Windows<\/a>)&#8230; Hay<a href=\"https:\/\/i.pinimg.com\/originals\/26\/0d\/84\/260d84eec132d8c0b993358bab88ee23.png\"> relieve de costa<\/a> y <a href=\"https:\/\/i.pinimg.com\/originals\/99\/80\/bd\/9980bde565229a012354052a59f10c78.png\">relieve de interior<\/a>&#8230; <a href=\"https:\/\/2.bp.blogspot.com\/-F5IvHhE0ia0\/UVNChfHab1I\/AAAAAAAAJRM\/saeTQvTnBd8\/s640\/el+relieve.png\">Hay m\u00e1s tipos&#8230;<\/a><br \/>\n<\/em><\/li>\n<li><a href=\"https:\/\/2.bp.blogspot.com\/-G_qHgAxeMiM\/TsQW7hHp5sI\/AAAAAAAABO4\/_5tK8DqlsqY\/s1600\/unidades-morfoestructurales.jpg\">Unidades morfoestructurales de Espa\u00f1a<\/a><\/li>\n<li><a href=\"https:\/\/upload.wikimedia.org\/wikipedia\/commons\/thumb\/8\/8b\/Geological_units_of_the_Iberian_Peninsula_ES.svg\/1200px-Geological_units_of_the_Iberian_Peninsula_ES.svg.png\">Unidades geolog\u00eda Ib\u00e9rica<\/a><\/li>\n<li><a href=\"https:\/\/2.bp.blogspot.com\/-Y3lKpEYoAho\/UYaWJXn7YgI\/AAAAAAAAHPw\/T2QVKBz-tTU\/s1600\/unidades+de+relieve.jpg\">Unidades del relieve Espa\u00f1a!!!<\/a><\/li>\n<li><a href=\"https:\/\/i.pinimg.com\/originals\/15\/7e\/cd\/157ecdfb4b75d818d784dab81dbd5dca.jpg\">R\u00edos de Espa\u00f1a<\/a><\/li>\n<\/ul>\n<p><a href=\"https:\/\/marjunco.webnode.es\/_files\/200000152-dd737df661\/relieve%20interior.GIF\"><img loading=\"lazy\" decoding=\"async\" class=\"alignnone \" src=\"https:\/\/marjunco.webnode.es\/_files\/200000152-dd737df661\/relieve%20interior.GIF\" width=\"507\" height=\"309\" \/><\/a><\/p>\n<p>Curiosidades&#8230;<\/p>\n<ul>\n<li><a href=\"https:\/\/www.un.org\/es\/observances\/mountain-day\">11 Diciembre D\u00eda Internacional Monta\u00f1as<\/a><\/li>\n<li><a href=\"https:\/\/elviajero.elpais.com\/elviajero\/2019\/12\/06\/album\/1575647129_239693.html#foto_gal_4\">Las 20 Monta\u00f1as m\u00e1s espectaculares de la Tierra<\/a><\/li>\n<\/ul>\n<hr \/>\n<p><strong><u>LOS \u00a010 \u00a0PUEBLOS \u00a0M\u00c1S \u00a0BONITOS \u00a0DE \u00a0PICOS \u00a0DE \u00a0EUROPA<\/u><\/strong><\/p>\n<p><strong><em><u>1. Covadonga<\/u><\/em><\/strong><em><u> (Cuadonga)<\/u><\/em><strong><em><u>.<\/u><\/em><\/strong>En el concejo de\u00a0<strong>Cangas de On\u00eds<\/strong>, es un rec\u00f3ndito lugar, donde dieron lugar al surgimiento del Reino de Asturias.<br \/>\n<strong>2.<\/strong> <strong><em><u>Bulnes.<\/u><\/em><\/strong> En\u00a0<strong>Cabrales<\/strong>, es un lugar con mucho encanto con un mirador del Urriellu y un barrio alto llamado El Castillo.<br \/>\n<strong>3.<\/strong> <strong><em><u>Sotres.<\/u><\/em><\/strong> En\u00a0<a href=\"https:\/\/www.turismoasturias.es\/blog\/-\/blogs\/las-10-mejores-cosas-que-ver-y-hacer-en-cabrales\">Cabrales<\/a>, es uno de los pueblos m\u00e1s altos de Asturias.<br \/>\n<strong>4.<em><u>Tielve.<\/u><\/em><\/strong> Es la capital mundial del queso de <strong>Cabrales<\/strong>.<br \/>\n<em><u><strong>5. Camarme\u00f1a. <\/strong><\/u><\/em>En\u00a0<a href=\"https:\/\/www.turismoasturias.es\/descubre\/donde-ir\/municipios\/cabrales\"><strong>Cabrales<\/strong><\/a>, es uno de los m\u00e1s bellos miradores de Picos de Europa, y concretamente del\u00a0<strong>Picu Urriellu<\/strong>.<br \/>\n<strong><em>6. <u>Gamon\u00e9u de Cangas y Gamon\u00e9u <\/u><\/em><\/strong><strong><em><u>de On\u00eds<\/u><\/em><\/strong><em><u>, dos pueblos gemelos. <\/u><\/em>Son dos aldeas gemelas, su actividad ganadera refleja su vocaci\u00f3n por el queso <strong>Gamon\u00e9u<\/strong> al que dan nombre.<br \/>\n<strong>7. <u>Amieva.<\/u><\/strong> Es una preciosa aldea con una gran tradici\u00f3n monta\u00f1era en el Valle de Ang\u00f3n.<br \/>\n<strong>8. <em><u>Tele\u00f1a. <\/u><\/em><\/strong>Es una aldea muy antigua del concejo de Cangas de On\u00eds, que conserva excelentes ejemplos de arquitectura tradicional.<br \/>\n<strong><em><u>9. Asiegu.<\/u><\/em><\/strong>Es el pueblo asturiano con las mejores vistas del picu Urriellu. Fue Pueblo Ejemplar de Asturias en el a\u00f1o 2019.<br \/>\n<em><u><strong>10<\/strong>. <strong>Seg\u00fcencu. <\/strong><\/u><\/em>Es una aldea en el concejo de\u00a0<strong>Cangas de On\u00eds<\/strong>. Esta aldea te ofrece una de las panor\u00e1micas de toda Asturias.<\/p>\n<p><a href=\"https:\/\/www.turismoasturias.es\/documents\/11022\/2777008\/home.jpg\"><img loading=\"lazy\" decoding=\"async\" class=\"alignnone size-full\" src=\"https:\/\/www.turismoasturias.es\/documents\/11022\/2777008\/home.jpg\" width=\"1900\" height=\"997\" \/><\/a><\/p>\n<p><a href=\"https:\/\/guiadeasturias.com\/wp-content\/uploads\/2016\/01\/Bulnes.jpg\"><img loading=\"lazy\" decoding=\"async\" class=\"alignnone \" src=\"https:\/\/guiadeasturias.com\/wp-content\/uploads\/2016\/01\/Bulnes.jpg\" width=\"675\" height=\"346\" \/><\/a><\/p>\n<p>\/ <a href=\"https:\/\/www.turismoasturias.es\/documents\/11022\/31657\/bulnes.jpg\/8aa1827c-8d65-491e-bf6e-7959a43725b6?t=1571925032227\"><img loading=\"lazy\" decoding=\"async\" class=\"alignnone \" src=\"https:\/\/www.turismoasturias.es\/documents\/11022\/31657\/bulnes.jpg\/8aa1827c-8d65-491e-bf6e-7959a43725b6?t=1571925032227\" width=\"664\" height=\"421\" \/><\/a><\/p>\n<p>3.<\/p>\n<p><a href=\"https:\/\/www.desdeasturias.com\/asturiasbasica\/imagenes\/fotos-sotres-1.jpg\"><img loading=\"lazy\" decoding=\"async\" class=\"alignnone size-full\" src=\"https:\/\/www.desdeasturias.com\/asturiasbasica\/imagenes\/fotos-sotres-1.jpg\" width=\"700\" height=\"525\" \/><\/a><\/p>\n<p><a href=\"https:\/\/www.desnivel.com\/images\/2018\/07\/espanrar-picos-de-europar-sotres-y-penra-mairn-anxo-rial-960x639.jpg\"><img loading=\"lazy\" decoding=\"async\" class=\"alignnone size-full\" src=\"https:\/\/www.desnivel.com\/images\/2018\/07\/espanrar-picos-de-europar-sotres-y-penra-mairn-anxo-rial-960x639.jpg\" width=\"960\" height=\"639\" \/><\/a><\/p>\n<p>5.<\/p>\n<p><a href=\"https:\/\/4.bp.blogspot.com\/-0KddNUPg3fA\/WXHUBb6O7nI\/AAAAAAAAARc\/r3-quB5WNjojHl_lxj-542MLiWMUrSn5wCLcBGAs\/s1600\/Camarme%25C3%25B1a%2B%2528Cabrales%2529%2B1%2B.jpg\"><img loading=\"lazy\" decoding=\"async\" class=\"alignnone size-full\" src=\"https:\/\/4.bp.blogspot.com\/-0KddNUPg3fA\/WXHUBb6O7nI\/AAAAAAAAARc\/r3-quB5WNjojHl_lxj-542MLiWMUrSn5wCLcBGAs\/s1600\/Camarme%25C3%25B1a%2B%2528Cabrales%2529%2B1%2B.jpg\" width=\"1600\" height=\"1071\" \/><\/a><\/p>\n<p><a href=\"https:\/\/www.turismoasturias.es\/documents\/11022\/2295672\/PORTADA_PANORAMICA+BARRIOS+DE+GAMONEU+DE+CANGAS-01-B.jpg\/218226ad-bda3-45ac-923a-62f0df7fb37d?t=1496300502426\"><img loading=\"lazy\" decoding=\"async\" class=\"alignnone size-full\" src=\"https:\/\/www.turismoasturias.es\/documents\/11022\/2295672\/PORTADA_PANORAMICA+BARRIOS+DE+GAMONEU+DE+CANGAS-01-B.jpg\/218226ad-bda3-45ac-923a-62f0df7fb37d?t=1496300502426\" width=\"828\" height=\"440\" \/><\/a><\/p>\n<p><a href=\"https:\/\/i.pinimg.com\/originals\/9e\/15\/86\/9e15867872e37de2501a4e8246327880.jpg\"><img loading=\"lazy\" decoding=\"async\" class=\"alignnone size-full\" src=\"https:\/\/i.pinimg.com\/originals\/9e\/15\/86\/9e15867872e37de2501a4e8246327880.jpg\" width=\"1024\" height=\"768\" \/><\/a><\/p>\n<p><a href=\"https:\/\/www.rutalquesuylasidra.com\/wp-content\/uploads\/sites\/8\/2017\/01\/Asiegu.jpg\"><img loading=\"lazy\" decoding=\"async\" class=\"alignnone size-full\" src=\"https:\/\/www.rutalquesuylasidra.com\/wp-content\/uploads\/sites\/8\/2017\/01\/Asiegu.jpg\" width=\"1000\" height=\"667\" \/><\/a><\/p>\n<p><a href=\"https:\/\/1.bp.blogspot.com\/-bbkEGY1YxCw\/XRS29Zc6QaI\/AAAAAAAAafc\/BdXwuv7BK3cY0bWIPvorbEZ-7CI5YqAaACKgBGAs\/s640\/ruta-mirador-seguencu-_20190323_152334.jpg\"><img loading=\"lazy\" decoding=\"async\" class=\"alignnone size-full\" src=\"https:\/\/1.bp.blogspot.com\/-bbkEGY1YxCw\/XRS29Zc6QaI\/AAAAAAAAafc\/BdXwuv7BK3cY0bWIPvorbEZ-7CI5YqAaACKgBGAs\/s640\/ruta-mirador-seguencu-_20190323_152334.jpg\" width=\"640\" height=\"360\" \/><\/a><\/p>\n<p><a href=\"https:\/\/1.bp.blogspot.com\/-Mqdk8spig9I\/XRS29Q3JmMI\/AAAAAAAAafc\/VF3AjTQ3sG8XMpcCGfKnoIxbOeMFIgY2ACKgBGAs\/s640\/ruta-mirador-seguencu-_20190323_142427.jpg\"><img loading=\"lazy\" decoding=\"async\" class=\"alignnone size-full\" src=\"https:\/\/1.bp.blogspot.com\/-Mqdk8spig9I\/XRS29Q3JmMI\/AAAAAAAAafc\/VF3AjTQ3sG8XMpcCGfKnoIxbOeMFIgY2ACKgBGAs\/s640\/ruta-mirador-seguencu-_20190323_142427.jpg\" width=\"640\" height=\"360\" \/><\/a><\/p>\n<hr \/>\n<p><em><strong>Busgosu<\/strong><\/em><\/p>\n<ul>\n<li><a href=\"https:\/\/www.youtube.com\/watch?v=_gKVD2mAMdM\">Videu: <strong><em>Busgosu (Cuentos de trazu sueltu)<\/em><\/strong><\/a><\/li>\n<\/ul>\n\n<!-- iframe plugin v.6.0 wordpress.org\/plugins\/iframe\/ -->\n<iframe loading=\"lazy\" width=\"588\" height=\"331\" src=\"https:\/\/www.youtube.com\/embed\/_gKVD2mAMdM\" scrolling=\"yes\" class=\"iframe-class\" frameborder=\"0\"><\/iframe>\n\n<p>&nbsp;<\/p>\n<p><a href=\"https:\/\/2.bp.blogspot.com\/-P2GuCjPy8z4\/To4lZ7gVLrI\/AAAAAAAAB3A\/KupCp68FCFM\/s1600\/busgosu.jpg\"><img loading=\"lazy\" decoding=\"async\" class=\"alignnone \" src=\"https:\/\/2.bp.blogspot.com\/-P2GuCjPy8z4\/To4lZ7gVLrI\/AAAAAAAAB3A\/KupCp68FCFM\/s1600\/busgosu.jpg\" width=\"195\" height=\"255\" \/><\/a>\/\u00a0 <a href=\"https:\/\/i.pinimg.com\/originals\/ab\/fe\/21\/abfe21d7aa5e10f702b713025ba37018.jpg\"><img loading=\"lazy\" decoding=\"async\" class=\"alignnone \" src=\"https:\/\/i.pinimg.com\/originals\/ab\/fe\/21\/abfe21d7aa5e10f702b713025ba37018.jpg\" width=\"298\" height=\"211\" \/><\/a>\/\u00a0 <a href=\"https:\/\/s0.wklcdn.com\/image_35\/1071509\/20375977\/12757185Master.jpg\"><img loading=\"lazy\" decoding=\"async\" class=\"alignnone size-full\" src=\"https:\/\/s0.wklcdn.com\/image_35\/1071509\/20375977\/12757185Master.jpg\" width=\"1600\" height=\"1060\" \/><\/a><\/p>\n<p>&nbsp;<\/p>\n<p>&nbsp;<\/p>\n<p>&nbsp;<\/p>\n<p>&nbsp;<\/p>\n<p>&nbsp;<\/p>\n","protected":false},"excerpt":{"rendered":"<p>Actividad de aula (castellano) Activid\u00e1 d\u00b4aula (asturiano) Ver mapa de toda la Cordillera Cant\u00e1brica Web Cordillera Cant\u00e1brica Video: Parque Nacional de los Picos de Europa Elementos del relieve: Las monta\u00f1as asturianas. Picos de Europa El relieve asturiano. La principal caracter\u00edstica del relieve de Asturias es la presencia de La Cordillera Cant\u00e1brica (mapa), situada en el [&hellip;]<\/p>\n","protected":false},"author":117,"featured_media":0,"parent":214,"menu_order":0,"comment_status":"closed","ping_status":"closed","template":"","meta":{"footnotes":""},"class_list":["post-1213","page","type-page","status-publish","hentry","post-preview"],"_links":{"self":[{"href":"https:\/\/edublog.educastur.es\/ixuxullingua\/wp-json\/wp\/v2\/pages\/1213","targetHints":{"allow":["GET"]}}],"collection":[{"href":"https:\/\/edublog.educastur.es\/ixuxullingua\/wp-json\/wp\/v2\/pages"}],"about":[{"href":"https:\/\/edublog.educastur.es\/ixuxullingua\/wp-json\/wp\/v2\/types\/page"}],"author":[{"embeddable":true,"href":"https:\/\/edublog.educastur.es\/ixuxullingua\/wp-json\/wp\/v2\/users\/117"}],"replies":[{"embeddable":true,"href":"https:\/\/edublog.educastur.es\/ixuxullingua\/wp-json\/wp\/v2\/comments?post=1213"}],"version-history":[{"count":1,"href":"https:\/\/edublog.educastur.es\/ixuxullingua\/wp-json\/wp\/v2\/pages\/1213\/revisions"}],"predecessor-version":[{"id":1214,"href":"https:\/\/edublog.educastur.es\/ixuxullingua\/wp-json\/wp\/v2\/pages\/1213\/revisions\/1214"}],"up":[{"embeddable":true,"href":"https:\/\/edublog.educastur.es\/ixuxullingua\/wp-json\/wp\/v2\/pages\/214"}],"wp:attachment":[{"href":"https:\/\/edublog.educastur.es\/ixuxullingua\/wp-json\/wp\/v2\/media?parent=1213"}],"curies":[{"name":"wp","href":"https:\/\/api.w.org\/{rel}","templated":true}]}}