{"id":1224,"date":"2020-11-09T21:01:38","date_gmt":"2020-11-09T19:01:38","guid":{"rendered":"https:\/\/edublog.educastur.es\/ixuxullingua\/?page_id=1224"},"modified":"2020-11-09T21:01:38","modified_gmt":"2020-11-09T19:01:38","slug":"sesion-03","status":"publish","type":"page","link":"https:\/\/edublog.educastur.es\/ixuxullingua\/4-cuartu\/cuartu-20-21\/02-primer-trimestre\/sesion-03\/","title":{"rendered":"Sesi\u00f3n 03"},"content":{"rendered":"<ul>\n<li><a href=\"https:\/\/educastur-my.sharepoint.com\/:w:\/g\/personal\/isabellh_educastur_org\/EYXlfPjJADhNq5cWLtYoGpoB3XeBFzy40B6l4eiRQ_8wEQ?e=wpUwba\"><strong>Enlace a la Actividad propuesta al alumnado.<\/strong><\/a><\/li>\n<li><a href=\"https:\/\/educastur-my.sharepoint.com\/:w:\/g\/personal\/isabellh_educastur_org\/EVj0ma1xTudIj-iFHsSbcwIBbIGovTVm2NPXPhy9c_HA9A?e=1Law0d\">Enllaz a l\u00b4Activid\u00e1 n\u00b4asturianu (solo lleer, demomentu)<\/a><\/li>\n<li><a href=\"https:\/\/www.fpa.es\/es\/especial-2020\/\">Fundaci\u00f3n Princesa de Asturias<\/a><\/li>\n<li><a href=\"https:\/\/www.fpa.es\/es\/especial-2020\/premiados\/\">Premiados 2020<\/a><\/li>\n<li><a href=\"https:\/\/youtu.be\/dIDnbwf4Kg8\"><strong><em>VER VIDEO\u00a0 GAITAS\u00a0 CAMPOAMOR (cierre del acto)<\/em><\/strong><\/a><\/li>\n<\/ul>\n\n<!-- iframe plugin v.6.0 wordpress.org\/plugins\/iframe\/ -->\n<iframe loading=\"lazy\" width=\"588\" height=\"331\" src=\"https:\/\/www.youtube.com\/embed\/dIDnbwf4Kg8\" scrolling=\"yes\" class=\"iframe-class\" frameborder=\"0\"><\/iframe>\n\n<div id=\"navegacion\">\n<ul id=\"n1\">\n<li id=\"menu20\" class=\"primero pmcon cuerposubhome\"><a href=\"https:\/\/www.fpa.es:443\/es\/fundacion\/\">La Fundaci\u00f3n <\/a><\/li>\n<li id=\"menu21\" class=\"pmcon cuerposubhome\"><a href=\"https:\/\/www.fpa.es:443\/es\/sm-el-rey\/\">S.M. el Rey<\/a><\/li>\n<li id=\"menu183\" class=\"pmcon cuerposubhome\"><a href=\"https:\/\/www.fpa.es:443\/es\/sar-la-princesa-de-asturias\/\">S.A.R. la Princesa de Asturias<\/a><\/li>\n<li id=\"menu22\" class=\"pmcon cuerposubhome\"><a href=\"https:\/\/www.fpa.es:443\/es\/premios-princesa-de-asturias\/\">Premios Princesa de Asturias<\/a><\/li>\n<li><a href=\"https:\/\/www.rtve.es\/noticias\/premios-princesa-asturias\/\"><em><strong>VER NOTICIA RTVE<\/strong><\/em><\/a><\/li>\n<\/ul>\n<p><a href=\"https:\/\/www.hola.com\/imagenes\/realeza\/casa_espanola\/20201016177262\/premios-princesa-asturias-2020-reyes\/0-879-77\/salida-todos-gtres-t.jpg?filter=w600\"><img loading=\"lazy\" decoding=\"async\" class=\"alignnone size-full\" src=\"https:\/\/www.hola.com\/imagenes\/realeza\/casa_espanola\/20201016177262\/premios-princesa-asturias-2020-reyes\/0-879-77\/salida-todos-gtres-t.jpg?filter=w600\" width=\"600\" height=\"360\" \/><\/a><\/p>\n<p><a href=\"https:\/\/skp00.epimg.net\/Imagenes\/3F\/66\/1602855615-b31f53f627fe2d16b666e48357a84a68_Large.jpg\"><img loading=\"lazy\" decoding=\"async\" class=\"alignnone \" src=\"https:\/\/skp00.epimg.net\/Imagenes\/3F\/66\/1602855615-b31f53f627fe2d16b666e48357a84a68_Large.jpg\" width=\"605\" height=\"247\" \/><\/a><\/p>\n<p>&nbsp;<\/p>\n<\/div>\n<div id=\"contenedor\">\n<div id=\"recurso\">\n<div id=\"a_premiadosesp\">\n<h3 class=\"tipo2\">Galardonados con los Premios Princesa de Asturias 2020<\/h3>\n<div class=\"listado_tipo1\">\n<ul>\n<li class=\"impar\"><a href=\"https:\/\/www.fpa.es:443\/es\/premios-princesa-de-asturias\/premiados\/2020-los-sanitarios-espanoles-en-primera-linea-contra-la-covid-19.html?especifica=1\"><img decoding=\"async\" src=\"https:\/\/www.fpa.es\/recursos\/premiados2\/san-co-con-4-1.png\" alt=\"\" \/><\/a><\/li>\n<li class=\"impar\"><a href=\"https:\/\/www.cantabriadirecta.es\/wp-content\/uploads\/2020\/06\/sanitarios-espan%CC%83oles-premio-pri%CC%81ncipe-de-asturias.png\"><img loading=\"lazy\" decoding=\"async\" class=\"alignnone \" src=\"https:\/\/www.cantabriadirecta.es\/wp-content\/uploads\/2020\/06\/sanitarios-espan%CC%83oles-premio-pri%CC%81ncipe-de-asturias.png\" width=\"657\" height=\"368\" \/><\/a>\n<div class=\"conimg\">\n<p><span class=\"nombre\"><a href=\"https:\/\/www.fpa.es:443\/es\/premios-princesa-de-asturias\/premiados\/2020-los-sanitarios-espanoles-en-primera-linea-contra-la-covid-19.html?especifica=1\">Sanitarios espa\u00f1oles en primera l\u00ednea contra la COVID-19<\/a><\/span> <span class=\"categoria\">Concordia<\/span> Los profesionales sanitarios espa\u00f1oles en contacto directo con los pacientes afectados por la COVID-19 conforman la primera l\u00ednea en la lucha contra esta enfermedad en nuestro pa\u00eds y han demostrado, desde que empez\u00f3 esta emergencia sanitaria, un encomiable nivel de profesionalidad y compromiso.<\/p>\n<ul class=\"accesos\">\n<li><a href=\"https:\/\/www.fpa.es:443\/es\/cargarAplicacionPremiado.do?idCategoria=0&amp;anio=2020&amp;especifica=1&amp;especifica=1&amp;identificador=632&amp;texto=trayectoria\"> TRAYECTORIA <\/a><\/li>\n<\/ul>\n<\/div>\n<\/li>\n<li class=\"par\"><\/li>\n<li class=\"par\"><a href=\"https:\/\/www.fpa.es\/recursos\/premiados2\/562492-22.png\"><img loading=\"lazy\" decoding=\"async\" class=\"alignnone size-full\" src=\"https:\/\/www.fpa.es\/recursos\/premiados2\/562492-22.png\" width=\"562\" height=\"492\" \/><\/a>\n<div class=\"conimg\">\n<p><span class=\"nombre\"><a href=\"https:\/\/www.fpa.es:443\/es\/premios-princesa-de-asturias\/premiados\/2020-ennio-morricone-y-john-williams.html?especifica=1\">Ennio Morricone y John Williams<\/a><\/span> <span class=\"categoria\">Artes<\/span> La m\u00fasica del cine, con su poder de comunicaci\u00f3n y de evocaci\u00f3n de im\u00e1genes, historias y situaciones, ha trascendido en muchas ocasiones a las pel\u00edculas para las que fue creada.<\/p>\n<ul class=\"accesos\">\n<li><a href=\"https:\/\/www.fpa.es:443\/es\/cargarAplicacionPremiado.do?idCategoria=0&amp;anio=2020&amp;especifica=1&amp;especifica=1&amp;identificador=633&amp;texto=trayectoria\"> TRAYECTORIA <\/a><\/li>\n<\/ul>\n<\/div>\n<p><strong>Banda Sonora: <a href=\"https:\/\/www.youtube.com\/watch?v=3dLxy4jn_vI\">La misi\u00f3n<\/a><\/strong><\/p>\n\n<!-- iframe plugin v.6.0 wordpress.org\/plugins\/iframe\/ -->\n<iframe loading=\"lazy\" width=\"588\" height=\"331\" src=\"https:\/\/www.youtube.com\/embed\/3dLxy4jn_vI\" scrolling=\"yes\" class=\"iframe-class\" frameborder=\"0\"><\/iframe>\n\n<p><strong>Banda sonora <a href=\"https:\/\/www.youtube.com\/watch?v=vsMWVW4xtwI\">\u201cStar Wars\u201d<\/a><br \/>\n\n<!-- iframe plugin v.6.0 wordpress.org\/plugins\/iframe\/ -->\n<iframe loading=\"lazy\" width=\"588\" height=\"331\" src=\"https:\/\/www.youtube.com\/embed\/vsMWVW4xtwI\" scrolling=\"yes\" class=\"iframe-class\" frameborder=\"0\"><\/iframe>\n<\/strong><\/li>\n<li class=\"par\"><strong>(Otra versi\u00f3n) Banda sonora<a href=\"https:\/\/www.youtube.com\/watch?v=f2vGgR8qIbQ\"> \u201cStar Wars\u201d<\/a><br \/>\n\n<!-- iframe plugin v.6.0 wordpress.org\/plugins\/iframe\/ -->\n<iframe loading=\"lazy\" width=\"588\" height=\"331\" src=\"https:\/\/www.youtube.com\/embed\/f2vGgR8qIbQ\" scrolling=\"yes\" class=\"iframe-class\" frameborder=\"0\"><\/iframe>\n<\/strong><\/li>\n<li class=\"par\"><strong>Banda sonora <a href=\"https:\/\/www.youtube.com\/watch?v=p5feYPbiHO4\">\u201cEl bueno, el feo y el malo\u00bb<\/a><br \/>\n\n<!-- iframe plugin v.6.0 wordpress.org\/plugins\/iframe\/ -->\n<iframe loading=\"lazy\" width=\"588\" height=\"331\" src=\"https:\/\/www.youtube.com\/embed\/p5feYPbiHO4\" scrolling=\"yes\" class=\"iframe-class\" frameborder=\"0\"><\/iframe>\n<\/strong><\/li>\n<li>BSO (versi\u00f3n 2)<a href=\"https:\/\/www.youtube.com\/watch?v=uGsDqPtbRxc\"><strong> \u00abEl bueno, el feo y el malo\u00bb<\/strong><\/a><\/li>\n<\/ul>\n<p><strong>\n<!-- iframe plugin v.6.0 wordpress.org\/plugins\/iframe\/ -->\n<iframe loading=\"lazy\" width=\"588\" height=\"331\" src=\"https:\/\/www.youtube.com\/embed\/uGsDqPtbRxc\" scrolling=\"yes\" class=\"iframe-class\" frameborder=\"0\"><\/iframe>\n<\/strong><\/p>\n<\/div>\n<div class=\"\" dir=\"auto\">\n<div id=\"jsc_c_57\" class=\"ecm0bbzt hv4rvrfc ihqw7lf3 dati1w0a\" data-ad-comet-preview=\"message\" data-ad-preview=\"message\">\n<div class=\"j83agx80 cbu4d94t ew0dbk1b irj2b8pg\">\n<div class=\"qzhwtbm6 knvmm38d\">\n<div class=\"kvgmc6g5 cxmmr5t8 oygrvhab hcukyx3x c1et5uql ii04i59q\">\n<div dir=\"auto\"><em>Recordamos en este video <a href=\"https:\/\/www.facebook.com\/fpa\/videos\/4874228299315570\"><strong>\u201cMorricone\u2019s Suite\u201d,<\/strong><\/a> el espect\u00e1culo audiovisual que recorre, de una forma conceptual, la obra de Ennio Morricone, Premio Princesa de Asturias de las Artes 2020 junto a John Williams. La m\u00fasica del compositor italiano acompa\u00f1a las im\u00e1genes creadas por el artista Rino Stefano Tagliaferro y su compa\u00f1\u00eda Karmachina. <a href=\"https:\/\/www.facebook.com\/watch\/Karmachina\/?tab=home\"><strong>Direcci\u00f3n: Karmachina<\/strong><\/a> M\u00fasica: Ennio MorriconeOrganiza y promueve: Fundaci\u00f3n Princesa de Asturias<\/em><\/div>\n<\/div>\n<div class=\"o9v6fnle cxmmr5t8 oygrvhab hcukyx3x c1et5uql ii04i59q\">\n<div dir=\"auto\"><\/div>\n<\/div>\n<\/div>\n<\/div>\n<\/div>\n<\/div>\n<div class=\"listado_tipo1\">\n<p><strong>\u00a0\u00a0\u00a0\u00a0\u00a0\u00a0\u00a0\u00a0\u00a0\u00a0\u00a0\u00a0 Banda sonora <a href=\"https:\/\/www.youtube.com\/watch?v=78N2SP6JFaI\">\u201cSuperman\u201d<\/a><br \/>\n\n<!-- iframe plugin v.6.0 wordpress.org\/plugins\/iframe\/ -->\n<iframe loading=\"lazy\" width=\"588\" height=\"331\" src=\"https:\/\/www.youtube.com\/embed\/78N2SP6JFaI\" scrolling=\"yes\" class=\"iframe-class\" frameborder=\"0\"><\/iframe>\n<br \/>\n<\/strong><\/p>\n<ul>\n<li class=\"impar\"><a href=\"https:\/\/www.acueducto2.com\/wp-content\/uploads\/2020\/06\/PRemio-Hay-Festival.jpg\"><img loading=\"lazy\" decoding=\"async\" class=\"alignnone size-full\" src=\"https:\/\/www.acueducto2.com\/wp-content\/uploads\/2020\/06\/PRemio-Hay-Festival.jpg\" width=\"500\" height=\"281\" \/><\/a>\n<div class=\"conimg\">\n<p><span class=\"nombre\"><a href=\"https:\/\/www.fpa.es:443\/es\/premios-princesa-de-asturias\/premiados\/2020-feria-internacional-del-libro-de-guadalajara-y-hay-festival-of-literature-arts.html?especifica=1\">Feria Internacional del Libro de Guadalajara y Hay Festival of Literature &amp; Arts<\/a><\/span> <span class=\"categoria\">Comunicaci\u00f3n y Humanidades<\/span> La Feria Internacional del Libro de Guadalajara (FIL) est\u00e1 considerada la mayor reuni\u00f3n del mundo editorial de habla hispana y la feria literaria m\u00e1s importante del mundo junto con la de Fr\u00e1ncfort (Alemania). El Hay Festival of Literature &amp; Arts se ha convertido en uno de los cert\u00e1menes culturales m\u00e1s importantes, que ha exportado su f\u00f3rmula desde la peque\u00f1a localidad galesa de Hay-on-Wye a ciudades de diferentes pa\u00edses de Europa y Am\u00e9rica.<\/p>\n<ul class=\"accesos\">\n<li><a href=\"https:\/\/www.fpa.es:443\/es\/cargarAplicacionPremiado.do?idCategoria=0&amp;anio=2020&amp;especifica=1&amp;especifica=1&amp;identificador=634&amp;texto=trayectoria\"> TRAYECTORIA <\/a><\/li>\n<\/ul>\n<p><a href=\"https:\/\/encrypted-tbn0.gstatic.com\/images?q=tbn%3AANd9GcRtjeAYyh6Bk3wCeCVN_Rc__X-lpQYmPFnIPg&amp;usqp=CAU\"><img loading=\"lazy\" decoding=\"async\" class=\"alignnone size-full\" src=\"https:\/\/encrypted-tbn0.gstatic.com\/images?q=tbn%3AANd9GcRtjeAYyh6Bk3wCeCVN_Rc__X-lpQYmPFnIPg&amp;usqp=CAU\" width=\"247\" height=\"204\" \/><\/a>\/\/<\/p>\n<p><a href=\"https:\/\/integralatampost.s3.amazonaws.com\/uploads\/article\/picture\/12593\/20181128_No-te-pierdas-la-Feria-Internacional-del-Libro-de-Guadalajara-2018.jpg\"><img loading=\"lazy\" decoding=\"async\" class=\"alignnone \" src=\"https:\/\/integralatampost.s3.amazonaws.com\/uploads\/article\/picture\/12593\/20181128_No-te-pierdas-la-Feria-Internacional-del-Libro-de-Guadalajara-2018.jpg\" width=\"255\" height=\"105\" \/><\/a>\/<a href=\"http:\/\/www.hayfestival.com\/images\/blog\/1286-hay-festival-digital.jpg\"><img loading=\"lazy\" decoding=\"async\" class=\"alignnone \" src=\"http:\/\/www.hayfestival.com\/images\/blog\/1286-hay-festival-digital.jpg\" width=\"247\" height=\"139\" \/><\/a><\/p>\n<\/div>\n<\/li>\n<li class=\"par\"><\/li>\n<li class=\"par\"><a href=\"https:\/\/phantom-elmundo.unidadeditorial.es\/be59823ab56db7fbd1243f53bfe825f2\/resize\/746\/f\/jpg\/assets\/multimedia\/imagenes\/2020\/06\/11\/15918778575799.jpg\"><img loading=\"lazy\" decoding=\"async\" class=\"alignnone \" src=\"https:\/\/phantom-elmundo.unidadeditorial.es\/be59823ab56db7fbd1243f53bfe825f2\/resize\/746\/f\/jpg\/assets\/multimedia\/imagenes\/2020\/06\/11\/15918778575799.jpg\" width=\"510\" height=\"287\" \/><\/a>\n<div class=\"conimg\">\n<p><span class=\"nombre\"><a href=\"https:\/\/www.fpa.es:443\/es\/premios-princesa-de-asturias\/premiados\/2020-dani-rodrik.html?especifica=1\">Dani Rodrik<\/a><\/span> <span class=\"categoria\">Ciencias Sociales<\/span> Considerado como uno de los mayores expertos mundiales en econom\u00eda pol\u00edtica, a lo largo de su carrera ha publicado m\u00e1s de veinte libros y monogr\u00e1ficos y numerosos art\u00edculos sobre crecimiento y an\u00e1lisis econ\u00f3mico, desarrollo y pol\u00edtica y ha impartido conferencias en universidades e instituciones de prestigio de todo el mundo.<\/p>\n<ul class=\"accesos\">\n<li><a href=\"https:\/\/www.fpa.es:443\/es\/cargarAplicacionPremiado.do?idCategoria=0&amp;anio=2020&amp;especifica=1&amp;especifica=1&amp;identificador=635&amp;texto=trayectoria\"> TRAYECTORIA <\/a><\/li>\n<\/ul>\n<\/div>\n<\/li>\n<li class=\"impar\"><\/li>\n<li class=\"impar\"><a href=\"https:\/\/ort-ort.com\/wp-content\/uploads\/2020\/06\/104220072_2874277826025116_8385729872702184905_o.jpg\"><img loading=\"lazy\" decoding=\"async\" class=\"alignnone \" src=\"https:\/\/ort-ort.com\/wp-content\/uploads\/2020\/06\/104220072_2874277826025116_8385729872702184905_o.jpg\" width=\"496\" height=\"496\" \/><\/a>\n<div class=\"conimg\">\n<p><span class=\"nombre\"><a href=\"https:\/\/www.fpa.es:443\/es\/premios-princesa-de-asturias\/premiados\/2020-carlos-sainz.html?especifica=1\">Carlos Sainz Cenamor<\/a><\/span> <span class=\"categoria\">Deportes<\/span> Varias veces campe\u00f3n del mundo, Carlos Sainz est\u00e1 considerado como uno de los mejores pilotos de rally del panorama internacional. Se convirti\u00f3, adem\u00e1s, en 2010, en el primer espa\u00f1ol que gan\u00f3 el Dakar en la categor\u00eda de coches, t\u00edtulo revalidado en 2018 y 2020. Con una trayectoria que supera las tres d\u00e9cadas en la \u00e9lite del automovilismo mundial, Sainz marc\u00f3 una \u00e9poca al convertirse en el primer piloto no n\u00f3rdico en ganar los rallies de Suecia o Finlandia.<\/p>\n<ul class=\"accesos\">\n<li><a href=\"https:\/\/www.fpa.es:443\/es\/cargarAplicacionPremiado.do?idCategoria=0&amp;anio=2020&amp;especifica=1&amp;especifica=1&amp;identificador=636&amp;texto=trayectoria\"> TRAYECTORIA <\/a><\/li>\n<\/ul>\n<p>&nbsp;<\/p>\n<p><a href=\"https:\/\/e00-marca.uecdn.es\/assets\/multimedia\/imagenes\/2019\/12\/13\/15762276378405.jpg\"><img loading=\"lazy\" decoding=\"async\" class=\"alignnone \" src=\"https:\/\/e00-marca.uecdn.es\/assets\/multimedia\/imagenes\/2019\/12\/13\/15762276378405.jpg\" width=\"253\" height=\"142\" \/><\/a>\/<a href=\"https:\/\/img.redbull.com\/images\/c_limit,w_1500,h_1000,f_auto,q_auto\/redbullcom\/2020\/6\/5\/gygtqoxuoiearihv2kv6\/carlos-sainz\"><img loading=\"lazy\" decoding=\"async\" class=\"alignnone \" src=\"https:\/\/img.redbull.com\/images\/c_limit,w_1500,h_1000,f_auto,q_auto\/redbullcom\/2020\/6\/5\/gygtqoxuoiearihv2kv6\/carlos-sainz\" width=\"215\" height=\"143\" \/><\/a><\/p>\n<\/div>\n<\/li>\n<li class=\"par\"><\/li>\n<li class=\"par\"><a href=\"https:\/\/www.lavozdegalicia.es\/default\/2020\/06\/18\/00121592477746863646108\/Foto\/23.jpg\"><img loading=\"lazy\" decoding=\"async\" class=\"alignnone \" src=\"https:\/\/www.lavozdegalicia.es\/default\/2020\/06\/18\/00121592477746863646108\/Foto\/23.jpg\" width=\"524\" height=\"295\" \/><\/a>\n<div class=\"conimg\">\n<p><span class=\"nombre\"><a href=\"https:\/\/www.fpa.es:443\/es\/premios-princesa-de-asturias\/premiados\/2020-anne-carson.html?especifica=1\">Anne Carson<\/a><\/span> <span class=\"categoria\">Letras<\/span> Especialista en la cultura y las lenguas cl\u00e1sicas y en literatura comparada, antropolog\u00eda, historia y publicidad, Carson es, a juicio de la cr\u00edtica, una de las escritoras m\u00e1s exquisitas y eruditas de la literatura contempor\u00e1nea, adem\u00e1s de autora de una obra hipn\u00f3tica, en la que fusiona estilos, referencias y formatos, y apuesta por lo h\u00edbrido entre lo grecolatino, lo medieval y lo contempor\u00e1neo.<\/p>\n<ul class=\"accesos\">\n<li><a href=\"https:\/\/www.fpa.es:443\/es\/cargarAplicacionPremiado.do?idCategoria=0&amp;anio=2020&amp;especifica=1&amp;especifica=1&amp;identificador=637&amp;texto=trayectoria\"> TRAYECTORIA <\/a><\/li>\n<\/ul>\n<\/div>\n<\/li>\n<li class=\"impar\"><\/li>\n<li class=\"impar\"><a href=\"https:\/\/www.fpa.es\/recursos\/premiados2\/562492-2.png\"><img loading=\"lazy\" decoding=\"async\" class=\"alignnone \" src=\"https:\/\/www.fpa.es\/recursos\/premiados2\/562492-2.png\" width=\"496\" height=\"434\" \/><\/a>\n<div class=\"conimg\">\n<p><span class=\"nombre\"><a href=\"https:\/\/www.fpa.es:443\/es\/premios-princesa-de-asturias\/premiados\/2020-yves-meyer-ingrid-daubechies-terence-tao-y-emmanuel-candes.html?especifica=1\">Yves Meyer, Ingrid Daubechies, Terence Tao y Emmanuel Cand\u00e8s<\/a><\/span> <span class=\"categoria\">Investigaci\u00f3n Cient\u00edfica y T\u00e9cnica<\/span> Yves Meyer (franc\u00e9s), Ingrid Daubechies (belga y estadounidense), Terence Tao (australiano y estadounidense) y Emmanuel Cand\u00e8s (franc\u00e9s) han realizado contribuciones pioneras y trascendentales a las teor\u00edas y t\u00e9cnicas modernas del procesamiento matem\u00e1tico de datos y se\u00f1ales.<\/p>\n<ul class=\"accesos\">\n<li><a href=\"https:\/\/www.fpa.es:443\/es\/cargarAplicacionPremiado.do?idCategoria=0&amp;anio=2020&amp;especifica=1&amp;especifica=1&amp;identificador=638&amp;texto=trayectoria\"> TRAYECTORIA <\/a><\/li>\n<\/ul>\n<\/div>\n<\/li>\n<li class=\"par\"><a href=\"https:\/\/cflvdg.avoz.es\/default\/2020\/06\/25\/00121593089091963456775\/Foto\/alianza.jpg\"><img loading=\"lazy\" decoding=\"async\" class=\"alignnone \" src=\"https:\/\/cflvdg.avoz.es\/default\/2020\/06\/25\/00121593089091963456775\/Foto\/alianza.jpg\" width=\"500\" height=\"281\" \/><\/a>\n<div class=\"conimg\">\n<p><span class=\"nombre\"><a href=\"https:\/\/www.fpa.es:443\/es\/premios-princesa-de-asturias\/premiados\/2020-gavi-the-vaccine-alliance.html?especifica=1\">Gavi, the Vaccine Alliance<\/a><\/span> <span class=\"categoria\">Cooperaci\u00f3n Internacional<\/span> Gavi, the Vaccine Alliance es un consorcio internacional compuesto por diversas entidades p\u00fablicas y privadas cuyo objetivo principal consiste en facilitar el acceso a vacunas de enfermedades infecciosas en los pa\u00edses menos desarrollados.<\/p>\n<ul class=\"accesos\">\n<li><a href=\"https:\/\/www.fpa.es:443\/es\/cargarAplicacionPremiado.do?idCategoria=0&amp;anio=2020&amp;especifica=1&amp;especifica=1&amp;identificador=639&amp;texto=trayectoria\"> TRAYECTORIA <\/a><\/li>\n<\/ul>\n<\/div>\n<p>&nbsp;<\/li>\n<\/ul>\n<\/div>\n<hr \/>\n<\/div>\n<\/div>\n<\/div>\n<p><em><strong>COMENTAMOS PARA TERMINAR:<\/strong><\/em><\/p>\n<ul>\n<li><a href=\"https:\/\/earth.google.com\/web\/search\/Somao\/@43.5336111,-6.11776605,218.51149646a,3761.68241401d,35y,0h,45t,0r\/data=Cm8aRRI_CiQweGQzNmEzY2VkYzlhYzMxNzoweGE4OTU5MjE0ZmVhODYxNDgZJHd9i_PERUAhoB-hwQF4GMAqBVNvbWFvGAIgASImCiQJXAgKDTv_M0ARWggKDTv_M8AZhdW3QzCyQkAhFe67mT7_T8AoAg\"><strong>Som\u00e1o<\/strong><\/a>. La localidad de Pravia, premio <strong>\u00abPueblo Ejemplar\u00bb 2020<\/strong>, destaca por el patrimonio arquitect\u00f3nico ligado a los indianos, conservado y habitado. Video<a href=\"https:\/\/www.youtube.com\/watch?v=-jOW_nKAel0\"> del jurado<\/a>. Noticias prensa: <a href=\"https:\/\/www.lavozdeasturias.es\/noticia\/asturias\/2020\/09\/01\/pueblo-ejemplar-2020-reconoce-legado-indiano-somao\/00031598958512114247280.htm\">La Voz de Asturias<\/a> \/<a href=\"https:\/\/www.lne.es\/asturias\/2020\/09\/01\/somao-pueblo-ejemplar-esfuerzo-mantener\/2677902.html\"> LNE<\/a><\/li>\n<li><a href=\"https:\/\/guiadeasturias.com\/lugar\/somao-la-vision-mas-indiana\/\">Somao, Gu\u00eda Turismo Asturias<\/a><\/li>\n<li><a href=\"http:\/\/lainformacionbn.es\/2020\/09\/01\/a-la-tercera-fue-la-vencida-somao-pueblo-ejemplar-de-asturias-2020\/\"><em>Ver noticia en El Bajo Nal\u00f3n<\/em><\/a><\/li>\n<\/ul>\n<p><a href=\"http:\/\/lainformacionbn.es\/wp-content\/uploads\/2020\/09\/somao-general-1024x597.jpeg\"><img loading=\"lazy\" decoding=\"async\" class=\"alignnone size-full\" src=\"http:\/\/lainformacionbn.es\/wp-content\/uploads\/2020\/09\/somao-general-1024x597.jpeg\" width=\"1024\" height=\"597\" \/><\/a><\/p>\n<p><a href=\"https:\/\/photo620x400.mnstatic.com\/1611549d192462166f606724e0ca5360\/somao.jpg\"><img loading=\"lazy\" decoding=\"async\" class=\"alignnone \" src=\"https:\/\/photo620x400.mnstatic.com\/1611549d192462166f606724e0ca5360\/somao.jpg\" width=\"1004\" height=\"648\" \/><\/a><\/p>\n<p><a href=\"https:\/\/asturiaspordescubrir.com\/wp-content\/uploads\/2015\/06\/marques-6.jpg\"><img loading=\"lazy\" decoding=\"async\" class=\"alignnone \" src=\"https:\/\/asturiaspordescubrir.com\/wp-content\/uploads\/2015\/06\/marques-6.jpg\" width=\"1003\" height=\"622\" \/><\/a><\/p>\n<p><a href=\"https:\/\/earth.google.com\/web\/search\/Somao\/@43.5336111,-6.11776605,218.51149646a,3761.68241401d,35y,0h,45t,0r\/data=Cm8aRRI_CiQweGQzNmEzY2VkYzlhYzMxNzoweGE4OTU5MjE0ZmVhODYxNDgZJHd9i_PERUAhoB-hwQF4GMAqBVNvbWFvGAIgASImCiQJXAgKDTv_M0ARWggKDTv_M8AZhdW3QzCyQkAhFe67mT7_T8AoAg\">Visitar Somao \ud83d\ude09<\/a><\/p>\n<p>&nbsp;<\/p>\n","protected":false},"excerpt":{"rendered":"<p>Enlace a la Actividad propuesta al alumnado. Enllaz a l\u00b4Activid\u00e1 n\u00b4asturianu (solo lleer, demomentu) Fundaci\u00f3n Princesa de Asturias Premiados 2020 VER VIDEO\u00a0 GAITAS\u00a0 CAMPOAMOR (cierre del acto) La Fundaci\u00f3n S.M. el Rey S.A.R. la Princesa de Asturias Premios Princesa de Asturias VER NOTICIA RTVE &nbsp; Galardonados con los Premios Princesa de Asturias 2020 Sanitarios espa\u00f1oles [&hellip;]<\/p>\n","protected":false},"author":117,"featured_media":0,"parent":216,"menu_order":0,"comment_status":"closed","ping_status":"closed","template":"","meta":{"footnotes":""},"class_list":["post-1224","page","type-page","status-publish","hentry","post-preview"],"_links":{"self":[{"href":"https:\/\/edublog.educastur.es\/ixuxullingua\/wp-json\/wp\/v2\/pages\/1224","targetHints":{"allow":["GET"]}}],"collection":[{"href":"https:\/\/edublog.educastur.es\/ixuxullingua\/wp-json\/wp\/v2\/pages"}],"about":[{"href":"https:\/\/edublog.educastur.es\/ixuxullingua\/wp-json\/wp\/v2\/types\/page"}],"author":[{"embeddable":true,"href":"https:\/\/edublog.educastur.es\/ixuxullingua\/wp-json\/wp\/v2\/users\/117"}],"replies":[{"embeddable":true,"href":"https:\/\/edublog.educastur.es\/ixuxullingua\/wp-json\/wp\/v2\/comments?post=1224"}],"version-history":[{"count":1,"href":"https:\/\/edublog.educastur.es\/ixuxullingua\/wp-json\/wp\/v2\/pages\/1224\/revisions"}],"predecessor-version":[{"id":1225,"href":"https:\/\/edublog.educastur.es\/ixuxullingua\/wp-json\/wp\/v2\/pages\/1224\/revisions\/1225"}],"up":[{"embeddable":true,"href":"https:\/\/edublog.educastur.es\/ixuxullingua\/wp-json\/wp\/v2\/pages\/216"}],"wp:attachment":[{"href":"https:\/\/edublog.educastur.es\/ixuxullingua\/wp-json\/wp\/v2\/media?parent=1224"}],"curies":[{"name":"wp","href":"https:\/\/api.w.org\/{rel}","templated":true}]}}