{"id":1261,"date":"2020-11-21T13:55:50","date_gmt":"2020-11-21T11:55:50","guid":{"rendered":"https:\/\/edublog.educastur.es\/ixuxullingua\/?page_id=1261"},"modified":"2021-09-12T16:36:06","modified_gmt":"2021-09-12T14:36:06","slug":"sesion-06","status":"publish","type":"page","link":"https:\/\/edublog.educastur.es\/ixuxullingua\/5-quintu\/quintu-20-21\/02-primer-trimestre\/sesion-06\/","title":{"rendered":"Sesi\u00f3n 06"},"content":{"rendered":"<p><em><strong><span style=\"font-size: 24pt;color: #008080\">La gaita asturiana<\/span><br \/>\n<\/strong><\/em><\/p>\n<p>&nbsp;<\/p>\n<p>Ver <a href=\"https:\/\/edublog.educastur.es\/ixuxu\/2020\/11\/tina-castanon-la-primer-gaitera-dasturies\/\"><strong>Tina Casta\u00f1\u00f3n, la primer gaitera d\u00b4Asturies<\/strong><\/a><\/p>\n<p><a href=\"https:\/\/oviedobailaybebe.files.wordpress.com\/2018\/12\/gaita-asturiana.png?w=432\"><img loading=\"lazy\" decoding=\"async\" class=\"alignnone size-full\" src=\"https:\/\/oviedobailaybebe.files.wordpress.com\/2018\/12\/gaita-asturiana.png?w=432\" width=\"432\" height=\"216\" \/><\/a><\/p>\n<ul>\n<li><a href=\"https:\/\/educastur-my.sharepoint.com\/:b:\/g\/personal\/isabellh_educastur_org\/ERxFcCazFLpGveGavDuYj-4BsRNfnApUzuCGcoS-PuLbHw?e=KsiASg\"><em>Actividad en castellano<\/em><\/a><\/li>\n<li><a href=\"https:\/\/educastur-my.sharepoint.com\/:b:\/g\/personal\/isabellh_educastur_org\/Ef-2V_qItkZLlaUqGLGEFY8BxE_IX6bajYcjWl_NcLiiiA?e=OzaYOg\"><em>Activid\u00e1 n\u00b4asturiano<\/em><\/a><\/li>\n<li><a href=\"https:\/\/es.wikipedia.org\/wiki\/Gaita_asturiana\">Defiinici\u00f3n Wikipedia<\/a><\/li>\n<\/ul>\n<p><a href=\"https:\/\/upload.wikimedia.org\/wikipedia\/commons\/thumb\/5\/55\/Asturian_pipe.jpg\/800px-Asturian_pipe.jpg\"><img loading=\"lazy\" decoding=\"async\" class=\"alignnone \" src=\"https:\/\/upload.wikimedia.org\/wikipedia\/commons\/thumb\/5\/55\/Asturian_pipe.jpg\/800px-Asturian_pipe.jpg\" width=\"270\" height=\"333\" \/><\/a>\/\u00a0 <a href=\"https:\/\/i.pinimg.com\/originals\/14\/89\/b0\/1489b0598fa9972ed13ffb1af177a8e7.jpg\"><img loading=\"lazy\" decoding=\"async\" class=\"alignnone \" src=\"https:\/\/i.pinimg.com\/originals\/14\/89\/b0\/1489b0598fa9972ed13ffb1af177a8e7.jpg\" width=\"288\" height=\"320\" \/><\/a><\/p>\n<ul>\n<li><a href=\"https:\/\/www.desdeasturias.com\/el-museo-de-la-gaita\/\"><strong>Museu de la gaita<\/strong> (Pueblu d\u00b4Asturies) Xix\u00f3n<\/a><\/li>\n<\/ul>\n<p>&nbsp;<\/p>\n<hr \/>\n<p><strong><em>Jos\u00e9 Angel HEVIA<\/em><\/strong><br \/>\n<a href=\"https:\/\/celtadigital.com\/wp-content\/uploads\/2017\/06\/HEVIA-GAITERO2-1200x350.jpg\"><img loading=\"lazy\" decoding=\"async\" class=\"alignnone \" src=\"https:\/\/celtadigital.com\/wp-content\/uploads\/2017\/06\/HEVIA-GAITERO2-1200x350.jpg\" width=\"686\" height=\"200\" \/><\/a><\/p>\n<ul>\n<li>Tema estrella:\u00a0 <strong><em>Busindre Reel (2009), innovaci\u00f3n en el dise\u00f1o y sonido de la gaita.<br \/>\n<\/em><\/strong><\/li>\n<\/ul>\n\n<!-- iframe plugin v.6.0 wordpress.org\/plugins\/iframe\/ -->\n<iframe loading=\"lazy\" width=\"588\" height=\"331\" src=\"https:\/\/www.youtube.com\/embed\/qUA3sdyZ_Pw\" scrolling=\"yes\" class=\"iframe-class\" frameborder=\"0\"><\/iframe>\n\n<ul>\n<li><a href=\"https:\/\/hevia.es\/e-bagpipes\/\">Gaita midi<\/a><\/li>\n<li><a href=\"https:\/\/hevia.es\/\">Web oficial<\/a><\/li>\n<li><a href=\"https:\/\/hevia.es\/videos\/\">Videos<\/a><\/li>\n<li><a href=\"https:\/\/hevia.es\/al-son-del-indianu\/\">Poyecto \u00abAl son del indianu<\/a>\u00ab. Ver ejmplo: <a href=\"https:\/\/www.youtube.com\/watch?v=TcavyPNz1-4&amp;feature=emb_logo\">Al son de la capitana&#8230;.<\/a><\/li>\n<\/ul>\n\n<!-- iframe plugin v.6.0 wordpress.org\/plugins\/iframe\/ -->\n<iframe loading=\"lazy\" width=\"588\" height=\"331\" src=\"https:\/\/www.youtube.com\/embed\/TcavyPNz1-4\" scrolling=\"yes\" class=\"iframe-class\" frameborder=\"0\"><\/iframe>\n\n<hr \/>\n<div class=\"submitted\"><span style=\"color: #800000;font-size: 24pt\"><em><span class=\"d2edcug0 hpfvmrgz qv66sw1b c1et5uql rrkovp55 a8c37x1j keod5gw0 nxhoafnm aigsh9s9 d3f4x2em fe6kdd0r mau55g9w c8b282yb iv3no6db jq4qci2q a3bd9o3v knj5qynh oo9gr5id\" dir=\"auto\"><strong>XII Premiu Camaret\u00e1 al Meyor Cantar 2020<\/strong> <\/span><\/em><\/span><\/div>\n<div>\n\n<!-- iframe plugin v.6.0 wordpress.org\/plugins\/iframe\/ -->\n<iframe loading=\"lazy\" src=\"https:\/\/www.facebook.com\/plugins\/video.php?height=314&#038;href=https%3A%2F%2Fwww.facebook.com%2Fpoliticallinguistica%2Fvideos%2F403718770800760%2F&#038;show_text=false&#038;width=560\" width=\"560\" height=\"314\" 0=\"iframe\" scrolling=\"yes\" class=\"iframe-class\" frameborder=\"0\"><\/iframe>\n\n<\/div>\n<p><em><span class=\"d2edcug0 hpfvmrgz qv66sw1b c1et5uql rrkovp55 a8c37x1j keod5gw0 nxhoafnm aigsh9s9 d3f4x2em fe6kdd0r mau55g9w c8b282yb iv3no6db jq4qci2q a3bd9o3v knj5qynh oo9gr5id\" dir=\"auto\">El<strong> XII Premiu Camaret\u00e1 al Meyor Cantar<\/strong> ll\u00e9valu, por unanimid\u00e1, <strong>\u00abRambal\u00edn\u00bb, de Rodrigo Cuevas. <\/strong><a href=\"https:\/\/www.facebook.com\/watch\/?v=403718770800760\">Ver videu Facebook de Pol\u00edtica lling\u00fc\u00edstica <\/a><\/span><\/em><em><strong>Rodrigo Cuevas<\/strong>, <strong>Silvia Quesada<\/strong>, <strong>Mapi Quintana<\/strong> y <strong>Slum Suit<\/strong> van defendieron nel Teatru Fantasio de Navia los sos temes finalistes nel<strong> XII Premiu al Meyor Cantar<\/strong>, que gana esti a\u00f1u l\u2019apell\u00edu \u2018Camaret\u00e1\u2019. <a href=\"https:\/\/spotstorming.es\/xii-premiu-camareta\/?fbclid=IwAR1aW9GjEZaTKuyldfxzEWK6qfNxhLatbWIz4mNYOKricvZzOQk4GggtnVc\"><strong>Ver web con info sobro los finalistes&#8230;<\/strong> <\/a><br \/>\n<\/em><\/p>\n<p><em>Los cuatro temes qu\u2019aspiraben a ser el meyor cantar n\u2019asturianu o gallego-asturiano del 2019 y la primer met\u00e1 del 2020: \u2018<strong>Rambal\u00edn\u2019, de Rodrigo Cuevas<\/strong>; \u2018<strong>La mesma revoluci\u00f3n<\/strong>\u2019, de Silvia Quesada; \u2018<strong>Cantar pa durmir un nin\u00edn<\/strong>\u2019, de Mapi Quintana; y <strong>\u2018L\u2019espeyu\u2019, de Slum Suit.<\/strong> Tami\u00e9n actu\u00f3 Lafu y Rebeca, ganadores de la edici\u00f3n anterior con \u2018Les sombres de la yerba\u2019, mientres el xur\u00e1u decide\u2019l merecedor del gallard\u00f3n.<\/em><\/p>\n<p><samp class=\"EmbedCode-container\"><code class=\"EmbedCode-code\">Fonte:\u00a0<\/code><\/samp><a class=\"oajrlxb2 g5ia77u1 qu0x051f esr5mh6w e9989ue4 r7d6kgcz rq0escxv nhd2j8a9 nc684nl6 p7hjln8o kvgmc6g5 cxmmr5t8 oygrvhab hcukyx3x jb3vyjys rz4wbd8a qt6c0cv9 a8nywdso i1ao9s8h esuyzwwr f1sip0of lzcic4wl oo9gr5id gpro0wi8 lrazzd5p\" role=\"link\" href=\"https:\/\/www.facebook.com\/politicallinguistica\/?__cft__[0]=AZUp7vvYv3TZvelalScylre6Zh6jG-f9H7Zs-K9LMyM-iDW7cpoKfrS_U0xGMeVcfgz-atzQY1HL33degynQETRZaEkVm7h0wvo61NJcmLIujEmk6RhVChBRwCjjxWhFYt_tqG46hDqps_r_y3e4uSOKYZALU46Wa2Oe43VLJVCecQ&amp;__tn__=-UC%2CP-y-R\"><strong>Pol\u00edtica Lling\u00fc\u00edstica Princip\u00e1u d&#8217;Asturies<\/strong><\/a><\/p>\n<ul>\n<li><a href=\"https:\/\/educastur-my.sharepoint.com\/:b:\/g\/personal\/isabellh_educastur_org\/Efv7BSp47yNErs8MFvtvrbMBU1QpyK7FTEDyL4d-yX2QOg?e=BQfI9v\"><strong>VER Lletra de \u00abRambal\u00edn\u00bb<\/strong> de Rodrigo Cuevas<\/a><\/li>\n<li><a href=\"https:\/\/educastur-my.sharepoint.com\/:b:\/g\/personal\/isabellh_educastur_org\/ES2Se_gMhFVLl6NBd5YnOAkBlCRX476T1j1SGq8-nhwePw?e=LbMD1N\"><strong>VER Lletra de \u00abLa mesma revoluci\u00f3n\u00bb<\/strong> de Silvia Quesada<\/a><\/li>\n<li><a href=\"https:\/\/educastur-my.sharepoint.com\/:b:\/g\/personal\/isabellh_educastur_org\/EcCkbNGBw6hOl-TN479A8mIBlYwR9PvWFpqpqjkQl68_bQ?e=koZr2t\"><strong>VER Lletra de \u00abCantar pa durmir un nen\u00edn\u00bb<\/strong> de Mapi Quintana<\/a><\/li>\n<li><a href=\"https:\/\/educastur-my.sharepoint.com\/:b:\/g\/personal\/isabellh_educastur_org\/ETj3SNYozf9Pn82ASjOKY9UBmm-ND2ZWIHRamxCsMGYmxg?e=rtxeij\"><strong>VER Lletra de \u00abL\u00b4espeyu\u00bb<\/strong> de Slum Suit<\/a><\/li>\n<\/ul>\n<p><strong>El XII Premiu Camaret\u00e1 al Meyor Cantar ll\u00e9valu, por unanimid\u00e1, \u00abRambal\u00edn\u00bb, de Rodrigo Cuevas.<\/strong><\/p>\n<ul>\n<li><a href=\"https:\/\/spotstorming.es\/xii-premiu-camareta\/\"> https:\/\/spotstorming.es\/xii-premiu-camareta\/<\/a><strong><br \/>\n<\/strong><\/li>\n<li><a href=\"https:\/\/educastur-my.sharepoint.com\/:b:\/g\/personal\/isabellh_educastur_org\/EZ5u4d7rjitBoxqOUn6iUT0BXOxIJe49VXYA4dGxxk5UYA?e=K74uNz\"><strong>Cartelu dise\u00f1\u00e1u<\/strong><\/a> por <a href=\"https:\/\/llanapublicidad.es\/trabajos\/xii-premiu-camareta-al-meyor-cantar-2020\/?fbclid=IwAR0kJRCxVom_yAL5hecDV9NKw2pbtlIG-OIdKIccwQkK0A1kyaTVqPAeeTs\"><strong>Llana Publicidad<\/strong><\/a><\/li>\n<\/ul>\n<div class=\"\" dir=\"auto\">\n<div class=\"\" dir=\"auto\">\n<div class=\"ecm0bbzt hv4rvrfc ihqw7lf3 dati1w0a\" data-ad-comet-preview=\"message\" data-ad-preview=\"message\">\n<div class=\"j83agx80 cbu4d94t ew0dbk1b irj2b8pg\">\n<div class=\"qzhwtbm6 knvmm38d\">\n<div class=\"o9v6fnle cxmmr5t8 oygrvhab hcukyx3x c1et5uql ii04i59q\">\n<div dir=\"auto\">Esti premiu, organiz\u00e1u pola Conseyer\u00eda de Cultura, Pol\u00edtica Lling\u00fc\u00edstica y Turismu a trav\u00e9s de la Direcci\u00f3n Xeneral de Pol\u00edtica Lling\u00fc\u00edstica, tien dos fases. Na primera, el xur\u00e1u, escoy\u00eda en setiembre d\u2019ente los cantares presentaos aquellos que pasaben a la final, que foron: \u00abRambal\u00edn\u00bb, de <strong>Rodrigo Cuevas<\/strong>, \u00abLa mesma revoluci\u00f3n\u00bb, de <strong>Silvia Quesada<\/strong>, \u00abCantar pa durmir un nin\u00edn\u00bb, de <strong>Mapi Quintana,<\/strong> y \u00abL\u2019espeyu\u00bb, de <strong>Slum Suit<\/strong>.<\/div>\n<div dir=\"auto\"><\/div>\n<div dir=\"auto\">Los finalistes hab\u00eden defender nuna Gala Final los sos cantares, que diba celebrase\u2019l 13 de payares nel Teatru Fantasio de Navia y que retresmitir\u00eda la RTPA.<\/div>\n<\/div>\n<div class=\"o9v6fnle cxmmr5t8 oygrvhab hcukyx3x c1et5uql ii04i59q\">\n<div dir=\"auto\">Una y bones celebrada, presentada por Norma M\u00e9ndez (que se mand\u00f3 del gallego-asturianu) y Fernando Valle Roso (n\u2019asturianu), el xur\u00e1u decidi\u00f3 premiar<strong> \u00abRambal\u00edn\u00bb, de Rodrigo Cuevas<\/strong>, por unanimid\u00e1, llev\u00e1ndose\u2019l trof\u00e9u y los 6.000 euros de dotaci\u00f3n con que cuenta\u2019l premiu.<\/div>\n<div dir=\"auto\"><\/div>\n<\/div>\n<\/div>\n<\/div>\n<\/div>\n<\/div>\n<\/div>\n<hr \/>\n<p><a href=\"https:\/\/d1r2szwlgvj8r7.cloudfront.net\/a2pi\/c-pad\/b-white\/q-85\/ar-760-864\/w-1002\/images\/image_l\/20171116230743mmipqq\/slum-suit-ep-slum-suit.jpg\"><img loading=\"lazy\" decoding=\"async\" class=\"alignnone \" src=\"https:\/\/d1r2szwlgvj8r7.cloudfront.net\/a2pi\/c-pad\/b-white\/q-85\/ar-760-864\/w-1002\/images\/image_l\/20171116230743mmipqq\/slum-suit-ep-slum-suit.jpg\" width=\"183\" height=\"208\" \/><\/a>\/ <a href=\"https:\/\/i.scdn.co\/image\/29c2abe331a214976bdd0fa468bd445115d2113e\"><img loading=\"lazy\" decoding=\"async\" class=\"alignnone \" src=\"https:\/\/i.scdn.co\/image\/29c2abe331a214976bdd0fa468bd445115d2113e\" width=\"194\" height=\"194\" \/><\/a><\/p>\n<ul>\n<li>Slum Suit <a href=\"https:\/\/open.spotify.com\/artist\/1t7YzwSMxMHCg2700m0RqU\">Spotify<\/a>,<\/li>\n<li>Saxo: <a href=\"https:\/\/www.facebook.com\/carlos.casado.92\">Carlos Casado Huerta<\/a><\/li>\n<li><a href=\"https:\/\/www.youtube.com\/watch?v=nA407akAdi4\"><strong>Escuchar: Sicas\u00ed<\/strong> (Slum Suit 2018) New York<\/a><\/li>\n<li>Carlos Casado &#8211; Gaita \/ Kurumi Shinohara &#8211; Clarinet \/ Ryo Miyachi &#8211; Bass \/ Muammer Aryar &#8211; Guitar \/ Nagi Okamoto &#8211; Sax \/ Hung-Hsuan Chou &#8211; Trumpet \/ Yuto Kanazawa &#8211; Guitar \/ Tomoyuki Hasebe &#8211; Drums<\/li>\n<\/ul>\n<p><a href=\"https:\/\/asturies.com\/sites\/default\/files\/slum_suit.jpg\"><img loading=\"lazy\" decoding=\"async\" class=\"alignnone \" src=\"https:\/\/asturies.com\/sites\/default\/files\/slum_suit.jpg\" width=\"527\" height=\"352\" \/><\/a><\/p>\n<ul>\n<li><a href=\"https:\/\/twitter.com\/i\/status\/1328801555043278852\"><strong>SLUM SUIT:\u00a0 VER Presentaci\u00f3n d\u00b4esti grupu!!! calca&#8230;<\/strong> <\/a><\/li>\n<li><a href=\"https:\/\/www.youtube.com\/watch?v=cL4GME8ZJCQ\">M\u00fasica e interculturalid\u00e1<\/a><\/li>\n<\/ul>\n<p>\n<!-- iframe plugin v.6.0 wordpress.org\/plugins\/iframe\/ -->\n<iframe loading=\"lazy\" width=\"588\" height=\"331\" src=\"https:\/\/www.youtube.com\/embed\/cL4GME8ZJCQ\" scrolling=\"yes\" class=\"iframe-class\" frameborder=\"0\"><\/iframe>\n<samp class=\"EmbedCode-container\"><code class=\"EmbedCode-code\"><br \/>\n<\/code><\/samp><\/p>\n<p><strong><em>Final del XII Premiu Camaret\u00e1_Payares 2020<\/em><\/strong><\/p>\n\n<!-- iframe plugin v.6.0 wordpress.org\/plugins\/iframe\/ -->\n<iframe loading=\"lazy\" src=\"https:\/\/www.facebook.com\/plugins\/video.php?height=420&#038;href=https%3A%2F%2Fwww.facebook.com%2Fslumsuit%2Fvideos%2F805161726716601%2F&#038;show_text=false&#038;width=560\" width=\"560\" height=\"420\" 0=\"\/iframe\" scrolling=\"yes\" class=\"iframe-class\" frameborder=\"0\"><\/iframe>\n\n<div id=\"tab-89406f4b4ffa006e685\" class=\"tab-pane fade fusion-clearfix active in\" role=\"tabpanel\" aria-labelledby=\"fusion-tab-cantar\">\n<h4><em><strong>\u00a0<\/strong><\/em><em><strong>L\u2019espeyu<\/strong><\/em><\/h4>\n<div>\n<p><em>Busqu\u00e9 un espeyu pa mirar<\/em><br \/>\n<em>a los dem\u00e1s,<\/em><br \/>\n<em>busqu\u00e9 un espeyu pa saber<\/em><br \/>\n<em>que soi.<\/em><\/p>\n<p><em>Recuerro les cais sintonizando<\/em><br \/>\n<em>la radio interior,<\/em><br \/>\n<em>les flores cay\u00edes y\u00e1 nun g\u00fcelen<\/em><br \/>\n<em>como ayer.<\/em><\/p>\n<p><em>Les palabres van texendo<\/em><br \/>\n<em>un silenciu atronador,<\/em><br \/>\n<em>y a la hora del atapecer,<\/em><br \/>\n<em>desp\u00eddome del mesmu sol.<\/em><\/p>\n<p><em>Esploro inm\u00f3vil<\/em><br \/>\n<em>los montes del recuerdu,<\/em><br \/>\n<em>la nieve equ\u00ed<\/em><br \/>\n<em>cai<\/em><br \/>\n<em>m\u00e1s r\u00e1pido.<\/em><\/p>\n<p><em>Dibuxo la vida<\/em><br \/>\n<em>en llenzos antiguos,<\/em><br \/>\n<em>vivo na m\u00fasica<\/em><br \/>\n<em>cambio la escala.<\/em><\/p>\n<p><em>Les palabres van texendo<\/em><br \/>\n<em>un silenciu atronador,<\/em><br \/>\n<em>y a la hora del atapecer,<\/em><br \/>\n<em>desp\u00eddome del mesmu sol.<\/em><\/p>\n<p><em>Les palabres van texendo<\/em><br \/>\n<em>un silenciu atronador,<\/em><br \/>\n<em>y a la hora de l\u2019alborada<\/em><br \/>\n<em>saludo al mesmu sol.<\/em><\/p>\n<p><em>Lletra: Pablo Tex\u00f3n<\/em><\/p>\n<\/div>\n<\/div>\n<h4><em><strong><a href=\"http:\/\/spotstorming.es\/wp-content\/uploads\/2020\/11\/XII-Premiu-camareta-Slum-Suit.jpg\"><img loading=\"lazy\" decoding=\"async\" class=\"alignnone \" src=\"http:\/\/spotstorming.es\/wp-content\/uploads\/2020\/11\/XII-Premiu-camareta-Slum-Suit.jpg\" width=\"545\" height=\"474\" \/><\/a><\/strong><\/em><\/h4>\n<hr \/>\n<p><a href=\"https:\/\/yt3.ggpht.com\/yvaiArfr7tnwKvaJyr8qDOG1Gj05WROLY2924FZ-Gq4hB3QUSSLjeP9zunU3lFuKGjJVjWiu=w2120-fcrop64=1,00005a57ffffa5a8-k-c0xffffffff-no-nd-rj\"><img loading=\"lazy\" decoding=\"async\" class=\"alignnone size-full\" src=\"https:\/\/yt3.ggpht.com\/yvaiArfr7tnwKvaJyr8qDOG1Gj05WROLY2924FZ-Gq4hB3QUSSLjeP9zunU3lFuKGjJVjWiu=w2120-fcrop64=1,00005a57ffffa5a8-k-c0xffffffff-no-nd-rj\" width=\"2048\" height=\"339\" \/><\/a><\/p>\n<p><em><strong>Gaita leed<\/strong> de\u00a0<a href=\"https:\/\/www.youtube.com\/channel\/UCJOCjQlKIZkO8ovjpuYnifQ?sub_confirmation=1\"> Bras Rodrigo<\/a><\/em><\/p>\n<ul>\n<li><em><a href=\"https:\/\/www.youtube.com\/watch?v=ptiHto0MA9c\">Remanacer<\/a><\/em><\/li>\n<\/ul>\n<p><em>\n<!-- iframe plugin v.6.0 wordpress.org\/plugins\/iframe\/ -->\n<iframe loading=\"lazy\" width=\"588\" height=\"331\" src=\"https:\/\/www.youtube.com\/embed\/ptiHto0MA9c\" scrolling=\"yes\" class=\"iframe-class\" frameborder=\"0\"><\/iframe>\n<\/em><\/p>\n<ul>\n<li><em><a href=\"https:\/\/www.youtube.com\/watch?v=BbfXd31ISY4\">Asturias patria Querida<\/a><\/em><\/li>\n<\/ul>\n<p><em>\n<!-- iframe plugin v.6.0 wordpress.org\/plugins\/iframe\/ -->\n<iframe loading=\"lazy\" width=\"588\" height=\"331\" src=\"https:\/\/www.youtube.com\/embed\/BbfXd31ISY4\" scrolling=\"yes\" class=\"iframe-class\" frameborder=\"0\"><\/iframe>\n<\/em><\/p>\n<hr \/>\n<p><strong><em>Asturianada: Anabel Santiago<\/em><\/strong><\/p>\n<p><em><b>Ana Isabel Santiago S\u00e1nchez<\/b> (<a title=\"Buenos Aires\" href=\"https:\/\/es.wikipedia.org\/wiki\/Buenos_Aires\">Buenos Aires<\/a>, <a title=\"Argentina\" href=\"https:\/\/es.wikipedia.org\/wiki\/Argentina\">Argentina<\/a>, <a title=\"18 de junio\" href=\"https:\/\/es.wikipedia.org\/wiki\/18_de_junio\">18 de junio<\/a> de <a title=\"1981\" href=\"https:\/\/es.wikipedia.org\/wiki\/1981\">1981<\/a>) es una cantante <a title=\"Espa\u00f1a\" href=\"https:\/\/es.wikipedia.org\/wiki\/Espa%C3%B1a\">espa\u00f1ola<\/a> de <a class=\"mw-redirect\" title=\"Tonada asturiana\" href=\"https:\/\/es.wikipedia.org\/wiki\/Tonada_asturiana\">tonada asturiana<\/a>. Comenz\u00f3 a cantar tonada a los trece a\u00f1os. Fue nombrada Mejor Voz Asturiana en el <a title=\"Memorial Silvino Arg\u00fcelles\" href=\"https:\/\/es.wikipedia.org\/wiki\/Memorial_Silvino_Arg%C3%BCelles\">Memorial Silvino Arg\u00fcelles<\/a> en las ediciones de 2003, 2004, 2005 y 2006.<\/em><\/p>\n<ul>\n<li><a href=\"https:\/\/es.wikipedia.org\/wiki\/Anabel_Santiago\"><em>Bio<\/em><\/a><\/li>\n<li><em><a href=\"https:\/\/www.youtube.com\/channel\/UCFm6I8aXBQqgxMlXzezwdGg\">Canal Youtube<\/a><br \/>\n<\/em><\/li>\n<li><a href=\"https:\/\/anabelsantiago.com\/\"><em>Web<\/em><\/a><\/li>\n<li><a href=\"https:\/\/www.youtube.com\/watch?v=4guDUjLR4h4\"><em>De los Picos d\u00b4Europa<\/em> <\/a><\/li>\n<li><a href=\"https:\/\/www.youtube.com\/watch?v=S0W5vz8qwwE\">Toca la gaita, gaiteru<\/a><\/li>\n<\/ul>\n<hr \/>\n<p><strong><em>Asturianada: Marisa Valle Roso<\/em><\/strong><\/p>\n<p><a href=\"https:\/\/ep00.epimg.net\/tematicos\/imagenes\/2017\/11\/06\/elpaismas\/1509964991_686869_1509965691_noticia_normal.jpg\"><img loading=\"lazy\" decoding=\"async\" class=\"alignnone size-full\" src=\"https:\/\/ep00.epimg.net\/tematicos\/imagenes\/2017\/11\/06\/elpaismas\/1509964991_686869_1509965691_noticia_normal.jpg\" width=\"560\" height=\"403\" \/><\/a><\/p>\n<p><em><b>Marisa Valle Roso<\/b> (<a title=\"La Felguera\" href=\"https:\/\/es.wikipedia.org\/wiki\/La_Felguera\">La Felguera<\/a>, <a title=\"Langreo\" href=\"https:\/\/es.wikipedia.org\/wiki\/Langreo\">Langreo<\/a>, <a title=\"22 de diciembre\" href=\"https:\/\/es.wikipedia.org\/wiki\/22_de_diciembre\">22 de diciembre<\/a> de <a title=\"1987\" href=\"https:\/\/es.wikipedia.org\/wiki\/1987\">1987<\/a>) es una cantante y compositora <a title=\"Espa\u00f1a\" href=\"https:\/\/es.wikipedia.org\/wiki\/Espa%C3%B1a\">espa\u00f1ola<\/a> formada en la <a title=\"Canci\u00f3n asturiana\" href=\"https:\/\/es.wikipedia.org\/wiki\/Canci%C3%B3n_asturiana\">tonada asturiana<\/a>. <sup id=\"cite_ref-:1_1-0\" class=\"reference separada\"><\/sup>En sus inicios musicales sol\u00eda formar pareja art\u00edstica con su hermano, <a title=\"Fernando Valle Roso\" href=\"https:\/\/es.wikipedia.org\/wiki\/Fernando_Valle_Roso\">Fernando Valle Roso<\/a>.<\/em><\/p>\n<ul>\n<li><a href=\"https:\/\/es.wikipedia.org\/wiki\/Marisa_Valle_Roso\"><em>Bio<\/em><\/a><\/li>\n<li><a href=\"https:\/\/www.youtube.com\/channel\/UCHB3mZmElms4dUxgRGgfz7A\/videos\"><em>Videos<\/em><\/a><\/li>\n<li><a href=\"https:\/\/www.marisavalleroso.com\/\"><em>Web<\/em><\/a><\/li>\n<li><a href=\"https:\/\/open.spotify.com\/artist\/0OvQ1xWnrw2B3aPrDMayLL?autoplay=true\">Spotify<\/a><\/li>\n<li><a href=\"https:\/\/www.youtube.com\/watch?v=KpTjwFc0spg\">Tienes casa, tienes horru<\/a><\/li>\n<\/ul>\n<hr \/>\n<p><strong><em>Asturianada: Rodrigo Cuevas<\/em><\/strong><\/p>\n<p><em><strong>Rodrigo Cuevas (Oviedo, 1985) es cantante, compositor, acordeonista y percusionista. Es \u00abelectrocupletista\u00bb\u009d, \u00abshowman\u00bb\u009d, inventor de la \u00abtonada glam\u00bb\u009d o del \u00abcabaret underprao\u00bb\u009d<\/strong><\/em>.<\/p>\n<p><a href=\"https:\/\/elcohete.com\/wp-content\/uploads\/2017\/09\/Fondo-Web-Rodrigo-2019.jpg\"><img loading=\"lazy\" decoding=\"async\" class=\"alignnone \" src=\"https:\/\/elcohete.com\/wp-content\/uploads\/2017\/09\/Fondo-Web-Rodrigo-2019.jpg\" width=\"479\" height=\"237\" \/><\/a>\/ <a href=\"https:\/\/static1.elcomercio.es\/www\/multimedia\/201912\/13\/media\/cortadas\/50995942--624x936.JPG\"><img loading=\"lazy\" decoding=\"async\" class=\"alignnone \" src=\"https:\/\/static1.elcomercio.es\/www\/multimedia\/201912\/13\/media\/cortadas\/50995942--624x936.JPG\" width=\"160\" height=\"240\" \/><\/a><\/p>\n<p><a href=\"https:\/\/www.lavozdeasturias.es\/default\/2019\/12\/11\/00121576062302026808823\/Foto\/efe_20191210_152736354.jpg\"><img loading=\"lazy\" decoding=\"async\" class=\"alignnone \" src=\"https:\/\/www.lavozdeasturias.es\/default\/2019\/12\/11\/00121576062302026808823\/Foto\/efe_20191210_152736354.jpg\" width=\"341\" height=\"192\" \/><\/a>\/ <a href=\"https:\/\/rodrigocuevas.sexy\/rc\/2017\/02\/CabeceraWeb.jpg\"><img loading=\"lazy\" decoding=\"async\" class=\"alignnone \" src=\"https:\/\/rodrigocuevas.sexy\/rc\/2017\/02\/CabeceraWeb.jpg\" width=\"314\" height=\"177\" \/><\/a><\/p>\n<ul>\n<li><em><a href=\"https:\/\/es.wikipedia.org\/wiki\/Rodrigo_Cuevas_(cantante)\">Bio<\/a>, <a href=\"https:\/\/elcohete.com\/rodrigo-cuevas\/\">El Cohete<\/a>, <a href=\"https:\/\/mas.lne.es\/muelologia\/media\/rodrigo-cuevas.jpg\">foto transgresora<\/a>,<br \/>\n<\/em><\/li>\n<li><em><a href=\"https:\/\/www.youtube.com\/channel\/UCjBmgXddS-UjNZt7o0lLeAg\">Canal Youtube<\/a><br \/>\n<\/em><\/li>\n<li><a href=\"https:\/\/open.spotify.com\/artist\/1d3CepUS2V6F3cP9YWNfUO?autoplay=true\">Spotify<\/a><\/li>\n<li><a href=\"https:\/\/rodrigocuevas.sexy\/\"><em>Web<\/em><\/a><\/li>\n<li><strong><a href=\"https:\/\/www.youtube.com\/watch?v=UN1dSExTTcY&amp;list=OLAK5uy_krRDVAE601EZuQ2Xih2ZmSnDQxO9ambeE&amp;index=6\"><em>Tengo de subir al puertu<\/em><\/a><\/strong><\/li>\n<li><a href=\"https:\/\/www.youtube.com\/watch?v=kgSESg6iisA\"><em><strong>Manual de cortejo<\/strong> (versi\u00f3n viesca)<\/em><\/a><\/li>\n<li><a href=\"https:\/\/www.youtube.com\/watch?v=OinLUmrjHQo\"><em>Soi de Verdiciu<\/em><\/a><\/li>\n<\/ul>\n\n<!-- iframe plugin v.6.0 wordpress.org\/plugins\/iframe\/ -->\n<iframe loading=\"lazy\" width=\"588\" height=\"331\" src=\"https:\/\/www.youtube.com\/embed\/OinLUmrjHQo\" scrolling=\"yes\" class=\"iframe-class\" frameborder=\"0\"><\/iframe>\n\n<div><em><strong>Rodrigo Cuevas (Oviedo, 1985) es cantante, compositor, acordeonista y percusionista. Es \u00abelectrocupletista\u00bb\u009d, \u00abshowman\u00bb\u009d, inventor de la \u00abtonada glam\u00bb\u009d o del \u00abcabaret underprao\u00bb\u009d<\/strong><\/em>. Tanto t\u00edtulo es para decir que le ha dado vuelta como un calcet\u00ed\u00adn a la tradici\u00f3n musical asturiana y que Rodrigo hab\u00ed\u00ada publicado en 2012 un disco titulado \u00abYo soy la maga\u00bb\u009d, que pas\u00f3 desapercibido para el gran p\u00fablico, pero fue a partir de 2014, con su espect\u00e1culo de electrocupl\u00e9, y ya en 2016, con su disco \u00abPrince of Verdiciu\u00bb\u009d, cuando pas\u00f3 a convertirse en un icono de la cultura popular asturiana. Estudi\u00f3 Sonolog\u00ed\u00ada en Barcelona y, antes, se form\u00f3 en el Conservatorio de Oviedo. Luego ya lo puso todo patas arriba. Su \u00faltimo trabajo discogr\u00e1fico son versiones de Tino Casal y ahora llena con su espect\u00e1culo \u00abEl mundo por montera\u00bb\u009d. &#8211;<a href=\"https:\/\/mas.lne.es\/muelologia\/rodrigo-cuevas.html\"> https:\/\/mas.lne.es\/muelologia\/rodrigo-cuevas.html<\/a><\/div>\n<div><\/div>\n<p>&nbsp;<\/p>\n","protected":false},"excerpt":{"rendered":"<p>La gaita asturiana &nbsp; Ver Tina Casta\u00f1\u00f3n, la primer gaitera d\u00b4Asturies Actividad en castellano Activid\u00e1 n\u00b4asturiano Defiinici\u00f3n Wikipedia \/\u00a0 Museu de la gaita (Pueblu d\u00b4Asturies) Xix\u00f3n &nbsp; Jos\u00e9 Angel HEVIA Tema estrella:\u00a0 Busindre Reel (2009), innovaci\u00f3n en el dise\u00f1o y sonido de la gaita. Gaita midi Web oficial Videos Poyecto \u00abAl son del indianu\u00ab. Ver [&hellip;]<\/p>\n","protected":false},"author":117,"featured_media":0,"parent":218,"menu_order":0,"comment_status":"closed","ping_status":"closed","template":"","meta":{"footnotes":""},"class_list":["post-1261","page","type-page","status-publish","hentry","post-preview"],"_links":{"self":[{"href":"https:\/\/edublog.educastur.es\/ixuxullingua\/wp-json\/wp\/v2\/pages\/1261","targetHints":{"allow":["GET"]}}],"collection":[{"href":"https:\/\/edublog.educastur.es\/ixuxullingua\/wp-json\/wp\/v2\/pages"}],"about":[{"href":"https:\/\/edublog.educastur.es\/ixuxullingua\/wp-json\/wp\/v2\/types\/page"}],"author":[{"embeddable":true,"href":"https:\/\/edublog.educastur.es\/ixuxullingua\/wp-json\/wp\/v2\/users\/117"}],"replies":[{"embeddable":true,"href":"https:\/\/edublog.educastur.es\/ixuxullingua\/wp-json\/wp\/v2\/comments?post=1261"}],"version-history":[{"count":5,"href":"https:\/\/edublog.educastur.es\/ixuxullingua\/wp-json\/wp\/v2\/pages\/1261\/revisions"}],"predecessor-version":[{"id":2612,"href":"https:\/\/edublog.educastur.es\/ixuxullingua\/wp-json\/wp\/v2\/pages\/1261\/revisions\/2612"}],"up":[{"embeddable":true,"href":"https:\/\/edublog.educastur.es\/ixuxullingua\/wp-json\/wp\/v2\/pages\/218"}],"wp:attachment":[{"href":"https:\/\/edublog.educastur.es\/ixuxullingua\/wp-json\/wp\/v2\/media?parent=1261"}],"curies":[{"name":"wp","href":"https:\/\/api.w.org\/{rel}","templated":true}]}}