{"id":1348,"date":"2020-12-07T19:28:46","date_gmt":"2020-12-07T17:28:46","guid":{"rendered":"https:\/\/edublog.educastur.es\/ixuxullingua\/?page_id=1348"},"modified":"2020-12-07T20:01:11","modified_gmt":"2020-12-07T18:01:11","slug":"sesion-08c","status":"publish","type":"page","link":"https:\/\/edublog.educastur.es\/ixuxullingua\/6-sestu\/sestu-20-21\/02-primer-trimestre\/sesion-08c\/","title":{"rendered":"Sesi\u00f3n 08c"},"content":{"rendered":"<p><em><span style=\"font-size: 18pt\"><strong><span style=\"font-size: 14pt\">TAREA: Lectura textos + fotos + videos:\u00a0 <\/span><span style=\"color: #008080\">\u00abLa mina d\u00b4Arn\u00e1u\u00bb<br \/>\n<\/span><\/strong><\/span><\/em><\/p>\n<p><a href=\"https:\/\/imgbox.es\/images\/2020\/12\/07\/La-mina-dArnaocfe18e78892267bd.jpg\"><img loading=\"lazy\" decoding=\"async\" class=\"alignnone size-full\" src=\"https:\/\/imgbox.es\/images\/2020\/12\/07\/La-mina-dArnaocfe18e78892267bd.jpg\" width=\"1247\" height=\"1569\" \/><\/a><\/p>\n<hr \/>\n<p><a href=\"http:\/\/museominadearnao.es\/wp-content\/uploads\/sites\/31\/2020\/05\/logo_arnao_transparente-blanco.png\"><img loading=\"lazy\" decoding=\"async\" class=\"alignnone \" src=\"http:\/\/museominadearnao.es\/wp-content\/uploads\/sites\/31\/2020\/05\/logo_arnao_transparente-blanco.png\" width=\"97\" height=\"74\" \/><\/a><\/p>\n<ul>\n<li><a href=\"http:\/\/museominadearnao.es\/\">Web <strong><em><span style=\"color: #008080\">MUSEO DE LA MINA DE ARNAO<\/span><\/em><\/strong><\/a><\/li>\n<\/ul>\n<p>En Arnao, lugar costero del Concejo de Castrill\u00f3n y pr\u00f3ximo a Avil\u00e9s, se establecen en el siglo XIX EL CASTILLETE. de la Real Compa\u00f1\u00eda Asturiana de Minas de Carb\u00f3n para la explotaci\u00f3n del carb\u00f3n existente en el subsuelo de la localidad. <a href=\"http:\/\/jasp--ast.blogspot.com\/2015\/09\/la-mina-de-arnao-asturias.html\"><span style=\"text-decoration: underline\"><em>Ver art\u00edculo.<\/em><\/span><\/a><\/p>\n<p><a href=\"http:\/\/3.bp.blogspot.com\/-4dEPbU6fQEc\/VefQnSksphI\/AAAAAAAAOj4\/OyIwhaCcWJA\/s640\/Museo%2BMina%2Bde%2BArnao%2B-%2B01.jpg\"><img loading=\"lazy\" decoding=\"async\" class=\"alignnone size-full\" src=\"http:\/\/3.bp.blogspot.com\/-4dEPbU6fQEc\/VefQnSksphI\/AAAAAAAAOj4\/OyIwhaCcWJA\/s640\/Museo%2BMina%2Bde%2BArnao%2B-%2B01.jpg\" width=\"640\" height=\"480\" \/><\/a><\/p>\n<p>&nbsp;<\/p>\n<p><a href=\"http:\/\/museominadearnao.es\/wp-content\/uploads\/sites\/31\/2020\/05\/home4.jpg\"><img loading=\"lazy\" decoding=\"async\" class=\"alignnone size-full\" src=\"http:\/\/museominadearnao.es\/wp-content\/uploads\/sites\/31\/2020\/05\/home4.jpg\" width=\"1024\" height=\"617\" \/><\/a><\/p>\n<p>La <strong>mina de Arnao<\/strong> es uno de los conjuntos de patrimonio minero m\u00e1s emblem\u00e1ticos de Espa\u00f1a. Situada en un privilegiado paisaje costero, constituye la explotaci\u00f3n de carb\u00f3n mineral m\u00e1s antigua de la Pen\u00ednsula Ib\u00e9rica, el pozo vertical m\u00e1s antiguo de Asturias y la \u00fanica mina submarina de Europa. Cerrada en 1915, su castillete de madera, que ha merecido la calificaci\u00f3n de Bien de Inter\u00e9s Cultural, y sus galer\u00edas subterr\u00e1neas, con cerca de doscientos a\u00f1os, permiten revivir el ambiente de una mina primitiva.<\/p>\n<nav class=\"fusion-secondary-menu\" role=\"navigation\" aria-label=\"Secondary Menu\">\n<ul id=\"menu-top\" class=\"menu\">\n<li id=\"menu-item-647\" class=\"menu-item menu-item-type-post_type menu-item-object-page menu-item-home current-menu-item page_item page-item-48 current_page_item menu-item-647\" data-item-id=\"647\"><a class=\"fusion-bottombar-highlight\" href=\"http:\/\/museominadearnao.es\/\"><span class=\"menu-text\">Inicio<\/span><\/a><\/li>\n<li id=\"menu-item-394\" class=\"menu-item menu-item-type-post_type menu-item-object-page menu-item-394\" data-item-id=\"394\"><a class=\"fusion-bottombar-highlight\" href=\"http:\/\/museominadearnao.es\/historia-y-paisaje\/\"><span class=\"menu-text\"><span style=\"font-size: 14pt\"><strong><em>Historia y paisaje<\/em><\/strong><\/span><\/span><\/a><\/li>\n<li id=\"menu-item-393\" class=\"menu-item menu-item-type-post_type menu-item-object-page menu-item-393\" data-item-id=\"393\"><a class=\"fusion-bottombar-highlight\" href=\"http:\/\/museominadearnao.es\/nuestro-museo\/\"><span class=\"menu-text\">Nuestro Museo<\/span><\/a><\/li>\n<li id=\"menu-item-392\" class=\"menu-item menu-item-type-post_type menu-item-object-page menu-item-392\" data-item-id=\"392\"><a class=\"fusion-bottombar-highlight\" href=\"http:\/\/museominadearnao.es\/actividades\/\"><span class=\"menu-text\">Actividades<\/span><\/a><\/li>\n<li id=\"menu-item-391\" class=\"menu-item menu-item-type-post_type menu-item-object-page menu-item-391\" data-item-id=\"391\"><a class=\"fusion-bottombar-highlight\" href=\"http:\/\/museominadearnao.es\/archivo-minero\/\"><span class=\"menu-text\">Archivo minero<\/span><\/a><\/li>\n<li id=\"menu-item-390\" class=\"menu-item menu-item-type-post_type menu-item-object-page menu-item-390\" data-item-id=\"390\"><a class=\"fusion-bottombar-highlight\" href=\"http:\/\/museominadearnao.es\/mujer-y-mina\/\"><span class=\"menu-text\">Mujer y mina<\/span><\/a><\/li>\n<li id=\"menu-item-396\" class=\"menu-item menu-item-type-post_type menu-item-object-page menu-item-396\" data-item-id=\"396\"><a class=\"fusion-bottombar-highlight\" href=\"http:\/\/museominadearnao.es\/blog\/\"><span class=\"menu-text\">Blog<\/span><\/a><\/li>\n<li data-item-id=\"396\"><span style=\"font-size: 14pt\"><strong><em><a href=\"https:\/\/earth.google.com\/web\/search\/mina+de+arnao+asturias\/@43.5772781,-5.9837508,22.2496021a,740.12234031d,35y,0h,45t,0r\/data=CoABGlYSUAokMHhkMzY5YzFmOGMwYzU0Zjc6MHgyOWE5OGY2ZTYwZmYxZGM0GTgZsD_kyUVAIcWnpV5c7xfAKhZtaW5hIGRlIGFybmFvIGFzdHVyaWFzGAIgASImCiQJXAgKDTv_M0ARXAgKDTv_M8AZ5uUPfeRaQkAh2u4xMEUrUMAoAg\">Situaci\u00f3n (Google Earth) vamos de visita!!<\/a><\/em><\/strong><\/span><\/li>\n<\/ul>\n<p>La <b>mina de Arnao<\/b> fue una <a href=\"https:\/\/es.wikipedia.org\/wiki\/Mina_(miner%C3%ADa)\">explotaci\u00f3n minera<\/a> de carb\u00f3n ubicada en <a href=\"https:\/\/es.wikipedia.org\/wiki\/Arnao\">Arnao<\/a>, en el concejo de <a href=\"https:\/\/es.wikipedia.org\/wiki\/Castrill%C3%B3n\">Castrill\u00f3n<\/a>, perteneciente al <a class=\"mw-redirect\" href=\"https:\/\/es.wikipedia.org\/wiki\/Principado_de_Asturias\">Principado de Asturias<\/a>, en <a href=\"https:\/\/es.wikipedia.org\/wiki\/Espa%C3%B1a\">Espa\u00f1a<\/a>. La mina es conocida por ser la primera submarina de Europa, con el primer pozo vertical de Asturias y la primera explotaci\u00f3n de carb\u00f3n en Espa\u00f1a, adem\u00e1s de haber sido, junto a la Real Compa\u00f1\u00eda Asturiana de Minas, o su sucesora, Asturiana de Zinc, uno de los principales enclaves industriales de Asturias. <a href=\"https:\/\/es.wikipedia.org\/wiki\/Mina_de_Arnao\"><span style=\"color: #808080\"><em>Wikipedia<\/em><\/span><\/a><\/p>\n<p><a href=\"https:\/\/asturiasbyme.files.wordpress.com\/2014\/02\/jrg4974.jpg\"><img loading=\"lazy\" decoding=\"async\" class=\"alignnone size-full\" src=\"https:\/\/asturiasbyme.files.wordpress.com\/2014\/02\/jrg4974.jpg\" width=\"1200\" height=\"675\" \/><\/a><\/p>\n<p><span style=\"color: #008080;font-size: 14pt\"><em>Una visita al museo de la mina de Arnao es un recorrido por la historia de la miner\u00eda en Espa\u00f1a, y todo lo que vino con ella: cambios econ\u00f3micos, tecnol\u00f3gicos, sociales\u2026<\/em> <\/span><span style=\"font-size: 14pt\">Gracias a una intensa labor de restauraci\u00f3n se pueden recorrer las galer\u00edas originales, situadas a pie de playa, y meterse por un momento en la piel de los mineros de principios de siglo.<\/span><\/p>\n<p><span style=\"font-size: 14pt\"><span style=\"color: #008080\"><strong><em>La de Arnao es la primera mina industrial de Espa\u00f1a<\/em><\/strong><\/span>, que no es poco decir: las explotaciones antes hab\u00edan sido para consumo dom\u00e9stico, pero es \u00e9sta la primera vez que se organiza el trabajo y se plantean inversiones siguiendo criterios puramente empresariales. Por eso, Arnao sabe mucho de primeros pasos. <\/span><\/p>\n<p><a href=\"https:\/\/www.trenvista.net\/wp-content\/uploads\/2015\/03\/Eleonore.jpg\"><img loading=\"lazy\" decoding=\"async\" class=\"alignnone size-full\" src=\"https:\/\/www.trenvista.net\/wp-content\/uploads\/2015\/03\/Eleonore.jpg\" width=\"1244\" height=\"830\" \/><\/a><\/p>\n<p><span style=\"font-size: 14pt\">En la entrada exterior encontramos, totalmente restaurada, a <strong><span style=\"color: #008080\"><em>Eleanore: la locomotora a vapor de v\u00eda estrecha m\u00e1s antigua de las que se conservan en Espa\u00f1a<\/em><\/span><\/strong>. Es una vieja conocida, ya que toda su vida \u00fatil se desarroll\u00f3 transportando materiales entre Arnao y San Juan de Nieva. Est\u00e1 junto al castillete, que luce un at\u00edpico recubrimiento de zinc, y esconde el primer pozo vertical de Asturias, conocido como El Abuelo; por su ca\u00f1a original descienden a\u00fan hoy los visitantes hasta el coraz\u00f3n de la mina.<\/span><\/p>\n<ul>\n<li><span style=\"font-size: 14pt\"><em>Tras analizarse unos antiguos ra\u00edles, se ha determinado que el <strong>primer ferrocarril espa\u00f1ol data de antes de 1830.<\/strong><\/em><\/span><\/li>\n<li><strong><span style=\"font-size: 14pt\"><em>Estuvo localizado en la asturiana comarca de Avil\u00e9s, en el municipio de Arnao y sirvi\u00f3 para una mina.<\/em><\/span><\/strong><\/li>\n<li><span style=\"font-size: 14pt\"><em>Su primera locomotora de vapor, que entr\u00f3 en servicio en 1880, se encuentra preservada y restaurada.<\/em><\/span><\/li>\n<li>\n<h4>Art\u00edculo: <a href=\"https:\/\/www.trenvista.net\/noticias\/el-primer-ferrocarril-espanol-fue-asturiano-de-1830\/\"><span style=\"color: #008080\">El primer ferrocarril espa\u00f1ol fue asturiano, de 1830<\/span><\/a><\/h4>\n<p><a href=\"https:\/\/www.turismoasturias.es\/documents\/11022\/395389\/Mina_de_Arnao_10.JPG\/1d73ed47-a2fa-4abc-bd7e-6a5fc99e0081?t=1474023978885\"><img loading=\"lazy\" decoding=\"async\" class=\"alignnone size-full\" src=\"https:\/\/www.turismoasturias.es\/documents\/11022\/395389\/Mina_de_Arnao_10.JPG\/1d73ed47-a2fa-4abc-bd7e-6a5fc99e0081?t=1474023978885\" width=\"708\" height=\"449\" \/><\/a><\/li>\n<\/ul>\n<p><a href=\"https:\/\/guiadeasturias.com\/wp-content\/uploads\/2017\/08\/arnao.jpg\"><img loading=\"lazy\" decoding=\"async\" class=\"alignnone size-full\" src=\"https:\/\/guiadeasturias.com\/wp-content\/uploads\/2017\/08\/arnao.jpg\" width=\"650\" height=\"433\" \/><\/a><\/p>\n<p><a href=\"https:\/\/saltaconmigo.com\/blog\/wp-content\/uploads\/2018\/09\/Aviles-Museo-Mina-Arnao-Castillete.jpg\"><img loading=\"lazy\" decoding=\"async\" class=\"alignnone size-full\" src=\"https:\/\/saltaconmigo.com\/blog\/wp-content\/uploads\/2018\/09\/Aviles-Museo-Mina-Arnao-Castillete.jpg\" width=\"640\" height=\"427\" \/><\/a><\/p>\n<p><a href=\"http:\/\/www.archivohistoricominero.org\/wp-content\/uploads\/2015\/07\/logo_horizontal-e1438122050350.jpg\"><img loading=\"lazy\" decoding=\"async\" class=\"alignnone size-full\" src=\"http:\/\/www.archivohistoricominero.org\/wp-content\/uploads\/2015\/07\/logo_horizontal-e1438122050350.jpg\" width=\"5247\" height=\"682\" \/><\/a><\/p>\n<p><a href=\"https:\/\/1.bp.blogspot.com\/-SxnYZRBK7KY\/Utqrb3NMa5I\/AAAAAAAAAFE\/NgQFVk9_PSY\/s1600\/locomotora+eleonore+arnao.jpg\"><img loading=\"lazy\" decoding=\"async\" class=\"alignnone size-full\" src=\"https:\/\/1.bp.blogspot.com\/-SxnYZRBK7KY\/Utqrb3NMa5I\/AAAAAAAAAFE\/NgQFVk9_PSY\/s1600\/locomotora+eleonore+arnao.jpg\" width=\"318\" height=\"213\" \/><\/a><\/p>\n<p><a href=\"https:\/\/www.archivohistoricominero.org\/wp-content\/uploads\/2016\/04\/dsc_7872-1100x733.jpg\"><img loading=\"lazy\" decoding=\"async\" class=\"alignnone size-full\" src=\"https:\/\/www.archivohistoricominero.org\/wp-content\/uploads\/2016\/04\/dsc_7872-1100x733.jpg\" width=\"1100\" height=\"733\" \/><\/a><\/p>\n<\/nav>\n<p><a href=\"https:\/\/lh3.googleusercontent.com\/proxy\/MKuf2CKZNLzBApWJpZblG3y7rW2z1GLHI-3ElSuBbvhUUPphMNl5zz9wAhh6ca6PYMxsLC07j6nG4EeWfIJetsZUDQX6kwJzKC6fjVH6rN8TxA_Q6b14G8IfmtMb9t_ucPFCW8Y6ZeqOhAnnBqw\"><img loading=\"lazy\" decoding=\"async\" class=\"alignnone size-full\" src=\"https:\/\/lh3.googleusercontent.com\/proxy\/MKuf2CKZNLzBApWJpZblG3y7rW2z1GLHI-3ElSuBbvhUUPphMNl5zz9wAhh6ca6PYMxsLC07j6nG4EeWfIJetsZUDQX6kwJzKC6fjVH6rN8TxA_Q6b14G8IfmtMb9t_ucPFCW8Y6ZeqOhAnnBqw\" width=\"512\" height=\"433\" \/><\/a><\/p>\n<ul>\n<li><a href=\"http:\/\/mineriaypaisaje.com\/arnao-it\/\"><span style=\"font-size: 18pt;color: #008080\">Ver<em><strong> Itinerario tur\u00edstico de Arnao<\/strong><\/em><\/span><\/a><\/li>\n<li><a href=\"https:\/\/youtu.be\/UA7_VqIz6wI\">Video<\/a><\/li>\n<\/ul>\n\n<!-- iframe plugin v.6.0 wordpress.org\/plugins\/iframe\/ -->\n<iframe loading=\"lazy\" width=\"588\" height=\"331\" src=\"https:\/\/www.youtube.com\/embed\/UA7_VqIz6wI\" scrolling=\"yes\" class=\"iframe-class\" frameborder=\"0\"><\/iframe>\n\n\n<!-- iframe plugin v.6.0 wordpress.org\/plugins\/iframe\/ -->\n<iframe loading=\"lazy\" width=\"588\" height=\"331\" src=\"https:\/\/www.youtube.com\/embed\/QEmzvGpcApY\" scrolling=\"yes\" class=\"iframe-class\" frameborder=\"0\"><\/iframe>\n\n\n<!-- iframe plugin v.6.0 wordpress.org\/plugins\/iframe\/ -->\n<iframe loading=\"lazy\" src=\"https:\/\/www.facebook.com\/plugins\/video.php?height=314&#038;href=https%3A%2F%2Fwww.facebook.com%2Fmuseo.minaarnao%2Fvideos%2F1890303001228175%2F&#038;show_text=false&#038;width=560\" width=\"560\" height=\"314\" 0=\"\/iframe\" scrolling=\"yes\" class=\"iframe-class\" frameborder=\"0\"><\/iframe>\n\n","protected":false},"excerpt":{"rendered":"<p>TAREA: Lectura textos + fotos + videos:\u00a0 \u00abLa mina d\u00b4Arn\u00e1u\u00bb Web MUSEO DE LA MINA DE ARNAO En Arnao, lugar costero del Concejo de Castrill\u00f3n y pr\u00f3ximo a Avil\u00e9s, se establecen en el siglo XIX EL CASTILLETE. de la Real Compa\u00f1\u00eda Asturiana de Minas de Carb\u00f3n para la explotaci\u00f3n del carb\u00f3n existente en el subsuelo [&hellip;]<\/p>\n","protected":false},"author":117,"featured_media":0,"parent":220,"menu_order":0,"comment_status":"closed","ping_status":"closed","template":"","meta":{"footnotes":""},"class_list":["post-1348","page","type-page","status-publish","hentry","post-preview"],"_links":{"self":[{"href":"https:\/\/edublog.educastur.es\/ixuxullingua\/wp-json\/wp\/v2\/pages\/1348","targetHints":{"allow":["GET"]}}],"collection":[{"href":"https:\/\/edublog.educastur.es\/ixuxullingua\/wp-json\/wp\/v2\/pages"}],"about":[{"href":"https:\/\/edublog.educastur.es\/ixuxullingua\/wp-json\/wp\/v2\/types\/page"}],"author":[{"embeddable":true,"href":"https:\/\/edublog.educastur.es\/ixuxullingua\/wp-json\/wp\/v2\/users\/117"}],"replies":[{"embeddable":true,"href":"https:\/\/edublog.educastur.es\/ixuxullingua\/wp-json\/wp\/v2\/comments?post=1348"}],"version-history":[{"count":7,"href":"https:\/\/edublog.educastur.es\/ixuxullingua\/wp-json\/wp\/v2\/pages\/1348\/revisions"}],"predecessor-version":[{"id":1350,"href":"https:\/\/edublog.educastur.es\/ixuxullingua\/wp-json\/wp\/v2\/pages\/1348\/revisions\/1350"}],"up":[{"embeddable":true,"href":"https:\/\/edublog.educastur.es\/ixuxullingua\/wp-json\/wp\/v2\/pages\/220"}],"wp:attachment":[{"href":"https:\/\/edublog.educastur.es\/ixuxullingua\/wp-json\/wp\/v2\/media?parent=1348"}],"curies":[{"name":"wp","href":"https:\/\/api.w.org\/{rel}","templated":true}]}}