{"id":1365,"date":"2020-12-08T20:18:17","date_gmt":"2020-12-08T18:18:17","guid":{"rendered":"https:\/\/edublog.educastur.es\/ixuxullingua\/?page_id=1365"},"modified":"2021-09-12T16:36:37","modified_gmt":"2021-09-12T14:36:37","slug":"sesion-07","status":"publish","type":"page","link":"https:\/\/edublog.educastur.es\/ixuxullingua\/5-quintu\/quintu-20-21\/02-primer-trimestre\/sesion-07\/","title":{"rendered":"Sesi\u00f3n 07"},"content":{"rendered":"<p><span style=\"font-size: 24pt;color: #008080\"><strong><em>La miner\u00eda asturiana<\/em><\/strong><\/span><\/p>\n<p><a href=\"https:\/\/upload.wikimedia.org\/wikipedia\/commons\/3\/3f\/Monumento_al_minero_jubilado_Tur%C3%B3n_Asturias.jpg\"><img loading=\"lazy\" decoding=\"async\" class=\"alignnone \" src=\"https:\/\/upload.wikimedia.org\/wikipedia\/commons\/3\/3f\/Monumento_al_minero_jubilado_Tur%C3%B3n_Asturias.jpg\" width=\"188\" height=\"314\" \/><\/a> \u00a0 \/\u00a0 <a href=\"https:\/\/www.mieres.es\/wp-content\/uploads\/2017\/06\/Monumento-Internacional-al-Minero-Mieres-del-Cam%C3%ADn.jpg\"><img loading=\"lazy\" decoding=\"async\" class=\"alignnone \" src=\"https:\/\/www.mieres.es\/wp-content\/uploads\/2017\/06\/Monumento-Internacional-al-Minero-Mieres-del-Cam%C3%ADn.jpg\" width=\"210\" height=\"315\" \/>\u00a0<\/a>\/ <a href=\"https:\/\/www.mieres.es\/wp-content\/uploads\/2017\/07\/Monumento-al-Minero-Alto-de-La-Col.ladiel.la-Urbi%C3%A9s.jpg\"><img loading=\"lazy\" decoding=\"async\" class=\"alignnone \" src=\"https:\/\/www.mieres.es\/wp-content\/uploads\/2017\/07\/Monumento-al-Minero-Alto-de-La-Col.ladiel.la-Urbi%C3%A9s.jpg\" width=\"238\" height=\"315\" \/><\/a><\/p>\n<p><a href=\"https:\/\/www.infobierzo.com\/wp-content\/uploads\/2015\/12\/000_0137_resized_0.jpg\"><img loading=\"lazy\" decoding=\"async\" class=\"alignnone size-full\" src=\"https:\/\/www.infobierzo.com\/wp-content\/uploads\/2015\/12\/000_0137_resized_0.jpg\" width=\"900\" height=\"600\" \/><\/a><\/p>\n<ul>\n<li>4 Diciembre: <em><strong>Santa B\u00e1rbara<\/strong> <\/em>(patrona de los mineros) <a href=\"http:\/\/La peque\u00f1a hestoria del \u201cSanta B\u00e1rbara bendita\u201d\">Peque\u00f1a historia&#8230;<\/a><\/li>\n<\/ul>\n<p><a href=\"https:\/\/www.merca2.es\/wp-content\/uploads\/2019\/10\/mina-carbon-data-center.jpg\"><img loading=\"lazy\" decoding=\"async\" class=\"alignnone size-full\" src=\"https:\/\/www.merca2.es\/wp-content\/uploads\/2019\/10\/mina-carbon-data-center.jpg\" width=\"888\" height=\"495\" \/><\/a><\/p>\n<p><a href=\"https:\/\/irispress.es\/wp-content\/uploads\/2016\/05\/carbon.jpg\"><img loading=\"lazy\" decoding=\"async\" class=\"alignnone size-full\" src=\"https:\/\/irispress.es\/wp-content\/uploads\/2016\/05\/carbon.jpg\" width=\"800\" height=\"520\" \/><\/a><\/p>\n<ul>\n<li><a href=\"https:\/\/educastur-my.sharepoint.com\/:b:\/g\/personal\/isabellh_educastur_org\/EfY8YKIB4ctFt8OFf-fTL5sBG4nCbNs7gRKgDogX-YhnaQ?e=Jh6chs\"><em>Ver actividad en castellano<\/em><\/a><\/li>\n<li><a href=\"https:\/\/educastur-my.sharepoint.com\/:b:\/g\/personal\/isabellh_educastur_org\/ERvdxOKr42FLqs0gjZ7o3kABUUyIPPkmdLmnluSiLKVUaQ?e=9dhKQ0\"><em>Ver activid\u00e1 n\u00b4asturianu<\/em><\/a><\/li>\n<li><em>Ver \u00abLa mina en Asturias\u00bb <\/em><\/li>\n<li>\n<h3><a href=\"https:\/\/www.lavozdeasturias.es\/noticia\/gijon\/2019\/06\/07\/150-imagenes-rendir-homenaje-siglo-historia-minera-asturiana\/00031559921268717121300.htm\"><em>150 im\u00e1genes para rendir homenaje a un siglo de historia minera asturiana<\/em><\/a><\/h3>\n<\/li>\n<\/ul>\n<hr \/>\n<p><a href=\"https:\/\/www.turismoasturias.es\/documents\/11022\/84613\/MuseoMineria1.jpg\/7a92b60d-b1a7-4938-a610-df58c44c292c?t=1466075568268\"><img loading=\"lazy\" decoding=\"async\" class=\"alignnone size-full\" src=\"https:\/\/www.turismoasturias.es\/documents\/11022\/84613\/MuseoMineria1.jpg\/7a92b60d-b1a7-4938-a610-df58c44c292c?t=1466075568268\" width=\"708\" height=\"449\" \/><\/a><\/p>\n<ul>\n<li><a href=\"http:\/\/www.mumi.es\/\"><em><strong>MUMI: Museo de la Miner\u00eda<\/strong><\/em>\u00a0 Web<\/a> \/ <a href=\"https:\/\/asturianinos.elcomercio.es\/bajamos-a-la-mina\/\">Art\u00edculo<\/a><\/li>\n<\/ul>\n\n<!-- iframe plugin v.6.0 wordpress.org\/plugins\/iframe\/ -->\n<iframe loading=\"lazy\" width=\"588\" height=\"331\" src=\"https:\/\/www.youtube.com\/embed\/wcisd64Jpa0\" scrolling=\"yes\" class=\"iframe-class\" frameborder=\"0\"><\/iframe>\n\n\n<!-- iframe plugin v.6.0 wordpress.org\/plugins\/iframe\/ -->\n<iframe loading=\"lazy\" width=\"588\" height=\"331\" src=\"https:\/\/www.youtube.com\/embed\/yA8G6X2OCMo\" scrolling=\"yes\" class=\"iframe-class\" frameborder=\"0\"><\/iframe>\n\n<p><a href=\"https:\/\/2.bp.blogspot.com\/-dhtQ8KsbArE\/Vh1lw5P5xrI\/AAAAAAAAqC8\/YcF4MCtr-4k\/s1600\/DSCF7463_Fotor_Fotor_Collage_Fotor.jpg\"><img loading=\"lazy\" decoding=\"async\" class=\"alignnone size-full\" src=\"https:\/\/2.bp.blogspot.com\/-dhtQ8KsbArE\/Vh1lw5P5xrI\/AAAAAAAAqC8\/YcF4MCtr-4k\/s1600\/DSCF7463_Fotor_Fotor_Collage_Fotor.jpg\" width=\"1600\" height=\"1200\" \/><\/a><\/p>\n<ul>\n<li><a href=\"http:\/\/www.mumi.es\/media\/Default%20Files\/MUMI\/planodelmuseo.pdf\"><em>Descarga folleto<\/em><\/a><\/li>\n<li><a href=\"http:\/\/www.mumi.es\/es\/mumi\/que_ver_mumi.html\">Qu\u00e9 ver&#8230;<\/a><\/li>\n<li><a href=\"http:\/\/www.mumi.es\/media\/Default%20Files\/MUMI\/folleto_MUMI.pdf\">Casa del Explosivo<\/a><\/li>\n<\/ul>\n<hr \/>\n<p><a href=\"https:\/\/www.pikaramagazine.com\/wp-content\/uploads\/2018\/03\/nin%CC%83o-en-mina.jpg\"><img loading=\"lazy\" decoding=\"async\" class=\"alignnone \" src=\"https:\/\/www.pikaramagazine.com\/wp-content\/uploads\/2018\/03\/nin%CC%83o-en-mina.jpg\" width=\"550\" height=\"680\" \/><\/a><\/p>\n<p><a href=\"https:\/\/www.archivohistoricominero.org\/wp-content\/uploads\/2010\/01\/20100111104525_4190167954_7a27e12103_o-jpg.jpg\"><img loading=\"lazy\" decoding=\"async\" class=\"alignnone size-full\" src=\"https:\/\/www.archivohistoricominero.org\/wp-content\/uploads\/2010\/01\/20100111104525_4190167954_7a27e12103_o-jpg.jpg\" width=\"775\" height=\"485\" \/><\/a><\/p>\n<p><strong><em>Ni\u00f1os mineros&#8230;<\/em><\/strong><\/p>\n<p><a href=\"https:\/\/www.archivohistoricominero.org\/wp-content\/uploads\/2016\/02\/mina-turca-1920equipo-de-guajes-cargando-vagones.jpg\"><img loading=\"lazy\" decoding=\"async\" class=\"alignnone \" src=\"https:\/\/www.archivohistoricominero.org\/wp-content\/uploads\/2016\/02\/mina-turca-1920equipo-de-guajes-cargando-vagones.jpg\" width=\"880\" height=\"791\" \/><\/a><\/p>\n<p><a href=\"https:\/\/cflvdg.avoz.es\/sc\/2nTY-FMDV6ndCpV6nue5xRowtxU=\/x\/2019\/06\/07\/00121559922157228528890\/Foto\/min4.jpg\"><img loading=\"lazy\" decoding=\"async\" class=\"alignnone size-full\" src=\"https:\/\/cflvdg.avoz.es\/sc\/2nTY-FMDV6ndCpV6nue5xRowtxU=\/x\/2019\/06\/07\/00121559922157228528890\/Foto\/min4.jpg\" width=\"1280\" height=\"720\" \/><\/a><\/p>\n<p><a href=\"https:\/\/www.montepio.es\/wp-content\/uploads\/2018\/11\/calendario-2019-ultima-revision_P%C3%A1gina_01.jpg\"><img loading=\"lazy\" decoding=\"async\" class=\"alignnone size-full\" src=\"https:\/\/www.montepio.es\/wp-content\/uploads\/2018\/11\/calendario-2019-ultima-revision_P%C3%A1gina_01.jpg\" width=\"1871\" height=\"1361\" \/><\/a><\/p>\n<p><a href=\"https:\/\/hyperbole.es\/wp-content\/uploads\/2019\/03\/carboneras-de-la-encarna%CC%81-1170x771.jpg\"><img loading=\"lazy\" decoding=\"async\" class=\"alignnone size-full\" src=\"https:\/\/hyperbole.es\/wp-content\/uploads\/2019\/03\/carboneras-de-la-encarna%CC%81-1170x771.jpg\" width=\"1170\" height=\"771\" \/><\/a><\/p>\n<p><a href=\"https:\/\/memoriadigital.asturias.es\/documents\/90832\/850264\/Carboneras+de+la+mina+La+Encarn%C3%A1%2C+hacia+1952__1570188849545.jpg\/7dcd1214-6d34-728f-3d57-f0cdaf70522d?t=1570188849583\"><img loading=\"lazy\" decoding=\"async\" class=\"alignnone size-full\" src=\"https:\/\/memoriadigital.asturias.es\/documents\/90832\/850264\/Carboneras+de+la+mina+La+Encarn%C3%A1%2C+hacia+1952__1570188849545.jpg\/7dcd1214-6d34-728f-3d57-f0cdaf70522d?t=1570188849583\" width=\"1396\" height=\"912\" \/><\/a><\/p>\n<p><a href=\"https:\/\/hyperbole.es\/wp-content\/uploads\/2019\/03\/image_large.jpg\"><img loading=\"lazy\" decoding=\"async\" class=\"alignnone size-full\" src=\"https:\/\/hyperbole.es\/wp-content\/uploads\/2019\/03\/image_large.jpg\" width=\"768\" height=\"515\" \/><\/a><\/p>\n<p><a href=\"https:\/\/i.avoz.es\/\/default\/2019\/06\/07\/00121559923003011699148\/Foto\/min18.jpg\"><img loading=\"lazy\" decoding=\"async\" class=\"alignnone size-full\" src=\"https:\/\/i.avoz.es\/\/default\/2019\/06\/07\/00121559923003011699148\/Foto\/min18.jpg\" width=\"1280\" height=\"720\" \/><\/a><\/p>\n<p><a href=\"https:\/\/www.deviajeporasturias.com\/wp-content\/uploads\/03-tren.jpg\"><img loading=\"lazy\" decoding=\"async\" class=\"alignnone size-full\" src=\"https:\/\/www.deviajeporasturias.com\/wp-content\/uploads\/03-tren.jpg\" width=\"600\" height=\"448\" \/><\/a><\/p>\n<p><a href=\"https:\/\/www.archivohistoricominero.org\/\"><img loading=\"lazy\" decoding=\"async\" class=\"alignnone \" src=\"http:\/\/www.archivohistoricominero.org\/wp-content\/uploads\/2015\/07\/logo_horizontal-e1438122050350.jpg\" width=\"722\" height=\"94\" \/> VER<\/a><\/p>\n<p><a href=\"https:\/\/www.archivohistoricominero.org\/wp-content\/uploads\/2009\/07\/20090728142819_ojo-esta-no-es-de-longarina-es-de-otro-autor-jpg.jpg\"><img loading=\"lazy\" decoding=\"async\" class=\"alignnone size-full\" src=\"https:\/\/www.archivohistoricominero.org\/wp-content\/uploads\/2009\/07\/20090728142819_ojo-esta-no-es-de-longarina-es-de-otro-autor-jpg.jpg\" width=\"775\" height=\"583\" \/><\/a><\/p>\n<p><a href=\"https:\/\/www.archivohistoricominero.org\/wp-content\/uploads\/2011\/06\/20110622093748_006696-jpg.jpg\"><img loading=\"lazy\" decoding=\"async\" class=\"alignnone size-full\" src=\"https:\/\/www.archivohistoricominero.org\/wp-content\/uploads\/2011\/06\/20110622093748_006696-jpg.jpg\" width=\"775\" height=\"552\" \/><\/a><\/p>\n<p><a href=\"https:\/\/www.archivohistoricominero.org\/wp-content\/uploads\/2013\/07\/20130723004825_early-coal-mining-williams-river-wv-1930s-jpg.jpg\"><img loading=\"lazy\" decoding=\"async\" class=\"alignnone size-full\" src=\"https:\/\/www.archivohistoricominero.org\/wp-content\/uploads\/2013\/07\/20130723004825_early-coal-mining-williams-river-wv-1930s-jpg.jpg\" width=\"775\" height=\"555\" \/><\/a><\/p>\n<p><a href=\"https:\/\/porisrael.org\/files\/2017\/09\/caanarios-de-las-minas.jpg\"><img loading=\"lazy\" decoding=\"async\" class=\"alignnone size-full\" src=\"https:\/\/porisrael.org\/files\/2017\/09\/caanarios-de-las-minas.jpg\" width=\"620\" height=\"380\" \/><\/a><\/p>\n<p><a href=\"https:\/\/i.pinimg.com\/originals\/bc\/c1\/54\/bcc154ffd61178c8a32281388209438c.jpg\"><img loading=\"lazy\" decoding=\"async\" class=\"alignnone size-full\" src=\"https:\/\/i.pinimg.com\/originals\/bc\/c1\/54\/bcc154ffd61178c8a32281388209438c.jpg\" width=\"1180\" height=\"1152\" \/><\/a><\/p>\n<p><a href=\"https:\/\/www.timesandstar.co.uk\/resources\/images\/6266878\/\"><img loading=\"lazy\" decoding=\"async\" class=\"alignnone size-full\" src=\"https:\/\/www.timesandstar.co.uk\/resources\/images\/6266878\/\" width=\"2400\" height=\"1784\" \/><\/a><\/p>\n<p><a href=\"https:\/\/www.archivohistoricominero.org\/wp-content\/uploads\/2010\/01\/20100111120334_4149846977_192fa62677_o-jpg.jpg\"><img loading=\"lazy\" decoding=\"async\" class=\"alignnone size-full\" src=\"https:\/\/www.archivohistoricominero.org\/wp-content\/uploads\/2010\/01\/20100111120334_4149846977_192fa62677_o-jpg.jpg\" width=\"630\" height=\"891\" \/><\/a><\/p>\n<hr \/>\n<p><strong><em>Brigada de salvamento<\/em><\/strong><\/p>\n<p><img loading=\"lazy\" decoding=\"async\" class=\"alignnone \" src=\"https:\/\/upload.wikimedia.org\/wikipedia\/commons\/thumb\/2\/26\/Escudo_de_la_Brigada_de_Salvamento_Minero.jpg\/368px-Escudo_de_la_Brigada_de_Salvamento_Minero.jpg\" width=\"424\" height=\"425\" \/><a href=\"https:\/\/es.wikipedia.org\/wiki\/Brigada_Central_de_Salvamento_Minero\"> Wiki<\/a><\/p>\n<p><a href=\"https:\/\/static2.elcomercio.es\/www\/multimedia\/201901\/28\/media\/cortadas\/angeles-mina-kmcE-U70436944386sxF-984x608@El%20Comercio.jpg\"><img loading=\"lazy\" decoding=\"async\" class=\"alignnone size-full\" src=\"https:\/\/static2.elcomercio.es\/www\/multimedia\/201901\/28\/media\/cortadas\/angeles-mina-kmcE-U70436944386sxF-984x608@El%20Comercio.jpg\" width=\"984\" height=\"608\" \/><\/a><\/p>\n<p><a href=\"https:\/\/www.mptfp.gob.es\/dmsweb\/es\/portal\/delegaciones_gobierno\/delegaciones\/asturias\/actualidad\/notas_de_prensa\/notas\/2019\/02\/2019_02_26\/2019_02_26MtraDefensa.jpg.jpg\"><img loading=\"lazy\" decoding=\"async\" class=\"alignnone size-full\" src=\"https:\/\/www.mptfp.gob.es\/dmsweb\/es\/portal\/delegaciones_gobierno\/delegaciones\/asturias\/actualidad\/notas_de_prensa\/notas\/2019\/02\/2019_02_26\/2019_02_26MtraDefensa.jpg.jpg\" width=\"799\" height=\"600\" \/><\/a><\/p>\n<hr \/>\n<ul>\n<li><a href=\"https:\/\/www.youtube.com\/watch?v=umCeQzb15ps\"><strong><em>\u00abLa planta 14\u00bb (Marisa Valle Roso) <\/em><\/strong><em>empieza 1:25<\/em><\/a><\/li>\n<li><a href=\"https:\/\/www.youtube.com\/watch?v=irMMLJyfPio\"><em>\u00ab<strong>La planta 14<\/strong>\u00bb <strong>Marisa Valle Roso y V\u00edctor Manuel<\/strong><\/em><\/a><\/li>\n<\/ul>\n\n<!-- iframe plugin v.6.0 wordpress.org\/plugins\/iframe\/ -->\n<iframe loading=\"lazy\" width=\"588\" height=\"331\" src=\"https:\/\/www.youtube.com\/embed\/irMMLJyfPio\" scrolling=\"yes\" class=\"iframe-class\" frameborder=\"0\"><\/iframe>\n\n<ul>\n<li><a href=\"https:\/\/www.youtube.com\/watch?v=XmQGN5goDcs\"><strong><em>\u00abNel Pozu Maria Luisa\u00bb (Nuberu)<\/em><\/strong><\/a><\/li>\n<\/ul>\n<p>\/<strong>\u00a0 <\/strong><a href=\"http:\/\/www.archivohistoricominero.org\/wp-content\/uploads\/2018\/02\/Folleto-Ecomuseo_En-Tren_2.pdf\"><strong>Folleto Ecomuseo En Tren (PDF)<\/strong><\/a><\/p>\n<p>Recomendaci\u00f3n Visitar<a href=\"http:\/\/www.ecomuseominero.es\/\"><strong><em> Ecomuseo Valle de Samu\u00f1o. <\/em><\/strong><em>Web<\/em><\/a><\/p>\n<p><a href=\"https:\/\/inventrip.com\/pilonainfiesto\/api\/images\/V04?key=edccf30f56090fc2cd3b5e03808bc2a2&amp;img_res=medium&amp;id_photo=11528_20160216124040.jpg\"><img loading=\"lazy\" decoding=\"async\" class=\"alignnone size-full\" src=\"https:\/\/inventrip.com\/pilonainfiesto\/api\/images\/V04?key=edccf30f56090fc2cd3b5e03808bc2a2&amp;img_res=medium&amp;id_photo=11528_20160216124040.jpg\" width=\"638\" height=\"479\" \/><\/a><\/p>\n<p><a href=\"https:\/\/www.asturiasactiva.es\/wp-content\/uploads\/2016\/12\/ecomuseo-minero-valle-de-samu%C3%B1o-5-2.jpg\"><img loading=\"lazy\" decoding=\"async\" class=\"alignnone size-full\" src=\"https:\/\/www.asturiasactiva.es\/wp-content\/uploads\/2016\/12\/ecomuseo-minero-valle-de-samu%C3%B1o-5-2.jpg\" width=\"1024\" height=\"683\" \/><\/a><\/p>\n<p><a href=\"http:\/\/www.ecomuseominero.es\/wp-content\/uploads\/sites\/30\/2020\/04\/SAN-LUIS_opacidad50.jpg\"><img loading=\"lazy\" decoding=\"async\" class=\"alignnone size-full\" src=\"http:\/\/www.ecomuseominero.es\/wp-content\/uploads\/sites\/30\/2020\/04\/SAN-LUIS_opacidad50.jpg\" width=\"2000\" height=\"1339\" \/><\/a><\/p>\n<p>&nbsp;<\/p>\n","protected":false},"excerpt":{"rendered":"<p>La miner\u00eda asturiana \u00a0 \/\u00a0 \u00a0\/ 4 Diciembre: Santa B\u00e1rbara (patrona de los mineros) Peque\u00f1a historia&#8230; Ver actividad en castellano Ver activid\u00e1 n\u00b4asturianu Ver \u00abLa mina en Asturias\u00bb 150 im\u00e1genes para rendir homenaje a un siglo de historia minera asturiana MUMI: Museo de la Miner\u00eda\u00a0 Web \/ Art\u00edculo Descarga folleto Qu\u00e9 ver&#8230; Casa del Explosivo [&hellip;]<\/p>\n","protected":false},"author":117,"featured_media":0,"parent":218,"menu_order":0,"comment_status":"closed","ping_status":"closed","template":"","meta":{"footnotes":""},"class_list":["post-1365","page","type-page","status-publish","hentry","post-preview"],"_links":{"self":[{"href":"https:\/\/edublog.educastur.es\/ixuxullingua\/wp-json\/wp\/v2\/pages\/1365","targetHints":{"allow":["GET"]}}],"collection":[{"href":"https:\/\/edublog.educastur.es\/ixuxullingua\/wp-json\/wp\/v2\/pages"}],"about":[{"href":"https:\/\/edublog.educastur.es\/ixuxullingua\/wp-json\/wp\/v2\/types\/page"}],"author":[{"embeddable":true,"href":"https:\/\/edublog.educastur.es\/ixuxullingua\/wp-json\/wp\/v2\/users\/117"}],"replies":[{"embeddable":true,"href":"https:\/\/edublog.educastur.es\/ixuxullingua\/wp-json\/wp\/v2\/comments?post=1365"}],"version-history":[{"count":2,"href":"https:\/\/edublog.educastur.es\/ixuxullingua\/wp-json\/wp\/v2\/pages\/1365\/revisions"}],"predecessor-version":[{"id":2613,"href":"https:\/\/edublog.educastur.es\/ixuxullingua\/wp-json\/wp\/v2\/pages\/1365\/revisions\/2613"}],"up":[{"embeddable":true,"href":"https:\/\/edublog.educastur.es\/ixuxullingua\/wp-json\/wp\/v2\/pages\/218"}],"wp:attachment":[{"href":"https:\/\/edublog.educastur.es\/ixuxullingua\/wp-json\/wp\/v2\/media?parent=1365"}],"curies":[{"name":"wp","href":"https:\/\/api.w.org\/{rel}","templated":true}]}}