{"id":1385,"date":"2020-12-13T13:16:59","date_gmt":"2020-12-13T11:16:59","guid":{"rendered":"https:\/\/edublog.educastur.es\/ixuxullingua\/?page_id=1385"},"modified":"2022-12-11T14:09:33","modified_gmt":"2022-12-11T12:09:33","slug":"nadal","status":"publish","type":"page","link":"https:\/\/edublog.educastur.es\/ixuxullingua\/nadal\/","title":{"rendered":"NADAL"},"content":{"rendered":"<p style=\"text-align: center\">\n<!-- iframe plugin v.6.0 wordpress.org\/plugins\/iframe\/ -->\n<iframe loading=\"lazy\" src=\"https:\/\/drive.google.com\/file\/d\/1fMl2jVTE2vKIzp8sg2yXfTOQ0ZREXMLu\/preview\" width=\"640\" height=\"860\" allow=\"autoplay\" 0=\"\/iframe\" scrolling=\"yes\" class=\"iframe-class\" frameborder=\"0\"><\/iframe>\n<\/p>\n<ul>\n<li class=\"page_item page-item-1385 page_item_has_children\"><span style=\"color: #008080\"><em><span style=\"font-size: 18pt\"><a style=\"color: #008080\" href=\"https:\/\/edublog.educastur.es\/ixuxullingua\/nadal\/\"><strong>NADAL<\/strong><\/a><\/span><\/em><\/span>\n<ul class=\"children\">\n<li class=\"page_item page-item-1398\"><span style=\"color: #008080\"><em><span style=\"font-size: 18pt\"><a style=\"color: #008080\" href=\"https:\/\/edublog.educastur.es\/ixuxullingua\/nadal\/anguleru\/\">L\u00b4Anguleru<\/a><\/span><\/em><\/span><\/li>\n<li class=\"page_item page-item-1406\"><span style=\"color: #008080\"><em><span style=\"font-size: 18pt\"><a style=\"color: #008080\" href=\"https:\/\/edublog.educastur.es\/ixuxullingua\/nadal\/el-ramu-de-nadal\/\">El Ramu de Nadal<\/a><\/span><\/em><\/span><\/li>\n<li class=\"page_item page-item-1387\"><a href=\"https:\/\/edublog.educastur.es\/ixuxullingua\/nadal\/nataliegu\/\"><span style=\"color: #008080\"><em><span style=\"font-size: 18pt\">El Nataliegu<\/span><\/em><\/span><\/a><\/li>\n<\/ul>\n<\/li>\n<\/ul>\n<p><a href=\"http:\/\/3.bp.blogspot.com\/-gJbW9yqzsv8\/VoUVc448P2I\/AAAAAAAACvs\/K2mDJ2tf0QA\/s1600\/1-Congracia%2Bde%2BNadal.jpg\"><img loading=\"lazy\" decoding=\"async\" class=\"alignnone size-full\" src=\"http:\/\/3.bp.blogspot.com\/-gJbW9yqzsv8\/VoUVc448P2I\/AAAAAAAACvs\/K2mDJ2tf0QA\/s1600\/1-Congracia%2Bde%2BNadal.jpg\" width=\"1600\" height=\"1131\" \/><\/a><\/p>\n<p><a href=\"https:\/\/2.bp.blogspot.com\/-WFdJSd_IyLw\/WhAAbfCRhLI\/AAAAAAAADgY\/QgxHKuZSEyUJVrGlgbHzbh0TaUZxxKMTgCLcBGAs\/s1600\/Llendadores%2Bdel%2BNataliegu.jpg\"><img loading=\"lazy\" decoding=\"async\" class=\"alignnone size-full\" src=\"https:\/\/2.bp.blogspot.com\/-WFdJSd_IyLw\/WhAAbfCRhLI\/AAAAAAAADgY\/QgxHKuZSEyUJVrGlgbHzbh0TaUZxxKMTgCLcBGAs\/s1600\/Llendadores%2Bdel%2BNataliegu.jpg\" width=\"1600\" height=\"719\" \/><\/a><\/p>\n<p><a href=\"http:\/\/3.bp.blogspot.com\/-GvTwy6gCAcE\/VoUT_qoNWRI\/AAAAAAAACvg\/Bjaezr4S454\/s1600\/2-Cartelu-La%2BMaxa%25C2%25B4l%2BNadal-AST.jpg\"><img loading=\"lazy\" decoding=\"async\" class=\"alignnone size-full\" src=\"http:\/\/3.bp.blogspot.com\/-GvTwy6gCAcE\/VoUT_qoNWRI\/AAAAAAAACvg\/Bjaezr4S454\/s1600\/2-Cartelu-La%2BMaxa%25C2%25B4l%2BNadal-AST.jpg\" width=\"1131\" height=\"1600\" \/><\/a><\/p>\n<ul>\n<li><a href=\"http:\/\/2.bp.blogspot.com\/-1_ZLh2JZURE\/VoUT3jHIGII\/AAAAAAAACvU\/3xJjlt1LUbQ\/s1600\/3-L%25C3%25A1mina-La%2BMagia%2Bde%2Bla%2BNavidad-CAST.jpg\">En castell\u00e1n<\/a><\/li>\n<\/ul>\n<p><a href=\"http:\/\/2.bp.blogspot.com\/-1_ZLh2JZURE\/VoUT3jHIGII\/AAAAAAAACvU\/3xJjlt1LUbQ\/s1600\/3-L%25C3%25A1mina-La%2BMagia%2Bde%2Bla%2BNavidad-CAST.jpg\"><img loading=\"lazy\" decoding=\"async\" class=\"alignnone \" src=\"http:\/\/2.bp.blogspot.com\/-1_ZLh2JZURE\/VoUT3jHIGII\/AAAAAAAACvU\/3xJjlt1LUbQ\/s1600\/3-L%25C3%25A1mina-La%2BMagia%2Bde%2Bla%2BNavidad-CAST.jpg\" width=\"198\" height=\"280\" \/><\/a><\/p>\n<ul>\n<li><a href=\"https:\/\/www.youtube.com\/watch?v=-6XclB7wYV0\"><span style=\"font-size: 18pt\"><strong><em>Villancicu\u00b4l\u00a0 Nataliegu<\/em><\/strong><\/span><\/a><\/li>\n<\/ul>\n<p><iframe loading=\"lazy\" title=\"El nataliegu | NAVIDIEGOS | Cap\u00edtulu 1 - Temporada 1\" width=\"676\" height=\"380\" src=\"https:\/\/www.youtube.com\/embed\/Q0IzT0kXLrs?feature=oembed\" frameborder=\"0\" allow=\"accelerometer; autoplay; clipboard-write; encrypted-media; gyroscope; picture-in-picture\" allowfullscreen><\/iframe><\/p>\n<p style=\"text-align: center\">\n<!-- iframe plugin v.6.0 wordpress.org\/plugins\/iframe\/ -->\n<iframe loading=\"lazy\" width=\"588\" height=\"331\" src=\"https:\/\/www.youtube.com\/embed\/Q0IzT0kXLrs\" scrolling=\"yes\" class=\"iframe-class\" frameborder=\"0\"><\/iframe>\n<\/p>\n<p style=\"text-align: center\">\n<!-- iframe plugin v.6.0 wordpress.org\/plugins\/iframe\/ -->\n<iframe loading=\"lazy\" width=\"588\" height=\"331\" src=\"https:\/\/www.youtube.com\/embed\/-6XclB7wYV0\" scrolling=\"yes\" class=\"iframe-class\" frameborder=\"0\"><\/iframe>\n<\/p>\n<ul>\n<li><a href=\"https:\/\/www.youtube.com\/watch?v=x0JrO8egDv8\">Versi\u00f3n 2<\/a><\/li>\n<\/ul>\n\n<!-- iframe plugin v.6.0 wordpress.org\/plugins\/iframe\/ -->\n<iframe loading=\"lazy\" width=\"588\" height=\"331\" src=\"https:\/\/www.youtube.com\/embed\/x0JrO8egDv8\" scrolling=\"yes\" class=\"iframe-class\" frameborder=\"0\"><\/iframe>\n\n<p><a href=\"https:\/\/2.bp.blogspot.com\/-NjLrMCwUE9k\/XBbCqsJLieI\/AAAAAAAAES8\/7FsoP1eFuS05QAcEzIHtcM4DlOTZEAQcQCLcBGAs\/s1600\/Villancicu%25C2%25B4l-Nataliegu-Versi%25C3%25B3n-A%25C3%25BA.jpg\"><img loading=\"lazy\" decoding=\"async\" class=\"alignnone size-full\" src=\"https:\/\/2.bp.blogspot.com\/-NjLrMCwUE9k\/XBbCqsJLieI\/AAAAAAAAES8\/7FsoP1eFuS05QAcEzIHtcM4DlOTZEAQcQCLcBGAs\/s1600\/Villancicu%25C2%25B4l-Nataliegu-Versi%25C3%25B3n-A%25C3%25BA.jpg\" width=\"1600\" height=\"1200\" \/><\/a><\/p>\n<p><em><span style=\"font-size: 18pt;color: #008080\"><strong>Grupu Folk \u00bfA\u00da? -Villancicu\u00b4l Nataliegu: <\/strong><\/span><\/em>\u00ab\u00bfA\u00da?\u00bb ye un proyeutu musical que \u00f1az en 2016. Cuatro co\u00f1oc\u00edos de la m\u00fasica folk asturiana: Marga Lorences, Rub\u00e9n Bada, Ruma Barbero y Dolfu Fern\u00e1ndez. Edici\u00f3n del Videu: Javier Bernardo Candela<\/p>\n<p><span style=\"font-size: 18pt;color: #008080\"><em><strong>\u00abVILLANCICU\u00b4L\u00a0 NATALIEGU\u00bb<\/strong><\/em><\/span><\/p>\n<p><span style=\"color: #808080;font-size: 14pt\"><em>Versi\u00f3n del Grupu Folk \u00ab\u00bfA\u00fa?\u00bb<\/em><\/span><br \/>\n<span style=\"color: #808080;font-size: 14pt\"><em>M\u00fasica: Reyes Duarte. Lletra: V\u00edctor Ra\u00fal Pintado Rey, \u00abVitu\u00bb<\/em><\/span><br \/>\n<span style=\"color: #808080;font-size: 14pt\"><em>Ig\u00fces y adautaci\u00f3n de lletra y m\u00fasica Grupu Folk \u00bfA\u00fa?<\/em><\/span><\/p>\n<p><strong><span style=\"color: #008080\"><em><span style=\"font-size: 14pt\">LLENDADORES DEL LLUME<br \/>\n<\/span><\/em><\/span><\/strong><strong><span style=\"color: #008080\"><em><span style=\"font-size: 14pt\">BIEN PEGADINOS AL LLAR<\/span><\/em><\/span><\/strong><br \/>\n<strong><span style=\"color: #008080\"><em><span style=\"font-size: 14pt\">\u00bfPA QU\u00c9 QUER\u00c9IS TANTA LLE\u00d1A? <\/span><\/em><\/span><\/strong><br \/>\n<strong><span style=\"color: #008080\"><em><span style=\"font-size: 14pt\">\u00bfPA QU\u00c9 QUER\u00c9IS TANTA \u00abL\u00c1\u00bb?<\/span><\/em><\/span><\/strong><\/p>\n<p><strong><span style=\"color: #008080\"><em><span style=\"font-size: 14pt\">LLENDADORES DEL LLUME<\/span><\/em><\/span><\/strong><br \/>\n<strong><span style=\"color: #008080\"><em><span style=\"font-size: 14pt\">BIEN PEGADINOS AL LLAR<\/span><\/em><\/span><\/strong><br \/>\n<strong><span style=\"color: #008080\"><em><span style=\"font-size: 14pt\">\u00bfPA QU\u00c9 QUER\u00c9IS TANTA LLE\u00d1A? <\/span><\/em><\/span><\/strong><br \/>\n<strong><span style=\"color: #008080\"><em><span style=\"font-size: 14pt\">NUN SIENDO POR NAVID\u00c1<\/span><\/em><\/span><\/strong><\/p>\n<p><span style=\"color: #008080\"><em><span style=\"font-size: 14pt\">Pa facer duces bollinos <\/span><\/em><\/span><br \/>\n<span style=\"color: #008080\"><em><span style=\"font-size: 14pt\">que nos vien a regalar <\/span><\/em><\/span><br \/>\n<span style=\"color: #008080\"><em><span style=\"font-size: 14pt\">pa milenta rapacinos, <\/span><\/em><\/span><br \/>\n<span style=\"color: #008080\"><em><span style=\"font-size: 14pt\">el tuer\u00edn de Navid\u00e1.<\/span><\/em><\/span><\/p>\n<p><strong><span style=\"color: #008080\"><em><span style=\"font-size: 14pt\">LLENDADORES\u2026<\/span><\/em><\/span><\/strong><\/p>\n<p><span style=\"color: #008080\"><em><span style=\"font-size: 14pt\">Pa quemar el Nataliegu <\/span><\/em><\/span><br \/>\n<span style=\"color: #008080\"><em><span style=\"font-size: 14pt\">\u00ab(e)na\u00bb nueche de Nadal, <\/span><\/em><\/span><br \/>\n<span style=\"color: #008080\"><em><span style=\"font-size: 14pt\">y coyer xaramoquinos <\/span><\/em><\/span><br \/>\n<span style=\"color: #008080\"><em><span style=\"font-size: 14pt\">que bayura nos van dar.<\/span><\/em><\/span><\/p>\n<p><strong><span style=\"color: #008080\"><em><span style=\"font-size: 14pt\">LLENDADORES\u2026<\/span><\/em><\/span><\/strong><\/p>\n<p><span style=\"color: #008080\"><em><span style=\"font-size: 14pt\">P\u2019amagostar les casta\u00f1es <\/span><\/em><\/span><br \/>\n<span style=\"color: #008080\"><em><span style=\"font-size: 14pt\">llambionaes a fartar <\/span><\/em><\/span><br \/>\n<span style=\"color: #008080\"><em><span style=\"font-size: 14pt\">\u00f1ueces, ablanes, bizcuechos, <\/span><\/em><\/span><br \/>\n<span style=\"color: #008080\"><em><span style=\"font-size: 14pt\">chicolate pa moyar.<\/span><\/em><\/span><\/p>\n<p><span style=\"color: #008080\"><em><span style=\"font-size: 14pt\">Col\u00e1i, andancies y plagues<\/span><\/em><\/span><br \/>\n<span style=\"color: #008080\"><em><span style=\"font-size: 14pt\">march\u00e1i cola gafed\u00e1 <\/span><\/em><\/span><br \/>\n<span style=\"color: #008080\"><em><span style=\"font-size: 14pt\">col\u00e1i bruxes y culiebres <\/span><\/em><\/span><br \/>\n<span style=\"color: #008080\"><em><span style=\"font-size: 14pt\">que tamos en Navid\u00e1.<\/span><\/em><\/span><\/p>\n<p><strong><span style=\"color: #808080\">ASPEUTOS LLING\u00dc\u00cdSTICOS D\u2019INTER\u00c9S SOBRO LA LLETRA DEL VILLANCICU\u00b4L NATALIEGU<\/span><\/strong><\/p>\n<p><span style=\"color: #808080\">L\u2019estribillu del cantar intenta asoleyar unos versos del Romance de Galancina que faen referencia a les fogueres de Nadal.<\/span><\/p>\n<p><span style=\"color: #808080\">\u00bfPa qu\u00e9 quer\u00e9is tanta lle\u00f1a?<\/span><br \/>\n<span style=\"color: #808080\">\u00bfPa qu\u00e9 quer\u00e9is tanta \u00abl\u00e1\u00bb?<\/span><br \/>\n<span style=\"color: #808080\">Si nun tamos na Navid\u00e1 \/ Nun siendo por (per) Navid\u00e1.<\/span><\/p>\n<hr \/>\n\n<!-- iframe plugin v.6.0 wordpress.org\/plugins\/iframe\/ -->\n<iframe loading=\"lazy\" src=\"https:\/\/www.facebook.com\/plugins\/video.php?height=314&#038;href=https%3A%2F%2Fwww.facebook.com%2FLAnguleru%2Fvideos%2F486238832307796%2F&#038;show_text=false&#038;width=560\" width=\"560\" height=\"314\" 0=\"\/iframe\" scrolling=\"yes\" class=\"iframe-class\" frameborder=\"0\"><\/iframe>\n\n<hr \/>\n<p><strong><span style=\"font-size: 18pt;color: #008080\"><em>M\u00e1s villancicos navidiegos&#8230;<\/em><\/span><\/strong><\/p>\n<ul>\n<li><a href=\"https:\/\/www.youtube.com\/watch?v=qmoue4ybgDY\"><strong>Los Reis Magos<\/strong> (Nuberu)<\/a><\/li>\n<\/ul>\n\n<!-- iframe plugin v.6.0 wordpress.org\/plugins\/iframe\/ -->\n<iframe loading=\"lazy\" width=\"588\" height=\"331\" src=\"https:\/\/www.youtube.com\/embed\/qmoue4ybgDY\" scrolling=\"yes\" class=\"iframe-class\" frameborder=\"0\"><\/iframe>\n\n<ul>\n<li><a href=\"https:\/\/www.youtube.com\/watch?v=q2fAWll7pJ4\"><strong>El portal\u00edn de piedra<\/strong> (V\u00edctor Manuel)<\/a><\/li>\n<\/ul>\n\n<!-- iframe plugin v.6.0 wordpress.org\/plugins\/iframe\/ -->\n<iframe loading=\"lazy\" width=\"588\" height=\"331\" src=\"https:\/\/www.youtube.com\/embed\/q2fAWll7pJ4\" scrolling=\"yes\" class=\"iframe-class\" frameborder=\"0\"><\/iframe>\n\n\n<!-- iframe plugin v.6.0 wordpress.org\/plugins\/iframe\/ -->\n<iframe loading=\"lazy\" width=\"588\" height=\"331\" src=\"https:\/\/www.youtube.com\/embed\/aTM2-CaCOws\" scrolling=\"yes\" class=\"iframe-class\" frameborder=\"0\"><\/iframe>\n\n<ul>\n<li><a href=\"https:\/\/www.youtube.com\/watch?v=KsW1dweTdWE\"><strong>Voi dir a Bel\u00e9n<\/strong><\/a><\/li>\n<\/ul>\n\n<!-- iframe plugin v.6.0 wordpress.org\/plugins\/iframe\/ -->\n<iframe loading=\"lazy\" width=\"588\" height=\"331\" src=\"https:\/\/www.youtube.com\/embed\/KsW1dweTdWE\" scrolling=\"yes\" class=\"iframe-class\" frameborder=\"0\"><\/iframe>\n\n<ul>\n<li><a href=\"https:\/\/www.youtube.com\/watch?v=mMUR2rHOY8s\"><strong>Ya repica\u00b4l panderu<\/strong><\/a><\/li>\n<\/ul>\n\n<!-- iframe plugin v.6.0 wordpress.org\/plugins\/iframe\/ -->\n<iframe loading=\"lazy\" width=\"588\" height=\"331\" src=\"https:\/\/www.youtube.com\/embed\/mMUR2rHOY8s\" scrolling=\"yes\" class=\"iframe-class\" frameborder=\"0\"><\/iframe>\n\n<ul>\n<li><a href=\"https:\/\/youtu.be\/m2PAiW1h0_4\">Ya se escuchan las panderetas (V\u00edctor Manuel)<\/a><\/li>\n<\/ul>\n\n<!-- iframe plugin v.6.0 wordpress.org\/plugins\/iframe\/ -->\n<iframe loading=\"lazy\" width=\"588\" height=\"331\" src=\"https:\/\/www.youtube.com\/embed\/m2PAiW1h0_4\" scrolling=\"yes\" class=\"iframe-class\" frameborder=\"0\"><\/iframe>\n\n<ul>\n<li><a href=\"https:\/\/www.youtube.com\/watch?v=WheL0GhCcss&amp;feature=emb_logo\"><strong><span style=\"color: #008080\">Nuechi d\u00b4avientu<\/span><\/strong><\/a><\/li>\n<\/ul>\n\n<!-- iframe plugin v.6.0 wordpress.org\/plugins\/iframe\/ -->\n<iframe loading=\"lazy\" width=\"586\" height=\"578\" src=\"https:\/\/www.youtube.com\/embed\/WheL0GhCcss\" scrolling=\"yes\" class=\"iframe-class\" frameborder=\"0\"><\/iframe>\n\n<p><span class=\"d2edcug0 hpfvmrgz qv66sw1b c1et5uql rrkovp55 a8c37x1j keod5gw0 nxhoafnm aigsh9s9 d3f4x2em fe6kdd0r mau55g9w c8b282yb iv3no6db jq4qci2q a3bd9o3v knj5qynh oo9gr5id hzawbc8m\" dir=\"auto\" style=\"font-size: 18pt\"><em><a href=\"https:\/\/www.facebook.com\/100023351121975\/videos\/840293440092352\/\">Villancicu peremotivu<\/a> pa los que vivimos el Nadal colos g\u00fcelos, que y\u00e1 nun tan.<\/em> <\/span><\/p>\n<ul>\n<li><a href=\"https:\/\/www.youtube.com\/watch?v=SMNWg0UIO2M\">Los tres Reis<\/a><\/li>\n<\/ul>\n<p><iframe loading=\"lazy\" title=\"Los Tres Reis - Villancicu N&#039;Asturianu\" width=\"676\" height=\"380\" src=\"https:\/\/www.youtube.com\/embed\/SMNWg0UIO2M?feature=oembed\" frameborder=\"0\" allow=\"accelerometer; autoplay; clipboard-write; encrypted-media; gyroscope; picture-in-picture\" allowfullscreen><\/iframe><\/p>\n","protected":false},"excerpt":{"rendered":"<p>NADAL L\u00b4Anguleru El Ramu de Nadal El Nataliegu En castell\u00e1n Villancicu\u00b4l\u00a0 Nataliegu Versi\u00f3n 2 Grupu Folk \u00bfA\u00da? -Villancicu\u00b4l Nataliegu: \u00ab\u00bfA\u00da?\u00bb ye un proyeutu musical que \u00f1az en 2016. Cuatro co\u00f1oc\u00edos de la m\u00fasica folk asturiana: Marga Lorences, Rub\u00e9n Bada, Ruma Barbero y Dolfu Fern\u00e1ndez. Edici\u00f3n del Videu: Javier Bernardo Candela \u00abVILLANCICU\u00b4L\u00a0 NATALIEGU\u00bb Versi\u00f3n del Grupu [&hellip;]<\/p>\n","protected":false},"author":117,"featured_media":0,"parent":0,"menu_order":0,"comment_status":"closed","ping_status":"closed","template":"","meta":{"footnotes":""},"class_list":["post-1385","page","type-page","status-publish","hentry","post-preview"],"_links":{"self":[{"href":"https:\/\/edublog.educastur.es\/ixuxullingua\/wp-json\/wp\/v2\/pages\/1385","targetHints":{"allow":["GET"]}}],"collection":[{"href":"https:\/\/edublog.educastur.es\/ixuxullingua\/wp-json\/wp\/v2\/pages"}],"about":[{"href":"https:\/\/edublog.educastur.es\/ixuxullingua\/wp-json\/wp\/v2\/types\/page"}],"author":[{"embeddable":true,"href":"https:\/\/edublog.educastur.es\/ixuxullingua\/wp-json\/wp\/v2\/users\/117"}],"replies":[{"embeddable":true,"href":"https:\/\/edublog.educastur.es\/ixuxullingua\/wp-json\/wp\/v2\/comments?post=1385"}],"version-history":[{"count":25,"href":"https:\/\/edublog.educastur.es\/ixuxullingua\/wp-json\/wp\/v2\/pages\/1385\/revisions"}],"predecessor-version":[{"id":3186,"href":"https:\/\/edublog.educastur.es\/ixuxullingua\/wp-json\/wp\/v2\/pages\/1385\/revisions\/3186"}],"wp:attachment":[{"href":"https:\/\/edublog.educastur.es\/ixuxullingua\/wp-json\/wp\/v2\/media?parent=1385"}],"curies":[{"name":"wp","href":"https:\/\/api.w.org\/{rel}","templated":true}]}}