{"id":1406,"date":"2020-12-13T14:08:56","date_gmt":"2020-12-13T12:08:56","guid":{"rendered":"https:\/\/edublog.educastur.es\/ixuxullingua\/?page_id=1406"},"modified":"2021-01-04T19:06:30","modified_gmt":"2021-01-04T17:06:30","slug":"el-ramu-de-nadal","status":"publish","type":"page","link":"https:\/\/edublog.educastur.es\/ixuxullingua\/nadal\/el-ramu-de-nadal\/","title":{"rendered":"El ramu de Nadal"},"content":{"rendered":"<div class=\"post-footer\">\n<div class=\"post-footer-line post-footer-line-1\">\n<p><a href=\"https:\/\/imgbox.es\/images\/2021\/01\/04\/12_page_178dcb04308aa602a5.jpg\"><img loading=\"lazy\" decoding=\"async\" class=\"alignnone\" src=\"https:\/\/imgbox.es\/images\/2021\/01\/04\/12_page_178dcb04308aa602a5.jpg\" alt=\"\" width=\"1068\" height=\"1497\" \/><\/a><\/p>\n<hr \/>\n<p><em><span style=\"font-size: 14pt\">Otra de les tradiciones aut\u00f3ctones d&#8217;Asturies ye&#8217;l <span style=\"color: #008080\"><strong>Ramu de nadal,<\/strong><\/span> l&#8217;\u00e1rbol t\u00edpicu de navid\u00e1 asturianu qu&#8217;esa compuestu de <span style=\"color: #008080\">madera de texu, abetu o carrasco y del que se colgar rosqu\u00edes, futas\u2026 por que el Anguleru coxa fuerces la nueche de navid\u00e1.<\/span><\/span><\/em><\/p>\n<\/div>\n<\/div>\n<div class=\"intermediu\">\n<div class=\"semeyeaint\"><strong><img decoding=\"async\" class=\"media-element file-default\" title=\"\" src=\"https:\/\/upload.wikimedia.org\/wikipedia\/commons\/4\/47\/Ramunadal_xixon1.jpg\" alt=\"\" longdesc=\"\/\/creativecommons.org\/licenses\/by-sa\/4.0)]\" data-fid=\"9742\" data-media-element=\"1\" \/><\/strong><br \/>\n<span style=\"color: #008080\"><i>Ramu Nadal (Wikipedia)<\/i><\/span><\/div>\n<div><\/div>\n<div class=\"txtint\"><strong>\u00bfSab\u00edes qu\u00e9\u2026? Otra tradici\u00f3n asturiana que se ta recuperando pa estes feches ye\u2019l ramu de nadal, una cadarma de madera de forma triangular con 12 veles, una per cada mes del a\u00f1u, de la que se cuelguen ufriendes.<\/strong><\/div>\n<div class=\"testu\">\n<p>Los restos recoy\u00edense y guard\u00e1bense hasta l\u2019a\u00f1u siguiente, cola intenci\u00f3n de qu\u2019esti ritual traxera fertilid\u00e1 a la casa y al gan\u00e1u, y que defendiera a los sos habitantes del mal. Yera, poro, \u00fan de los munchos rituales de Nuechebona, onde la familia se xunta pa cenar, sobre manera carne de gochu na tradici\u00f3n xunto con postres t\u00edpicos d\u2019estes feches como casadielles o bollines, feches con nuez picao y masa dulce de fari\u00f1a de trigu, boro\u00f1a, escanda, compota mazana, el quesu d&#8217;almendra, el lleche cuayao o les casta\u00f1es amagostaes, ente otros.<\/p>\n<p>El <b>ramu Nadal<\/b> (o <i>ramu de Navid\u00e1<\/i>) ye un ornamentu d&#8217;orixe paganu recuper\u00e1u nos caberos a\u00f1os pel <a title=\"Navid\u00e1\" href=\"https:\/\/ast.wikipedia.org\/wiki\/Navid%C3%A1\">Nadal<\/a>. N&#8217;<a class=\"mw-redirect\" title=\"Asturies\" href=\"https:\/\/ast.wikipedia.org\/wiki\/Asturies\">Asturies<\/a>, les presencies constataes m\u00e1s antig\u00fces t\u00e1n en <a title=\"Cu\u00f1aba\" href=\"https:\/\/ast.wikipedia.org\/wiki\/Cu%C3%B1aba\">Cu\u00f1aba<\/a>, <a class=\"mw-redirect\" title=\"Pe\u00f1amellera baxa\" href=\"https:\/\/ast.wikipedia.org\/wiki\/Pe%C3%B1amellera_baxa\">Pe\u00f1amellera baxa<\/a>, <a title=\"Cangas del Narcea\" href=\"https:\/\/ast.wikipedia.org\/wiki\/Cangas_del_Narcea\">Cangas del Narcea<\/a>, ya <a title=\"Ibias\" href=\"https:\/\/ast.wikipedia.org\/wiki\/Ibias\">Ibias<\/a>.<sup id=\"cite_ref-alberto_1-0\" class=\"reference\"><a href=\"https:\/\/ast.wikipedia.org\/wiki\/Ramu_Nadal#cite_note-alberto-1\">[1]<\/a><\/sup><\/p>\n<p>El ramu Nadal, tami\u00e9n ta document\u00e1u nes provincies d&#8217;<a title=\"\u00c1vila\" href=\"https:\/\/ast.wikipedia.org\/wiki\/%C3%81vila\">\u00c1vila<\/a>, <a title=\"Cantabria\" href=\"https:\/\/ast.wikipedia.org\/wiki\/Cantabria\">Cantabria<\/a>, <a class=\"mw-redirect mw-disambig\" title=\"Lle\u00f3n\" href=\"https:\/\/ast.wikipedia.org\/wiki\/Lle%C3%B3n\">Lle\u00f3n<\/a> (onde recibe&#8217;l nome de <i>Ramu Lleon\u00e9s<\/i>), <a title=\"Palencia\" href=\"https:\/\/ast.wikipedia.org\/wiki\/Palencia\">Palencia<\/a>, <a title=\"Zamora\" href=\"https:\/\/ast.wikipedia.org\/wiki\/Zamora\">Zamora<\/a> y <a title=\"Salamanca\" href=\"https:\/\/ast.wikipedia.org\/wiki\/Salamanca\">Salamanca<\/a>. La llocalid\u00e1 abulense de <a title=\"Serranillos\" href=\"https:\/\/ast.wikipedia.org\/wiki\/Serranillos\">Serranillos<\/a>, al sur d&#8217;\u00c1vila, a\u00ednda calti\u00e9n viva la tradici\u00f3n del \u00abramo de navidad\u00bb.<sup id=\"cite_ref-2\" class=\"reference\"><a href=\"https:\/\/ast.wikipedia.org\/wiki\/Ramu_Nadal#cite_note-2\">[2]<\/a><\/sup><\/p>\n<\/div>\n<p>El solsticiu d&#8217;iviernu yera celebr\u00e1u poles cultures celta y romana como&#8217;l trunfu del sol sobro la escurid\u00e1, que nel hemisferiu norte tien llugar ente&#8217;l 20 y el 23 d&#8217;avientu, onde la nueche ye la m\u00e1s llarga del a\u00f1u y, a partir de la cual los d\u00edes empiecen a allargar.<\/p>\n<p><img loading=\"lazy\" decoding=\"async\" class=\"alignnone size-full\" src=\"https:\/\/1.bp.blogspot.com\/-1NOX00ISY24\/X-TLlSmPu0I\/AAAAAAAApSk\/U89HLl3EAcAVKOEkF7cUENO3Sw5SRJxtgCLcBGAsYHQ\/w480-h640\/1.jpg\" width=\"480\" height=\"640\" \/><br \/>\nEsta fiesta foi asimilada pola ilesia cat\u00f3lica, afitando nesi d\u00eda la nacencia de Cristu que, seg\u00fan del calendariu xulianu (a\u00f1u 46 a.C.) corresponder col 25 d&#8217;avientu; sicas\u00ed, el calendariu gregorianu (a\u00f1u 1582) asitiar nel 21 d&#8217;avientu, magar a efectos pr\u00e1cticos calt\u00favose&#8217;l d\u00eda 25 como&#8217;l de la Nativid\u00e1.<\/p>\n<p><span style=\"color: #008080\"><strong>El ramu de navid\u00e1 enllazada&#8217;l cultu paganu a los \u00e1rboles y la naturaleza, la fertilid\u00e1 y los esp\u00edritos protectores cola celebraci\u00f3n del solsticiu d&#8217;iviernu<\/strong><\/span> nuna socied\u00e1 rural precristiana marcada por un calendariu vencey\u00e1u a los ciclos de la naturaleza. Lo que nun principiu foi un ramu de fueya perenne del que colgaben les ufriendes, foi evolucionando col tiempu a un armaz\u00f3n de madera con id\u00e9ntica finalid\u00e1. La diversid\u00e1 de los ramos cre\u00f3 variantes t\u00edpiques de cada zona o rex\u00f3n.<\/p>\n<p>N&#8217;Asturies t\u00e1n documentados en Cu\u00f1aba, Pe\u00f1amellera Baxa, Cangas y Ibias; pero tami\u00e9n en Cantabria, Lli\u00f3n, Palencia, Zamora y Salamanca.<\/p>\n<div class=\"testu\">\n<hr \/>\n<p><a href=\"https:\/\/1.bp.blogspot.com\/-ZxfdUJFCRRA\/W33hKcj4QiI\/AAAAAAAAEJc\/hCgoo8p9i1k2LVtzdDSprpFIY8OUH47TwCEwYBhgL\/s1600\/Ramu.jpg\"><img loading=\"lazy\" decoding=\"async\" class=\"alignnone\" src=\"https:\/\/1.bp.blogspot.com\/-ZxfdUJFCRRA\/W33hKcj4QiI\/AAAAAAAAEJc\/hCgoo8p9i1k2LVtzdDSprpFIY8OUH47TwCEwYBhgL\/s1600\/Ramu.jpg\" alt=\"\" width=\"1600\" height=\"1200\" \/><\/a><\/p>\n<p><a href=\"https:\/\/4.bp.blogspot.com\/-TQGX-SFkRXI\/W33iLuAnTgI\/AAAAAAAAEJo\/Y3U5Tkj2BGs1xYGjvHFAU_bSR_MKfF35ACLcBGAs\/s1600\/RAMU-NADAL.jpg\"><img loading=\"lazy\" decoding=\"async\" class=\"alignnone\" src=\"https:\/\/4.bp.blogspot.com\/-TQGX-SFkRXI\/W33iLuAnTgI\/AAAAAAAAEJo\/Y3U5Tkj2BGs1xYGjvHFAU_bSR_MKfF35ACLcBGAs\/s1600\/RAMU-NADAL.jpg\" alt=\"\" width=\"1131\" height=\"1600\" \/><\/a><\/p>\n<p><a href=\"https:\/\/3.bp.blogspot.com\/-zajBYb4opU4\/W33iNm6JLeI\/AAAAAAAAEJs\/kYv_k5B4AgUR_cyzRZ6oQePDNdSHvKU1gCLcBGAs\/s1600\/RamuNadal-Xebradures.jpg\"><img loading=\"lazy\" decoding=\"async\" class=\"alignnone\" src=\"https:\/\/3.bp.blogspot.com\/-zajBYb4opU4\/W33iNm6JLeI\/AAAAAAAAEJs\/kYv_k5B4AgUR_cyzRZ6oQePDNdSHvKU1gCLcBGAs\/s1600\/RamuNadal-Xebradures.jpg\" alt=\"\" width=\"466\" height=\"329\" \/><\/a><\/p>\n<p><a href=\"https:\/\/3.bp.blogspot.com\/-CQ2Tg2CvyyI\/W33iERCLWcI\/AAAAAAAAEJk\/973wwvbaG1MC6FaORlWKeKGE6shLbboegCLcBGAs\/s1600\/Marcap%25C3%25A1xines-Ramu.jpg\"><img loading=\"lazy\" decoding=\"async\" class=\"alignnone\" src=\"https:\/\/3.bp.blogspot.com\/-CQ2Tg2CvyyI\/W33iERCLWcI\/AAAAAAAAEJk\/973wwvbaG1MC6FaORlWKeKGE6shLbboegCLcBGAs\/s1600\/Marcap%25C3%25A1xines-Ramu.jpg\" alt=\"\" width=\"463\" height=\"327\" \/><\/a><\/p>\n<ul>\n<li><a href=\"http:\/\/Axuntamos delles ll\u00e1mines de trabayu sobro\u00b4l Nataliegu.\">Blogue L\u00b4anguleru<\/a><\/li>\n<li>V\u00eddeu:<a href=\"https:\/\/www.youtube.com\/watch?v=Fdj7VByk9wI\"> El Ramu de Nadal<\/a><\/li>\n<\/ul>\n\n<!-- iframe plugin v.6.0 wordpress.org\/plugins\/iframe\/ -->\n<iframe loading=\"lazy\" width=\"588\" height=\"331\" src=\"https:\/\/www.youtube.com\/embed\/Fdj7VByk9wI\" scrolling=\"yes\" class=\"iframe-class\" frameborder=\"0\"><\/iframe>\n\n<hr \/>\n<ul>\n<li>\n<h4 class=\"title page-title\"><a href=\"https:\/\/asturies.com\/noticies\/el-ramin-de-nadal-villancicu-nuevu-interpretau-pola-maestra-noelia-veira?fbclid=IwAR2RxwAFxMn7Ew54Nb51NhyQynvW7xgjUyH_6jEJ0LyBHvSG9Yc8aQqSfzo\"><em><span style=\"color: #008080\"><strong><img loading=\"lazy\" decoding=\"async\" class=\"alignnone \" src=\"https:\/\/asturies.com\/sites\/default\/files\/logo_acom_5.png\" width=\"203\" height=\"24\" \/><\/strong><\/span><\/em><\/a><\/h4>\n<\/li>\n<li>\n<h4 class=\"title page-title\"><a href=\"https:\/\/asturies.com\/noticies\/el-ramin-de-nadal-villancicu-nuevu-interpretau-pola-maestra-noelia-veira?fbclid=IwAR2RxwAFxMn7Ew54Nb51NhyQynvW7xgjUyH_6jEJ0LyBHvSG9Yc8aQqSfzo\"><em><span style=\"color: #008080\"><strong>\u2018El ram\u00edn de Nadal\u2019<\/strong><\/span>, villancicu nuevu interpret\u00e1u pola maestra Noelia Veira<\/em><\/a><\/h4>\n<\/li>\n<\/ul>\n<div class=\"controlsSpacerStack\">\n<div id=\"controlsSpacer\" class=\"controlsSpacer stackItem\" role=\"none\">\n<div class=\"field field-name-body field-type-text-with-summary field-label-hidden\">\n<div class=\"field-items\">\n<div class=\"field-item even\">\n<p>\u201cFai un ram\u00edn, g\u00fcel\u00edn, \/ failu con seis llacinos, \/ pa g\u00fcelina y pa ti \/ y pa tolos ne\u00f1inos\u201d.<\/p>\n<p>Asina entama \u2018El ram\u00edn de Nadal\u2019, villancicu nuevu al rodiu d\u2019esta tradici\u00f3n asturiana de Navid\u00e1 compuestu por Noelia Su\u00e1rez Veira y V\u00edctor Ra\u00fal Pintado \u2018Vitu\u2019, estren\u00e1u a la guitarra pola maestra frente a L\u2019Anguleru y Lolina la Rulera nel llar del pescador.<\/p>\n<p><a href=\"https:\/\/asturies.com\/sites\/default\/files\/styles\/large\/public\/noelia_suarez_veira_villancicu_el_ramin_de_nadal_reducida.jpg?itok=KDT5nudk\"><img loading=\"lazy\" decoding=\"async\" class=\"alignnone\" src=\"https:\/\/asturies.com\/sites\/default\/files\/styles\/large\/public\/noelia_suarez_veira_villancicu_el_ramin_de_nadal_reducida.jpg?itok=KDT5nudk\" alt=\"\" width=\"312\" height=\"235\" \/><\/a><\/p>\n<p>Foron precisamente estos dos personaxes navidiegos los qu\u2019encargaron esti villancicu a los profesores del CP Marcelo Gago, d\u2019Avil\u00e9s.<\/p>\n<p>L\u2019Anguleru y\u00e1 ye bien conoc\u00edu por toles ne\u00f1es y ne\u00f1os d\u2019Asturies, qu\u2019esperen la so llegada en Nuechebona: tr\u00e1tase d\u2019un pescador que viaxa dende\u2019l mar de los Sargazos toles Navidaes pa entrar per L\u2019Arena y pescar angula, que vende pa mercar regalos que reparte peles cases esa mesma madrugada.<\/p>\n<p>\u2018El ram\u00edn de Nadal\u2019 ye un villancicu perguapu que fala d\u2019esta tradici\u00f3n asturiana que ta volviendo poco a poco a les cases. Tami\u00e9n son munchos los colexos que fixeron y engalanaron en clase ramos de nadal, una cadarma de madera de forma triangular con 12 veles, una per cada mes del a\u00f1u, de la que se cuelguen ufriendes.<\/p>\n<\/div>\n<\/div>\n<\/div>\n<\/div>\n<\/div>\n<div class=\"progressStack\" role=\"none\"><span class=\"a11y-only\" role=\"status\"><span data-l10n-id=\"videocontrols-buffer-bar-label\">Cargando:<\/span> <span id=\"bufferA11yVal\">3%<\/span><\/span><\/div>\n<p>0:00<span id=\"durationSpan\" class=\"duration\" role=\"none\"> \/ 2:58<\/span><\/p>\n<p>&nbsp;<\/p>\n<\/div>\n<\/div>\n","protected":false},"excerpt":{"rendered":"<p>Otra de les tradiciones aut\u00f3ctones d&#8217;Asturies ye&#8217;l Ramu de nadal, l&#8217;\u00e1rbol t\u00edpicu de navid\u00e1 asturianu qu&#8217;esa compuestu de madera de texu, abetu o carrasco y del que se colgar rosqu\u00edes, futas\u2026 por que el Anguleru coxa fuerces la nueche de navid\u00e1. Ramu Nadal (Wikipedia) \u00bfSab\u00edes qu\u00e9\u2026? Otra tradici\u00f3n asturiana que se ta recuperando pa estes [&hellip;]<\/p>\n","protected":false},"author":117,"featured_media":0,"parent":1385,"menu_order":0,"comment_status":"closed","ping_status":"closed","template":"","meta":{"footnotes":""},"class_list":["post-1406","page","type-page","status-publish","hentry","post-preview"],"_links":{"self":[{"href":"https:\/\/edublog.educastur.es\/ixuxullingua\/wp-json\/wp\/v2\/pages\/1406","targetHints":{"allow":["GET"]}}],"collection":[{"href":"https:\/\/edublog.educastur.es\/ixuxullingua\/wp-json\/wp\/v2\/pages"}],"about":[{"href":"https:\/\/edublog.educastur.es\/ixuxullingua\/wp-json\/wp\/v2\/types\/page"}],"author":[{"embeddable":true,"href":"https:\/\/edublog.educastur.es\/ixuxullingua\/wp-json\/wp\/v2\/users\/117"}],"replies":[{"embeddable":true,"href":"https:\/\/edublog.educastur.es\/ixuxullingua\/wp-json\/wp\/v2\/comments?post=1406"}],"version-history":[{"count":16,"href":"https:\/\/edublog.educastur.es\/ixuxullingua\/wp-json\/wp\/v2\/pages\/1406\/revisions"}],"predecessor-version":[{"id":1760,"href":"https:\/\/edublog.educastur.es\/ixuxullingua\/wp-json\/wp\/v2\/pages\/1406\/revisions\/1760"}],"up":[{"embeddable":true,"href":"https:\/\/edublog.educastur.es\/ixuxullingua\/wp-json\/wp\/v2\/pages\/1385"}],"wp:attachment":[{"href":"https:\/\/edublog.educastur.es\/ixuxullingua\/wp-json\/wp\/v2\/media?parent=1406"}],"curies":[{"name":"wp","href":"https:\/\/api.w.org\/{rel}","templated":true}]}}