{"id":1471,"date":"2020-12-20T15:11:08","date_gmt":"2020-12-20T13:11:08","guid":{"rendered":"https:\/\/edublog.educastur.es\/ixuxullingua\/?page_id=1471"},"modified":"2022-12-11T14:07:18","modified_gmt":"2022-12-11T12:07:18","slug":"sesion-01","status":"publish","type":"page","link":"https:\/\/edublog.educastur.es\/ixuxullingua\/6-sestu\/sestu-20-21\/03-segundu-trimestre\/sesion-01\/","title":{"rendered":"Sesi\u00f3n 01"},"content":{"rendered":"<p style=\"text-align: center\"><strong><em><span style=\"font-size: 24pt;color: #008080\">Mazcar\u00e1es d\u00b4Iviernu y Aguilanderos<\/span><\/em><\/strong><\/p>\n<p><a href=\"https:\/\/imgbox.es\/images\/2020\/12\/21\/aguinalderofc25e03943ed75c9.jpg\"><img loading=\"lazy\" decoding=\"async\" class=\"aligncenter\" src=\"https:\/\/imgbox.es\/images\/2020\/12\/21\/aguinalderofc25e03943ed75c9.jpg\" alt=\"\" width=\"649\" height=\"720\" \/><\/a><\/p>\n\n<!-- iframe plugin v.6.0 wordpress.org\/plugins\/iframe\/ -->\n<iframe loading=\"lazy\" src=\"https:\/\/www.facebook.com\/plugins\/video.php?height=314&#038;href=https%3A%2F%2Fwww.facebook.com%2Flucas.diazrozada%2Fvideos%2F10158080131434506%2F&#038;show_text=false&#038;width=560\" width=\"560\" height=\"314\" style=\"border:none;overflow:hidden\" scrolling=\"no\" frameborder=\"0\" allowfullscreen=\"true\" allow=\"autoplay; clipboard-write; encrypted-media; picture-in-picture; web-share\" 0=\"\/iframe\" class=\"iframe-class\"><\/iframe>\n\n<ul>\n<li><em><strong>TPA: Momentu de mazcar\u00e1es<\/strong><\/em><\/li>\n<\/ul>\n<p><a href=\"https:\/\/www.rtpa.es\/video:mazcaraes%20d%27iviernu_551357910683.html\"><img loading=\"lazy\" decoding=\"async\" class=\"alignnone\" src=\"https:\/\/www.rtpa.es\/fotos\/\/12\/12\/871356696484_MazcaraesDiviernu.jpg\" alt=\"\" width=\"268\" height=\"151\" \/><\/a><\/p>\n<ul>\n<li><a href=\"https:\/\/www.rtpa.es\/video:mazcaraes%20d%27iviernu_551357910683.html\">TPA: Mazcar\u00e1es d\u00b4iviernu (32 min)<\/a><\/li>\n<\/ul>\n<p><a href=\"https:\/\/www.rtpa.es\/video:domingo%20de%20sidros%20y%20comedies_1547499327.html\"><img loading=\"lazy\" decoding=\"async\" class=\"alignnone\" src=\"https:\/\/www.rtpa.es\/fotos\/\/19\/01\/121547499327_DOMINGU-DE-SIDROS-Y-COMEDIES.jpg\" alt=\"\" width=\"263\" height=\"148\" \/><\/a><\/p>\n<p><a href=\"https:\/\/www.rtpa.es\/video:Domingo%20de%20Sidros%20y%20comedies_1515447056.html\"><img loading=\"lazy\" decoding=\"async\" class=\"alignnone\" src=\"https:\/\/www.rtpa.es\/fotos\/\/18\/01\/121515447121_sidros2018.png\" alt=\"\" width=\"265\" height=\"149\" \/><\/a><\/p>\n<ul>\n<li>\n<h4 id=\"nombre_programa\" class=\"display-ib padding-t-10 font-size-xl\"><a href=\"https:\/\/www.rtpa.es\/video:domingo%20de%20sidros%20y%20comedies_1547499327.html\">TPA_Domingo de Sidros y comedies 2019<\/a><\/h4>\n<\/li>\n<li><a href=\"https:\/\/www.youtube.com\/watch?v=PvqVzIVfmpM\">V\u00eddeu <strong>Les mazcaraes y los aguilandos<\/strong> (Navidiegos)<\/a><\/li>\n<\/ul>\n\n<!-- iframe plugin v.6.0 wordpress.org\/plugins\/iframe\/ -->\n<iframe loading=\"lazy\" width=\"647\" height=\"364\" src=\"https:\/\/www.youtube.com\/embed\/PvqVzIVfmpM\" scrolling=\"yes\" class=\"iframe-class\" frameborder=\"0\"><\/iframe>\n\n<p><img loading=\"lazy\" decoding=\"async\" class=\"size-full aligncenter\" src=\"https:\/\/1.bp.blogspot.com\/-SkQ2U_q3_g4\/WF4iwAZYUCI\/AAAAAAAAoOw\/SpieThP7_voskjog8WLjBDZK8klXhqN8wCLcB\/s1600\/mascarada%2Bdel%2Bosos%2Bde%2BEvaristo%2Bvalle.jpg\" width=\"1600\" height=\"1188\" \/><\/p>\n<p><strong><em>Calendariu asturianu de mazcaraes d\u2019iviernu.<br \/>\n<\/em><\/strong>Ver en pesta\u00f1es nueves, dellos enllaces, pa saber qu\u00e9 faen!<strong><em><br \/>\n<\/em><\/strong><\/p>\n<ul>\n<li class=\"page_item page-item-1718 page_item_has_children current_page_item\"><strong><em><a href=\"https:\/\/edublog.educastur.es\/ixuxullingua\/asturies\/aguilandeiros\/\">Aguilandeiros<\/a><\/em><\/strong>\n<ul class=\"children\">\n<li class=\"page_item page-item-1722\"><strong><em><a href=\"https:\/\/edublog.educastur.es\/ixuxullingua\/asturies\/aguilandeiros\/aguilandeiros-s-x-villapanada\/\">Aguilandeiros S. X. Villapa\u00f1ada<\/a><\/em><\/strong><\/li>\n<li class=\"page_item page-item-1954\"><strong><em><a href=\"https:\/\/edublog.educastur.es\/ixuxullingua\/asturies\/aguilandeiros\/aguinalderos-guirrios-y-sidros\/\">Aguinalderos, guirrios y sidros<\/a><\/em><\/strong><\/li>\n<li class=\"page_item page-item-1726\"><strong><em><a href=\"https:\/\/edublog.educastur.es\/ixuxullingua\/asturies\/aguilandeiros\/el-guirria-de-ponga\/\">El Guirria de Ponga<\/a><\/em><\/strong><\/li>\n<li class=\"page_item page-item-1730\"><strong><em><a href=\"https:\/\/edublog.educastur.es\/ixuxullingua\/asturies\/aguilandeiros\/guilandeiros-de-tineu\/\">Guilandeiros de Tin\u00e9u<\/a><\/em><\/strong><\/li>\n<li class=\"page_item page-item-1713\"><strong><em><a href=\"https:\/\/edublog.educastur.es\/ixuxullingua\/asturies\/aguilandeiros\/los-sidros\/\">Los Sidros<\/a><\/em><\/strong>\n<ul class=\"children\">\n<li><a href=\"https:\/\/edublog.educastur.es\/ixuxullingua\/4-cuartu\/03-ochobre\/sesion-01\/\"><em>Sidros y Guirrios (4\u00ba)<\/em><\/a><\/li>\n<\/ul>\n<\/li>\n<li class=\"page_item page-item-1912\"><strong><em><a href=\"https:\/\/edublog.educastur.es\/ixuxullingua\/asturies\/aguilandeiros\/mazcaritos-duvieu\/\">Mazcaritos d\u00b4Uvi\u00e9u<\/a><\/em><\/strong><\/li>\n<li class=\"page_item page-item-1728\"><strong><em><a href=\"https:\/\/edublog.educastur.es\/ixuxullingua\/asturies\/aguilandeiros\/os-reises-de-tormaleo\/\">Os Reises de Tormaleo<\/a><\/em><\/strong><\/li>\n<li class=\"page_item page-item-1724\"><strong><em><a href=\"https:\/\/edublog.educastur.es\/ixuxullingua\/asturies\/aguilandeiros\/os-reises-del-valledor\/\">Os Reises del Valledor<\/a><\/em><\/strong><\/li>\n<li class=\"page_item page-item-1840\"><strong><em><a href=\"https:\/\/edublog.educastur.es\/ixuxullingua\/asturies\/aguilandeiros\/privao\/\">Privao<\/a> (\u00bfcontrase\u00f1a a Isa?)<\/em><\/strong><\/li>\n<li><a href=\"https:\/\/edublog.educastur.es\/ixuxullingua\/asturies\/aguilandeiros\/cosplay\/\"><strong>Amarutes <\/strong>(disfraces)<strong> Ver p\u00e1xina de \u00abCosplay\u00bb<\/strong><\/a><\/li>\n<\/ul>\n<\/li>\n<\/ul>\n<p>Los <b>Guirrios<\/b> o <b>Sidros<\/b>, ( del llat\u00edn \u00ab<i>guerrire<\/i>\u00ab, saltar) son unos personaxes t\u00edpicos nes feches del <a title=\"Antroxu\" href=\"https:\/\/ast.wikipedia.org\/wiki\/Antroxu\">Antroxu<\/a>. Los Guirrios (Guirrios <a title=\"Llangr\u00e9u\" href=\"https:\/\/ast.wikipedia.org\/wiki\/Llangr%C3%A9u\">Llangr\u00e9u<\/a> y <a class=\"mw-redirect\" title=\"Samart\u00edn del Rei Aureliu\" href=\"https:\/\/ast.wikipedia.org\/wiki\/Samart%C3%ADn_del_Rei_Aureliu\">Samart\u00edn del Rei Aureliu<\/a> \/ Sidros <a title=\"Siero\" href=\"https:\/\/ast.wikipedia.org\/wiki\/Siero\">Siero<\/a>) <strong>diben vist\u00edos de blanco, con polaines de pa\u00f1u negru, faxa colorada na cintura y el pechu (tami\u00e9n pod\u00eda ser verde o azul), y un cinchu de cueru trem\u00e1u de cascabeles y campanines, pa facer ru\u00edu al movese, y sobremanera una llarga pi\u00e9rtiga cola que pegaben grandes blincos pel aire y que-yos permit\u00eda desplazase a\u00edna y saltar percima muries y sebes.<\/strong> Diben con un gorru llargu y picudu, cubiertu de pelleyos d&#8217;<a class=\"mw-redirect\" title=\"Oveya\" href=\"https:\/\/ast.wikipedia.org\/wiki\/Oveya\">oveya<\/a>, y portaben una m\u00e1zcara, les m\u00e1s de les veces tami\u00e9n colorada.<\/p>\n<hr \/>\n<h1><a href=\"https:\/\/3.bp.blogspot.com\/-MckMa0mOmt4\/WF4vjYT3bsI\/AAAAAAAAoQI\/-QpDTzAm0bMejYVmwpySa1Kk2wMB0CbdQCLcB\/w582-h883\/J%25C3%25B3venes%2Baguinalderos%2Bde%2BJ.Cuevas.jpg\"><img loading=\"lazy\" decoding=\"async\" class=\"alignnone\" src=\"https:\/\/3.bp.blogspot.com\/-MckMa0mOmt4\/WF4vjYT3bsI\/AAAAAAAAoQI\/-QpDTzAm0bMejYVmwpySa1Kk2wMB0CbdQCLcB\/w582-h883\/J%25C3%25B3venes%2Baguinalderos%2Bde%2BJ.Cuevas.jpg\" alt=\"\" width=\"582\" height=\"882\" \/><\/a><\/h1>\n<hr \/>\n<div class=\"field-item even\">\n<div align=\"right\">\n<h1>\n<!-- iframe plugin v.6.0 wordpress.org\/plugins\/iframe\/ -->\n<iframe loading=\"lazy\" src=\"https:\/\/drive.google.com\/file\/d\/1Eduljn2rwzPfmQw9Kl0StjI2gs46R_K9\/preview\" width=\"640\" height=\"900\" 0=\"\/iframe\" scrolling=\"yes\" class=\"iframe-class\" frameborder=\"0\"><\/iframe>\n<\/h1>\n<\/div>\n<\/div>\n","protected":false},"excerpt":{"rendered":"<p>Mazcar\u00e1es d\u00b4Iviernu y Aguilanderos TPA: Momentu de mazcar\u00e1es TPA: Mazcar\u00e1es d\u00b4iviernu (32 min) TPA_Domingo de Sidros y comedies 2019 V\u00eddeu Les mazcaraes y los aguilandos (Navidiegos) Calendariu asturianu de mazcaraes d\u2019iviernu. Ver en pesta\u00f1es nueves, dellos enllaces, pa saber qu\u00e9 faen! Aguilandeiros Aguilandeiros S. X. Villapa\u00f1ada Aguinalderos, guirrios y sidros El Guirria de Ponga Guilandeiros [&hellip;]<\/p>\n","protected":false},"author":117,"featured_media":0,"parent":237,"menu_order":0,"comment_status":"closed","ping_status":"closed","template":"","meta":{"footnotes":""},"class_list":["post-1471","page","type-page","status-publish","hentry","post-preview"],"_links":{"self":[{"href":"https:\/\/edublog.educastur.es\/ixuxullingua\/wp-json\/wp\/v2\/pages\/1471","targetHints":{"allow":["GET"]}}],"collection":[{"href":"https:\/\/edublog.educastur.es\/ixuxullingua\/wp-json\/wp\/v2\/pages"}],"about":[{"href":"https:\/\/edublog.educastur.es\/ixuxullingua\/wp-json\/wp\/v2\/types\/page"}],"author":[{"embeddable":true,"href":"https:\/\/edublog.educastur.es\/ixuxullingua\/wp-json\/wp\/v2\/users\/117"}],"replies":[{"embeddable":true,"href":"https:\/\/edublog.educastur.es\/ixuxullingua\/wp-json\/wp\/v2\/comments?post=1471"}],"version-history":[{"count":3,"href":"https:\/\/edublog.educastur.es\/ixuxullingua\/wp-json\/wp\/v2\/pages\/1471\/revisions"}],"predecessor-version":[{"id":2289,"href":"https:\/\/edublog.educastur.es\/ixuxullingua\/wp-json\/wp\/v2\/pages\/1471\/revisions\/2289"}],"up":[{"embeddable":true,"href":"https:\/\/edublog.educastur.es\/ixuxullingua\/wp-json\/wp\/v2\/pages\/237"}],"wp:attachment":[{"href":"https:\/\/edublog.educastur.es\/ixuxullingua\/wp-json\/wp\/v2\/media?parent=1471"}],"curies":[{"name":"wp","href":"https:\/\/api.w.org\/{rel}","templated":true}]}}