{"id":1479,"date":"2020-12-20T15:14:54","date_gmt":"2020-12-20T13:14:54","guid":{"rendered":"https:\/\/edublog.educastur.es\/ixuxullingua\/?page_id=1479"},"modified":"2020-12-20T15:14:54","modified_gmt":"2020-12-20T13:14:54","slug":"sesion-10","status":"publish","type":"page","link":"https:\/\/edublog.educastur.es\/ixuxullingua\/3-terceru\/terceru-20-21\/02-primer-trimestre\/sesion-10\/","title":{"rendered":"Sesi\u00f3n 10"},"content":{"rendered":"<ul>\n<li class=\"page_item page-item-1385 page_item_has_children\"><span style=\"font-size: 24pt\"><em><a href=\"https:\/\/edublog.educastur.es\/ixuxullingua\/nadal\/\"><strong>NADAL<\/strong><\/a><\/em><\/span>\n<ul class=\"children\">\n<li class=\"page_item page-item-1398\"><span style=\"font-size: 24pt\"><em><a href=\"https:\/\/edublog.educastur.es\/ixuxullingua\/nadal\/anguleru\/\">Anguleru<\/a><\/em><\/span><\/li>\n<li class=\"page_item page-item-1406\"><span style=\"font-size: 24pt\"><em><a href=\"https:\/\/edublog.educastur.es\/ixuxullingua\/nadal\/el-ramu-de-nadal\/\">El ramu de Nadal<\/a><\/em><\/span><\/li>\n<li class=\"page_item page-item-1387\"><span style=\"font-size: 24pt\"><a href=\"https:\/\/edublog.educastur.es\/ixuxullingua\/nadal\/nataliegu\/\"><em>Nataliegu<\/em><\/a><\/span><\/li>\n<\/ul>\n<\/li>\n<\/ul>\n<p><a href=\"http:\/\/3.bp.blogspot.com\/-gJbW9yqzsv8\/VoUVc448P2I\/AAAAAAAACvs\/K2mDJ2tf0QA\/s1600\/1-Congracia%2Bde%2BNadal.jpg\"><img loading=\"lazy\" decoding=\"async\" class=\"alignnone size-full\" src=\"http:\/\/3.bp.blogspot.com\/-gJbW9yqzsv8\/VoUVc448P2I\/AAAAAAAACvs\/K2mDJ2tf0QA\/s1600\/1-Congracia%2Bde%2BNadal.jpg\" width=\"1600\" height=\"1131\" \/><\/a><\/p>\n<p><a href=\"https:\/\/2.bp.blogspot.com\/-WFdJSd_IyLw\/WhAAbfCRhLI\/AAAAAAAADgY\/QgxHKuZSEyUJVrGlgbHzbh0TaUZxxKMTgCLcBGAs\/s1600\/Llendadores%2Bdel%2BNataliegu.jpg\"><img loading=\"lazy\" decoding=\"async\" class=\"alignnone size-full\" src=\"https:\/\/2.bp.blogspot.com\/-WFdJSd_IyLw\/WhAAbfCRhLI\/AAAAAAAADgY\/QgxHKuZSEyUJVrGlgbHzbh0TaUZxxKMTgCLcBGAs\/s1600\/Llendadores%2Bdel%2BNataliegu.jpg\" width=\"1600\" height=\"719\" \/><\/a><\/p>\n<p><a href=\"http:\/\/3.bp.blogspot.com\/-GvTwy6gCAcE\/VoUT_qoNWRI\/AAAAAAAACvg\/Bjaezr4S454\/s1600\/2-Cartelu-La%2BMaxa%25C2%25B4l%2BNadal-AST.jpg\"><img loading=\"lazy\" decoding=\"async\" class=\"alignnone size-full\" src=\"http:\/\/3.bp.blogspot.com\/-GvTwy6gCAcE\/VoUT_qoNWRI\/AAAAAAAACvg\/Bjaezr4S454\/s1600\/2-Cartelu-La%2BMaxa%25C2%25B4l%2BNadal-AST.jpg\" width=\"1131\" height=\"1600\" \/><\/a><\/p>\n<ul>\n<li><a href=\"http:\/\/2.bp.blogspot.com\/-1_ZLh2JZURE\/VoUT3jHIGII\/AAAAAAAACvU\/3xJjlt1LUbQ\/s1600\/3-L%25C3%25A1mina-La%2BMagia%2Bde%2Bla%2BNavidad-CAST.jpg\">En castell\u00e1n<\/a><\/li>\n<\/ul>\n<p><a href=\"http:\/\/2.bp.blogspot.com\/-1_ZLh2JZURE\/VoUT3jHIGII\/AAAAAAAACvU\/3xJjlt1LUbQ\/s1600\/3-L%25C3%25A1mina-La%2BMagia%2Bde%2Bla%2BNavidad-CAST.jpg\"><img loading=\"lazy\" decoding=\"async\" class=\"alignnone \" src=\"http:\/\/2.bp.blogspot.com\/-1_ZLh2JZURE\/VoUT3jHIGII\/AAAAAAAACvU\/3xJjlt1LUbQ\/s1600\/3-L%25C3%25A1mina-La%2BMagia%2Bde%2Bla%2BNavidad-CAST.jpg\" width=\"198\" height=\"280\" \/><\/a><\/p>\n<ul>\n<li><a href=\"https:\/\/www.youtube.com\/watch?v=-6XclB7wYV0\"><strong><em>Villancicu\u00b4l\u00a0 Nataliegu<\/em><\/strong><\/a><\/li>\n<\/ul>\n\n<!-- iframe plugin v.6.0 wordpress.org\/plugins\/iframe\/ -->\n<iframe loading=\"lazy\" width=\"588\" height=\"331\" src=\"https:\/\/www.youtube.com\/embed\/-6XclB7wYV0\" scrolling=\"yes\" class=\"iframe-class\" frameborder=\"0\"><\/iframe>\n\n<ul>\n<li><a href=\"https:\/\/www.youtube.com\/watch?v=x0JrO8egDv8\">Versi\u00f3n 2<\/a><\/li>\n<\/ul>\n\n<!-- iframe plugin v.6.0 wordpress.org\/plugins\/iframe\/ -->\n<iframe loading=\"lazy\" width=\"588\" height=\"331\" src=\"https:\/\/www.youtube.com\/embed\/x0JrO8egDv8\" scrolling=\"yes\" class=\"iframe-class\" frameborder=\"0\"><\/iframe>\n\n<p><a href=\"https:\/\/2.bp.blogspot.com\/-NjLrMCwUE9k\/XBbCqsJLieI\/AAAAAAAAES8\/7FsoP1eFuS05QAcEzIHtcM4DlOTZEAQcQCLcBGAs\/s1600\/Villancicu%25C2%25B4l-Nataliegu-Versi%25C3%25B3n-A%25C3%25BA.jpg\"><img loading=\"lazy\" decoding=\"async\" class=\"alignnone size-full\" src=\"https:\/\/2.bp.blogspot.com\/-NjLrMCwUE9k\/XBbCqsJLieI\/AAAAAAAAES8\/7FsoP1eFuS05QAcEzIHtcM4DlOTZEAQcQCLcBGAs\/s1600\/Villancicu%25C2%25B4l-Nataliegu-Versi%25C3%25B3n-A%25C3%25BA.jpg\" width=\"1600\" height=\"1200\" \/><\/a><\/p>\n<p><em><strong>Grupu Folk \u00bfA\u00da? -Villancicu\u00b4l Nataliegu: <\/strong><\/em>\u00ab\u00bfA\u00da?\u00bb ye un proyeutu musical que \u00f1az en 2016. Cuatro co\u00f1oc\u00edos de la m\u00fasica folk asturiana: Marga Lorences, Rub\u00e9n Bada, Ruma Barbero y Dolfu Fern\u00e1ndez. Edici\u00f3n del Videu: Javier Bernardo Candela<\/p>\n<p><em><strong>\u00abVILLANCICU\u00b4L\u00a0 NATALIEGU\u00bb<\/strong><\/em><\/p>\n<p><em>Versi\u00f3n del Grupu Folk \u00ab\u00bfA\u00fa?\u00bb<\/em><br \/>\n<em>M\u00fasica: Reyes Duarte. Lletra: V\u00edctor Ra\u00fal Pintado Rey, \u00abVitu\u00bb<\/em><br \/>\n<em>Ig\u00fces y adautaci\u00f3n de lletra y m\u00fasica Grupu Folk \u00bfA\u00fa?<\/em><\/p>\n<p><strong><em>LLENDADORES DEL LLUME<br \/>\n<\/em><\/strong><strong><em>BIEN PEGADINOS AL LLAR<\/em><\/strong><br \/>\n<strong><em>\u00bfPA QU\u00c9 QUER\u00c9IS TANTA LLE\u00d1A? <\/em><\/strong><br \/>\n<strong><em>\u00bfPA QU\u00c9 QUER\u00c9IS TANTA \u00abL\u00c1\u00bb?<\/em><\/strong><\/p>\n<p><strong><em>LLENDADORES DEL LLUME<\/em><\/strong><br \/>\n<strong><em>BIEN PEGADINOS AL LLAR<\/em><\/strong><br \/>\n<strong><em>\u00bfPA QU\u00c9 QUER\u00c9IS TANTA LLE\u00d1A? <\/em><\/strong><br \/>\n<strong><em>NUN SIENDO POR NAVID\u00c1<\/em><\/strong><\/p>\n<p><em>Pa facer duces bollinos <\/em><br \/>\n<em>que nos vien a regalar <\/em><br \/>\n<em>pa milenta rapacinos, <\/em><br \/>\n<em>el tuer\u00edn de Navid\u00e1.<\/em><\/p>\n<p><strong><em>LLENDADORES\u2026<\/em><\/strong><\/p>\n<p><em>Pa quemar el Nataliegu <\/em><br \/>\n<em>\u00ab(e)na\u00bb nueche de Nadal, <\/em><br \/>\n<em>y coyer xaramoquinos <\/em><br \/>\n<em>que bayura nos van dar.<\/em><\/p>\n<p><strong><em>LLENDADORES\u2026<\/em><\/strong><\/p>\n<p><em>P\u2019amagostar les casta\u00f1es <\/em><br \/>\n<em>llambionaes a fartar <\/em><br \/>\n<em>\u00f1ueces, ablanes, bizcuechos, <\/em><br \/>\n<em>chicolate pa moyar.<\/em><\/p>\n<p><em>Col\u00e1i, andancies y plagues<\/em><br \/>\n<em>march\u00e1i cola gafed\u00e1 <\/em><br \/>\n<em>col\u00e1i bruxes y culiebres <\/em><br \/>\n<em>que tamos en Navid\u00e1.<\/em><\/p>\n<p><strong>ASPEUTOS LLING\u00dc\u00cdSTICOS D\u2019INTER\u00c9S SOBRO LA LLETRA DEL VILLANCICU\u00b4L NATALIEGU<\/strong><\/p>\n<p>L\u2019estribillu del cantar intenta asoleyar unos versos del Romance de Galancina que faen referencia a les fogueres de Nadal.<\/p>\n<p>\u00bfPa qu\u00e9 quer\u00e9is tanta lle\u00f1a?<br \/>\n\u00bfPa qu\u00e9 quer\u00e9is tanta \u00abl\u00e1\u00bb?<br \/>\nSi nun tamos na Navid\u00e1 \/ Nun siendo por (per) Navid\u00e1.<\/p>\n<hr \/>\n\n<!-- iframe plugin v.6.0 wordpress.org\/plugins\/iframe\/ -->\n<iframe loading=\"lazy\" src=\"https:\/\/www.facebook.com\/plugins\/video.php?height=314&#038;href=https%3A%2F%2Fwww.facebook.com%2FLAnguleru%2Fvideos%2F486238832307796%2F&#038;show_text=false&#038;width=560\" width=\"560\" height=\"314\" 0=\"\/iframe\" scrolling=\"yes\" class=\"iframe-class\" frameborder=\"0\"><\/iframe>\n\n<hr \/>\n<p><strong><em>M\u00e1s villancicos navidiegos&#8230;<\/em><\/strong><\/p>\n<ul>\n<li><a href=\"https:\/\/www.youtube.com\/watch?v=qmoue4ybgDY\"><strong>Los Reis Magos<\/strong> (Nuberu)<\/a><\/li>\n<\/ul>\n\n<!-- iframe plugin v.6.0 wordpress.org\/plugins\/iframe\/ -->\n<iframe loading=\"lazy\" width=\"588\" height=\"331\" src=\"https:\/\/www.youtube.com\/embed\/qmoue4ybgDY\" scrolling=\"yes\" class=\"iframe-class\" frameborder=\"0\"><\/iframe>\n\n<ul>\n<li><a href=\"https:\/\/www.youtube.com\/watch?v=q2fAWll7pJ4\"><strong>El portal\u00edn de piedra<\/strong> (V\u00edctor Manuel)<\/a><\/li>\n<\/ul>\n\n<!-- iframe plugin v.6.0 wordpress.org\/plugins\/iframe\/ -->\n<iframe loading=\"lazy\" width=\"588\" height=\"331\" src=\"https:\/\/www.youtube.com\/embed\/q2fAWll7pJ4\" scrolling=\"yes\" class=\"iframe-class\" frameborder=\"0\"><\/iframe>\n\n<ul>\n<li><a href=\"https:\/\/www.youtube.com\/watch?v=KsW1dweTdWE\"><strong>Voi dir a Bel\u00e9n<\/strong><\/a><\/li>\n<\/ul>\n\n<!-- iframe plugin v.6.0 wordpress.org\/plugins\/iframe\/ -->\n<iframe loading=\"lazy\" width=\"588\" height=\"331\" src=\"https:\/\/www.youtube.com\/embed\/KsW1dweTdWE\" scrolling=\"yes\" class=\"iframe-class\" frameborder=\"0\"><\/iframe>\n\n<ul>\n<li><a href=\"https:\/\/www.youtube.com\/watch?v=mMUR2rHOY8s\"><strong>Ya repica\u00b4l panderu<\/strong><\/a><\/li>\n<\/ul>\n\n<!-- iframe plugin v.6.0 wordpress.org\/plugins\/iframe\/ -->\n<iframe loading=\"lazy\" width=\"588\" height=\"331\" src=\"https:\/\/www.youtube.com\/embed\/mMUR2rHOY8s\" scrolling=\"yes\" class=\"iframe-class\" frameborder=\"0\"><\/iframe>\n\n","protected":false},"excerpt":{"rendered":"<p>NADAL Anguleru El ramu de Nadal Nataliegu En castell\u00e1n Villancicu\u00b4l\u00a0 Nataliegu Versi\u00f3n 2 Grupu Folk \u00bfA\u00da? -Villancicu\u00b4l Nataliegu: \u00ab\u00bfA\u00da?\u00bb ye un proyeutu musical que \u00f1az en 2016. Cuatro co\u00f1oc\u00edos de la m\u00fasica folk asturiana: Marga Lorences, Rub\u00e9n Bada, Ruma Barbero y Dolfu Fern\u00e1ndez. Edici\u00f3n del Videu: Javier Bernardo Candela \u00abVILLANCICU\u00b4L\u00a0 NATALIEGU\u00bb Versi\u00f3n del Grupu Folk [&hellip;]<\/p>\n","protected":false},"author":117,"featured_media":0,"parent":214,"menu_order":0,"comment_status":"closed","ping_status":"closed","template":"","meta":{"footnotes":""},"class_list":["post-1479","page","type-page","status-publish","hentry","post-preview"],"_links":{"self":[{"href":"https:\/\/edublog.educastur.es\/ixuxullingua\/wp-json\/wp\/v2\/pages\/1479","targetHints":{"allow":["GET"]}}],"collection":[{"href":"https:\/\/edublog.educastur.es\/ixuxullingua\/wp-json\/wp\/v2\/pages"}],"about":[{"href":"https:\/\/edublog.educastur.es\/ixuxullingua\/wp-json\/wp\/v2\/types\/page"}],"author":[{"embeddable":true,"href":"https:\/\/edublog.educastur.es\/ixuxullingua\/wp-json\/wp\/v2\/users\/117"}],"replies":[{"embeddable":true,"href":"https:\/\/edublog.educastur.es\/ixuxullingua\/wp-json\/wp\/v2\/comments?post=1479"}],"version-history":[{"count":1,"href":"https:\/\/edublog.educastur.es\/ixuxullingua\/wp-json\/wp\/v2\/pages\/1479\/revisions"}],"predecessor-version":[{"id":1480,"href":"https:\/\/edublog.educastur.es\/ixuxullingua\/wp-json\/wp\/v2\/pages\/1479\/revisions\/1480"}],"up":[{"embeddable":true,"href":"https:\/\/edublog.educastur.es\/ixuxullingua\/wp-json\/wp\/v2\/pages\/214"}],"wp:attachment":[{"href":"https:\/\/edublog.educastur.es\/ixuxullingua\/wp-json\/wp\/v2\/media?parent=1479"}],"curies":[{"name":"wp","href":"https:\/\/api.w.org\/{rel}","templated":true}]}}