{"id":1521,"date":"2020-12-27T13:37:14","date_gmt":"2020-12-27T11:37:14","guid":{"rendered":"https:\/\/edublog.educastur.es\/ixuxullingua\/?page_id=1521"},"modified":"2020-12-27T13:44:45","modified_gmt":"2020-12-27T11:44:45","slug":"montes-y-ribera","status":"publish","type":"page","link":"https:\/\/edublog.educastur.es\/ixuxullingua\/natura\/montes-y-ribera\/","title":{"rendered":"Fauna. montes y ribera"},"content":{"rendered":"<p>Aprovechando la visita de <em>Mans\u00edn<\/em>, equ\u00ed vos dexamos un garrapiellu de seres vivos que viven nos montes y na ribera d&#8217;Asturies. Alcu\u00e9rdate de <em>qu&#8217;hai que mirar por ellos<\/em>, munchos tan en peligru seriu de desapaecer pa siempre, poro, hai que respetalos, curialos y protexelos enforma.<\/p>\n<p>El llobu\u00a0El lobo<\/p>\n<p>El corcusp\u00edn\u00a0El erizo<\/p>\n<p>L\u2019aguar\u00f3n\u00a0la rata<\/p>\n<p>El corzu\u00a0El corzo<br \/>\nEl ven\u00e1u\u00a0El ciervo<\/p>\n<p>El gatu mont\u00e9s\/algaire\u00a0El gato mont\u00e9s<\/p>\n<p>L\u2019esperteyu\u00a0El murci\u00e9lago<\/p>\n<p>L\u2019esguil\/esquil\u00a0La ardilla<\/p>\n<p>L\u2019esculibiertu\u00a0El luci\u00f3n<\/p>\n<p>La culiebra\u00a0La culebra<\/p>\n<p>La\u00a0fuina\u00a0La gardu\u00f1a<\/p>\n<p>El gallu mont\u00e9s\u00a0El urogallo<\/p>\n<p>La\u00a0mustadiella\u00a0El armi\u00f1o<\/p>\n<p>La\u00a0llebre\u00a0La liebre<\/p>\n<p>El melandru\u00a0El tej\u00f3n<\/p>\n<p>El mur\u00a0El rat\u00f3n<\/p>\n<p>La\u00a0ll\u00f3ndriga\u00a0La nutria<\/p>\n<p>L\u2019esbardu\u00a0El osezno<\/p>\n<p>L\u2019osu pardu\u00a0El oso pardo<\/p>\n<p>El\u00a0raposu\/rapiegu\u00a0El zorro<\/p>\n<p>El robezu\u00a0El rebeco<\/p>\n<p>La\u00a0sacavera La salamandra<\/p>\n<p>El sapu\u00a0El sapo<\/p>\n<p>El xabal\u00ed\u00a0El jabal\u00ed<\/p>\n<p>La\u00a0xaronca\u00a0La rana<\/p>\n<p>La\u00a0xineta\u00a0La jineta<\/p>\n<p>&nbsp;<\/p>\n","protected":false},"excerpt":{"rendered":"<p>Aprovechando la visita de Mans\u00edn, equ\u00ed vos dexamos un garrapiellu de seres vivos que viven nos montes y na ribera d&#8217;Asturies. Alcu\u00e9rdate de qu&#8217;hai que mirar por ellos, munchos tan en peligru seriu de desapaecer pa siempre, poro, hai que respetalos, curialos y protexelos enforma. El llobu\u00a0El lobo El corcusp\u00edn\u00a0El erizo L\u2019aguar\u00f3n\u00a0la rata El corzu\u00a0El [&hellip;]<\/p>\n","protected":false},"author":117,"featured_media":0,"parent":1512,"menu_order":0,"comment_status":"closed","ping_status":"closed","template":"","meta":{"footnotes":""},"class_list":["post-1521","page","type-page","status-publish","hentry","post-preview"],"_links":{"self":[{"href":"https:\/\/edublog.educastur.es\/ixuxullingua\/wp-json\/wp\/v2\/pages\/1521","targetHints":{"allow":["GET"]}}],"collection":[{"href":"https:\/\/edublog.educastur.es\/ixuxullingua\/wp-json\/wp\/v2\/pages"}],"about":[{"href":"https:\/\/edublog.educastur.es\/ixuxullingua\/wp-json\/wp\/v2\/types\/page"}],"author":[{"embeddable":true,"href":"https:\/\/edublog.educastur.es\/ixuxullingua\/wp-json\/wp\/v2\/users\/117"}],"replies":[{"embeddable":true,"href":"https:\/\/edublog.educastur.es\/ixuxullingua\/wp-json\/wp\/v2\/comments?post=1521"}],"version-history":[{"count":2,"href":"https:\/\/edublog.educastur.es\/ixuxullingua\/wp-json\/wp\/v2\/pages\/1521\/revisions"}],"predecessor-version":[{"id":1532,"href":"https:\/\/edublog.educastur.es\/ixuxullingua\/wp-json\/wp\/v2\/pages\/1521\/revisions\/1532"}],"up":[{"embeddable":true,"href":"https:\/\/edublog.educastur.es\/ixuxullingua\/wp-json\/wp\/v2\/pages\/1512"}],"wp:attachment":[{"href":"https:\/\/edublog.educastur.es\/ixuxullingua\/wp-json\/wp\/v2\/media?parent=1521"}],"curies":[{"name":"wp","href":"https:\/\/api.w.org\/{rel}","templated":true}]}}