{"id":1592,"date":"2020-12-28T13:02:08","date_gmt":"2020-12-28T11:02:08","guid":{"rendered":"https:\/\/edublog.educastur.es\/ixuxullingua\/?page_id=1592"},"modified":"2021-01-13T17:36:24","modified_gmt":"2021-01-13T15:36:24","slug":"sesion-01","status":"publish","type":"page","link":"https:\/\/edublog.educastur.es\/ixuxullingua\/4-cuartu\/cuartu-20-21\/03-segundu-trimestre\/sesion-01\/","title":{"rendered":"Sesi\u00f3n 01"},"content":{"rendered":"<p style=\"text-align: center\"><img loading=\"lazy\" decoding=\"async\" class=\"alignnone size-full\" src=\"http:\/\/sidroscomedies.es\/wp-content\/uploads\/2017\/12\/cuno.png\" width=\"160\" height=\"158\" \/>\u00a0 <a href=\"http:\/\/sidroscomedies.es\/wp-content\/uploads\/2017\/12\/buena-720x500.jpg\"><img loading=\"lazy\" decoding=\"async\" class=\"alignnone\" src=\"http:\/\/sidroscomedies.es\/wp-content\/uploads\/2017\/12\/buena-720x500.jpg\" alt=\"\" width=\"234\" height=\"162\" \/><\/a><\/p>\n<ul>\n<li><a href=\"https:\/\/educastur-my.sharepoint.com\/:b:\/g\/personal\/isabellh_educastur_org\/EWSaz02U8bdLujxItzrrolcBhJ9Lhuu2HMwAQdACZkVn2g?e=rUYEC6\"><span style=\"font-size: 14pt;color: #008080\"><strong><em>Lectura n\u00b4asturianu<\/em><\/strong><\/span><\/a><\/li>\n<li><a href=\"https:\/\/educastur-my.sharepoint.com\/:w:\/g\/personal\/isabellh_educastur_org\/EbGtoX55QMNNvBWt7tMIalABjvGeWyNkcBbEe6ziOHiZ7Q?e=OPR4sH\"><span style=\"font-size: 14pt\"><strong><em>Lectura en castell\u00e1n<\/em><\/strong><\/span><\/a><\/li>\n<\/ul>\n<p><span style=\"font-size: 14pt\">Los<span style=\"color: #008080\"> <strong>sidros y comedies<\/strong> <\/span>son una amuesa del llargu ciclu del antroxu, <strong><span style=\"color: #008080\">una mazcarada d&#8217;iviernu<\/span><\/strong> que consiste na <span style=\"color: #008080\">marcha de los sidros poles cais de la parroquia, vist\u00edos con pantalones y camisa blancos, con una faxa colorada de la que cuelguen cuatro llueques\/cencerros y con melenes na cabeza \u2013un cucuruchu de piel d&#8217;oveya remat\u00e1u por un rabu de fo\u00edn\/raposu-.<\/span><\/span><\/p>\n<p><span style=\"font-size: 14pt\">Asina vist\u00edos, estos personaxes <span style=\"color: #008080\"><strong>piden l&#8217;aguilandu a la cabeza d&#8217;un cortexu que representa les comedies, escenes costumbristas con referencies a l&#8217;actualid\u00e1<\/strong><\/span>, nes que participen, am\u00e1s de los sidros, representaciones del vieyu y la vieya, les dames, los comerciantes, polic\u00edas y un ciegu o un dia\u00f1u.<\/span><\/p>\n<p><em><span style=\"font-size: 14pt\">Conceyos: <span style=\"color: #008080\"><strong>Siero (principalmente), Bimenes, San Mart\u00edn Rei Aurelio, Llangr\u00e9u, Llaviana.<\/strong><\/span><\/span><\/em><\/p>\n<p><a href=\"https:\/\/3.bp.blogspot.com\/-mI9JcmiCZfY\/Vi_BFqBWJEI\/AAAAAAAAOvc\/0C1KKtj0sZg\/s1600\/concejos-asturianos.jpg\"><img loading=\"lazy\" decoding=\"async\" class=\"alignnone\" src=\"https:\/\/3.bp.blogspot.com\/-mI9JcmiCZfY\/Vi_BFqBWJEI\/AAAAAAAAOvc\/0C1KKtj0sZg\/s1600\/concejos-asturianos.jpg\" alt=\"\" width=\"1600\" height=\"744\" \/><\/a><\/p>\n<p>&nbsp;<\/p>\n<p><span style=\"font-size: 14pt\"><span style=\"color: #008080\"><strong>Sidros y Comedies<\/strong><\/span> ye una mazcarada recuperada en 2004 gracies a l&#8217;<strong><span style=\"color: #008080\">asociaci\u00f3n \u00abEl Cencerru<\/span><\/strong>\u00ab. Los sidros faen un percorr\u00edu pol pueblu de Valdesoto (Siero) dando saltos y faciendo sonar les campanes, anunciando la llegada de la comedia. <\/span><\/p>\n<ul>\n<li><a href=\"http:\/\/sidroscomedies.es\/\"><span style=\"color: #008080\"><em>Web oficial<\/em><\/span><\/a><\/li>\n<li><a href=\"https:\/\/es-es.facebook.com\/SidrosyComedies\">P\u00e1xina facebook<\/a>.<\/li>\n<li><a href=\"http:\/\/sidroscomedies.es\/fotos-buenas\">Fotos buenas<\/a><\/li>\n<li><a href=\"http:\/\/sidroscomedies.es\/archivo-2\">Archivu semeyes<\/a><\/li>\n<\/ul>\n<p><span style=\"font-size: 14pt\"><em><span style=\"color: #008080\">Los Sidros\u00bb son los tradicionales \u00abGuirrios\u00bb que recuperen l&#8217;esp\u00edritu del \u00abAntroxu Asturianu\u00bb y de les populares manifestaciones anta\u00f1o denominaes \u00ab<strong>Mazcaraes d\u00b4iviernu\u00bb.<\/strong><\/span><\/em><\/span><\/p>\n<p><span style=\"font-size: 14pt\">Los Homes oveya\u00bb con m\u00e1zcares coloraes saltando pola caleya faen sonar les llueques\/cencerros, mientres acompa\u00f1en a \u00abLa Comedia\u00bb, que consiste n&#8217;una sarc\u00e1stica representaci\u00f3n de teatru popular de calter davezu cr\u00edticu y burll\u00f3n colos aconteceres del llugar.<\/span><\/p>\n<p><span style=\"font-size: 14pt\">Los Sidros y Comedies que se representen caltienen los personaxes y l&#8217;estructura de les Comedies antig\u00fces. <span style=\"color: #008080\"><strong>Repres\u00e9ntase nel Campu de la Ilesia de Valdesoto, el domingu siguiente a Reyes.<\/strong><\/span><\/span><\/p>\n<p><a href=\"https:\/\/imgbox.es\/images\/2021\/01\/11\/sidros20213dc81673cf3f996c.jpg\"><img loading=\"lazy\" decoding=\"async\" class=\"aligncenter\" src=\"https:\/\/imgbox.es\/images\/2021\/01\/11\/sidros20213dc81673cf3f996c.jpg\" alt=\"\" width=\"1000\" height=\"360\" \/><\/a><\/p>\n\n<!-- iframe plugin v.6.0 wordpress.org\/plugins\/iframe\/ -->\n<iframe loading=\"lazy\" src=\"https:\/\/www.facebook.com\/plugins\/video.php?height=314&#038;href=https%3A%2F%2Fwww.facebook.com%2FSidrosyComedies%2Fvideos%2F228253208860173%2F&#038;show_text=false&#038;width=560\" width=\"560\" height=\"314\" style=\"border:none;overflow:hidden\" scrolling=\"no\" frameborder=\"0\" allowfullscreen=\"true\" allow=\"autoplay; clipboard-write; encrypted-media; picture-in-picture; web-share\" 0=\"\/iframe\" class=\"iframe-class\"><\/iframe>\n\n<ul>\n<li><a href=\"https:\/\/www.elfielato.es\/album\/el-nora\/domingo-sidros-comedies-valdesoto\/20210110190236032466.html#image-6\">El Fielato: <strong>GALER\u00cdA<\/strong> Domingo de Sidros y Comedies en Valdesoto 2021<\/a><\/li>\n<li><a href=\"https:\/\/www.rtpa.es\/video:Domingo%20de%20Sidros%20y%20comedies_551610364324.html\">2021_TPA: Especial SIDROS Y COMEDIES<\/a><\/li>\n<li><a href=\"https:\/\/www.nortes.me\/2021\/01\/10\/los-sidros-asaltan-valdesoto\/?fbclid=IwAR0PrfgQgTD6i2wmZ5ORbTzLwkDQxj0dLHnhc3_sCtF0Df2EqaLGd7tFfls\">Galer\u00eda El Comercio: <strong>Los sidros asalten Valdesoto<\/strong><\/a><\/li>\n<li><a href=\"https:\/\/www.lne.es\/asturias\/2020\/05\/24\/sidros-comedies-asturianos-mes-promocion-14564360.html\">LNE: Asturianos del mes: mayu 2020, pola so promoci\u00f3n de la cultura rexonal<br \/>\n<\/a><\/li>\n<\/ul>\n<p><a href=\"https:\/\/www.elfielato.es\/asset\/thumbnail,1160,740,center,center\/\/media\/elfielato\/images\/2021\/01\/10\/2021011018491835712.jpg\"><img loading=\"lazy\" decoding=\"async\" class=\"alignnone\" src=\"https:\/\/www.elfielato.es\/asset\/thumbnail,1160,740,center,center\/\/media\/elfielato\/images\/2021\/01\/10\/2021011018491835712.jpg\" alt=\"\" width=\"1000\" height=\"668\" \/><\/a><\/p>\n<ul>\n<li><a href=\"https:\/\/www.youtube.com\/watch?v=bVDKEe2L60U\"><strong>2017 Video Youtube<\/strong><\/a><\/li>\n<\/ul>\n<p style=\"text-align: center\">\n<!-- iframe plugin v.6.0 wordpress.org\/plugins\/iframe\/ -->\n<iframe loading=\"lazy\" width=\"647\" height=\"364\" src=\"https:\/\/www.youtube.com\/embed\/bVDKEe2L60U\" scrolling=\"yes\" class=\"iframe-class\" frameborder=\"0\"><\/iframe>\n<\/p>\n<ul>\n<li><a href=\"https:\/\/www.youtube.com\/watch?v=4t4TSndwIYg\">2019 Sidros y Comedies<\/a><\/li>\n<\/ul>\n<p style=\"text-align: center\">\n<!-- iframe plugin v.6.0 wordpress.org\/plugins\/iframe\/ -->\n<iframe loading=\"lazy\" width=\"647\" height=\"364\" src=\"https:\/\/www.youtube.com\/embed\/4t4TSndwIYg\" scrolling=\"yes\" class=\"iframe-class\" frameborder=\"0\"><\/iframe>\n<\/p>\n<hr \/>\n<ul>\n<li><a href=\"https:\/\/www.lavozdeasturias.es\/noticia\/agora\/2021\/01\/08\/sidros-2021-comedia-distancia\/00031610101575252167977.htm\">Noticia La Voz d\u00b4Asturies 2021<\/a><\/li>\n<\/ul>\n<div class=\"intro\" data-id=\"intro\">\n<h2>La mazcarada, bien d&#8217;inter\u00e9s cultural,\u00a0pa cumplir coles mid\u00edes sanitaries va facese ensin p\u00fablicu asistente, anque se va emitir al travi\u00e9s de TPA<\/h2>\n<figure class=\" media hor hor \"><a href=\"https:\/\/www.lavozdeasturias.es\/noticia\/agora\/2021\/01\/08\/sidros-2021-comedia-distancia\/00031610101575252167977.htm#\"> <span class=\"embed-responsive embed-responsive-16by9\"> <img decoding=\"async\" class=\" embed-responsive-item\" src=\"https:\/\/cflvdg.avoz.es\/sc\/CxRoY6bLQHlFqcQVoPQ9ySb27wY=\/x\/2019\/01\/14\/00121547469962534183163\/Foto\/efe_20190113_181531025.jpg\" alt=\"Varias personas vestidos de sidros durante la tradicional fiesta de Sidros y comedies, que ha recuperado la localidad asturiana de Valdesoto.\" width=\"990px\" height=\"556px\" data-sizes=\"auto\" data-srcset=\"https:\/\/cflvdg.avoz.es\/sc\/NDgRs-Fu_FRVFpjnbTpdB_vQ4WE=\/450x\/2019\/01\/14\/00121547469962534183163\/Foto\/efe_20190113_181531025.jpg 480w, https:\/\/cflvdg.avoz.es\/sc\/yzCTev4a5cL4rzEGgqWGO8KJUwI=\/600x\/2019\/01\/14\/00121547469962534183163\/Foto\/efe_20190113_181531025.jpg 600w, https:\/\/cflvdg.avoz.es\/sc\/ZDojlHAI5rrn_JvGKWL-3ciWU4M=\/900x\/2019\/01\/14\/00121547469962534183163\/Foto\/efe_20190113_181531025.jpg 900w\" \/> <\/span><\/a><figcaption>Semeya: <span data-deleg=\"\" data-name=\"\">Alberto Morante<\/span><\/figcaption><\/figure>\n<\/div>\n<p>Los<strong> Sidros y Comedies de Valdesoto<\/strong> (Siero) nun van faltar esti domingu 10 de xineru a la so cita anual, anque <strong>pa cumplir coles mid\u00edes sanitaries va facese ensin p\u00fablicu asistente, anque se va emitir al travi\u00e9s de TPA.<\/strong><\/p>\n<p>Esta tradici\u00f3n, enmarcada dientro de les <strong>mazcaraes d&#8217;iviernu<\/strong> que se recuperaron depu\u00e9s de d\u00e9cades en delles zones d&#8217;Asturies, va incluir la representaci\u00f3n d&#8217;una obra de teatru infantil y d&#8217;otra representada por adultos.<\/p>\n<p>Va ser a partir de les 12.15 hores, dientro d&#8217;un especial de<em> Conexi\u00f3n Asturias<\/em> de TPA nel que se van emitir en directo les comedies <em>Comedia pa un a\u00f1u dif\u00edcil<\/em>, de Manuel Pergentino Mart\u00ednez, y <em>Tamos de COVIDmedia<\/em>, de Jos\u00e9 Ram\u00f3n Oliva.<\/p>\n<p>Esta tradici\u00f3n recuper\u00f3se nel a\u00f1u 2004, gracies al enfotu d&#8217;un grupu de mozos de la parroquia de Valdesoto, qu&#8217;axuntaron alredor de<strong> l&#8217;<span style=\"color: #008080\">Asociaci\u00f3n pola recuperaci\u00f3n de los Sidros y les Comedies El Cencerru<\/span><\/strong><span style=\"color: #008080\">.<\/span> Dende esi momentu, el so prop\u00f3situ foi caltener esti vezu, una de les tradiciones m\u00e1s vistoses d&#8217;Asturies. <strong><span style=\"color: #008080\">Nel 2019, el Princip\u00e1u declar\u00f3 a esta mazcarada como bien d&#8217;inter\u00e9s cultural.<\/span><\/strong><\/p>\n<p><img loading=\"lazy\" decoding=\"async\" class=\"alignnone size-full\" src=\"http:\/\/sidroscomedies.es\/wp-content\/uploads\/2019\/04\/Tira-de-Neto.jpg\" width=\"960\" height=\"303\" \/><\/p>\n<ul>\n<li><a href=\"https:\/\/www.lne.es\/centro\/2021\/01\/10\/tiempo-sidros-comedies-27243953.html?fbclid=IwAR0wZRSptq8xezj7LDspLDTFsrpsPXP0l4Oz3amM9J89g7TBobXxghwmx6s\"><strong><em><span style=\"color: #008080\">LNE: Tiempo de Sidros y Comedies<\/span><\/em><\/strong><\/a><\/li>\n<\/ul>\n<p><a href=\"https:\/\/estaticos-cdn.prensaiberica.es\/clip\/3b36abba-6a95-43c7-966a-b1e216aabcf2_16-9-aspect-ratio_default_1015277.jpg\"><img loading=\"lazy\" decoding=\"async\" class=\"aligncenter\" src=\"https:\/\/estaticos-cdn.prensaiberica.es\/clip\/3b36abba-6a95-43c7-966a-b1e216aabcf2_16-9-aspect-ratio_default_1015277.jpg\" alt=\"\" width=\"702\" height=\"395\" \/><\/a><\/p>\n<p>Los <b>Guirrios<\/b> o <b>Sidros<\/b>, ( del llat\u00edn \u00ab<i>guerrire<\/i>\u00ab, saltar) son unos personaxes t\u00edpicos nes feches del <a title=\"Antroxu\" href=\"https:\/\/ast.wikipedia.org\/wiki\/Antroxu\">Antroxu<\/a>. Los Guirrios (Guirrios <a title=\"Llangr\u00e9u\" href=\"https:\/\/ast.wikipedia.org\/wiki\/Llangr%C3%A9u\">Llangr\u00e9u<\/a> y <a class=\"mw-redirect\" title=\"Samart\u00edn del Rei Aureliu\" href=\"https:\/\/ast.wikipedia.org\/wiki\/Samart%C3%ADn_del_Rei_Aureliu\">Samart\u00edn del Rei Aureliu<\/a> \/ Sidros <a title=\"Siero\" href=\"https:\/\/ast.wikipedia.org\/wiki\/Siero\">Siero<\/a>) <strong>diben vist\u00edos de blanco, con polaines de pa\u00f1u negru, faxa colorada na cintura y el pechu (tami\u00e9n pod\u00eda ser verde o azul), y un cinchu de cueru trem\u00e1u de cascabeles y campanines, pa facer ru\u00edu al movese, y sobremanera una llarga pi\u00e9rtiga cola que pegaben grandes blincos pel aire y que-yos permit\u00eda desplazase a\u00edna y saltar percima muries y sebes.<\/strong> Diben con un gorru llargu y picudu, cubiertu de pelleyos d\u2019<a class=\"mw-redirect\" title=\"Oveya\" href=\"https:\/\/ast.wikipedia.org\/wiki\/Oveya\">oveya<\/a>, y portaben una m\u00e1zcara, les m\u00e1s de les veces tami\u00e9n colorada.<\/p>\n<hr \/>\n<p><a href=\"https:\/\/www.rtpa.es\/video:Domingo%20de%20Sidros%20y%20comedies_1515447056.html\"><img loading=\"lazy\" decoding=\"async\" class=\"aligncenter\" src=\"https:\/\/www.rtpa.es\/fotos\/\/18\/01\/121515447121_sidros2018.png\" alt=\"\" width=\"265\" height=\"149\" \/><\/a><\/p>\n<ul>\n<li>\n<h4 id=\"nombre_programa\" class=\"display-ib padding-t-10 font-size-xl\"><a href=\"https:\/\/www.rtpa.es\/video:domingo%20de%20sidros%20y%20comedies_1547499327.html\">TPA_Domingo de Sidros y comedies 2019<\/a><\/h4>\n<\/li>\n<\/ul>\n<p><a href=\"https:\/\/asturies.com\/sites\/default\/files\/Sidros.jpg\">https:\/\/asturies.com\/sites\/default\/files\/Sidros.jpg<\/a><a href=\"https:\/\/asturies.com\/sites\/default\/files\/Sidros.jpg\"><img loading=\"lazy\" decoding=\"async\" class=\"alignnone\" src=\"https:\/\/asturies.com\/sites\/default\/files\/Sidros.jpg\" alt=\"\" width=\"2048\" height=\"1536\" \/><\/a><\/p>\n<p><a href=\"https:\/\/www.sidrosycomedies.es\/wp-content\/uploads\/2020\/09\/IMG_5787-nueva-1024x682.jpg\"><img loading=\"lazy\" decoding=\"async\" class=\"alignnone\" src=\"https:\/\/www.sidrosycomedies.es\/wp-content\/uploads\/2020\/09\/IMG_5787-nueva-1024x682.jpg\" alt=\"\" width=\"1024\" height=\"682\" \/><\/a><\/p>\n<p>&nbsp;<\/p>\n<hr \/>\n<p><img loading=\"lazy\" decoding=\"async\" class=\"alignnone \" src=\"https:\/\/image.isu.pub\/180328224759-e98d163623b47960d46b5ca90d4a5d91\/jpg\/page_1.jpg\" width=\"436\" height=\"618\" \/><\/p>\n<p><strong><a href=\"https:\/\/issuu.com\/conocerasturias\"><em>Revista Conocer Asturies-Viaxast. <\/em><\/a><\/strong><em>N\u00ba2 (<\/em><em>payares 2019)<\/em><\/p>\n<ul>\n<li><a href=\"https:\/\/issuu.com\/conocerasturias\/docs\/viaxast_issuu\"><strong>Revista n\u00ba 2 (marzu 2018)<\/strong><\/a><\/li>\n<li><a href=\"https:\/\/issuu.com\/conocerasturias\/docs\/viaxast_issuu\/22\"><strong>P\u00e1xina 22-23 Los sidros<\/strong><\/a><\/li>\n<\/ul>\n<p><strong><em>N\u00ba 2\u00a0\u00a0\u00a0 Marzu &#8211; xunu 2018<\/em><br \/>\n<\/strong><\/p>\n\n<!-- iframe plugin v.6.0 wordpress.org\/plugins\/iframe\/ -->\n<iframe loading=\"lazy\" src=\"https:\/\/drive.google.com\/file\/d\/1Z4ON6ckbt0sm17ejeWnUDCaZFaJesVjp\/preview\" width=\"704\" height=\"900\" scrolling=\"yes\" class=\"iframe-class\" frameborder=\"0\"><\/iframe>\n\n<p><img loading=\"lazy\" decoding=\"async\" class=\"alignnone size-full\" src=\"http:\/\/sidroscomedies.es\/wp-content\/uploads\/2017\/12\/cuno.png\" width=\"160\" height=\"158\" \/><a href=\"http:\/\/sidroscomedies.es\/\"><strong><em>Web: LOS SIDROS<\/em><\/strong><\/a><\/p>\n<p><em>El nombre de \u201cguirrio\u201d es m\u00e1s gen\u00e9rico, pero en Siero y Bimenes se nos conoce por \u201csidros\u201d. Seg\u00fan Constantino Cabal, la palabra \u201cguirrio\u201d procede del lat\u00edn guerrire (saltar de gozo, retozar), en clara referencia a una de sus funciones. Para Fausto Vigil, procede del euskera oguerria, que significa Navidad. Para la palabra \u201csidro\u201d se busca una salida f\u00e1cil, y lo llama as\u00ed por su relaci\u00f3n con la sidra. Nada m\u00e1s lejos de la realidad. Hay a\u00fan otra opini\u00f3n que indica que \u201cguirrio\u201d procede de \u00abguirriar\u00bb (re\u00edr). Sobre su origen, Fausto Vigil considera que los \u201csidros\u201d (entendiendo por tal el conjunto formado por los \u201csidros y la comedia\u201d) son el \u00faltimo eslab\u00f3n de Los autos sacramentales que se representaban en las iglesias, y despu\u00e9s fuera de ellas. Para Juan Ur\u00eda, considera que su origen est\u00e1 en las celebraciones de los pueblos primitivos. Seg\u00fan otra opini\u00f3n, y mitol\u00f3gicamente hablando, el \u201cguirrio\u201d ser\u00eda la reencarnaci\u00f3n de los viejos mitos griegos y romanos del \u201cSilvano\u201d, del \u201cfauno\u201d y del \u201cbusgosu\u201d, persiguiendo a las mujeres para volverlas fecundas.<\/em><\/p>\n<ul>\n<li><a href=\"https:\/\/www.rtve.es\/alacarta\/videos\/aqui-la-tierra\/aqui-tierra-sidros-guirrios\/4485778\/\">V\u00eddeu TVE<\/a><\/li>\n<\/ul>\n\n<!-- iframe plugin v.6.0 wordpress.org\/plugins\/iframe\/ -->\n<iframe loading=\"lazy\" width=\"647\" height=\"364\" src=\"https:\/\/www.youtube.com\/embed\/4t4TSndwIYg\" scrolling=\"yes\" class=\"iframe-class\" frameborder=\"0\"><\/iframe>\n\n\n<!-- iframe plugin v.6.0 wordpress.org\/plugins\/iframe\/ -->\n<iframe loading=\"lazy\" width=\"647\" height=\"364\" src=\"https:\/\/www.youtube.com\/embed\/Jnzn9AH3HGk\" scrolling=\"yes\" class=\"iframe-class\" frameborder=\"0\"><\/iframe>\n\n\n<!-- iframe plugin v.6.0 wordpress.org\/plugins\/iframe\/ -->\n<iframe loading=\"lazy\" width=\"647\" height=\"364\" src=\"https:\/\/www.youtube.com\/embed\/8dCGA3SjWeo\" scrolling=\"yes\" class=\"iframe-class\" frameborder=\"0\"><\/iframe>\n\n<p>&nbsp;<\/p>\n<hr \/>\n\n<!-- iframe plugin v.6.0 wordpress.org\/plugins\/iframe\/ -->\n<iframe loading=\"lazy\" src=\"https:\/\/drive.google.com\/file\/d\/1HtgggZHNW8BDw0yNG9YkQMplg1NyS7nQ\/preview\" width=\"640\" 0=\"height=&quot;900&quot;\/iframe\" height=\"500\" scrolling=\"yes\" class=\"iframe-class\" frameborder=\"0\"><\/iframe>\n\n<p>&nbsp;<\/p>\n\n<!-- iframe plugin v.6.0 wordpress.org\/plugins\/iframe\/ -->\n<iframe loading=\"lazy\" src=\"https:\/\/drive.google.com\/file\/d\/1KP5aEqHN_yA0U8-QQH3-UTIsIFyKzTZm\/preview\" width=\"640\" 0=\"height=&quot;900&quot;\/iframe\" height=\"500\" scrolling=\"yes\" class=\"iframe-class\" frameborder=\"0\"><\/iframe>\n\n<p><a href=\"https:\/\/es.scribd.com\/document\/458446532\/Comedies-de-Sidros-1876-1932-Vicente-R-Hevia-pdf\"><img loading=\"lazy\" decoding=\"async\" class=\"alignnone \" src=\"https:\/\/imgv2-2-f.scribdassets.com\/img\/document\/458446532\/original\/41b3e31394\/1606771917?v=1\" width=\"331\" height=\"441\" \/><\/a><\/p>\n\n<!-- iframe plugin v.6.0 wordpress.org\/plugins\/iframe\/ -->\n<iframe loading=\"lazy\" src=\"https:\/\/drive.google.com\/file\/d\/1aR3CQRkKY2JINnO6VDLXCDDlpZjOy5e7\/preview\" width=\"640\" 0=\"height=&quot;900&quot;\/iframe\" height=\"500\" scrolling=\"yes\" class=\"iframe-class\" frameborder=\"0\"><\/iframe>\n\n<p>&nbsp;<\/p>\n<p>&nbsp;<\/p>\n","protected":false},"excerpt":{"rendered":"<p>\u00a0 Lectura n\u00b4asturianu Lectura en castell\u00e1n Los sidros y comedies son una amuesa del llargu ciclu del antroxu, una mazcarada d&#8217;iviernu que consiste na marcha de los sidros poles cais de la parroquia, vist\u00edos con pantalones y camisa blancos, con una faxa colorada de la que cuelguen cuatro llueques\/cencerros y con melenes na cabeza \u2013un [&hellip;]<\/p>\n","protected":false},"author":117,"featured_media":0,"parent":231,"menu_order":0,"comment_status":"closed","ping_status":"closed","template":"","meta":{"footnotes":""},"class_list":["post-1592","page","type-page","status-publish","hentry","post-preview"],"_links":{"self":[{"href":"https:\/\/edublog.educastur.es\/ixuxullingua\/wp-json\/wp\/v2\/pages\/1592","targetHints":{"allow":["GET"]}}],"collection":[{"href":"https:\/\/edublog.educastur.es\/ixuxullingua\/wp-json\/wp\/v2\/pages"}],"about":[{"href":"https:\/\/edublog.educastur.es\/ixuxullingua\/wp-json\/wp\/v2\/types\/page"}],"author":[{"embeddable":true,"href":"https:\/\/edublog.educastur.es\/ixuxullingua\/wp-json\/wp\/v2\/users\/117"}],"replies":[{"embeddable":true,"href":"https:\/\/edublog.educastur.es\/ixuxullingua\/wp-json\/wp\/v2\/comments?post=1592"}],"version-history":[{"count":14,"href":"https:\/\/edublog.educastur.es\/ixuxullingua\/wp-json\/wp\/v2\/pages\/1592\/revisions"}],"predecessor-version":[{"id":2058,"href":"https:\/\/edublog.educastur.es\/ixuxullingua\/wp-json\/wp\/v2\/pages\/1592\/revisions\/2058"}],"up":[{"embeddable":true,"href":"https:\/\/edublog.educastur.es\/ixuxullingua\/wp-json\/wp\/v2\/pages\/231"}],"wp:attachment":[{"href":"https:\/\/edublog.educastur.es\/ixuxullingua\/wp-json\/wp\/v2\/media?parent=1592"}],"curies":[{"name":"wp","href":"https:\/\/api.w.org\/{rel}","templated":true}]}}