{"id":16,"date":"2020-07-16T10:07:55","date_gmt":"2020-07-16T10:07:55","guid":{"rendered":"https:\/\/edublog.educastur.es\/ixuxullingua\/?page_id=16"},"modified":"2020-09-08T12:34:41","modified_gmt":"2020-09-08T10:34:41","slug":"infantil","status":"publish","type":"page","link":"https:\/\/edublog.educastur.es\/ixuxullingua\/infantil\/","title":{"rendered":"0. INFANTIL"},"content":{"rendered":"<div class=\"entry\">\n<p>Llibru:<a href=\"https:\/\/drive.google.com\/file\/d\/11axGMfHfxSFjL9bbl9KfIDQS1SLLalCW\" target=\"_blank\" rel=\"noopener noreferrer\"><strong><em><span style=\"font-size: 14pt\">\u201cTratamiento de la lengua y Cultura Asturiana en E. Infantil\u201d<\/span><\/em><\/strong><\/a><\/p>\n<ul>\n<li><a href=\"https:\/\/es.calameo.com\/read\/006249355b3d57d359b9a\" target=\"_blank\" rel=\"noopener noreferrer\"><span style=\"color: #800000\"><strong><em>Ver\/leer en pantalla grande <\/em><\/strong><\/span><\/a><\/li>\n<\/ul>\n<p><a href=\"https:\/\/es.calameo.com\/read\/006249355b3d57d359b9a\" target=\"_blank\" rel=\"noopener noreferrer\"><img loading=\"lazy\" decoding=\"async\" class=\"\" src=\"https:\/\/ci5.googleusercontent.com\/proxy\/0WShchDjJFtT8yBqfeouPB6Xewwpd8t4dEzUH79AAdVxbn8QEmQpzVUim4ttTVjr3nCYDGQ54uiuTG60SwWyxvZ7zgAPzgPEjOpXnGanNyZC4ovbJKOPTc1o1rI8Cl658gDNNbea=s0-d-e1-ft#https:\/\/i.calameoassets.com\/200430113732-8a38e63e2cd10cc9ecd6daa902a89746\/large.jpg\" width=\"367\" height=\"522\" border=\"1\" \/><\/a><\/p>\n<\/div>\n<p>&nbsp;<\/p>\n<ul>\n<li><a href=\"https:\/\/www.youtube.com\/watch?v=xyW-xu3H_TQ\">Los meses del a\u00f1u<\/a><\/li>\n<\/ul>\n<p>&nbsp;<\/p>\n\n<!-- iframe plugin v.6.0 wordpress.org\/plugins\/iframe\/ -->\n<iframe loading=\"lazy\" width=\"560\" height=\"315\" src=\"https:\/\/www.youtube.com\/embed\/xyW-xu3H_TQ\" scrolling=\"yes\" class=\"iframe-class\" frameborder=\"0\"><\/iframe>\n\n<p>&nbsp;<\/p>\n<div class=\"entry\">\n<p><span style=\"font-size: 14pt\"><em>El presente manual est\u00e1 compuesto por 15 unidades<\/em><em> did\u00e1cticas con sus actividades correspondientes en la l\u00ednea de trabajo habitual del aula de Infantil. <\/em><span style=\"color: #333399\"><em>Se plantea una tem\u00e1tica que permita trabajar de modo interdisciplinar utilizando como lenguas vehiculares el asturiano y el castellano. <\/em><\/span><em>Esta publicaci\u00f3n pretende dar a los docentes una amplia gama de materiales que les permita\u00a0 compaginar su propuesta metodol\u00f3gica con el presente manual, partiendo de la lengua materna del alumnado. Desde este punto, se debe puntualizar que todo vocabulario a trabajar responde a la norma est\u00e1ndar.<\/em><\/span><\/p>\n<p><strong>Ficha de la publicaci\u00f3n<\/strong><\/p>\n<ul>\n<li><strong>AUTOR\u00cdA<\/strong>: Varias<\/li>\n<li><strong>\u00c1REA<\/strong>: Todas<\/li>\n<li><strong>NIVEL EDUCATIVO<\/strong>: Educaci\u00f3n Infantil<\/li>\n<li><strong>TIPO DE MATERIAL<\/strong>: Libro + CD-Rom<\/li>\n<li><strong>EDITOR:<\/strong> Consejer\u00eda de Educaci\u00f3n y Ciencia<\/li>\n<li><strong>FECHA DE EDICI\u00d3N<\/strong>: Octubre 2009<\/li>\n<li><strong>LOCALIZACI\u00d3N: <\/strong>Consejer\u00eda de Educaci\u00f3n y Ciencia.<\/li>\n<\/ul>\n<p><em><span style=\"font-size: 14pt\"><a href=\"https:\/\/www.educastur.es\/documents\/10531\/40644\/Tratamiento+de+la+Lengua+y+Cultura+Asturiana+en+la+Educaci%C3%B3n+Infantil+%28pdf%29\/907a3398-bd8b-42e6-941d-217e165c91be\">Descargar publicaci\u00f3n<\/a>\u00a0(pdf)<\/span><\/em><\/p>\n<p>Animaros a puntaros a Llingua Asturiana. Presta muncho&#8230;<\/p>\n\n<!-- iframe plugin v.6.0 wordpress.org\/plugins\/iframe\/ -->\n<iframe loading=\"lazy\" width=\"644\" height=\"362\" src=\"https:\/\/www.youtube.com\/embed\/_q6_NtRyZ58\" scrolling=\"yes\" class=\"iframe-class\" frameborder=\"0\"><\/iframe>\n\n<\/div>\n","protected":false},"excerpt":{"rendered":"<p>Llibru:\u201cTratamiento de la lengua y Cultura Asturiana en E. Infantil\u201d Ver\/leer en pantalla grande &nbsp; Los meses del a\u00f1u &nbsp; &nbsp; El presente manual est\u00e1 compuesto por 15 unidades did\u00e1cticas con sus actividades correspondientes en la l\u00ednea de trabajo habitual del aula de Infantil. Se plantea una tem\u00e1tica que permita trabajar de modo interdisciplinar utilizando [&hellip;]<\/p>\n","protected":false},"author":117,"featured_media":0,"parent":0,"menu_order":0,"comment_status":"closed","ping_status":"closed","template":"","meta":{"footnotes":""},"class_list":["post-16","page","type-page","status-publish","hentry","post-preview"],"_links":{"self":[{"href":"https:\/\/edublog.educastur.es\/ixuxullingua\/wp-json\/wp\/v2\/pages\/16","targetHints":{"allow":["GET"]}}],"collection":[{"href":"https:\/\/edublog.educastur.es\/ixuxullingua\/wp-json\/wp\/v2\/pages"}],"about":[{"href":"https:\/\/edublog.educastur.es\/ixuxullingua\/wp-json\/wp\/v2\/types\/page"}],"author":[{"embeddable":true,"href":"https:\/\/edublog.educastur.es\/ixuxullingua\/wp-json\/wp\/v2\/users\/117"}],"replies":[{"embeddable":true,"href":"https:\/\/edublog.educastur.es\/ixuxullingua\/wp-json\/wp\/v2\/comments?post=16"}],"version-history":[{"count":8,"href":"https:\/\/edublog.educastur.es\/ixuxullingua\/wp-json\/wp\/v2\/pages\/16\/revisions"}],"predecessor-version":[{"id":980,"href":"https:\/\/edublog.educastur.es\/ixuxullingua\/wp-json\/wp\/v2\/pages\/16\/revisions\/980"}],"wp:attachment":[{"href":"https:\/\/edublog.educastur.es\/ixuxullingua\/wp-json\/wp\/v2\/media?parent=16"}],"curies":[{"name":"wp","href":"https:\/\/api.w.org\/{rel}","templated":true}]}}