{"id":1640,"date":"2020-12-28T13:11:15","date_gmt":"2020-12-28T11:11:15","guid":{"rendered":"https:\/\/edublog.educastur.es\/ixuxullingua\/?page_id=1640"},"modified":"2021-02-25T21:55:37","modified_gmt":"2021-02-25T19:55:37","slug":"sesion-06","status":"publish","type":"page","link":"https:\/\/edublog.educastur.es\/ixuxullingua\/6-sestu\/sestu-20-21\/03-segundu-trimestre\/sesion-06\/","title":{"rendered":"Sesi\u00f3n 06"},"content":{"rendered":"<p><a href=\"https:\/\/scontent.fmad7-1.fna.fbcdn.net\/v\/t1.0-9\/41488599_1204872009653034_3985007683865411584_o.jpg?_nc_cat=111&amp;ccb=3&amp;_nc_sid=730e14&amp;_nc_ohc=0KleexwgnBYAX9Qm4SV&amp;_nc_ht=scontent.fmad7-1.fna&amp;oh=36b3a3d072cb7d1f01cedd27216ff140&amp;oe=60507F87\"><img loading=\"lazy\" decoding=\"async\" class=\"aligncenter\" src=\"https:\/\/scontent.fmad7-1.fna.fbcdn.net\/v\/t1.0-9\/41488599_1204872009653034_3985007683865411584_o.jpg?_nc_cat=111&amp;ccb=3&amp;_nc_sid=730e14&amp;_nc_ohc=0KleexwgnBYAX9Qm4SV&amp;_nc_ht=scontent.fmad7-1.fna&amp;oh=36b3a3d072cb7d1f01cedd27216ff140&amp;oe=60507F87\" alt=\"\" width=\"448\" height=\"270\" \/><\/a><\/p>\n<p style=\"text-align: center\"><span style=\"font-size: 18pt;color: #008080\"><strong><em>Naturaleza\u00a0 de Asturias: Monta\u00f1as y Valles<\/em><\/strong><\/span><\/p>\n<ul>\n<li><span style=\"font-size: 14pt\"><a href=\"https:\/\/educastur-my.sharepoint.com\/:b:\/g\/personal\/isabellh_educastur_org\/EZacNqd-GHxFthMU1GELXuwBPBjiETepPfZFwdtsYKh-xA?e=nqEFIb\"><strong><em>Sesi\u00f3n 06: Naturaleza de Asturias: <span style=\"font-size: 18pt\">Espacios protegidos<\/span><\/em><\/strong><\/a><\/span><\/li>\n<li><span style=\"color: #800080\"><a style=\"color: #800080\" href=\"https:\/\/educastur-my.sharepoint.com\/:b:\/g\/personal\/isabellh_educastur_org\/Eal9jdTJWYlCuT_v9IJ43m4B9wTAYZIY25w6wZnXSU4PgA?e=ny7zQx\"><em><strong>MAPA\u00a0 RESERVAS\u00a0 NATURALES<\/strong><\/em> (buena resoluci\u00f3n)<\/a><\/span><\/li>\n<li><span style=\"color: #800080\"><strong><em><a style=\"color: #800080\" href=\"https:\/\/educastur-my.sharepoint.com\/:b:\/g\/personal\/isabellh_educastur_org\/EXR4Iy1mHFdMpls2tGpu4dMBETmVUh91EgwmBlaqUrt5Cw?e=0r8ErH\">PLANO PARQUES NATURALES <\/a><\/em><\/strong><em><a style=\"color: #800080\" href=\"https:\/\/educastur-my.sharepoint.com\/:b:\/g\/personal\/isabellh_educastur_org\/EXR4Iy1mHFdMpls2tGpu4dMBETmVUh91EgwmBlaqUrt5Cw?e=0r8ErH\">(buena resoluci\u00f3n)<\/a><\/em><\/span><\/li>\n<\/ul>\n<p><a href=\"https:\/\/upload.wikimedia.org\/wikipedia\/commons\/9\/9f\/Satellite_image_of_Asturies_in_January_2003.jpg\"><img loading=\"lazy\" decoding=\"async\" class=\"aligncenter\" src=\"https:\/\/upload.wikimedia.org\/wikipedia\/commons\/9\/9f\/Satellite_image_of_Asturies_in_January_2003.jpg\" alt=\"\" width=\"559\" height=\"300\" \/><\/a><\/p>\n<p style=\"text-align: center\"><em>Esta imagen ya nos muestra c\u00f3mo es Asturias: monta\u00f1osa en la parte sur, la Cordillera Cant\u00e1brica<\/em><\/p>\n<p><a href=\"https:\/\/www.mapade.org\/wp-content\/uploads\/mapa-geografico-de-asturias.jpg\"><img loading=\"lazy\" decoding=\"async\" class=\"alignnone\" src=\"https:\/\/www.mapade.org\/wp-content\/uploads\/mapa-geografico-de-asturias.jpg\" alt=\"\" width=\"1555\" height=\"735\" \/><\/a><\/p>\n<hr \/>\n<p><a href=\"https:\/\/i.pinimg.com\/originals\/38\/76\/bc\/3876bc6745bbbb2e14198253b14fda88.png\"><img loading=\"lazy\" decoding=\"async\" class=\"aligncenter\" src=\"https:\/\/i.pinimg.com\/originals\/38\/76\/bc\/3876bc6745bbbb2e14198253b14fda88.png\" alt=\"\" width=\"566\" height=\"566\" \/><\/a><\/p>\n<hr \/>\n<p style=\"text-align: left\"><a href=\"https:\/\/deporteasturiano.org\/wp-content\/uploads\/2015\/Logos\/logo4.jpg\"><img loading=\"lazy\" decoding=\"async\" class=\"aligncenter\" src=\"https:\/\/deporteasturiano.org\/wp-content\/uploads\/2015\/Logos\/logo4.jpg\" alt=\"\" width=\"534\" height=\"165\" \/><\/a><\/p>\n<p style=\"text-align: center\">\n<!-- iframe plugin v.6.0 wordpress.org\/plugins\/iframe\/ -->\n<iframe loading=\"lazy\" width=\"100%\" height=\"315\" src=\"https:\/\/www.youtube.com\/embed\/Hf6KrQUGyTo\" 0=\"\/iframe\" scrolling=\"yes\" class=\"iframe-class\" frameborder=\"0\"><\/iframe>\n<\/p>\n<hr \/>\n<p><span style=\"font-size: 14pt\"><em>Asturias, entre Paisajes Protegidos, Reservas Naturales Parciales y Monumentos Naturales, <strong><span style=\"color: #800080\">suma casi setenta lugares repartidos por toda su geograf\u00eda.<\/span> Esto significa que su naturaleza est\u00e1 preservada y en estado puro, y que un tercio de su superficie est\u00e1 medioambientalmente protegido.<\/strong><\/em><\/span><\/p>\n<p style=\"text-align: center\"><strong><span style=\"color: #008080;font-size: 18pt\"><em>ESPACIOS\u00a0 PROTEGIDOS\u00a0 DE\u00a0 ASTURIAS<\/em><\/span> <a href=\"https:\/\/www.turismoasturias.es\/descubre\/naturaleza\/espacios-protegidos\"><em>Ver<\/em><\/a><br \/>\n<\/strong><\/p>\n<p><a href=\"http:\/\/naturalezadeasturias.es\/img\/accede\/rrenp.png\"><img loading=\"lazy\" decoding=\"async\" class=\"alignnone\" src=\"http:\/\/naturalezadeasturias.es\/img\/accede\/rrenp.png\" alt=\"\" width=\"152\" height=\"152\" \/><\/a><\/p>\n<ul>\n<li><span style=\"font-size: 14pt\"><a href=\"http:\/\/naturalezadeasturias.es\/espacios\/accede\/protegidos\/\"><em>http:\/\/naturalezadeasturias.es\/espacios\/accede\/protegidos\/<\/em><\/a><\/span><\/li>\n<li><span style=\"font-size: 14pt\"><a href=\"http:\/\/naturalezadeasturias.es\/\"><em>http:\/\/naturalezadeasturias.es\/<\/em><\/a><\/span><\/li>\n<li><span style=\"font-size: 14pt\"><em><a href=\"http:\/\/naturalezadeasturias.es\/espacios\/accede\/\">MAPA de Asturias con todos estos espacios&#8230;<\/a><\/em><\/span><\/li>\n<li>\n<div id=\"list-accede\" class=\"inner clearfix\">\n<h2><span style=\"color: #008080;font-size: 14pt\"><em>Espacios Naturales (54)<\/em><\/span><\/h2>\n<ul>\n<li><span style=\"font-size: 14pt\"><em><a href=\"http:\/\/naturalezadeasturias.es\/espacios\/accede\/protegidos\/parques-nacionales\/\">Parques Nacionales (1)<\/a><\/em><\/span><\/li>\n<li><span style=\"font-size: 14pt\"><em><a href=\"http:\/\/naturalezadeasturias.es\/espacios\/accede\/protegidos\/parques-naturales\/\">Parques Naturales (5)<\/a><\/em><\/span><\/li>\n<li><span style=\"font-size: 14pt\"><em><a href=\"http:\/\/naturalezadeasturias.es\/espacios\/accede\/protegidos\/reservas-naturales\/\">Reservas Naturales (7)<\/a><\/em><\/span><\/li>\n<li><span style=\"font-size: 14pt\"><em><a href=\"http:\/\/naturalezadeasturias.es\/espacios\/accede\/protegidos\/monumentos-naturales\/\">Monumentos Naturales (39)<\/a><\/em><\/span><\/li>\n<li><a href=\"http:\/\/naturalezadeasturias.es\/espacios\/accede\/protegidos\/paisajes-protegidos\/\"><em><span style=\"font-size: 14pt\">Paisajes Protegidos (2)<\/span><\/em><\/a><\/li>\n<\/ul>\n<\/div>\n<\/li>\n<\/ul>\n<p><a href=\"https:\/\/www.researchgate.net\/profile\/Tomas_Diaz2\/publication\/46132696\/figure\/fig1\/AS:669391310036996@1536606733080\/Unidades-biogeograficas-de-Asturias-y-localizacion-de-los-espacios-naturales-protegidos.png\"><img loading=\"lazy\" decoding=\"async\" class=\"alignnone\" src=\"https:\/\/www.researchgate.net\/profile\/Tomas_Diaz2\/publication\/46132696\/figure\/fig1\/AS:669391310036996@1536606733080\/Unidades-biogeograficas-de-Asturias-y-localizacion-de-los-espacios-naturales-protegidos.png\" alt=\"\" width=\"850\" height=\"658\" \/><\/a><\/p>\n<ul>\n<li><a href=\"https:\/\/www.turismoasturias.es\/descubre\/naturaleza\/espacios-protegidos\"><strong><em>Espacios protegidos de Asturias<\/em><\/strong><\/a><\/li>\n<\/ul>\n<p><a href=\"https:\/\/i.pinimg.com\/originals\/c0\/b4\/f1\/c0b4f150cafe9359f8ca6c7181f80c79.jpg\"><img loading=\"lazy\" decoding=\"async\" class=\"alignnone\" src=\"https:\/\/i.pinimg.com\/originals\/c0\/b4\/f1\/c0b4f150cafe9359f8ca6c7181f80c79.jpg\" alt=\"\" width=\"800\" height=\"578\" \/><\/a><\/p>\n<p>La sociedad asturiana ha sido desde siempre sensible a la conservaci\u00f3n y al cuidado del medio natural. Prueba de ello es que Asturias tiene el <a href=\"https:\/\/es.wikipedia.org\/wiki\/Parque_nacional_de_Picos_de_Europa\">primer Parque nacional declarado en Espa\u00f1a<\/a><strong>, <a href=\"https:\/\/es.wikipedia.org\/wiki\/Parque_nacional_de_Picos_de_Europa\">el <em>Parque Nacional de la Monta\u00f1a de Covadonga<\/em><\/a>,<\/strong> y gran cantidad de espacios naturales protegidos.<\/p>\n<p><span style=\"text-decoration: underline\"><span style=\"color: #800080\"><strong>A nivel estatal y auton\u00f3mico, los espacios naturales protegidos se clasifican en cinco categor\u00edas b\u00e1sicas:<\/strong><\/span><\/span><\/p>\n<ol>\n<li><span style=\"color: #800080;font-size: 14pt\"><strong><em>Parques<\/em><\/strong><\/span><\/li>\n<li><span style=\"color: #800080;font-size: 14pt\"><strong><em>Monumentos naturales<\/em><\/strong><\/span><\/li>\n<li><span style=\"color: #800080;font-size: 14pt\"><strong><em>Reservas Naturales<\/em><\/strong><\/span><\/li>\n<li><span style=\"color: #800080;font-size: 14pt\"><strong><em>Paisajes protegidos<\/em><\/strong><\/span><\/li>\n<li><span style=\"color: #800080;font-size: 14pt\"><strong><em>Espacios marinos protegidos<\/em><\/strong><\/span><\/li>\n<\/ol>\n<hr \/>\n<p style=\"text-align: center\"><span style=\"color: #008080;font-size: 18pt\"><em><strong>ASTURIAS: Espacios naturales protegidos<\/strong><\/em><\/span><\/p>\n<p><a href=\"http:\/\/photos1.blogger.com\/blogger\/4097\/2149\/1600\/parques[1].0.gif\"><img loading=\"lazy\" decoding=\"async\" class=\"aligncenter\" src=\"http:\/\/photos1.blogger.com\/blogger\/4097\/2149\/1600\/parques[1].0.gif\" alt=\"\" width=\"455\" height=\"311\" \/><\/a><\/p>\n<p>La sociedad asturiana ha sido desde siempre sensible a la conservaci\u00f3n y al cuidado del medio natural. Prueba de ello es que Asturias tiene el primer Parque nacional declarado en Espa\u00f1a y gran cantidad de espacios naturales protegidos.<\/p>\n<p><span style=\"font-size: 14pt;color: #008080\">A nivel estatal y auton\u00f3mico, <strong>los espacios naturales protegidos se clasifican<\/strong> en cinco categor\u00edas b\u00e1sicas: <em><strong>(1) Parques, (2) Monumentos Naturales, (3) Reservas Naturales, (4) Paisajes Protegidos y (5) Espacios Marinos Protegidos.<\/strong><\/em><\/span><\/p>\n<p><u>Estas figuras de protecci\u00f3n ambiental se diferencian seg\u00fan: <\/u>\u009e \u00a0el valor de los bienes naturales,\u009e\u00a0 la presencia de actividades humanas y \u009e \u00a0el peligro de extinci\u00f3n.<\/p>\n<p>A <u>nivel Europeo<\/u> existe <strong>RED NATURA 2000<\/strong>, que tiene como objetivo salvaguardar la biodiversidad de Europa: h\u00e1bitats, ecosistemas y espacios naturales. <a href=\"https:\/\/www.diariodeleon.es\/media\/diariodeleon\/images\/2019\/09\/17\/\/20190917113707936.jpg\"><em>Ver RED NATURA en el Cant\u00e1brico<\/em><\/a><\/p>\n<p><a href=\"https:\/\/www.diariodeleon.es\/media\/diariodeleon\/images\/2019\/09\/17\/\/20190917113707936.jpg\"><img loading=\"lazy\" decoding=\"async\" class=\"aligncenter\" src=\"https:\/\/www.diariodeleon.es\/media\/diariodeleon\/images\/2019\/09\/17\/\/20190917113707936.jpg\" alt=\"\" width=\"334\" height=\"201\" \/><\/a><\/p>\n<p style=\"text-align: center\"><em>La <strong>Red Natura 2000 se cre\u00f3 en 1992.<\/strong><br \/>\n<\/em><\/p>\n<p><a href=\"https:\/\/seo.org\/wp-content\/uploads\/2014\/05\/RN2000Asturias_web.jpg\"><img loading=\"lazy\" decoding=\"async\" class=\"aligncenter\" src=\"https:\/\/seo.org\/wp-content\/uploads\/2014\/05\/RN2000Asturias_web.jpg\" alt=\"\" width=\"842\" height=\"596\" \/><\/a><\/p>\n<p>A <u>nivel mundial<\/u>, la UNESCO ha creado las <span style=\"color: #008080\"><strong>RESERVAS DE LA BIOSFERA<\/strong><\/span> en todo el mundo para conciliar la protecci\u00f3n de ecosistemas terrestres y marinos, y la conservaci\u00f3n de la biodiversidad con el desarrollo econ\u00f3mico y social. Hay 631 reservas en 119 pa\u00edses.<\/p>\n<p><a href=\"https:\/\/www.google.com\/url?sa=i&amp;url=http%3A%2F%2Fwww.mcasturias.org%2Fdocuments%2Fdownload%2F310&amp;psig=AOvVaw2E4fo1tVYdy6tqaFwfcX-5&amp;ust=1613511096434000&amp;source=images&amp;cd=vfe&amp;ved=0CAkQjhxqFwoTCNjc8a_r7O4CFQAAAAAdAAAAABAd\"><img loading=\"lazy\" decoding=\"async\" class=\"alignnone size-full\" src=\"https:\/\/encrypted-tbn0.gstatic.com\/images?q=tbn:ANd9GcT6HXZ1LxUvTHyuloklNQmxQLhfSDgS23AxDw&amp;usqp=CAU\" width=\"364\" height=\"139\" \/><em>Descarga\u00a0 pdf<\/em><\/a><\/p>\n<p style=\"text-align: center\">\n<!-- iframe plugin v.6.0 wordpress.org\/plugins\/iframe\/ -->\n<iframe loading=\"lazy\" width=\"100%\" height=\"364\" src=\"https:\/\/www.youtube.com\/embed\/_voNtFitF7M\" scrolling=\"yes\" class=\"iframe-class\" frameborder=\"0\"><\/iframe>\n<\/p>\n<p><a href=\"https:\/\/3.bp.blogspot.com\/-d5ijVVPY26E\/XrVXty5lxCI\/AAAAAAAAL3c\/YD4Q9fMKfbMvlrrAqTrfEw5cLNKK-m75ACLcBGAsYHQ\/s1600\/titulo%2Bpost.jpg\"><img loading=\"lazy\" decoding=\"async\" class=\"alignnone\" src=\"https:\/\/3.bp.blogspot.com\/-d5ijVVPY26E\/XrVXty5lxCI\/AAAAAAAAL3c\/YD4Q9fMKfbMvlrrAqTrfEw5cLNKK-m75ACLcBGAsYHQ\/s1600\/titulo%2Bpost.jpg\" alt=\"\" width=\"1450\" height=\"927\" \/><\/a><\/p>\n<ul>\n<li><a href=\"https:\/\/www.facebook.com\/asturiasbiosfera\">Asturias Biosfera Facebook<\/a><\/li>\n<li><a href=\"http:\/\/naturalezadeasturias.es\/espacios\/visita\/reservas-biosfera\/\">VIDEOS de las Reservas de la Biosfera.\u00a0<\/a><\/li>\n<li><a href=\"https:\/\/youtu.be\/_voNtFitF7M\">Video resumen de las seis reservas!!<\/a><\/li>\n<li>Muniellos:<a href=\"https:\/\/verne.elpais.com\/verne\/2018\/09\/13\/articulo\/1536844947_401655.html?fbclid=IwAR2g2ID4HIlNgs97uhK8z8XhSqeMSb8Qc90hRjKLcZA0gDQsSZlTtHVHisY\"> fotos<\/a>,<\/li>\n<\/ul>\n<p><em><strong><u>En Asturias tenemos siete Reservas de la Biosfera:<\/u><\/strong><\/em><\/p>\n<ul>\n<li><strong><em>\u009eLa Comarca Ozcos-Eo: <a href=\"https:\/\/1.bp.blogspot.com\/-E4nPWCv3m9M\/XoMIvYz_fwI\/AAAAAAAALmk\/RZbiljXSGGAP7jcscNKkx_yLOVgBMDffgCLcBGAsYHQ\/s1600\/oscos%2Bhistoria.jpg\">Gr\u00e1fico<\/a>. <a href=\"https:\/\/sites.google.com\/site\/happyandfundiy\/folletos\/folleto%20eo%20y%20oscos.pdf\">Folleto<\/a>. \u00a0<a href=\"https:\/\/youtu.be\/eNPMNwEwXK4\">VIDEO<\/a><br \/>\n<\/em><\/strong><\/li>\n<li><strong><em>El Parque N. de los Picos de Europa: <a href=\"https:\/\/1.bp.blogspot.com\/-1RQ2G7qBFhw\/XpSAuXA2OfI\/AAAAAAAALr0\/zB0VZQHUeHI9-XfiHug74VRA2y6Zvx9VACLcBGAsYHQ\/s1600\/picos%2Bde%2Beuropa%2Bhistoria.jpg\">Gr\u00e1fico<\/a>. <a href=\"https:\/\/sites.google.com\/site\/happyandfundiy\/folletos\/picos_de_europa.pdf.pdf\">Folleto<\/a>. <a href=\"https:\/\/youtu.be\/VzPno1b0b9U\">VIDEO<\/a><br \/>\n<\/em><\/strong><\/li>\n<li><strong><em>el parque natural de Las Ubi\u00f1as-La Mesa: <a href=\"https:\/\/1.bp.blogspot.com\/-kW1syMevzoc\/XoMIO8R9iuI\/AAAAAAAALmU\/4GXr6xfyVvkHXlAH0_X1UIaq1rzbJg2RQCLcBGAsYHQ\/s1600\/ubi%25C3%25B1as%2Bhistoria.jpg\">Gr\u00e1fico<\/a>. <a href=\"https:\/\/sites.google.com\/site\/happyandfundiy\/folletos\/folleto%20ubi%C3%B1as.pdf\">Folleto<\/a>. <a href=\"https:\/\/youtu.be\/N65z0Or5XX8\">VIDEO<\/a><br \/>\n<\/em><\/strong><\/li>\n<li><strong><em>el parque natural de Redes: <a href=\"https:\/\/1.bp.blogspot.com\/-scLIbUJppLA\/XoMH-Yyjv2I\/AAAAAAAALmM\/BLVx3Kld5v42HsCqC-Xhmd7esPatCREEwCLcBGAsYHQ\/s1600\/redes%2Bhistoria.jpg\">Gr\u00e1fico<\/a>. <a href=\"https:\/\/sites.google.com\/site\/happyandfundiy\/folletos\/folleto%20redes.pdf\">Folleto<\/a>. <a href=\"https:\/\/youtu.be\/pgkfZy46ilk\">VIDEO<\/a><br \/>\n<\/em><\/strong><\/li>\n<li><strong><em>el parque natural de Ponga: <a href=\"https:\/\/4.bp.blogspot.com\/-FJGGhPDd3rg\/XoIVSaNDuqI\/AAAAAAAALlg\/o6G4UBVbpykugAaLfNauaqg_28_jMRoFQCLcBGAsYHQ\/s1600\/ponga%2Bhistoria.jpg\">Gr\u00e1fico<\/a>. <a href=\"https:\/\/youtu.be\/6xxL80mkEFs\">VIDEO<\/a>. <a href=\"https:\/\/sites.google.com\/site\/happyandfundiy\/folletos\/Mapa_Ponga.pdf\">Folleto.\u00a0<\/a> <\/em><\/strong><\/li>\n<li><strong><em>el parque natural de Somiedu: .<a href=\"https:\/\/1.bp.blogspot.com\/-ib_XC08ueoY\/XoMIaX5m8LI\/AAAAAAAALmY\/eSzZru324Cw8M5yh8jzKmlzpmoa5YNdYgCLcBGAsYHQ\/s1600\/somiedo%2Bhistoria.jpg\">Gr\u00e1fico<\/a>. <a href=\"https:\/\/sites.google.com\/site\/happyandfundiy\/folletos\/FOLLETO%20SOMIEDO.pdf\">Folleto<\/a>. <a href=\"https:\/\/youtu.be\/eG8zYN9H3ik\">VIDEO<\/a><br \/>\n<\/em><\/strong><\/li>\n<li><strong><em>el parque natural de las Fuentes del Narcea, Dega\u00f1a e Ibias: <a href=\"https:\/\/1.bp.blogspot.com\/-2iv8g3WRMPI\/XoMIj6VOruI\/AAAAAAAALmg\/L1Ma3YfLxMwdBBck8INmePz_AZ3HbMuJACLcBGAsYHQ\/s1600\/FUENTES%2BHISTORIA.jpg\">Gr\u00e1fico<\/a>. <a href=\"https:\/\/sites.google.com\/site\/happyandfundiy\/folletos\/folleto%20fuentes%20del%20narcea.pdf\">Folleto<\/a>. <a href=\"https:\/\/youtu.be\/6qBt7n7bX5M\">VIDEO<\/a><br \/>\n<\/em><\/strong><\/li>\n<\/ul>\n<hr \/>\n<div id=\"p_p_id_56_INSTANCE_naZjjKb4GNN0_\" class=\"portlet-boundary portlet-boundary_56_ portlet-static portlet-static-end portlet-borderless portlet-journal-content \">\n<div class=\"portlet-body\">\n<div class=\"portlet-borderless-container\">\n<div class=\"portlet-body\">\n<div id=\"article_10558_11022_4142489_1.2\" class=\"journal-content-article\">\n<div id=\"page-contents\" class=\"container-fluid solid-menus\">\n<section class=\"section\">\n<div class=\"container\">\n<div class=\"row\">\n<div class=\"col-md-12 col-sm-12 hero-area-cuadro-titulos hero-area-naturaleza-reservas wow zoomIn animated\" data-wow-duration=\"2000ms\" data-wow-delay=\"0.3s\">\n<div>\n<h2 style=\"text-align: center\"><span style=\"color: #008080\"><em>Reservas de la Biosfera<\/em><\/span><\/h2>\n<\/div>\n<\/div>\n<\/div>\n<\/div>\n<\/section>\n<\/div>\n<\/div>\n<\/div>\n<\/div>\n<\/div>\n<\/div>\n<div id=\"p_p_id_webcontentportlet_WAR_webcontentsportlet_INSTANCE_GTYtOyPbt4CG_\" class=\"portlet-boundary portlet-boundary_webcontentportlet_WAR_webcontentsportlet_ portlet-static portlet-static-end portlet-borderless webcontentportlet-portlet \">\n<div class=\"portlet-body\">\n<div class=\"portlet-borderless-container\">\n<div class=\"portlet-body\">\n<div class=\" webcontentportlet-container webcontentportlet-naturaleza-enlace--wrapper\">\n<div class=\"content-template-wrapper naturaleza-enlace--wrapper\">\n<div class=\"content-template naturaleza-enlace-\">\n<div class=\"content-wrapper\">\n<div class=\"item-template item-template-first item-1 odd\">\n<div class=\"box-small-link-wrapper box-wrapper\">\n<div class=\"box-small-link box\">\n<div><a class=\"link\" href=\"https:\/\/www.turismoasturias.es\/descubre\/naturaleza\/reservas-de-la-biosfera\/parque-natural-de-las-ubinas-la-mesa2\"> <span class=\"image-wrapper crop\"> <img loading=\"lazy\" decoding=\"async\" class=\"image\" title=\"Naturaleza :: Parque Natural de Las Ubi\u00f1as - La Mesa\" src=\"https:\/\/www.turismoasturias.es\/documents\/11022\/40364\/home-ubinas.jpg\/5b070ac7-2837-4fbd-84c0-8484e2ac51ef?t=1595492534472&amp;imageThumbnail=3\" alt=\"Naturaleza :: Parque Natural de Las Ubi\u00f1as - La Mesa\" width=\"275\" height=\"107\" \/> <\/span> <span class=\"info\"> <span class=\"title\"><br \/>\n<strong>Parque Natural de Las Ubi\u00f1as &#8211; La Mesa <\/strong><\/span> <span class=\"resume\"><br \/>\nUbicado en la zona meridional de Asturias, cuenta con una incalculable riqueza natural y cultural. <\/span> <\/span> <\/a><\/div>\n<\/div>\n<\/div>\n<\/div>\n<div class=\"item-template item-2 even\">\n<div class=\"box-small-link-wrapper box-wrapper\">\n<div class=\"box-small-link box\">\n<div><a class=\"link\" href=\"https:\/\/www.turismoasturias.es\/descubre\/naturaleza\/reservas-de-la-biosfera\/parque-natural-de-ponga2\"> <span class=\"image-wrapper crop\"> <img loading=\"lazy\" decoding=\"async\" class=\"image\" title=\"Naturaleza :: Parque Natural de Ponga\" src=\"https:\/\/www.turismoasturias.es\/documents\/11022\/40563\/home-ponga.jpg\/9ef8984b-1a06-4383-8a01-45f6d530ca49?t=1595492485323&amp;imageThumbnail=3\" alt=\"Naturaleza :: Parque Natural de Ponga\" width=\"274\" height=\"107\" \/> <\/span> <span class=\"info\"> <span class=\"title\"><br \/>\n<strong>Parque Natural de Ponga<\/strong><br \/>\n<\/span> <span class=\"resume\"> Constituye un territorio de relieve complejo, con altitudes oscilantes entre los 300 y los m\u00e1s de 2.100 metros de Pe\u00f1a Ten. <\/span> <\/span> <\/a><\/div>\n<\/div>\n<\/div>\n<\/div>\n<div class=\"item-template item-3 odd\">\n<div class=\"box-small-link-wrapper box-wrapper\">\n<div class=\"box-small-link box\">\n<div><a class=\"link\" href=\"https:\/\/www.turismoasturias.es\/descubre\/naturaleza\/reservas-de-la-biosfera\/parque-natural-de-redes2\"> <span class=\"image-wrapper crop\"> <img loading=\"lazy\" decoding=\"async\" class=\"image\" title=\"Naturaleza :: Parque Natural de Redes\" src=\"https:\/\/www.turismoasturias.es\/documents\/11022\/40668\/home-redes.jpg\/dfccd650-4d01-4c65-8e36-b7de1277462c?t=1595492470375&amp;imageThumbnail=3\" alt=\"Naturaleza :: Parque Natural de Redes\" width=\"274\" height=\"107\" \/> <\/span> <span class=\"info\"> <span class=\"title\"><br \/>\n<strong>Parque Natural de Redes <\/strong><\/span> <span class=\"resume\"><br \/>\nMultitud de contrastes y paisajes recorren sus 38.000 hect\u00e1reas. <\/span> <\/span> <\/a><\/div>\n<\/div>\n<\/div>\n<\/div>\n<div class=\"item-template item-4 even\">\n<div class=\"box-small-link-wrapper box-wrapper\">\n<div class=\"box-small-link box\">\n<div><a class=\"link\" href=\"https:\/\/www.turismoasturias.es\/descubre\/naturaleza\/reservas-de-la-biosfera\/parque-natural-de-somiedo2\"> <span class=\"image-wrapper crop\"> <img loading=\"lazy\" decoding=\"async\" class=\"image\" title=\"Naturaleza :: Parque Natural de Somiedo\" src=\"https:\/\/www.turismoasturias.es\/documents\/11022\/40935\/Somiedo.jpg\/247290dd-0661-479b-a04e-976c01035d34?t=1599722228716&amp;imageThumbnail=3\" alt=\"Naturaleza :: Parque Natural de Somiedo\" width=\"274\" height=\"174\" \/> <\/span> <span class=\"info\"> <span class=\"title\"><br \/>\n<strong>Parque Natural de Somiedo<\/strong><br \/>\n<\/span> <span class=\"resume\"> Los apacibles lagos son la se\u00f1a de identidad del primer Parque Natural declarado en Asturias. <\/span> <\/span> <\/a><\/div>\n<\/div>\n<\/div>\n<\/div>\n<div class=\"item-template item-5 odd\">\n<div class=\"box-small-link-wrapper box-wrapper\">\n<div class=\"box-small-link box\">\n<div><a class=\"link\" href=\"https:\/\/www.turismoasturias.es\/descubre\/naturaleza\/reservas-de-la-biosfera\/parque-natural-de-las-fuentes-del-narcea-degana-e-ibias2\"> <span class=\"image-wrapper crop\"> <img loading=\"lazy\" decoding=\"async\" class=\"image\" title=\"Naturaleza :: Parque Natural de las Fuentes del Narcea, Dega\u00f1a e Ibias\" src=\"https:\/\/www.turismoasturias.es\/documents\/11022\/40187\/home-fuentes.jpg\/bc481d47-cc3a-4966-b7af-3fb1bd0ecba1?t=1595492563316&amp;imageThumbnail=3\" alt=\"Naturaleza :: Parque Natural de las Fuentes del Narcea, Dega\u00f1a e Ibias\" width=\"274\" height=\"107\" \/> <\/span> <span class=\"info\"> <span class=\"title\"><br \/>\n<strong>Parque Natural de las Fuentes del Narcea, Dega\u00f1a e Ibias <\/strong><\/span> <span class=\"resume\"><br \/>\nEl oso pardo y el roble son los principales pobladores de este in\u00e9dito paraje del suroccidente asturiano. <\/span> <\/span> <\/a><\/div>\n<\/div>\n<\/div>\n<\/div>\n<div class=\"item-template item-6 even\">\n<div class=\"box-small-link-wrapper box-wrapper\">\n<div class=\"box-small-link box\">\n<div><a class=\"link\" href=\"https:\/\/www.turismoasturias.es\/descubre\/naturaleza\/reservas-de-la-biosfera\/oscos-eo2\"> <span class=\"image-wrapper crop\"> <img loading=\"lazy\" decoding=\"async\" class=\"image\" title=\"Naturaleza :: R\u00edo Eo, Oscos y Terras de Bur\u00f3n\" src=\"https:\/\/www.turismoasturias.es\/documents\/11022\/39764\/home-oscos.jpg\/5ac892ab-c6e3-4664-9bee-62912c63b912?t=1595492612937&amp;imageThumbnail=3\" alt=\"Naturaleza :: R\u00edo Eo, Oscos y Terras de Bur\u00f3n\" width=\"274\" height=\"107\" \/> <\/span> <span class=\"info\"> <span class=\"title\"><br \/>\n<strong>R\u00edo Eo, Oscos y Terras de Bur\u00f3n <\/strong><\/span> <span class=\"resume\"><br \/>\nBosques m\u00e1gicos, playas \u00fanicas y acantilados de v\u00e9rtigo son los protagonistas de este patrimonio natural del occidente asturiano, que vertebra su territorio desde el nacimiento del R\u00edo Eo, hasta su desembocadura en el Cant\u00e1brico. <\/span> <\/span> <\/a><\/div>\n<\/div>\n<\/div>\n<\/div>\n<div class=\"item-template item-template-last item-7 odd\">\n<div class=\"box-small-link-wrapper box-wrapper\">\n<div class=\"box-small-link box\">\n<div><a class=\"link\" href=\"https:\/\/www.turismoasturias.es\/descubre\/naturaleza\/reservas-de-la-biosfera\/parque-nacional-de-los-picos-de-europa2\"> <span class=\"image-wrapper crop\"> <img loading=\"lazy\" decoding=\"async\" class=\"image\" title=\"Naturaleza :: Parque Nacional de Los Picos de Europa\" src=\"https:\/\/www.turismoasturias.es\/documents\/11022\/40024\/home-picos.jpg\/eeaa33b0-f1bc-401b-b2f4-f5ab68225bed?t=1595492583128&amp;imageThumbnail=3\" alt=\"Naturaleza :: Parque Nacional de Los Picos de Europa\" width=\"274\" height=\"107\" \/> <\/span> <span class=\"info\"> <span class=\"title\"><br \/>\n<strong>Parque Nacional de Los Picos de Europa<\/strong><br \/>\n<\/span> <span class=\"resume\"> Las cumbres m\u00e1s altas de la Cordillera Cant\u00e1brica se encuentran en este paraje donde se gest\u00f3 la legendaria historia de Asturias. <\/span> <\/span> <\/a><\/div>\n<\/div>\n<\/div>\n<\/div>\n<\/div>\n<\/div>\n<\/div>\n<\/div>\n<\/div>\n<\/div>\n<\/div>\n<\/div>\n<p><img loading=\"lazy\" decoding=\"async\" class=\"alignnone size-full\" src=\"https:\/\/www.turismoasturias.es\/documents\/11022\/4116940\/home-biosfera.jpg\" width=\"1920\" height=\"750\" \/><\/p>\n<ul>\n<li><a href=\"https:\/\/www.turismoasturias.es\/naturaleza\/reservas-de-la-biosfera\"><strong><em>WEB Reserva Biosfera (ver)<\/em><\/strong><\/a><\/li>\n<\/ul>\n<hr \/>\n<p><a href=\"https:\/\/afeccionesalplaneamientourbanistico.files.wordpress.com\/2016\/07\/ast-espacios-naturales-protegidos.jpg?w=1920&amp;h=976\"><img loading=\"lazy\" decoding=\"async\" class=\"alignnone\" src=\"https:\/\/afeccionesalplaneamientourbanistico.files.wordpress.com\/2016\/07\/ast-espacios-naturales-protegidos.jpg?w=1920&amp;h=976\" alt=\"\" width=\"1920\" height=\"976\" \/><\/a><\/p>\n<hr \/>\n<ol>\n<li>\n<blockquote><p><em><span style=\"color: #800080;font-size: 18pt\"><strong>Parques: <\/strong>Parque Nacional de los Picos de Europa<\/span><\/em><\/p><\/blockquote>\n<\/li>\n<\/ol>\n<p>Es un espacio de alto valor natural y cultural, poco alterado por el ser humano y\u00a0 represen-tativo de un ecosistema. Son de inter\u00e9s general para la naci\u00f3n porque son representativos de sus sistemas naturales; en esto se diferencian de los parques naturales. En ellos la actividad humana est\u00e1 muy restringida.<\/p>\n<p>El <strong>Parque Nacional de los Picos de Europa<\/strong> se cre\u00f3 en 1918 cuando Pedro Pidal (Marqu\u00e9s de Villaviciosa), \u00a0promovi\u00f3 el <u>parque nacional de la Monta\u00f1a de Covadonga<\/u>. El Parque N. de los Picos de Europa integra terrenos de Asturias, Le\u00f3n y Cantabria. Ocupa una extensi\u00f3n de 64.660 ha, de las que el 40% pertenecen al Principado.<\/p>\n<p><a href=\"https:\/\/1.bp.blogspot.com\/-1RQ2G7qBFhw\/XpSAuXA2OfI\/AAAAAAAALr0\/zB0VZQHUeHI9-XfiHug74VRA2y6Zvx9VACLcBGAsYHQ\/s1600\/picos%2Bde%2Beuropa%2Bhistoria.jpg\"><img loading=\"lazy\" decoding=\"async\" class=\"alignnone\" src=\"https:\/\/1.bp.blogspot.com\/-1RQ2G7qBFhw\/XpSAuXA2OfI\/AAAAAAAALr0\/zB0VZQHUeHI9-XfiHug74VRA2y6Zvx9VACLcBGAsYHQ\/s1600\/picos%2Bde%2Beuropa%2Bhistoria.jpg\" alt=\"\" width=\"1162\" height=\"1040\" \/><\/a><\/p>\n<p><b><u>FOLLETO OFICIAL:<\/u> <a href=\"https:\/\/sites.google.com\/site\/happyandfundiy\/folletos\/picos_de_europa.pdf.pdf\" target=\"_blank\" rel=\"noopener\">(descargar aqu\u00ed)<\/a>\u00a0 \u00a0 \u00a0 \u00a0\u00a0<u>M\u00c1S INFORMACI\u00d3N:<\/u>\u00a0<a href=\"http:\/\/parquenacionalpicoseuropa.es\/\" target=\"_blank\" rel=\"noopener\">(visitar)<\/a>\u00a0<\/b><\/p>\n<hr \/>\n<ol start=\"2\">\n<li>\n<blockquote><p><em><span style=\"font-size: 18pt;color: #800080\"><strong>Monumentos y parques naturales.<\/strong><\/span><\/em><\/p><\/blockquote>\n<\/li>\n<\/ol>\n<p>Un <strong>parque natural<\/strong> es un \u00e1rea natural poco transformada por el ser humano y singular por el paisaje, los ecosistemas, la flora, la fauna o las formaciones geol\u00f3gicas. Las actividades humanas est\u00e1n, tambi\u00e9n, muy restringidas. <u>En Asturias tenemos seis:<\/u><\/p>\n<p><em>Parque Natural de Somiedu.<a href=\"https:\/\/1.bp.blogspot.com\/-ib_XC08ueoY\/XoMIaX5m8LI\/AAAAAAAALmY\/eSzZru324Cw8M5yh8jzKmlzpmoa5YNdYgCLcBGAsYHQ\/s1600\/somiedo%2Bhistoria.jpg\">Gr\u00e1fico<\/a>. <a href=\"https:\/\/sites.google.com\/site\/happyandfundiy\/folletos\/FOLLETO%20SOMIEDO.pdf\">Folleto<\/a>. + info<\/em><br \/>\n<em>Parque Natural de Ponga. <a href=\"https:\/\/4.bp.blogspot.com\/-FJGGhPDd3rg\/XoIVSaNDuqI\/AAAAAAAALlg\/o6G4UBVbpykugAaLfNauaqg_28_jMRoFQCLcBGAsYHQ\/s1600\/ponga%2Bhistoria.jpg\">Gr\u00e1fico<\/a>. <a href=\"https:\/\/sites.google.com\/site\/happyandfundiy\/folletos\/Mapa_Ponga.pdf\">Folleto<\/a><\/em><br \/>\n<em>Parque Natural de Redes. <a href=\"https:\/\/1.bp.blogspot.com\/-scLIbUJppLA\/XoMH-Yyjv2I\/AAAAAAAALmM\/BLVx3Kld5v42HsCqC-Xhmd7esPatCREEwCLcBGAsYHQ\/s1600\/redes%2Bhistoria.jpg\">Gr\u00e1fico<\/a>. <a href=\"https:\/\/sites.google.com\/site\/happyandfundiy\/folletos\/folleto%20redes.pdf\">Folleto<\/a>.<\/em><br \/>\n<em>Parque Natural de Las Ubi\u00f1as &#8211; La Mesa. <a href=\"https:\/\/1.bp.blogspot.com\/-kW1syMevzoc\/XoMIO8R9iuI\/AAAAAAAALmU\/4GXr6xfyVvkHXlAH0_X1UIaq1rzbJg2RQCLcBGAsYHQ\/s1600\/ubi%25C3%25B1as%2Bhistoria.jpg\">Gr\u00e1fico<\/a>. <a href=\"https:\/\/sites.google.com\/site\/happyandfundiy\/folletos\/folleto%20ubi%C3%B1as.pdf\">Folleto<\/a>.<\/em><br \/>\n<em>Parque Natural de las Fuentes del Narcea, Dega\u00f1a e Ibias. <a href=\"https:\/\/1.bp.blogspot.com\/-2iv8g3WRMPI\/XoMIj6VOruI\/AAAAAAAALmg\/L1Ma3YfLxMwdBBck8INmePz_AZ3HbMuJACLcBGAsYHQ\/s1600\/FUENTES%2BHISTORIA.jpg\">Gr\u00e1fico<\/a>. <a href=\"https:\/\/sites.google.com\/site\/happyandfundiy\/folletos\/folleto%20fuentes%20del%20narcea.pdf\">Folleto<\/a><\/em><\/p>\n<p><em>R\u00edo Eo, Oscos, Terra de Bur\u00f3n. <a href=\"https:\/\/1.bp.blogspot.com\/-E4nPWCv3m9M\/XoMIvYz_fwI\/AAAAAAAALmk\/RZbiljXSGGAP7jcscNKkx_yLOVgBMDffgCLcBGAsYHQ\/s1600\/oscos%2Bhistoria.jpg\">Gr\u00e1fico<\/a>. <a href=\"https:\/\/sites.google.com\/site\/happyandfundiy\/folletos\/folleto%20eo%20y%20oscos.pdf\">Folleto<\/a>.<\/em><\/p>\n<p><a href=\"https:\/\/i.pinimg.com\/736x\/d9\/08\/0e\/d9080ed20b47a0b2d0336849e371cf3d.jpg\"><img loading=\"lazy\" decoding=\"async\" class=\"alignnone\" src=\"https:\/\/i.pinimg.com\/736x\/d9\/08\/0e\/d9080ed20b47a0b2d0336849e371cf3d.jpg\" alt=\"\" width=\"638\" height=\"281\" \/><\/a><\/p>\n<ul>\n<li><strong><em><a href=\"https:\/\/www.hikingasturias.es\/p\/mapa-web.html\">MAPA WEB de Hiking Asturias<\/a><\/em><\/strong><\/li>\n<\/ul>\n<p><a href=\"https:\/\/cflvdg.avoz.es\/sc\/sFUnnVkjfRlocsfn8yBYFPzmy6k=\/x\/2016\/09\/06\/00121473179285660554232\/Foto\/graficohorizontal.jpg\"><img loading=\"lazy\" decoding=\"async\" class=\"aligncenter\" src=\"https:\/\/cflvdg.avoz.es\/sc\/sFUnnVkjfRlocsfn8yBYFPzmy6k=\/x\/2016\/09\/06\/00121473179285660554232\/Foto\/graficohorizontal.jpg\" alt=\"\" width=\"595\" height=\"334\" \/><\/a><\/p>\n<p>Un<strong> Monumento Natural <\/strong>es un espacio o elemento de la naturaleza singular y raro que merece una protecci\u00f3n especial. En Asturias tenemos una red con <u>39 monumentos naturales, entre los que destacan:<\/u><\/p>\n<p><em>* <strong><u>\u00c1rboles singulares<\/u><\/strong>: tejo de Salas, carbay\u00f3n de Lavandera, carbay\u00f3n de Valent\u00edn\u2026<\/em><br \/>\n<em>* <strong><u>Cascadas: <\/u><\/strong>cascada de Oneta \u2026<\/em><br \/>\n<em>* <strong><u>Cuevas: <\/u><\/strong>cueva Deboyo, cuevas de Andina\u2026<\/em><br \/>\n<em>* <strong><u>Playas: <\/u><\/strong>playa de Pe\u00f1arronda, playa de Gulpiyuri \u2026<strong><u><br \/>\n<\/u><\/strong>* <strong><u>Bosques: <\/u><\/strong>alcornocal de Boxo, carbayera de El Tragam\u00f3n \u2026<strong><u><br \/>\n<\/u><\/strong>* <strong><u>Senderos: <\/u><\/strong>desfiladero de las Xanas, ruta del Alba \u2026<strong><u><br \/>\n<\/u><\/strong>* <strong><u>Zonas fluviales: <\/u><\/strong>hoces del Esva, meandros del Nora \u2026<\/em><\/p>\n<p><a href=\"http:\/\/3.bp.blogspot.com\/-Wk4VGgq2Eko\/U8RuELuF3FI\/AAAAAAAACKg\/j1YQupXzTYk\/s1600\/1+cobijeru1.jpg\"><img loading=\"lazy\" decoding=\"async\" class=\"alignnone\" src=\"http:\/\/3.bp.blogspot.com\/-Wk4VGgq2Eko\/U8RuELuF3FI\/AAAAAAAACKg\/j1YQupXzTYk\/s1600\/1+cobijeru1.jpg\" alt=\"\" width=\"1600\" height=\"656\" \/><\/a><\/p>\n<div>Los <a href=\"http:\/\/www.asturias.es\/portal\/site\/medioambiente\/menuitem.1340904a2df84e62fe47421ca6108a0c\/?vgnextoid=fe216c79ae973210VgnVCM10000097030a0aRCRD&amp;i18n.http.lang=es\" target=\"_blank\" rel=\"noopener\">Monumentos Naturales<\/a> son una figura de protecci\u00f3n del Principado de Asturias, inclu\u00edda dentro del Plan de Ordenaci\u00f3n de los Recursos Naturales de Asturias (PORNA), que pretende proteger aquellos <i>\u00abespacios o elementos de la naturaleza constituidos b\u00e1sicamente por formaciones de notoria singularidad, rareza o belleza, que merecen ser objeto de una protecci\u00f3n especial. Se consideran tambi\u00e9n Monumentos Naturales las formaciones geol\u00f3gicas, los yacimientos paleontol\u00f3gicos y dem\u00e1s elementos de la gea que re\u00fanan un inter\u00e9s especial por la singularidad o importancia de sus valores cient\u00edficos, culturales o paisaj\u00edsticos<\/i>\u00bb (Decreto 38\/1994 de 19 de mayo)<\/div>\n<div><\/div>\n<div>\n<p>Podemos encontrar desde \u00e1rboles, playas, icnitas, ensenadas, meandros, desfiladeros, sistemas geol\u00f3gicos, lagos&#8230; Ya os hemos hablado de alguno de estos Monumentos como <a href=\"https:\/\/www.blogger.com\/\"><span id=\"goog_2022328485\"><\/span>El Tejo de Salas<span id=\"goog_2022328486\"><\/span><\/a>, <a href=\"http:\/\/lostesorosdelparaiso.blogspot.com.es\/2014\/02\/los-bufones-la-voz-del-mar.html\" target=\"_blank\" rel=\"noopener\">Los Bufones de Arenillas y Santiuste<\/a> o los <a href=\"http:\/\/lostesorosdelparaiso.blogspot.com.es\/2014\/04\/el-muja-10-anos-de-exito.html\" target=\"_blank\" rel=\"noopener\">yacimientos de Icnitas<\/a> en Colunga. Hoy le toca el turno a una playa muy especial: Cobijeru.<\/p>\n<div class=\"separator\"><a href=\"http:\/\/3.bp.blogspot.com\/-VX-yNQZGPsk\/U8RuEFoTm1I\/AAAAAAAACLM\/5DL2OOz3CoA\/s1600\/1+MAPA+LLANES+COBIJERU.jpg\"><img loading=\"lazy\" decoding=\"async\" class=\"aligncenter\" src=\"http:\/\/3.bp.blogspot.com\/-VX-yNQZGPsk\/U8RuEFoTm1I\/AAAAAAAACLM\/5DL2OOz3CoA\/s1600\/1+MAPA+LLANES+COBIJERU.jpg\" alt=\"\" width=\"400\" height=\"220\" border=\"0\" \/><\/a><\/div>\n<div>\n<hr \/>\n<\/div>\n<\/div>\n<ol start=\"3\">\n<li>\n<blockquote><p><em><span style=\"font-size: 18pt;color: #800080\"><strong>Reservas Naturales<\/strong><\/span><\/em><\/p><\/blockquote>\n<\/li>\n<\/ol>\n<p>Es un espacio protegido por raz\u00f3n de la rareza o fragilidad de su ecosistema. La explotaci\u00f3n de sus recursos est\u00e1 prohibida si son <u>reservas naturales <strong>integrales<\/strong><\/u>, mientras que en las <u>reservas naturales <strong>parciales<\/strong><\/u> s\u00ed se permite una explotaci\u00f3n compatible con la protecci\u00f3n.<br \/>\nEn Asturias se han creado: la <strong>reserva natural integral de Muniellos<\/strong> y las <u>reservas parciales de<\/u>:<\/p>\n<p><em>Barayo<\/em><br \/>\n<em>Cueva de las Caldas<\/em><br \/>\n<em>Cueva del Sidr\u00f3n<\/em><br \/>\n<em>Pelo\u00f1o<\/em><br \/>\n<em>Cueto de Arb\u00e1s<\/em><br \/>\n<em>Cueva Rosa<\/em><br \/>\n<em>Cueva del llov\u00edu<\/em><br \/>\n<em>R\u00eda de Villaviciosa<\/em><br \/>\n<em>R\u00eda del Eo<\/em><\/p>\n<ol start=\"4\">\n<li>\n<blockquote><p><strong>Paisajes protegidos<\/strong><\/p><\/blockquote>\n<\/li>\n<\/ol>\n<p>Es un lugar en que el ser humano ha intervenido y ha creado, junto con la naturaleza, un espacio merecedor de una protecci\u00f3n especial. <u>En Asturias tenemos diez zonas declaradas:<\/u><\/p>\n<p><em>Cabo Pe\u00f1es<\/em><br \/>\n<em>Cuencas Mineras<\/em><br \/>\n<em>Costa occidental<\/em><br \/>\n<em>Cuenca del Esva<\/em><br \/>\n<em>Sierra del Aramo<\/em><br \/>\n<em>Sierra del Sueve<\/em><br \/>\n<em>Sierra del Cuera<\/em><br \/>\n<em>Sierras de Carondio y Valledor<\/em><br \/>\n<em>Pico Caldoveiro<\/em><\/p>\n<ol start=\"5\">\n<li>\n<blockquote><p><span style=\"font-size: 18pt;color: #800080\"><strong>Espacios marinos protegidos. <\/strong><em>El Cachuchu<\/em><\/span><\/p><\/blockquote>\n<\/li>\n<\/ol>\n<p>La primera <strong>\u00e1rea marina protegida<\/strong> del territorio espa\u00f1ol tambi\u00e9n est\u00e1 en Asturias. <a href=\"https:\/\/www.elmundo.es\/elmundo\/2008\/03\/14\/ciencia\/1205520429.html\"><strong>VER ARTICULO<\/strong><\/a><\/p>\n<p>El Cachucho \u2013conocido internacionalmente como <em><strong>Banco de Danois<\/strong><\/em>, por el investigador franc\u00e9s que lo dio a conocer en 1948\u2013 se encuentra a unos 65 kil\u00f3metros al norte de Ribadesella y desde su base tiene una altura de 4.800 metros, con la cumbre situada a unos 450 metros de profundidad; tiene forma de meseta y una extensi\u00f3n de 15 kil\u00f3metros de norte a sur, y 50 en direcci\u00f3n este-oeste.\u00a0 <strong><em>Cachucho ha sido declarado en 2011 \u00e1rea marina protegida<\/em><\/strong><\/p>\n<p><a href=\"https:\/\/e00-elmundo.uecdn.es\/elmundo\/imagenes\/2008\/03\/14\/1205520429_g_0.jpg\"><img loading=\"lazy\" decoding=\"async\" class=\"aligncenter\" src=\"https:\/\/e00-elmundo.uecdn.es\/elmundo\/imagenes\/2008\/03\/14\/1205520429_g_0.jpg\" alt=\"\" width=\"512\" height=\"407\" \/><\/a>Se trata de <em><strong>El Cachuchu<\/strong><\/em>, una monta\u00f1a submarina situada a 65 kms d la costa de Ribeseya. Tiene una superficie de unos 2350 kms\u00b2, solo cuatro veces y media menos que toda Asturias. Tambi\u00e9n se conoce como <strong>Banco Le Danois<\/strong>, por el cient\u00edfico que la estudi\u00f3; sin embargo, es m\u00e1s habitual utilizar el nombre que le dieron los pescadores asturianos que pescaban <em>palometa \u00a0roja<\/em> (cachuchu) en esta zona.<\/p>\n<p>Las investigaciones han asegurado la gran <strong>riqueza bil\u00f3gica de esta zona<\/strong>. En ella habitan multitud de especies marinas, tanto de flora como de fauna. Adem\u00e1s, en El Cachuchu se refugian animales protegidos como la tortuga boba o el delf\u00edn mular.<\/p>\n<ul>\n<li><a href=\"https:\/\/es.wikipedia.org\/wiki\/El_Cachucho\">Wikipedia<\/a><\/li>\n<li><a href=\"https:\/\/earth.google.com\/web\/search\/el+cachucho+asturias\/@44.0833328,-4.8666667,9.21260385a,3717.55144035d,35y,0h,45t,0r\/data=Cn4aVBJOCiQweGQ0YTZlNjk0ZjMzY2QyYjoweDU3OGM4MWFlMjIxZmI0NjEZeRVjqqoKRkAhBCG0eXd3E8AqFGVsIGNhY2h1Y2hvIGFzdHVyaWFzGAIgASImCiQJPAD4i13DRUARac02uHrCRUAZNa8nAqBsFsAh2D5B0LyAFsAoAg\">en Google Earth<\/a><\/li>\n<\/ul>\n<p><b>El Cachucho<\/b> es un <a title=\"Monte submarino\" href=\"https:\/\/es.wikipedia.org\/wiki\/Monte_submarino\">monte submarino<\/a> situado en el <a title=\"Mar Cant\u00e1brico\" href=\"https:\/\/es.wikipedia.org\/wiki\/Mar_Cant%C3%A1brico\">mar Cant\u00e1brico<\/a>, frente a las costas de <a title=\"Asturias\" href=\"https:\/\/es.wikipedia.org\/wiki\/Asturias\">Asturias<\/a>. Emerge desde las profundidades del <a title=\"Golfo de Vizcaya\" href=\"https:\/\/es.wikipedia.org\/wiki\/Golfo_de_Vizcaya\">golfo de Vizcaya<\/a>, a 4500 metros de profundidad hasta unos 500 metros de profundidad. Tiene unos 57 km de longitud por 17 km de anchura,<sup id=\"cite_ref-1\" class=\"reference separada\"><a href=\"https:\/\/es.wikipedia.org\/wiki\/El_Cachucho#cite_note-1\">1<\/a><\/sup>\u200b y tiene una gran riqueza faun\u00edstica y biol\u00f3gica.<\/p>\n<ul>\n<li><a href=\"https:\/\/www.elmundo.es\/elmundo\/2008\/03\/14\/ciencia\/1205520429.html\"><strong>Noticia El Mundo: 2008<\/strong><\/a><\/li>\n<\/ul>\n<p>Se trata de El Cachucho, <strong>una monta\u00f1a submarina<\/strong> situada a 60 kil\u00f3metros frente a las costas de Llanes, en Asturias, cuya cima se eleva hasta los 500 metros de profundidad.<\/p>\n<p>Es una plataforma sumergida de <strong>57 kil\u00f3metros de largo por 17 de ancho<\/strong>, que emerge desde las profundidades del Golfo de Vizcaya a 4.500 metros de profundidad hasta la cota se\u00f1alada.<\/p>\n<p>El hasta ahora banco pesquero de El Cachucho era conocido por las flotas pesqueras desde siempre, que <strong>faenaban con redes de arrastre<\/strong> sobre su superficie hasta que empezaron a agotarse sus inmensos recursos.<\/p>\n<p>Precisamente el nombre dado al banco pesquero coincide con el de la palometa roja, una de las <strong>especies m\u00e1s preciadas<\/strong> y capturadas durante d\u00e9cadas en sus inmediaciones.<\/p>\n<p>Pese a la incesante actividad pesquera, El Cachucho es una de las \u00e1reas marinas de m\u00e1s elevada biodiversidad de nuestro litoral, lo que ahora ha servido de <strong>argumento cient\u00edfico para su protecci\u00f3n<\/strong>.<\/p>\n<p>Los investigadores han <strong>identificado m\u00e1s de 550 especies<\/strong>, entre las que destacan corales de agua fr\u00eda, peces abisales, estrellas y crust\u00e1ceos \u00fanicos. Se han descubierto una decena de nuevas especies y la zona es frecuentada <strong>por gran n\u00famero de cet\u00e1ceos<\/strong>.<\/p>\n<p>Por estos valores ambientales, cient\u00edficos y ecologistas llevaban m\u00e1s de <strong>una d\u00e9cada reclamando su protecci\u00f3n<\/strong>. La Direcci\u00f3n General de Biodiversidad del Ministerio de Medio Ambiente ha trabajado los \u00faltimos a\u00f1os hilando una compleja madeja de competencias, en la que hasta siete Ministerios han tenido que negociar para lograr el acuerdo de ayer.<\/p>\n<p>Una negociaci\u00f3n que ha precisado tambi\u00e9n del <strong>visto bueno de las Cofrad\u00edas<\/strong> de Pescadores, que hace ya tiempo hab\u00edan dado su consentimiento a la reserva marina, con el fin de proteger los recursos.<\/p>\n<p>\u00abEl Gobierno ha abierto el camino que debe conducir a la protecci\u00f3n de, al menos, <strong>el 10% de nuestras aguas antes de 2010<\/strong>\u00bb, declar\u00f3 ayer Juan Carlos del Olmo, director de WWF\/Adena. Esta organizaci\u00f3n promueve una iniciativa para declarar 20 \u00e1reas marinas que se extienden a lo largo del litoral de la Pen\u00ednsula y los dos archipi\u00e9lagos.<\/p>\n<p>A partir de ahora, la pesca de arrastre, <strong>las maniobras militares<\/strong> que impliquen impactos en el medio o la exploraci\u00f3n s\u00edsmica para detectar hidrocarburos quedan reguladas por la figura de protecci\u00f3n aplicada, contenida en la recient\u00edsima Ley del Patrimonio Natural y la Biodiversidad.<\/p>\n<p><a href=\"http:\/\/img.photobucket.com\/albums\/v153\/rodaballo\/Weblog\/original.jpg\"><img loading=\"lazy\" decoding=\"async\" class=\"alignnone\" src=\"http:\/\/img.photobucket.com\/albums\/v153\/rodaballo\/Weblog\/original.jpg\" alt=\"\" width=\"799\" height=\"549\" \/><\/a><\/p>\n<p>El Cachucho es uno de los nombres que se da a la\u00a0<a href=\"http:\/\/www.uniovi.es\/bos\/Asignaturas\/Villegas\/fichas\/Bsplendex.htm\" target=\"_blank\" rel=\"noopener\">palometa roja<\/a>(<a href=\"http:\/\/www.fishbase.org\/Summary\/SpeciesSummary.php?id=1320\" target=\"_blank\" rel=\"noopener\">Beryx splendens<\/a>), muy abundante en la zona. A pesar de la intensa actividad pesquera, El Cachucho es una de las \u00e1reas marinas de m\u00e1s elevada biodiversidad de nuestro litoral, y as\u00ed se ha argumentado para conseguir su protecci\u00f3n.<\/p>\n<p><img decoding=\"async\" class=\"aligncenter\" src=\"http:\/\/img.photobucket.com\/albums\/v153\/rodaballo\/Weblog\/Bedec_f0.jpg\" width=\"450\" \/><\/p>\n<p>-Los investigadores han identificado m\u00e1s de 550 especies, entre las que destacan corales de agua fr\u00eda, peces abisales, estrellas y crust\u00e1ceos \u00fanicos. Se han descubierto una decena de nuevas especies y la zona es frecuentada por gran n\u00famero de cet\u00e1ceos. Seg\u00fan\u00a0<a href=\"http:\/\/www.ecomarg.net\/\" target=\"_blank\" rel=\"noopener\">informes cient\u00edficos<\/a>en esta zona s\u00f3lo un 15% de lo pescado con un arte pesquero de arrastre -el tren de bolos- son especies comerciales.<\/p>\n<p>La pesca de arrastre, las maniobras militares que impliquen impactos en el medio o la exploraci\u00f3n s\u00edsmica para detectar hidrocarburos quedan reguladas por la figura de protecci\u00f3n aplicada, tal como se recoge en la recientemente aprobada\u00a0<a href=\"http:\/\/www.eia.es\/web\/04\/leg_nacional\/Ley%2042_2007%20del%20Patrimonio%20Natural%20y%20de%20la%20Biodiversidad.pdf\" target=\"_blank\" rel=\"noopener\">Ley del Patrimonio Natural y la Biodiversidad<\/a>.<\/p>\n<div class=\"herramientas\"><img loading=\"lazy\" decoding=\"async\" class=\"alignnone size-full\" src=\"https:\/\/www.horapunta.com\/fotos\/7\/20070615elpepisoc_1.jpg\" width=\"571\" height=\"250\" \/><\/div>\n<hr \/>\n<ul>\n<li><a href=\"https:\/\/www.google.com\/url?sa=t&amp;rct=j&amp;q=&amp;esrc=s&amp;source=web&amp;cd=&amp;cad=rja&amp;uact=8&amp;ved=2ahUKEwiE9NS6vvnuAhWC5OAKHVHgBLIQFjAKegQIDRAD&amp;url=https%3A%2F%2Fwww.asturias.es%2FAsturias%2Fdescargas%2FPDF_TEMAS%2FPesca%2Fmapa_caladeros.pdf&amp;usg=AOvVaw2eA20GSYq_kz1H1w9IEC_v\"><strong>MAPA DE CALADEROS<\/strong> (descargar)<\/a>\/ <a href=\"https:\/\/tematico.asturias.es\/dgpesca\/din\/divulgacion.php?tipo=caladeros\"><strong><em>web Principado<\/em><\/strong><\/a><\/li>\n<li>El <strong>Mapa de Caladeros de Asturias<\/strong> comprende las aguas situadas frente al Principado de Asturias, desde la l\u00ednea de costa hasta una distancia de 46 millas n\u00e1uticas, abarcando las aguas situadas entre los 43\u00ba 23\u2019 y 44\u00ba 17\u2019 Norte y los 4\u00ba 15\u2019 y 7\u00ba 33\u2019 Oeste, donde faena principalmente la flota pesquera asturiana. \u00a0\u00a0 <a> &#8211; Mapa de caladeros<\/a><\/li>\n<\/ul>\n<p><strong>\u00a0<\/strong><\/p>\n","protected":false},"excerpt":{"rendered":"<p>Naturaleza\u00a0 de Asturias: Monta\u00f1as y Valles Sesi\u00f3n 06: Naturaleza de Asturias: Espacios protegidos MAPA\u00a0 RESERVAS\u00a0 NATURALES (buena resoluci\u00f3n) PLANO PARQUES NATURALES (buena resoluci\u00f3n) Esta imagen ya nos muestra c\u00f3mo es Asturias: monta\u00f1osa en la parte sur, la Cordillera Cant\u00e1brica Asturias, entre Paisajes Protegidos, Reservas Naturales Parciales y Monumentos Naturales, suma casi setenta lugares repartidos por [&hellip;]<\/p>\n","protected":false},"author":117,"featured_media":0,"parent":237,"menu_order":0,"comment_status":"closed","ping_status":"closed","template":"","meta":{"footnotes":""},"class_list":["post-1640","page","type-page","status-publish","hentry","post-preview"],"_links":{"self":[{"href":"https:\/\/edublog.educastur.es\/ixuxullingua\/wp-json\/wp\/v2\/pages\/1640","targetHints":{"allow":["GET"]}}],"collection":[{"href":"https:\/\/edublog.educastur.es\/ixuxullingua\/wp-json\/wp\/v2\/pages"}],"about":[{"href":"https:\/\/edublog.educastur.es\/ixuxullingua\/wp-json\/wp\/v2\/types\/page"}],"author":[{"embeddable":true,"href":"https:\/\/edublog.educastur.es\/ixuxullingua\/wp-json\/wp\/v2\/users\/117"}],"replies":[{"embeddable":true,"href":"https:\/\/edublog.educastur.es\/ixuxullingua\/wp-json\/wp\/v2\/comments?post=1640"}],"version-history":[{"count":5,"href":"https:\/\/edublog.educastur.es\/ixuxullingua\/wp-json\/wp\/v2\/pages\/1640\/revisions"}],"predecessor-version":[{"id":2307,"href":"https:\/\/edublog.educastur.es\/ixuxullingua\/wp-json\/wp\/v2\/pages\/1640\/revisions\/2307"}],"up":[{"embeddable":true,"href":"https:\/\/edublog.educastur.es\/ixuxullingua\/wp-json\/wp\/v2\/pages\/237"}],"wp:attachment":[{"href":"https:\/\/edublog.educastur.es\/ixuxullingua\/wp-json\/wp\/v2\/media?parent=1640"}],"curies":[{"name":"wp","href":"https:\/\/api.w.org\/{rel}","templated":true}]}}