{"id":1642,"date":"2020-12-28T13:11:51","date_gmt":"2020-12-28T11:11:51","guid":{"rendered":"https:\/\/edublog.educastur.es\/ixuxullingua\/?page_id=1642"},"modified":"2021-03-05T14:34:52","modified_gmt":"2021-03-05T12:34:52","slug":"sesion-07","status":"publish","type":"page","link":"https:\/\/edublog.educastur.es\/ixuxullingua\/2-segundu\/segundu-20-21\/03-segundu-trimestre\/sesion-07\/","title":{"rendered":"Sesi\u00f3n 07"},"content":{"rendered":"<p style=\"text-align: center\"><span style=\"color: #008080\"><strong><em><span style=\"font-size: 24pt\">Asturias: Costa, R\u00edos, R\u00edas\u2026<\/span> <\/em><\/strong><\/span><\/p>\n<ul>\n<li><span style=\"font-size: 18pt\"><strong><em><a href=\"https:\/\/educastur-my.sharepoint.com\/:b:\/g\/personal\/isabellh_educastur_org\/EcWti76TNmFIkHb8IZ-nDzQByIBBVdN31M51jW0tQEmKMw?e=XGZH5R\">Actividad en castellano<\/a><\/em><\/strong><\/span><\/li>\n<li><span style=\"font-size: 14pt\"><strong><a href=\"https:\/\/educastur-my.sharepoint.com\/:b:\/g\/personal\/isabellh_educastur_org\/EafaG_k5Q-lDpWl4jTTIJg0BD6NsUvYTHaW8Nc4krcPIgA?e=CpYRKq\"><em><span style=\"font-size: 18pt\">Activid\u00e1 n\u00b4asturianu<\/span><\/em><\/a><\/strong><\/span><\/li>\n<li><span style=\"font-size: 14pt\"><a href=\"https:\/\/edublog.educastur.es\/corredoria3\/3o-pri\/cultura-asturiana\/primer-trimestre\/sesion-03\/\">ANEXO 3\u00ba COSTA ASTURIANA<\/a><\/span><\/li>\n<li><a href=\"https:\/\/edublog.educastur.es\/corredoria3\/4o-pri\/cultura-asturiana\/segundo-trimestre\/sesion-07\/\"><span style=\"font-size: 14pt\">ANEXO 4\u00ba COSTA ASTURIANA<\/span><\/a><\/li>\n<\/ul>\n<hr \/>\n<div id=\"bcenter\"><\/div>\n<div class=\"wDYxhc\" lang=\"es-ES\" data-md=\"61\">\n<div class=\"LGOjhe\" role=\"heading\" data-attrid=\"wa:\/description\" data-hveid=\"CA8QAA\"><span class=\"ILfuVd c3biWd\"><span class=\"hgKElc\">Los principales <b>r\u00edos asturianos<\/b> son l&#8217;<strong>Eo, Navia, Narcea, Nal\u00f3n, Seya y Deva.<\/strong> Todos van casi siempre nel so recorr\u00edu en direcci\u00f3n del sur al norte, desde los cordales hasta la mar. Y tienen afluentes, como&#8217;l Nal\u00f3n, que tien el Caudal, el Trubia, el Nora o mesmamente&#8217;l Narcea.<\/span><\/span><\/div>\n<div role=\"heading\" data-attrid=\"wa:\/description\" data-hveid=\"CA8QAA\"><\/div>\n<div role=\"heading\" data-attrid=\"wa:\/description\" data-hveid=\"CA8QAA\"><a href=\"https:\/\/malditomargarito.webcindario.com\/02_geografia\/rios\/media\/mapa_rios_01.JPG\"><img loading=\"lazy\" decoding=\"async\" class=\"alignnone\" src=\"https:\/\/malditomargarito.webcindario.com\/02_geografia\/rios\/media\/mapa_rios_01.JPG\" alt=\"\" width=\"1426\" height=\"521\" \/><\/a><\/div>\n<div role=\"heading\" data-attrid=\"wa:\/description\" data-hveid=\"CA8QAA\"><img loading=\"lazy\" decoding=\"async\" class=\"size-full aligncenter\" src=\"https:\/\/i.pinimg.com\/originals\/21\/c0\/89\/21c089a8b6bd40c594b4145cc3800599.jpg\" width=\"400\" height=\"182\" \/> \u00a0\u00a0 \/ <a href=\"https:\/\/mapasinteractivos.didactalia.net\/comunidad\/mapasflashinteractivos\/recurso\/rios-del-principado-de-asturias\/174d00a2-65da-47da-abe9-f635da4a15d0\"><strong><em><span style=\"font-size: 14pt\">Juego: R\u00edos de Asturias <\/span><\/em><\/strong><\/a><\/div>\n<div role=\"heading\" data-attrid=\"wa:\/description\" data-hveid=\"CA8QAA\"><a href=\"https:\/\/files.liveworksheets.com\/def_files\/2020\/5\/14\/5141214280000336079\/5141214280000336079002.jpg\"><img loading=\"lazy\" decoding=\"async\" class=\"aligncenter\" src=\"https:\/\/files.liveworksheets.com\/def_files\/2020\/5\/14\/5141214280000336079\/5141214280000336079002.jpg\" alt=\"\" width=\"584\" height=\"413\" \/><\/a><\/div>\n<div style=\"text-align: center\" role=\"heading\" data-attrid=\"wa:\/description\" data-hveid=\"CA8QAA\"><span style=\"color: #008080\"><strong><em><span style=\"font-size: 18pt\">Las cuencas de los r\u00edos asturianos<\/span><\/em><\/strong><\/span><\/div>\n<div role=\"heading\" data-attrid=\"wa:\/description\" data-hveid=\"CA8QAA\"><a href=\"https:\/\/www.bedri.es\/Asturias\/Medio_natural\/Cuencas_hidrograficas\/Mapas_Cuencas\/Cuencas_hidrograficas_001.jpg\"><img loading=\"lazy\" decoding=\"async\" class=\"alignnone\" src=\"https:\/\/www.bedri.es\/Asturias\/Medio_natural\/Cuencas_hidrograficas\/Mapas_Cuencas\/Cuencas_hidrograficas_001.jpg\" alt=\"\" width=\"1115\" height=\"624\" \/><\/a><\/div>\n<div style=\"text-align: center\" role=\"heading\" data-attrid=\"wa:\/description\" data-hveid=\"CA8QAA\"><span style=\"color: #008080\"><strong><em><span style=\"font-size: 18pt\">Otro gr\u00e1fico para ver los r\u00edos&#8230; SOLO VER<\/span><\/em><\/strong><\/span><\/div>\n<div role=\"heading\" data-attrid=\"wa:\/description\" data-hveid=\"CA8QAA\"><\/div>\n<div role=\"heading\" data-attrid=\"wa:\/description\" data-hveid=\"CA8QAA\"><a href=\"http:\/\/contentmapas.didactalia.net\/imagenes\/Documentos\/ImagenesSemanticas\/80268509-85f3-4475-8917-957325f5c14c\/74439c7e-183b-4381-b98e-bdbced63fa17.jpg\"><img loading=\"lazy\" decoding=\"async\" class=\"alignnone\" src=\"http:\/\/contentmapas.didactalia.net\/imagenes\/Documentos\/ImagenesSemanticas\/80268509-85f3-4475-8917-957325f5c14c\/74439c7e-183b-4381-b98e-bdbced63fa17.jpg\" alt=\"\" width=\"960\" height=\"720\" \/><\/a><\/div>\n<div role=\"heading\" data-attrid=\"wa:\/description\" data-hveid=\"CA8QAA\"><\/div>\n<\/div>\n<hr \/>\n<p><a href=\"https:\/\/i.pinimg.com\/originals\/be\/d8\/f4\/bed8f432add890a0942d201693de0f23.jpg\"><img loading=\"lazy\" decoding=\"async\" class=\"alignnone\" src=\"https:\/\/i.pinimg.com\/originals\/be\/d8\/f4\/bed8f432add890a0942d201693de0f23.jpg\" alt=\"\" width=\"638\" height=\"479\" \/><\/a><\/p>\n<h3 style=\"text-align: center\"><span style=\"font-size: 24pt;color: #008080\"><strong><em>\u00a0\u00a0\u00a0\u00a0\u00a0\u00a0\u00a0\u00a0\u00a0\u00a0\u00a0\u00a0\u00a0 R\u00edas de Asturias<\/em><\/strong><\/span><\/h3>\n<h3 style=\"text-align: center\"><span style=\"font-size: 24pt;color: #008080\"><strong><em><a href=\"https:\/\/i.pinimg.com\/736x\/b3\/1f\/6e\/b31f6ef9a492c2fa7ea166b0fc56dfe8.jpg\"><img loading=\"lazy\" decoding=\"async\" class=\"alignnone\" src=\"https:\/\/i.pinimg.com\/736x\/b3\/1f\/6e\/b31f6ef9a492c2fa7ea166b0fc56dfe8.jpg\" alt=\"\" width=\"584\" height=\"380\" \/><\/a><\/em><\/strong><\/span><\/h3>\n<h4 style=\"text-align: left\"><span style=\"font-size: 24pt;color: #008080\"><span style=\"font-size: 14pt\"><em><span style=\"color: #808080\">Las r\u00edas son <span style=\"color: #008080\"><strong>una de las formas que puede tomar el valle fluvial (con agua de r\u00edos) en torno a la<\/strong><\/span> <span style=\"color: #008080\"><strong>desembocadura de un r\u00edo,<\/strong><\/span> cuando un valle costero queda sumergido bajo el mar por la elevaci\u00f3n del nivel del agua. Es decir,<span style=\"text-decoration: underline\"><strong> los r\u00edos suelen desembocar en el mar en una r\u00eda.<\/strong><\/span><\/span><\/em><\/span><strong><em><br \/>\n<\/em><\/strong><\/span><\/h4>\n<p><span style=\"font-size: 14pt\"><em><strong>VER\u00a0 ENLACES<\/strong> Las siete principales r\u00edas asturianas son las de:\u00a0 <strong><a href=\"https:\/\/es.wikipedia.org\/wiki\/R%C3%ADa_de_Ribadeo\">Ribadeo<\/a> <\/strong>(creando el l\u00edmite de Galicia y Asturias), <a href=\"https:\/\/rianavia.com\/es\/\"><strong>Navia<\/strong><\/a>, <a href=\"https:\/\/es.wikipedia.org\/wiki\/San_Esteban_de_Pravia\"><strong>San Esteban de Pravia<\/strong><\/a>, <a href=\"https:\/\/es.wikipedia.org\/wiki\/R%C3%ADa_de_Avil%C3%A9s\"><strong>Avil\u00e9s<\/strong><\/a>, <a href=\"https:\/\/es.wikipedia.org\/wiki\/R%C3%ADa_de_Villaviciosa\"><strong>Villaviciosa<\/strong><\/a>, <a href=\"https:\/\/guias.masmar.net\/index.php\/Derroteros\/Asturias\/Costa-de-Ribadesella-y-R%C3%ADa\"><strong>Ribadesella<\/strong> <\/a>y<a href=\"https:\/\/es.wikipedia.org\/wiki\/R%C3%ADa_de_Tina_Mayor\"><strong> Tinamayor<\/strong><\/a> (en el l\u00edmite de Asturias con Cantabria).\u00a0 <\/em><span style=\"color: #ff6600\"><em>Se\u00f1alarlas en el mapa que se les da a los alumnos fotocopiado&#8230;<\/em><\/span><\/span><\/p>\n<hr \/>\n<p><a href=\"https:\/\/www.mapade.org\/wp-content\/uploads\/mapa-geografico-de-asturias.jpg\"><img loading=\"lazy\" decoding=\"async\" class=\"alignnone \" src=\"https:\/\/www.mapade.org\/wp-content\/uploads\/mapa-geografico-de-asturias.jpg\" width=\"1435\" height=\"678\" \/><\/a><\/p>\n<p><span style=\"font-size: 14pt\"><strong><em>De izda a dcha = A Veiga (Vegadeo)\u00a0 \/ Lluarca\u00a0 (Luarca) \/ Cuideiru (Cudillero) \/ Ribeseya (Ribadesella) y Llanes<\/em><\/strong><\/span><\/p>\n<hr \/>\n<p style=\"text-align: center\"><span style=\"font-size: 18pt\"><em><span style=\"color: #800000\"><strong>Y si se quiere ampliar la informaci\u00f3n, estos apuntes de 3\u00ba<\/strong> sobre la COSTA<\/span> <\/em><\/span><\/p>\n<hr \/>\n<ul>\n<li><strong><em><span style=\"font-size: 18pt\"><a href=\"http:\/\/elbuscondelvino.blogspot.com\/2017\/12\/puertos-del-cantabrico-en-asturias.html\">Puertos de Asturias<\/a><\/span><br \/>\n<\/em><\/strong><\/li>\n<\/ul>\n<p><a href=\"https:\/\/4.bp.blogspot.com\/-1ud_3krugX8\/WjAYYEkHrSI\/AAAAAAAADNI\/vlkK7q7XRpQkCYVIV8kKdnNh7SUzj06_gCLcBGAs\/s1600\/MAPA%2Bpuertos%2Basturias.jpg\"><img loading=\"lazy\" decoding=\"async\" class=\"alignnone \" src=\"https:\/\/4.bp.blogspot.com\/-1ud_3krugX8\/WjAYYEkHrSI\/AAAAAAAADNI\/vlkK7q7XRpQkCYVIV8kKdnNh7SUzj06_gCLcBGAs\/s1600\/MAPA%2Bpuertos%2Basturias.jpg\" width=\"1044\" height=\"448\" \/><\/a><\/p>\n<ul>\n<li><strong><em><span style=\"font-size: 18pt\">Puertos Comerciales en Asturias: Avil\u00e9s y Gij\u00f3n<\/span><br \/>\n<\/em><\/strong><\/li>\n<li><a href=\"https:\/\/www.puertogijon.es\/\"><em><span style=\"font-size: 18pt\">El Musel en Gij\u00f3n<\/span><\/em><\/a><\/li>\n<\/ul>\n<p><a href=\"https:\/\/www.puertogijon.es\/wp-content\/uploads\/2019\/05\/04-ABRIL-01-02.jpg\"><img loading=\"lazy\" decoding=\"async\" class=\"alignnone size-full\" src=\"https:\/\/www.puertogijon.es\/wp-content\/uploads\/2019\/05\/04-ABRIL-01-02.jpg\" width=\"1903\" height=\"504\" \/><\/a><\/p>\n<p><em>Foto: Cargueros de Mercanc\u00eda en un puerto Comercial<\/em><\/p>\n<p><a href=\"https:\/\/noticiaslogisticaytransporte.com\/wp-content\/uploads\/2019\/02\/Puerto-de-Gij%C3%B3n-destinar%C3%A1-cuatro-millones-de-euros-pavimentar-dos-muelles.jpg\"><img loading=\"lazy\" decoding=\"async\" class=\"alignnone size-full\" src=\"https:\/\/noticiaslogisticaytransporte.com\/wp-content\/uploads\/2019\/02\/Puerto-de-Gij%C3%B3n-destinar%C3%A1-cuatro-millones-de-euros-pavimentar-dos-muelles.jpg\" width=\"600\" height=\"400\" \/><\/a><\/p>\n<ul>\n<li><a href=\"https:\/\/www.puertoaviles.es\/es\/puerto\/localizacion.asp\"><em><span style=\"font-size: 18pt\">Puerto de Avil\u00e9s<\/span><\/em><\/a><\/li>\n<\/ul>\n<p><a href=\"https:\/\/www.puertoaviles.es\/upload\/web\/parrafos\/00796\/fotos\/Muelles_margen_derecha1986.JPG\"><img loading=\"lazy\" decoding=\"async\" class=\"alignnone size-full\" src=\"https:\/\/www.puertoaviles.es\/upload\/web\/parrafos\/00796\/fotos\/Muelles_margen_derecha1986.JPG\" width=\"600\" height=\"400\" \/><\/a><\/p>\n<ul>\n<li><span style=\"font-size: 14pt\"><strong><em><span style=\"color: #008080\">Lonja:<\/span> <\/em><\/strong><em>es un lugar de reuni\u00f3n de los comerciantes, donde los pescadores venden el pescado que traen del mar a los comerciantes (de tiendas y supermercados) y a los restaurantes&#8230;<\/em><strong><em><br \/>\n<\/em><\/strong><\/span><\/li>\n<\/ul>\n<p><a href=\"https:\/\/static.elcomercio.es\/www\/multimedia\/201912\/30\/media\/cortadas\/51505022--624x415.JPG\"><img loading=\"lazy\" decoding=\"async\" class=\"alignnone \" src=\"https:\/\/static.elcomercio.es\/www\/multimedia\/201912\/30\/media\/cortadas\/51505022--624x415.JPG\" width=\"289\" height=\"192\" \/><\/a> \/<a href=\"https:\/\/es.i-nova.net\/documents\/27182\/6230600\/20160701_LonjadeLlanes_05.jpg\/e1d75731-a519-4a40-9359-a666a9b93ba3?t=1468417669000\"><img loading=\"lazy\" decoding=\"async\" class=\"alignnone \" src=\"https:\/\/es.i-nova.net\/documents\/27182\/6230600\/20160701_LonjadeLlanes_05.jpg\/e1d75731-a519-4a40-9359-a666a9b93ba3?t=1468417669000\" width=\"325\" height=\"195\" \/><\/a><\/p>\n<ul>\n<li><a href=\"https:\/\/www.youtube.com\/watch?v=BUvFnVL-25s\"><span style=\"font-size: 14pt\">Ver video: reportaje lonja de Avil\u00e9s, para saber c\u00f3mo funciona&#8230;<\/span><\/a><\/li>\n<\/ul>\n<p style=\"text-align: center\">\n<!-- iframe plugin v.6.0 wordpress.org\/plugins\/iframe\/ -->\n<iframe loading=\"lazy\" width=\"100%\" height=\"331\" src=\"https:\/\/www.youtube.com\/embed\/BUvFnVL-25s\" scrolling=\"yes\" class=\"iframe-class\" frameborder=\"0\"><\/iframe>\n<\/p>\n<hr \/>\n<p><a href=\"http:\/\/edublog.educastur.es\/corredoria3\/files\/2020\/10\/FARO.jpg\"><img loading=\"lazy\" decoding=\"async\" class=\"aligncenter size-full wp-image-1969\" src=\"http:\/\/edublog.educastur.es\/corredoria3\/files\/2020\/10\/FARO.jpg\" alt=\"\" width=\"1920\" height=\"1080\" \/><\/a><\/p>\n<ul>\n<li><strong><em><span style=\"font-size: 18pt;color: #008080\">Faro: <\/span><span style=\"font-size: 14pt\">Un <b>faro<\/b> es una torre de se\u00f1alizaci\u00f3n luminosa situada en el litoral mar\u00edtimo o tierra firme, como referencia y aviso costero o a\u00e9reo para <a title=\"Navegaci\u00f3n\" href=\"https:\/\/es.wikipedia.org\/wiki\/Navegaci%C3%B3n\">navegantes<\/a>.<\/span><\/em><\/strong><\/li>\n<li><strong><em><span style=\"font-size: 14pt\"><sup id=\"cite_ref-1\" class=\"reference separada\"><\/sup>\u200b Est\u00e1n coronados por una o dos <a title=\"L\u00e1mpara\" href=\"https:\/\/es.wikipedia.org\/wiki\/L%C3%A1mpara\">l\u00e1mpara<\/a>s potentes que sirven como gu\u00eda y en los a\u00e9reos rumbo . <\/span><\/em><\/strong><\/li>\n<li><strong><em><span style=\"font-size: 14pt\">El t\u00e9rmino espa\u00f1ol proviene del <a title=\"Griego antiguo\" href=\"https:\/\/es.wikipedia.org\/wiki\/Griego_antiguo\">griego antiguo<\/a> (<i>pharos<\/i>), haciendo referencia a la <a title=\"Faro de Alejandr\u00eda\" href=\"https:\/\/es.wikipedia.org\/wiki\/Faro_de_Alejandr%C3%ADa\">torre de se\u00f1ales<\/a> de la <a title=\"Isla de Faro\" href=\"https:\/\/es.wikipedia.org\/wiki\/Isla_de_Faro\">isla de Faro<\/a>, en Egipto. <\/span><\/em><\/strong><\/li>\n<li><strong><em><span style=\"font-size: 14pt\"><a href=\"https:\/\/www.asturnatura.com\/lugares\/faros\/21.html\">Faros de Asturias<\/a><\/span><\/em><\/strong><\/li>\n<li><strong><em><span style=\"font-size: 14pt\"> <a href=\"https:\/\/www.turismoasturias.es\/costa\/ruta-faros\">Asturias: de faro en faro.<\/a><br \/>\n<\/span><\/em><\/strong><\/li>\n<li><strong><em><span style=\"font-size: 14pt\">\u00a0<a href=\"http:\/\/www.farosdeasturias.es\/mapa-ruta-farera-asturias\/\">Ruta farera de Asturias.<\/a> <\/span><\/em><\/strong><\/li>\n<li><strong><em><span style=\"font-size: 14pt\">\u00a0<a href=\"https:\/\/es.calameo.com\/read\/001021626e142ab0c0f48\">Ver en Calameo<\/a>\/<\/span><a href=\"https:\/\/www.google.com\/maps\/d\/viewer?mid=1MvE38n7-jbn5oStmecEcexw31T0&amp;ll=43.52759462399859%2C-5.740198194980621&amp;z=9\"><span style=\"font-size: 14pt\">VER!!<\/span><\/a><\/em><\/strong><\/li>\n<\/ul>\n<p><a href=\"https:\/\/www.puertogijon.es\/wp-content\/uploads\/2016\/12\/Faros.jpg\"><img loading=\"lazy\" decoding=\"async\" class=\"alignnone \" src=\"https:\/\/www.puertogijon.es\/wp-content\/uploads\/2016\/12\/Faros.jpg\" width=\"837\" height=\"430\" \/><\/a><\/p>\n<p><a href=\"https:\/\/www.asturiasverde.com\/banco-de-imagenes\/poblaciones\/gozon\/faro-san-juan-gozon-aviles-940px.jpg\"><img loading=\"lazy\" decoding=\"async\" class=\"alignnone size-full\" src=\"https:\/\/www.asturiasverde.com\/banco-de-imagenes\/poblaciones\/gozon\/faro-san-juan-gozon-aviles-940px.jpg\" width=\"930\" height=\"300\" \/><\/a><\/p>\n<p><a href=\"https:\/\/ysuspartes.com\/wp-content\/uploads\/2019\/10\/el-faro-y-sus-partes-min.jpg\"><img loading=\"lazy\" decoding=\"async\" class=\"alignnone \" src=\"https:\/\/ysuspartes.com\/wp-content\/uploads\/2019\/10\/el-faro-y-sus-partes-min.jpg\" width=\"348\" height=\"214\" \/><\/a>\/ \u00a0 <a href=\"https:\/\/upload.wikimedia.org\/wikipedia\/commons\/thumb\/3\/39\/%D0%90%D0%BB%D0%B5%D0%BA%D1%81%D0%B0%D0%BD%D0%B4%D1%80%D0%B8%D0%B9%D1%81%D0%BA%D0%B8%D0%B9_%D0%BC%D0%B0%D1%8F%D0%BA.jpg\/1280px-%D0%90%D0%BB%D0%B5%D0%BA%D1%81%D0%B0%D0%BD%D0%B4%D1%80%D0%B8%D0%B9%D1%81%D0%BA%D0%B8%D0%B9_%D0%BC%D0%B0%D1%8F%D0%BA.jpg\"><img loading=\"lazy\" decoding=\"async\" class=\"alignnone \" src=\"https:\/\/upload.wikimedia.org\/wikipedia\/commons\/thumb\/3\/39\/%D0%90%D0%BB%D0%B5%D0%BA%D1%81%D0%B0%D0%BD%D0%B4%D1%80%D0%B8%D0%B9%D1%81%D0%BA%D0%B8%D0%B9_%D0%BC%D0%B0%D1%8F%D0%BA.jpg\/1280px-%D0%90%D0%BB%D0%B5%D0%BA%D1%81%D0%B0%D0%BD%D0%B4%D1%80%D0%B8%D0%B9%D1%81%D0%BA%D0%B8%D0%B9_%D0%BC%D0%B0%D1%8F%D0%BA.jpg\" width=\"267\" height=\"207\" \/><\/a><\/p>\n<p><a href=\"https:\/\/images-na.ssl-images-amazon.com\/images\/I\/61Z8NyuyEzL._AC_SY679_.jpg\"><img loading=\"lazy\" decoding=\"async\" class=\"alignnone \" src=\"https:\/\/images-na.ssl-images-amazon.com\/images\/I\/61Z8NyuyEzL._AC_SY679_.jpg\" width=\"265\" height=\"398\" \/><\/a>\/<a href=\"https:\/\/p.calameoassets.com\/160526051423-04f114c963ec6d80a6ddd97c7fd197ec\/p1.jpg\"><img loading=\"lazy\" decoding=\"async\" class=\"alignnone \" src=\"https:\/\/p.calameoassets.com\/160526051423-04f114c963ec6d80a6ddd97c7fd197ec\/p1.jpg\" width=\"313\" height=\"405\" \/>\u00a0\u00a0<\/a><\/p>\n<p><a href=\"https:\/\/media.istockphoto.com\/photos\/lighthouse-in-stormy-landscape-leader-and-vision-concept-picture-id936647076?k=6&amp;m=936647076&amp;s=612x612&amp;w=0&amp;h=cma_o2wEqmipy3hFwEpMJ1SjkzuyxTRIPfOzqgCX-oM=\"><img loading=\"lazy\" decoding=\"async\" class=\"alignnone \" src=\"https:\/\/media.istockphoto.com\/photos\/lighthouse-in-stormy-landscape-leader-and-vision-concept-picture-id936647076?k=6&amp;m=936647076&amp;s=612x612&amp;w=0&amp;h=cma_o2wEqmipy3hFwEpMJ1SjkzuyxTRIPfOzqgCX-oM=\" width=\"654\" height=\"392\" \/><\/a><\/p>\n<hr \/>\n<ul>\n<li><span style=\"font-size: 18pt;color: #008080\"><strong><em>Buf\u00f3n: <\/em><\/strong><\/span><span style=\"font-size: 14pt\"><strong><em>Un <\/em><\/strong><strong><em><b>bufadero<\/b> o <b>buf\u00f3n<\/b> es una <a title=\"Formaci\u00f3n geol\u00f3gica\" href=\"https:\/\/es.wikipedia.org\/wiki\/Formaci%C3%B3n_geol%C3%B3gica\">formaci\u00f3n geol\u00f3gica<\/a> de morfolog\u00eda litoral en acantilados de origen c\u00e1rstico o volc\u00e1nico.<\/em><\/strong><\/span><\/li>\n<li><span style=\"font-size: 14pt\"><strong><em> Se trata, b\u00e1sicamente, de una <a title=\"Chimenea\" href=\"https:\/\/es.wikipedia.org\/wiki\/Chimenea\">chimenea<\/a> natural abierta normalmente en un <a title=\"Acantilado\" href=\"https:\/\/es.wikipedia.org\/wiki\/Acantilado\">acantilado<\/a>, que est\u00e1 comunicado con <a title=\"Sima\" href=\"https:\/\/es.wikipedia.org\/wiki\/Sima\">simas<\/a> marinas. Cuando la mar est\u00e1 en <a class=\"mw-redirect\" title=\"Pleamar\" href=\"https:\/\/es.wikipedia.org\/wiki\/Pleamar\">pleamar<\/a>, el agua choca con fuerza contra los acantilados y sube a trav\u00e9s de estas chimeneas, saliendo despedida hacia arriba por el hueco a modo de <a title=\"G\u00e9iser\" href=\"https:\/\/es.wikipedia.org\/wiki\/G%C3%A9iser\">g\u00e9iser<\/a><\/em><\/strong><em> y produciendo un sonido caracter\u00edstico. <\/em><\/span><\/li>\n<li><span style=\"font-size: 14pt\"><em>Cuando la marea sube y las olas baten con fuerza, expulsa hacia arriba un chorro de agua de mar pulverizada, lo que provoca un sonido caracter\u00edstico que es lo que le da el nombre de buf\u00f3n. La columna de agua pulverizada puede alcanzar m\u00e1s de 10 metros de altura y el bufido o\u00edrse a varios kil\u00f3metros<\/em><strong><em>.<\/em><\/strong><\/span><\/li>\n<li><span style=\"font-size: 14pt\"><strong><em> <a href=\"https:\/\/es.wikipedia.org\/wiki\/Bufones_de_Pr%C3%ADa\">Ver Bufones de Pr\u00eda<\/a><\/em><\/strong><\/span><strong><em><br \/>\n<\/em><\/strong><\/li>\n<li><a href=\"https:\/\/www.youtube.com\/watch?v=kVeLq_aotbw\">Ver video<\/a><\/li>\n<\/ul>\n<p style=\"text-align: center\">\n<!-- iframe plugin v.6.0 wordpress.org\/plugins\/iframe\/ -->\n<iframe loading=\"lazy\" width=\"100%\" height=\"331\" src=\"https:\/\/www.youtube.com\/embed\/kVeLq_aotbw\" scrolling=\"yes\" class=\"iframe-class\" frameborder=\"0\"><\/iframe>\n<\/p>\n<p><a href=\"https:\/\/cflvdg.avoz.es\/default\/2019\/03\/22\/00121553271166510169851\/Foto\/m.JPG\"><img loading=\"lazy\" decoding=\"async\" class=\"alignnone \" src=\"https:\/\/cflvdg.avoz.es\/default\/2019\/03\/22\/00121553271166510169851\/Foto\/m.JPG\" width=\"319\" height=\"180\" \/><\/a>\u00a0\/<a href=\"https:\/\/www.canonistas.com\/galerias\/data\/500\/MG_7861.jpg\"><img loading=\"lazy\" decoding=\"async\" class=\"alignnone \" src=\"https:\/\/www.canonistas.com\/galerias\/data\/500\/MG_7861.jpg\" width=\"253\" height=\"178\" \/><\/a><br \/>\n\/ <a href=\"https:\/\/porsolea.com\/wp-content\/uploads\/2015\/02\/bufones-pria-3.jpg\"><img loading=\"lazy\" decoding=\"async\" class=\"alignnone \" src=\"https:\/\/porsolea.com\/wp-content\/uploads\/2015\/02\/bufones-pria-3.jpg\" width=\"288\" height=\"203\" \/><\/a>\/ <a href=\"https:\/\/upload.wikimedia.org\/wikipedia\/commons\/thumb\/9\/95\/Blowhole1.svg\/1280px-Blowhole1.svg.png\"><img loading=\"lazy\" decoding=\"async\" class=\"alignnone \" src=\"https:\/\/upload.wikimedia.org\/wikipedia\/commons\/thumb\/9\/95\/Blowhole1.svg\/1280px-Blowhole1.svg.png\" width=\"277\" height=\"207\" \/><\/a><\/p>\n<p style=\"text-align: center\">\n<!-- iframe plugin v.6.0 wordpress.org\/plugins\/iframe\/ -->\n<iframe loading=\"lazy\" width=\"100%\" height=\"331\" src=\"https:\/\/www.youtube.com\/embed\/Y3zpmNcu39g\" scrolling=\"yes\" class=\"iframe-class\" frameborder=\"0\"><\/iframe>\n<\/p>\n<p><a href=\"https:\/\/www.youtube.com\/watch?v=Y3zpmNcu39g&amp;feature=emb_logo\">Ver Bufones Playa Guadam\u00eda<\/a>\/\u00a0<a href=\"https:\/\/queverenasturias.es\/visitar\/los-bufones-llames-de-pria\/\"><em><strong> Ver<\/strong><\/em><\/a><\/p>\n<hr \/>\n<p><span style=\"font-size: 14pt\"><em>Foto: Terminamos la sesi\u00f3n con esta bonita foo de Cudillero\/Cuideiru, uno de los Puertos Asturianos m\u00e1s bonitos&#8230;<\/em><\/span><\/p>\n<p><a href=\"https:\/\/cdn.businessinsider.es\/sites\/navi.axelspringer.es\/public\/media\/image\/2020\/06\/cudillero-asturias-1969319.jpg\"><img loading=\"lazy\" decoding=\"async\" class=\"alignnone size-full\" src=\"https:\/\/cdn.businessinsider.es\/sites\/navi.axelspringer.es\/public\/media\/image\/2020\/06\/cudillero-asturias-1969319.jpg\" width=\"2121\" height=\"1414\" \/><\/a><\/p>\n<p><span style=\"font-size: 14pt\"><em>Y con esta foto del Puerto deportivo de Gij\u00f3n<\/em><\/span><\/p>\n<p><a href=\"https:\/\/pbs.twimg.com\/media\/EkR9E78XYAEqpKX?format=jpg&amp;name=large\"><img loading=\"lazy\" decoding=\"async\" class=\"alignnone size-full\" src=\"https:\/\/pbs.twimg.com\/media\/EkR9E78XYAEqpKX?format=jpg&amp;name=large\" width=\"2048\" height=\"1174\" \/><\/a><\/p>\n<p><a href=\"https:\/\/pbs.twimg.com\/media\/EkXUVvnXsAAUyKb?format=jpg&amp;name=large\"><img loading=\"lazy\" decoding=\"async\" class=\"alignnone size-full\" src=\"https:\/\/pbs.twimg.com\/media\/EkXUVvnXsAAUyKb?format=jpg&amp;name=large\" width=\"2048\" height=\"1536\" \/><\/a><\/p>\n<p><em><strong>ANEXO:<\/strong> R\u00edas de Asturias (48 \/ Tr\u00e9bole 4)<\/em><\/p>\n<p>&nbsp;<\/p>\n","protected":false},"excerpt":{"rendered":"<p>Asturias: Costa, R\u00edos, R\u00edas\u2026 Actividad en castellano Activid\u00e1 n\u00b4asturianu ANEXO 3\u00ba COSTA ASTURIANA ANEXO 4\u00ba COSTA ASTURIANA Los principales r\u00edos asturianos son l&#8217;Eo, Navia, Narcea, Nal\u00f3n, Seya y Deva. Todos van casi siempre nel so recorr\u00edu en direcci\u00f3n del sur al norte, desde los cordales hasta la mar. Y tienen afluentes, como&#8217;l Nal\u00f3n, que tien [&hellip;]<\/p>\n","protected":false},"author":117,"featured_media":0,"parent":227,"menu_order":0,"comment_status":"closed","ping_status":"closed","template":"","meta":{"footnotes":""},"class_list":["post-1642","page","type-page","status-publish","hentry","post-preview"],"_links":{"self":[{"href":"https:\/\/edublog.educastur.es\/ixuxullingua\/wp-json\/wp\/v2\/pages\/1642","targetHints":{"allow":["GET"]}}],"collection":[{"href":"https:\/\/edublog.educastur.es\/ixuxullingua\/wp-json\/wp\/v2\/pages"}],"about":[{"href":"https:\/\/edublog.educastur.es\/ixuxullingua\/wp-json\/wp\/v2\/types\/page"}],"author":[{"embeddable":true,"href":"https:\/\/edublog.educastur.es\/ixuxullingua\/wp-json\/wp\/v2\/users\/117"}],"replies":[{"embeddable":true,"href":"https:\/\/edublog.educastur.es\/ixuxullingua\/wp-json\/wp\/v2\/comments?post=1642"}],"version-history":[{"count":4,"href":"https:\/\/edublog.educastur.es\/ixuxullingua\/wp-json\/wp\/v2\/pages\/1642\/revisions"}],"predecessor-version":[{"id":2319,"href":"https:\/\/edublog.educastur.es\/ixuxullingua\/wp-json\/wp\/v2\/pages\/1642\/revisions\/2319"}],"up":[{"embeddable":true,"href":"https:\/\/edublog.educastur.es\/ixuxullingua\/wp-json\/wp\/v2\/pages\/227"}],"wp:attachment":[{"href":"https:\/\/edublog.educastur.es\/ixuxullingua\/wp-json\/wp\/v2\/media?parent=1642"}],"curies":[{"name":"wp","href":"https:\/\/api.w.org\/{rel}","templated":true}]}}