{"id":1652,"date":"2020-12-28T13:13:38","date_gmt":"2020-12-28T11:13:38","guid":{"rendered":"https:\/\/edublog.educastur.es\/ixuxullingua\/?page_id=1652"},"modified":"2021-03-11T20:44:45","modified_gmt":"2021-03-11T18:44:45","slug":"sesion-07","status":"publish","type":"page","link":"https:\/\/edublog.educastur.es\/ixuxullingua\/5-quintu\/quintu-20-21\/03-segundu-trimestre\/sesion-07\/","title":{"rendered":"Sesi\u00f3n 07"},"content":{"rendered":"<p style=\"text-align: center\"><em><a href=\"https:\/\/edublog.educastur.es\/corredoria3\/5o-pri\/cultura-asturiana\/segundo-trimestre\/sesion-05\/\"><strong><span style=\"font-size: 18pt\">Pueblos prerromanos, romanizaci\u00f3n y su herencia<\/span><\/strong><\/a><\/em><\/p>\n<hr \/>\n<p style=\"text-align: center\"><span style=\"font-size: 18pt\"><strong><em>Lectura en asturiano para todos \/<br \/>\nLlectura n\u00b4asturianu pa toos y toes<\/em><\/strong><\/span><\/p>\n<p style=\"text-align: center\"><span style=\"color: #008080\"><strong><span style=\"font-size: 24pt\"><em>La\u00a0 romanizaci\u00f3n<\/em><\/span><\/strong><\/span><\/p>\n<p style=\"text-align: center\"><a href=\"https:\/\/imgbox.es\/images\/2021\/03\/03\/5_30e11b9f9349e449a0.jpg\"><img loading=\"lazy\" decoding=\"async\" class=\"alignnone\" src=\"https:\/\/imgbox.es\/images\/2021\/03\/03\/5_30e11b9f9349e449a0.jpg\" alt=\"\" width=\"1211\" height=\"1673\" \/><\/a><\/p>\n<ul>\n<li><span style=\"font-size: 18pt\"><em>angua\u00f1o: actualidad, hoy en d\u00eda&#8230;<\/em><\/span><\/li>\n<li><span style=\"font-size: 18pt\"><em>asumieren: adoptaren<\/em><\/span><\/li>\n<li><span style=\"font-size: 18pt\"><em>costumes: costumbres<\/em><\/span><\/li>\n<li><span style=\"font-size: 18pt\"><em>lleis: leyes<\/em><\/span><\/li>\n<li><span style=\"font-size: 18pt\"><em>mou de vida: modo de vida<\/em><\/span><\/li>\n<li><span style=\"font-size: 18pt\"><em>vezos: costumbres<\/em><\/span><\/li>\n<li><span style=\"font-size: 18pt\"><em>enforma: en gran cantidad, mucho<\/em><\/span><\/li>\n<li><span style=\"font-size: 18pt\"><em>por mor: por motivo<\/em><\/span><\/li>\n<li><span style=\"font-size: 18pt\"><em>sobre manera. sobre todo<\/em><\/span><\/li>\n<li><span style=\"font-size: 18pt\"><em>enfot\u00e1u: basado, dirigido a<\/em><\/span><\/li>\n<li><span style=\"font-size: 18pt\"><em>entov\u00eda: todav\u00eda<\/em><\/span><\/li>\n<\/ul>\n<p><a href=\"https:\/\/imgbox.es\/images\/2021\/03\/03\/5_31ef1856c917424495.jpg\"><img loading=\"lazy\" decoding=\"async\" class=\"alignnone\" src=\"https:\/\/imgbox.es\/images\/2021\/03\/03\/5_31ef1856c917424495.jpg\" alt=\"\" width=\"1175\" height=\"1669\" \/><\/a><\/p>\n<p><em><span style=\"font-size: 14pt\">Aproximaci\u00f3n a los <a title=\"Lengua materna\" href=\"https:\/\/es.wikipedia.org\/wiki\/Lengua_materna\">idiomas maternos o iniciales<\/a> de Espa\u00f1a.<strong><span style=\"color: #008080\"> Castellano<\/span><\/strong> (verde claro), hablado en todo el pa\u00eds, <span style=\"color: #008080\"><strong>gallego<\/strong><\/span> (azul), <span style=\"color: #008080\"><strong>catal\u00e1n\/valenciano<\/strong><\/span> (naranja oscuro), <strong><span style=\"color: #800080\">euskera<\/span><\/strong> (gris), <strong><span style=\"color: #008080\">aran\u00e9s<\/span><\/strong> (rojo), <span style=\"color: #008080\"><strong>asturleon\u00e9s<\/strong><\/span> (verde oscuro) y<strong><span style=\"color: #008080\"> aragon\u00e9s<\/span> <\/strong>(amarillo). Los l\u00edmites geogr\u00e1ficos entre lenguas pueden ser imprecisos, especialmente entre castellano y asturleon\u00e9s y entre castellano y aragon\u00e9s.<\/span><\/em><\/p>\n<p><a href=\"https:\/\/upload.wikimedia.org\/wikipedia\/commons\/thumb\/a\/ae\/Spain_languages.svg\/800px-Spain_languages.svg.png\"><img loading=\"lazy\" decoding=\"async\" class=\"aligncenter\" src=\"https:\/\/upload.wikimedia.org\/wikipedia\/commons\/thumb\/a\/ae\/Spain_languages.svg\/800px-Spain_languages.svg.png\" alt=\"\" width=\"800\" height=\"566\" \/><\/a><\/p>\n<p style=\"text-align: center\"><a href=\"https:\/\/upload.wikimedia.org\/wikipedia\/commons\/thumb\/2\/26\/Lenguas_cooficiales_Peninsula_Iberica.jpg\/800px-Lenguas_cooficiales_Peninsula_Iberica.jpg\"><img loading=\"lazy\" decoding=\"async\" class=\"alignnone\" src=\"https:\/\/upload.wikimedia.org\/wikipedia\/commons\/thumb\/2\/26\/Lenguas_cooficiales_Peninsula_Iberica.jpg\/800px-Lenguas_cooficiales_Peninsula_Iberica.jpg\" alt=\"\" width=\"800\" height=\"514\" \/><\/a><\/p>\n<p style=\"text-align: center\"><a href=\"http:\/\/3.bp.blogspot.com\/-Z8JjofN5tgs\/UHL0hx9k9iI\/AAAAAAAAAkI\/tyIEyhZMlSY\/s1600\/mapa+lenguas+espa%C3%B1a.png\"><img loading=\"lazy\" decoding=\"async\" class=\"alignnone\" src=\"http:\/\/3.bp.blogspot.com\/-Z8JjofN5tgs\/UHL0hx9k9iI\/AAAAAAAAAkI\/tyIEyhZMlSY\/s1600\/mapa+lenguas+espa%C3%B1a.png\" alt=\"\" width=\"707\" height=\"530\" \/><\/a><\/p>\n<ul>\n<li><em><strong>Activid\u00e1: MAPA pa se\u00f1alar lling\u00fces<\/strong><\/em><\/li>\n<li><strong><em>Dibuxu de romanos pa pegar na llibreta y collorear<\/em><\/strong><\/li>\n<\/ul>\n<p style=\"text-align: center\"><a href=\"https:\/\/proyectotirardelalengua.files.wordpress.com\/2017\/09\/situacin-lingstica-de-espaa-6-728.jpg?w=640\"><img loading=\"lazy\" decoding=\"async\" class=\"alignnone\" src=\"https:\/\/proyectotirardelalengua.files.wordpress.com\/2017\/09\/situacin-lingstica-de-espaa-6-728.jpg?w=640\" alt=\"\" width=\"640\" height=\"480\" \/><\/a><\/p>\n<hr \/>\n<p style=\"text-align: center\"><span style=\"color: #008080\"><em><span style=\"font-size: 18pt\">Lecturas:<\/span><\/em><strong><em><span style=\"font-size: 18pt\"> la Romanizaci\u00f3n y la influencia de los romanos en Asturias<\/span><\/em><\/strong><\/span><\/p>\n<p style=\"text-align: center\"><a href=\"https:\/\/t2.up.ltmcdn.com\/es\/images\/6\/8\/9\/preromanizacion_1986_0_600.jpg\"><img loading=\"lazy\" decoding=\"async\" class=\"alignnone\" src=\"https:\/\/t2.up.ltmcdn.com\/es\/images\/6\/8\/9\/preromanizacion_1986_0_600.jpg\" alt=\"\" width=\"600\" height=\"450\" \/><\/a><\/p>\n<p style=\"text-align: center\"><a href=\"https:\/\/i.pinimg.com\/originals\/ef\/76\/a7\/ef76a7c90241962d0aae17aa5415b8d0.png\"><img loading=\"lazy\" decoding=\"async\" class=\"alignnone\" src=\"https:\/\/i.pinimg.com\/originals\/ef\/76\/a7\/ef76a7c90241962d0aae17aa5415b8d0.png\" alt=\"\" width=\"660\" height=\"289\" \/><\/a><\/p>\n<hr \/>\n<p style=\"text-align: center\"><span style=\"font-size: 14pt\"><em><span style=\"color: #800080\">NOTA: Para ver en pantalla completa, <\/span><\/em><\/span><br \/>\n<strong><span style=\"font-size: 14pt\"><em><span style=\"color: #800080\">calcar en la flechina\u00a0 que hay arriba a la derecha,<\/span><\/em><\/span><\/strong><br \/>\n<strong><span style=\"font-size: 14pt\"><em><span style=\"color: #800080\">VENTANA EXTERNA<\/span><\/em><\/span><\/strong><\/p>\n<p style=\"text-align: center\">\n<!-- iframe plugin v.6.0 wordpress.org\/plugins\/iframe\/ -->\n<iframe loading=\"lazy\" src=\"https:\/\/drive.google.com\/file\/d\/1Xuu2NmrxEAEG7riW8cHNAzgRWS1WRadk\/preview\" width=\"640\" height=\"900\" 0=\"\/iframe\" scrolling=\"yes\" class=\"iframe-class\" frameborder=\"0\"><\/iframe>\n<\/p>\n<p style=\"text-align: center\">\n<!-- iframe plugin v.6.0 wordpress.org\/plugins\/iframe\/ -->\n<iframe loading=\"lazy\" src=\"https:\/\/drive.google.com\/file\/d\/10nsOBPF_Ir6VlJ8pdSI5JZsTDgsAKAGd\/preview\" width=\"640\" height=\"900\" 0=\"\/iframe\" scrolling=\"yes\" class=\"iframe-class\" frameborder=\"0\"><\/iframe>\n<\/p>\n<p style=\"text-align: center\">\n<!-- iframe plugin v.6.0 wordpress.org\/plugins\/iframe\/ -->\n<iframe loading=\"lazy\" src=\"https:\/\/drive.google.com\/file\/d\/15zeE1UDsjyVtSfhOCSfJOWBjyiOJs4PF\/preview\" width=\"640\" height=\"900\" 0=\"\/iframe\" scrolling=\"yes\" class=\"iframe-class\" frameborder=\"0\"><\/iframe>\n<\/p>\n<p style=\"text-align: center\">\n<!-- iframe plugin v.6.0 wordpress.org\/plugins\/iframe\/ -->\n<iframe loading=\"lazy\" src=\"https:\/\/drive.google.com\/file\/d\/1tXx73u6W7eck3QOCoY6xmg0FoVOi8SAA\/preview\" width=\"640\" height=\"900\" 0=\"\/iframe\" scrolling=\"yes\" class=\"iframe-class\" frameborder=\"0\"><\/iframe>\n<\/p>\n<p style=\"text-align: center\">\n<!-- iframe plugin v.6.0 wordpress.org\/plugins\/iframe\/ -->\n<iframe loading=\"lazy\" src=\"https:\/\/drive.google.com\/file\/d\/1-CxT_lda5ZxT1z08OKfE7LjjQ7da_fqf\/preview\" width=\"640\" height=\"900\" 0=\"\/iframe\" scrolling=\"yes\" class=\"iframe-class\" frameborder=\"0\"><\/iframe>\n<\/p>\n<p style=\"text-align: center\">\n<!-- iframe plugin v.6.0 wordpress.org\/plugins\/iframe\/ -->\n<iframe loading=\"lazy\" src=\"https:\/\/drive.google.com\/file\/d\/1l0YuNVhE4q5o2UIUbZkvv2yatXoIcizf\/preview\" width=\"640\" height=\"900\" 0=\"\/iframe\" scrolling=\"yes\" class=\"iframe-class\" frameborder=\"0\"><\/iframe>\n<\/p>\n<p style=\"text-align: center\">\n<!-- iframe plugin v.6.0 wordpress.org\/plugins\/iframe\/ -->\n<iframe loading=\"lazy\" src=\"https:\/\/drive.google.com\/file\/d\/1aUPIL9QrlEzWUgdPmFOwvniwnBxQXE1X\/preview\" width=\"640\" height=\"900\" 0=\"\/iframe\" scrolling=\"yes\" class=\"iframe-class\" frameborder=\"0\"><\/iframe>\n<\/p>\n","protected":false},"excerpt":{"rendered":"<p>Pueblos prerromanos, romanizaci\u00f3n y su herencia Lectura en asturiano para todos \/ Llectura n\u00b4asturianu pa toos y toes La\u00a0 romanizaci\u00f3n angua\u00f1o: actualidad, hoy en d\u00eda&#8230; asumieren: adoptaren costumes: costumbres lleis: leyes mou de vida: modo de vida vezos: costumbres enforma: en gran cantidad, mucho por mor: por motivo sobre manera. sobre todo enfot\u00e1u: basado, dirigido [&hellip;]<\/p>\n","protected":false},"author":117,"featured_media":0,"parent":233,"menu_order":0,"comment_status":"closed","ping_status":"closed","template":"","meta":{"footnotes":""},"class_list":["post-1652","page","type-page","status-publish","hentry","post-preview"],"_links":{"self":[{"href":"https:\/\/edublog.educastur.es\/ixuxullingua\/wp-json\/wp\/v2\/pages\/1652","targetHints":{"allow":["GET"]}}],"collection":[{"href":"https:\/\/edublog.educastur.es\/ixuxullingua\/wp-json\/wp\/v2\/pages"}],"about":[{"href":"https:\/\/edublog.educastur.es\/ixuxullingua\/wp-json\/wp\/v2\/types\/page"}],"author":[{"embeddable":true,"href":"https:\/\/edublog.educastur.es\/ixuxullingua\/wp-json\/wp\/v2\/users\/117"}],"replies":[{"embeddable":true,"href":"https:\/\/edublog.educastur.es\/ixuxullingua\/wp-json\/wp\/v2\/comments?post=1652"}],"version-history":[{"count":4,"href":"https:\/\/edublog.educastur.es\/ixuxullingua\/wp-json\/wp\/v2\/pages\/1652\/revisions"}],"predecessor-version":[{"id":2359,"href":"https:\/\/edublog.educastur.es\/ixuxullingua\/wp-json\/wp\/v2\/pages\/1652\/revisions\/2359"}],"up":[{"embeddable":true,"href":"https:\/\/edublog.educastur.es\/ixuxullingua\/wp-json\/wp\/v2\/pages\/233"}],"wp:attachment":[{"href":"https:\/\/edublog.educastur.es\/ixuxullingua\/wp-json\/wp\/v2\/media?parent=1652"}],"curies":[{"name":"wp","href":"https:\/\/api.w.org\/{rel}","templated":true}]}}