{"id":1658,"date":"2020-12-28T13:14:17","date_gmt":"2020-12-28T11:14:17","guid":{"rendered":"https:\/\/edublog.educastur.es\/ixuxullingua\/?page_id=1658"},"modified":"2021-03-07T11:35:50","modified_gmt":"2021-03-07T09:35:50","slug":"sesion-08","status":"publish","type":"page","link":"https:\/\/edublog.educastur.es\/ixuxullingua\/4-cuartu\/cuartu-20-21\/03-segundu-trimestre\/sesion-08\/","title":{"rendered":"Sesi\u00f3n 08"},"content":{"rendered":"<p style=\"text-align: center\"><span style=\"color: #800080;font-size: 24pt\"><strong><em>Parques Naturales y Reservas de la Biosfera de Asturias<\/em><\/strong><\/span><\/p>\n<p><a href=\"https:\/\/scontent.fmad7-1.fna.fbcdn.net\/v\/t1.0-9\/41488599_1204872009653034_3985007683865411584_o.jpg?_nc_cat=111&amp;ccb=3&amp;_nc_sid=730e14&amp;_nc_ohc=0KleexwgnBYAX9Qm4SV&amp;_nc_ht=scontent.fmad7-1.fna&amp;oh=36b3a3d072cb7d1f01cedd27216ff140&amp;oe=60507F87\"><img loading=\"lazy\" decoding=\"async\" class=\"aligncenter\" src=\"https:\/\/scontent.fmad7-1.fna.fbcdn.net\/v\/t1.0-9\/41488599_1204872009653034_3985007683865411584_o.jpg?_nc_cat=111&amp;ccb=3&amp;_nc_sid=730e14&amp;_nc_ohc=0KleexwgnBYAX9Qm4SV&amp;_nc_ht=scontent.fmad7-1.fna&amp;oh=36b3a3d072cb7d1f01cedd27216ff140&amp;oe=60507F87\" alt=\"\" width=\"650\" height=\"392\" \/><\/a><\/p>\n<p><a href=\"https:\/\/www.mapade.org\/wp-content\/uploads\/mapa-geografico-de-asturias.jpg\"><img loading=\"lazy\" decoding=\"async\" class=\"aligncenter\" src=\"https:\/\/www.mapade.org\/wp-content\/uploads\/mapa-geografico-de-asturias.jpg\" alt=\"\" width=\"660\" height=\"312\" \/><\/a><\/p>\n<ul>\n<li><a href=\"https:\/\/educastur-my.sharepoint.com\/:b:\/g\/personal\/isabellh_educastur_org\/EUGuxsj2d7ZCn_jfL2YlywwBNRZ3V_dZNu9QLpskoFYwQw?e=icWvx6\"><span style=\"font-size: 14pt;color: #800080\"><strong><em>Actividad en castellano<\/em><\/strong><\/span><\/a><\/li>\n<li><a href=\"https:\/\/educastur-my.sharepoint.com\/:b:\/g\/personal\/isabellh_educastur_org\/EX4kS6qdSNlGio5cYhusIfABF5OrFlO37Y2w1eKfQnueiA?e=j0awgU\"><span style=\"font-size: 14pt;color: #800080\"><strong><em>Activid\u00e1 n\u00b4asturianu<\/em><\/strong><\/span><\/a><\/li>\n<\/ul>\n<p><a href=\"https:\/\/imgbox.es\/images\/2021\/03\/05\/AstuBiosferafe60d2c414c7b642.jpg\"><img loading=\"lazy\" decoding=\"async\" class=\"alignnone\" src=\"https:\/\/3.bp.blogspot.com\/-d5ijVVPY26E\/XrVXty5lxCI\/AAAAAAAAL3c\/YD4Q9fMKfbMvlrrAqTrfEw5cLNKK-m75ACLcBGAsYHQ\/s1600\/titulo%2Bpost.jpg\" alt=\"\" width=\"1450\" height=\"927\" \/><\/a><\/p>\n<ul>\n<li><span style=\"font-size: 14pt\"><a href=\"https:\/\/educastur-my.sharepoint.com\/:b:\/g\/personal\/isabellh_educastur_org\/EZacNqd-GHxFthMU1GELXuwBPBjiETepPfZFwdtsYKh-xA?e=nqEFIb\"><strong><em>Sesi\u00f3n 06: de 6\u00ba Naturaleza de Asturias: Espacios protegidos<\/em><\/strong><\/a><\/span><\/li>\n<li><span style=\"font-size: 14pt\"><strong><em><a href=\"https:\/\/educastur-my.sharepoint.com\/:b:\/g\/personal\/isabellh_educastur_org\/EXR4Iy1mHFdMpls2tGpu4dMBETmVUh91EgwmBlaqUrt5Cw?e=0r8ErH\">PLANO PARQUES NATURALES <\/a><\/em><\/strong><em><a href=\"https:\/\/educastur-my.sharepoint.com\/:b:\/g\/personal\/isabellh_educastur_org\/EXR4Iy1mHFdMpls2tGpu4dMBETmVUh91EgwmBlaqUrt5Cw?e=0r8ErH\">(buena resoluci\u00f3n)<\/a><\/em><\/span><\/li>\n<\/ul>\n<hr \/>\n<p><a href=\"https:\/\/yt3.ggpht.com\/ytc\/AAUvwng80Kjehi9l7sVmSeWeDVe1TeT-0uJzlcGa92s3Gw=s176-c-k-c0x00ffffff-no-rj\"><img loading=\"lazy\" decoding=\"async\" class=\"alignleft\" src=\"https:\/\/yt3.ggpht.com\/ytc\/AAUvwng80Kjehi9l7sVmSeWeDVe1TeT-0uJzlcGa92s3Gw=s176-c-k-c0x00ffffff-no-rj\" alt=\"\" width=\"159\" height=\"159\" \/><\/a>\u00a0 <a href=\"https:\/\/deporteasturiano.org\/wp-content\/uploads\/2015\/Logos\/logo4.jpg\"><img loading=\"lazy\" decoding=\"async\" class=\"alignleft\" src=\"https:\/\/deporteasturiano.org\/wp-content\/uploads\/2015\/Logos\/logo4.jpg\" alt=\"\" width=\"517\" height=\"160\" \/><\/a><\/p>\n<p>&nbsp;<\/p>\n<p>&nbsp;<\/p>\n<p>&nbsp;<\/p>\n<p>&nbsp;<\/p>\n<p style=\"text-align: center\"><span style=\"font-size: 14pt\">\n<!-- iframe plugin v.6.0 wordpress.org\/plugins\/iframe\/ -->\n<iframe loading=\"lazy\" width=\"100%\" height=\"315\" src=\"https:\/\/www.youtube.com\/embed\/Hf6KrQUGyTo\" 0=\"\/iframe\" scrolling=\"yes\" class=\"iframe-class\" frameborder=\"0\"><\/iframe>\n<\/span><\/p>\n<ul>\n<li><span style=\"font-size: 14pt\"><strong><em>VER VIDEOS OSO YOGUI:<\/em><\/strong> <a href=\"https:\/\/www.youtube.com\/watch?v=TMqUxwDgkDo\">Saboreando Asturias<\/a> \/\u00a0 <a href=\"https:\/\/www.youtube.com\/watch?v=pFtu2qWvEkY\">Anuncio II<\/a> \/\u00a0 <a href=\"https:\/\/www.youtube.com\/watch?v=SzSZUJGp6Vw\">Yogui y Booboo<\/a><\/span><\/li>\n<\/ul>\n<p style=\"text-align: center\"><span style=\"font-size: 14pt\">\n<!-- iframe plugin v.6.0 wordpress.org\/plugins\/iframe\/ -->\n<iframe loading=\"lazy\" width=\"100%\" height=\"315\" src=\"https:\/\/www.youtube.com\/embed\/SzSZUJGp6Vw\" 0=\"\/iframe\" scrolling=\"yes\" class=\"iframe-class\" frameborder=\"0\"><\/iframe>\n<\/span><\/p>\n<ul>\n<li><span style=\"font-size: 14pt\"><a href=\"https:\/\/youtu.be\/GonOEPAJ84A\"><em>Campa\u00f1a: Asturias, vuelve al paraiso<\/em><\/a><\/span><\/li>\n<\/ul>\n<p style=\"text-align: center\"><span style=\"font-size: 14pt\">\n<!-- iframe plugin v.6.0 wordpress.org\/plugins\/iframe\/ -->\n<iframe loading=\"lazy\" width=\"100%\" height=\"315\" src=\"https:\/\/www.youtube.com\/embed\/GonOEPAJ84A\" 0=\"\/iframe\" scrolling=\"yes\" class=\"iframe-class\" frameborder=\"0\"><\/iframe>\n<\/span><\/p>\n<hr \/>\n<p><span style=\"font-size: 14pt\"><em>Asturias, entre Paisajes Protegidos, Reservas Naturales Parciales y Monumentos Naturales, <strong>suma casi setenta lugares repartidos por toda su geograf\u00eda. Esto significa que su naturaleza est\u00e1 preservada y en estado puro, y que un tercio de su superficie est\u00e1 medioambientalmente protegido.<\/strong><\/em><\/span><\/p>\n<p><a href=\"http:\/\/naturalezadeasturias.es\/img\/accede\/rrenp.png\"><img loading=\"lazy\" decoding=\"async\" class=\"aligncenter\" src=\"http:\/\/naturalezadeasturias.es\/img\/accede\/rrenp.png\" alt=\"\" width=\"152\" height=\"152\" \/><\/a><\/p>\n<ul>\n<li><span style=\"font-size: 14pt\"><a href=\"http:\/\/naturalezadeasturias.es\/espacios\/accede\/protegidos\/\"><em>http:\/\/naturalezadeasturias.es\/espacios\/accede\/protegidos\/<\/em><\/a><\/span><\/li>\n<li><a href=\"http:\/\/naturalezadeasturias.es\/\"><em><span style=\"font-size: 14pt\">http:\/\/naturalezadeasturias.es\/<\/span><\/em><\/a><\/li>\n<li><span style=\"font-size: 14pt\"><em><a href=\"http:\/\/naturalezadeasturias.es\/espacios\/accede\/\">MAPA de Asturias con todos estos espacios&#8230;<\/a><\/em><\/span><\/li>\n<li><span style=\"font-size: 14pt\">A nivel estatal y auton\u00f3mico,<strong> los espacios naturales protegidos se clasifican en cinco categor\u00edas b\u00e1sicas:<\/strong><\/span><\/li>\n<\/ul>\n<ol>\n<li><span style=\"font-size: 14pt\"><strong><em>Parques<\/em><\/strong><\/span><\/li>\n<li><span style=\"font-size: 14pt\"><strong><em>Monumentos naturales<\/em><\/strong><\/span><\/li>\n<li><span style=\"font-size: 14pt\"><strong><em>Reservas Naturales<\/em><\/strong><\/span><\/li>\n<li><span style=\"font-size: 14pt\"><strong><em>Paisajes protegidos<\/em><\/strong><\/span><\/li>\n<li><span style=\"font-size: 14pt\"><strong><em>Espacios marinos protegidos<\/em><\/strong><\/span><\/li>\n<\/ol>\n<p><a href=\"http:\/\/photos1.blogger.com\/blogger\/4097\/2149\/1600\/parques[1].0.gif\"><img loading=\"lazy\" decoding=\"async\" class=\"aligncenter\" src=\"http:\/\/photos1.blogger.com\/blogger\/4097\/2149\/1600\/parques[1].0.gif\" alt=\"\" width=\"455\" height=\"311\" \/><\/a><\/p>\n<hr \/>\n<p><span style=\"font-size: 14pt\">A <u>nivel Europeo<\/u> existe <strong>RED NATURA 2000<\/strong>, que tiene como objetivo salvaguardar la biodiversidad de Europa: h\u00e1bitats, ecosistemas y espacios naturales. <\/span><a href=\"https:\/\/www.diariodeleon.es\/media\/diariodeleon\/images\/2019\/09\/17\/\/20190917113707936.jpg\"><em><span style=\"font-size: 14pt\">Ver RED NATURA en el Cant\u00e1brico<\/span><\/em><\/a><\/p>\n<p><img loading=\"lazy\" decoding=\"async\" class=\"alignnone \" src=\"https:\/\/parquenacionalpicoseuropa.es\/wp-content\/uploads\/2016\/04\/logo_natura_2000.png\" width=\"199\" height=\"199\" \/> \/\u00a0<a href=\"https:\/\/www.diariodeleon.es\/media\/diariodeleon\/images\/2019\/09\/17\/\/20190917113707936.jpg\"><img loading=\"lazy\" decoding=\"async\" class=\"alignleft\" src=\"https:\/\/www.diariodeleon.es\/media\/diariodeleon\/images\/2019\/09\/17\/\/20190917113707936.jpg\" alt=\"\" width=\"416\" height=\"250\" \/><\/a><\/p>\n<p>&nbsp;<\/p>\n<p><em>La <strong>Red Natura 2000 se cre\u00f3 en 1992.<\/strong><br \/>\n<\/em><\/p>\n<p><a href=\"https:\/\/seo.org\/wp-content\/uploads\/2014\/05\/RN2000Asturias_web.jpg\"><img loading=\"lazy\" decoding=\"async\" class=\"aligncenter\" src=\"https:\/\/seo.org\/wp-content\/uploads\/2014\/05\/RN2000Asturias_web.jpg\" alt=\"\" width=\"842\" height=\"596\" \/><\/a><\/p>\n<hr \/>\n<p><span style=\"font-size: 14pt\">A <u>nivel mundial<\/u>, la UNESCO ha creado las <strong>RESERVAS DE LA BIOSFERA<\/strong> en todo el mundo para conciliar la protecci\u00f3n de ecosistemas terrestres y marinos, y la conservaci\u00f3n de la biodiversidad con el desarrollo econ\u00f3mico y social. Hay 631 reservas en 119 pa\u00edses.<\/span><\/p>\n<p><a href=\"https:\/\/www.google.com\/url?sa=i&amp;url=http%3A%2F%2Fwww.mcasturias.org%2Fdocuments%2Fdownload%2F310&amp;psig=AOvVaw2E4fo1tVYdy6tqaFwfcX-5&amp;ust=1613511096434000&amp;source=images&amp;cd=vfe&amp;ved=0CAkQjhxqFwoTCNjc8a_r7O4CFQAAAAAdAAAAABAd\"><img loading=\"lazy\" decoding=\"async\" class=\"size-full aligncenter\" src=\"https:\/\/encrypted-tbn0.gstatic.com\/images?q=tbn:ANd9GcT6HXZ1LxUvTHyuloklNQmxQLhfSDgS23AxDw&amp;usqp=CAU\" width=\"364\" height=\"139\" \/><span style=\"font-size: 14pt\"><em>Descarga\u00a0 pdf<\/em><\/span><\/a><\/p>\n<p style=\"text-align: center\"><span style=\"font-size: 14pt\">\n<!-- iframe plugin v.6.0 wordpress.org\/plugins\/iframe\/ -->\n<iframe loading=\"lazy\" width=\"100%\" height=\"364\" src=\"https:\/\/www.youtube.com\/embed\/_voNtFitF7M\" scrolling=\"yes\" class=\"iframe-class\" frameborder=\"0\"><\/iframe>\n<\/span><\/p>\n<hr \/>\n<p><span style=\"font-size: 14pt\"><strong><em>Parque Nacional de los Picos de Europa. <a href=\"https:\/\/parquenacionalpicoseuropa.es\/\">WEB oficial<\/a><br \/>\n<\/em><\/strong><\/span><\/p>\n<ul>\n<li><span style=\"font-size: 14pt\"><em><a href=\"https:\/\/www.miteco.gob.es\/es\/red-parques-nacionales\/\">Red nacional Parques nacionales<\/a><\/em><\/span><\/li>\n<li><a href=\"https:\/\/www.educastur.es\/mas-educa-actividades-picos-europa\"><em><span style=\"font-size: 14pt\">INFO EDUCASTUR<\/span><\/em><\/a><\/li>\n<\/ul>\n<p><a href=\"https:\/\/www.miteco.gob.es\/es\/red-parques-nacionales\/nuestros-parques\/mapareddeparquesantiguo_tcm30-66130.png\"><img loading=\"lazy\" decoding=\"async\" class=\"aligncenter\" src=\"https:\/\/www.miteco.gob.es\/es\/red-parques-nacionales\/nuestros-parques\/mapareddeparquesantiguo_tcm30-66130.png\" alt=\"\" width=\"745\" height=\"500\" \/><\/a><\/p>\n<p><a href=\"https:\/\/www.truecalia.com\/blog\/wp-content\/uploads\/Parque-Nacional-de-los-Picos-de-Europa-01.jpg\"><img loading=\"lazy\" decoding=\"async\" class=\"alignnone\" src=\"https:\/\/www.truecalia.com\/blog\/wp-content\/uploads\/Parque-Nacional-de-los-Picos-de-Europa-01.jpg\" alt=\"\" width=\"1600\" height=\"466\" \/><\/a><\/p>\n<ul>\n<li><a href=\"https:\/\/www.youtube.com\/embed\/oZK2lVPrans\"><em>Anabel Santiago \u00abPicos d\u00b4Europa\u00bb<\/em><\/a><\/li>\n<\/ul>\n<p style=\"text-align: center\">\n<!-- iframe plugin v.6.0 wordpress.org\/plugins\/iframe\/ -->\n<iframe loading=\"lazy\" width=\"560\" height=\"315\" src=\"https:\/\/www.youtube.com\/embed\/oZK2lVPrans\" 0=\"\/iframe\" scrolling=\"yes\" class=\"iframe-class\" frameborder=\"0\"><\/iframe>\n<\/p>\n<p style=\"text-align: center\">\n<!-- iframe plugin v.6.0 wordpress.org\/plugins\/iframe\/ -->\n<iframe loading=\"lazy\" width=\"100%\" height=\"315\" src=\"https:\/\/www.youtube.com\/embed\/4guDUjLR4h4\" 0=\"\/iframe\" scrolling=\"yes\" class=\"iframe-class\" frameborder=\"0\"><\/iframe>\n<\/p>\n<p><a href=\"https:\/\/thetrekkinglife.com\/images\/meteo\/mapa-montana-picoseuropa.png\"><img loading=\"lazy\" decoding=\"async\" class=\"alignnone\" src=\"https:\/\/thetrekkinglife.com\/images\/meteo\/mapa-montana-picoseuropa.png\" alt=\"\" width=\"400\" height=\"318\" \/><\/a>\/ <a href=\"https:\/\/www.picoseuropa.net\/plano\/picos.gif\"><img loading=\"lazy\" decoding=\"async\" class=\"alignnone\" src=\"https:\/\/www.picoseuropa.net\/plano\/picos.gif\" alt=\"\" width=\"440\" height=\"312\" \/><\/a><\/p>\n<p><a href=\"https:\/\/parquenacionalpicoseuropa.es\/wp-content\/uploads\/2018\/01\/logo_centenario.png\"><img loading=\"lazy\" decoding=\"async\" class=\"alignnone\" src=\"https:\/\/parquenacionalpicoseuropa.es\/wp-content\/uploads\/2018\/01\/logo_centenario.png\" alt=\"\" width=\"351\" height=\"169\" \/><\/a> 2018 \/\u00a0 <a href=\"https:\/\/parquenacionalpicoseuropa.es\/wp-content\/uploads\/2016\/04\/logo_consorcio.png\"><img loading=\"lazy\" decoding=\"async\" class=\"alignnone\" src=\"https:\/\/parquenacionalpicoseuropa.es\/wp-content\/uploads\/2016\/04\/logo_consorcio.png\" alt=\"\" width=\"215\" height=\"215\" \/><\/a><\/p>\n<p>&nbsp;<\/p>\n<ul>\n<li><span style=\"font-size: 14pt\"><a href=\"https:\/\/earth.google.com\/web\/search\/Picos+de+Europa+National+Park\/@43.18721495,-4.83837995,2411.99951334a,8474.94705234d,35y,0h,0t,0r\/data=CigiJgokCRmqkyHzo0VAEXPLPYF2lEVAGQo3NLOBMxPAIYx9aXsGsxPA\">Ir a PICOS DE EUROPA con google Earth<\/a><\/span><\/li>\n<li><span style=\"font-size: 14pt\"><a href=\"https:\/\/www.turismoasturias.es\/blog\/-\/blogs\/guia-para-visitar-covadonga-los-lagos-y-alrededores\">Gu\u00eda para visitar los Picos de Europa<\/a><\/span><\/li>\n<li><span style=\"font-size: 14pt\"><strong><em>LAGOS:<\/em><\/strong> <a href=\"https:\/\/www.turismoasturias.es\/descubre\/naturaleza\/otros-espacios\/lagos\/\">ficha,\u00a0<\/a><\/span><\/li>\n<li><strong><em><span style=\"font-size: 14pt\"><span style=\"color: #800080\">Lago Enol<\/span>: <a href=\"https:\/\/www.turismoasturias.es\/descubre\/naturaleza\/otros-espacios\/lagos\/lago-enol\">ficha<\/a>, <\/span><a href=\"https:\/\/earth.google.com\/web\/search\/lag+enol\/@43.272067,-4.99141645,1073.0372892a,744.20101295d,35y,0h,45t,0r\/data=CnIaSBJCCiQweGQ0OWQ5NmU4ZmI2MTIxNToweGY4ZjYzZTU5NmNmNzE2MDkZgq9DkN6iRUAh6h7ZXDX3E8AqCGxhZyBlbm9sGAIgASImCiQJZtmueembRUARltaJVgGURUAZ0oz-z4D6EsAhP20YvH-6E8AoAg\"><span style=\"font-size: 14pt\">Google Earth<\/span><\/a><\/em><\/strong><\/li>\n<\/ul>\n<p><span style=\"font-size: 14pt\"><a href=\"https:\/\/www.picosdeeuropaleon.com\/wp-content\/uploads\/2016\/03\/lago-enol.jpg\"><img loading=\"lazy\" decoding=\"async\" class=\"aligncenter\" src=\"https:\/\/www.picosdeeuropaleon.com\/wp-content\/uploads\/2016\/03\/lago-enol.jpg\" alt=\"\" width=\"1024\" height=\"669\" \/><\/a><\/span><\/p>\n<ul>\n<li><strong><em><span style=\"font-size: 14pt\"><span style=\"color: #800080\">Lago Ercina<\/span>: <a href=\"https:\/\/www.turismoasturias.es\/descubre\/naturaleza\/otros-espacios\/lagos\/lago-ercina\">ficha<\/a> \/<\/span><a href=\"https:\/\/earth.google.com\/web\/search\/lag+ercina\/@43.26749545,-4.98117025,1112.59878683a,744.26195572d,35y,0h,45t,0r\/data=CnQaShJECiQweGQ0OWQ5N2M4ZjcxYzc5NToweDI1YjVhZGY4ZDk2NGNhY2EZ0UmljkSiRUAhtSeS-ZHsE8AqCmxhZyBlcmNpbmEYAiABIiYKJAlmqrhHKKVFQBESFt4m4Z9FQBn-90Woe_kTwCHryryMThoUwCgC\"><span style=\"font-size: 14pt\"> Google Earth<\/span><\/a><\/em><\/strong><\/li>\n<\/ul>\n<p><a href=\"https:\/\/www.turismoasturias.es\/documents\/11022\/363271\/LagoErcina3.jpg\/6b509c22-3445-491f-907c-bee570264ade?t=1391700036705\"><img loading=\"lazy\" decoding=\"async\" class=\"aligncenter\" src=\"https:\/\/www.turismoasturias.es\/documents\/11022\/363271\/LagoErcina3.jpg\/6b509c22-3445-491f-907c-bee570264ade?t=1391700036705\" alt=\"\" width=\"708\" height=\"449\" \/><\/a><\/p>\n<ul>\n<li><strong><em><span style=\"font-size: 14pt\"><span style=\"color: #800080\">Lago Bricial<\/span>: <a href=\"https:\/\/www.asturnatura.com\/turismo\/lago-bricial\/14950.html\">ficha<\/a> \/<\/span><br \/>\n<\/em><\/strong><\/li>\n<\/ul>\n<p><a href=\"https:\/\/www.elfielato.es\/media\/elfielato\/images\/2018\/04\/07\/lago-bricial-fernando-moro.jpg\"><img loading=\"lazy\" decoding=\"async\" class=\"aligncenter\" src=\"https:\/\/www.elfielato.es\/media\/elfielato\/images\/2018\/04\/07\/lago-bricial-fernando-moro.jpg\" alt=\"\" width=\"1000\" height=\"750\" \/><\/a><\/p>\n<hr \/>\n<ul>\n<li><span style=\"font-size: 14pt\"><em><strong>Naranjo de Bulnes<\/strong><\/em>: <a href=\"https:\/\/es.wikipedia.org\/wiki\/Naranjo_de_Bulnes\">Wiki<\/a>, <a href=\"https:\/\/earth.google.com\/web\/search\/picu+urriellu\/@43.2002348,-4.8165942,2256.67315618a,3788.31583805d,35y,0h,45t,0r\/data=CncaTRJHCiQweGQ0OWNmMzFlYzJhOWQxYjoweDM2OGQ0OTZjZDFkMzY2OGQZm4BwT6GZRUAhw2kcRTFEE8AqDXBpY3UgdXJyaWVsbHUYAiABIiYKJAlMX_gUOLtFQBHnUR74W7pFQBnZLE5oPzsUwCEtWZGKvk4UwCgC\"><strong><em>Google Earth<\/em><\/strong><\/a> \/ <a href=\"https:\/\/youtu.be\/GGYo_4Gi2Z0\">Video<\/a> \/<\/span><\/li>\n<\/ul>\n<p><span style=\"font-size: 14pt\">El <b>Naranjo de Bulnes<\/b> (en <a class=\"mw-redirect\" title=\"Idioma asturiano\" href=\"https:\/\/es.wikipedia.org\/wiki\/Idioma_asturiano\">asturiano<\/a> <b>Picu Urriellu<\/b>) es un pico <a title=\"\u00d3xido de calcio\" href=\"https:\/\/es.wikipedia.org\/wiki\/%C3%93xido_de_calcio\">calc\u00e1reo<\/a> de origen <a class=\"mw-redirect\" title=\"Era Paleozoica\" href=\"https:\/\/es.wikipedia.org\/wiki\/Era_Paleozoica\">paleozoico<\/a> situado en el <a title=\"Macizo de los Urrieles\" href=\"https:\/\/es.wikipedia.org\/wiki\/Macizo_de_los_Urrieles\">Macizo de los Urrieles<\/a> en los <a title=\"Picos de Europa\" href=\"https:\/\/es.wikipedia.org\/wiki\/Picos_de_Europa\">Picos de Europa<\/a>, en <a title=\"Asturias\" href=\"https:\/\/es.wikipedia.org\/wiki\/Asturias\">Asturias<\/a> (<a title=\"Espa\u00f1a\" href=\"https:\/\/es.wikipedia.org\/wiki\/Espa%C3%B1a\">Espa\u00f1a<\/a>). Administrativamente, el Naranjo de Bulnes se encuentra situado en el concejo asturiano de <a title=\"Cabrales\" href=\"https:\/\/es.wikipedia.org\/wiki\/Cabrales\">Cabrales<\/a> y dentro del <a title=\"Parque nacional de Picos de Europa\" href=\"https:\/\/es.wikipedia.org\/wiki\/Parque_nacional_de_Picos_de_Europa\">parque nacional de Picos de Europa<\/a>. Debe su nombre, Naranjo de Bulnes, al color anaranjado que presenta la piedra caliza de la que est\u00e1 formado. <a href=\"https:\/\/elviajero.elpais.com\/elviajero\/2018\/07\/05\/actualidad\/1530779337_989745.html\"><em><strong>REPORTAJE\u00a0 EL\u00a0 PA\u00cdS 2018<\/strong><\/em><\/a><\/span><\/p>\n<p><a href=\"https:\/\/www.hayquever.com\/documentos\/fichas\/fotos\/1944.jpg\"><span style=\"font-size: 14pt\"><em>La inaccesibilidad del Urriellu termin\u00f3 el 5 de agosto de 1904. Ese d\u00eda, Pedro Pidal, marqu\u00e9s de Villaviciosa y principal defensor en el Senado de los inicios del conservacionismo en Espa\u00f1a, y su gu\u00eda, Gregorio P\u00e9rez, <strong>El Cainejo<\/strong>,<\/em> emprendieron la aventura de coronar la cumbre, equipados con una cuerda de pita y unas alpargatas de c\u00e1\u00f1amo.\u00a0<\/span><img loading=\"lazy\" decoding=\"async\" class=\"aligncenter\" src=\"https:\/\/www.hayquever.com\/documentos\/fichas\/fotos\/1944.jpg\" alt=\"\" width=\"400\" height=\"225\" \/><\/a><\/p>\n<p><span style=\"font-size: 14pt\">La subida a este pico, es una de las m\u00e1s complicadas a los Picos de Europa, de echo, no se puede hacer cumbre sin usar t\u00e9cnicas de escalada, pero s\u00ed se puede divisar de cerca para contemplar esta impresionante mole de piedra natural.<\/span><\/p>\n<p><span style=\"font-size: 14pt\">Tiene una <a title=\"Altitud\" href=\"https:\/\/es.wikipedia.org\/wiki\/Altitud\">altitud<\/a> de 2519\u00a0m y, aunque no se trate del pico m\u00e1s alto de la <a title=\"Cordillera Cant\u00e1brica\" href=\"https:\/\/es.wikipedia.org\/wiki\/Cordillera_Cant%C3%A1brica\">cordillera Cant\u00e1brica<\/a>, puede ser considerado como uno de sus montes m\u00e1s conocidos, as\u00ed como una de las cumbres emblem\u00e1ticas de <a title=\"Espa\u00f1a\" href=\"https:\/\/es.wikipedia.org\/wiki\/Espa%C3%B1a\">Espa\u00f1a<\/a>. Destaca desde el punto de vista de la escalada en grandes paredes, especialmente por los 550 metros de pared vertical de su cara Oeste. En su base se encuentra la Vega de Urriellu, un <a title=\"Valle glaciar\" href=\"https:\/\/es.wikipedia.org\/wiki\/Valle_glaciar\">valle de origen glaciar<\/a> <a title=\"Per\u00edodo Cuaternario\" href=\"https:\/\/es.wikipedia.org\/wiki\/Per%C3%ADodo_Cuaternario\">cuaternario<\/a>.<\/span><\/p>\n<p style=\"text-align: center\">\n<!-- iframe plugin v.6.0 wordpress.org\/plugins\/iframe\/ -->\n<iframe loading=\"lazy\" width=\"100%\" height=\"364\" src=\"https:\/\/www.youtube.com\/embed\/GGYo_4Gi2Z0\" scrolling=\"yes\" class=\"iframe-class\" frameborder=\"0\"><\/iframe>\n<\/p>\n<p><a href=\"https:\/\/kilometrosquecuentan.com\/wp-content\/uploads\/2020\/06\/picos-europa-naranjo-bulnes.jpg\"><img loading=\"lazy\" decoding=\"async\" class=\"alignnone\" src=\"https:\/\/kilometrosquecuentan.com\/wp-content\/uploads\/2020\/06\/picos-europa-naranjo-bulnes.jpg\" alt=\"\" width=\"1280\" height=\"500\" \/><\/a><\/p>\n<p><a href=\"https:\/\/elviajero.elpais.com\/elviajero\/imagenes\/2018\/07\/05\/actualidad\/1530779337_989745_1530808001_sumario_grande.jpg\"><img loading=\"lazy\" decoding=\"async\" class=\"aligncenter\" src=\"https:\/\/elviajero.elpais.com\/elviajero\/imagenes\/2018\/07\/05\/actualidad\/1530779337_989745_1530808001_sumario_grande.jpg\" alt=\"\" width=\"546\" height=\"424\" \/><\/a><\/p>\n<p><a href=\"https:\/\/ep01.epimg.net\/elviajero\/imagenes\/2018\/07\/05\/actualidad\/1530779337_989745_1530790447_sumario_normal_recorte1.jpg\"><img loading=\"lazy\" decoding=\"async\" class=\"alignnone\" src=\"https:\/\/ep01.epimg.net\/elviajero\/imagenes\/2018\/07\/05\/actualidad\/1530779337_989745_1530790447_sumario_normal_recorte1.jpg\" alt=\"\" width=\"1960\" height=\"1262\" \/><\/a><\/p>\n<p style=\"text-align: center\"><span style=\"font-size: 12pt\"><strong><span class=\"foto-texto\">Senderistas en la ruta de la garganta del Cares, entre Ca\u00edn (Le\u00f3n) y Poncebos (Asturias),<br \/>\nen el parque nacional de los Picos de Europa.<\/span><\/strong> <span class=\"foto-firma\"><span class=\"foto-autor\">Mikel Ortega<\/span> <span class=\"foto-agencia\">Getty<\/span><\/span><\/span><\/p>\n<hr \/>\n<ul>\n<li><span style=\"font-size: 14pt\"><a href=\"https:\/\/www.facebook.com\/asturiasbiosfera\">Asturias Biosfera Facebook<\/a><\/span><\/li>\n<li><span style=\"font-size: 14pt\"><a href=\"http:\/\/naturalezadeasturias.es\/espacios\/visita\/reservas-biosfera\/\">VIDEOS de las Reservas de la Biosfera.\u00a0<\/a><\/span><\/li>\n<li><span style=\"font-size: 14pt\"><a href=\"https:\/\/youtu.be\/_voNtFitF7M\">Video resumen de las seis reservas!!<\/a><\/span><\/li>\n<li><span style=\"font-size: 14pt\">Muniellos:<a href=\"https:\/\/verne.elpais.com\/verne\/2018\/09\/13\/articulo\/1536844947_401655.html?fbclid=IwAR2g2ID4HIlNgs97uhK8z8XhSqeMSb8Qc90hRjKLcZA0gDQsSZlTtHVHisY\"> fotos<\/a>,<\/span><\/li>\n<\/ul>\n<p><span style=\"font-size: 14pt\"><em><strong><u>En Asturias tenemos siete Reservas de la Biosfera:<\/u><\/strong><\/em><\/span><\/p>\n<ul>\n<li><span style=\"font-size: 14pt\"><strong><em>\u009eLa Comarca Ozcos-Eo: <a href=\"https:\/\/1.bp.blogspot.com\/-E4nPWCv3m9M\/XoMIvYz_fwI\/AAAAAAAALmk\/RZbiljXSGGAP7jcscNKkx_yLOVgBMDffgCLcBGAsYHQ\/s1600\/oscos%2Bhistoria.jpg\">Gr\u00e1fico<\/a>. <a href=\"https:\/\/sites.google.com\/site\/happyandfundiy\/folletos\/folleto%20eo%20y%20oscos.pdf\">Folleto<\/a>. \u00a0<a href=\"https:\/\/youtu.be\/eNPMNwEwXK4\">VIDEO<\/a><br \/>\n<\/em><\/strong><\/span><\/li>\n<li><span style=\"font-size: 14pt\"><strong><em>El Parque N. de los Picos de Europa: <a href=\"https:\/\/1.bp.blogspot.com\/-1RQ2G7qBFhw\/XpSAuXA2OfI\/AAAAAAAALr0\/zB0VZQHUeHI9-XfiHug74VRA2y6Zvx9VACLcBGAsYHQ\/s1600\/picos%2Bde%2Beuropa%2Bhistoria.jpg\">Gr\u00e1fico<\/a>. <a href=\"https:\/\/sites.google.com\/site\/happyandfundiy\/folletos\/picos_de_europa.pdf.pdf\">Folleto<\/a>. <a href=\"https:\/\/youtu.be\/VzPno1b0b9U\">VIDEO<\/a><br \/>\n<\/em><\/strong><\/span><\/li>\n<li><span style=\"font-size: 14pt\"><strong><em>el parque natural de Las Ubi\u00f1as-La Mesa: <a href=\"https:\/\/1.bp.blogspot.com\/-kW1syMevzoc\/XoMIO8R9iuI\/AAAAAAAALmU\/4GXr6xfyVvkHXlAH0_X1UIaq1rzbJg2RQCLcBGAsYHQ\/s1600\/ubi%25C3%25B1as%2Bhistoria.jpg\">Gr\u00e1fico<\/a>. <a href=\"https:\/\/sites.google.com\/site\/happyandfundiy\/folletos\/folleto%20ubi%C3%B1as.pdf\">Folleto<\/a>. <a href=\"https:\/\/youtu.be\/N65z0Or5XX8\">VIDEO<\/a><br \/>\n<\/em><\/strong><\/span><\/li>\n<li><span style=\"font-size: 14pt\"><strong><em>el parque natural de Redes: <a href=\"https:\/\/1.bp.blogspot.com\/-scLIbUJppLA\/XoMH-Yyjv2I\/AAAAAAAALmM\/BLVx3Kld5v42HsCqC-Xhmd7esPatCREEwCLcBGAsYHQ\/s1600\/redes%2Bhistoria.jpg\">Gr\u00e1fico<\/a>. <a href=\"https:\/\/sites.google.com\/site\/happyandfundiy\/folletos\/folleto%20redes.pdf\">Folleto<\/a>. <a href=\"https:\/\/youtu.be\/pgkfZy46ilk\">VIDEO<\/a><br \/>\n<\/em><\/strong><\/span><\/li>\n<li><span style=\"font-size: 14pt\"><strong><em>el parque natural de Ponga: <a href=\"https:\/\/4.bp.blogspot.com\/-FJGGhPDd3rg\/XoIVSaNDuqI\/AAAAAAAALlg\/o6G4UBVbpykugAaLfNauaqg_28_jMRoFQCLcBGAsYHQ\/s1600\/ponga%2Bhistoria.jpg\">Gr\u00e1fico<\/a>. <a href=\"https:\/\/youtu.be\/6xxL80mkEFs\">VIDEO<\/a>. <a href=\"https:\/\/sites.google.com\/site\/happyandfundiy\/folletos\/Mapa_Ponga.pdf\">Folleto.\u00a0<\/a> <\/em><\/strong><\/span><\/li>\n<li><span style=\"font-size: 14pt\"><strong><em>el parque natural de Somiedu: .<a href=\"https:\/\/1.bp.blogspot.com\/-ib_XC08ueoY\/XoMIaX5m8LI\/AAAAAAAALmY\/eSzZru324Cw8M5yh8jzKmlzpmoa5YNdYgCLcBGAsYHQ\/s1600\/somiedo%2Bhistoria.jpg\">Gr\u00e1fico<\/a>. <a href=\"https:\/\/sites.google.com\/site\/happyandfundiy\/folletos\/FOLLETO%20SOMIEDO.pdf\">Folleto<\/a>. <a href=\"https:\/\/youtu.be\/eG8zYN9H3ik\">VIDEO<\/a><br \/>\n<\/em><\/strong><\/span><\/li>\n<li><strong><em><span style=\"font-size: 14pt\">el parque natural de las Fuentes del Narcea, Dega\u00f1a e Ibias: <a href=\"https:\/\/1.bp.blogspot.com\/-2iv8g3WRMPI\/XoMIj6VOruI\/AAAAAAAALmg\/L1Ma3YfLxMwdBBck8INmePz_AZ3HbMuJACLcBGAsYHQ\/s1600\/FUENTES%2BHISTORIA.jpg\">Gr\u00e1fico<\/a>. <a href=\"https:\/\/sites.google.com\/site\/happyandfundiy\/folletos\/folleto%20fuentes%20del%20narcea.pdf\">Folleto<\/a>. <\/span><a href=\"https:\/\/youtu.be\/6qBt7n7bX5M\"><span style=\"font-size: 14pt\">VIDEO<\/span><\/a><\/em><\/strong><\/li>\n<\/ul>\n<div id=\"p_p_id_56_INSTANCE_naZjjKb4GNN0_\" class=\"portlet-boundary portlet-boundary_56_ portlet-static portlet-static-end portlet-borderless portlet-journal-content \">\n<div class=\"portlet-body\">\n<div class=\"portlet-borderless-container\">\n<div class=\"portlet-body\">\n<div id=\"article_10558_11022_4142489_1.2\" class=\"journal-content-article\">\n<div id=\"page-contents\" class=\"container-fluid solid-menus\">\n<section class=\"section\">\n<div class=\"container\">\n<div class=\"row\">\n<div class=\"col-md-12 col-sm-12 hero-area-cuadro-titulos hero-area-naturaleza-reservas wow zoomIn animated\" data-wow-duration=\"2000ms\" data-wow-delay=\"0.3s\">\n<div>\n<h2 style=\"text-align: center\"><span style=\"color: #800080\"><em>Reservas de la Biosfera<\/em><\/span><\/h2>\n<\/div>\n<\/div>\n<\/div>\n<\/div>\n<\/section>\n<\/div>\n<\/div>\n<\/div>\n<\/div>\n<\/div>\n<\/div>\n<div id=\"p_p_id_webcontentportlet_WAR_webcontentsportlet_INSTANCE_GTYtOyPbt4CG_\" class=\"portlet-boundary portlet-boundary_webcontentportlet_WAR_webcontentsportlet_ portlet-static portlet-static-end portlet-borderless webcontentportlet-portlet \">\n<div class=\"portlet-body\">\n<div class=\"portlet-borderless-container\">\n<div class=\"portlet-body\">\n<div class=\" webcontentportlet-container webcontentportlet-naturaleza-enlace--wrapper\">\n<div class=\"content-template-wrapper naturaleza-enlace--wrapper\">\n<div class=\"content-template naturaleza-enlace-\">\n<div class=\"content-wrapper\">\n<div class=\"item-template item-template-first item-1 odd\">\n<div class=\"box-small-link-wrapper box-wrapper\">\n<div class=\"box-small-link box\">\n<div style=\"text-align: center\"><a class=\"link\" href=\"https:\/\/www.turismoasturias.es\/descubre\/naturaleza\/reservas-de-la-biosfera\/parque-natural-de-las-ubinas-la-mesa2\"> <span class=\"image-wrapper crop\"> <img loading=\"lazy\" decoding=\"async\" class=\"image aligncenter\" title=\"Naturaleza :: Parque Natural de Las Ubi\u00f1as - La Mesa\" src=\"https:\/\/www.turismoasturias.es\/documents\/11022\/40364\/home-ubinas.jpg\/5b070ac7-2837-4fbd-84c0-8484e2ac51ef?t=1595492534472&amp;imageThumbnail=3\" alt=\"Naturaleza :: Parque Natural de Las Ubi\u00f1as - La Mesa\" width=\"275\" height=\"107\" \/> <\/span> <span class=\"info\"> <span class=\"title\"><br \/>\n<strong>Parque Natural de Las Ubi\u00f1as &#8211; La Mesa <\/strong><\/span> <span class=\"resume\"><br \/>\nUbicado en la zona meridional de Asturias,<br \/>\ncuenta con una incalculable riqueza natural y cultural. <\/span> <\/span> <\/a><\/div>\n<\/div>\n<\/div>\n<\/div>\n<div class=\"item-template item-2 even\">\n<div class=\"box-small-link-wrapper box-wrapper\">\n<div class=\"box-small-link box\">\n<div style=\"text-align: center\"><a class=\"link\" href=\"https:\/\/www.turismoasturias.es\/descubre\/naturaleza\/reservas-de-la-biosfera\/parque-natural-de-ponga2\"> <span class=\"image-wrapper crop\"> <img loading=\"lazy\" decoding=\"async\" class=\"image aligncenter\" title=\"Naturaleza :: Parque Natural de Ponga\" src=\"https:\/\/www.turismoasturias.es\/documents\/11022\/40563\/home-ponga.jpg\/9ef8984b-1a06-4383-8a01-45f6d530ca49?t=1595492485323&amp;imageThumbnail=3\" alt=\"Naturaleza :: Parque Natural de Ponga\" width=\"274\" height=\"107\" \/> <\/span> <span class=\"info\"> <span class=\"title\"><br \/>\n<strong>Parque Natural de Ponga<\/strong><br \/>\n<\/span> <span class=\"resume\"> Constituye un territorio de relieve complejo,<br \/>\ncon altitudes oscilantes entre los 300 y los m\u00e1s de 2.100 metros de Pe\u00f1a Ten. <\/span> <\/span> <\/a><\/div>\n<\/div>\n<\/div>\n<\/div>\n<div class=\"item-template item-3 odd\">\n<div class=\"box-small-link-wrapper box-wrapper\">\n<div class=\"box-small-link box\">\n<div style=\"text-align: center\"><a class=\"link\" href=\"https:\/\/www.turismoasturias.es\/descubre\/naturaleza\/reservas-de-la-biosfera\/parque-natural-de-redes2\"> <span class=\"image-wrapper crop\"> <img loading=\"lazy\" decoding=\"async\" class=\"image aligncenter\" title=\"Naturaleza :: Parque Natural de Redes\" src=\"https:\/\/www.turismoasturias.es\/documents\/11022\/40668\/home-redes.jpg\/dfccd650-4d01-4c65-8e36-b7de1277462c?t=1595492470375&amp;imageThumbnail=3\" alt=\"Naturaleza :: Parque Natural de Redes\" width=\"274\" height=\"107\" \/> <\/span> <span class=\"info\"> <span class=\"title\"><br \/>\n<strong>Parque Natural de Redes <\/strong><\/span> <span class=\"resume\"><br \/>\nMultitud de contrastes y paisajes recorren sus 38.000 hect\u00e1reas. <\/span> <\/span> <\/a><\/div>\n<\/div>\n<\/div>\n<\/div>\n<div class=\"item-template item-4 even\">\n<div class=\"box-small-link-wrapper box-wrapper\">\n<div class=\"box-small-link box\">\n<div style=\"text-align: center\"><a class=\"link\" href=\"https:\/\/www.turismoasturias.es\/descubre\/naturaleza\/reservas-de-la-biosfera\/parque-natural-de-somiedo2\"> <span class=\"image-wrapper crop\"> <img loading=\"lazy\" decoding=\"async\" class=\"image aligncenter\" title=\"Naturaleza :: Parque Natural de Somiedo\" src=\"https:\/\/www.turismoasturias.es\/documents\/11022\/40935\/Somiedo.jpg\/247290dd-0661-479b-a04e-976c01035d34?t=1599722228716&amp;imageThumbnail=3\" alt=\"Naturaleza :: Parque Natural de Somiedo\" width=\"274\" height=\"174\" \/> <\/span> <span class=\"info\"> <span class=\"title\"><br \/>\n<strong>Parque Natural de Somiedo<\/strong><br \/>\n<\/span> <span class=\"resume\"> Los apacibles lagos son la se\u00f1a de identidad<br \/>\ndel primer Parque Natural declarado en Asturias. <\/span> <\/span> <\/a><\/div>\n<\/div>\n<\/div>\n<\/div>\n<div class=\"item-template item-5 odd\">\n<div class=\"box-small-link-wrapper box-wrapper\">\n<div class=\"box-small-link box\">\n<div style=\"text-align: center\"><a class=\"link\" href=\"https:\/\/www.turismoasturias.es\/descubre\/naturaleza\/reservas-de-la-biosfera\/parque-natural-de-las-fuentes-del-narcea-degana-e-ibias2\"> <span class=\"image-wrapper crop\"> <img loading=\"lazy\" decoding=\"async\" class=\"image aligncenter\" title=\"Naturaleza :: Parque Natural de las Fuentes del Narcea, Dega\u00f1a e Ibias\" src=\"https:\/\/www.turismoasturias.es\/documents\/11022\/40187\/home-fuentes.jpg\/bc481d47-cc3a-4966-b7af-3fb1bd0ecba1?t=1595492563316&amp;imageThumbnail=3\" alt=\"Naturaleza :: Parque Natural de las Fuentes del Narcea, Dega\u00f1a e Ibias\" width=\"274\" height=\"107\" \/> <\/span> <span class=\"info\"> <span class=\"title\"><br \/>\n<strong>Parque Natural de las Fuentes del Narcea, Dega\u00f1a e Ibias <\/strong><\/span> <span class=\"resume\"><br \/>\nEl oso pardo y el roble son los principales pobladores<br \/>\nde este in\u00e9dito paraje del suroccidente asturiano. <\/span> <\/span> <\/a><\/div>\n<\/div>\n<\/div>\n<\/div>\n<div class=\"item-template item-6 even\">\n<div class=\"box-small-link-wrapper box-wrapper\">\n<div class=\"box-small-link box\">\n<div style=\"text-align: center\"><a class=\"link\" href=\"https:\/\/www.turismoasturias.es\/descubre\/naturaleza\/reservas-de-la-biosfera\/oscos-eo2\"> <span class=\"image-wrapper crop\"> <img loading=\"lazy\" decoding=\"async\" class=\"image aligncenter\" title=\"Naturaleza :: R\u00edo Eo, Oscos y Terras de Bur\u00f3n\" src=\"https:\/\/www.turismoasturias.es\/documents\/11022\/39764\/home-oscos.jpg\/5ac892ab-c6e3-4664-9bee-62912c63b912?t=1595492612937&amp;imageThumbnail=3\" alt=\"Naturaleza :: R\u00edo Eo, Oscos y Terras de Bur\u00f3n\" width=\"274\" height=\"107\" \/> <\/span> <span class=\"info\"> <span class=\"title\"><br \/>\n<strong>R\u00edo Eo, Oscos y Terras de Bur\u00f3n <\/strong><\/span> <span class=\"resume\"><br \/>\nBosques m\u00e1gicos, playas \u00fanicas y acantilados de v\u00e9rtigo<br \/>\nson los protagonistas de este patrimonio natural del occidente asturiano,<br \/>\nque vertebra su territorio desde el nacimiento del R\u00edo Eo,<br \/>\nhasta su desembocadura en el Cant\u00e1brico. <\/span> <\/span> <\/a><\/div>\n<\/div>\n<\/div>\n<\/div>\n<div class=\"item-template item-template-last item-7 odd\">\n<div class=\"box-small-link-wrapper box-wrapper\">\n<div class=\"box-small-link box\">\n<div style=\"text-align: center\"><a class=\"link\" href=\"https:\/\/www.turismoasturias.es\/descubre\/naturaleza\/reservas-de-la-biosfera\/parque-nacional-de-los-picos-de-europa2\"> <span class=\"image-wrapper crop\"> <img loading=\"lazy\" decoding=\"async\" class=\"image aligncenter\" title=\"Naturaleza :: Parque Nacional de Los Picos de Europa\" src=\"https:\/\/www.turismoasturias.es\/documents\/11022\/40024\/home-picos.jpg\/eeaa33b0-f1bc-401b-b2f4-f5ab68225bed?t=1595492583128&amp;imageThumbnail=3\" alt=\"Naturaleza :: Parque Nacional de Los Picos de Europa\" width=\"274\" height=\"107\" \/> <\/span> <span class=\"info\"> <span class=\"title\"><br \/>\n<strong>Parque Nacional de Los Picos de Europa<\/strong><br \/>\n<\/span> <span class=\"resume\"> Las cumbres m\u00e1s altas de la Cordillera Cant\u00e1brica se encuentran<br \/>\nen este paraje donde se gest\u00f3 la legendaria historia de Asturias. <\/span> <\/span> <\/a><\/div>\n<\/div>\n<\/div>\n<\/div>\n<\/div>\n<\/div>\n<\/div>\n<\/div>\n<\/div>\n<\/div>\n<\/div>\n<\/div>\n<p><img loading=\"lazy\" decoding=\"async\" class=\"alignnone size-full\" src=\"https:\/\/www.turismoasturias.es\/documents\/11022\/4116940\/home-biosfera.jpg\" width=\"1920\" height=\"750\" \/><\/p>\n<ul>\n<li><a href=\"https:\/\/www.turismoasturias.es\/naturaleza\/reservas-de-la-biosfera\"><strong><em>WEB Reserva Biosfera (ver)<\/em><\/strong><\/a><\/li>\n<\/ul>\n<p><img loading=\"lazy\" decoding=\"async\" class=\"alignnone size-full\" src=\"https:\/\/yt3.ggpht.com\/6VlcaIurwLv0SqrfCqQWrAlCR-y103h64gCEN6tSYvp0F7ViVgW7dghp_w-yMyAv6tPRU8KVDxY=w1707-fcrop64=1,00005a57ffffa5a8-k-c0xffffffff-no-nd-rj\" width=\"1707\" height=\"282\" \/><\/p>\n<p style=\"text-align: center\"><span style=\"color: #008080;font-size: 18pt\"><strong><em>Ver desde la p\u00e1gina 26 y el mapa de las dos \u00faltimas p\u00e1ginas<\/em><\/strong><\/span><\/p>\n<p style=\"text-align: center\">\n<!-- iframe plugin v.6.0 wordpress.org\/plugins\/iframe\/ -->\n<iframe loading=\"lazy\" src=\"https:\/\/drive.google.com\/file\/d\/1u7Mfz-HXvhnsWDi8JT31e6ywRQLoXlOJ\/preview\" width=\"640\" height=\"840\" 0=\"\/iframe\" scrolling=\"yes\" class=\"iframe-class\" frameborder=\"0\"><\/iframe>\n<\/p>\n","protected":false},"excerpt":{"rendered":"<p>Parques Naturales y Reservas de la Biosfera de Asturias Actividad en castellano Activid\u00e1 n\u00b4asturianu Sesi\u00f3n 06: de 6\u00ba Naturaleza de Asturias: Espacios protegidos PLANO PARQUES NATURALES (buena resoluci\u00f3n) \u00a0 &nbsp; &nbsp; &nbsp; &nbsp; VER VIDEOS OSO YOGUI: Saboreando Asturias \/\u00a0 Anuncio II \/\u00a0 Yogui y Booboo Campa\u00f1a: Asturias, vuelve al paraiso Asturias, entre Paisajes Protegidos, [&hellip;]<\/p>\n","protected":false},"author":117,"featured_media":0,"parent":231,"menu_order":0,"comment_status":"closed","ping_status":"closed","template":"","meta":{"footnotes":""},"class_list":["post-1658","page","type-page","status-publish","hentry","post-preview"],"_links":{"self":[{"href":"https:\/\/edublog.educastur.es\/ixuxullingua\/wp-json\/wp\/v2\/pages\/1658","targetHints":{"allow":["GET"]}}],"collection":[{"href":"https:\/\/edublog.educastur.es\/ixuxullingua\/wp-json\/wp\/v2\/pages"}],"about":[{"href":"https:\/\/edublog.educastur.es\/ixuxullingua\/wp-json\/wp\/v2\/types\/page"}],"author":[{"embeddable":true,"href":"https:\/\/edublog.educastur.es\/ixuxullingua\/wp-json\/wp\/v2\/users\/117"}],"replies":[{"embeddable":true,"href":"https:\/\/edublog.educastur.es\/ixuxullingua\/wp-json\/wp\/v2\/comments?post=1658"}],"version-history":[{"count":5,"href":"https:\/\/edublog.educastur.es\/ixuxullingua\/wp-json\/wp\/v2\/pages\/1658\/revisions"}],"predecessor-version":[{"id":2335,"href":"https:\/\/edublog.educastur.es\/ixuxullingua\/wp-json\/wp\/v2\/pages\/1658\/revisions\/2335"}],"up":[{"embeddable":true,"href":"https:\/\/edublog.educastur.es\/ixuxullingua\/wp-json\/wp\/v2\/pages\/231"}],"wp:attachment":[{"href":"https:\/\/edublog.educastur.es\/ixuxullingua\/wp-json\/wp\/v2\/media?parent=1658"}],"curies":[{"name":"wp","href":"https:\/\/api.w.org\/{rel}","templated":true}]}}