{"id":166,"date":"2020-07-23T16:22:58","date_gmt":"2020-07-23T16:22:58","guid":{"rendered":"https:\/\/edublog.educastur.es\/ixuxullingua\/?page_id=166"},"modified":"2020-08-19T15:59:17","modified_gmt":"2020-08-19T14:59:17","slug":"dia-de","status":"publish","type":"page","link":"https:\/\/edublog.educastur.es\/ixuxullingua\/dia-de\/","title":{"rendered":"D\u00eda de&#8230;"},"content":{"rendered":"<p><span style=\"font-size: 18pt\"><strong><span style=\"color: #008080\">Nesta p\u00e1xina enllazaremos noticies d\u00b4inter\u00e9s pa la reciella:<\/span><\/strong><\/span><\/p>\n<ul>\n<li><\/li>\n<li><span style=\"font-size: 14pt\">28 Xunu: <a href=\"https:\/\/edublog.educastur.es\/ixuxullingua\/2020\/06\/\">D\u00eda Mundial del \u00c1rbol<\/a><\/span><\/li>\n<li><span style=\"font-size: 14pt\">24 Xunu: <a href=\"http:\/\/\u201cNueche de San Xuan\u201d\">Nueche de San Xuan<\/a><\/span><\/li>\n<li><span style=\"font-size: 14pt\">21 Xunu: <\/span><a href=\"https:\/\/edublog.educastur.es\/ixuxu\/2020\/06\/fiesta-europea-de-la-musica\/\"><span style=\"font-size: 14pt\">Fiesta Europea de la M\u00fasica<\/span><\/a><\/li>\n<li><span style=\"font-size: 14pt\">06 Xunu: <a href=\"https:\/\/edublog.educastur.es\/ixuxullingua\/2020\/06\/03\/dia-internacional-dela-sidra\/\">D\u00eda Internacional de la Sidra<\/a><\/span><\/li>\n<li><span style=\"font-size: 14pt\">03 Xunu: <a href=\"https:\/\/edublog.educastur.es\/ixuxu\/2020\/06\/dia-mundial-de-la-bicicleta\/\">D\u00eda Mundial de la Bicicleta<\/a><\/span><\/li>\n<li><span style=\"font-size: 14pt\">28 Xunu:<a href=\"https:\/\/edublog.educastur.es\/ixuxullingua\/2020\/08\/19\/dia-mundial-del-arbol-dia-forestal-mundial\/?preview_id=784&amp;preview_nonce=66084b8d52&amp;post_format=standard&amp;_thumbnail_id=-1&amp;preview=true\"> D\u00eda Mundial del \u00c1rbol<\/a><\/span><\/li>\n<li><span style=\"font-size: 14pt\">28 Mayu: <a href=\"https:\/\/edublog.educastur.es\/ixuxullingua\/2020\/05\/28\/dia-internacional-del-xuegu\/\">D\u00eda Internacional del Xuegu<\/a><\/span><\/li>\n<li><span style=\"font-size: 14pt\">25 Mayu: <a href=\"https:\/\/edublog.educastur.es\/ixuxullingua\/2020\/05\/25\/dia-del-arguyu-friki-geek\/\">D\u00eda del Orgullu Friki \/ Geek <\/a><\/span><\/li>\n<li><span style=\"font-size: 14pt\">24 Mayu: <a href=\"https:\/\/edublog.educastur.es\/ixuxullingua\/2020\/05\/24\/dia-europeu-de-los-parques-naturales\/\">D\u00eda Europ\u00e9u de los Parques Naturales<\/a><\/span><\/li>\n<li><span style=\"font-size: 14pt\">22 Mayu:<a href=\"https:\/\/edublog.educastur.es\/ixuxullingua\/2020\/05\/22\/dia-internacional-de-la-diversida-bioloxica\/\">D\u00eda Internacional de la Diversid\u00e1 Biol\u00f3xica<\/a><\/span><\/li>\n<li><span style=\"font-size: 14pt\">18 Mayu:<a href=\"https:\/\/edublog.educastur.es\/ixuxullingua\/2020\/05\/18\/dia-internacional-de-los-museos\/\"> D\u00eda Internacional de los Museos<\/a><\/span><\/li>\n<li><span style=\"font-size: 14pt\">18 Mayu: <a href=\"https:\/\/edublog.educastur.es\/ixuxullingua\/2020\/05\/18\/dia-internacional-de-los-museos-asturies\/\">D\u00eda I. de los Museos (Asturies)<\/a><\/span><\/li>\n<li><span style=\"font-size: 14pt\">17 Mayu: <a href=\"https:\/\/edublog.educastur.es\/ixuxullingua\/2020\/05\/17\/dia-mundial-del-reciclaxe\/\">D\u00eda Mundial del Reciclaxe<\/a><\/span><\/li>\n<li><span style=\"font-size: 14pt\">17 Mayu: <a href=\"https:\/\/edublog.educastur.es\/ixuxullingua\/2020\/05\/17\/dia-mundial-de-internet\/\">D\u00eda Mundial de Internet<\/a><\/span><\/li>\n<li><span style=\"font-size: 14pt\">15 Mayu: <a href=\"https:\/\/edublog.educastur.es\/ixuxullingua\/2020\/05\/15\/dia-internacional-de-les-families\/\">D\u00eda Internacional de les familes<\/a><\/span><\/li>\n<li><span style=\"font-size: 14pt\">13 Mayu: <a href=\"https:\/\/edublog.educastur.es\/ixuxullingua\/2020\/05\/13\/dia-de-la-infancia-hospitalaria\/\">D\u00eda de la Infancia Hospitalaria<\/a><\/span><\/li>\n<li><span style=\"font-size: 14pt\">9 Mayu: <a href=\"https:\/\/edublog.educastur.es\/ixuxullingua\/2020\/05\/09\/dia-mundial-de-les-aves-migratories\/\">D\u00eda Mundial de les Aves Migratories<\/a><\/span><\/li>\n<li><span style=\"font-size: 14pt\">9 Mayu: <a href=\"https:\/\/edublog.educastur.es\/ixuxullingua\/2020\/05\/09\/dia-deuropa\/\">D\u00eda d\u00b4Europa<\/a><\/span><\/li>\n<li><span style=\"font-size: 14pt\">8 Mayu: <a href=\"https:\/\/edublog.educastur.es\/ixuxullingua\/2020\/05\/08\/41-dia-de-les-lletres-asturianes\/\">41 D\u00eda de les Lletres Asturianes<\/a><\/span><\/li>\n<li><span style=\"font-size: 14pt\">4 Mayu: <a href=\"https:\/\/edublog.educastur.es\/ixuxullingua\/2020\/05\/04\/dia-de-star-wars\/\">D\u00eda de Stars Wars<\/a><\/span><\/li>\n<li><span style=\"font-size: 14pt\">3 Mayu: <a href=\"https:\/\/edublog.educastur.es\/ixuxullingua\/2020\/05\/03\/dia-de-la-ma\/\">D\u00eda de la m\u00e1<\/a><\/span><\/li>\n<li><span style=\"font-size: 14pt\">2 Mayu: <a href=\"https:\/\/edublog.educastur.es\/ixuxullingua\/2020\/05\/02\/dia-internacional-escontral-acosu-escolar\/\">D\u00eda I. escontra\u00b4l Acosu Escolar<\/a><\/span><\/li>\n<li><span style=\"font-size: 14pt\">2 Mayu:\u00a0 <a href=\"https:\/\/edublog.educastur.es\/ixuxullingua\/2020\/05\/02\/dia-mundial-del-bonitu-atun\/\">D\u00eda Mundial del Bonitu \/ At\u00fan<\/a><\/span><\/li>\n<li><span style=\"font-size: 14pt\">23 Abril: <a href=\"https:\/\/edublog.educastur.es\/ixuxullingua\/2020\/04\/23\/dia-internacional-del-llibru\/\">D\u00eda Internacional del Llibru<\/a> <\/span><\/li>\n<li><span style=\"font-size: 14pt\">22 Abril: <a href=\"https:\/\/edublog.educastur.es\/ixuxullingua\/2020\/04\/22\/dia-internacional-de-la-madre-tierra\/\">D\u00eda Internacional de la Madre Tierra<\/a><\/span><\/li>\n<li><span style=\"font-size: 14pt\">21 Abril:<a href=\"https:\/\/edublog.educastur.es\/ixuxullingua\/2020\/04\/21\/dia-de-la-creativida-y-linnovacion\/\"> D\u00eda de la Creativid\u00e1 y l\u2019Innovaci\u00f3n<\/a><\/span><\/li>\n<li><span style=\"font-size: 14pt\">18 Abril:<a href=\"https:\/\/edublog.educastur.es\/ixuxullingua\/2020\/04\/18\/dia-mundial-del-circu\/\">D\u00eda Mundial del Circu<\/a><\/span><\/li>\n<li><span style=\"font-size: 14pt\">15 Abril: <a href=\"https:\/\/edublog.educastur.es\/ixuxullingua\/2020\/04\/21\/dia-mundial-del-arte\/\">D\u00eda Mundial del Arte<\/a><\/span><\/li>\n<li><span style=\"font-size: 14pt\">13 Abril: <a href=\"https:\/\/edublog.educastur.es\/ixuxullingua\/2020\/04\/13\/dia-internacional-del-besu\/\">D\u00eda Internacional del besu<\/a><\/span><\/li>\n<li><span style=\"font-size: 14pt\">7 Abril: <a href=\"https:\/\/edublog.educastur.es\/ixuxullingua\/2020\/04\/07\/dia-mundial-de-la-salu\/\">D\u00eda Mundial de la Sal\u00fa<\/a><\/span><\/li>\n<li><span style=\"font-size: 14pt\">6 Abril: <a href=\"https:\/\/edublog.educastur.es\/ixuxullingua\/2020\/04\/06\/dia-de-la-activida-fisica\/\">D\u00eda de la Activid\u00e1 F\u00edsica<\/a><\/span><\/li>\n<li><span style=\"font-size: 14pt\">\u00a02 Abril: <a href=\"https:\/\/edublog.educastur.es\/ixuxullingua\/2020\/04\/02\/dia-internacional-del-llibru-infantil\/\">D\u00eda Internacional del Llibru Infantil<\/a><\/span><\/li>\n<li><span style=\"font-size: 14pt\">2 Abril: <a href=\"https:\/\/edublog.educastur.es\/ixuxullingua\/2020\/04\/02\/dia-mundial-de-concienciacion-sobro-lautismu\/\">D\u00eda M. Concienciaci\u00f3n sobro l\u00b4Autismu<\/a><\/span><\/li>\n<li><span style=\"font-size: 14pt\">27 Marzu: <a href=\"https:\/\/edublog.educastur.es\/ixuxullingua\/2020\/03\/27\/dia-mundial-del-teatru\/\">D\u00eda Mundial del Teatru<\/a><\/span><\/li>\n<li><span style=\"font-size: 14pt\">27 Marzu: <a href=\"https:\/\/edublog.educastur.es\/ixuxullingua\/2020\/03\/27\/dia-mundial-del-quesu\/\">D\u00eda Mundial del quesu<\/a><\/span><\/li>\n<li><span style=\"font-size: 14pt\">23 Marzu: <a href=\"https:\/\/edublog.educastur.es\/ixuxullingua\/2020\/03\/23\/dia-metereoloxicu-mundial\/\">D\u00eda Metereol\u00f3xicu Mundial<\/a><\/span><\/li>\n<li><span style=\"font-size: 14pt\">22 Marzu: <a href=\"https:\/\/edublog.educastur.es\/ixuxullingua\/2020\/03\/22\/dia-mundial-de-lagua\/\">D\u00eda Mundial de l\u00b4agua<\/a><\/span><\/li>\n<li><span style=\"font-size: 14pt\">21 Marzu: <a href=\"https:\/\/edublog.educastur.es\/ixuxullingua\/2020\/03\/21\/dia-mundial-de-la-poesia-infantiles\/\">D\u00eda M. de la Poes\u00eda (Infantiles)<\/a><\/span><\/li>\n<li><span style=\"font-size: 14pt\">21 Marzu: <a href=\"https:\/\/edublog.educastur.es\/ixuxullingua\/2020\/03\/21\/dia-mundial-de-la-poesia-xuveniles\/\">D\u00eda M. de la Poes\u00eda (Xuveniles)<\/a><\/span><\/li>\n<li><span style=\"font-size: 14pt\">21 Marzu: <a href=\"https:\/\/edublog.educastur.es\/ixuxullingua\/2020\/03\/21\/dia-mundial-de-la-marioneta\/\">D\u00eda Mundial de la marioneta<\/a><\/span><\/li>\n<li><span style=\"font-size: 14pt\">14 Marzu: <a href=\"https:\/\/edublog.educastur.es\/ixuxullingua\/2020\/03\/14\/dia-internacional-de-les-matematiques\/\">D\u00eda I. de les Matem\u00e1tiques<\/a><\/span><\/li>\n<li><span style=\"font-size: 14pt\">3 Marzu: <a href=\"https:\/\/edublog.educastur.es\/ixuxullingua\/2020\/02\/03\/dia-internacional-de-laudicion\/\">D\u00eda Internacional de l\u00b4Audici\u00f3n<\/a><\/span><\/li>\n<\/ul>\n","protected":false},"excerpt":{"rendered":"<p>Nesta p\u00e1xina enllazaremos noticies d\u00b4inter\u00e9s pa la reciella: 28 Xunu: D\u00eda Mundial del \u00c1rbol 24 Xunu: Nueche de San Xuan 21 Xunu: Fiesta Europea de la M\u00fasica 06 Xunu: D\u00eda Internacional de la Sidra 03 Xunu: D\u00eda Mundial de la Bicicleta 28 Xunu: D\u00eda Mundial del \u00c1rbol 28 Mayu: D\u00eda Internacional del Xuegu 25 Mayu: [&hellip;]<\/p>\n","protected":false},"author":117,"featured_media":0,"parent":0,"menu_order":0,"comment_status":"closed","ping_status":"closed","template":"","meta":{"footnotes":""},"class_list":["post-166","page","type-page","status-publish","hentry","post-preview"],"_links":{"self":[{"href":"https:\/\/edublog.educastur.es\/ixuxullingua\/wp-json\/wp\/v2\/pages\/166","targetHints":{"allow":["GET"]}}],"collection":[{"href":"https:\/\/edublog.educastur.es\/ixuxullingua\/wp-json\/wp\/v2\/pages"}],"about":[{"href":"https:\/\/edublog.educastur.es\/ixuxullingua\/wp-json\/wp\/v2\/types\/page"}],"author":[{"embeddable":true,"href":"https:\/\/edublog.educastur.es\/ixuxullingua\/wp-json\/wp\/v2\/users\/117"}],"replies":[{"embeddable":true,"href":"https:\/\/edublog.educastur.es\/ixuxullingua\/wp-json\/wp\/v2\/comments?post=166"}],"version-history":[{"count":12,"href":"https:\/\/edublog.educastur.es\/ixuxullingua\/wp-json\/wp\/v2\/pages\/166\/revisions"}],"predecessor-version":[{"id":806,"href":"https:\/\/edublog.educastur.es\/ixuxullingua\/wp-json\/wp\/v2\/pages\/166\/revisions\/806"}],"wp:attachment":[{"href":"https:\/\/edublog.educastur.es\/ixuxullingua\/wp-json\/wp\/v2\/media?parent=166"}],"curies":[{"name":"wp","href":"https:\/\/api.w.org\/{rel}","templated":true}]}}