{"id":1730,"date":"2020-12-28T14:29:47","date_gmt":"2020-12-28T12:29:47","guid":{"rendered":"https:\/\/edublog.educastur.es\/ixuxullingua\/?page_id=1730"},"modified":"2021-01-10T20:48:53","modified_gmt":"2021-01-10T18:48:53","slug":"guilandeiros-de-tineu","status":"publish","type":"page","link":"https:\/\/edublog.educastur.es\/ixuxullingua\/asturies\/aguilandeiros\/guilandeiros-de-tineu\/","title":{"rendered":"Guilandeiros de Tin\u00e9u"},"content":{"rendered":"<ul>\n<li><a href=\"https:\/\/asturgeografic.blogspot.com\/2019\/02\/los-guilandeiros-de-tineo_14.html\"><span style=\"font-size: 14pt\"><strong><em>Blogue Asturgeografic: PERSONAXES<\/em><\/strong><\/span><\/a><\/li>\n<li><a href=\"https:\/\/www.elcomercio.es\/asturias\/occidente\/guilandeiros-tradicion-renovada-20200223004213-ntvo.html\">Noticia El Comercio:<span style=\"color: #008080\"><strong> Los Guilandeiros, una tradici\u00f3n renovada<\/strong> <\/span>(Febreru 2020)<\/a><\/li>\n<li><a href=\"https:\/\/www.elcomercio.es\/occidente\/guilandeiros-llevan-alegria-pueblos-tineo-20200222214249-ga.html\"><em>Galer\u00eda de semeyes<\/em><\/a><\/li>\n<li><a href=\"https:\/\/www.facebook.com\/guilandeiros.tineu\"><span style=\"font-size: 14pt\"><strong>P\u00e1xina nel Facebook<\/strong><\/span><\/a><\/li>\n<\/ul>\n<p><a href=\"https:\/\/imgbox.es\/images\/2021\/01\/10\/tineu21ceb4adc4876ca6.jpg\"><img loading=\"lazy\" decoding=\"async\" class=\"aligncenter\" src=\"https:\/\/imgbox.es\/images\/2021\/01\/10\/tineu21ceb4adc4876ca6.jpg\" alt=\"\" width=\"960\" height=\"720\" \/><\/a><\/p>\n<p><span style=\"font-size: 14pt\">Los Guilandeiros constit\u00fain una comparsa con dellos personaxes:<span style=\"color: #008080\"><strong> la dama y el gal\u00e1n, la xitana, el ciegu, el cura, el m\u00e9dicu, el limpiabotas, l&#8217;osu, los xamasqueiros, el xastre, el dia\u00f1u, los negrinos&#8230;<\/strong> <\/span>que s&#8217;axunten na villa de Tin\u00e9u para, darr\u00e9u, percorrer dellos pueblos del conceyu acompa\u00f1aos d&#8217;una banda tradicional, onde, am\u00e1s representen una pequena obra. Angua\u00f1o tuvieron en La Preda, Pousada y El Faedal.<\/span><\/p>\n<p style=\"text-align: center\"><span style=\"font-size: 14pt;color: #008080\"><strong><em>En 2020 el grupu incorpora la figura de &#8216;los guapos&#8217; y a los ne\u00f1os de la escuelina.<\/em> <\/strong><\/span><\/p>\n<p><img loading=\"lazy\" decoding=\"async\" class=\"size-full aligncenter\" src=\"https:\/\/static.elcomercio.es\/www\/multimedia\/202002\/22\/media\/guindaleiros-tineo\/guindaleiros-tineo%20(8).jpg\" width=\"1374\" height=\"914\" \/><\/p>\n<p><span style=\"font-size: 14pt\">Esta tradici\u00f3n foi recuperada en 2012, por Rosa Fern\u00e1ndez Delgado, directora de la Escuela de M\u00fasica de Tin\u00e9u, y El\u00edas Vega, dempu\u00e9s de 70 a\u00f1os nel olvidu. Aurelio del Llanu, en 1921, documenta per primer vegada un aguilandu que se celebr\u00f3 n\u00b4Obona (Tin\u00e9u): \u00ablos mozos piden l&#8217;aguilandu vist\u00edos de personaxes d&#8217;una comedia que representar\u00eden d&#8217;antiguo. Formen la compa\u00f1\u00eda un gal\u00e1n, una adomadura, un sold\u00e1u, un ciegu col so cri\u00e1u, un m\u00e9dicu, dos chamasqueiros, unu que lleva una bixiga&#8230;\u00bb.\u00a0<span style=\"text-decoration: underline\"><em> Fonte documental: \u00abLos Guilandeiros de Tin\u00e9u\u00bb de El\u00edas Vega<\/em><\/span><\/span><\/p>\n<p style=\"text-align: center\">\n<!-- iframe plugin v.6.0 wordpress.org\/plugins\/iframe\/ -->\n<iframe loading=\"lazy\" src=\"https:\/\/www.facebook.com\/plugins\/video.php?height=270&#038;href=https%3A%2F%2Fwww.facebook.com%2Fchema.demiguelsuarez%2Fvideos%2F2815596618523395%2F&#038;show_text=false&#038;width=560\" width=\"560\" height=\"270\" style=\"border:none;overflow:hidden\" scrolling=\"no\" frameborder=\"0\" allowfullscreen=\"true\" allow=\"autoplay; clipboard-write; encrypted-media; picture-in-picture; web-share\" 0=\"\/iframe\" class=\"iframe-class\"><\/iframe>\n<\/p>\n<hr \/>\n<ul>\n<li style=\"text-align: center\"><a href=\"https:\/\/asturies.com\/noticies\/guilandeiros-mazcaraos-zamarrones-os-colmelos-y-mazcaritos-tornen-mas-tradicional-lantroxu?fbclid=IwAR10-TOhG1a0Hjkb7AVIKWDKeL9yZ3VjhfzbKssEHmgrwaFozmAU6vKUB7g\"><strong>Noticia Asturies.com<\/strong><\/a><\/li>\n<\/ul>\n<p style=\"text-align: center\"><img loading=\"lazy\" decoding=\"async\" class=\"\" title=\"Asturies.com\" src=\"https:\/\/asturies.com\/sites\/default\/files\/logo_acom_5.png\" alt=\"Asturies.com\" width=\"466\" height=\"55\" \/><\/p>\n<h1 class=\"title page-title\" style=\"text-align: center\"><em><span style=\"font-size: 18pt;color: #008080\">Guilandeiros, Mazcaraos, Zamarrones, Os Colmelos y Mazcaritos tornen m\u00e1s tradicional l&#8217;Antroxu 2020<\/span><\/em><\/h1>\n<p><a href=\"https:\/\/scontent.fmad7-1.fna.fbcdn.net\/v\/t1.0-9\/67124142_2396050593985675_5590211183434006528_n.jpg?_nc_cat=100&amp;ccb=2&amp;_nc_sid=730e14&amp;_nc_ohc=0hW6mhiIPqgAX9ceV1Y&amp;_nc_ht=scontent.fmad7-1.fna&amp;oh=89786992ab78d0d9e078a689d96d78c1&amp;oe=6022D0ED\"><img loading=\"lazy\" decoding=\"async\" class=\"alignnone\" src=\"https:\/\/scontent.fmad7-1.fna.fbcdn.net\/v\/t1.0-9\/67124142_2396050593985675_5590211183434006528_n.jpg?_nc_cat=100&amp;ccb=2&amp;_nc_sid=730e14&amp;_nc_ohc=0hW6mhiIPqgAX9ceV1Y&amp;_nc_ht=scontent.fmad7-1.fna&amp;oh=89786992ab78d0d9e078a689d96d78c1&amp;oe=6022D0ED\" alt=\"\" width=\"960\" height=\"327\" \/><\/a><\/p>\n<div class=\"region region-content\">\n<div id=\"block-system-main\" class=\"block block-system\">\n<div class=\"block-inner\">\n<div class=\"content\">\n<div id=\"node-49150\" class=\"node node-noticies node-promoted clearfix\">\n<div class=\"node-inner\">\n<div class=\"full-node\">\n<div class=\"field field-name-field-noticies-rellacionaes field-type-node-reference field-label-hidden\">\n<ul>\n<li><a href=\"https:\/\/asturies.com\/noticies\/aporta-lantroxu-modernu-que-trai-cinco-dies-de-mazcares-y-diversion\">Aporta l\u2019Antroxu modernu, que trai cinco d\u00edes de m\u00e1zcares y diversi\u00f3n<\/a><\/li>\n<\/ul>\n<\/div>\n<div class=\"content clearfix\">\n<div class=\"field field-name-body field-type-text-with-summary field-label-hidden\">\n<div class=\"field-items\">\n<div class=\"field-item even\">\n<p style=\"text-align: justify\"><em>Dellos llugares del pa\u00eds entamen les sos mazcaraes y ritos mientres estos d\u00edes.<\/em><\/p>\n<p style=\"text-align: justify\"><em>Los <strong>Guilandeiros de<\/strong> <strong>Tin\u00e9u<\/strong> van salir ma\u00f1ana y van percorrer Naraval y Navelgas, pela ma\u00f1ana, y Zarda\u00edn pela tarde. La ruta va principar a les 10.45 hores, con llegada prevista a Naraval pa les 13 hores, mentes que pela tarde los xamasqueiros, el vixirigueiru, el ceniceiru, la dama ya&#8217;l gal\u00e1n, el diablu, el cura, la pre\u00f1ada, l&#8217;osu, el zapateiru, el m\u00e9dicu, el ciegu col cri\u00e1u, el xastre, los Guapos y el chapeiru, ente otros personaxes, van siguir pidiendo l&#8217;aguilandu dende les 17 hores.<\/em><\/p>\n<p style=\"text-align: justify\"><em>En Rozaes, <strong>Villaviciosa<\/strong>, la folixa c\u00e9ntrase nel Domingu&#8217;l Gordu. Los <strong>Mazcaraos<\/strong> van salir a les 15 hores de Sampedrin pa pasar per Sope\u00f1es, Fabares, Morv\u00eds, Tri\u00e1s, Sanzorn\u00edn, Villanueva y Pi\u00f1era.<\/em><\/p>\n<p style=\"text-align: justify\"><em>Los <strong>Zamarrones<\/strong>, de <strong>\u1e36\u1e37ena<\/strong>, van dexase ver dos vegaes. La primera va ser ma\u00f1ana en Campumanes a les 20 hores, na vuelta d&#8217;esta mazcarada a la zona rural del conceyu depu\u00e9s de munchos a\u00f1os, y la segunda&#8217;l Martes d&#8217;Antroxu cola tradicional Cencerr\u00e1 per La Pola sobre les 20 hores.<\/em><\/p>\n<p style=\"text-align: justify\"><em>Ma\u00f1ana va correse l&#8217;entrorio en Tormaleo, <strong>Ibias<\/strong>. La tradici\u00f3n d&#8217;<strong>Os Colmelos<\/strong> va entamase ente los pueblos de Lui\u00f1a, Buso y Vilares dende les 19 hores.<\/em><\/p>\n<p style=\"text-align: justify\"><em>Una axenda amplia van tener estos d\u00edes los <strong>Mazcaritos d&#8217;Uvi\u00e9u<\/strong>, que y\u00e1 salieron ayeri, Xueves de Comadres. Van dexase ver pel cascu antiguu&#8217;l s\u00e1badu (17 a 22 hores), el Domingu&#8217;l Gordu (de 12 a 15 hores), el Llunes d&#8217;Antroxu (de 17 a 20 hores) y el Martes d&#8217;Antroxu col Entierru la Sardina (a partir de les 20 hores).<\/em><\/p>\n<p><em> <a href=\"https:\/\/scontent.fmad7-1.fna.fbcdn.net\/v\/t1.0-9\/87156754_2581470995443633_4996658372552949760_o.jpg?_nc_cat=110&amp;ccb=2&amp;_nc_sid=730e14&amp;_nc_ohc=W6dqkktvU9oAX8ZAC2M&amp;_nc_ht=scontent.fmad7-1.fna&amp;oh=6a307c1eae829251a0cdd6f95ed03f6e&amp;oe=6020E333\"><img loading=\"lazy\" decoding=\"async\" class=\"aligncenter\" src=\"https:\/\/scontent.fmad7-1.fna.fbcdn.net\/v\/t1.0-9\/87156754_2581470995443633_4996658372552949760_o.jpg?_nc_cat=110&amp;ccb=2&amp;_nc_sid=730e14&amp;_nc_ohc=W6dqkktvU9oAX8ZAC2M&amp;_nc_ht=scontent.fmad7-1.fna&amp;oh=6a307c1eae829251a0cdd6f95ed03f6e&amp;oe=6020E333\" alt=\"\" width=\"387\" height=\"547\" \/><\/a><\/em><\/p>\n<\/div>\n<\/div>\n<\/div>\n<\/div>\n<\/div>\n<\/div>\n<\/div>\n<\/div>\n<\/div>\n<\/div>\n<\/div>\n","protected":false},"excerpt":{"rendered":"<p>Blogue Asturgeografic: PERSONAXES Noticia El Comercio: Los Guilandeiros, una tradici\u00f3n renovada (Febreru 2020) Galer\u00eda de semeyes P\u00e1xina nel Facebook Los Guilandeiros constit\u00fain una comparsa con dellos personaxes: la dama y el gal\u00e1n, la xitana, el ciegu, el cura, el m\u00e9dicu, el limpiabotas, l&#8217;osu, los xamasqueiros, el xastre, el dia\u00f1u, los negrinos&#8230; que s&#8217;axunten na villa [&hellip;]<\/p>\n","protected":false},"author":117,"featured_media":0,"parent":1718,"menu_order":0,"comment_status":"closed","ping_status":"closed","template":"","meta":{"footnotes":""},"class_list":["post-1730","page","type-page","status-publish","hentry","post-preview"],"_links":{"self":[{"href":"https:\/\/edublog.educastur.es\/ixuxullingua\/wp-json\/wp\/v2\/pages\/1730","targetHints":{"allow":["GET"]}}],"collection":[{"href":"https:\/\/edublog.educastur.es\/ixuxullingua\/wp-json\/wp\/v2\/pages"}],"about":[{"href":"https:\/\/edublog.educastur.es\/ixuxullingua\/wp-json\/wp\/v2\/types\/page"}],"author":[{"embeddable":true,"href":"https:\/\/edublog.educastur.es\/ixuxullingua\/wp-json\/wp\/v2\/users\/117"}],"replies":[{"embeddable":true,"href":"https:\/\/edublog.educastur.es\/ixuxullingua\/wp-json\/wp\/v2\/comments?post=1730"}],"version-history":[{"count":13,"href":"https:\/\/edublog.educastur.es\/ixuxullingua\/wp-json\/wp\/v2\/pages\/1730\/revisions"}],"predecessor-version":[{"id":1993,"href":"https:\/\/edublog.educastur.es\/ixuxullingua\/wp-json\/wp\/v2\/pages\/1730\/revisions\/1993"}],"up":[{"embeddable":true,"href":"https:\/\/edublog.educastur.es\/ixuxullingua\/wp-json\/wp\/v2\/pages\/1718"}],"wp:attachment":[{"href":"https:\/\/edublog.educastur.es\/ixuxullingua\/wp-json\/wp\/v2\/media?parent=1730"}],"curies":[{"name":"wp","href":"https:\/\/api.w.org\/{rel}","templated":true}]}}