{"id":18,"date":"2020-07-16T10:07:55","date_gmt":"2020-07-16T10:07:55","guid":{"rendered":"https:\/\/edublog.educastur.es\/ixuxullingua\/?page_id=18"},"modified":"2021-09-26T12:59:44","modified_gmt":"2021-09-26T10:59:44","slug":"2-segundu","status":"publish","type":"page","link":"https:\/\/edublog.educastur.es\/ixuxullingua\/2-segundu\/","title":{"rendered":"2. SEGUNDU"},"content":{"rendered":"<p><a href=\"https:\/\/edublog.educastur.es\/ixuxullingua\/2-segundu\/\"><img loading=\"lazy\" decoding=\"async\" class=\"alignleft wp-image-820\" src=\"http:\/\/edublog.educastur.es\/ixuxullingua\/files\/2020\/08\/00_segundu-150x150.png\" alt=\"\" width=\"100\" height=\"100\" \/><\/a><\/p>\n<p>&nbsp;<\/p>\n<p>&nbsp;<\/p>\n<ul>\n<li><a href=\"https:\/\/educastur.sharepoint.com\/:f:\/r\/sites\/C.P.CARMENRUIZ-TILVE-ESPECIALISTA_LLINGUAASTURIANA\/Documentos%20compartidos\/ESPECIALISTA_LLINGUA%20ASTURIANA\/Llingua_2%C2%BAD?csf=1&amp;web=1&amp;e=af5RwS\">Accesu a TAREA de Clas 2\u00baD de Llingua d\u00b4Isa<\/a><\/li>\n<\/ul>\n<hr \/>\n<ul>\n<li class=\"page_item page-item-18 page_item_has_children\"><a href=\"https:\/\/edublog.educastur.es\/ixuxullingua\/2-segundu\/\">2. SEGUNDU<\/a>\n<ul class=\"children\">\n<li class=\"page_item page-item-110\"><a href=\"https:\/\/edublog.educastur.es\/ixuxullingua\/2-segundu\/1-2020-primavera\/\">01) 2020 Primavera<\/a><\/li>\n<li class=\"page_item page-item-2765 page_item_has_children\"><a href=\"https:\/\/edublog.educastur.es\/ixuxullingua\/2-segundu\/segundu-20-21\/\">Segundu 20-21<\/a>\n<ul class=\"children\">\n<li class=\"page_item page-item-212 page_item_has_children\"><a href=\"https:\/\/edublog.educastur.es\/ixuxullingua\/2-segundu\/segundu-20-21\/02-primer-trimestre\/\">02) Primer trimestre<\/a>\n<ul class=\"children\">\n<li class=\"page_item page-item-1152\"><a href=\"https:\/\/edublog.educastur.es\/ixuxullingua\/2-segundu\/segundu-20-21\/02-primer-trimestre\/sesion-01\/\">Sesi\u00f3n 01<\/a><\/li>\n<li class=\"page_item page-item-1154\"><a href=\"https:\/\/edublog.educastur.es\/ixuxullingua\/2-segundu\/segundu-20-21\/02-primer-trimestre\/sesion-02\/\">Sesi\u00f3n 02<\/a><\/li>\n<li class=\"page_item page-item-1203\"><a href=\"https:\/\/edublog.educastur.es\/ixuxullingua\/2-segundu\/segundu-20-21\/02-primer-trimestre\/sesion-03\/\">Sesi\u00f3n 03<\/a><\/li>\n<li class=\"page_item page-item-1205\"><a href=\"https:\/\/edublog.educastur.es\/ixuxullingua\/2-segundu\/segundu-20-21\/02-primer-trimestre\/sesion-04\/\">Sesi\u00f3n 04<\/a><\/li>\n<li class=\"page_item page-item-1207\"><a href=\"https:\/\/edublog.educastur.es\/ixuxullingua\/2-segundu\/segundu-20-21\/02-primer-trimestre\/sesion-05\/\">Sesi\u00f3n 05<\/a><\/li>\n<li class=\"page_item page-item-1201\"><a href=\"https:\/\/edublog.educastur.es\/ixuxullingua\/2-segundu\/segundu-20-21\/02-primer-trimestre\/sesion-06\/\">Sesi\u00f3n 06<\/a><\/li>\n<li class=\"page_item page-item-1309\"><a href=\"https:\/\/edublog.educastur.es\/ixuxullingua\/2-segundu\/segundu-20-21\/02-primer-trimestre\/sesion-07\/\">Sesi\u00f3n 07<\/a><\/li>\n<li class=\"page_item page-item-1481\"><a href=\"https:\/\/edublog.educastur.es\/ixuxullingua\/2-segundu\/segundu-20-21\/02-primer-trimestre\/sesion-08\/\">Sesi\u00f3n 08<\/a><\/li>\n<li class=\"page_item page-item-1485\"><a href=\"https:\/\/edublog.educastur.es\/ixuxullingua\/2-segundu\/segundu-20-21\/02-primer-trimestre\/sesion-09\/\">Sesi\u00f3n 09<\/a><\/li>\n<\/ul>\n<\/li>\n<li class=\"page_item page-item-227 page_item_has_children\"><a href=\"https:\/\/edublog.educastur.es\/ixuxullingua\/2-segundu\/segundu-20-21\/03-segundu-trimestre\/\">03) Segundu trimestre<\/a>\n<ul class=\"children\">\n<li class=\"page_item page-item-1588\"><a href=\"https:\/\/edublog.educastur.es\/ixuxullingua\/2-segundu\/segundu-20-21\/03-segundu-trimestre\/sesion-01\/\">Sesi\u00f3n 01<\/a><\/li>\n<li class=\"page_item page-item-2077\"><a href=\"https:\/\/edublog.educastur.es\/ixuxullingua\/2-segundu\/segundu-20-21\/03-segundu-trimestre\/sesion-02-03\/\">Sesi\u00f3n 02-03<\/a><\/li>\n<li class=\"page_item page-item-1614\"><a href=\"https:\/\/edublog.educastur.es\/ixuxullingua\/2-segundu\/segundu-20-21\/03-segundu-trimestre\/sesion-04\/\">Sesi\u00f3n 04<\/a><\/li>\n<li class=\"page_item page-item-1626\"><a href=\"https:\/\/edublog.educastur.es\/ixuxullingua\/2-segundu\/segundu-20-21\/03-segundu-trimestre\/sesion-05\/\">Sesi\u00f3n 05<\/a><\/li>\n<li class=\"page_item page-item-1634\"><a href=\"https:\/\/edublog.educastur.es\/ixuxullingua\/2-segundu\/segundu-20-21\/03-segundu-trimestre\/sesion-06\/\">Sesi\u00f3n 06<\/a><\/li>\n<li class=\"page_item page-item-1642\"><a href=\"https:\/\/edublog.educastur.es\/ixuxullingua\/2-segundu\/segundu-20-21\/03-segundu-trimestre\/sesion-07\/\">Sesi\u00f3n 07<\/a><\/li>\n<li class=\"page_item page-item-1654\"><a href=\"https:\/\/edublog.educastur.es\/ixuxullingua\/2-segundu\/segundu-20-21\/03-segundu-trimestre\/sesion-08\/\">Sesi\u00f3n 08<\/a><\/li>\n<li class=\"page_item page-item-1664\"><a href=\"https:\/\/edublog.educastur.es\/ixuxullingua\/2-segundu\/segundu-20-21\/03-segundu-trimestre\/sesion-09\/\">Sesi\u00f3n 09<\/a><\/li>\n<li class=\"page_item page-item-1674\"><a href=\"https:\/\/edublog.educastur.es\/ixuxullingua\/2-segundu\/segundu-20-21\/03-segundu-trimestre\/sesion-10\/\">Sesi\u00f3n 10<\/a><\/li>\n<\/ul>\n<\/li>\n<li class=\"page_item page-item-259\"><a href=\"https:\/\/edublog.educastur.es\/ixuxullingua\/2-segundu\/segundu-20-21\/04-tercer-trimestre\/\">04) Tercer trimestre<\/a><\/li>\n<\/ul>\n<\/li>\n<li class=\"page_item page-item-2744 page_item_has_children\"><a href=\"https:\/\/edublog.educastur.es\/ixuxullingua\/2-segundu\/segundu-21-22\/\">Segundu 21-22<\/a>\n<ul class=\"children\">\n<li class=\"page_item page-item-271 page_item_has_children\"><a href=\"https:\/\/edublog.educastur.es\/ixuxullingua\/2-segundu\/segundu-21-22\/05-primer-trimestre\/\">05) Primer trimestre<\/a>\n<ul class=\"children\">\n<li class=\"page_item page-item-2703\"><a href=\"https:\/\/edublog.educastur.es\/ixuxullingua\/2-segundu\/segundu-21-22\/05-primer-trimestre\/00-la-seronda\/\">00 La Seronda<\/a><\/li>\n<li class=\"page_item page-item-2730\"><a href=\"https:\/\/edublog.educastur.es\/ixuxullingua\/2-segundu\/segundu-21-22\/05-primer-trimestre\/01-el-colexu\/\">01 El colexu<\/a><\/li>\n<li class=\"page_item page-item-2719\"><a href=\"https:\/\/edublog.educastur.es\/ixuxullingua\/2-segundu\/segundu-21-22\/05-primer-trimestre\/02-caseria\/\">02 Caser\u00eda<\/a><\/li>\n<li class=\"page_item page-item-2714\"><a href=\"https:\/\/edublog.educastur.es\/ixuxullingua\/2-segundu\/segundu-21-22\/05-primer-trimestre\/03-granxa-nel\/\">03 Granxa Nel<\/a><\/li>\n<li class=\"page_item page-item-2728\"><a href=\"https:\/\/edublog.educastur.es\/ixuxullingua\/2-segundu\/segundu-21-22\/05-primer-trimestre\/03-granxa-sandra\/\">03 Granxa Sandra<\/a><\/li>\n<\/ul>\n<\/li>\n<li class=\"page_item page-item-838\"><a href=\"https:\/\/edublog.educastur.es\/ixuxullingua\/2-segundu\/segundu-21-22\/06-segundu-trimestre\/\">06) Segundu trimestre<\/a><\/li>\n<li class=\"page_item page-item-850\"><a href=\"https:\/\/edublog.educastur.es\/ixuxullingua\/2-segundu\/segundu-21-22\/07-tercer-trimestre\/\">07) Tercer trimestre<\/a><\/li>\n<\/ul>\n<\/li>\n<\/ul>\n<\/li>\n<\/ul>\n<p>&nbsp;<\/p>\n<p>&nbsp;<\/p>\n<p style=\"text-align: center\"><a href=\"https:\/\/educastur-my.sharepoint.com\/:b:\/g\/personal\/isabellh_educastur_org\/EUPbWckU9OhAiNYlYSQrRPABq_a34NaojSZen9KXslp5TQ?e=SA37dS\"><em><strong>Segundu<\/strong><\/em><\/a><br \/>\n\n<!-- iframe plugin v.6.0 wordpress.org\/plugins\/iframe\/ -->\n<iframe loading=\"lazy\" src=\"https:\/\/drive.google.com\/file\/d\/1zj4p165XWVQahLlLOhFAeMacPFMekGZD\/preview\" width=\"704\" height=\"980\" 0=\"\/iframe\" scrolling=\"yes\" class=\"iframe-class\" frameborder=\"0\"><\/iframe>\n<\/p>\n","protected":false},"excerpt":{"rendered":"<p>&nbsp; &nbsp; Accesu a TAREA de Clas 2\u00baD de Llingua d\u00b4Isa 2. SEGUNDU 01) 2020 Primavera Segundu 20-21 02) Primer trimestre Sesi\u00f3n 01 Sesi\u00f3n 02 Sesi\u00f3n 03 Sesi\u00f3n 04 Sesi\u00f3n 05 Sesi\u00f3n 06 Sesi\u00f3n 07 Sesi\u00f3n 08 Sesi\u00f3n 09 03) Segundu trimestre Sesi\u00f3n 01 Sesi\u00f3n 02-03 Sesi\u00f3n 04 Sesi\u00f3n 05 Sesi\u00f3n 06 Sesi\u00f3n 07 Sesi\u00f3n [&hellip;]<\/p>\n","protected":false},"author":117,"featured_media":0,"parent":0,"menu_order":0,"comment_status":"closed","ping_status":"closed","template":"","meta":{"footnotes":""},"class_list":["post-18","page","type-page","status-publish","hentry","post-preview"],"_links":{"self":[{"href":"https:\/\/edublog.educastur.es\/ixuxullingua\/wp-json\/wp\/v2\/pages\/18","targetHints":{"allow":["GET"]}}],"collection":[{"href":"https:\/\/edublog.educastur.es\/ixuxullingua\/wp-json\/wp\/v2\/pages"}],"about":[{"href":"https:\/\/edublog.educastur.es\/ixuxullingua\/wp-json\/wp\/v2\/types\/page"}],"author":[{"embeddable":true,"href":"https:\/\/edublog.educastur.es\/ixuxullingua\/wp-json\/wp\/v2\/users\/117"}],"replies":[{"embeddable":true,"href":"https:\/\/edublog.educastur.es\/ixuxullingua\/wp-json\/wp\/v2\/comments?post=18"}],"version-history":[{"count":15,"href":"https:\/\/edublog.educastur.es\/ixuxullingua\/wp-json\/wp\/v2\/pages\/18\/revisions"}],"predecessor-version":[{"id":2814,"href":"https:\/\/edublog.educastur.es\/ixuxullingua\/wp-json\/wp\/v2\/pages\/18\/revisions\/2814"}],"wp:attachment":[{"href":"https:\/\/edublog.educastur.es\/ixuxullingua\/wp-json\/wp\/v2\/media?parent=18"}],"curies":[{"name":"wp","href":"https:\/\/api.w.org\/{rel}","templated":true}]}}