{"id":1833,"date":"2021-01-07T01:30:15","date_gmt":"2021-01-06T23:30:15","guid":{"rendered":"https:\/\/edublog.educastur.es\/ixuxullingua\/?page_id=1833"},"modified":"2021-03-11T22:28:21","modified_gmt":"2021-03-11T20:28:21","slug":"el-reino-de-asturias","status":"publish","type":"page","link":"https:\/\/edublog.educastur.es\/ixuxullingua\/asturies\/el-reino-de-asturias\/","title":{"rendered":"El Reino de Asturias"},"content":{"rendered":"<ul>\n<li><a href=\"https:\/\/www.rtpa.es\/video:asturias.doc_551550011153.html?fbclid=IwAR0MAh50jwYWeeGUnyI_uyipme19OngvtST15rRi2PMrSmUZxptYprCY-YQ\"><em><span style=\"font-size: 14pt\"><strong>El Reino de Asturias:<\/strong> un documental sobre la historia de la monarqu\u00eda asturiana producido por la Radiotelevisi\u00f3n P\u00fablica del Principado y dirigido por el cineasta asturiano Samu Fuentes. 12\/02\/2019<\/span><\/em><\/a><\/li>\n<\/ul>\n<p><a href=\"https:\/\/www.rtpa.es\/video:asturias.doc_551550011153.html?fbclid=IwAR0MAh50jwYWeeGUnyI_uyipme19OngvtST15rRi2PMrSmUZxptYprCY-YQ\"><img loading=\"lazy\" decoding=\"async\" class=\" aligncenter\" src=\"https:\/\/www.rtpa.es\/fotos\/\/19\/02\/121550049200_REINOASTURIAS.jpg\" width=\"505\" height=\"303\" \/><\/a><\/p>\n<hr \/>\n<p style=\"text-align: center\">\n<!-- iframe plugin v.6.0 wordpress.org\/plugins\/iframe\/ -->\n<iframe loading=\"lazy\" width=\"100%\" height=\"315\" src=\"https:\/\/www.youtube.com\/embed\/iRzYbYbk1Rk\" 0=\"\/iframe\" scrolling=\"yes\" class=\"iframe-class\" frameborder=\"0\"><\/iframe>\n<\/p>\n<ul>\n<li><a href=\"https:\/\/www.youtube.com\/watch?v=Ls73NKh0kWE\">DON PELAYO Y LA BAT. DE COVADONGA (A\u00f1o 690 ) 1\u00aa, Pasajes de la historia (La rosa de los vientos) <\/a><\/li>\n<\/ul>\n<p style=\"text-align: center\">\n<!-- iframe plugin v.6.0 wordpress.org\/plugins\/iframe\/ -->\n<iframe loading=\"lazy\" width=\"100%\" height=\"315\" src=\"https:\/\/www.youtube.com\/embed\/Ls73NKh0kWE\" 0=\"\/iframe\" scrolling=\"yes\" class=\"iframe-class\" frameborder=\"0\"><\/iframe>\n<\/p>\n<p>&nbsp;<\/p>\n","protected":false},"excerpt":{"rendered":"<p>El Reino de Asturias: un documental sobre la historia de la monarqu\u00eda asturiana producido por la Radiotelevisi\u00f3n P\u00fablica del Principado y dirigido por el cineasta asturiano Samu Fuentes. 12\/02\/2019 DON PELAYO Y LA BAT. DE COVADONGA (A\u00f1o 690 ) 1\u00aa, Pasajes de la historia (La rosa de los vientos) &nbsp;<\/p>\n","protected":false},"author":117,"featured_media":0,"parent":1026,"menu_order":0,"comment_status":"closed","ping_status":"closed","template":"","meta":{"footnotes":""},"class_list":["post-1833","page","type-page","status-publish","hentry","post-preview"],"_links":{"self":[{"href":"https:\/\/edublog.educastur.es\/ixuxullingua\/wp-json\/wp\/v2\/pages\/1833","targetHints":{"allow":["GET"]}}],"collection":[{"href":"https:\/\/edublog.educastur.es\/ixuxullingua\/wp-json\/wp\/v2\/pages"}],"about":[{"href":"https:\/\/edublog.educastur.es\/ixuxullingua\/wp-json\/wp\/v2\/types\/page"}],"author":[{"embeddable":true,"href":"https:\/\/edublog.educastur.es\/ixuxullingua\/wp-json\/wp\/v2\/users\/117"}],"replies":[{"embeddable":true,"href":"https:\/\/edublog.educastur.es\/ixuxullingua\/wp-json\/wp\/v2\/comments?post=1833"}],"version-history":[{"count":4,"href":"https:\/\/edublog.educastur.es\/ixuxullingua\/wp-json\/wp\/v2\/pages\/1833\/revisions"}],"predecessor-version":[{"id":2378,"href":"https:\/\/edublog.educastur.es\/ixuxullingua\/wp-json\/wp\/v2\/pages\/1833\/revisions\/2378"}],"up":[{"embeddable":true,"href":"https:\/\/edublog.educastur.es\/ixuxullingua\/wp-json\/wp\/v2\/pages\/1026"}],"wp:attachment":[{"href":"https:\/\/edublog.educastur.es\/ixuxullingua\/wp-json\/wp\/v2\/media?parent=1833"}],"curies":[{"name":"wp","href":"https:\/\/api.w.org\/{rel}","templated":true}]}}