{"id":2061,"date":"2021-01-16T21:36:38","date_gmt":"2021-01-16T19:36:38","guid":{"rendered":"https:\/\/edublog.educastur.es\/ixuxullingua\/?page_id=2061"},"modified":"2021-01-17T13:50:19","modified_gmt":"2021-01-17T11:50:19","slug":"toponimia","status":"publish","type":"page","link":"https:\/\/edublog.educastur.es\/ixuxullingua\/asturies\/conceyos\/toponimia\/","title":{"rendered":"Toponimia"},"content":{"rendered":"<p><a href=\"https:\/\/mas.lne.es\/toponimia\/index.php?leer=138&amp;palabra=llu\"><img loading=\"lazy\" decoding=\"async\" class=\"alignleft\" src=\"https:\/\/mas.lne.es\/toponimia\/caserio2.gif\" width=\"692\" height=\"142\" \/><\/a><a href=\"https:\/\/mas.lne.es\/toponimia\/index.php?leer=138&amp;palabra=llu\"><span style=\"color: #008080;font-size: 14pt\"><em>Buscador<\/em><\/span><\/a><\/p>\n<p>&nbsp;<\/p>\n<p>&nbsp;<\/p>\n<p>&nbsp;<\/p>\n<p>&nbsp;<\/p>\n<hr \/>\n<ul>\n<li><a href=\"https:\/\/edublog.educastur.es\/llingua\/toponimia\/\"><span style=\"font-size: 18pt\"><em><span style=\"font-size: 14pt\">IXUXULLINGUA:<\/span> <strong>Toponimia<\/strong><\/em><\/span><\/a><\/li>\n<li><a href=\"https:\/\/www.oviedo.es\/vive\/urbanismo-e-infraestructuras\/pgou\/ficheros-pdf-suelo-urbano\">PGOU Oviedo<\/a><\/li>\n<li><a href=\"https:\/\/es-es.topographic-map.com\/maps\/6ooc\/Oviedo\/\"><strong><em>MAPA TOPOGR\u00c1FICO DE OVIEDO<\/em><\/strong><\/a><\/li>\n<li><a href=\"https:\/\/www.ign.es\/web\/catalogo-cartoteca\/apibadasid\/cartoteca\/searchAuthority\/T651&amp;37794\"><strong><em>MAPAS TOPOGR\u00c1FICOS OVIEDO<\/em><\/strong><\/a><\/li>\n<li><span style=\"font-size: 18pt\"><em><a href=\"https:\/\/ast.wikipedia.org\/wiki\/Wikipedia:Wikiproyeutu_espardimientu_de_la_toponimia_oficial_d%27Asturies\/Conceyos\" target=\"_blank\" rel=\"noopener noreferrer\">Llista de conceyos<\/a><\/em><\/span><\/li>\n<li><a href=\"https:\/\/ast.wikipedia.org\/wiki\/Wikipedia:Wikiproyeutu_espardimientu_de_la_toponimia_oficial_d%27Asturies\/Parroquies\" target=\"_blank\" rel=\"noopener noreferrer\"><em><span style=\"font-size: 18pt\">Llista de parroquies<\/span><\/em><\/a><\/li>\n<\/ul>\n<p style=\"text-align: center\"><a href=\"https:\/\/upload.wikimedia.org\/wikipedia\/commons\/thumb\/6\/60\/Uvieu_Asturies_map.svg\/1920px-Uvieu_Asturies_map.svg.png\"><img loading=\"lazy\" decoding=\"async\" class=\"aligncenter\" src=\"https:\/\/upload.wikimedia.org\/wikipedia\/commons\/thumb\/6\/60\/Uvieu_Asturies_map.svg\/1920px-Uvieu_Asturies_map.svg.png\" alt=\"\" width=\"696\" height=\"369\" \/><\/a><\/p>\n<p style=\"text-align: center\"><a href=\"https:\/\/imgbox.es\/images\/2020\/03\/24\/uvieub7e2dd704dde33d1.jpg\"><img loading=\"lazy\" decoding=\"async\" class=\"aligncenter\" src=\"https:\/\/imgbox.es\/images\/2020\/03\/24\/uvieub7e2dd704dde33d1.jpg\" alt=\"\" width=\"434\" height=\"437\" \/><\/a><\/p>\n<p style=\"text-align: center\"><span style=\"font-size: 14pt;color: #008080\"><strong>Cierres perimetrales<\/strong><\/span><\/p>\n<p><a href=\"https:\/\/cope-cdnmed.agilecontent.com\/resources\/jpg\/3\/5\/1603578355253.jpg\"><img loading=\"lazy\" decoding=\"async\" class=\"aligncenter\" src=\"https:\/\/cope-cdnmed.agilecontent.com\/resources\/jpg\/3\/5\/1603578355253.jpg\" alt=\"\" width=\"976\" height=\"607\" \/><\/a><\/p>\n<p><a href=\"https:\/\/eblancooliva.files.wordpress.com\/2016\/10\/concejo-oviedo.jpg\"><img loading=\"lazy\" decoding=\"async\" class=\"aligncenter\" src=\"https:\/\/eblancooliva.files.wordpress.com\/2016\/10\/concejo-oviedo.jpg\" alt=\"\" width=\"650\" height=\"619\" \/><\/a><\/p>\n<p style=\"text-align: center\"><img loading=\"lazy\" decoding=\"async\" class=\"alignnone size-full\" src=\"https:\/\/www.bedri.es\/Asturias\/Concejos\/Oviedo\/Imagenes\/oviedo-carreteras.jpg\" width=\"1897\" height=\"1435\" \/><\/p>\n<ul>\n<li><a href=\"https:\/\/ast.wikipedia.org\/wiki\/Uvi%C3%A9u\"><span style=\"color: #008080\"><strong><em><span style=\"font-size: 14pt\">Uvi\u00e9u<\/span><\/em><\/strong><\/span><\/a><\/li>\n<\/ul>\n<div>\n<p><strong>Marzo 2019:<\/strong> El Gobierno de Asturias avanza en el mapa topon\u00edmico con la aprobaci\u00f3n de los decretos que determinan los top\u00f3nimos oficiales de Oviedo, On\u00eds y Coa\u00f1a. En la actualidad, 64 de los 78 concejos tienen ya aprobada la toponimia tradicional.<\/p>\n<p>Leer m\u00e1s: <a href=\"https:\/\/www.europapress.es\/asturias\/noticia-gobierno-aprueba-toponimia-tradicional-oviedo-20190313135038.html\">https:\/\/www.europapress.es\/asturias\/noticia-gobierno-aprueba-toponimia-tradicional-oviedo-20190313135038.html<\/a><\/p>\n<p>(c) 2021 Europa Press. Est\u00e1 expresamente prohibida la redistribuci\u00f3n y la redifusi\u00f3n de este contenido sin su previo y expreso consentimiento.<\/p>\n<\/div>\n<p style=\"text-align: center\">\n<!-- iframe plugin v.6.0 wordpress.org\/plugins\/iframe\/ -->\n<iframe loading=\"lazy\" src=\"https:\/\/drive.google.com\/file\/d\/1vgt_SJ3O7amxVakrEFLStBNIsLWhEcwj\/preview\" width=\"640\" height=\"900\" 0=\"\/iframe\" scrolling=\"yes\" class=\"iframe-class\" frameborder=\"0\"><\/iframe>\n<\/p>\n<ul>\n<li><span style=\"font-size: 14pt;color: #008080\"><em>P\u00e1x. 19) Oviedo<\/em><\/span><\/li>\n<li><span style=\"font-size: 14pt;color: #008080\"><em>P\u00e1x. 20) La Corredoria<\/em><\/span><\/li>\n<\/ul>\n","protected":false},"excerpt":{"rendered":"<p>Buscador &nbsp; &nbsp; &nbsp; &nbsp; IXUXULLINGUA: Toponimia PGOU Oviedo MAPA TOPOGR\u00c1FICO DE OVIEDO MAPAS TOPOGR\u00c1FICOS OVIEDO Llista de conceyos Llista de parroquies Cierres perimetrales Uvi\u00e9u Marzo 2019: El Gobierno de Asturias avanza en el mapa topon\u00edmico con la aprobaci\u00f3n de los decretos que determinan los top\u00f3nimos oficiales de Oviedo, On\u00eds y Coa\u00f1a. En la actualidad, [&hellip;]<\/p>\n","protected":false},"author":117,"featured_media":0,"parent":1583,"menu_order":0,"comment_status":"closed","ping_status":"closed","template":"","meta":{"footnotes":""},"class_list":["post-2061","page","type-page","status-publish","hentry","post-preview"],"_links":{"self":[{"href":"https:\/\/edublog.educastur.es\/ixuxullingua\/wp-json\/wp\/v2\/pages\/2061","targetHints":{"allow":["GET"]}}],"collection":[{"href":"https:\/\/edublog.educastur.es\/ixuxullingua\/wp-json\/wp\/v2\/pages"}],"about":[{"href":"https:\/\/edublog.educastur.es\/ixuxullingua\/wp-json\/wp\/v2\/types\/page"}],"author":[{"embeddable":true,"href":"https:\/\/edublog.educastur.es\/ixuxullingua\/wp-json\/wp\/v2\/users\/117"}],"replies":[{"embeddable":true,"href":"https:\/\/edublog.educastur.es\/ixuxullingua\/wp-json\/wp\/v2\/comments?post=2061"}],"version-history":[{"count":14,"href":"https:\/\/edublog.educastur.es\/ixuxullingua\/wp-json\/wp\/v2\/pages\/2061\/revisions"}],"predecessor-version":[{"id":2067,"href":"https:\/\/edublog.educastur.es\/ixuxullingua\/wp-json\/wp\/v2\/pages\/2061\/revisions\/2067"}],"up":[{"embeddable":true,"href":"https:\/\/edublog.educastur.es\/ixuxullingua\/wp-json\/wp\/v2\/pages\/1583"}],"wp:attachment":[{"href":"https:\/\/edublog.educastur.es\/ixuxullingua\/wp-json\/wp\/v2\/media?parent=2061"}],"curies":[{"name":"wp","href":"https:\/\/api.w.org\/{rel}","templated":true}]}}