{"id":2092,"date":"2021-01-26T18:32:02","date_gmt":"2021-01-26T16:32:02","guid":{"rendered":"https:\/\/edublog.educastur.es\/ixuxullingua\/?page_id=2092"},"modified":"2021-01-26T18:38:57","modified_gmt":"2021-01-26T16:38:57","slug":"turismo","status":"publish","type":"page","link":"https:\/\/edublog.educastur.es\/ixuxullingua\/asturies\/conceyos\/turismo\/","title":{"rendered":"Turismo"},"content":{"rendered":"<p style=\"text-align: center\"><a href=\"https:\/\/lh3.googleusercontent.com\/proxy\/7LpLdJttodHXjnNRUmSEdq9TGL3_NxJ-I-vyS_0Fzulwo1WwKUor3t3ZA6LjqeQ9ve27yhzd8ntDwEAku7Q9bMGpzA3TCqZZtqakcg\"><img loading=\"lazy\" decoding=\"async\" class=\"alignnone\" src=\"https:\/\/lh3.googleusercontent.com\/proxy\/7LpLdJttodHXjnNRUmSEdq9TGL3_NxJ-I-vyS_0Fzulwo1WwKUor3t3ZA6LjqeQ9ve27yhzd8ntDwEAku7Q9bMGpzA3TCqZZtqakcg\" alt=\"\" width=\"450\" height=\"205\" \/><\/a><\/p>\n<p style=\"text-align: center\"><img loading=\"lazy\" decoding=\"async\" class=\"alignnone size-full\" src=\"https:\/\/sites.google.com\/site\/lupandora6\/_\/rsrc\/1472781795610\/home\/principado-de-asturias\/mapa_EOI_2R_View_0_42365_2_acopl.jpg\" width=\"1920\" height=\"1080\" \/><\/p>\n<p style=\"text-align: center\"><a href=\"https:\/\/guiadeasturias.com\/wp-content\/uploads\/2018\/11\/mapadeasturias.gif\"><img loading=\"lazy\" decoding=\"async\" class=\"alignnone\" src=\"https:\/\/guiadeasturias.com\/wp-content\/uploads\/2018\/11\/mapadeasturias.gif\" alt=\"\" width=\"750\" height=\"316\" \/><\/a><\/p>\n<ul>\n<li><a href=\"http:\/\/www.saboreandoasturias.org\/comarcas.aspx\">Comarcas tur\u00edsticas<\/a><\/li>\n<\/ul>\n<p><a href=\"http:\/\/www.saboreandoasturias.org\/images\/mapacomarcas.jpg\"><img loading=\"lazy\" decoding=\"async\" class=\"aligncenter\" src=\"http:\/\/www.saboreandoasturias.org\/images\/mapacomarcas.jpg\" alt=\"\" width=\"550\" height=\"215\" \/><\/a><\/p>\n<nav id=\"nav\" class=\"left1 leftbigger\" role=\"navigation\">\n<h3><span class=\"backh\"><span class=\"backh2\"><span class=\"backh3\"> Todas las comarcas <\/span><\/span><\/span><\/h3>\n<ul id=\"navmenucomarcas\">\n<li><a href=\"http:\/\/www.saboreandoasturias.org\/datos_comarca.aspx?codigo=1\">Comarca Avil\u00e9s<\/a><\/li>\n<li><a href=\"http:\/\/www.saboreandoasturias.org\/datos_comarca.aspx?codigo=2\">Bajo Nal\u00f3n<\/a><\/li>\n<li><a href=\"http:\/\/www.saboreandoasturias.org\/datos_comarca.aspx?codigo=3\">Cabo Pe\u00f1as<\/a><\/li>\n<li><a href=\"http:\/\/www.saboreandoasturias.org\/datos_comarca.aspx?codigo=4\">Cam\u00edn Real de la Mesa<\/a><\/li>\n<li><a href=\"http:\/\/www.saboreandoasturias.org\/datos_comarca.aspx?codigo=5\">Comarca de la Sidra<\/a><\/li>\n<li><a href=\"http:\/\/www.saboreandoasturias.org\/datos_comarca.aspx?codigo=6\">Comarca del Nora<\/a><\/li>\n<li><a href=\"http:\/\/www.saboreandoasturias.org\/datos_comarca.aspx?codigo=7\">Comarca Vaqueira<\/a><\/li>\n<li><a href=\"http:\/\/www.saboreandoasturias.org\/datos_comarca.aspx?codigo=8\">Gij\u00f3n<\/a><\/li>\n<li><a href=\"http:\/\/www.saboreandoasturias.org\/datos_comarca.aspx?codigo=9\">Monta\u00f1a Central<\/a><\/li>\n<li><a href=\"http:\/\/www.saboreandoasturias.org\/datos_comarca.aspx?codigo=10\">Oscos-Eo<\/a><\/li>\n<li><a href=\"http:\/\/www.saboreandoasturias.org\/datos_comarca.aspx?codigo=11\">Fuentes del Narcea<\/a><\/li>\n<li><a href=\"http:\/\/www.saboreandoasturias.org\/datos_comarca.aspx?codigo=12\">Oviedo<\/a><\/li>\n<li><a href=\"http:\/\/www.saboreandoasturias.org\/datos_comarca.aspx?codigo=13\">Oriente<\/a><\/li>\n<li><a href=\"http:\/\/www.saboreandoasturias.org\/datos_comarca.aspx?codigo=14\">Parque Hist\u00f3rico del Navia<\/a><\/li>\n<li><a href=\"http:\/\/www.saboreandoasturias.org\/datos_comarca.aspx?codigo=15\">Valle del Nal\u00f3n<\/a><\/li>\n<\/ul>\n<\/nav>\n","protected":false},"excerpt":{"rendered":"<p>Comarcas tur\u00edsticas Todas las comarcas Comarca Avil\u00e9s Bajo Nal\u00f3n Cabo Pe\u00f1as Cam\u00edn Real de la Mesa Comarca de la Sidra Comarca del Nora Comarca Vaqueira Gij\u00f3n Monta\u00f1a Central Oscos-Eo Fuentes del Narcea Oviedo Oriente Parque Hist\u00f3rico del Navia Valle del Nal\u00f3n<\/p>\n","protected":false},"author":117,"featured_media":0,"parent":1583,"menu_order":0,"comment_status":"closed","ping_status":"closed","template":"","meta":{"footnotes":""},"class_list":["post-2092","page","type-page","status-publish","hentry","post-preview"],"_links":{"self":[{"href":"https:\/\/edublog.educastur.es\/ixuxullingua\/wp-json\/wp\/v2\/pages\/2092","targetHints":{"allow":["GET"]}}],"collection":[{"href":"https:\/\/edublog.educastur.es\/ixuxullingua\/wp-json\/wp\/v2\/pages"}],"about":[{"href":"https:\/\/edublog.educastur.es\/ixuxullingua\/wp-json\/wp\/v2\/types\/page"}],"author":[{"embeddable":true,"href":"https:\/\/edublog.educastur.es\/ixuxullingua\/wp-json\/wp\/v2\/users\/117"}],"replies":[{"embeddable":true,"href":"https:\/\/edublog.educastur.es\/ixuxullingua\/wp-json\/wp\/v2\/comments?post=2092"}],"version-history":[{"count":6,"href":"https:\/\/edublog.educastur.es\/ixuxullingua\/wp-json\/wp\/v2\/pages\/2092\/revisions"}],"predecessor-version":[{"id":2098,"href":"https:\/\/edublog.educastur.es\/ixuxullingua\/wp-json\/wp\/v2\/pages\/2092\/revisions\/2098"}],"up":[{"embeddable":true,"href":"https:\/\/edublog.educastur.es\/ixuxullingua\/wp-json\/wp\/v2\/pages\/1583"}],"wp:attachment":[{"href":"https:\/\/edublog.educastur.es\/ixuxullingua\/wp-json\/wp\/v2\/media?parent=2092"}],"curies":[{"name":"wp","href":"https:\/\/api.w.org\/{rel}","templated":true}]}}