{"id":2099,"date":"2021-01-27T17:49:07","date_gmt":"2021-01-27T15:49:07","guid":{"rendered":"https:\/\/edublog.educastur.es\/ixuxullingua\/?page_id=2099"},"modified":"2021-09-12T16:17:53","modified_gmt":"2021-09-12T14:17:53","slug":"sesion-2b","status":"publish","type":"page","link":"https:\/\/edublog.educastur.es\/ixuxullingua\/5-quintu\/quintu-20-21\/03-segundu-trimestre\/sesion-2b\/","title":{"rendered":"Sesi\u00f3n 2B Verdicio"},"content":{"rendered":"<p style=\"text-align: center\"><span style=\"color: #800080;font-size: 24pt\"><strong>a) <a href=\"https:\/\/educastur-my.sharepoint.com\/:b:\/g\/personal\/isabellh_educastur_org\/EfV-i1J9bnlEhqTzXPTkB08B_IXZUGMEYznwdi6sCU2DeA?e=3IFd6n\">VERDICIO<\/a><\/strong><\/span><\/p>\n<ul>\n<li style=\"text-align: center\"><span style=\"color: #008080\"><strong><span style=\"font-size: 36pt\"><span style=\"color: #800080;font-size: 24pt\">b) <a href=\"https:\/\/edublog.educastur.es\/ixuxullingua\/5-quintu\/03-ochobre\/sesion-2c-m-torniello\/\">Marcos del Torniello<\/a><\/span><br \/>\n<span style=\"font-size: 24pt\">\u00bfA qu\u00e9 te suena la pallabra \u00abVerdicio\u00bb?<\/span><\/span><\/strong><\/span><\/li>\n<\/ul>\n<hr \/>\n<p style=\"text-align: center\"><em><span style=\"font-size: 24pt\">Esto ye <span style=\"color: #008080\"><strong>Verdicio<\/strong><\/span><\/span><\/em><\/p>\n<p style=\"text-align: center\"><a href=\"https:\/\/media-cdn.tripadvisor.com\/media\/photo-m\/1280\/14\/72\/0d\/b8\/playa-de-verdicio.jpg\"><img loading=\"lazy\" decoding=\"async\" class=\"alignnone\" src=\"https:\/\/media-cdn.tripadvisor.com\/media\/photo-m\/1280\/14\/72\/0d\/b8\/playa-de-verdicio.jpg\" alt=\"\" width=\"1280\" height=\"328\" \/><\/a><\/p>\n<div class=\"info-title \">\n<p><span style=\"font-size: 14pt\"><b>Un interesante campo dunar ba\u00f1ado por fuerte oleaje:\u00a0 <\/b>Para el ba\u00f1ista, la playa de Verdicio (tambi\u00e9n conocida como Tenrero) destaca sobre todo por sus<strong> fuertes olas, que rompen en la misma orilla, y por la belleza de su espectacular entorno, con vegetaci\u00f3n dunar y gruesa arena dorada.<\/strong><\/span><\/p>\n<p><span style=\"font-size: 14pt\">Pero adem\u00e1s, de Verdicio hay que se\u00f1alar sus <a href=\"https:\/\/yacimientos.asturias.es\/paleol%C3%ADtico\"><span style=\"color: #008080\"><strong>yacimientos del Paleol\u00edtico inferior<\/strong><\/span><\/a> (<a href=\"https:\/\/yacimientos.asturias.es\/paleol%C3%ADtico\">VER<\/a>) , de trascendental importancia as\u00ed como el <strong>recinto castre\u00f1o de El Cuerno<\/strong>, situado en las colinas que se ven hacia la zona del Cabo Pe\u00f1as, el cabo m\u00e1s septentrional del Principado de Asturias. A la derecha la playa se cierra por una cadena de islotes. <strong><span class=\"title11\">Observaciones: <\/span><span style=\"color: #008080\"><i>Paisaje Protegido Cabo Pe\u00f1as<\/i><\/span><\/strong><\/span><\/p>\n<\/div>\n<table class=\"infobox\" style=\"width: 100%;height: 260px\">\n<tbody>\n<tr style=\"height: 20px\">\n<th style=\"text-align: center;height: 20px\" scope=\"row\"><em><span style=\"font-size: 18pt\">Longitud<\/span><\/em><\/th>\n<td style=\"text-align: center;height: 20px\" colspan=\"2\"><em><span style=\"font-size: 18pt\">330 <a title=\"M\" href=\"https:\/\/es.wikipedia.org\/wiki\/M\">m<\/a> en total.<\/span><\/em><\/td>\n<\/tr>\n<tr style=\"height: 20px\">\n<th style=\"text-align: center;height: 20px\" scope=\"row\"><em><span style=\"font-size: 18pt\">Ancho medio<\/span><\/em><\/th>\n<td style=\"text-align: center;height: 20px\" colspan=\"2\"><em><span style=\"font-size: 18pt\">75-80 <a title=\"M\" href=\"https:\/\/es.wikipedia.org\/wiki\/M\">m<\/a> aproximdamente.<\/span><\/em><\/td>\n<\/tr>\n<tr style=\"height: 20px\">\n<th style=\"text-align: center;height: 20px\" scope=\"row\"><em><span style=\"font-size: 18pt\">Grado ocupaci\u00f3n<\/span><\/em><\/th>\n<td style=\"text-align: center;height: 20px\" colspan=\"2\"><em><span style=\"font-size: 18pt\">masiva en verano.<\/span><\/em><\/td>\n<\/tr>\n<tr style=\"height: 20px\">\n<th style=\"text-align: center;height: 20px\" scope=\"row\"><em><span style=\"font-size: 18pt\">Grado urbanizaci\u00f3n<\/span><\/em><\/th>\n<td style=\"text-align: center;height: 20px\" colspan=\"2\"><em><span style=\"font-size: 18pt\">Residencial,medio.<\/span><\/em><\/td>\n<\/tr>\n<tr style=\"height: 20px\">\n<th style=\"text-align: center;height: 20px\" colspan=\"3\"><span style=\"color: #008080\"><em><span style=\"font-size: 18pt\">Caracter\u00edsticas espec\u00edficas<\/span><\/em><\/span><\/th>\n<\/tr>\n<tr style=\"height: 20px\">\n<th style=\"text-align: center;height: 20px\" scope=\"row\"><em><span style=\"font-size: 18pt\">Tipo arena<\/span><\/em><\/th>\n<td style=\"text-align: center;height: 20px\" colspan=\"2\"><em><span style=\"font-size: 18pt\">Doradas de grano medio.<\/span><\/em><\/td>\n<\/tr>\n<tr style=\"height: 20px\">\n<th style=\"text-align: center;height: 20px\" scope=\"row\"><em><span style=\"font-size: 18pt\">Condiciones ba\u00f1o<\/span><\/em><\/th>\n<td style=\"text-align: center;height: 20px\" colspan=\"2\"><em><span style=\"font-size: 18pt\">Oleaje escaso.<\/span><\/em><\/td>\n<\/tr>\n<tr style=\"height: 20px\">\n<th style=\"text-align: center;height: 20px\" colspan=\"3\"><span style=\"color: #008080\"><em><span style=\"font-size: 18pt\">Aspectos medioambientales<\/span><\/em><\/span><\/th>\n<\/tr>\n<tr style=\"height: 20px\">\n<th style=\"text-align: center;height: 20px\" scope=\"row\"><em><span style=\"font-size: 18pt\">Presencia vegetaci\u00f3n<\/span><\/em><\/th>\n<td style=\"text-align: center;height: 20px\" colspan=\"2\"><em><span style=\"font-size: 18pt\">S\u00ed<\/span><\/em><\/td>\n<\/tr>\n<tr style=\"height: 20px\">\n<th style=\"text-align: center;height: 20px\" scope=\"row\"><em><span style=\"font-size: 18pt\">Zona protegida<\/span><\/em><\/th>\n<td style=\"text-align: center;height: 20px\" colspan=\"2\"><em><span style=\"font-size: 18pt\">S\u00ed<\/span><\/em><\/td>\n<\/tr>\n<tr style=\"height: 20px\">\n<th style=\"text-align: center;height: 20px\" colspan=\"3\"><span style=\"color: #008080\"><em><span style=\"font-size: 18pt\">Accesibilidad<\/span><\/em><\/span><\/th>\n<\/tr>\n<tr style=\"height: 20px\">\n<th style=\"text-align: center;height: 20px\" scope=\"row\"><em><span style=\"font-size: 18pt\">Tipo de acceso<\/span><\/em><\/th>\n<td style=\"text-align: center;height: 20px\" colspan=\"2\"><em><span style=\"font-size: 18pt\">Camino de tierra<\/span><\/em><\/td>\n<\/tr>\n<tr style=\"height: 20px\">\n<th style=\"text-align: center;height: 20px\" scope=\"row\"><em><span style=\"font-size: 18pt\">Se\u00f1alizaci\u00f3n de acceso<\/span><\/em><\/th>\n<td style=\"text-align: center;height: 20px\" colspan=\"2\"><em><span style=\"font-size: 18pt\">No.<\/span><\/em><\/td>\n<\/tr>\n<\/tbody>\n<\/table>\n<p style=\"text-align: center\">\n<!-- iframe plugin v.6.0 wordpress.org\/plugins\/iframe\/ -->\n<iframe loading=\"lazy\" title=\"vimeo-player\" src=\"https:\/\/player.vimeo.com\/video\/121816299\" width=\"640\" height=\"360\" frameborder=\"0\" 0=\"allowfullscreen\" 1=\"\/iframe\" scrolling=\"yes\" class=\"iframe-class\"><\/iframe>\n<\/p>\n<ul>\n<li style=\"text-align: center\"><span style=\"font-size: 18pt\"><a href=\"https:\/\/asturplaya.es\/blog\/verdicio-beach-in-asturias-spain\/\">P\u00e1xina n\u00b4Ingl\u00e9s<\/a><\/span><\/li>\n<li style=\"text-align: center\"><a href=\"https:\/\/www.youtube.com\/watch?v=ohQY66qQ5c4\"><span style=\"font-size: 18pt\">A vista de dron<\/span><\/a><\/li>\n<\/ul>\n<p style=\"text-align: center\">\n<!-- iframe plugin v.6.0 wordpress.org\/plugins\/iframe\/ -->\n<iframe loading=\"lazy\" width=\"647\" height=\"364\" src=\"https:\/\/www.youtube.com\/embed\/ohQY66qQ5c4\" scrolling=\"yes\" class=\"iframe-class\" frameborder=\"0\"><\/iframe>\n<\/p>\n<ul>\n<li style=\"text-align: center\"><a href=\"https:\/\/www.youtube.com\/watch?v=-fpXYZL7-78\">V\u00eddeu meyorau<\/a><\/li>\n<\/ul>\n<p style=\"text-align: center\">\n<!-- iframe plugin v.6.0 wordpress.org\/plugins\/iframe\/ -->\n<iframe loading=\"lazy\" width=\"647\" height=\"364\" src=\"https:\/\/www.youtube.com\/embed\/-fpXYZL7-78\" scrolling=\"yes\" class=\"iframe-class\" frameborder=\"0\"><\/iframe>\n<\/p>\n<p style=\"text-align: center\">\n<!-- iframe plugin v.6.0 wordpress.org\/plugins\/iframe\/ -->\n<iframe loading=\"lazy\" width=\"647\" height=\"364\" src=\"https:\/\/www.youtube.com\/embed\/B6brUiMSBBk\" scrolling=\"yes\" class=\"iframe-class\" frameborder=\"0\"><\/iframe>\n<\/p>\n<p style=\"text-align: center\">\n<!-- iframe plugin v.6.0 wordpress.org\/plugins\/iframe\/ -->\n<iframe loading=\"lazy\" width=\"647\" height=\"364\" src=\"https:\/\/www.youtube.com\/embed\/ysmxp71CDw0\" scrolling=\"yes\" class=\"iframe-class\" frameborder=\"0\"><\/iframe>\n<\/p>\n<hr \/>\n<p style=\"text-align: center\"><span style=\"color: #008080\"><em><span style=\"font-size: 24pt\">Equ\u00ed ta <span style=\"color: #008080\"><strong>Verdicio<\/strong><\/span>:<\/span><\/em><\/span><\/p>\n<p style=\"text-align: center\"><img loading=\"lazy\" decoding=\"async\" class=\"alignnone size-full\" src=\"https:\/\/www.ayto-gozon.org\/image\/image_gallery?uuid=b9a0fd60-1ac9-46f0-aa05-98f1b79b7f65&amp;groupId=201547&amp;t=1300807186199\" width=\"475\" height=\"204\" \/><\/p>\n<ul>\n<li style=\"text-align: center\"><span style=\"font-size: 14pt\"><a href=\"https:\/\/es.wikipedia.org\/wiki\/Categor%C3%ADa:Espacios_naturales_de_Asturias\"><em><strong>Espaciu natural d\u00b4Asturies<\/strong><\/em><\/a><\/span><\/li>\n<li style=\"text-align: center\"><a href=\"https:\/\/www.turismoasturias.es\/descubre\/costa\/playas\/playa-de-verdicio\">Turismo Asturies<\/a><\/li>\n<li style=\"text-align: center\"><span style=\"font-size: 14pt\"><a href=\"https:\/\/www.google.com\/maps\/place\/Verdicio,+33448,+Asturias\/@43.6259931,-5.8612228,1190m\/data=!3m1!1e3!4m8!1m2!2m1!1sverdicio!3m4!1s0xd3682898b7f1c89:0x4817ea008149396f!8m2!3d43.626943!4d-5.8579606?hl=es\"><em>Google Maps<\/em><\/a><\/span><\/li>\n<li style=\"text-align: center\"><span style=\"font-size: 14pt\"><a href=\"https:\/\/www.google.com\/maps\/d\/viewer?mid=1Q_Eu051VKGaV66nM0NPIf7ttvkM&amp;ie=UTF8&amp;oe=UTF8&amp;msa=0&amp;ll=43.62601100000001%2C-5.877085000000011&amp;z=17\">MAPS<\/a><\/span><\/li>\n<li style=\"text-align: center\"><a href=\"https:\/\/earth.google.com\/web\/search\/Verdicio+Playa\/@43.62634645,-5.87692675,0.29140051a,739.46479652d,35y,0h,45t,0r\/data=CngaThJICiQweGQzNjgyYmRlMTYyNWEzZjoweGRlZTViN2UyOGNhNmUzMjUZnEGNjB_QRUAha4E9JlKCF8AqDlZlcmRpY2lvIFBsYXlhGAIgASImCiQJF8EPRRkYM0ARFsEPRRkYM8AZiqTaRl5_O0AhKSpM1WIcUsAoAg\"><span style=\"font-size: 14pt\"><strong><em>Google Earth<\/em><\/strong><\/span><\/a><\/li>\n<li style=\"text-align: center\"><a href=\"https:\/\/www.google.com\/maps\/place\/43%C2%B037'34.8%22N+5%C2%B052'36.3%22W\/@43.6263273,-5.8766303,3a,75y,266.28h,90t\/data=!3m8!1e1!3m6!1sAF1QipNAzXXk2x2ukSMcNjRmoX5ops55JL7t9ZgpYjU5!2e10!3e11!6shttps:%2F%2Flh5.googleusercontent.com%2Fp%2FAF1QipNAzXXk2x2ukSMcNjRmoX5ops55JL7t9ZgpYjU5%3Dw203-h100-k-no-pi0-ya324.27512-ro-0-fo100!7i8704!8i4352!4m5!3m4!1s0x0:0x0!8m2!3d43.626322!4d-5.876742?hl=ast#\"><span style=\"font-size: 14pt\">Enllaz a Playa<\/span><\/a><\/li>\n<\/ul>\n<p>&nbsp;<\/p>\n<hr \/>\n<p style=\"text-align: center\"><strong><span style=\"color: #008080;font-size: 18pt\"><em>N\u00b4asturianu, pallabres de la familia VERDE:<\/em><\/span><\/strong><\/p>\n<p>&nbsp;<\/p>\n<p style=\"text-align: center\"><span style=\"color: #008080\"><strong><em><span style=\"font-size: 18pt\">N\u00b4castell\u00e1n, palabras de la familia VERDE:<\/span><\/em><\/strong><\/span><\/p>\n<div class=\"co8aDb XcVN5d\" role=\"heading\"><em><span style=\"font-size: 14pt\"><b>Familia L\u00e9xica de Verde<\/b><\/span><\/em><\/div>\n<div class=\"RqBzHd\">\n<ul class=\"i8Z77e\">\n<li class=\"TrT0Xe\"><em><span style=\"font-size: 14pt\"><b>Verde<\/b>: color propio de las plantas.<\/span><\/em><\/li>\n<li class=\"TrT0Xe\"><em><span style=\"font-size: 14pt\">Verdoso: color que se aproxima al <b>verde<\/b>.<\/span><\/em><\/li>\n<li class=\"TrT0Xe\"><em><span style=\"font-size: 14pt\">Verdecer: cubrirse de <b>verde<\/b>.<\/span><\/em><\/li>\n<li class=\"TrT0Xe\"><em><span style=\"font-size: 14pt\">Verdear: mostrar el color <b>verde<\/b> de algo.<\/span><\/em><\/li>\n<li class=\"TrT0Xe\"><em><span style=\"font-size: 14pt\">Verdegal: campo cubierto de <b>verde<\/b>.<\/span><\/em><\/li>\n<li class=\"TrT0Xe\"><em><span style=\"font-size: 14pt\">Enverdecer: sin\u00f3nimo de reverdecer.<\/span><\/em><\/li>\n<li class=\"TrT0Xe\"><em><span style=\"font-size: 14pt\">Reverdecer: campo seco que vuelve a tomar el color <b>verde<\/b>.<\/span><\/em><\/li>\n<\/ul>\n<hr \/>\n<p><span style=\"font-size: 14pt\"><span style=\"color: #800080\"><em><strong>Definici\u00f3n de Familia L\u00e9xica:<\/strong> <\/em><\/span>Una Familia L\u00e9xica (o Familia de Palabras) es un grupo de palabras que derivan de otra (llamada Palabra Primitiva) a la que se le a\u00f1aden Morfemas Derivativos como son los Prefijos (<strong>a-, des-, en-, re-, pro-<\/strong>&#8230;), Sufijos (<strong>-ito, -illo, -oso, -azo, ado&#8230;<\/strong>) e Interfijos.<\/span><\/p>\n<p><span style=\"font-size: 14pt\">Las palabras de una misma Familia L\u00e9xica comparten el mismo lexema (o ra\u00edz) por lo que guardan cierta relaci\u00f3n de significado entre ellas.<\/span><\/p>\n<\/div>\n<hr \/>\n<p style=\"text-align: center\"><span style=\"color: #008080\"><em><strong><span style=\"font-size: 18pt\">Campu sem\u00e1nticu de la pallabra VERDE:<\/span><\/strong><\/em><\/span><\/p>\n<p>&nbsp;<\/p>\n<hr \/>\n<p style=\"text-align: center\"><span style=\"color: #008080\"><em><span style=\"font-size: 18pt\">Wikipedia: <strong>Playa de VERDICIO<\/strong> (<a style=\"color: #008080\" href=\"https:\/\/es.wikipedia.org\/wiki\/Playa_de_Verdicio\">castell\u00e1n<\/a>)<\/span><\/em><\/span><\/p>\n<p style=\"text-align: center\"><em><span style=\"font-size: 18pt\">La <strong>playa de Tenrero<\/strong> , Tambi\u00e9n llamada playa de \u201c <strong>Verdicio<\/strong> \u201c,<br \/>\nse encuentra en el concejo de <a title=\"Goz\u00f3n\" href=\"https:\/\/es.wikipedia.org\/wiki\/Goz%C3%B3n\">Goz\u00f3n<\/a>,<br \/>\n<a title=\"Comunidad aut\u00f3noma\" href=\"https:\/\/es.wikipedia.org\/wiki\/Comunidad_aut%C3%B3noma\">comunidad aut\u00f3noma<\/a> del <a class=\"mw-redirect\" title=\"Principado de Asturias\" href=\"https:\/\/es.wikipedia.org\/wiki\/Principado_de_Asturias\">Principado de Asturias<\/a>, <a title=\"Espa\u00f1a\" href=\"https:\/\/es.wikipedia.org\/wiki\/Espa%C3%B1a\">Espa\u00f1a<\/a><br \/>\ny pertenece a la localidad de San Mart\u00edn de Podes .<\/span> <\/em><\/p>\n<p style=\"text-align: center\"><a href=\"https:\/\/3.bp.blogspot.com\/-hOebpCOyFOQ\/Tn92WSMMEAI\/AAAAAAAAAb4\/OaUtRJDJvzA\/s1600\/goz%25C3%25B3n_color.jpg\"><img loading=\"lazy\" decoding=\"async\" class=\"alignnone\" src=\"https:\/\/3.bp.blogspot.com\/-hOebpCOyFOQ\/Tn92WSMMEAI\/AAAAAAAAAb4\/OaUtRJDJvzA\/s1600\/goz%25C3%25B3n_color.jpg\" alt=\"\" width=\"450\" height=\"450\" \/><\/a><\/p>\n<p style=\"text-align: center\" align=\"justify\"><em><span style=\"font-size: 18pt\"><strong>San Martin de Podes<\/strong> es una aldea asturiana<br \/>\nperteneciente al Concejo de Goz\u00f3n (la capital es Luanco).<\/span><\/em><\/p>\n<p style=\"text-align: center\" align=\"justify\"><a href=\"https:\/\/www.codigopostal.org\/images\/imagen-de-gozon-2.jpg\"><img loading=\"lazy\" decoding=\"async\" class=\"aligncenter\" src=\"https:\/\/www.codigopostal.org\/images\/imagen-de-gozon-2.jpg\" alt=\"\" width=\"972\" height=\"925\" \/><\/a><\/p>\n<p style=\"text-align: center\" align=\"justify\"><em><span style=\"font-size: 18pt\">Se encuentra situada al borde del mar Cantabrico,<br \/>\nal oeste del Cabo Penas,<br \/>\na trav\u00e9s del cual se introduce en el mar<br \/>\n<strong>dividiendo la costa asturiana en oriental y occidental<\/strong>.<br \/>\nFrente al cabo podemos contemplar la isla de Erbosa,<br \/>\nlugar donde nidifican numerosas aves.<\/span><\/em><\/p>\n<p style=\"text-align: center\" align=\"justify\"><img loading=\"lazy\" decoding=\"async\" class=\"alignnone size-full\" src=\"https:\/\/www.ayto-gozon.org\/documents\/201547\/204708\/MapaPlayas\/325f8425-5bf3-4ed4-aa24-a7af2d05b7b6?t=1304952171659\" width=\"606\" height=\"530\" \/><\/p>\n<p style=\"text-align: center\" align=\"justify\"><em><span style=\"font-size: 18pt\">San Martin es un bello municipio de caracter rural y pesquero<br \/>\nque adem\u00e1s de contar con numerosas playas<br \/>\nest\u00e1 a pocos kil\u00f3metros de los centros mas importantes<br \/>\nde Asturias como Oviedo (42 kms), Avil\u00e9s y Luanco (7 Kms)<\/span><\/em><\/p>\n<hr \/>\n<ul>\n<li style=\"text-align: center\"><a href=\"https:\/\/geohack.toolforge.org\/geohack.php?language=ast&amp;pagename=Playa_de_Verdicio&amp;params=43_37_34.76_N_5_52_36.27_W_region:_scale:10000_type:landmark\"><em><strong>GeoHack (asturianu)<\/strong><\/em><\/a><\/li>\n<\/ul>\n<table border=\"1\" cellpadding=\"2\">\n<tbody>\n<tr>\n<th scope=\"row\"><em><span style=\"font-size: 14pt\"><b>Google Maps<\/b><\/span><\/em><\/th>\n<td><em><span style=\"font-size: 14pt\"><a class=\"external text\" href=\"https:\/\/maps.google.com\/maps?ll=43.626322,-5.876742&amp;q=43.626322,-5.876742&amp;hl=ast&amp;t=m&amp;z=15\" rel=\"nofollow\">Mapa<\/a><\/span><\/em><\/td>\n<td><em><span style=\"font-size: 14pt\"><a class=\"external text\" href=\"https:\/\/maps.google.com\/maps?ll=43.626322,-5.876742&amp;q=43.626322,-5.876742&amp;hl=ast&amp;t=h&amp;z=15\" rel=\"nofollow\">Sat\u00e9lite<\/a><\/span><\/em><\/td>\n<td><em><span style=\"font-size: 14pt\"><a class=\"external text\" href=\"https:\/\/maps.google.com\/maps?ll=43.626322,-5.876742&amp;q=43.626322,-5.876742&amp;hl=ast&amp;t=p&amp;z=15&amp;output=classic\" rel=\"nofollow\">Terr\u00e9n<\/a><\/span><\/em><\/td>\n<\/tr>\n<\/tbody>\n<\/table>\n<p style=\"text-align: center\"><a href=\"https:\/\/geohack.toolforge.org\/geohack.php?language=ast&amp;pagename=Playa_de_Verdicio&amp;params=43_37_34.76_N_5_52_36.27_W_region:_scale:10000_type:landmark\">https:\/\/geohack.toolforge.org\/geohack.php?language=ast&amp;pagename=Playa_de_Verdicio&amp;params=43_37_34.76_N_5_52_36.27_W_region:_scale:10000_type:landmark<\/a><\/p>\n<hr \/>\n<p style=\"text-align: center\"><a href=\"https:\/\/porsolea.com\/wp-content\/uploads\/2014\/03\/playa-de-verdicio.jpg\"><img loading=\"lazy\" decoding=\"async\" class=\"alignnone\" src=\"https:\/\/porsolea.com\/wp-content\/uploads\/2014\/03\/playa-de-verdicio.jpg\" alt=\"\" width=\"1600\" height=\"1022\" \/><\/a><\/p>\n","protected":false},"excerpt":{"rendered":"<p>a) VERDICIO b) Marcos del Torniello \u00bfA qu\u00e9 te suena la pallabra \u00abVerdicio\u00bb? Esto ye Verdicio Un interesante campo dunar ba\u00f1ado por fuerte oleaje:\u00a0 Para el ba\u00f1ista, la playa de Verdicio (tambi\u00e9n conocida como Tenrero) destaca sobre todo por sus fuertes olas, que rompen en la misma orilla, y por la belleza de su espectacular [&hellip;]<\/p>\n","protected":false},"author":117,"featured_media":0,"parent":233,"menu_order":0,"comment_status":"closed","ping_status":"closed","template":"","meta":{"footnotes":""},"class_list":["post-2099","page","type-page","status-publish","hentry","post-preview"],"_links":{"self":[{"href":"https:\/\/edublog.educastur.es\/ixuxullingua\/wp-json\/wp\/v2\/pages\/2099","targetHints":{"allow":["GET"]}}],"collection":[{"href":"https:\/\/edublog.educastur.es\/ixuxullingua\/wp-json\/wp\/v2\/pages"}],"about":[{"href":"https:\/\/edublog.educastur.es\/ixuxullingua\/wp-json\/wp\/v2\/types\/page"}],"author":[{"embeddable":true,"href":"https:\/\/edublog.educastur.es\/ixuxullingua\/wp-json\/wp\/v2\/users\/117"}],"replies":[{"embeddable":true,"href":"https:\/\/edublog.educastur.es\/ixuxullingua\/wp-json\/wp\/v2\/comments?post=2099"}],"version-history":[{"count":26,"href":"https:\/\/edublog.educastur.es\/ixuxullingua\/wp-json\/wp\/v2\/pages\/2099\/revisions"}],"predecessor-version":[{"id":2607,"href":"https:\/\/edublog.educastur.es\/ixuxullingua\/wp-json\/wp\/v2\/pages\/2099\/revisions\/2607"}],"up":[{"embeddable":true,"href":"https:\/\/edublog.educastur.es\/ixuxullingua\/wp-json\/wp\/v2\/pages\/233"}],"wp:attachment":[{"href":"https:\/\/edublog.educastur.es\/ixuxullingua\/wp-json\/wp\/v2\/media?parent=2099"}],"curies":[{"name":"wp","href":"https:\/\/api.w.org\/{rel}","templated":true}]}}