{"id":21,"date":"2020-07-16T10:07:55","date_gmt":"2020-07-16T10:07:55","guid":{"rendered":"https:\/\/edublog.educastur.es\/ixuxullingua\/?page_id=21"},"modified":"2021-09-26T13:02:21","modified_gmt":"2021-09-26T11:02:21","slug":"4-cuartu","status":"publish","type":"page","link":"https:\/\/edublog.educastur.es\/ixuxullingua\/4-cuartu\/","title":{"rendered":"4. CUARTU"},"content":{"rendered":"<p><a href=\"https:\/\/educastur.sharepoint.com\/:f:\/r\/sites\/C.P.CARMENRUIZ-TILVE-ESPECIALISTA_LLINGUAASTURIANA\/Documentos%20compartidos\/ESPECIALISTA_LLINGUA%20ASTURIANA\/Llingua_4%C2%BA%20ABCD?csf=1&amp;web=1&amp;e=E6wUHh\"><img loading=\"lazy\" decoding=\"async\" class=\" wp-image-818 alignleft\" src=\"http:\/\/edublog.educastur.es\/ixuxullingua\/files\/2020\/08\/00_cuartu-150x150.png\" alt=\"\" width=\"98\" height=\"98\" \/><\/a><\/p>\n<p>&nbsp;<\/p>\n<p>&nbsp;<\/p>\n<ul>\n<li><a href=\"https:\/\/educastur.sharepoint.com\/:f:\/r\/sites\/C.P.CARMENRUIZ-TILVE-ESPECIALISTA_LLINGUAASTURIANA\/Documentos%20compartidos\/ESPECIALISTA_LLINGUA%20ASTURIANA\/Llingua_4%C2%BA%20ABCD?csf=1&amp;web=1&amp;e=E6wUHh\"><span style=\"color: #008080\"><strong><span style=\"font-size: 14pt\"><em>Accesu a la TAREA de Clas d\u00b4Isa<\/em><\/span><\/strong><\/span><\/a><\/li>\n<\/ul>\n<p>&nbsp;<\/p>\n<hr \/>\n<ul>\n<li class=\"page_item page-item-21 page_item_has_children\"><a href=\"https:\/\/edublog.educastur.es\/ixuxullingua\/4-cuartu\/\">4. CUARTU<\/a>\n<ul class=\"children\">\n<li class=\"page_item page-item-114\"><a href=\"https:\/\/edublog.educastur.es\/ixuxullingua\/4-cuartu\/1-2020-primavera\/\">01) 2020 Primavera<\/a><\/li>\n<li class=\"page_item page-item-2790 page_item_has_children\"><a href=\"https:\/\/edublog.educastur.es\/ixuxullingua\/4-cuartu\/cuartu-20-21\/\">Cuartu 20-21<\/a>\n<ul class=\"children\">\n<li class=\"page_item page-item-216 page_item_has_children\"><a href=\"https:\/\/edublog.educastur.es\/ixuxullingua\/4-cuartu\/cuartu-20-21\/02-primer-trimestre\/\">02) Primer trimestre<\/a>\n<ul class=\"children\">\n<li class=\"page_item page-item-1220\"><a href=\"https:\/\/edublog.educastur.es\/ixuxullingua\/4-cuartu\/cuartu-20-21\/02-primer-trimestre\/sesion-01\/\">Sesi\u00f3n 01<\/a><\/li>\n<li class=\"page_item page-item-1222\"><a href=\"https:\/\/edublog.educastur.es\/ixuxullingua\/4-cuartu\/cuartu-20-21\/02-primer-trimestre\/sesion-02\/\">Sesi\u00f3n 02<\/a><\/li>\n<li class=\"page_item page-item-1224\"><a href=\"https:\/\/edublog.educastur.es\/ixuxullingua\/4-cuartu\/cuartu-20-21\/02-primer-trimestre\/sesion-03\/\">Sesi\u00f3n 03<\/a><\/li>\n<li class=\"page_item page-item-1226\"><a href=\"https:\/\/edublog.educastur.es\/ixuxullingua\/4-cuartu\/cuartu-20-21\/02-primer-trimestre\/sesion-03b\/\">Sesi\u00f3n 03b<\/a><\/li>\n<li class=\"page_item page-item-1228\"><a href=\"https:\/\/edublog.educastur.es\/ixuxullingua\/4-cuartu\/cuartu-20-21\/02-primer-trimestre\/sesion-04\/\">Sesi\u00f3n 04<\/a><\/li>\n<li class=\"page_item page-item-1139\"><a href=\"https:\/\/edublog.educastur.es\/ixuxullingua\/4-cuartu\/cuartu-20-21\/02-primer-trimestre\/sesion-5_la-sidra-asturiana\/\">Sesi\u00f3n 05<\/a><\/li>\n<li class=\"page_item page-item-1475\"><a href=\"https:\/\/edublog.educastur.es\/ixuxullingua\/4-cuartu\/cuartu-20-21\/02-primer-trimestre\/sesion-06\/\">Sesi\u00f3n 06<\/a><\/li>\n<li class=\"page_item page-item-1477\"><a href=\"https:\/\/edublog.educastur.es\/ixuxullingua\/4-cuartu\/cuartu-20-21\/02-primer-trimestre\/sesion-07\/\">Sesi\u00f3n 07<\/a><\/li>\n<\/ul>\n<\/li>\n<li class=\"page_item page-item-231 page_item_has_children\"><a href=\"https:\/\/edublog.educastur.es\/ixuxullingua\/4-cuartu\/cuartu-20-21\/03-segundu-trimestre\/\">03) Segundu trimestre<\/a>\n<ul class=\"children\">\n<li class=\"page_item page-item-1592\"><a href=\"https:\/\/edublog.educastur.es\/ixuxullingua\/4-cuartu\/cuartu-20-21\/03-segundu-trimestre\/sesion-01\/\">Sesi\u00f3n 01<\/a><\/li>\n<li class=\"page_item page-item-1600\"><a href=\"https:\/\/edublog.educastur.es\/ixuxullingua\/4-cuartu\/cuartu-20-21\/03-segundu-trimestre\/sesion-02\/\">Sesi\u00f3n 02<\/a><\/li>\n<li class=\"page_item page-item-1608\"><a href=\"https:\/\/edublog.educastur.es\/ixuxullingua\/4-cuartu\/cuartu-20-21\/03-segundu-trimestre\/sesion-03\/\">Sesi\u00f3n 03<\/a><\/li>\n<li class=\"page_item page-item-1618\"><a href=\"https:\/\/edublog.educastur.es\/ixuxullingua\/4-cuartu\/cuartu-20-21\/03-segundu-trimestre\/sesion-04\/\">Sesi\u00f3n 04<\/a><\/li>\n<li class=\"page_item page-item-1628\"><a href=\"https:\/\/edublog.educastur.es\/ixuxullingua\/4-cuartu\/cuartu-20-21\/03-segundu-trimestre\/sesion-05\/\">Sesi\u00f3n 05<\/a><\/li>\n<li class=\"page_item page-item-1638\"><a href=\"https:\/\/edublog.educastur.es\/ixuxullingua\/4-cuartu\/cuartu-20-21\/03-segundu-trimestre\/sesion-06\/\">Sesi\u00f3n 06<\/a><\/li>\n<li class=\"page_item page-item-1646\"><a href=\"https:\/\/edublog.educastur.es\/ixuxullingua\/4-cuartu\/cuartu-20-21\/03-segundu-trimestre\/sesion-07\/\">Sesi\u00f3n 07<\/a><\/li>\n<li class=\"page_item page-item-1658\"><a href=\"https:\/\/edublog.educastur.es\/ixuxullingua\/4-cuartu\/cuartu-20-21\/03-segundu-trimestre\/sesion-08\/\">Sesi\u00f3n 08<\/a><\/li>\n<li class=\"page_item page-item-1668\"><a href=\"https:\/\/edublog.educastur.es\/ixuxullingua\/4-cuartu\/cuartu-20-21\/03-segundu-trimestre\/sesion-09\/\">Sesi\u00f3n 09<\/a><\/li>\n<li class=\"page_item page-item-1678\"><a href=\"https:\/\/edublog.educastur.es\/ixuxullingua\/4-cuartu\/cuartu-20-21\/03-segundu-trimestre\/sesion-10\/\">Sesi\u00f3n 10<\/a><\/li>\n<li class=\"page_item page-item-1688\"><a href=\"https:\/\/edublog.educastur.es\/ixuxullingua\/4-cuartu\/cuartu-20-21\/03-segundu-trimestre\/sesion-11\/\">Sesi\u00f3n 11<\/a><\/li>\n<\/ul>\n<\/li>\n<li class=\"page_item page-item-255 page_item_has_children\"><a href=\"https:\/\/edublog.educastur.es\/ixuxullingua\/4-cuartu\/cuartu-20-21\/04-tercer-trimestre\/\">04) Tercer trimestre<\/a>\n<ul class=\"children\">\n<li class=\"page_item page-item-2446\"><a href=\"https:\/\/edublog.educastur.es\/ixuxullingua\/4-cuartu\/cuartu-20-21\/04-tercer-trimestre\/sesion-01\/\">Sesi\u00f3n 01<\/a><\/li>\n<li class=\"page_item page-item-2448\"><a href=\"https:\/\/edublog.educastur.es\/ixuxullingua\/4-cuartu\/cuartu-20-21\/04-tercer-trimestre\/sesion-02\/\">Sesi\u00f3n 02<\/a><\/li>\n<\/ul>\n<\/li>\n<\/ul>\n<\/li>\n<li class=\"page_item page-item-2748 page_item_has_children\"><a href=\"https:\/\/edublog.educastur.es\/ixuxullingua\/4-cuartu\/cuartu-21-22\/\">Cuartu 21-22<\/a>\n<ul class=\"children\">\n<li class=\"page_item page-item-275 page_item_has_children\"><a href=\"https:\/\/edublog.educastur.es\/ixuxullingua\/4-cuartu\/cuartu-21-22\/05-primer-trimestre\/\">05) Primer trimestre<\/a>\n<ul class=\"children\">\n<li class=\"page_item page-item-2644\"><a href=\"https:\/\/edublog.educastur.es\/ixuxullingua\/4-cuartu\/cuartu-21-22\/05-primer-trimestre\/01-dinosaurios\/\">01 Dinosaurios<\/a><\/li>\n<\/ul>\n<\/li>\n<li class=\"page_item page-item-842\"><a href=\"https:\/\/edublog.educastur.es\/ixuxullingua\/4-cuartu\/cuartu-21-22\/06-segundu-trimestre\/\">06) Segundu trimestre<\/a><\/li>\n<li class=\"page_item page-item-854\"><a href=\"https:\/\/edublog.educastur.es\/ixuxullingua\/4-cuartu\/cuartu-21-22\/07-tercer-trimestre\/\">07) Tercer trimestre<\/a><\/li>\n<\/ul>\n<\/li>\n<\/ul>\n<\/li>\n<\/ul>\n<hr \/>\n<ul>\n<li class=\"page_item page-item-21 page_item_has_children\" style=\"list-style-type: none;text-align: center\"><a href=\"https:\/\/educastur-my.sharepoint.com\/:b:\/g\/personal\/isabellh_educastur_org\/EQyuDx2P-DBJrPyz-nXTmG4Bks8O_cPmtHGckLm4GF9F4g?e=mkaWvk\"><strong><em>Cuartu<\/em><\/strong><\/a><br \/>\n\n<!-- iframe plugin v.6.0 wordpress.org\/plugins\/iframe\/ -->\n<iframe loading=\"lazy\" src=\"https:\/\/drive.google.com\/file\/d\/1iuJIzVECENxHB8eSKGGsuVCO1gd7nRzB\/preview\" width=\"704\" height=\"980\" 0=\"\/iframe\" scrolling=\"yes\" class=\"iframe-class\" frameborder=\"0\"><\/iframe>\n<\/li>\n<\/ul>\n","protected":false},"excerpt":{"rendered":"<p>&nbsp; &nbsp; Accesu a la TAREA de Clas d\u00b4Isa &nbsp; 4. CUARTU 01) 2020 Primavera Cuartu 20-21 02) Primer trimestre Sesi\u00f3n 01 Sesi\u00f3n 02 Sesi\u00f3n 03 Sesi\u00f3n 03b Sesi\u00f3n 04 Sesi\u00f3n 05 Sesi\u00f3n 06 Sesi\u00f3n 07 03) Segundu trimestre Sesi\u00f3n 01 Sesi\u00f3n 02 Sesi\u00f3n 03 Sesi\u00f3n 04 Sesi\u00f3n 05 Sesi\u00f3n 06 Sesi\u00f3n 07 Sesi\u00f3n 08 [&hellip;]<\/p>\n","protected":false},"author":117,"featured_media":0,"parent":0,"menu_order":0,"comment_status":"closed","ping_status":"closed","template":"","meta":{"footnotes":""},"class_list":["post-21","page","type-page","status-publish","hentry","post-preview"],"_links":{"self":[{"href":"https:\/\/edublog.educastur.es\/ixuxullingua\/wp-json\/wp\/v2\/pages\/21","targetHints":{"allow":["GET"]}}],"collection":[{"href":"https:\/\/edublog.educastur.es\/ixuxullingua\/wp-json\/wp\/v2\/pages"}],"about":[{"href":"https:\/\/edublog.educastur.es\/ixuxullingua\/wp-json\/wp\/v2\/types\/page"}],"author":[{"embeddable":true,"href":"https:\/\/edublog.educastur.es\/ixuxullingua\/wp-json\/wp\/v2\/users\/117"}],"replies":[{"embeddable":true,"href":"https:\/\/edublog.educastur.es\/ixuxullingua\/wp-json\/wp\/v2\/comments?post=21"}],"version-history":[{"count":16,"href":"https:\/\/edublog.educastur.es\/ixuxullingua\/wp-json\/wp\/v2\/pages\/21\/revisions"}],"predecessor-version":[{"id":2817,"href":"https:\/\/edublog.educastur.es\/ixuxullingua\/wp-json\/wp\/v2\/pages\/21\/revisions\/2817"}],"wp:attachment":[{"href":"https:\/\/edublog.educastur.es\/ixuxullingua\/wp-json\/wp\/v2\/media?parent=21"}],"curies":[{"name":"wp","href":"https:\/\/api.w.org\/{rel}","templated":true}]}}