{"id":2143,"date":"2021-01-29T23:43:01","date_gmt":"2021-01-29T21:43:01","guid":{"rendered":"https:\/\/edublog.educastur.es\/ixuxullingua\/?page_id=2143"},"modified":"2021-01-29T23:47:42","modified_gmt":"2021-01-29T21:47:42","slug":"techos-dasturies","status":"publish","type":"page","link":"https:\/\/edublog.educastur.es\/ixuxullingua\/asturies\/conceyos\/techos-dasturies\/","title":{"rendered":"Techos d\u00b4Asturies"},"content":{"rendered":"<p style=\"text-align: center\"><img loading=\"lazy\" decoding=\"async\" class=\"alignnone size-full\" src=\"https:\/\/4.bp.blogspot.com\/-GhgtTGlzwOk\/XqlB9a3v_YI\/AAAAAAAA_Yc\/xtToRLtaIlcmcO9ezyQV-05o5uq4-FKtgCK4BGAYYCw\/s400\/Portada%2B1.jpg\" width=\"400\" height=\"166\" \/><\/p>\n<ul>\n<li style=\"text-align: center\"><span style=\"color: #008080;font-size: 24pt\"><strong><em>Camudando\u00b4l cam\u00edn<\/em><\/strong><\/span><\/li>\n<\/ul>\n<hr \/>\n<p><span style=\"font-size: 14pt\"><em>Otru cl\u00e1sicu que nun pod\u00eda faltar pente la xente montuno d&#8217;Asturies ye ascender los <span style=\"color: #008080\"><strong>techos de los 78 Conceyos asturianos<\/strong><\/span>.\u00a0 <\/em><\/span><em><span style=\"font-size: 14pt\">D&#8217;esta miente, nel mi\u00f3 particular llist\u00e1u, munchos conceyos rebaxan el so m\u00e1ximu altor, por mor de que <strong>nun considero un monte de categor\u00eda si nun tien un coll\u00e1u de 50 m na so redolada.<\/strong> Nesti sen, hai cotes m\u00edtiques como la Pe\u00f1a Los Cuatru Xueces en Xix\u00f3n que desapaecen del mi\u00f3 llist\u00e1u ya incluso, hai conceyos como Nore\u00f1a, Avil\u00e9s o Muros que nun algamen nin un monte de categor\u00eda en tol conceyu.<\/span><\/em><\/p>\n<p><em><span style=\"font-size: 14pt\">Ya sab\u00e9is, pa gustos collores&#8230; asina que pres\u00e9ntovos el mi\u00f3<span style=\"color: #008080\"><strong> llist\u00e1u de Techos de los 78 Conceyos d&#8217;Asturies.<\/strong><\/span><\/span><\/em><\/p>\n<ul>\n<li><a href=\"https:\/\/sendeyo.com\/up\/d\/3bd13dfc5c\">https:\/\/sendeyo.com\/up\/d\/3bd13dfc5c <strong>MAPA AMPLIAU<\/strong><\/a><\/li>\n<\/ul>\n<div class=\"post hentry uncustomized-post-template\">\n<div id=\"post-body-1035530279145823049\" class=\"post-body entry-content\">\n<h1>Llist\u00e1u de Techos d&#8217;Asturies<\/h1>\n<table border=\"0\" cellspacing=\"0\" align=\"center\">\n<tbody>\n<tr>\n<td align=\"left\">\n<ol>\n<li><span style=\"font-size: 14pt\">Cabrales<\/span><\/li>\n<li><span style=\"font-size: 14pt\">Cangues d&#8217;On\u00eds<\/span><\/li>\n<li><span style=\"font-size: 14pt\">Amieva<\/span><\/li>\n<li><span style=\"font-size: 14pt\">L.lena<\/span><\/li>\n<li><span style=\"font-size: 14pt\">Quir\u00f3s<\/span><\/li>\n<li><span style=\"font-size: 14pt\">Somiedu<\/span><\/li>\n<li><span style=\"font-size: 14pt\">Ponga<\/span><\/li>\n<li><span style=\"font-size: 14pt\">On\u00eds<\/span><\/li>\n<li><span style=\"font-size: 14pt\">Ayer<\/span><\/li>\n<li><span style=\"font-size: 14pt\">Casu<\/span><\/li>\n<li><span style=\"font-size: 14pt\">Cangas del Narcea<\/span><\/li>\n<li><span style=\"font-size: 14pt\">Teberga<\/span><\/li>\n<li><span style=\"font-size: 14pt\">Ibias<\/span><\/li>\n<li><span style=\"font-size: 14pt\">Dega\u00f1a<\/span><\/li>\n<li><span style=\"font-size: 14pt\">Sobrescobiu<\/span><\/li>\n<li><span style=\"font-size: 14pt\">Riosa<\/span><\/li>\n<li><span style=\"font-size: 14pt\">Morc\u00edn<\/span><\/li>\n<li><span style=\"font-size: 14pt\">Valle Bah.u de Pe\u00f1amellera<\/span><\/li>\n<li><span style=\"font-size: 14pt\">Llaviana<\/span><\/li>\n<li><span style=\"font-size: 14pt\">Miranda<\/span><\/li>\n<li><span style=\"font-size: 14pt\">Tin\u00e9u<\/span><\/li>\n<li><span style=\"font-size: 14pt\">Proaza<\/span><\/li>\n<li><span style=\"font-size: 14pt\">Grau<\/span><\/li>\n<li><span style=\"font-size: 14pt\">Valle Altu de Pe\u00f1amellera<\/span><\/li>\n<li><span style=\"font-size: 14pt\">Pilo\u00f1a<\/span><\/li>\n<li><span style=\"font-size: 14pt\">Ayande<\/span><\/li>\n<li><span style=\"font-size: 14pt\">Tameza<\/span><\/li>\n<li><span style=\"font-size: 14pt\">Nava<\/span><\/li>\n<li><span style=\"font-size: 14pt\">Villay\u00f3n<\/span><\/li>\n<li><span style=\"font-size: 14pt\">Grandas de Salime<\/span><\/li>\n<li><span style=\"font-size: 14pt\">Vilanova d&#8217;Ozcos<\/span><\/li>\n<li><span style=\"font-size: 14pt\">Castropol<\/span><\/li>\n<li><span style=\"font-size: 14pt\">Llanes<\/span><\/li>\n<li><span style=\"font-size: 14pt\">Eilao<\/span><\/li>\n<li><span style=\"font-size: 14pt\">Mieres<\/span><\/li>\n<li><span style=\"font-size: 14pt\">Parres<\/span><\/li>\n<li><span style=\"font-size: 14pt\">Colunga<\/span><\/li>\n<li><span style=\"font-size: 14pt\">Bimenes<\/span><\/li>\n<li><span style=\"font-size: 14pt\">A Veiga<\/span><\/li>\n<li><span style=\"font-size: 14pt\">Samart\u00edn del Rei Aurelio<\/span><\/li>\n<li><span style=\"font-size: 14pt\">Taramundi<\/span><\/li>\n<li><span style=\"font-size: 14pt\">Llangr\u00e9u<\/span><\/li>\n<li><span style=\"font-size: 14pt\">Vald\u00e9s<\/span><\/li>\n<li><span style=\"font-size: 14pt\">Bual<\/span><\/li>\n<li><span style=\"font-size: 14pt\">Santalla d&#8217;Ozcos<\/span><\/li>\n<li><span style=\"font-size: 14pt\">Salas<\/span><\/li>\n<li><span style=\"font-size: 14pt\">El Franco<\/span><\/li>\n<li><span style=\"font-size: 14pt\">Ribeseya<\/span><\/li>\n<li><span style=\"font-size: 14pt\">Samart\u00edn d&#8217;Ozcos<\/span><\/li>\n<li><span style=\"font-size: 14pt\">Navia<\/span><\/li>\n<li><span style=\"font-size: 14pt\">Cuideiru<\/span><\/li>\n<li><span style=\"font-size: 14pt\">Santu Adrianu<\/span><\/li>\n<li><span style=\"font-size: 14pt\">Pez\u00f3s<\/span><\/li>\n<li><span style=\"font-size: 14pt\">Siero<\/span><\/li>\n<li><span style=\"font-size: 14pt\">Sariegu<\/span><\/li>\n<li><span style=\"font-size: 14pt\">Uvi\u00e9u<\/span><\/li>\n<li><span style=\"font-size: 14pt\">Pravia<\/span><\/li>\n<li><span style=\"font-size: 14pt\">Santiso d&#8217;Abres<\/span><\/li>\n<li><span style=\"font-size: 14pt\">La Ribera<\/span><\/li>\n<li><span style=\"font-size: 14pt\">Cua\u00f1a<\/span><\/li>\n<li><span style=\"font-size: 14pt\">Tapia<\/span><\/li>\n<li><span style=\"font-size: 14pt\">Candamu<\/span><\/li>\n<li><span style=\"font-size: 14pt\">Les Regueres<\/span><\/li>\n<li><span style=\"font-size: 14pt\">Ibias<\/span><\/li>\n<li><span style=\"font-size: 14pt\">Llanera<\/span><\/li>\n<li><span style=\"font-size: 14pt\">Villaviciosa<\/span><\/li>\n<li><span style=\"font-size: 14pt\">Cabranes<\/span><\/li>\n<li><span style=\"font-size: 14pt\">Caravia<\/span><\/li>\n<li><span style=\"font-size: 14pt\">Xix\u00f3n<\/span><\/li>\n<li><span style=\"font-size: 14pt\">Sotu&#8217;l Barcu<\/span><\/li>\n<li><span style=\"font-size: 14pt\">Castrill\u00f3n<\/span><\/li>\n<li><span style=\"font-size: 14pt\">Corvera<\/span><\/li>\n<li><span style=\"font-size: 14pt\">Carre\u00f1o<\/span><\/li>\n<li><span style=\"font-size: 14pt\">Ribedeva<\/span><\/li>\n<li><span style=\"font-size: 14pt\">Goz\u00f3n<\/span><\/li>\n<li><span style=\"font-size: 14pt\">Nore\u00f1a<\/span><\/li>\n<li><span style=\"font-size: 14pt\">Avil\u00e9s<\/span><\/li>\n<li><span style=\"font-size: 14pt\">Muros<\/span><\/li>\n<\/ol>\n<\/td>\n<td align=\"left\">\n<ul>\n<li><span style=\"font-size: 14pt\"><a href=\"https:\/\/camudandolcamin.blogspot.com\/2018\/11\/vega-urriellu-cabrales-la-torre-cerredu.html\">La Torre Cerredu<\/a><\/span><\/li>\n<li><span style=\"font-size: 14pt\"><a href=\"http:\/\/camudandolcamin.blogspot.com\/2020\/10\/pandecarme-cangues-donis-penesanta.html\">Pe\u00f1esanta d&#8217;Asturies<\/a><\/span><\/li>\n<li><span style=\"font-size: 14pt\"><a href=\"https:\/\/camudandolcamin.blogspot.com\/2017\/01\/vegarredonda-torcu-maries.html\">Torre&#8217;l Torcu<\/a><\/span><\/li>\n<li><span style=\"font-size: 14pt\"><a href=\"http:\/\/camudandolcamin.blogspot.com\/2015\/01\/altol-palo-llena-penubina.html\">Penubina<\/a><\/span><\/li>\n<li><span style=\"font-size: 14pt\"><a href=\"https:\/\/camudandolcamin.blogspot.com\/2016\/11\/torrebarriu-santumichanu-prau-fontan.html\">Font\u00e1n Sur<br \/>\n<\/a><\/span><\/li>\n<li><span style=\"font-size: 14pt\"><a href=\"http:\/\/camudandolcamin.blogspot.com\/2020\/11\/valle-somiedu-pena-llana-picos-blancos.html\">Pena Orniz<br \/>\n<\/a><\/span><\/li>\n<li><span style=\"font-size: 14pt\"><a href=\"http:\/\/camudandolcamin.blogspot.com\/2015\/11\/la-una-acebeu-pena-ten.html\">Pe\u00f1e Ten<br \/>\n<\/a><\/span><\/li>\n<li><span style=\"font-size: 14pt\"><a href=\"https:\/\/camudandolcamin.blogspot.com\/2011\/07\/travesera-2010-2011-estaya-1-llagu-la.html\">La Verdilluenga<\/a><\/span><\/li>\n<li><span style=\"font-size: 14pt\"><a href=\"http:\/\/camudandolcamin.blogspot.com\/2019\/06\/tonin-arbas-lesturbin-boleru.html\">L&#8217;Esturb\u00edn<\/a><\/span><\/li>\n<li><span style=\"font-size: 14pt\"><a href=\"http:\/\/camudandolcamin.blogspot.com\/2009\/08\/montana-puirtu-brana-ayer-picu-torres.html\">Picu Torres<\/a><\/span><\/li>\n<li><span style=\"font-size: 14pt\"><a href=\"https:\/\/camudandolcamin.blogspot.com\/2011\/10\/el-puertu-cangas-del-narcea-cuitu-arbas.html\">Cuetu d&#8217;Arbas<br \/>\n<\/a><\/span><\/li>\n<li><span style=\"font-size: 14pt\"><a href=\"https:\/\/camudandolcamin.blogspot.com\/2010\/03\/puertu-ventana-teberga-picu-la.html\">Ferreir\u00faa<br \/>\n<\/a><\/span><\/li>\n<li><span style=\"font-size: 14pt\">Pena Roguera<\/span><\/li>\n<li><span style=\"font-size: 14pt\"><a href=\"https:\/\/camudandolcamin.blogspot.com\/2015\/07\/valdeprau-paramu-del-sil-el-miru-picu.html\">Picu Veigard\u00f3n<br \/>\n<\/a><\/span><\/li>\n<li><span style=\"font-size: 14pt\"><a href=\"https:\/\/camudandolcamin.blogspot.com\/2010\/04\/caliao-casu-desfiladeru-de-los-arrudos.html\">Picu Retri\u00f1\u00f3n<br \/>\n<\/a><\/span><\/li>\n<li><span style=\"font-size: 14pt\"><a href=\"https:\/\/camudandolcamin.blogspot.com\/2010\/06\/langliru-riosa-cordal-de-laramu.html\">Pico&#8217;l Barriscal<br \/>\n<\/a><\/span><\/li>\n<li><span style=\"font-size: 14pt\"><a href=\"https:\/\/camudandolcamin.blogspot.com\/2014\/10\/langliru-riosa-gamonal-monrasiellu.html\">El Gamonal<br \/>\n<\/a><\/span><\/li>\n<li><span style=\"font-size: 14pt\"><a href=\"http:\/\/camudandolcamin.blogspot.com\/2012\/02\/san-esteban-penamellera-baha-cuetu-la.html\">Cuetu La Cerralosa<br \/>\n<\/a><\/span><\/li>\n<li><span style=\"font-size: 14pt\"><a href=\"https:\/\/camudandolcamin.blogspot.com\/2015\/06\/pelluno-ayer-pena-mea.html\">Penamea<br \/>\n<\/a><\/span><\/li>\n<li><span style=\"font-size: 14pt\"><a href=\"https:\/\/camudandolcamin.blogspot.com\/2015\/02\/sanisteban-miranda-picu-lhurru.html\">Picu L&#8217;Urru<br \/>\n<\/a><\/span><\/li>\n<li><span style=\"font-size: 14pt\"><a href=\"https:\/\/camudandolcamin.blogspot.com\/2020\/04\/lazorera-tineu-pena-filera.html\">Pena Filera<br \/>\n<\/a><\/span><\/li>\n<li><span style=\"font-size: 14pt\"><a href=\"https:\/\/camudandolcamin.blogspot.com\/2014\/05\/caranga-riba-proaza-picu-barzanalgas.html\">Picu Barzanalgas<br \/>\n<\/a><\/span><\/li>\n<li><span style=\"font-size: 14pt\"><a href=\"https:\/\/camudandolcamin.blogspot.com\/2016\/04\/taxa-teberga-la-berza-picurredondu.html\">Picu La Berza<br \/>\n<\/a><\/span><\/li>\n<li><span style=\"font-size: 14pt\"><a href=\"https:\/\/camudandolcamin.blogspot.com\/2014\/04\/sotres-cabrales-cabezas-dobeson.html\">Cabecin\u00f3n del Agua<br \/>\n<\/a><\/span><\/li>\n<li><span style=\"font-size: 14pt\"><a href=\"https:\/\/camudandolcamin.blogspot.com\/2013\/04\/la-pesanca-pilona-picu-maonu.html\">Picu Mao\u00f1u<br \/>\n<\/a><\/span><\/li>\n<li><span style=\"font-size: 14pt\"><a href=\"https:\/\/camudandolcamin.blogspot.com\/2013\/03\/la-puela-ayande-picu-panchon.html\">Panl.l\u00f3n<br \/>\n<\/a><\/span><\/li>\n<li><span style=\"font-size: 14pt\">Pena Cruzada<\/span><\/li>\n<li><span style=\"font-size: 14pt\"><a href=\"https:\/\/camudandolcamin.blogspot.com\/2009\/03\/montana-melendreros-bimenes-picu-la.html\">La Triguera<br \/>\n<\/a><\/span><\/li>\n<li><span style=\"font-size: 14pt\"><a href=\"https:\/\/camudandolcamin.blogspot.com\/2020\/08\/castanedo-villayon-prao-roque-os.html\">Pico Carondio<br \/>\n<\/a><\/span><\/li>\n<li><span style=\"font-size: 14pt\">Pedras Apa\u00f1adas<\/span><\/li>\n<li><span style=\"font-size: 14pt\">A Bovia<\/span><\/li>\n<li><span style=\"font-size: 14pt\">A Bovia<\/span><\/li>\n<li><span style=\"font-size: 14pt\"><a href=\"https:\/\/camudandolcamin.blogspot.com\/2014\/04\/asiegu-cabrales-pena-blanca-cabeza-ubena.html\">Cabeza Bubena<br \/>\n<\/a><\/span><\/li>\n<li><span style=\"font-size: 14pt\"><a href=\"https:\/\/camudandolcamin.blogspot.com\/2020\/08\/castanedo-villayon-prao-roque-os.html\">Pen\u00e9o Os Gargal\u00f3is<br \/>\n<\/a><\/span><\/li>\n<li><span style=\"font-size: 14pt\">Burrablanca<\/span><\/li>\n<li><span style=\"font-size: 14pt\"><a href=\"https:\/\/camudandolcamin.blogspot.com\/2014\/03\/la-espasa-caravia-picu-pienzu.html\">Picu Pienzu<br \/>\n<\/a><\/span><\/li>\n<li><span style=\"font-size: 14pt\"><a href=\"https:\/\/camudandolcamin.blogspot.com\/2014\/03\/la-espasa-caravia-picu-pienzu.html\">Picu Pienzu<br \/>\n<\/a><\/span><\/li>\n<li><span style=\"font-size: 14pt\"><a href=\"https:\/\/camudandolcamin.blogspot.com\/2011\/12\/fayacaba-bimenes-penon-dorosu-penamayor.html\">Pe\u00f1amayor<br \/>\n<\/a><\/span><\/li>\n<li><span style=\"font-size: 14pt\">Campo da Bovia<\/span><\/li>\n<li><span style=\"font-size: 14pt\"><a href=\"https:\/\/camudandolcamin.blogspot.com\/2018\/01\/la-gueria-durbies-mieres-tres-conceyos.html\">Tres Conceyos<br \/>\n<\/a><\/span><\/li>\n<li><span style=\"font-size: 14pt\">O Pico do Outeiro<\/span><\/li>\n<li><span style=\"font-size: 14pt\">Picu Cogullu<\/span><\/li>\n<li><span style=\"font-size: 14pt\">Pena&#8217;l Gallo<\/span><\/li>\n<li><span style=\"font-size: 14pt\">Pico Lloural<\/span><\/li>\n<li><span style=\"font-size: 14pt\">Outeiro Grande<\/span><\/li>\n<li><span style=\"font-size: 14pt\">Picu Aguich\u00f3n<\/span><\/li>\n<li><span style=\"font-size: 14pt\">Penouta<\/span><\/li>\n<li><span style=\"font-size: 14pt\"><a href=\"https:\/\/camudandolcamin.blogspot.com\/2011\/01\/vina-cangues-donis-mofrechu-benzua.html\">Mofrechu<br \/>\n<\/a><\/span><\/li>\n<li><span style=\"font-size: 14pt\">Montemar\u00f3n<\/span><\/li>\n<li><span style=\"font-size: 14pt\">Panondres<\/span><\/li>\n<li><span style=\"font-size: 14pt\"><a href=\"https:\/\/camudandolcamin.blogspot.com\/2013\/03\/busfriu-cuideiru-llan-de-cubel.html\">El Cuetu<br \/>\n<\/a><\/span><\/li>\n<li><span style=\"font-size: 14pt\">Pe\u00f1arr\u00e9i<\/span><\/li>\n<li><span style=\"font-size: 14pt\">Penagorda<\/span><\/li>\n<li><span style=\"font-size: 14pt\"><a href=\"https:\/\/camudandolcamin.blogspot.com\/2010\/01\/caldones-xixon-pena-los-cuatro-xueces.html\">Picu Fariu<br \/>\n<\/a><\/span><\/li>\n<li><span style=\"font-size: 14pt\"><a href=\"https:\/\/camudandolcamin.blogspot.com\/2010\/01\/caldones-xixon-pena-los-cuatro-xueces.html\">Picu Fariu<br \/>\n<\/a><\/span><\/li>\n<li><span style=\"font-size: 14pt\"><a href=\"https:\/\/camudandolcamin.blogspot.com\/2010\/12\/el-rollu-mieres-lescobin-picu-gua.html\">L&#8217;Escob\u00edn<br \/>\n<\/a><\/span><\/li>\n<li><span style=\"font-size: 14pt\"><a href=\"https:\/\/camudandolcamin.blogspot.com\/2013\/03\/busfriu-cuideiru-llan-de-cubel.html\">La Bordinga<br \/>\n<\/a><\/span><\/li>\n<li><span style=\"font-size: 14pt\">O Pico da Xunqueira<\/span><\/li>\n<li><span style=\"font-size: 14pt\">Altu Magarr\u00f3n<\/span><\/li>\n<li><span style=\"font-size: 14pt\"><a href=\"https:\/\/camudandolcamin.blogspot.com\/2012\/03\/llusoiro-cuana-pico-da-vidrosa.html\">Pico da Vidrosa<br \/>\n<\/a><\/span><\/li>\n<li><span style=\"font-size: 14pt\">Pico Pousadoiro<\/span><\/li>\n<li><span style=\"font-size: 14pt\">Altu La Degollada<\/span><\/li>\n<li><span style=\"font-size: 14pt\">Altu La Degollada<\/span><\/li>\n<li><span style=\"font-size: 14pt\"><a href=\"https:\/\/camudandolcamin.blogspot.com\/2012\/03\/villayu-llanera-gorfoli-taborneda.html\">Picu Taborneda<br \/>\n<\/a><\/span><\/li>\n<li><span style=\"font-size: 14pt\"><a href=\"https:\/\/camudandolcamin.blogspot.com\/2012\/03\/villayu-llanera-gorfoli-taborneda.html\">Picu Taborneda<br \/>\n<\/a><\/span><\/li>\n<li><span style=\"font-size: 14pt\">Altu Valloberu<\/span><\/li>\n<li><span style=\"font-size: 14pt\">Picu Inc\u00f3s<\/span><\/li>\n<li><span style=\"font-size: 14pt\"><a href=\"https:\/\/camudandolcamin.blogspot.com\/2011\/07\/altul-fitu-caravia-xerral-fitu.html\">Pica Socastiellu<br \/>\n<\/a><\/span><\/li>\n<li><span style=\"font-size: 14pt\"><a href=\"https:\/\/camudandolcamin.blogspot.com\/2011\/05\/tueya-xixon-picul-sol-picu-samartin-el.html\">Picu Taborneda<br \/>\n<\/a><\/span><\/li>\n<li><span style=\"font-size: 14pt\">El Picu Coronas<\/span><\/li>\n<li><span style=\"font-size: 14pt\">El Prau&#8217;l Marqu\u00e9s<\/span><\/li>\n<li><span style=\"font-size: 14pt\">El Picu Prietu<\/span><\/li>\n<li><span style=\"font-size: 14pt\"><a href=\"https:\/\/camudandolcamin.blogspot.com\/2013\/02\/el-valle-carreno-monte-areo.html\">Altu d&#8217;Areo<br \/>\n<\/a><\/span><\/li>\n<li><span style=\"font-size: 14pt\">El Picu Ca\u00f1\u00f3n<\/span><\/li>\n<li><span style=\"font-size: 14pt\">Monte Les Tablaes<\/span><\/li>\n<li><span style=\"font-size: 14pt\"><a href=\"https:\/\/camudandolcamin.blogspot.com\/2011\/06\/lazorera-llangreu-xerra-la-paranza.html\">Pe\u00f1a L&#8217;Agua<br \/>\n<\/a><\/span><\/li>\n<li><span style=\"font-size: 14pt\">Miranda<\/span><\/li>\n<li><span style=\"font-size: 14pt\">Muros<\/span><\/li>\n<\/ul>\n<\/td>\n<\/tr>\n<\/tbody>\n<\/table>\n<div><\/div>\n<\/div>\n<div class=\"post-footer\">\n<div class=\"post-footer-line post-footer-line-1\"><\/div>\n<div class=\"post-footer-line post-footer-line-2\"><\/div>\n<\/div>\n<\/div>\n<div id=\"comments\" class=\"comments\">\n<p><a name=\"comments\"><\/a><\/p>\n<h4>No hay comentarios:<\/h4>\n<\/div>\n","protected":false},"excerpt":{"rendered":"<p>Camudando\u00b4l cam\u00edn Otru cl\u00e1sicu que nun pod\u00eda faltar pente la xente montuno d&#8217;Asturies ye ascender los techos de los 78 Conceyos asturianos.\u00a0 D&#8217;esta miente, nel mi\u00f3 particular llist\u00e1u, munchos conceyos rebaxan el so m\u00e1ximu altor, por mor de que nun considero un monte de categor\u00eda si nun tien un coll\u00e1u de 50 m na so [&hellip;]<\/p>\n","protected":false},"author":117,"featured_media":0,"parent":1583,"menu_order":0,"comment_status":"closed","ping_status":"closed","template":"","meta":{"footnotes":""},"class_list":["post-2143","page","type-page","status-publish","hentry","post-preview"],"_links":{"self":[{"href":"https:\/\/edublog.educastur.es\/ixuxullingua\/wp-json\/wp\/v2\/pages\/2143","targetHints":{"allow":["GET"]}}],"collection":[{"href":"https:\/\/edublog.educastur.es\/ixuxullingua\/wp-json\/wp\/v2\/pages"}],"about":[{"href":"https:\/\/edublog.educastur.es\/ixuxullingua\/wp-json\/wp\/v2\/types\/page"}],"author":[{"embeddable":true,"href":"https:\/\/edublog.educastur.es\/ixuxullingua\/wp-json\/wp\/v2\/users\/117"}],"replies":[{"embeddable":true,"href":"https:\/\/edublog.educastur.es\/ixuxullingua\/wp-json\/wp\/v2\/comments?post=2143"}],"version-history":[{"count":7,"href":"https:\/\/edublog.educastur.es\/ixuxullingua\/wp-json\/wp\/v2\/pages\/2143\/revisions"}],"predecessor-version":[{"id":2146,"href":"https:\/\/edublog.educastur.es\/ixuxullingua\/wp-json\/wp\/v2\/pages\/2143\/revisions\/2146"}],"up":[{"embeddable":true,"href":"https:\/\/edublog.educastur.es\/ixuxullingua\/wp-json\/wp\/v2\/pages\/1583"}],"wp:attachment":[{"href":"https:\/\/edublog.educastur.es\/ixuxullingua\/wp-json\/wp\/v2\/media?parent=2143"}],"curies":[{"name":"wp","href":"https:\/\/api.w.org\/{rel}","templated":true}]}}