{"id":216,"date":"2020-07-24T21:07:14","date_gmt":"2020-07-24T21:07:14","guid":{"rendered":"https:\/\/edublog.educastur.es\/ixuxullingua\/?page_id=216"},"modified":"2021-09-26T12:45:29","modified_gmt":"2021-09-26T10:45:29","slug":"02-primer-trimestre","status":"publish","type":"page","link":"https:\/\/edublog.educastur.es\/ixuxullingua\/4-cuartu\/cuartu-20-21\/02-primer-trimestre\/","title":{"rendered":"02) Primer trimestre"},"content":{"rendered":"<ul>\n<li><img loading=\"lazy\" decoding=\"async\" class=\"alignnone \" src=\"https:\/\/edublog.educastur.es\/ixuxullingua\/files\/2020\/08\/00_cuartu-300x246.png\" width=\"97\" height=\"80\" \/><\/li>\n<li class=\"page_item page-item-216 page_item_has_children current_page_item\"><em><span style=\"font-size: 18pt\"><a href=\"https:\/\/edublog.educastur.es\/ixuxullingua\/4-cuartu\/2-2020-setiembre\/\">02)<strong> 2020_21 Primer trimestre<\/strong><\/a><\/span><\/em>\n<ul class=\"children\">\n<li class=\"page_item page-item-1220\"><em><span style=\"font-size: 18pt\"><a href=\"https:\/\/edublog.educastur.es\/ixuxullingua\/4-cuartu\/2-2020-setiembre\/sesion-01\/\">Sesi\u00f3n 01<\/a><\/span><\/em><\/li>\n<li class=\"page_item page-item-1222\"><em><span style=\"font-size: 18pt\"><a href=\"https:\/\/edublog.educastur.es\/ixuxullingua\/4-cuartu\/2-2020-setiembre\/sesion-02\/\">Sesi\u00f3n 02<\/a><\/span><\/em><\/li>\n<li class=\"page_item page-item-1224\"><em><span style=\"font-size: 18pt\"><a href=\"https:\/\/edublog.educastur.es\/ixuxullingua\/4-cuartu\/2-2020-setiembre\/sesion-03\/\">Sesi\u00f3n 03<\/a><\/span><\/em><\/li>\n<li class=\"page_item page-item-1226\"><em><span style=\"font-size: 18pt\"><a href=\"https:\/\/edublog.educastur.es\/ixuxullingua\/4-cuartu\/2-2020-setiembre\/sesion-03b\/\">Sesi\u00f3n 03b<\/a><\/span><\/em><\/li>\n<li class=\"page_item page-item-1228\"><em><span style=\"font-size: 18pt\"><a href=\"https:\/\/edublog.educastur.es\/ixuxullingua\/4-cuartu\/2-2020-setiembre\/sesion-04\/\">Sesi\u00f3n 04<\/a><\/span><\/em><\/li>\n<li class=\"page_item page-item-1139\"><em><span style=\"font-size: 18pt\"><a href=\"https:\/\/edublog.educastur.es\/ixuxullingua\/4-cuartu\/2-2020-setiembre\/sesion-5_la-sidra-asturiana\/\">Sesi\u00f3n 05<\/a><\/span><\/em><\/li>\n<li class=\"page_item page-item-1475\"><em><span style=\"font-size: 18pt\"><a href=\"https:\/\/edublog.educastur.es\/ixuxullingua\/4-cuartu\/2-2020-setiembre\/sesion-06\/\">Sesi\u00f3n 06<\/a><\/span><\/em><\/li>\n<li class=\"page_item page-item-1477\"><a href=\"https:\/\/edublog.educastur.es\/ixuxullingua\/4-cuartu\/2-2020-setiembre\/sesion-07\/\"><em><span style=\"font-size: 18pt\">Sesi\u00f3n 07<\/span><\/em><\/a><\/li>\n<\/ul>\n<\/li>\n<\/ul>\n<hr \/>\n<p><span style=\"font-size: 18pt\"><em>A partir del mes de payares,<span style=\"color: #008080\"><strong> en clas de Llingua Asturiana trabayaremos con testos tornaos al Asturianu<\/strong> <\/span>de tem\u00e1tica cultural y bas\u00e1os, mayoritariamente, en <span style=\"color: #008080\"><strong>Contenidos Curriculares de Cultura Asturiana<\/strong><\/span>, ya que son un puntu d\u00b4alcuentru ente les dos materies, Llingua y Cultura.<span style=\"color: #008080\"> <strong>L\u00b4actual situaci\u00f3n por culpa de la pandemia obl\u00edganos a compartir espaciu y recursos, ensin qu\u00b4ello suponga perda dalguna de derechos del alumn\u00e1u de Llingua en pro del restu de falantes en castellan.<\/strong><\/span> Esta mayesta de Llingua sigui comprometida dafechu cola materia qu\u00b4imparte y en neng\u00fan momentu demostr\u00f3 otra postura. <span style=\"color: #008080\"><a style=\"color: #008080\" href=\"https:\/\/edublog.educastur.es\/ixuxullingua\/4-cuartu\/1-2020-primavera\/\">M\u00e1s a\u00fan, durante tol confinamientu <strong>apurri\u00f3 tarees a los escolinos en Llingua Asturiana<\/strong> (VER).<\/a><\/span><br \/>\n<\/em><\/span><\/p>\n<p><em><span style=\"font-size: 18pt\">Mientres los meses de xunetu, agostu y setiembre dedicose a <strong>copiar y caltener la totalid\u00e1 del material public\u00e1u na antigua plataforma Educastur Blog<\/strong> ( dende marzu al 5 de payares) y treslladala a la nueva, <a href=\"https:\/\/edublog.educastur.es\/\"><span style=\"color: #008080\"><strong>Edublog<\/strong><\/span><\/a>, arriqueci\u00e9ndola con m\u00e1s recursos online d\u00b4interes&#8230;<\/span><\/em><\/p>\n<p><em><span style=\"font-size: 18pt\">De xac\u00edu sobra dicir que <strong><span style=\"color: #800000\">queda totalmente prohibida la reproduci\u00f3n y publicaci\u00f3n de conten\u00edos y recursos ufiertaos al alumn\u00e1u al travi\u00e9s d&#8217;esti blogue educativu<\/span> (destin\u00e1u puramente para l&#8217;alumn\u00e1u de Llingua de l&#8217;aula d\u00b4Isa Lobo) en redes sociales y a persones ayenes al Colexu P. Carmen Ruiz-Tilve d&#8217;Uvi\u00e9u).<\/strong> La direcci\u00f3n web del<span style=\"color: #800000\"><strong> Aula d\u00b4Isa Lobo<\/strong><\/span> (<a href=\"https:\/\/edublog.educastur.es\/ixuxullingua\">https:\/\/edublog.educastur.es\/ixuxullingua<\/a>) y\u00a0 la del<strong><span style=\"color: #800000\"> Blogue de Llectures n\u00b4asturianu<\/span><\/strong> (<a href=\"https:\/\/edublog.educastur.es\/ixuxu\">https:\/\/edublog.educastur.es\/ixuxu<\/a>), <span style=\"color: #800000\"><strong>son de calter priv\u00e1u y compart\u00edes \u00fanica y puramente col alumn\u00e1u y les familes del centru, nun dando permisu dalgunu para cualesquier otra cosa.<\/strong><\/span><\/span><br \/>\n<\/em><\/p>\n<hr \/>\n<p><img loading=\"lazy\" decoding=\"async\" class=\"alignnone \" src=\"https:\/\/edublog.educastur.es\/ixuxullingua\/files\/2020\/08\/00_cuartu-300x246.png\" width=\"97\" height=\"80\" \/><strong><em><span style=\"font-size: 18pt\"><a href=\"https:\/\/edublog.educastur.es\/corredoria3\/4o-pri\/cultura-asturiana\/primer-trimestre\/sesion-05\/\">Sesi\u00f3n 05: La Sidra asturiana<\/a><\/span><\/em><\/strong><\/p>\n<p><span style=\"font-size: 18pt\"><em><strong>\u00abLa\u00a0 sidra asturiana\u00bb<br \/>\n<\/strong><\/em><\/span><\/p>\n<ul>\n<li><span style=\"font-size: 18pt\"><a href=\"https:\/\/educastur-my.sharepoint.com\/:w:\/g\/personal\/isabellh_educastur_org\/EcuSf-4MR85Eg6TsKMBTjb8BqpJOeClMiMPG6aBaybXRyQ?e=yenp1q\"><em>Actividad en castellan<\/em><\/a><\/span><\/li>\n<li><a href=\"https:\/\/educastur-my.sharepoint.com\/:b:\/g\/personal\/isabellh_educastur_org\/EdmDvCxAtbdJhAuRPYO4GUIB7SJQ8aBL08RlCcO3WVWUvA?e=64GLLS\"><em><span style=\"font-size: 14pt\"><span style=\"font-size: 18pt\">Activid\u00e1 n\u00b4asturiano<\/span><\/span><\/em><\/a><\/li>\n<\/ul>\n<hr \/>\n<p><img loading=\"lazy\" decoding=\"async\" class=\"alignnone \" src=\"https:\/\/edublog.educastur.es\/ixuxullingua\/files\/2020\/08\/00_cuartu-300x246.png\" width=\"97\" height=\"80\" \/> <span style=\"font-size: 18pt\"><a href=\"https:\/\/edublog.educastur.es\/corredoria3\/4o-pri\/cultura-asturiana\/primer-trimestre\/sesion-04\/\"><em>SESI\u00d3N\u00a0 4: <strong>Selmana del 26-30\u00a0 d\u00b4OCHOBRE 2020<\/strong><\/em><\/a><\/span><\/p>\n<p><span style=\"font-size: 18pt\"><a href=\"https:\/\/www.turismovillaviciosa.es\/v_portal\/inc\/imagen.asp?f=RUTA_DE_LOS_MOLINOS_DEL_PROFUNDU_V41.JPG&amp;c=1\"><img loading=\"lazy\" decoding=\"async\" class=\"alignnone \" src=\"https:\/\/www.turismovillaviciosa.es\/v_portal\/inc\/imagen.asp?f=RUTA_DE_LOS_MOLINOS_DEL_PROFUNDU_V41.JPG&amp;c=1\" width=\"499\" height=\"245\" \/><\/a><\/span><\/p>\n<ul>\n<li><span style=\"font-size: 18pt\"><a href=\"https:\/\/edublog.educastur.es\/corredoria3\/4o-pri\/cultura-asturiana\/primer-trimestre\/sesion-04\/\">Sesi\u00f3n 04: <strong><em>Molinos de r\u00edo y batanes.<\/em><\/strong><\/a><\/span><\/li>\n<li><span style=\"font-size: 18pt\"><a href=\"https:\/\/educastur-my.sharepoint.com\/:b:\/g\/personal\/isabellh_educastur_org\/EaRVg0-5_N1Gm0yH0HGDqHIBuaQxZ-9WFLR2g5IqtTFMRQ?e=vzpiOe\"><strong><em>Actividad en castellano<\/em><\/strong><\/a><\/span><\/li>\n<li><a href=\"https:\/\/educastur-my.sharepoint.com\/:b:\/g\/personal\/isabellh_educastur_org\/EdBvUNrWrwBAtgQJJE4imyIB2R7UD4Dy67YgpUAIBcNBXw?e=JpagSE\"><strong><em><span style=\"font-size: 18pt\">Activid\u00e1 n\u00b4asturiano<\/span><\/em><\/strong><\/a><\/li>\n<\/ul>\n<hr \/>\n<p><img loading=\"lazy\" decoding=\"async\" class=\"alignnone \" src=\"https:\/\/edublog.educastur.es\/ixuxullingua\/files\/2020\/08\/00_cuartu-300x246.png\" width=\"97\" height=\"80\" \/><span style=\"font-size: 18pt\"><a href=\"https:\/\/edublog.educastur.es\/corredoria3\/4o-pri\/cultura-asturiana\/primer-trimestre\/sesion-03\/\"> <em>SESI\u00d3N\u00a0 3: <strong>Selmana del 19-23\u00a0 d\u00b4OCHOBRE 2020<\/strong><\/em><\/a><\/span><\/p>\n<p><span style=\"font-size: 18pt\"><a href=\"https:\/\/www.fpa.es\/es\/especial-2020\/premiados\/\"><img loading=\"lazy\" decoding=\"async\" class=\"alignnone \" src=\"https:\/\/www.fpa.es\/es\/pages\/img\/es\/logoEmpresa.gif\" width=\"269\" height=\"87\" \/><\/a><\/span><\/p>\n<ul>\n<li><span style=\"font-size: 18pt\"><a href=\"https:\/\/edublog.educastur.es\/corredoria3\/4o-pri\/cultura-asturiana\/primer-trimestre\/sesion-03\/\">Sesi\u00f3n 03: <strong><em>Premios Princesa de Asturias<\/em><\/strong><\/a><\/span><\/li>\n<li><span style=\"font-size: 18pt\"><a href=\"https:\/\/educastur-my.sharepoint.com\/:w:\/g\/personal\/isabellh_educastur_org\/EYXlfPjJADhNq5cWLtYoGpoB3XeBFzy40B6l4eiRQ_8wEQ?e=wpUwba\"><strong>Enlace a la Actividad propuesta al alumnado.<\/strong><\/a><\/span><\/li>\n<li><a href=\"https:\/\/educastur-my.sharepoint.com\/:w:\/g\/personal\/isabellh_educastur_org\/EVj0ma1xTudIj-iFHsSbcwIBbIGovTVm2NPXPhy9c_HA9A?e=1Law0d\"><span style=\"font-size: 18pt\">Enllaz a l\u00b4Activid\u00e1 n\u00b4asturianu (solo lleer)<\/span><\/a><\/li>\n<\/ul>\n<hr \/>\n<p><img loading=\"lazy\" decoding=\"async\" class=\"alignnone \" src=\"https:\/\/edublog.educastur.es\/ixuxullingua\/files\/2020\/08\/00_cuartu-300x246.png\" width=\"97\" height=\"80\" \/><span style=\"font-size: 18pt\"><a href=\"https:\/\/edublog.educastur.es\/corredoria3\/4o-pri\/cultura-asturiana\/primer-trimestre\/sesion-02\/\"> <em>SESI\u00d3N\u00a0 2: <strong>Selmana del 12-16\u00a0 d\u00b4OCHOBRE 2020<\/strong><\/em><\/a><\/span><\/p>\n<p><span style=\"font-size: 18pt\"><a href=\"https:\/\/media.conmuchagula.es\/2015\/09\/10rutasasturias9escandamolinosyleye.jpg\"><img loading=\"lazy\" decoding=\"async\" class=\"alignnone size-full\" src=\"https:\/\/media.conmuchagula.es\/2015\/09\/10rutasasturias9escandamolinosyleye.jpg\" width=\"644\" height=\"362\" \/><\/a><\/span><\/p>\n<ul>\n<li><span style=\"font-size: 18pt\"><a href=\"https:\/\/edublog.educastur.es\/corredoria3\/4o-pri\/cultura-asturiana\/primer-trimestre\/sesion-02\/\">Sesi\u00f3n 02: <strong><em>Cereales en Asturias: Boro\u00f1a y Bollo pre\u00f1ao.<\/em><\/strong><\/a><\/span><\/li>\n<li><span style=\"font-size: 18pt\"><a href=\"https:\/\/educastur-my.sharepoint.com\/:w:\/g\/personal\/isabellh_educastur_org\/EXMJgqJIalxIiAxKWEl543IBU8oC-6PtQkrKR6tIteFbOQ?e=CUgdB1\">Actividad: Cereales y bollo pre\u00f1\u00e1o<\/a>\u00a0<strong> (Cultura y Llingua)<\/strong><\/span><\/li>\n<li><span style=\"font-size: 18pt\"><a href=\"https:\/\/educastur-my.sharepoint.com\/:b:\/g\/personal\/isabellh_educastur_org\/EQCOgs3vhhNChK3Q51Lc2xoBaMIgIjXO_3qrHh68LtiBzA?e=mUVljB\">Actividad en pdf<\/a><\/span><\/li>\n<li><a href=\"https:\/\/educastur-my.sharepoint.com\/:w:\/g\/personal\/isabellh_educastur_org\/EURir5Kb2l5Oriu3AcOICL4BhF2Ki8n6bbFJISMcsQMeZg?e=n22PtY\"><span style=\"font-size: 18pt\">Activid\u00e1 pa lleer n\u00b4asturianu <\/span><strong><span style=\"font-size: 18pt\">(solo lleer)<\/span><\/strong><\/a><\/li>\n<\/ul>\n<hr \/>\n<p><img loading=\"lazy\" decoding=\"async\" class=\"alignnone \" src=\"https:\/\/edublog.educastur.es\/ixuxullingua\/files\/2020\/08\/00_cuartu-300x246.png\" width=\"97\" height=\"80\" \/><span style=\"font-size: 18pt\"><a href=\"https:\/\/edublog.educastur.es\/corredoria3\/4o-pri\/cultura-asturiana\/primer-trimestre\/sesion_01\/\"> <em>SESI\u00d3N\u00a0 1: <strong>Selmana del 5-9 d\u00b4OCHOBRE 2020<\/strong><\/em><\/a><\/span><\/p>\n<p><span style=\"font-size: 18pt\"><a href=\"https:\/\/www.senyfoto.es\/wp-content\/uploads\/2017\/09\/Vino-Cangas-2.jpg\"><img loading=\"lazy\" decoding=\"async\" class=\"alignnone \" src=\"https:\/\/www.senyfoto.es\/wp-content\/uploads\/2017\/09\/Vino-Cangas-2.jpg\" width=\"500\" height=\"333\" \/><\/a><\/span><\/p>\n<ul>\n<li><a href=\"https:\/\/edublog.educastur.es\/corredoria3\/4o-pri\/cultura-asturiana\/primer-trimestre\/sesion_01\/\"><span style=\"font-size: 18pt\">Sesi\u00f3n 01: <em><strong>Fiesta de la vendimia en Cangas del Narcea<\/strong><\/em> (en castellano)<\/span><\/a><\/li>\n<\/ul>\n","protected":false},"excerpt":{"rendered":"<p>02) 2020_21 Primer trimestre Sesi\u00f3n 01 Sesi\u00f3n 02 Sesi\u00f3n 03 Sesi\u00f3n 03b Sesi\u00f3n 04 Sesi\u00f3n 05 Sesi\u00f3n 06 Sesi\u00f3n 07 A partir del mes de payares, en clas de Llingua Asturiana trabayaremos con testos tornaos al Asturianu de tem\u00e1tica cultural y bas\u00e1os, mayoritariamente, en Contenidos Curriculares de Cultura Asturiana, ya que son un puntu d\u00b4alcuentru [&hellip;]<\/p>\n","protected":false},"author":117,"featured_media":0,"parent":2790,"menu_order":0,"comment_status":"closed","ping_status":"closed","template":"","meta":{"footnotes":""},"class_list":["post-216","page","type-page","status-publish","hentry","post-preview"],"_links":{"self":[{"href":"https:\/\/edublog.educastur.es\/ixuxullingua\/wp-json\/wp\/v2\/pages\/216","targetHints":{"allow":["GET"]}}],"collection":[{"href":"https:\/\/edublog.educastur.es\/ixuxullingua\/wp-json\/wp\/v2\/pages"}],"about":[{"href":"https:\/\/edublog.educastur.es\/ixuxullingua\/wp-json\/wp\/v2\/types\/page"}],"author":[{"embeddable":true,"href":"https:\/\/edublog.educastur.es\/ixuxullingua\/wp-json\/wp\/v2\/users\/117"}],"replies":[{"embeddable":true,"href":"https:\/\/edublog.educastur.es\/ixuxullingua\/wp-json\/wp\/v2\/comments?post=216"}],"version-history":[{"count":9,"href":"https:\/\/edublog.educastur.es\/ixuxullingua\/wp-json\/wp\/v2\/pages\/216\/revisions"}],"predecessor-version":[{"id":2792,"href":"https:\/\/edublog.educastur.es\/ixuxullingua\/wp-json\/wp\/v2\/pages\/216\/revisions\/2792"}],"up":[{"embeddable":true,"href":"https:\/\/edublog.educastur.es\/ixuxullingua\/wp-json\/wp\/v2\/pages\/2790"}],"wp:attachment":[{"href":"https:\/\/edublog.educastur.es\/ixuxullingua\/wp-json\/wp\/v2\/media?parent=216"}],"curies":[{"name":"wp","href":"https:\/\/api.w.org\/{rel}","templated":true}]}}