{"id":22,"date":"2020-07-16T10:07:55","date_gmt":"2020-07-16T10:07:55","guid":{"rendered":"https:\/\/edublog.educastur.es\/ixuxullingua\/?page_id=22"},"modified":"2021-09-26T13:03:17","modified_gmt":"2021-09-26T11:03:17","slug":"5-quintu","status":"publish","type":"page","link":"https:\/\/edublog.educastur.es\/ixuxullingua\/5-quintu\/","title":{"rendered":"5. QUINTU"},"content":{"rendered":"<p><a href=\"https:\/\/educastur.sharepoint.com\/:f:\/r\/sites\/C.P.CARMENRUIZ-TILVE-ESPECIALISTA_LLINGUAASTURIANA\/Documentos%20compartidos\/ESPECIALISTA_LLINGUA%20ASTURIANA\/Llingua_5%C2%BA%20D?csf=1&amp;web=1&amp;e=nEHbjH\"><img loading=\"lazy\" decoding=\"async\" class=\" wp-image-819 alignleft\" src=\"http:\/\/edublog.educastur.es\/ixuxullingua\/files\/2020\/08\/00_quintu-150x150.png\" alt=\"\" width=\"90\" height=\"90\" \/><\/a><\/p>\n<p>&nbsp;<\/p>\n<p>&nbsp;<\/p>\n<p>&nbsp;<\/p>\n<p>&nbsp;<\/p>\n<ul>\n<li><a href=\"https:\/\/educastur.sharepoint.com\/:f:\/r\/sites\/C.P.CARMENRUIZ-TILVE-ESPECIALISTA_LLINGUAASTURIANA\/Documentos%20compartidos\/ESPECIALISTA_LLINGUA%20ASTURIANA\/Llingua_5%C2%BA%20D?csf=1&amp;web=1&amp;e=nEHbjH\"><span style=\"color: #008080\"><strong><em><span style=\"font-size: 14pt\">Accesu a la TAREA de 5\u00baD de Clas d\u00b4Isa<\/span><\/em><\/strong><\/span><\/a><\/li>\n<\/ul>\n<hr \/>\n<ul>\n<li class=\"page_item page-item-22 page_item_has_children\"><a href=\"https:\/\/edublog.educastur.es\/ixuxullingua\/5-quintu\/\">5. QUINTU<\/a>\n<ul class=\"children\">\n<li class=\"page_item page-item-116\"><a href=\"https:\/\/edublog.educastur.es\/ixuxullingua\/5-quintu\/1-2020-primavera\/\">01) 2020 Primavera<\/a><\/li>\n<li class=\"page_item page-item-2798 page_item_has_children\"><a href=\"https:\/\/edublog.educastur.es\/ixuxullingua\/5-quintu\/quintu-20-21\/\">Quintu 20-21<\/a>\n<ul class=\"children\">\n<li class=\"page_item page-item-218 page_item_has_children\"><a href=\"https:\/\/edublog.educastur.es\/ixuxullingua\/5-quintu\/quintu-20-21\/02-primer-trimestre\/\">02) Primer trimestre<\/a>\n<ul class=\"children\">\n<li class=\"page_item page-item-1162\"><a href=\"https:\/\/edublog.educastur.es\/ixuxullingua\/5-quintu\/quintu-20-21\/02-primer-trimestre\/sesion-01\/\">Sesi\u00f3n 01<\/a><\/li>\n<li class=\"page_item page-item-1164\"><a href=\"https:\/\/edublog.educastur.es\/ixuxullingua\/5-quintu\/quintu-20-21\/02-primer-trimestre\/sesion-02\/\">Sesi\u00f3n 02<\/a><\/li>\n<li class=\"page_item page-item-1166\"><a href=\"https:\/\/edublog.educastur.es\/ixuxullingua\/5-quintu\/quintu-20-21\/02-primer-trimestre\/sesion-03\/\">Sesi\u00f3n 03<\/a><\/li>\n<li class=\"page_item page-item-1168\"><a href=\"https:\/\/edublog.educastur.es\/ixuxullingua\/5-quintu\/quintu-20-21\/02-primer-trimestre\/sesion-04\/\">Sesi\u00f3n 04<\/a><\/li>\n<li class=\"page_item page-item-1171\"><a href=\"https:\/\/edublog.educastur.es\/ixuxullingua\/5-quintu\/quintu-20-21\/02-primer-trimestre\/sesion-05\/\">Sesi\u00f3n 05<\/a><\/li>\n<li class=\"page_item page-item-1173\"><a href=\"https:\/\/edublog.educastur.es\/ixuxullingua\/5-quintu\/quintu-20-21\/02-primer-trimestre\/sesion-05b\/\">Sesi\u00f3n 05b<\/a><\/li>\n<li class=\"page_item page-item-1261\"><a href=\"https:\/\/edublog.educastur.es\/ixuxullingua\/5-quintu\/quintu-20-21\/02-primer-trimestre\/sesion-06\/\">Sesi\u00f3n 06<\/a><\/li>\n<li class=\"page_item page-item-1365\"><a href=\"https:\/\/edublog.educastur.es\/ixuxullingua\/5-quintu\/quintu-20-21\/02-primer-trimestre\/sesion-07\/\">Sesi\u00f3n 07<\/a><\/li>\n<li class=\"page_item page-item-1367\"><a href=\"https:\/\/edublog.educastur.es\/ixuxullingua\/5-quintu\/quintu-20-21\/02-primer-trimestre\/sesion-08\/\">Sesi\u00f3n 08<\/a><\/li>\n<li class=\"page_item page-item-1464\"><a href=\"https:\/\/edublog.educastur.es\/ixuxullingua\/5-quintu\/quintu-20-21\/02-primer-trimestre\/sesion-09\/\">Sesi\u00f3n 09<\/a><\/li>\n<\/ul>\n<\/li>\n<li class=\"page_item page-item-233 page_item_has_children\"><a href=\"https:\/\/edublog.educastur.es\/ixuxullingua\/5-quintu\/quintu-20-21\/03-segundu-trimestre\/\">03) Segundu trimestre<\/a>\n<ul class=\"children\">\n<li class=\"page_item page-item-1594\"><a href=\"https:\/\/edublog.educastur.es\/ixuxullingua\/5-quintu\/quintu-20-21\/03-segundu-trimestre\/sesion-01\/\">Sesi\u00f3n 01<\/a><\/li>\n<li class=\"page_item page-item-1602\"><a href=\"https:\/\/edublog.educastur.es\/ixuxullingua\/5-quintu\/quintu-20-21\/03-segundu-trimestre\/sesion-02\/\">Sesi\u00f3n 02<\/a><\/li>\n<li class=\"page_item page-item-1610\"><a href=\"https:\/\/edublog.educastur.es\/ixuxullingua\/5-quintu\/quintu-20-21\/03-segundu-trimestre\/sesion-03\/\">Sesi\u00f3n 03<\/a><\/li>\n<li class=\"page_item page-item-1620\"><a href=\"https:\/\/edublog.educastur.es\/ixuxullingua\/5-quintu\/quintu-20-21\/03-segundu-trimestre\/sesion-04\/\">Sesi\u00f3n 04<\/a><\/li>\n<li class=\"page_item page-item-1630\"><a href=\"https:\/\/edublog.educastur.es\/ixuxullingua\/5-quintu\/quintu-20-21\/03-segundu-trimestre\/sesion-05\/\">Sesi\u00f3n 05<\/a><\/li>\n<li class=\"page_item page-item-1650\"><a href=\"https:\/\/edublog.educastur.es\/ixuxullingua\/5-quintu\/quintu-20-21\/03-segundu-trimestre\/sesion-06\/\">Sesi\u00f3n 06<\/a><\/li>\n<li class=\"page_item page-item-2362\"><a href=\"https:\/\/edublog.educastur.es\/ixuxullingua\/5-quintu\/quintu-20-21\/03-segundu-trimestre\/sesion-06b\/\">Sesi\u00f3n 06b<\/a><\/li>\n<li class=\"page_item page-item-2368\"><a href=\"https:\/\/edublog.educastur.es\/ixuxullingua\/5-quintu\/quintu-20-21\/03-segundu-trimestre\/sesion-06c\/\">Sesi\u00f3n 06c<\/a><\/li>\n<li class=\"page_item page-item-1652\"><a href=\"https:\/\/edublog.educastur.es\/ixuxullingua\/5-quintu\/quintu-20-21\/03-segundu-trimestre\/sesion-07\/\">Sesi\u00f3n 07<\/a><\/li>\n<li class=\"page_item page-item-1660\"><a href=\"https:\/\/edublog.educastur.es\/ixuxullingua\/5-quintu\/quintu-20-21\/03-segundu-trimestre\/sesion-08\/\">Sesi\u00f3n 08<\/a><\/li>\n<li class=\"page_item page-item-1690\"><a href=\"https:\/\/edublog.educastur.es\/ixuxullingua\/5-quintu\/quintu-20-21\/03-segundu-trimestre\/sesion-09\/\">Sesi\u00f3n 09<\/a><\/li>\n<li class=\"page_item page-item-2099\"><a href=\"https:\/\/edublog.educastur.es\/ixuxullingua\/5-quintu\/quintu-20-21\/03-segundu-trimestre\/sesion-2b\/\">Sesi\u00f3n 2B Verdicio<\/a><\/li>\n<li class=\"page_item page-item-2124\"><a href=\"https:\/\/edublog.educastur.es\/ixuxullingua\/5-quintu\/quintu-20-21\/03-segundu-trimestre\/sesion-2c-m-torniello\/\">Sesi\u00f3n 2c M. Torniello<\/a><\/li>\n<li class=\"page_item page-item-2197\"><a href=\"https:\/\/edublog.educastur.es\/ixuxullingua\/5-quintu\/quintu-20-21\/03-segundu-trimestre\/sesion-4b\/\">Sesi\u00f3n 4B<\/a><\/li>\n<li class=\"page_item page-item-2236\"><a href=\"https:\/\/edublog.educastur.es\/ixuxullingua\/5-quintu\/quintu-20-21\/03-segundu-trimestre\/sesion-5b\/\">Sesi\u00f3n 5B<\/a><\/li>\n<li class=\"page_item page-item-2624\"><a href=\"https:\/\/edublog.educastur.es\/ixuxullingua\/5-quintu\/quintu-20-21\/03-segundu-trimestre\/verdiciu-y-marcos-del-torniello\/\">Verdiciu y Marcos del Torniello<\/a><\/li>\n<\/ul>\n<\/li>\n<li class=\"page_item page-item-253\"><a href=\"https:\/\/edublog.educastur.es\/ixuxullingua\/5-quintu\/quintu-20-21\/04-tercer-trimestre\/\">04) Tercer trimestre<\/a><\/li>\n<li class=\"page_item page-item-2619\"><a href=\"https:\/\/edublog.educastur.es\/ixuxullingua\/5-quintu\/quintu-20-21\/falsos-amigos\/\">Falsos amigos<\/a><\/li>\n<\/ul>\n<\/li>\n<li class=\"page_item page-item-2750 page_item_has_children\"><a href=\"https:\/\/edublog.educastur.es\/ixuxullingua\/5-quintu\/quintu-21-22\/\">Quintu 21-22<\/a>\n<ul class=\"children\">\n<li class=\"page_item page-item-277 page_item_has_children\"><a href=\"https:\/\/edublog.educastur.es\/ixuxullingua\/5-quintu\/quintu-21-22\/05-primer-trimestre\/\">05) Primer trimestre<\/a>\n<ul class=\"children\">\n<li class=\"page_item page-item-2685\"><a href=\"https:\/\/edublog.educastur.es\/ixuxullingua\/5-quintu\/quintu-21-22\/05-primer-trimestre\/01-neardentales\/\">01 Neardentales<\/a><\/li>\n<\/ul>\n<\/li>\n<li class=\"page_item page-item-844\"><a href=\"https:\/\/edublog.educastur.es\/ixuxullingua\/5-quintu\/quintu-21-22\/06-segundu-trimestre\/\">06) Segundu trimestre<\/a><\/li>\n<li class=\"page_item page-item-856\"><a href=\"https:\/\/edublog.educastur.es\/ixuxullingua\/5-quintu\/quintu-21-22\/07-tercer-trimestre\/\">07) Tercer trimestre<\/a><\/li>\n<\/ul>\n<\/li>\n<\/ul>\n<\/li>\n<\/ul>\n<hr \/>\n<p style=\"text-align: center\"><a href=\"https:\/\/educastur-my.sharepoint.com\/:b:\/g\/personal\/isabellh_educastur_org\/EQX8ssHadN9ImAXlEEjciLIBwisXvzz-Hb4mt2upAI9lgg?e=Oh93YA\"><em><strong>Quintu<\/strong><\/em><\/a><br \/>\n\n<!-- iframe plugin v.6.0 wordpress.org\/plugins\/iframe\/ -->\n<iframe loading=\"lazy\" src=\"https:\/\/drive.google.com\/file\/d\/1axDQystoqG5Fu0R8TfmBV-zi6G5YZXXr\/preview\" width=\"704\" height=\"980\" 0=\"\/iframe\" scrolling=\"yes\" class=\"iframe-class\" frameborder=\"0\"><\/iframe>\n<\/p>\n","protected":false},"excerpt":{"rendered":"<p>&nbsp; &nbsp; &nbsp; &nbsp; Accesu a la TAREA de 5\u00baD de Clas d\u00b4Isa 5. QUINTU 01) 2020 Primavera Quintu 20-21 02) Primer trimestre Sesi\u00f3n 01 Sesi\u00f3n 02 Sesi\u00f3n 03 Sesi\u00f3n 04 Sesi\u00f3n 05 Sesi\u00f3n 05b Sesi\u00f3n 06 Sesi\u00f3n 07 Sesi\u00f3n 08 Sesi\u00f3n 09 03) Segundu trimestre Sesi\u00f3n 01 Sesi\u00f3n 02 Sesi\u00f3n 03 Sesi\u00f3n 04 Sesi\u00f3n [&hellip;]<\/p>\n","protected":false},"author":117,"featured_media":0,"parent":0,"menu_order":0,"comment_status":"closed","ping_status":"closed","template":"","meta":{"footnotes":""},"class_list":["post-22","page","type-page","status-publish","hentry","post-preview"],"_links":{"self":[{"href":"https:\/\/edublog.educastur.es\/ixuxullingua\/wp-json\/wp\/v2\/pages\/22","targetHints":{"allow":["GET"]}}],"collection":[{"href":"https:\/\/edublog.educastur.es\/ixuxullingua\/wp-json\/wp\/v2\/pages"}],"about":[{"href":"https:\/\/edublog.educastur.es\/ixuxullingua\/wp-json\/wp\/v2\/types\/page"}],"author":[{"embeddable":true,"href":"https:\/\/edublog.educastur.es\/ixuxullingua\/wp-json\/wp\/v2\/users\/117"}],"replies":[{"embeddable":true,"href":"https:\/\/edublog.educastur.es\/ixuxullingua\/wp-json\/wp\/v2\/comments?post=22"}],"version-history":[{"count":12,"href":"https:\/\/edublog.educastur.es\/ixuxullingua\/wp-json\/wp\/v2\/pages\/22\/revisions"}],"predecessor-version":[{"id":2818,"href":"https:\/\/edublog.educastur.es\/ixuxullingua\/wp-json\/wp\/v2\/pages\/22\/revisions\/2818"}],"wp:attachment":[{"href":"https:\/\/edublog.educastur.es\/ixuxullingua\/wp-json\/wp\/v2\/media?parent=22"}],"curies":[{"name":"wp","href":"https:\/\/api.w.org\/{rel}","templated":true}]}}