{"id":227,"date":"2020-07-24T21:09:06","date_gmt":"2020-07-24T21:09:06","guid":{"rendered":"https:\/\/edublog.educastur.es\/ixuxullingua\/?page_id=227"},"modified":"2021-09-26T12:32:25","modified_gmt":"2021-09-26T10:32:25","slug":"03-segundu-trimestre","status":"publish","type":"page","link":"https:\/\/edublog.educastur.es\/ixuxullingua\/2-segundu\/segundu-20-21\/03-segundu-trimestre\/","title":{"rendered":"03) Segundu trimestre"},"content":{"rendered":"<p><img loading=\"lazy\" decoding=\"async\" class=\" wp-image-820 alignleft\" src=\"http:\/\/edublog.educastur.es\/ixuxullingua\/files\/2020\/08\/00_segundu-150x150.png\" alt=\"\" width=\"93\" height=\"93\" \/><\/p>\n<p>&nbsp;<\/p>\n<p>&nbsp;<\/p>\n<p>&nbsp;<\/p>\n<ul>\n<li class=\"page_item page-item-227 page_item_has_children\"><span style=\"font-size: 18pt\"><a href=\"https:\/\/edublog.educastur.es\/ixuxullingua\/2-segundu\/03-ochobre\/\">03) 2020_21 <strong>Segundu trimestre<\/strong><\/a><\/span>\n<ul class=\"children\">\n<li class=\"page_item page-item-1588\"><span style=\"font-size: 18pt\"><a href=\"https:\/\/edublog.educastur.es\/ixuxullingua\/2-segundu\/03-ochobre\/sesion-01\/\">Sesi\u00f3n 01: Cuentos sobre mazcaradas de invierno<\/a><\/span><\/li>\n<li><a href=\"https:\/\/edublog.educastur.es\/ixuxullingua\/2-segundu\/03-ochobre\/sesion-02-03\/\"><span style=\"font-size: 18pt;color: #008080\">Sesi\u00f3n 02-03\u00a0 Mitolog\u00eda<\/span><\/a><\/li>\n<li class=\"page_item page-item-1614\"><span style=\"font-size: 18pt\"><a href=\"https:\/\/edublog.educastur.es\/ixuxullingua\/2-segundu\/03-ochobre\/sesion-04\/\">Sesi\u00f3n 04: Asturias de oriente a Occidente<\/a><\/span><\/li>\n<li class=\"page_item page-item-1626\"><span style=\"font-size: 18pt\"><a href=\"https:\/\/edublog.educastur.es\/ixuxullingua\/2-segundu\/03-ochobre\/sesion-05\/\">Sesi\u00f3n 05: Alimentos dulces: llambiotadas de Antroxu<\/a><\/span><\/li>\n<li class=\"page_item page-item-1634\"><span style=\"font-size: 18pt\"><a href=\"https:\/\/edublog.educastur.es\/ixuxullingua\/2-segundu\/03-ochobre\/sesion-06\/\">Sesi\u00f3n 06: Asturias: ciudades importantes Oviedo, Gij\u00f3n, Avil\u00e9s<\/a><\/span><\/li>\n<li class=\"page_item page-item-1642\"><span style=\"font-size: 18pt\"><a href=\"https:\/\/edublog.educastur.es\/ixuxullingua\/2-segundu\/03-ochobre\/sesion-07\/\">Sesi\u00f3n 07: Asturias COSTA, r\u00edos y r\u00edas<\/a><\/span><\/li>\n<li class=\"page_item page-item-1654\"><span style=\"font-size: 18pt\"><a href=\"https:\/\/edublog.educastur.es\/ixuxullingua\/2-segundu\/03-ochobre\/sesion-08\/\">Sesi\u00f3n 08: Alimentos salados: QUESOS<\/a><\/span><\/li>\n<li class=\"page_item page-item-1664\"><span style=\"font-size: 18pt\"><a href=\"https:\/\/edublog.educastur.es\/ixuxullingua\/2-segundu\/03-ochobre\/sesion-09\/\">Sesi\u00f3n 09<\/a><\/span><\/li>\n<li class=\"page_item page-item-1674\"><span style=\"font-size: 18pt\"><a href=\"https:\/\/edublog.educastur.es\/ixuxullingua\/2-segundu\/03-ochobre\/sesion-10\/\">Sesi\u00f3n 10<\/a><\/span><\/li>\n<li class=\"page_item page-item-1684\"><a href=\"https:\/\/edublog.educastur.es\/ixuxullingua\/2-segundu\/03-ochobre\/sesion-11\/\"><span style=\"font-size: 18pt\">Sesi\u00f3n 11<\/span><\/a><\/li>\n<\/ul>\n<\/li>\n<\/ul>\n<hr \/>\n<ul>\n<li><span style=\"font-size: 14pt\"><em>01) <a href=\"https:\/\/edublog.educastur.es\/ixuxullingua\/asturies\/aguilandeiros\/privao\/\">Cuentos sobre mazcaradas de invierno\u00a0\u00a0 (Isa)<\/a><br \/>\n<\/em><\/span><\/li>\n<li><span style=\"font-size: 14pt\"><em><a href=\"https:\/\/edublog.educastur.es\/corredoria3\/2o-pri\/cultura-asturiana\/segundo-trimestre\/sesion-02-03\/\">02-03) <strong>Mitolog\u00eda I y II<\/strong> (Isa)<\/a><\/em><\/span><\/li>\n<li><span style=\"font-size: 14pt\"><em><a href=\"https:\/\/edublog.educastur.es\/corredoria3\/2o-pri\/cultura-asturiana\/segundo-trimestre\/sesion-04\/\">04) <strong>ASTURIAS: de Oriente \u2013 Centro \u2013 a Occidente<\/strong> (Vero)<\/a><br \/>\n<\/em><\/span><\/li>\n<li><span style=\"font-size: 14pt\"><a href=\"https:\/\/edublog.educastur.es\/corredoria3\/2o-pri\/cultura-asturiana\/segundo-trimestre\/sesion_05\/\"><em>05) Alimentos dulces: <strong>Llambiotadas de Antroxu<\/strong> (Ari)<\/em><\/a><\/span><\/li>\n<li><span style=\"font-size: 14pt\"><em><a href=\"https:\/\/edublog.educastur.es\/corredoria3\/2o-pri\/cultura-asturiana\/segundo-trimestre\/sesion-06\/\">06) <strong>ASTURIAS: Ciudades importantes: Oviedo, Gij\u00f3n, Avil\u00e9s<\/strong> (Vero)<\/a><br \/>\n<\/em><\/span><\/li>\n<li><span style=\"font-size: 14pt\"><em><a href=\"https:\/\/edublog.educastur.es\/corredoria3\/2o-pri\/cultura-asturiana\/segundo-trimestre\/sesion-7\/\">07) <strong>Asturias: Costa, R\u00edos, R\u00edas\u2026<\/strong> (Mar\u00eda)<\/a><br \/>\n<\/em><\/span><\/li>\n<li><a href=\"https:\/\/edublog.educastur.es\/corredoria3\/2o-pri\/cultura-asturiana\/segundo-trimestre\/sesion-08\/\"><em><span style=\"font-size: 14pt\">08) <strong>Alimentos salados: QUESOS<\/strong> (Ari)<\/span><\/em><\/a><\/li>\n<\/ul>\n","protected":false},"excerpt":{"rendered":"<p>&nbsp; &nbsp; &nbsp; 03) 2020_21 Segundu trimestre Sesi\u00f3n 01: Cuentos sobre mazcaradas de invierno Sesi\u00f3n 02-03\u00a0 Mitolog\u00eda Sesi\u00f3n 04: Asturias de oriente a Occidente Sesi\u00f3n 05: Alimentos dulces: llambiotadas de Antroxu Sesi\u00f3n 06: Asturias: ciudades importantes Oviedo, Gij\u00f3n, Avil\u00e9s Sesi\u00f3n 07: Asturias COSTA, r\u00edos y r\u00edas Sesi\u00f3n 08: Alimentos salados: QUESOS Sesi\u00f3n 09 Sesi\u00f3n 10 [&hellip;]<\/p>\n","protected":false},"author":117,"featured_media":0,"parent":2765,"menu_order":0,"comment_status":"closed","ping_status":"closed","template":"","meta":{"footnotes":""},"class_list":["post-227","page","type-page","status-publish","hentry","post-preview"],"_links":{"self":[{"href":"https:\/\/edublog.educastur.es\/ixuxullingua\/wp-json\/wp\/v2\/pages\/227","targetHints":{"allow":["GET"]}}],"collection":[{"href":"https:\/\/edublog.educastur.es\/ixuxullingua\/wp-json\/wp\/v2\/pages"}],"about":[{"href":"https:\/\/edublog.educastur.es\/ixuxullingua\/wp-json\/wp\/v2\/types\/page"}],"author":[{"embeddable":true,"href":"https:\/\/edublog.educastur.es\/ixuxullingua\/wp-json\/wp\/v2\/users\/117"}],"replies":[{"embeddable":true,"href":"https:\/\/edublog.educastur.es\/ixuxullingua\/wp-json\/wp\/v2\/comments?post=227"}],"version-history":[{"count":11,"href":"https:\/\/edublog.educastur.es\/ixuxullingua\/wp-json\/wp\/v2\/pages\/227\/revisions"}],"predecessor-version":[{"id":2770,"href":"https:\/\/edublog.educastur.es\/ixuxullingua\/wp-json\/wp\/v2\/pages\/227\/revisions\/2770"}],"up":[{"embeddable":true,"href":"https:\/\/edublog.educastur.es\/ixuxullingua\/wp-json\/wp\/v2\/pages\/2765"}],"wp:attachment":[{"href":"https:\/\/edublog.educastur.es\/ixuxullingua\/wp-json\/wp\/v2\/media?parent=227"}],"curies":[{"name":"wp","href":"https:\/\/api.w.org\/{rel}","templated":true}]}}