{"id":2309,"date":"2021-03-02T01:42:31","date_gmt":"2021-03-01T23:42:31","guid":{"rendered":"https:\/\/edublog.educastur.es\/ixuxullingua\/?page_id=2309"},"modified":"2021-03-02T01:44:07","modified_gmt":"2021-03-01T23:44:07","slug":"landecha","status":"publish","type":"page","link":"https:\/\/edublog.educastur.es\/ixuxullingua\/asturies\/costumes\/landecha\/","title":{"rendered":"L\u00b4ANDECHA"},"content":{"rendered":"<p style=\"text-align: center\"><a href=\"https:\/\/lligaceltadasturies.wordpress.com\/\"><img loading=\"lazy\" decoding=\"async\" class=\"alignnone size-full\" src=\"https:\/\/imgbox.es\/images\/2021\/03\/02\/ligaceltafaba2de08747445f.png\" width=\"225\" height=\"225\" \/><\/a><\/p>\n<ul>\n<li><strong><a href=\"https:\/\/lligaceltadasturies.wordpress.com\">Lliga Celta d\u00b4Asturies<\/a><\/strong>: <a href=\"https:\/\/lligaceltadasturies.wordpress.com\/2016\/09\/29\/vezos-y-costumes-astures-landecha\/?fbclid=IwAR3IKuqsJboG_x_XVT7xCQwO-KAwuwWWC-ERROdM6cb7QEncGVIkvkxDpg4\">VEZOS Y COSTUMES ASTURES: L\u2019ANDECHA.<\/a><\/li>\n<\/ul>\n<p data-adtags-visited=\"true\">\u2019andecha o auxiliu mutuu de los vecinos en trabayos agr\u00edcoles, preferentemente d\u2019urxencia como\u2019l sallo de tierres, siega de yerba, corte de lle\u00f1a, acarretu de piedra, esfoyaza, etc., o\u2019n favor de vilbes, enfermos o ausentes, xeneralmente retribuida por aciu d\u2019un refrixeriu, ta bien desaniciau n\u2019actualid\u00e1.\u00a0Nes antig\u00fces Ordenances del Princip\u00e1u preven\u00edase ya que nun se consentir a los poderosos faer vexame, por cunta d\u2019ella, a los probes (Tuero Bertrand, F., Ob. cit., Ordenances de 1659, Tit. VI, Art. 5).<\/p>\n<p data-adtags-visited=\"true\"><a href=\"https:\/\/lligaceltadasturies.files.wordpress.com\/2016\/09\/descarga.jpg\"><img loading=\"lazy\" decoding=\"async\" class=\" wp-image-758 aligncenter\" src=\"https:\/\/lligaceltadasturies.files.wordpress.com\/2016\/09\/descarga.jpg?w=455&amp;h=290\" alt=\"descarga\" width=\"455\" height=\"290\" data-attachment-id=\"758\" data-permalink=\"https:\/\/lligaceltadasturies.wordpress.com\/2016\/09\/29\/vezos-y-costumes-astures-landecha\/descarga-3\/\" data-orig-file=\"https:\/\/lligaceltadasturies.files.wordpress.com\/2016\/09\/descarga.jpg\" data-orig-size=\"281,179\" data-comments-opened=\"1\" data-image-meta=\"{&quot;aperture&quot;:&quot;0&quot;,&quot;credit&quot;:&quot;&quot;,&quot;camera&quot;:&quot;&quot;,&quot;caption&quot;:&quot;&quot;,&quot;created_timestamp&quot;:&quot;0&quot;,&quot;copyright&quot;:&quot;&quot;,&quot;focal_length&quot;:&quot;0&quot;,&quot;iso&quot;:&quot;0&quot;,&quot;shutter_speed&quot;:&quot;0&quot;,&quot;title&quot;:&quot;&quot;,&quot;orientation&quot;:&quot;0&quot;}\" data-image-title=\"descarga\" data-image-description=\"\" data-medium-file=\"https:\/\/lligaceltadasturies.files.wordpress.com\/2016\/09\/descarga.jpg?w=281\" data-large-file=\"https:\/\/lligaceltadasturies.files.wordpress.com\/2016\/09\/descarga.jpg?w=281\" \/><\/a><\/p>\n<p data-adtags-visited=\"true\">La so etimolox\u00eda, diz Xovellanos, procede del llat\u00edn \u201cindicta\u201d, indicar, y\u00e1 que ye necesariu citar a los vecinos por qu\u2019asistan a l\u2019andecha. Ya los sos motivos at\u00f3pense, enseg\u00fan Incl\u00e1n, na urxencia de los cambeos metereol\u00f3xicos ya l\u2019escasez de xornaleros pa terminalos r\u00e1pido, am\u00e1s de la penuria econ\u00f3mica qu\u2019anta\u00f1o pesaba sobro los nuesos llabraores pa poder pagar mano d\u2019obra estra\u00f1a.<\/p>\n<p data-adtags-visited=\"true\"><a href=\"https:\/\/lligaceltadasturies.files.wordpress.com\/2016\/09\/images.jpg\"><img loading=\"lazy\" decoding=\"async\" class=\" wp-image-759 aligncenter\" src=\"https:\/\/lligaceltadasturies.files.wordpress.com\/2016\/09\/images.jpg?w=448&amp;h=320\" alt=\"images\" width=\"448\" height=\"320\" data-attachment-id=\"759\" data-permalink=\"https:\/\/lligaceltadasturies.wordpress.com\/2016\/09\/29\/vezos-y-costumes-astures-landecha\/images\/\" data-orig-file=\"https:\/\/lligaceltadasturies.files.wordpress.com\/2016\/09\/images.jpg\" data-orig-size=\"266,190\" data-comments-opened=\"1\" data-image-meta=\"{&quot;aperture&quot;:&quot;0&quot;,&quot;credit&quot;:&quot;&quot;,&quot;camera&quot;:&quot;&quot;,&quot;caption&quot;:&quot;&quot;,&quot;created_timestamp&quot;:&quot;0&quot;,&quot;copyright&quot;:&quot;&quot;,&quot;focal_length&quot;:&quot;0&quot;,&quot;iso&quot;:&quot;0&quot;,&quot;shutter_speed&quot;:&quot;0&quot;,&quot;title&quot;:&quot;&quot;,&quot;orientation&quot;:&quot;0&quot;}\" data-image-title=\"images\" data-image-description=\"\" data-medium-file=\"https:\/\/lligaceltadasturies.files.wordpress.com\/2016\/09\/images.jpg?w=266\" data-large-file=\"https:\/\/lligaceltadasturies.files.wordpress.com\/2016\/09\/images.jpg?w=266\" \/><\/a><\/p>\n<p data-adtags-visited=\"true\">Instituci\u00f3n \u00e9sta que nun ye puramente econ\u00f3mica nin les causes d\u2019esti x\u00e9neru basten pa desplicala, porque an\u00e1logues necesidaes siente y ventayes asemeyaes llograr\u00eda l\u2019agricultura perdayuri con esa mancomunid\u00e1\u2019n que viven los llabradores asturianos.\u00a0Hai que buscar, poro, la raz\u00f3n d\u2019eses costumes, diz Costa, m\u00e1s bien nos motivos de calter xeneral, en condiciones especiales de la contorna asturiana, que pueden ser l\u2019enerx\u00eda con que caltienense ell\u00ed les tradiciones d\u2019antiguu, la viveza del sentimientu de solidarid\u00e1, el calter apacible y la cultura que falten n\u2019otres rexones del est\u00e1u espa\u00f1ol.<\/p>\n<p data-adtags-visited=\"true\"><img loading=\"lazy\" decoding=\"async\" class=\" wp-image-757 aligncenter\" src=\"https:\/\/lligaceltadasturies.files.wordpress.com\/2016\/09\/37643_1.jpg?w=442&amp;h=294\" alt=\"37643_1\" width=\"442\" height=\"294\" data-attachment-id=\"757\" data-permalink=\"https:\/\/lligaceltadasturies.wordpress.com\/2016\/09\/29\/vezos-y-costumes-astures-landecha\/37643_1\/\" data-orig-file=\"https:\/\/lligaceltadasturies.files.wordpress.com\/2016\/09\/37643_1.jpg\" data-orig-size=\"640,427\" data-comments-opened=\"1\" data-image-meta=\"{&quot;aperture&quot;:&quot;0&quot;,&quot;credit&quot;:&quot;Picasa&quot;,&quot;camera&quot;:&quot;&quot;,&quot;caption&quot;:&quot;&quot;,&quot;created_timestamp&quot;:&quot;1359467769&quot;,&quot;copyright&quot;:&quot;&quot;,&quot;focal_length&quot;:&quot;0&quot;,&quot;iso&quot;:&quot;0&quot;,&quot;shutter_speed&quot;:&quot;0&quot;,&quot;title&quot;:&quot;&quot;,&quot;orientation&quot;:&quot;0&quot;}\" data-image-title=\"37643_1\" data-image-description=\"\" data-medium-file=\"https:\/\/lligaceltadasturies.files.wordpress.com\/2016\/09\/37643_1.jpg?w=300\" data-large-file=\"https:\/\/lligaceltadasturies.files.wordpress.com\/2016\/09\/37643_1.jpg?w=640\" \/><\/p>\n<p data-adtags-visited=\"true\">L\u2019esp\u00edritu cooperativu de la andecha constit\u00fai -diz Incl\u00e1n Su\u00e1rez \u2013 la base esencial sobre la que s\u2019hai de llevantar el campu asturiano. Andecha actualizada, con una abonda mecanizaci\u00f3n, que ye lo que los modernos economistes agrarios denominen \u201cagricultura de grupu\u201d.<\/p>\n<p data-adtags-visited=\"true\"><a href=\"https:\/\/lligaceltadasturies.files.wordpress.com\/2016\/09\/ob_f5603b_descarga.jpg\"><img loading=\"lazy\" decoding=\"async\" class=\" wp-image-760 aligncenter\" src=\"https:\/\/lligaceltadasturies.files.wordpress.com\/2016\/09\/ob_f5603b_descarga.jpg?w=407&amp;h=386\" alt=\"ob_f5603b_descarga\" width=\"407\" height=\"386\" data-attachment-id=\"760\" data-permalink=\"https:\/\/lligaceltadasturies.wordpress.com\/2016\/09\/29\/vezos-y-costumes-astures-landecha\/ob_f5603b_descarga\/\" data-orig-file=\"https:\/\/lligaceltadasturies.files.wordpress.com\/2016\/09\/ob_f5603b_descarga.jpg\" data-orig-size=\"231,219\" data-comments-opened=\"1\" data-image-meta=\"{&quot;aperture&quot;:&quot;0&quot;,&quot;credit&quot;:&quot;&quot;,&quot;camera&quot;:&quot;&quot;,&quot;caption&quot;:&quot;&quot;,&quot;created_timestamp&quot;:&quot;0&quot;,&quot;copyright&quot;:&quot;&quot;,&quot;focal_length&quot;:&quot;0&quot;,&quot;iso&quot;:&quot;0&quot;,&quot;shutter_speed&quot;:&quot;0&quot;,&quot;title&quot;:&quot;&quot;,&quot;orientation&quot;:&quot;0&quot;}\" data-image-title=\"ob_f5603b_descarga\" data-image-description=\"\" data-medium-file=\"https:\/\/lligaceltadasturies.files.wordpress.com\/2016\/09\/ob_f5603b_descarga.jpg?w=231\" data-large-file=\"https:\/\/lligaceltadasturies.files.wordpress.com\/2016\/09\/ob_f5603b_descarga.jpg?w=231\" \/><\/a><\/p>\n<p data-adtags-visited=\"true\">Ciertes semeyances cola andecha asturiana puen atopase\u2019n Zamora. Tras-Os-Montes, Navarra y Vizcaya.<\/p>\n<p data-adtags-visited=\"true\"><strong>Fontes:<\/strong><\/p>\n<p data-adtags-visited=\"true\">\u201cInstituciones tradicionales en Asturias\u201d, Francisco Tuero Beltrand; Ayalga ediciones 1976.<br \/>\n\u201cLa cooperaci\u00f3n agraria astur, ayer y hoy\u201d. Campo Astur n\u00ba 311. Xunetu-Agostu 1966.<\/p>\n<p data-adtags-visited=\"true\">Torna a l\u2019asturianu: <strong>Fern\u00e1n Mor\u00e1n.<\/strong><\/p>\n<p data-adtags-visited=\"true\"><strong>Illustraciones y semeyes:<\/strong><\/p>\n<p data-adtags-visited=\"true\">1\u00aa.- Mayando, garabateando ya barriendo granu\u2019n Ma\u00f1ones nel conceyu Tin\u00e9u nel a\u00f1u 1927. Autor: Frizt Kr\u00fcger. Fonte: Fonoteca\u2019l Museu del Pueblu d\u2019Asturies.<\/p>\n<p data-adtags-visited=\"true\">2\u00aa.- Guetando casta\u00f1es nel corripes del soto Sanantol\u00edn, nel conceyu d\u2019Ibias \u2013 Asturies nel a\u00f1u 1927. Autor: H. Walter Ebeling. Fonte: Google.<\/p>\n<p data-adtags-visited=\"true\">3\u00aa.- Andecha de la c\u00e1 Tom\u00e1s en Niembru, conceyu Llanes, a\u00f1u 2004. Autor\/a: desconoc\u00edu\/a. Fonte: Curr\u00edculo Tercer Ciclu d\u2019Ed. Primaria de Teresa Alvarez Acero.<\/p>\n<p data-adtags-visited=\"true\">4\u00aa.- \u201cL\u2019Andecha\u201d, pintau por Paulino Vicente nel a\u00f1u 1925, ang\u00fca\u00f1u nel Museu de Belles Artes d\u2019Asturies.<\/p>\n<p>&nbsp;<\/p>\n","protected":false},"excerpt":{"rendered":"<p>Lliga Celta d\u00b4Asturies: VEZOS Y COSTUMES ASTURES: L\u2019ANDECHA. \u2019andecha o auxiliu mutuu de los vecinos en trabayos agr\u00edcoles, preferentemente d\u2019urxencia como\u2019l sallo de tierres, siega de yerba, corte de lle\u00f1a, acarretu de piedra, esfoyaza, etc., o\u2019n favor de vilbes, enfermos o ausentes, xeneralmente retribuida por aciu d\u2019un refrixeriu, ta bien desaniciau n\u2019actualid\u00e1.\u00a0Nes antig\u00fces Ordenances del [&hellip;]<\/p>\n","protected":false},"author":117,"featured_media":0,"parent":1540,"menu_order":0,"comment_status":"closed","ping_status":"closed","template":"","meta":{"footnotes":""},"class_list":["post-2309","page","type-page","status-publish","hentry","post-preview"],"_links":{"self":[{"href":"https:\/\/edublog.educastur.es\/ixuxullingua\/wp-json\/wp\/v2\/pages\/2309","targetHints":{"allow":["GET"]}}],"collection":[{"href":"https:\/\/edublog.educastur.es\/ixuxullingua\/wp-json\/wp\/v2\/pages"}],"about":[{"href":"https:\/\/edublog.educastur.es\/ixuxullingua\/wp-json\/wp\/v2\/types\/page"}],"author":[{"embeddable":true,"href":"https:\/\/edublog.educastur.es\/ixuxullingua\/wp-json\/wp\/v2\/users\/117"}],"replies":[{"embeddable":true,"href":"https:\/\/edublog.educastur.es\/ixuxullingua\/wp-json\/wp\/v2\/comments?post=2309"}],"version-history":[{"count":4,"href":"https:\/\/edublog.educastur.es\/ixuxullingua\/wp-json\/wp\/v2\/pages\/2309\/revisions"}],"predecessor-version":[{"id":2314,"href":"https:\/\/edublog.educastur.es\/ixuxullingua\/wp-json\/wp\/v2\/pages\/2309\/revisions\/2314"}],"up":[{"embeddable":true,"href":"https:\/\/edublog.educastur.es\/ixuxullingua\/wp-json\/wp\/v2\/pages\/1540"}],"wp:attachment":[{"href":"https:\/\/edublog.educastur.es\/ixuxullingua\/wp-json\/wp\/v2\/media?parent=2309"}],"curies":[{"name":"wp","href":"https:\/\/api.w.org\/{rel}","templated":true}]}}